{"id":1383,"date":"2021-03-15T09:14:52","date_gmt":"2021-03-15T08:14:52","guid":{"rendered":"https:\/\/www.pedagogie.ac-nice.fr\/arts\/?page_id=1383"},"modified":"2021-05-04T11:15:20","modified_gmt":"2021-05-04T09:15:20","slug":"histoire-des-arts","status":"publish","type":"page","link":"https:\/\/www.pedagogie.ac-nice.fr\/arts\/histoire-des-arts\/","title":{"rendered":"Histoire des Arts"},"content":{"rendered":"<h1 class=\"page__title\"><span style=\"font-size: 24pt;\"><span style=\"color: #ff0000;\">&nbsp;<\/span><\/span><\/h1>\n<hr>\n<p><span style=\"font-size: 24pt;\">Les <a href=\"#text\">textes<\/a> &nbsp;&nbsp; \/&nbsp;<a href=\"#form1\">La formation<\/a> \/&nbsp; Les <\/span><a href=\"#proj\"><span style=\"font-size: 24pt;\">projets\/ <\/span><\/a><span style=\"font-size: 24pt;\">Les lettres Edu-num<\/span><\/p>\n<div>\n<p>.<a id=\"proj\"><\/a><\/p>\n<hr>\n<h1 class=\"aju\">\u00c9duNum Histoire des arts n\u00b06<\/h1>\n<div><a href=\"https:\/\/eduscol.education.fr\/2625\/lettre-edunum-histoire-des-arts?menu_id=3285\"><img loading=\"lazy\" decoding=\"async\" class=\"alignnone size-medium wp-image-1463\" src=\"https:\/\/www.pedagogie.ac-nice.fr\/arts\/wp-content\/uploads\/sites\/33\/2021\/03\/edunum-300x73.png\" alt=\"\" width=\"300\" height=\"73\" srcset=\"https:\/\/www.pedagogie.ac-nice.fr\/arts\/wp-content\/uploads\/sites\/33\/2021\/03\/edunum-300x73.png 300w, https:\/\/www.pedagogie.ac-nice.fr\/arts\/wp-content\/uploads\/sites\/33\/2021\/03\/edunum-1024x251.png 1024w, https:\/\/www.pedagogie.ac-nice.fr\/arts\/wp-content\/uploads\/sites\/33\/2021\/03\/edunum-768x188.png 768w, https:\/\/www.pedagogie.ac-nice.fr\/arts\/wp-content\/uploads\/sites\/33\/2021\/03\/edunum-500x122.png 500w, https:\/\/www.pedagogie.ac-nice.fr\/arts\/wp-content\/uploads\/sites\/33\/2021\/03\/edunum.png 1217w\" sizes=\"(max-width: 300px) 100vw, 300px\" \/><\/a><\/div>\n<div>&nbsp;<\/div>\n<div class=\"aju\">\n<p>Vous trouverez ci-dessous l\u2019acc\u00e8s \u00e0 la lettre \u00c9duNum Histoire des arts n\u00b06 &nbsp;qui s\u2019adresse aux professeurs implique\u0301s dans l\u2019enseignement de l\u2019histoire des arts, du cycle 3 au lyc\u00e9e. Elle met en avant l\u2019int\u00e9re\u0302t p\u00e9dagogique des ressources num\u00e9riques en pre\u0301sentant des usages dans un contexte d\u2019enseignement hybride et de continuit\u00e9 p\u00e9dagogique.<br \/>\nVous pouvez aussi suivre les actualit\u00e9s du num\u00e9rique en histoire des arts sur le compte Twitter&nbsp; <a href=\"https:\/\/twitter.com\/eduscol_HDA\"><u>@eduscol_HDA<\/u>.<\/a><\/p>\n<hr>\n<\/div>\n<\/div>\n<div>\n<p><span style=\"font-size: 18pt;\"><strong><a id=\"notes\" name=\"notes\"><\/a><\/strong><\/span><\/p>\n<div>\n<hr>\n<p><span style=\"font-size: 18pt; color: #800000;\">Lyc\u00e9e Honor\u00e9 d&rsquo;Estienne d&rsquo;Orves<\/span><\/p>\n<p><a href=\"https:\/\/madmagz.com\/fr\/magazine\/1810670#\/page\/1\"><img loading=\"lazy\" decoding=\"async\" class=\"alignnone size-full wp-image-1670\" src=\"https:\/\/www.pedagogie.ac-nice.fr\/arts\/wp-content\/uploads\/sites\/33\/2021\/05\/asi.png\" alt=\"\" width=\"439\" height=\"683\" srcset=\"https:\/\/www.pedagogie.ac-nice.fr\/arts\/wp-content\/uploads\/sites\/33\/2021\/05\/asi.png 439w, https:\/\/www.pedagogie.ac-nice.fr\/arts\/wp-content\/uploads\/sites\/33\/2021\/05\/asi-193x300.png 193w\" sizes=\"(max-width: 439px) 100vw, 439px\" \/><\/a><br \/>\nCette ann\u00e9e, au Lyc\u00e9e Honor\u00e9 d&rsquo;Estienne d&rsquo;Orves \u00e0 Nice, les secondes option Histoire des arts ont r\u00e9alis\u00e9 leur \u00ab projet collectif&nbsp;\u00bb &nbsp;autour du th\u00e8me de l\u2019Asie, en suivant le programme sur la Chine des Han et Angkor au Cambodge.<\/p>\n<\/div>\n<div>Ils ont enti\u00e8rement con\u00e7u et r\u00e9alis\u00e9 un magazine en ligne, que vous pouvez d\u00e9couvrir en suivant ce lien :&nbsp;<\/div>\n<div><a href=\"https:\/\/madmagz.com\/fr\/magazine\/1810670#\/page\/3\" target=\"_blank\" rel=\"noopener\" data-saferedirecturl=\"https:\/\/www.google.com\/url?q=https:\/\/madmagz.com\/fr\/magazine\/1810670%23\/page\/3&amp;source=gmail&amp;ust=1620202198220000&amp;usg=AFQjCNG-Yn0-b-WttDNB0Sl6KiJ3aXuPlQ\">https:\/\/madmagz.com\/fr\/<wbr>magazine\/1810670#\/<\/a><\/div>\n<div>Leurs recherches ont \u00e9t\u00e9 associ\u00e9es \u00e0 une visite du Mus\u00e9e des Arts Asiatiques de Nice en octobre 2020, qu\u2019il ont pu int\u00e9grer dans leur \u00e9tude des deux foyers d\u2019arts de l\u2019Asie.<\/div>\n<div>Bravo \u00e0 eux pour ce superbe travail !<br \/>\nMarie Laure Gache et Josyane Rouch IA IPRVous avez envie de travailler sur des projets concrets dans les domaines des arts sans avoir besoin de comp\u00e9tences plasticiennes comme en Arts Plastiques&#8230;. faites le choix de l&rsquo;Histoire des Arts<br \/>\n<a href=\"https:\/\/www.onisep.fr\/Choisir-mes-etudes\/Au-lycee-au-CFA\/Au-lycee-general-et-technologique\/Les-enseignements-de-specialite-en-voie-generale\" target=\"_blank\" rel=\"noopener\" data-saferedirecturl=\"https:\/\/www.google.com\/url?q=https:\/\/www.onisep.fr\/Choisir-mes-etudes\/Au-lycee-au-CFA\/Au-lycee-general-et-technologique\/Les-enseignements-de-specialite-en-voie-generale&amp;source=gmail&amp;ust=1620202198220000&amp;usg=AFQjCNHylywDUGH8Lacdqu1EHMsHgUN5aw\">https:\/\/www.onisep.fr\/Choisir-<wbr>mes-etudes\/Au-lycee-au-CFA\/Au-<wbr>lycee-general-et-<wbr>technologique\/Les-<wbr>enseignements-de-specialite-<wbr>en-voie-generale<\/a><br \/>\norientez vous vers un des quatre lyc\u00e9es acad\u00e9miques proposant cette sp\u00e9cialit\u00e9<br \/>\nLyc\u00e9e Honor\u00e9 d&rsquo;Estienne d&rsquo;Orves \u00e0 Nice<br \/>\nLyc\u00e9e Carnot Cannes<br \/>\nLyc\u00e9e Carnot \u00e0 Cannes Lyc\u00e9e Albert Camus Fr\u00e9jus<br \/>\nLyc\u00e9e Bonaparte Toulon<\/p>\n<\/div>\n<p>&nbsp;<\/p>\n<hr>\n<\/div>\n<div><span style=\"font-size: 18pt;\"><strong>Un projet pour travailler en histoire des arts<\/strong><\/span><\/div>\n<div>&nbsp;<\/div>\n<div>\n<p>En ces temps o\u00f9 les formations en pr\u00e9sentielles sont suspendues, il est important de d\u00e9velopper des ressources et des formations en ligne.<br \/>\nCelle pr\u00e9sent\u00e9e ici doit permettre \u00e0 des \u00e9quipes de professeurs de se mobiliser autour de projets transdisciplinaires en Histoire des Arts.<br \/>\nDeux de vos coll\u00e8gues de l&rsquo;acad\u00e9mie de Nice, mesdames M\u00e9lanie Fillion-Robin et Jennifer Poinson ont con\u00e7u et r\u00e9alis\u00e9 sur la plateforme dynamique Genialy une formation pas \u00e0 pas, vous permettant de travailler des comp\u00e9tences disciplinaires crois\u00e9es autour de la r\u00e9alisation d&rsquo;un jeu d&rsquo;\u00e9vasion.<\/p>\n<p><a href=\"https:\/\/www.pedagogie.ac-nice.fr\/arts\/wp-content\/uploads\/sites\/33\/2021\/01\/Rapport-traam-hida-pdf2.pdf\">Polymorphos<\/a> sur Grasse<br \/>\n<a href=\"https:\/\/scape.enepe.fr\/polymorphos.html\"><img loading=\"lazy\" decoding=\"async\" class=\"alignnone \" src=\"http:\/\/arp.ac-creteil.fr\/IMG\/arton444.png\" width=\"239\" height=\"136\"><\/a><br \/>\n(avec le mus\u00e9e d&rsquo;Art et d&rsquo;Histoire), Bagn&rsquo;art<br \/>\n<a href=\"https:\/\/www.pressreader.com\/france\/var-matin-grand-toulon\/20210331\/281809991689790\"><img loading=\"lazy\" decoding=\"async\" class=\"alignnone size-medium\" src=\"https:\/\/encrypted-tbn0.gstatic.com\/images?q=tbn:ANd9GcRGmyX8AxZW78dd_icuiYK6J5FBW9hLJpGIYA&amp;usqp=CAU\" width=\"259\" height=\"194\"><\/a><br \/>\nsur l&rsquo;aire TPM (avec le mus\u00e9e de la Marine) sont des exemples singuliers et aboutis dans l&rsquo;acad\u00e9mie de Nice.<span style=\"font-family: Arial;\"><br \/>\n<\/span><\/p>\n<div dir=\"auto\">&nbsp;<\/div>\n<div dir=\"auto\">&nbsp;<\/div>\n<div dir=\"auto\"><span style=\"font-family: Arial;\"><a id=\"form1\"><\/a>Pour acc\u00e9der<\/span><span style=\"font-family: Arial;\"><b>&nbsp;au parcours d&rsquo;auto-formation<a href=\"https:\/\/view.genial.ly\/5fdf710d00fb560d03514bfa\"><img loading=\"lazy\" decoding=\"async\" class=\"alignnone size-medium wp-image-1424\" src=\"https:\/\/www.pedagogie.ac-nice.fr\/arts\/wp-content\/uploads\/sites\/33\/2021\/03\/eax-300x169.jpg\" alt=\"\" width=\"300\" height=\"169\" srcset=\"https:\/\/www.pedagogie.ac-nice.fr\/arts\/wp-content\/uploads\/sites\/33\/2021\/03\/eax-300x169.jpg 300w, https:\/\/www.pedagogie.ac-nice.fr\/arts\/wp-content\/uploads\/sites\/33\/2021\/03\/eax-1024x576.jpg 1024w, https:\/\/www.pedagogie.ac-nice.fr\/arts\/wp-content\/uploads\/sites\/33\/2021\/03\/eax-768x432.jpg 768w, https:\/\/www.pedagogie.ac-nice.fr\/arts\/wp-content\/uploads\/sites\/33\/2021\/03\/eax-500x281.jpg 500w, https:\/\/www.pedagogie.ac-nice.fr\/arts\/wp-content\/uploads\/sites\/33\/2021\/03\/eax.jpg 1334w\" sizes=\"(max-width: 300px) 100vw, 300px\" \/><\/a><br \/>\n<\/b><\/span><span style=\"font-family: Arial;\">&nbsp;<a href=\"https:\/\/view.genial.ly\/5fdf710d00fb560d03514bfa\" target=\"_blank\" rel=\"noopener noreferrer\" data-saferedirecturl=\"https:\/\/www.google.com\/url?q=https:\/\/view.genial.ly\/5fdf710d00fb560d03514bfa&amp;source=gmail&amp;ust=1616063216488000&amp;usg=AFQjCNF2_qWTlzjDyMpnKyFuYIqpRMr8tw\">https:\/\/view.genial.ly\/<wbr>5fdf710d00fb560d03514bfa<\/a><\/span><\/div>\n<p>Cette formation \u00e0 faire \u00e0 votre rythme devrait vous permettre d&rsquo;imaginer des projets au sein de vos \u00e9tablissements en valorisant un patrimoine et des faits locaux.<br \/>\nEn vous souhaitant plaisir et int\u00e9r\u00eat dans le suivi du parcours nous esp\u00e9rons que cela impulsera d&rsquo;autres projets. Merci d&rsquo;avance.<br \/>\nC&rsquo;est \u00e0 vous &#8230;.<\/p>\n<\/div>\n<div>J. Rouch IA IPR Arts Plastiques<\/div>\n<div>\n<hr>\n<\/div>\n<p>&nbsp;<\/p>\n<table style=\"width: 100%; height: 2384px;\" width=\"966\" align=\"center\">\n<tbody>\n<tr style=\"height: 24px;\">\n<td style=\"width: 1.71233%; height: 24px;\" colspan=\"3\" bgcolor=\"#FFFFFF\">Lettre de madame ROUCH IA IPR Arts Plastiques<\/td>\n<\/tr>\n<tr style=\"height: 2336px;\">\n<td style=\"width: 1.71233%; height: 2336px;\" colspan=\"3\" bgcolor=\"#FFFFFF\">\n<div><strong>Avec l&rsquo;\u00e9clairage de monsieur l&rsquo;inspecteur g\u00e9n\u00e9ral H. de Rohan Csermak,<\/strong><br \/>\nvoici quelques r\u00e9ponses aux questions que vous soulevez ici et l\u00e0.<\/div>\n<div>&nbsp;<\/div>\n<div>On entend dire que l&rsquo;histoire des arts aurait disparu parce que&nbsp;l\u2019\u00e9preuve obligatoire du DNB a chang\u00e9&nbsp;\u2026.<\/div>\n<div>Un oral demeure. Cet oral a \u00e9t\u00e9 construit sur un mod\u00e8le similaire (car il avait&nbsp;\u00e9t\u00e9 bien not\u00e9 que tout ce que les professeurs avaient mis en place dans les comp\u00e9tences \u00e0 travailler pour un oral \u00e9tait d&rsquo;un grand apport pour les \u00e9l\u00e8ves)<\/div>\n<div>Cet oral concerne d\u00e9sormais un champ plus vaste mais vous&nbsp;\u00eates aussi pr\u00e9sents dans les EPI&nbsp;\u2026 comme l&rsquo;art est pr\u00e9sent dans&nbsp;plusieurs parcours\u2026<\/div>\n<div>&nbsp;<\/div>\n<div>\n<div><strong>L\u2019histoire des arts est toujours pr\u00e9sente dans le programme<\/strong>&nbsp;comme&nbsp;troisi\u00e8me enseignement artistique, et est \u00e9valu\u00e9e \u00e0 ce titre sur le livret&nbsp;scolaire&nbsp;<\/div>\n<div>(en CM1-CM2, forte de la polyvalence du professeur des \u00e9coles, l\u2019histoire&nbsp;des arts est trait\u00e9e comme une discipline)<\/div>\n<div>&nbsp;<\/div>\n<div><strong>L\u2019\u00e9preuve orale du DNB<\/strong>&nbsp;peut parfaitement, au titre des EPI comme du PEAC&nbsp;s\u2019appuyer sur l\u2019histoire des arts mais ne pourra se contenter d\u2019un contr\u00f4le de&nbsp;connaissances, m\u00eame pluridisciplinaire<\/div>\n<div>Le programme d\u2019histoire des arts doit \u00eatre compris au coll\u00e8ge comme un&nbsp;r\u00e9f\u00e9rentiel li\u00e9 aux programmes disciplinaires (surtout dans les disciplines artistiques,&nbsp;ainsi qu\u2019en lettres, histoire et langues)<br \/>\nAu Cycle 4, il comporte une organisation&nbsp;contraignante des connaissances ; comme les autres enseignements artistiques, l\u2019HdA&nbsp;doit contribuer \u00e0 l\u2019\u00e9valuation des comp\u00e9tences du socle.<\/p>\n<hr>\n<\/div>\n<div>\n<p><a href=\"https:\/\/eduscol.education.fr\/2332\/histoire-des-arts?menu_id=2881\"><img loading=\"lazy\" decoding=\"async\" class=\"alignnone \" src=\"https:\/\/eduscol.education.fr\/sites\/default\/files\/2020-07\/eduscol-logo.jpg\" width=\"290\" height=\"76\"><\/a><span style=\"font-size: 24pt;\"><span style=\"font-size: 12pt;\">Pour l\u2019enseignement de l&rsquo;Histoire des arts, les professeurs trouveront d\u00e9sormais les actualit\u00e9s de leur discipline sur la page suivante&nbsp;<\/span><br \/>\n<\/span><\/p>\n<p><span style=\"font-size: 24pt;\"><span style=\"color: #3366ff;\">Bulletin officiel n\u00b021 du<\/span> <a href=\"https:\/\/www.education.gouv.fr\/pid285\/bulletin_officiel.html?pid_bo=39621\">21 mai 2020<\/a><\/span><\/p>\n<p><strong>Publication des programmes limitatifs d\u2019histoire des arts en lyc\u00e9e pour l\u2019ann\u00e9e scolaire 2020-2021&nbsp;: nouvelles questions<\/strong><br class=\"manualbr\">Les programmes limitatifs d\u2019histoire des arts \u00e0 compter de la rentr\u00e9e scolaire 2020 ont \u00e9t\u00e9 publi\u00e9es au&nbsp;<a class=\"spip_out\" href=\"https:\/\/www.education.gouv.fr\/pid285\/bulletin_officiel.html?pid_bo=39621\" target=\"_blank\" rel=\"external noopener\">bulletin officiel de l\u2019\u00e9ducation nationale n\u00b021 du 21 mai 2020<\/a>. Pour mettre en \u0153uvre les nouvelles questions au programme (premi\u00e8re option et terminale sp\u00e9cialit\u00e9), des pistes sont disponibles en ligne gr\u00e2ce \u00e0 certaines ressources num\u00e9riques, notamment issues des partenaires du&nbsp;<a class=\"spip_out\" href=\"https:\/\/www.edutheque.fr\/accueil.html\" target=\"_blank\" rel=\"external noopener\">portail \u00c9duth\u00e8que<img loading=\"lazy\" decoding=\"async\" class=\"alignnone size-thumbnail\" src=\"https:\/\/www.edutheque.fr\/fileadmin\/template\/img\/logo_principal.png\" width=\"211\" height=\"44\"><\/a><\/p>\n<\/div>\n<div><strong>Des ressources d\u2019accompagnement des programmes<\/strong>&nbsp;ont \u00e9t\u00e9 mises en ligne sur<\/div>\n<\/div>\n<div>\n<div>\u00c9duscol :&nbsp;<a href=\"http:\/\/eduscol.education.fr\/cid99023\/ressources-accompagnement-programmehistoire-\">http:\/\/eduscol.education.fr\/cid99023\/ressources-accompagnement-programmehistoire-<\/a><\/div>\n<div>des-arts-cycle.html<\/div>\n<\/div>\n<div>&nbsp;<\/div>\n<div>\n<p>Vous pouvez en formation ou avant, faire remonter des besoins ou des suggestions et&nbsp;&nbsp;des ressources \u00e0 mettre en lumi\u00e8re<a id=\"form\"><\/a><\/p>\n<\/div>\n<div>\n<hr>\n<\/div>\n<div>&nbsp;<\/div>\n<div>&nbsp;<\/div>\n<div><strong><span style=\"font-size: 24pt; color: #ff9900;\">Les formations<\/span><\/strong><\/div>\n<div>\n<div><span style=\"font-size: 18pt;\"><strong>&nbsp;<\/strong><\/span><\/div>\n<div>&nbsp;<\/div>\n<div><span style=\"font-size: 18pt;\"><strong>Un projet pour travailler en histoire des arts<\/strong><\/span><\/div>\n<div>&nbsp;<\/div>\n<div>\n<p>En ces temps o\u00f9 les formations en pr\u00e9sentielles sont suspendues, il est important de d\u00e9velopper des ressources et des formations en ligne.<br \/>\nCelle pr\u00e9sent\u00e9e ici doit permettre \u00e0 des \u00e9quipes de professeurs de se mobiliser autour de projets transdisciplinaires en Histoire des Arts.<br \/>\nDeux de vos coll\u00e8gues de l&rsquo;acad\u00e9mie de Nice, mesdames M\u00e9lanie Fillion-Robin et Jennifer Poinson ont con\u00e7u et r\u00e9alis\u00e9 sur la plateforme dynamique Genialy une formation pas \u00e0 pas, vous permettant de travailler des comp\u00e9tences disciplinaires crois\u00e9es autour de la r\u00e9alisation d&rsquo;un jeu d&rsquo;\u00e9vasion.<\/p>\n<p>Polymorphos sur Grasse<br \/>\n<img loading=\"lazy\" decoding=\"async\" class=\"alignnone \" src=\"http:\/\/arp.ac-creteil.fr\/IMG\/arton444.png\" width=\"239\" height=\"136\"><br \/>\n(avec le mus\u00e9e d&rsquo;Art et d&rsquo;Histoire), Bagn&rsquo;art<br \/>\n<img loading=\"lazy\" decoding=\"async\" class=\"alignnone size-medium\" src=\"https:\/\/encrypted-tbn0.gstatic.com\/images?q=tbn:ANd9GcRGmyX8AxZW78dd_icuiYK6J5FBW9hLJpGIYA&amp;usqp=CAU\" width=\"259\" height=\"194\"><br \/>\nsur l&rsquo;aire TPM (avec le mus\u00e9e de la Marine) sont des exemples singuliers et aboutis dans l&rsquo;acad\u00e9mie de Nice.<span style=\"font-family: Arial;\"><br \/>\n<\/span><\/p>\n<div dir=\"auto\"><span style=\"font-family: Arial;\">Pour acc\u00e9der<\/span><span style=\"font-family: Arial;\"><b>&nbsp;au parcours d&rsquo;auto-formation<a href=\"https:\/\/view.genial.ly\/5fdf710d00fb560d03514bfa\"><img loading=\"lazy\" decoding=\"async\" class=\"alignnone size-medium wp-image-1424\" src=\"https:\/\/www.pedagogie.ac-nice.fr\/arts\/wp-content\/uploads\/sites\/33\/2021\/03\/eax-300x169.jpg\" alt=\"\" width=\"300\" height=\"169\" srcset=\"https:\/\/www.pedagogie.ac-nice.fr\/arts\/wp-content\/uploads\/sites\/33\/2021\/03\/eax-300x169.jpg 300w, https:\/\/www.pedagogie.ac-nice.fr\/arts\/wp-content\/uploads\/sites\/33\/2021\/03\/eax-1024x576.jpg 1024w, https:\/\/www.pedagogie.ac-nice.fr\/arts\/wp-content\/uploads\/sites\/33\/2021\/03\/eax-768x432.jpg 768w, https:\/\/www.pedagogie.ac-nice.fr\/arts\/wp-content\/uploads\/sites\/33\/2021\/03\/eax-500x281.jpg 500w, https:\/\/www.pedagogie.ac-nice.fr\/arts\/wp-content\/uploads\/sites\/33\/2021\/03\/eax.jpg 1334w\" sizes=\"(max-width: 300px) 100vw, 300px\" \/><\/a><br \/>\n<\/b><\/span><span style=\"font-family: Arial;\">&nbsp;<a href=\"https:\/\/view.genial.ly\/5fdf710d00fb560d03514bfa\" target=\"_blank\" rel=\"noopener noreferrer\" data-saferedirecturl=\"https:\/\/www.google.com\/url?q=https:\/\/view.genial.ly\/5fdf710d00fb560d03514bfa&amp;source=gmail&amp;ust=1616063216488000&amp;usg=AFQjCNF2_qWTlzjDyMpnKyFuYIqpRMr8tw\">https:\/\/view.genial.ly\/<wbr>5fdf710d00fb560d03514bfa<\/a><\/span><\/div>\n<p>Cette formation \u00e0 faire \u00e0 votre rythme devrait vous permettre d&rsquo;imaginer des projets au sein de vos \u00e9tablissements en valorisant un patrimoine et des faits locaux.<br \/>\nEn vous souhaitant plaisir et int\u00e9r\u00eat dans le suivi du parcours nous esp\u00e9rons que cela impulsera d&rsquo;autres projets. Merci d&rsquo;avance.<br \/>\nC&rsquo;est \u00e0 vous &#8230;.<\/p>\n<\/div>\n<div>J. Rouch IA IPR Arts Plastiques<\/div>\n<\/div>\n<div>&nbsp;<\/div>\n<div>&nbsp;<\/div>\n<div>&nbsp;<\/div>\n<div>&nbsp;<\/div>\n<div><span style=\"font-size: 18pt; color: #ff0000;\"><strong>L&rsquo;universit\u00e9 dite de printemps<\/strong><\/span><\/div>\n<div><strong>Fontainebleau<\/strong>&nbsp;est loin pour nous mais une \u00ab\u00a0universit\u00e9 dite de printemps\u00a0\u00bb s&rsquo;y d\u00e9roule chaque ann\u00e9e apportant des connaissances&nbsp;renouvel\u00e9es.<br \/>\n<a href=\"https:\/\/eduscol.education.fr\/546\/universite-de-printemps-d-histoire-des-arts-2019\">https:\/\/eduscol.education.fr\/546\/universite-de-printemps-d-histoire-des-arts-2019<\/a><\/div>\n<div>&nbsp;<\/div>\n<div>\n<h1><span style=\"color: #ff9900;\">Report en 2021 du Festival de l\u2019histoire de l\u2019art<\/span><\/h1>\n<p><img loading=\"lazy\" decoding=\"async\" class=\"alignnone size-thumbnail\" src=\"https:\/\/www.chateaudefontainebleau.fr\/wp-content\/uploads\/2020\/01\/www.chateaudefontainebleau.fr-festival-de-lhistoire-de-lart-d5s6079-768x512.jpg\" width=\"768\" height=\"512\"><\/p>\n<p>En raison de la crise sanitaire qui touche aujourd\u2019hui le monde entier et des incertitudes qui en d\u00e9coulent, l\u2019Institut national d\u2019histoire de l\u2019art et le ch\u00e2teau de Fontainebleau, en concertation avec le minist\u00e8re de la Culture,&nbsp;<strong>ont d\u00e9cid\u00e9 de reporter la prochaine \u00e9dition du Festival de l\u2019histoire de l\u2019art<\/strong>&nbsp;qui devait se d\u00e9rouler les 5, 6 et 7 juin prochains.&nbsp;<strong>La dixi\u00e8me \u00e9dition de ce grand rendez-vous des acteurs et amateurs de l\u2019histoire de l\u2019art aura donc lieu les 4, 5 et 6 juin 2021<\/strong><\/p>\n<p>10<sup>e<\/sup>&nbsp;\u00e9dition<br \/>\nTh\u00e8me : le Plaisir<br \/>\nPays invit\u00e9s : le Japon<\/p>\n<\/div>\n<div><img loading=\"lazy\" decoding=\"async\" class=\"alignnone size-medium wp-image-1416\" src=\"https:\/\/www.pedagogie.ac-nice.fr\/arts\/wp-content\/uploads\/sites\/33\/2021\/03\/395A4134-248x300.jpg\" alt=\"\" width=\"248\" height=\"300\" srcset=\"https:\/\/www.pedagogie.ac-nice.fr\/arts\/wp-content\/uploads\/sites\/33\/2021\/03\/395A4134-248x300.jpg 248w, https:\/\/www.pedagogie.ac-nice.fr\/arts\/wp-content\/uploads\/sites\/33\/2021\/03\/395A4134-768x930.jpg 768w, https:\/\/www.pedagogie.ac-nice.fr\/arts\/wp-content\/uploads\/sites\/33\/2021\/03\/395A4134.jpg 826w\" sizes=\"(max-width: 248px) 100vw, 248px\" \/><\/div>\n<div>\n<div>\n<p>@J.S. <em><em><span style=\"font-size: 10px; letter-spacing: 0.1em; text-transform: uppercase; font-family: inherit;\">Fushimi Inari-taisha, Kyoto<\/span><\/em><\/em><\/p>\n<p>Universit\u00e9 de printemps<\/p>\n<p>La section arts plastiques du Lyc\u00e9e Amiral de Grasse<br \/>\n<a href=\"https:\/\/prezi.com\/kaawthhkwvok\/festival-histoire-de-lart-expo-pirate-au-mip-de-grasse\/\"><img loading=\"lazy\" decoding=\"async\" class=\"size-thumbnail wp-image-1325 alignnone\" src=\"https:\/\/www.pedagogie.ac-nice.fr\/arts\/wp-content\/uploads\/sites\/33\/2021\/02\/titreqr-150x150.jpg\" alt=\"\" width=\"150\" height=\"150\"><\/a><br \/>\nEXPO PIRATE AU MIP DE GRASSE au Festival Histoire de l&rsquo;Art<br \/>\nDans le cadre de l\u2019enseignement exploratoire en<strong> classe de seconde arts visuels<\/strong>, la d\u00e9couverte des mus\u00e9es de la ville de Grasse donne lieu \u00e0 un proposition interactive <strong>in situ<\/strong>. C\u2019est au <strong>mus\u00e9e international du parfum<\/strong>, o\u00f9 sont expos\u00e9s les flacons les plus r\u00e9put\u00e9s, qu\u2019une invasion de <strong>QRCode<\/strong> ins\u00e8re les images d\u2019invraisemblables parfums-tatouages dans le parcours.<br \/>\nUn nouvel espace virtuel se r\u00e9v\u00e8le ainsi, des<strong> hackages furtifs<\/strong> s\u2019immis\u00e7ant entre les socles pour flaconnages, pots \u00e0 pommades, n\u00e9cessaires \u00e0 toilettes, et alambics. Chaque interstice ouvert, plac\u00e9 en un lieu choisi pr\u00e9cis\u00e9ment par l\u2019\u00e9l\u00e8ve devenu familier et acteur des lieux, exploite ludiquement l\u2019ultraconnectivit\u00e9 des <strong>smartphones et des tablettes<\/strong> des visiteurs curieux, <strong>d\u00e9tournant<\/strong> et l\u2019\u0153uvre sacralis\u00e9e, et le s\u00e9rieux attendu de ces nouveaux cartels aux motifs g\u00e9om\u00e9triques.<\/p>\n<hr>\n<\/div>\n<div><strong>Le site <a href=\"https:\/\/eduscol.education.fr\/2332\/histoire-des-arts?menu_id=2881\">histoire des arts national Eduscol<\/a> <\/strong>est aussi une source pr\u00e9cieuse<\/div>\n<div>vous pouvez y consulter les programmes et ressources de l&rsquo;\u00e9cole au lyc\u00e9e&nbsp;<\/div>\n<div>et le renouvellement&nbsp;&nbsp;des questions du <a href=\"https:\/\/eduscol.education.fr\/1673\/programmes-et-ressources-en-histoire-des-arts-voie-gt\">baccalaur\u00e9at&nbsp;<\/a><\/div>\n<div>&nbsp;<\/div>\n<div>Une lettre d&rsquo;information num\u00e9rique histoire des arts sera r\u00e9activ\u00e9e si vous me signalez&nbsp;votre&nbsp;int\u00e9r\u00eat&nbsp;d&rsquo;y&nbsp;\u00eatre&nbsp;abonn\u00e9&nbsp;<\/div>\n<div>&#8211;&gt; Ce sera madame M\u00e9lanie Fillon robin (<a href=\"mailto:melanie.fillon-robin@ac-nice.fr\">melanie.fillon-robin@ac-nice.fr<\/a>) qui recueillera les demandes en ayant accept\u00e9 d&rsquo;\u00eatre IAN HdA&nbsp;<br \/>\n(interlocuteur acad\u00e9mique)<\/p>\n<hr>\n<\/div>\n<div>&nbsp;<\/div>\n<div><strong>L&rsquo;examen de la certification compl\u00e9mentaire<\/strong>&nbsp;se passe au niveau acad\u00e9mique&nbsp;apr\u00e8s une inscription aupr\u00e8s des DEC.&nbsp;<\/div>\n<div>Je vous redonne les r\u00e9f\u00e9rences car vous pouvez avoir&nbsp;int\u00e9r\u00eat \u00e0 passer l&rsquo;une ou l&rsquo;autre des certifications&nbsp;compl\u00e9mentaires&nbsp;que ce soit dans le domaine des arts ou des langues.&nbsp;<br \/>\nLisez bien le texte de 2004<\/div>\n<div><a href=\"http:\/\/eduscol.education.fr\/arts-plastiques\/se-former\/concours\/certifications-complementaires-arts.html\">http:\/\/eduscol.education.fr\/arts-plastiques\/se-former\/concours\/certifications-complementaires-arts.html<\/a><\/div>\n<div>l&rsquo;une d&rsquo;entre elles concerne histoire de l&rsquo;art :&nbsp;<em>Il ne s\u2019agit pas d\u2019une certification pluridisciplinaire \u00ab en histoire des arts \u00bb mais en&nbsp;histoire de l\u2019art en tant que discipline universitaire.<\/em><\/div>\n<div>&nbsp;<\/div>\n<div>\n<div>Textes de r\u00e9f\u00e9rence :<\/div>\n<div>\u00a7 arr\u00eat\u00e9 du 23 d\u00e9cembre 2003 (NOR : MENP0302665A), B.O. n\u00b0 7, 12 f\u00e9vrier 2004 ;<\/div>\n<div>\u00a7 arr\u00eat\u00e9 du 9 mars 2004 (NOR : MENP0400474A), B.O. n\u00b0 15, 8 avril 2004 ;<\/div>\n<div>\u00a7 note de service n\u00b02004-175 du 19 octobre 2004 (NOR : MENP0402363N), B.O.<\/div>\n<div>n\u00b0 39, 18 octobre 2004.<a id=\"text\"><\/a><\/div>\n<div>&nbsp;<\/div>\n<\/div>\n<\/div>\n<\/td>\n<\/tr>\n<tr style=\"height: 24px;\">\n<td style=\"width: 1.71233%; height: 24px;\" colspan=\"3\">\n<div>&nbsp;<\/div>\n<div><span style=\"font-size: 18pt; color: #993300;\">Les textes<\/span><\/div>\n<\/td>\n<\/tr>\n<\/tbody>\n<\/table>\n<h1 class=\"page__title\">Ressources d&rsquo;accompagnement du programme d&rsquo;histoire des arts au cycle 4<\/h1>\n<p>&nbsp;<\/p>\n<p>Les ressources d&rsquo;accompagnement proposent des outils p\u00e9dagogiques, didactiques et scientifiques pour aider les enseignants \u00e0 s&rsquo;approprier le programme d&rsquo;histoire des arts au cycle 4 et \u00e0 le mettre en \u0153uvre dans les classes. Structur\u00e9es en quatre rubriques compl\u00e9mentaires, ces ressources ont \u00e9t\u00e9 con\u00e7ues et r\u00e9alis\u00e9es par des groupes d&rsquo;experts en partenariat avec l&rsquo;inspection g\u00e9n\u00e9rale de l&rsquo;\u00c9ducation nationale. De nouvelles mises en ligne viendront les compl\u00e9ter r\u00e9guli\u00e8rement.<br \/>\nLire la <a href=\"https:\/\/eduscol.education.fr\/308\/histoire-des-arts-cycle-4\">suite<\/a><\/p>\n<hr>\n<h2><img loading=\"lazy\" decoding=\"async\" class=\"alignnone size-thumbnail\" src=\"https:\/\/eduscol.education.fr\/sites\/default\/files\/2020-07\/eduscol-logo.jpg\" width=\"499\" height=\"122\"><br \/>\nLes programmes de l&rsquo;enseignement optionnel d&rsquo;histoire des arts en seconde g\u00e9n\u00e9rale et technologique et en premi\u00e8re et terminale des voies g\u00e9n\u00e9rale et technologique et l&rsquo;enseignement de sp\u00e9cialit\u00e9 d&rsquo;histoire des arts en premi\u00e8re et terminale de la voie g\u00e9n\u00e9rale sont pr\u00e9sent\u00e9s en lien avec des ressources pour accompagner leur mise en \u0153uvre.<br \/>\nLire la <a href=\"https:\/\/eduscol.education.fr\/1673\/programmes-et-ressources-en-histoire-des-arts-voie-gt\">suite<\/a><\/h2>\n<hr>\n<h2><span style=\"font-size: 18pt; color: #ff0000;\">Options de sp\u00e9cialit\u00e9 et facultative<\/span><br \/>\n<span style=\"font-size: 18pt; color: #ff0000;\">en Histoire des Arts<\/span><\/h2>\n<h2>Les conseils pour les \u00e9preuves<br \/>\ndes options de sp\u00e9cialit\u00e9 et facultative<br \/>\nen Histoire des Arts<br \/>\nA <a href=\"https:\/\/www.pedagogie.ac-nice.fr\/arts\/wp-content\/uploads\/sites\/33\/2021\/03\/fiche-bac-hidaSpe-2020.pdf\">L\u2019EPREUVE DE SPECIALITE<\/a> HISTOIRE DES ARTS<br \/>\nDE <a href=\"https:\/\/www.pedagogie.ac-nice.fr\/arts\/wp-content\/uploads\/sites\/33\/2021\/03\/fiche-bac-hidaSpe-2020.pdf\">L\u2019OPTION FACULTATIVE<\/a><\/h2>\n<hr>\n<h2>Programme limitatif pour l&rsquo;enseignement optionnel d&rsquo;histoire des arts en classe de premi\u00e8re<\/h2>\n<p><b>L&rsquo;art du portrait en France, XIXe<sup>&nbsp;<\/sup>&#8211; XXIe<sup>&nbsp;<\/sup>si\u00e8cles<\/b><\/p>\n<hr>\n<h2>Programme limitatif pour l&rsquo;enseignement optionnel d&rsquo;histoire des arts en classe <a href=\"https:\/\/www.education.gouv.fr\/bo\/20\/Hebdo21\/MENE2009178N.htm\">terminale<\/a><br \/>\n<b>Question transversale&nbsp;: art et \u00e9mancipation<\/b><\/h2>\n<hr>\n<h2>Programme limitatif pour l&rsquo;enseignement de sp\u00e9cialit\u00e9 d&rsquo;histoire des arts en classe <a href=\"https:\/\/www.education.gouv.fr\/bo\/20\/Hebdo21\/MENE2009189N.htm\">terminale<\/a><br \/>\n<b>Un(e) artiste en son temps&nbsp;: Charlotte Perriand (1903-1999)<\/b><\/h2>\n<h1 class=\"page__title\"><img loading=\"lazy\" decoding=\"async\" class=\"alignnone size-thumbnail\" src=\"https:\/\/hda.ac-versailles.fr\/local\/cache-vignettes\/L200xH134\/arton505-75f8d.jpg?1609940768\" width=\"200\" height=\"134\">Des ressources num\u00e9riques pour aborder le travail de la cr\u00e9atrice Charlotte Perriand en <a href=\"https:\/\/eduscol.education.fr\/2677\/des-ressources-numeriques-pour-aborder-le-travail-de-la-creatrice-charlotte-perriand-en-terminale-specialite\">terminale sp\u00e9cialit\u00e9<\/a><\/h1>\n<hr>\n<h1><span class=\"crayon article-titre-504 \">Ressources autour de la question Arts, ville, politique et soci\u00e9t\u00e9&nbsp;: le voyage des artistes en Italie, XVIIe-XIXe si\u00e8cles<\/span><\/h1>\n<hr>\n<p><b>Objets et enjeux de l&rsquo;histoire des arts&nbsp;: l&rsquo;art et le sacr\u00e9<\/b><\/p>\n","protected":false},"excerpt":{"rendered":"<p>&nbsp; Les textes &nbsp;&nbsp; \/&nbsp;La formation \/&nbsp; Les projets\/ Les lettres Edu-num . \u00c9duNum Histoire des arts n\u00b06 &nbsp; Vous trouverez ci-dessous l\u2019acc\u00e8s \u00e0 la lettre \u00c9duNum Histoire des arts n\u00b06 &nbsp;qui s\u2019adresse aux professeurs implique\u0301s dans l\u2019enseignement de l\u2019histoire des arts, du cycle 3 au lyc\u00e9e. Elle met en avant l\u2019int\u00e9re\u0302t p\u00e9dagogique des ressources [&hellip;]<\/p>\n","protected":false},"author":214,"featured_media":0,"parent":0,"menu_order":0,"comment_status":"closed","ping_status":"closed","template":"","meta":{"_et_pb_use_builder":"","_et_pb_old_content":"","_et_gb_content_width":"","ngg_post_thumbnail":0,"footnotes":""},"class_list":["post-1383","page","type-page","status-publish","hentry"],"rttpg_featured_image_url":null,"rttpg_author":{"display_name":"adminarts","author_link":"https:\/\/www.pedagogie.ac-nice.fr\/arts\/author\/adminarts\/"},"rttpg_comment":0,"rttpg_category":null,"rttpg_excerpt":"&nbsp; Les textes &nbsp;&nbsp; \/&nbsp;La formation \/&nbsp; Les projets\/ Les lettres Edu-num . \u00c9duNum Histoire des arts n\u00b06 &nbsp; Vous trouverez ci-dessous l\u2019acc\u00e8s \u00e0 la lettre \u00c9duNum Histoire des arts n\u00b06 &nbsp;qui s\u2019adresse aux professeurs implique\u0301s dans l\u2019enseignement de l\u2019histoire des arts, du cycle 3 au lyc\u00e9e. Elle met en avant l\u2019int\u00e9re\u0302t p\u00e9dagogique des ressources\u2026","post_mailing_queue_ids":[],"_links":{"self":[{"href":"https:\/\/www.pedagogie.ac-nice.fr\/arts\/wp-json\/wp\/v2\/pages\/1383","targetHints":{"allow":["GET"]}}],"collection":[{"href":"https:\/\/www.pedagogie.ac-nice.fr\/arts\/wp-json\/wp\/v2\/pages"}],"about":[{"href":"https:\/\/www.pedagogie.ac-nice.fr\/arts\/wp-json\/wp\/v2\/types\/page"}],"author":[{"embeddable":true,"href":"https:\/\/www.pedagogie.ac-nice.fr\/arts\/wp-json\/wp\/v2\/users\/214"}],"replies":[{"embeddable":true,"href":"https:\/\/www.pedagogie.ac-nice.fr\/arts\/wp-json\/wp\/v2\/comments?post=1383"}],"version-history":[{"count":64,"href":"https:\/\/www.pedagogie.ac-nice.fr\/arts\/wp-json\/wp\/v2\/pages\/1383\/revisions"}],"predecessor-version":[{"id":1671,"href":"https:\/\/www.pedagogie.ac-nice.fr\/arts\/wp-json\/wp\/v2\/pages\/1383\/revisions\/1671"}],"wp:attachment":[{"href":"https:\/\/www.pedagogie.ac-nice.fr\/arts\/wp-json\/wp\/v2\/media?parent=1383"}],"curies":[{"name":"wp","href":"https:\/\/api.w.org\/{rel}","templated":true}]}}