{"id":346,"date":"2020-02-07T14:40:41","date_gmt":"2020-02-07T13:40:41","guid":{"rendered":"https:\/\/www.pedagogie.ac-nice.fr\/arts\/?page_id=346"},"modified":"2022-03-30T15:22:08","modified_gmt":"2022-03-30T13:22:08","slug":"espaces-dart-galeries-detablissement-e-lro","status":"publish","type":"page","link":"https:\/\/www.pedagogie.ac-nice.fr\/arts\/espaces-dart-galeries-detablissement-e-lro\/","title":{"rendered":"ESPACES d&rsquo;ART, GALERIES d&rsquo;\u00e9tablissement, E-LRO"},"content":{"rendered":"<p><a href=\"https:\/\/eduscol.education.fr\/3161\/developper-des-galeries-virtuelles-dimension-pedagogique\"><img loading=\"lazy\" decoding=\"async\" class=\"alignnone size-full wp-image-2131\" src=\"https:\/\/www.pedagogie.ac-nice.fr\/arts\/wp-content\/uploads\/sites\/33\/2022\/03\/dev.png\" alt=\"\" width=\"1186\" height=\"134\" srcset=\"https:\/\/www.pedagogie.ac-nice.fr\/arts\/wp-content\/uploads\/sites\/33\/2022\/03\/dev.png 1186w, https:\/\/www.pedagogie.ac-nice.fr\/arts\/wp-content\/uploads\/sites\/33\/2022\/03\/dev-300x34.png 300w, https:\/\/www.pedagogie.ac-nice.fr\/arts\/wp-content\/uploads\/sites\/33\/2022\/03\/dev-1024x116.png 1024w, https:\/\/www.pedagogie.ac-nice.fr\/arts\/wp-content\/uploads\/sites\/33\/2022\/03\/dev-768x87.png 768w, https:\/\/www.pedagogie.ac-nice.fr\/arts\/wp-content\/uploads\/sites\/33\/2022\/03\/dev-500x56.png 500w\" sizes=\"(max-width: 1186px) 100vw, 1186px\" \/><\/a><br \/>\nDans la veine des galeries virtuelles d\u00e9velopp\u00e9es par de grandes institutions culturelles afin de rendre accessible en ligne leurs collections, nombre d&rsquo;enseignants cr\u00e9ent et engagent leurs \u00e9l\u00e8ves dans la production de galeries virtuelles \u00e0 dimension p\u00e9dagogique donnant la possibilit\u00e9 de diffuser le travail de cr\u00e9ation op\u00e9r\u00e9 en classe hors la classe. Ces galeries sont \u00e9galement l&rsquo;occasion de partager des r\u00e9f\u00e9rences artistiques et culturelles afin d&rsquo;\u00e9toffer la culture artistique de leurs \u00e9l\u00e8ves.<\/p>\n<hr>\n<div class=\"css-1dbjc4n\">\n<div class=\"css-1dbjc4n r-xoduu5\">\n<div class=\"css-1dbjc4n\">\n<div class=\"css-1dbjc4n r-1s2bzr4\">\n<div dir=\"auto\" lang=\"fr\">\n<div class=\"css-1dbjc4n\">\n<div class=\"css-1dbjc4n r-1s2bzr4\">\n<div dir=\"auto\" lang=\"fr\">\n<p><span class=\"css-901oao css-16my406 r-poiln3 r-bcqeeo r-qvutc0\">&nbsp;<\/span><\/p>\n<\/div>\n<div dir=\"auto\" lang=\"fr\">&nbsp;<\/div>\n<\/div>\n<\/div>\n<\/div>\n<\/div>\n<\/div>\n<\/div>\n<\/div>\n<p><span style=\"font-size: 18pt; color: #ff0000;\">Savoir exposer<\/span><\/p>\n<p>&nbsp;<\/p>\n<div style=\"width: 100%;\">\n<div style=\"position: relative; padding-bottom: 56.25%; padding-top: 0; height: 0;\"><iframe loading=\"lazy\" style=\"position: absolute; top: 0; left: 0; width: 100%; height: 100%;\" src=\"https:\/\/view.genial.ly\/61a6aa078389ca0d45127eab\" scrolling=\"yes\" allowfullscreen=\"allowfullscreen\" width=\"1200px\" height=\"675px\" frameborder=\"0\"><\/iframe><\/div>\n<\/div>\n<hr>\n<hr>\n<div><span style=\"font-size: 18pt; color: #993300;\">Coll\u00e8ge de l&rsquo;Escar\u00e8ne<\/span><br \/>\n<span style=\"font-size: 18pt; color: #993300;\">Sc\u00e9nographie Fiction r\u00e9alit\u00e9 <\/span><br \/>\n<iframe loading=\"lazy\" title=\"YouTube video player\" src=\"https:\/\/www.youtube.com\/embed\/aNM1iLggxdU\" allowfullscreen=\"allowfullscreen\" width=\"560\" height=\"315\" frameborder=\"0\"><\/iframe><\/div>\n<div>Les visiteurs sont sous le charme d\u2019une sc\u00e9nographie recherch\u00e9e tout le long d\u2019un parcours fl\u00e9ch\u00e9 :<br \/>\n\u00ab Les \u00e9l\u00e8ves de Mme OBERLINGER tiennent des performances sur le parcours, donnant une r\u00e9alit\u00e9 3D au prodigieux roman-photo qu\u2019ils ont cr\u00e9\u00e9 et expos\u00e9 dans l\u2019espace d\u2019Art en regard d\u2019\u0153uvres de l\u2019artoth\u00e8que pour l\u2019occasion de l\u2019inauguration.<\/p>\n<hr>\n<p><span style=\"font-size: 18pt; color: #993300;\">&nbsp;Exposition JAL<\/span><br \/>\n<iframe loading=\"lazy\" title=\"YouTube video player\" src=\"https:\/\/www.youtube.com\/embed\/umlHeeoVNhY\" allowfullscreen=\"allowfullscreen\" width=\"560\" height=\"315\" frameborder=\"0\"><\/iframe><\/p>\n<div id=\"content\" class=\"style-scope ytd-expander\">\n<div id=\"description\" class=\"style-scope ytd-video-secondary-info-renderer\">Teaser&#8230; Un retour en images sur une jolie soir\u00e9e&#8230; Vernissage de l&rsquo;exposition \u00ab\u00a0JAL, Les aventures de Roger &amp; Cie\u00a0\u00bb&#8230; Performances, parcours, mise en sc\u00e8ne&#8230;<\/div>\n<\/div>\n<div id=\"always-shown\" class=\"style-scope ytd-metadata-row-container-renderer\">\n<div id=\"contents\" class=\"style-scope ytd-rich-metadata-row-renderer\">\n<div id=\"thumbnail\" class=\"style-scope ytd-rich-metadata-renderer\">&nbsp;<\/div>\n<\/div>\n<\/div>\n<\/div>\n<div>&nbsp;<\/div>\n<hr>\n<p><span style=\"font-size: 18pt;\">La comp\u00e9tence EXPOSER est point\u00e9e dans nos programmes<br \/>\n<\/span><img loading=\"lazy\" decoding=\"async\" class=\"alignnone size-medium wp-image-1220\" src=\"https:\/\/www.pedagogie.ac-nice.fr\/arts\/wp-content\/uploads\/sites\/33\/2021\/01\/aa-300x199.jpg\" alt=\"\" width=\"300\" height=\"199\" srcset=\"https:\/\/www.pedagogie.ac-nice.fr\/arts\/wp-content\/uploads\/sites\/33\/2021\/01\/aa-300x199.jpg 300w, https:\/\/www.pedagogie.ac-nice.fr\/arts\/wp-content\/uploads\/sites\/33\/2021\/01\/aa-1024x678.jpg 1024w, https:\/\/www.pedagogie.ac-nice.fr\/arts\/wp-content\/uploads\/sites\/33\/2021\/01\/aa-768x509.jpg 768w, https:\/\/www.pedagogie.ac-nice.fr\/arts\/wp-content\/uploads\/sites\/33\/2021\/01\/aa-1536x1017.jpg 1536w, https:\/\/www.pedagogie.ac-nice.fr\/arts\/wp-content\/uploads\/sites\/33\/2021\/01\/aa-453x300.jpg 453w, https:\/\/www.pedagogie.ac-nice.fr\/arts\/wp-content\/uploads\/sites\/33\/2021\/01\/aa.jpg 2048w\" sizes=\"(max-width: 300px) 100vw, 300px\" \/><span style=\"font-size: 8pt;\"><br \/>\n@Le hall, Coll\u00e8ge Marcel Rivi\u00e8re<\/span><\/p>\n<p>En r\u00e9fl\u00e9chissant sur \u00ab\u00a0o\u00f9 et comment je montre mon travail?\u00a0\u00bb les \u00e9l\u00e8ves guid\u00e9s par leur enseignant vont d\u00e9velopper des comp\u00e9tences importantes en pensant leur production expos\u00e9e parmi celles de leurs camarades.<\/p>\n<p>Pr\u00e9senter et communiquer en d\u00e9veloppant une m\u00e9diation (note d&rsquo;intention, pr\u00e9sentation orale, jeu de questions r\u00e9ponses, interviews, petites vid\u00e9os immersives&#8230;) vont apporter clart\u00e9 du propos, vocabulaire enrichi et aisance verbale et conforter des comp\u00e9tences et connaissances..<\/p>\n<p>C&rsquo;est d\u00e9j\u00e0 l&rsquo;objet de l&rsquo;affichage p\u00e9dagogique dans la salle d&rsquo;arts plastiques mais Il est important de d\u00e9fendre <i>un projet raisonnable*<\/i> hors la salle qui permette de cr\u00e9er un lieu dans l&rsquo;\u00e9tablissement plus ouvert (mur ou panneaux au CDI,, am\u00e9nagement de hall ou de salle polyvalente &#8230; )<\/p>\n<p>Pistes p\u00e9dagogiques dans ce document d&rsquo;accompagnement des programmes<br \/>\n<a href=\"https:\/\/cache.media.eduscol.education.fr\/file\/Arts_plastiques_et_education_musicale\/82\/8\/RA16_C2C3_EART_APLA_mini-galerie-dm_613828.pdf\">https:\/\/cache.media.eduscol.education.fr\/file\/Arts_plastiques_et_education_musicale\/82\/8\/RA16_C2C3_EART_APLA_mini-galerie-dm_613828.pdf<\/a><\/p>\n<p>A un degr\u00e9 de conception plus exigeante, d\u00e9di\u00e9s \u00e0 la rencontre avec l\u2019\u0153uvre, les E-LRO (<em>Espaces Lieux de Rencontre avec l\u2019\u0153uvre)<\/em>&nbsp;encouragent la dynamique de projet et la m\u00e9diatisation par les \u00e9l\u00e8ves autour d\u2019\u0153uvres pr\u00eat\u00e9es par les structures culturelles. Ils rev\u00eatent un int\u00e9r\u00eat particulier dans la mesure o\u00f9 ils favorisent une pr\u00e9sence p\u00e9dagogique et int\u00e9gr\u00e9e de l\u2019\u0153uvre d\u2019art&nbsp;dans la vie de tous les \u00e9l\u00e8ves, voire de leur famille. En cette situation sanitaire actuelle qui maintient les structures culturelles ferm\u00e9es, c&rsquo;est aussi la possibilit\u00e9 par conventions \u00e9tablies d&rsquo;organiser et rendre toujours possible le contact sensible avec l&rsquo;art. Les E-LRO promeuvent ainsi l\u2019\u00e9tablissement comme lieu de culture.<\/p>\n<p>Ils sont aussi des espaces privil\u00e9gi\u00e9s pour la valorisation des productions d\u2019\u00e9l\u00e8ves qui fortifient durant les expositions leurs comp\u00e9tences langagi\u00e8res et une aisance argumentative dans une m\u00e9diation assum\u00e9e<strong><em>.<\/em><\/strong><\/p>\n<p>Tous ces lieux d&rsquo;accrochage, de monstration, d&rsquo;exposition naissent de la volont\u00e9 d\u2019enseignants engag\u00e9s, compris par leur chefs d\u2019\u00e9tablissement qui permettent la transformation d\u2019une salle ou d\u2019un espace reconquis, avec un budget raisonnable, en lieu de rencontre avec l\u2019art.<\/p>\n<p>Merci \u00e0 tous pour la&nbsp;<strong><em>plus-value \u00e9ducative&nbsp;<\/em><\/strong>apport\u00e9e<strong><em>.<br \/>\nJ.Rouch IA IPR Arts Plastiques<br \/>\n<\/em><\/strong><\/p>\n<p><strong>Exemple<\/strong>&nbsp; Des vitrines cr\u00e9\u00e9es dans un couloir sous forme d&rsquo;un projet engageant les \u00e9l\u00e8ves de la SEGPA au coll\u00e8ge Pablo Picasso Vallauris.<a href=\"https:\/\/view.genial.ly\/6024e8fc515c230d295fd591\/presentation-espace-culturel-college-pablo-picasso\"><img loading=\"lazy\" decoding=\"async\" class=\"alignnone size-medium wp-image-1469\" src=\"https:\/\/www.pedagogie.ac-nice.fr\/arts\/wp-content\/uploads\/sites\/33\/2021\/03\/colec-300x89.png\" alt=\"\" width=\"300\" height=\"89\" srcset=\"https:\/\/www.pedagogie.ac-nice.fr\/arts\/wp-content\/uploads\/sites\/33\/2021\/03\/colec-300x89.png 300w, https:\/\/www.pedagogie.ac-nice.fr\/arts\/wp-content\/uploads\/sites\/33\/2021\/03\/colec-1024x304.png 1024w, https:\/\/www.pedagogie.ac-nice.fr\/arts\/wp-content\/uploads\/sites\/33\/2021\/03\/colec-768x228.png 768w, https:\/\/www.pedagogie.ac-nice.fr\/arts\/wp-content\/uploads\/sites\/33\/2021\/03\/colec-1536x456.png 1536w, https:\/\/www.pedagogie.ac-nice.fr\/arts\/wp-content\/uploads\/sites\/33\/2021\/03\/colec-500x148.png 500w, https:\/\/www.pedagogie.ac-nice.fr\/arts\/wp-content\/uploads\/sites\/33\/2021\/03\/colec.png 1783w\" sizes=\"(max-width: 300px) 100vw, 300px\" \/><\/a><\/p>\n<p>&nbsp;<\/p>\n<p><i>Au coll\u00e8ge M.Genevoix de Toulon REP + Un couloir pour pr\u00e9senter de fa\u00e7on vari\u00e9e, renouvel\u00e9e mais toujours pr\u00e9cise, l&rsquo;\u00e9ventail des techniques, formats et questionnements plastiques abord\u00e9s en cours d&rsquo;Arts Plastiques en cycle 3 et 4 avec monsieur Abassi.<br \/>\nle Corrid&rsquo;Art : un lieu ouvert qui permet d&rsquo;exp\u00e9rimenter un regard sensible autour de chaque production et de parcourir cette longueur selon ses propres choix ; un bel espace de partage. Merci et Bravo<\/i><\/p>\n<p><a href=\"https:\/\/www.dropbox.com\/s\/j7r5e5bnhb3ud5q\/20210625_155426.mp4?dl=0\">https:\/\/www.dropbox.com\/s\/j7r5e5bnhb3ud5q\/20210625_155426.mp4?dl=0<\/a><\/p>\n<p>&nbsp;<\/p>\n<p>&nbsp;<\/p>\n<p><strong>Exemple<\/strong> d&rsquo;une petite salle de r\u00e9union reconquise et peinte en blanc White cube<br \/>\nLe STUDIO Lyc\u00e9e J.AICARD Hy\u00e8res<\/p>\n<p><a href=\"https:\/\/www.pedagogie.ac-nice.fr\/arts\/wp-content\/uploads\/sites\/33\/2021\/03\/ELRO.pdf\"><img loading=\"lazy\" decoding=\"async\" class=\"alignnone size-medium wp-image-1459\" src=\"https:\/\/www.pedagogie.ac-nice.fr\/arts\/wp-content\/uploads\/sites\/33\/2021\/03\/elroo-300x210.png\" alt=\"\" width=\"300\" height=\"210\" srcset=\"https:\/\/www.pedagogie.ac-nice.fr\/arts\/wp-content\/uploads\/sites\/33\/2021\/03\/elroo-300x210.png 300w, https:\/\/www.pedagogie.ac-nice.fr\/arts\/wp-content\/uploads\/sites\/33\/2021\/03\/elroo-1024x718.png 1024w, https:\/\/www.pedagogie.ac-nice.fr\/arts\/wp-content\/uploads\/sites\/33\/2021\/03\/elroo-768x538.png 768w, https:\/\/www.pedagogie.ac-nice.fr\/arts\/wp-content\/uploads\/sites\/33\/2021\/03\/elroo-1536x1077.png 1536w, https:\/\/www.pedagogie.ac-nice.fr\/arts\/wp-content\/uploads\/sites\/33\/2021\/03\/elroo-428x300.png 428w, https:\/\/www.pedagogie.ac-nice.fr\/arts\/wp-content\/uploads\/sites\/33\/2021\/03\/elroo.png 1598w\" sizes=\"(max-width: 300px) 100vw, 300px\" \/><\/a><\/p>\n<p><strong>Exemple Une&nbsp; exposition prenant les espaces d&rsquo;un \u00e9tage autour du c.d.i.<br \/>\nLa donation<\/strong> Lyc\u00e8e Amiral de Grasse<\/p>\n<p><a href=\"https:\/\/www.pedagogie.ac-nice.fr\/arts\/wp-content\/uploads\/sites\/33\/2021\/02\/Valerie-Sierra-della-Casa-di-Dio.pdf\"><img loading=\"lazy\" decoding=\"async\" class=\"alignnone size-medium wp-image-1313\" src=\"https:\/\/www.pedagogie.ac-nice.fr\/arts\/wp-content\/uploads\/sites\/33\/2021\/02\/sierra2-300x139.jpg\" alt=\"\" width=\"300\" height=\"139\" srcset=\"https:\/\/www.pedagogie.ac-nice.fr\/arts\/wp-content\/uploads\/sites\/33\/2021\/02\/sierra2-300x139.jpg 300w, https:\/\/www.pedagogie.ac-nice.fr\/arts\/wp-content\/uploads\/sites\/33\/2021\/02\/sierra2-500x231.jpg 500w, https:\/\/www.pedagogie.ac-nice.fr\/arts\/wp-content\/uploads\/sites\/33\/2021\/02\/sierra2.jpg 600w\" sizes=\"(max-width: 300px) 100vw, 300px\" \/><\/a><br \/>\n<a href=\"https:\/\/www.pedagogie.ac-nice.fr\/arts\/wp-content\/uploads\/sites\/33\/2021\/02\/Donation-Valerie-SIERRA.pdf\"><img loading=\"lazy\" decoding=\"async\" class=\"alignnone size-medium wp-image-1317\" src=\"https:\/\/www.pedagogie.ac-nice.fr\/arts\/wp-content\/uploads\/sites\/33\/2021\/02\/sierra-300x218.jpg\" alt=\"\" width=\"300\" height=\"218\" srcset=\"https:\/\/www.pedagogie.ac-nice.fr\/arts\/wp-content\/uploads\/sites\/33\/2021\/02\/sierra-300x218.jpg 300w, https:\/\/www.pedagogie.ac-nice.fr\/arts\/wp-content\/uploads\/sites\/33\/2021\/02\/sierra.jpg 400w\" sizes=\"(max-width: 300px) 100vw, 300px\" \/><\/a><\/p>\n<hr>\n<p><span style=\"font-size: 18pt; color: #00ffff;\">Les espaces d&rsquo;arts en \u00e9tablissement<\/span><\/p>\n<p>L&rsquo;\u00e9ducation artistique et culturelle est indispensable \u00e0 la d\u00e9mocratisation culturelle et \u00e0 l&rsquo;\u00e9galit\u00e9 des chances. Le parcours d\u2019\u00e9ducation artistique et culturelle accompli par chaque \u00e9l\u00e8ve se construit de l\u2019\u00e9cole primaire au lyc\u00e9e, dans la compl\u00e9mentarit\u00e9 des temps scolaire et p\u00e9riscolaire d\u2019une part, des enseignements et des actions \u00e9ducatives d\u2019autre part. Il conjugue l\u2019ensemble des connaissances et des comp\u00e9tences que l\u2019\u00e9l\u00e8ve a acquises, des pratiques qu\u2019il a exp\u00e9riment\u00e9es et des rencontres qu\u2019il a faites dans les domaines des arts et de la culture.<\/p>\n<p>&nbsp;<\/p>\n<p id=\"summary-item-0\">&nbsp;<\/p>\n<p>&nbsp;<\/p>\n<hr>\n<p><span style=\"color: #ff0000; font-size: 24pt;\">Dans l&rsquo;acad\u00e9mie<br \/>\n<\/span><\/p>\n<div dir=\"auto\" lang=\"fr\">\n<p><span style=\"font-size: 18pt;\">Lyc\u00e9e MATISSE Vence<\/span><\/p>\n<\/div>\n<div dir=\"auto\" lang=\"fr\"><img loading=\"lazy\" decoding=\"async\" class=\"alignnone size-full wp-image-1866\" src=\"https:\/\/www.pedagogie.ac-nice.fr\/arts\/wp-content\/uploads\/sites\/33\/2021\/12\/reno.png\" sizes=\"(max-width: 514px) 100vw, 514px\" srcset=\"https:\/\/www.pedagogie.ac-nice.fr\/arts\/wp-content\/uploads\/sites\/33\/2021\/12\/reno.png 514w, https:\/\/www.pedagogie.ac-nice.fr\/arts\/wp-content\/uploads\/sites\/33\/2021\/12\/reno-300x173.png 300w, https:\/\/www.pedagogie.ac-nice.fr\/arts\/wp-content\/uploads\/sites\/33\/2021\/12\/reno-500x288.png 500w\" alt=\"\" width=\"514\" height=\"296\"><\/div>\n<div dir=\"auto\" lang=\"fr\">\n<p><span class=\"css-901oao css-16my406 r-poiln3 r-bcqeeo r-qvutc0\">au mus\u00e9e de Vence<\/span>&nbsp;<span class=\"css-901oao css-16my406 r-poiln3 r-bcqeeo r-qvutc0\">et \u00e0 la micro-folie venez voir les \u00e9l\u00e8ves d\u2019&nbsp;<\/span><span class=\"r-18u37iz\"><a class=\"css-4rbku5 css-18t94o4 css-901oao css-16my406 r-1cvl2hr r-1loqt21 r-poiln3 r-bcqeeo r-qvutc0\" dir=\"ltr\" role=\"link\" href=\"https:\/\/twitter.com\/hashtag\/ArtsPlastiques?src=hashtag_click\">ArtsPlastiques<\/a><\/span><span class=\"css-901oao css-16my406 r-poiln3 r-bcqeeo r-qvutc0\">&nbsp;et&nbsp;<\/span><span class=\"r-18u37iz\"><a class=\"css-4rbku5 css-18t94o4 css-901oao css-16my406 r-1cvl2hr r-1loqt21 r-poiln3 r-bcqeeo r-qvutc0\" dir=\"ltr\" role=\"link\" href=\"https:\/\/twitter.com\/hashtag\/EPS?src=hashtag_click\">d\u2019EPS<\/a><\/span><span class=\"css-901oao css-16my406 r-poiln3 r-bcqeeo r-qvutc0\">&nbsp;du lyc\u00e9e Matisse&nbsp;<\/span><span class=\"css-901oao css-16my406 r-poiln3 r-bcqeeo r-qvutc0\">dans l\u2019\u00e9v\u00e9nement \u00ab d\u00e9cor et des couleurs \u00bb cr\u00e9ation chor\u00e9graphique lyc\u00e9enne.<\/span><\/p>\n<\/div>\n<div dir=\"auto\" lang=\"fr\"><span class=\"css-901oao css-16my406 r-poiln3 r-bcqeeo r-qvutc0\" style=\"font-size: 18pt;\">Lyc\u00e9e Rouvi\u00e8re&nbsp;<\/span><span class=\"css-901oao css-16my406 r-poiln3 r-bcqeeo r-qvutc0\"><span style=\"font-size: 18pt;\">&nbsp;Toulon<\/span><br \/>\n<\/span><\/div>\n<div dir=\"auto\" lang=\"fr\"><span class=\"css-901oao css-16my406 r-poiln3 r-bcqeeo r-qvutc0\">Exposer l\u2019\u0153uvre, la d\u00e9marche, la pratique. Prendre en compte les conditions de la pr\u00e9sentation et de la r\u00e9ception d\u2019une production plastique.<\/span><\/div>\n<div dir=\"auto\" lang=\"fr\"><img loading=\"lazy\" decoding=\"async\" class=\"alignnone size-full wp-image-1868\" src=\"https:\/\/www.pedagogie.ac-nice.fr\/arts\/wp-content\/uploads\/sites\/33\/2021\/12\/rivi.png\" sizes=\"(max-width: 529px) 100vw, 529px\" srcset=\"https:\/\/www.pedagogie.ac-nice.fr\/arts\/wp-content\/uploads\/sites\/33\/2021\/12\/rivi.png 529w, https:\/\/www.pedagogie.ac-nice.fr\/arts\/wp-content\/uploads\/sites\/33\/2021\/12\/rivi-300x171.png 300w, https:\/\/www.pedagogie.ac-nice.fr\/arts\/wp-content\/uploads\/sites\/33\/2021\/12\/rivi-500x284.png 500w\" alt=\"\" width=\"529\" height=\"301\"><\/div>\n<div dir=\"auto\" lang=\"fr\">\n<p><span class=\"css-901oao css-16my406 r-poiln3 r-bcqeeo r-qvutc0\" style=\"font-size: 18pt; color: #ff00ff;\">Coll\u00e8ge les Mimosas<\/span><\/p>\n<p><span class=\"css-901oao css-16my406 r-poiln3 r-bcqeeo r-qvutc0\">Donner de la visibilit\u00e9 aux artistes femmes, c\u2019est ce que permet l\u2019exposition du Centre International d\u2019Art Contemporain dans la galerie d\u2019art du coll\u00e8ge les Mimosas<\/span><span class=\"css-901oao css-16my406 r-poiln3 r-bcqeeo r-qvutc0\">. Les \u00e9l\u00e8ves d\u00e9couvrent les \u0153uvres vari\u00e9es de 9 artistes femmes : peinture, photo, volume, cr\u00e9ation verre.<\/span><img loading=\"lazy\" decoding=\"async\" class=\"alignnone size-medium\" src=\"https:\/\/pbs.twimg.com\/media\/FElcqPmXwAIkAUF?format=jpg&amp;name=small\" width=\"680\" height=\"306\"><\/p>\n<\/div>\n<p><a href=\"https:\/\/www.pedagogie.ac-nice.fr\/arts\/wp-content\/uploads\/sites\/33\/2021\/03\/ELRO.pdf\"><img loading=\"lazy\" decoding=\"async\" class=\"alignnone size-medium wp-image-1459\" src=\"https:\/\/www.pedagogie.ac-nice.fr\/arts\/wp-content\/uploads\/sites\/33\/2021\/03\/elroo-300x210.png\" alt=\"\" width=\"300\" height=\"210\" srcset=\"https:\/\/www.pedagogie.ac-nice.fr\/arts\/wp-content\/uploads\/sites\/33\/2021\/03\/elroo-300x210.png 300w, https:\/\/www.pedagogie.ac-nice.fr\/arts\/wp-content\/uploads\/sites\/33\/2021\/03\/elroo-1024x718.png 1024w, https:\/\/www.pedagogie.ac-nice.fr\/arts\/wp-content\/uploads\/sites\/33\/2021\/03\/elroo-768x538.png 768w, https:\/\/www.pedagogie.ac-nice.fr\/arts\/wp-content\/uploads\/sites\/33\/2021\/03\/elroo-1536x1077.png 1536w, https:\/\/www.pedagogie.ac-nice.fr\/arts\/wp-content\/uploads\/sites\/33\/2021\/03\/elroo-428x300.png 428w, https:\/\/www.pedagogie.ac-nice.fr\/arts\/wp-content\/uploads\/sites\/33\/2021\/03\/elroo.png 1598w\" sizes=\"(max-width: 300px) 100vw, 300px\" \/><\/a><\/p>\n<p>Coll\u00e8ge Jules Ferry \u00e0 Hy\u00e8res&nbsp;<\/p>\n<p><img loading=\"lazy\" decoding=\"async\" class=\"size-medium wp-image-1522\" src=\"https:\/\/www.pedagogie.ac-nice.fr\/arts\/wp-content\/uploads\/sites\/33\/2021\/04\/cad-300x169.jpeg\" alt=\"\" width=\"300\" height=\"169\" srcset=\"https:\/\/www.pedagogie.ac-nice.fr\/arts\/wp-content\/uploads\/sites\/33\/2021\/04\/cad-300x169.jpeg 300w, https:\/\/www.pedagogie.ac-nice.fr\/arts\/wp-content\/uploads\/sites\/33\/2021\/04\/cad-768x432.jpeg 768w, https:\/\/www.pedagogie.ac-nice.fr\/arts\/wp-content\/uploads\/sites\/33\/2021\/04\/cad-500x281.jpeg 500w, https:\/\/www.pedagogie.ac-nice.fr\/arts\/wp-content\/uploads\/sites\/33\/2021\/04\/cad.jpeg 869w\" sizes=\"(max-width: 300px) 100vw, 300px\" \/><\/p>\n<p>Un espace d&rsquo;art en milieu scolaire en <a href=\"https:\/\/middlespot.com\/ralisationsartsferry83\">cours de cr\u00e9ation<\/a><\/p>\n<h1><a href=\"https:\/\/www.clg-ludovic-brea.ac-nice.fr\/college-brea\/index.php\/pedagogie\/l-espace-culturel\"><img loading=\"lazy\" decoding=\"async\" class=\"alignnone size-thumbnail\" src=\"https:\/\/www.clg-ludovic-brea.ac-nice.fr\/college-brea\/images\/banners\/banniere1.jpg\" width=\"726\" height=\"180\"><\/a><\/h1>\n<p>Cr\u00e9\u00e9 en 2006, notre Espace d&rsquo;Art disposait jusqu&rsquo;en 2020 d&rsquo;une salle d\u00e9di\u00e9e (la mezzanine du CDI). Depuis la r\u00e9novation du coll\u00e8ge, cet espace culturel&nbsp; se situe dans le CDI. Il accueille des oeuvres pr\u00eat\u00e9es par le CIAC (Carros), des livres d&rsquo;artistes de la m\u00e9diath\u00e8que A. Verdet (Carros), des objets de l&rsquo;Ecomus\u00e9e de la Roudoule et des vid\u00e9os du Frac Paca.<br \/>\nLire la <a href=\"https:\/\/www.clg-ludovic-brea.ac-nice.fr\/college-brea\/index.php\/pedagogie\/l-espace-culturel\">suite<\/a><\/p>\n<hr>\n<p><span style=\"font-size: 18pt;\">Comment parler par le biais d&rsquo;expositions virtuelles?<\/span><\/p>\n<p><a href=\"https:\/\/acamedia.ac-nice.fr\/v2\/watch_video.php?v=4922\"><img loading=\"lazy\" decoding=\"async\" class=\"alignnone size-full wp-image-1667\" src=\"https:\/\/www.pedagogie.ac-nice.fr\/arts\/wp-content\/uploads\/sites\/33\/2021\/05\/cam.png\" alt=\"\" width=\"876\" height=\"548\" srcset=\"https:\/\/www.pedagogie.ac-nice.fr\/arts\/wp-content\/uploads\/sites\/33\/2021\/05\/cam.png 876w, https:\/\/www.pedagogie.ac-nice.fr\/arts\/wp-content\/uploads\/sites\/33\/2021\/05\/cam-300x188.png 300w, https:\/\/www.pedagogie.ac-nice.fr\/arts\/wp-content\/uploads\/sites\/33\/2021\/05\/cam-768x480.png 768w, https:\/\/www.pedagogie.ac-nice.fr\/arts\/wp-content\/uploads\/sites\/33\/2021\/05\/cam-480x300.png 480w\" sizes=\"(max-width: 876px) 100vw, 876px\" \/><\/a>&nbsp;<\/p>\n<hr>\n<p><span style=\"font-size: 24pt; color: #ff6600;\">Exposition au lyc\u00e9e Carnot<\/span><br \/>\n<a href=\"https:\/\/www.pedagogie.ac-nice.fr\/arts\/wp-content\/uploads\/sites\/33\/2021\/02\/ELRO-CARNOT.pdf\"><img loading=\"lazy\" decoding=\"async\" class=\"alignnone size-thumbnail wp-image-1335\" src=\"https:\/\/www.pedagogie.ac-nice.fr\/arts\/wp-content\/uploads\/sites\/33\/2021\/02\/Car-150x150.png\" alt=\"\" width=\"150\" height=\"150\">Par le petit bout de la lorgnette<\/a><\/p>\n<hr>\n<p><span style=\"color: #808000; font-size: 18pt;\">La galerie virtuelle du coll\u00e8ge Jean Franco Saint ETIENNE de TINEE<\/span><\/p>\n<p><a href=\"http:\/\/www.pearltrees.com\/mmebourgade\"><img loading=\"lazy\" decoding=\"async\" class=\"alignnone \" src=\"http:\/\/cdn-background.pearltrees.com\/22\/9b\/229ba96ca0a5bdd4b904126e26dcaee0square1024.jpg\" width=\"252\" height=\"252\"><\/a><\/p>\n<p><span style=\"color: #ff0000; font-size: 24pt;\">&nbsp;<\/span><\/p>\n<hr>\n<p><span style=\"color: #ff0000; font-size: 24pt;\"><span style=\"font-size: 14pt; color: #339966;\">Lyc\u00e9e Jean Aicard Hy\u00e8res<\/span><br \/>\n<span style=\"font-size: 12pt; color: #000000;\">Inauguration du STUDIO p\u00f4le artistique<\/span> <img loading=\"lazy\" decoding=\"async\" class=\"alignnone size-medium\" src=\"https:\/\/pbs.twimg.com\/media\/EnimjPeXcAgXI6t?format=jpg&amp;name=900x900\" width=\"595\" height=\"752\"><br \/>\n<\/span><\/p>\n<blockquote class=\"twitter-tweet\" data-width=\"550\" data-dnt=\"true\">\n<p lang=\"fr\" dir=\"ltr\"><a href=\"https:\/\/twitter.com\/hashtag\/EAC?src=hash&amp;ref_src=twsrc%5Etfw\">#EAC<\/a> Inauguration du STUDIO au lyc\u00e9e Aicard \u25b6\ufe0fprojet port\u00e9 par les deux enseignantes <a href=\"https:\/\/twitter.com\/hashtag\/ArtsPlastiques?src=hash&amp;ref_src=twsrc%5Etfw\">#ArtsPlastiques<\/a>  <a href=\"https:\/\/twitter.com\/sandracarart?ref_src=twsrc%5Etfw\">@sandracarart<\/a> <a href=\"https:\/\/twitter.com\/coraline_bihan?ref_src=twsrc%5Etfw\">@coraline_bihan<\/a> &amp; une administration \u00e0 l\u2019\u00e9coute pour permettre des lieux privil\u00e9giant des comp\u00e9tences sur <a href=\"https:\/\/twitter.com\/hashtag\/exposer?src=hash&amp;ref_src=twsrc%5Etfw\">#exposer<\/a> <a href=\"https:\/\/twitter.com\/hashtag\/oral?src=hash&amp;ref_src=twsrc%5Etfw\">#oral<\/a>  <a href=\"https:\/\/twitter.com\/o_millangue?ref_src=twsrc%5Etfw\">@o_millangue<\/a> <a href=\"https:\/\/twitter.com\/igartsplastique?ref_src=twsrc%5Etfw\">@igartsplastique<\/a> <a href=\"https:\/\/twitter.com\/eduscol_AP?ref_src=twsrc%5Etfw\">@eduscol_AP<\/a> <a href=\"https:\/\/t.co\/1cLxAuU6Rv\">pic.twitter.com\/1cLxAuU6Rv<\/a><\/p>\n<p>&mdash; JRarts J.Rouch (@JR_Arts_06) <a href=\"https:\/\/twitter.com\/JR_Arts_06\/status\/1330201804563492868?ref_src=twsrc%5Etfw\">November 21, 2020<\/a><\/p><\/blockquote>\n<p><script async src=\"https:\/\/platform.twitter.com\/widgets.js\" charset=\"utf-8\"><\/script><\/p>\n<p><span style=\"color: #ff0000; font-size: 24pt;\">&nbsp;<\/span><\/p>\n<hr>\n<blockquote class=\"twitter-tweet\" data-width=\"550\" data-dnt=\"true\">\n<p lang=\"fr\" dir=\"ltr\">Installation en chantier propos\u00e9e dans l\u2019Espace Arts par Eva, \u00e9l\u00e8ve de Mme Fagot en <a href=\"https:\/\/twitter.com\/hashtag\/terminale?src=hash&amp;ref_src=twsrc%5Etfw\">#terminale<\/a> <a href=\"https:\/\/twitter.com\/hashtag\/sp%C3%A9cialit%C3%A9?src=hash&amp;ref_src=twsrc%5Etfw\">#sp\u00e9cialit\u00e9<\/a> <a href=\"https:\/\/twitter.com\/hashtag\/artsplastiques?src=hash&amp;ref_src=twsrc%5Etfw\">#artsplastiques<\/a> <br \/>A voir \u00e0 partir de lundi \ud83d\udc40\ud83d\udc41\ud83d\udc40<a href=\"https:\/\/twitter.com\/hashtag\/temps?src=hash&amp;ref_src=twsrc%5Etfw\">#temps<\/a> <a href=\"https:\/\/twitter.com\/hashtag\/m%C3%A9moire?src=hash&amp;ref_src=twsrc%5Etfw\">#m\u00e9moire<\/a> <a href=\"https:\/\/twitter.com\/hashtag\/souvenirs?src=hash&amp;ref_src=twsrc%5Etfw\">#souvenirs<\/a> <a href=\"https:\/\/twitter.com\/hashtag\/installation?src=hash&amp;ref_src=twsrc%5Etfw\">#installation<\/a> <a href=\"https:\/\/twitter.com\/hashtag\/miseensc%C3%A8nedelimage?src=hash&amp;ref_src=twsrc%5Etfw\">#miseensc\u00e8nedelimage<\/a> <a href=\"https:\/\/twitter.com\/hashtag\/ELRO?src=hash&amp;ref_src=twsrc%5Etfw\">#ELRO<\/a> <a href=\"https:\/\/twitter.com\/JR_Arts_06?ref_src=twsrc%5Etfw\">@JR_Arts_06<\/a> <a href=\"https:\/\/t.co\/FRBWkMLmZq\">pic.twitter.com\/FRBWkMLmZq<\/a><\/p>\n<p>&mdash; Lyc\u00e9e HEO arts (@lycHEOarts) <a href=\"https:\/\/twitter.com\/lycHEOarts\/status\/1357709057239490563?ref_src=twsrc%5Etfw\">February 5, 2021<\/a><\/p><\/blockquote>\n<p><script async src=\"https:\/\/platform.twitter.com\/widgets.js\" charset=\"utf-8\"><\/script><\/p>\n<hr>\n<p><span style=\"color: #ff0000; font-size: 24pt;\"><img loading=\"lazy\" decoding=\"async\" class=\"alignnone size-medium\" src=\"https:\/\/pbs.twimg.com\/media\/Eou0JnfXUAU_me4?format=jpg&amp;name=small\" width=\"510\" height=\"680\"><\/span><\/p>\n<hr>\n<p><span style=\"color: #ff0000; font-size: 24pt;\"><span style=\"font-size: 14pt;\">Le coll\u00e8ge Font de Fillol, Six Fours<br \/>\n<img loading=\"lazy\" decoding=\"async\" class=\"alignnone size-medium\" src=\"https:\/\/encrypted-tbn0.gstatic.com\/images?q=tbn:ANd9GcSYfum9LNXQzUKcIJCwLmqk5jaCIT91SkCw1A&amp;usqp=CAU\" width=\"275\" height=\"183\"><br \/>\n<\/span><\/span>\u2192lien vers le<a href=\"https:\/\/www.clg-font-de-fillol.ac-nice.fr\/clg-font-de-fillol\/index.php\/pedagogie\/patrimoine\"> site du coll\u00e8ge<\/a><\/p>\n<hr>\n<p><img loading=\"lazy\" decoding=\"async\" class=\"alignnone \" src=\"https:\/\/upload.wikimedia.org\/wikipedia\/commons\/2\/22\/Logo_lyc%C3%A9e.png\" width=\"212\" height=\"141\"><br \/>\n<a href=\"https:\/\/www.pedagogie.ac-nice.fr\/arts\/wp-content\/uploads\/sites\/33\/2021\/02\/Valerie-Sierra-della-Casa-di-Dio.pdf\"><img loading=\"lazy\" decoding=\"async\" class=\"alignnone size-medium wp-image-1313\" src=\"https:\/\/www.pedagogie.ac-nice.fr\/arts\/wp-content\/uploads\/sites\/33\/2021\/02\/sierra2-300x139.jpg\" alt=\"\" width=\"300\" height=\"139\" srcset=\"https:\/\/www.pedagogie.ac-nice.fr\/arts\/wp-content\/uploads\/sites\/33\/2021\/02\/sierra2-300x139.jpg 300w, https:\/\/www.pedagogie.ac-nice.fr\/arts\/wp-content\/uploads\/sites\/33\/2021\/02\/sierra2-500x231.jpg 500w, https:\/\/www.pedagogie.ac-nice.fr\/arts\/wp-content\/uploads\/sites\/33\/2021\/02\/sierra2.jpg 600w\" sizes=\"(max-width: 300px) 100vw, 300px\" \/><\/a><br \/>\n<a href=\"https:\/\/www.pedagogie.ac-nice.fr\/arts\/wp-content\/uploads\/sites\/33\/2021\/02\/Donation-Valerie-SIERRA.pdf\"><img loading=\"lazy\" decoding=\"async\" class=\"alignnone size-medium wp-image-1317\" src=\"https:\/\/www.pedagogie.ac-nice.fr\/arts\/wp-content\/uploads\/sites\/33\/2021\/02\/sierra-300x218.jpg\" alt=\"\" width=\"300\" height=\"218\" srcset=\"https:\/\/www.pedagogie.ac-nice.fr\/arts\/wp-content\/uploads\/sites\/33\/2021\/02\/sierra-300x218.jpg 300w, https:\/\/www.pedagogie.ac-nice.fr\/arts\/wp-content\/uploads\/sites\/33\/2021\/02\/sierra.jpg 400w\" sizes=\"(max-width: 300px) 100vw, 300px\" \/><\/a><\/p>\n<p><a href=\"https:\/\/www.pedagogie.ac-nice.fr\/arts\/wp-content\/uploads\/sites\/33\/2021\/02\/Tenues-contraintes-exigees.pdf\"><img loading=\"lazy\" decoding=\"async\" class=\"alignnone wp-image-1322\" src=\"https:\/\/www.pedagogie.ac-nice.fr\/arts\/wp-content\/uploads\/sites\/33\/2021\/02\/tenue-150x150.jpg\" alt=\"\" width=\"301\" height=\"301\"><\/a><\/p>\n<p><a href=\"https:\/\/prezi.com\/kaawthhkwvok\/festival-histoire-de-lart-expo-pirate-au-mip-de-grasse\/\"><img loading=\"lazy\" decoding=\"async\" class=\"size-thumbnail wp-image-1325 alignnone\" src=\"https:\/\/www.pedagogie.ac-nice.fr\/arts\/wp-content\/uploads\/sites\/33\/2021\/02\/titreqr-150x150.jpg\" alt=\"\" width=\"150\" height=\"150\"><\/a><br \/>\nEXPO PIRATE AU MIP DE GRASSE au Festival Histoire de l&rsquo;Art<br \/>\n<span style=\"font-size: 10pt;\">Dans le cadre de l\u2019enseignement exploratoire en<strong> classe de seconde arts visuels<\/strong>, la d\u00e9couverte des mus\u00e9es de la ville de Grasse donne lieu \u00e0 un proposition interactive <strong>in situ<\/strong>. C\u2019est au <strong>mus\u00e9e international du parfum<\/strong>, o\u00f9 sont expos\u00e9s les flacons les plus r\u00e9put\u00e9s, qu\u2019une invasion de <strong>QRCode<\/strong> ins\u00e8re les images d\u2019invraisemblables parfums-tatouages dans le parcours. <\/span><br \/>\n<span style=\"font-size: 10pt;\">Un nouvel espace virtuel se r\u00e9v\u00e8le ainsi, des<strong> hackages furtifs<\/strong> s\u2019immis\u00e7ant entre les socles pour flaconnages, pots \u00e0 pommades, n\u00e9cessaires \u00e0 toilettes, et alambics. Chaque interstice ouvert, plac\u00e9 en un lieu choisi pr\u00e9cis\u00e9ment par l\u2019\u00e9l\u00e8ve devenu familier et acteur des lieux, exploite ludiquement l\u2019ultraconnectivit\u00e9 des <strong>smartphones et des tablettes<\/strong> des visiteurs curieux, <strong>d\u00e9tournant<\/strong> et l\u2019\u0153uvre sacralis\u00e9e, et le s\u00e9rieux attendu de ces nouveaux cartels aux motifs g\u00e9om\u00e9triques.<\/span><\/p>\n<p>\u2192Le lyc\u00e9e devient une <a href=\"https:\/\/www.nicematin.com\/arts\/le-lycee-amiral-de-grasse-devient-une-galerie-d-art-223650\">galerie d&rsquo;art<\/a><br \/>\n\u2192Tout ce qui trotte<a href=\"https:\/\/www.atrium-sud.fr\/documents\/397382\/11801878\/Tout+ce+qui+me+trotte+dans+la+tete%281%29.pdf\/56b98c72-4df7-44f5-aa3f-72e0977c3a9a?version=1.0\"> dans ma t\u00eate<\/a><\/p>\n<p>\u2192l&rsquo;odeur du <a href=\"https:\/\/www.atrium-sud.fr\/documents\/5439910\/5568196\/Arts-Plastiques+-+L'odeur+du+geste\/20b2e2ce-2fe7-4a62-9ca4-cf78293298f9\">geste<\/a><br \/>\n\u2192NUIT EUROP\u00c9ENNE DES MUS\u00c9ES 2019 &#8211;<a href=\"https:\/\/artplastoc.blogspot.com\/2019\/06\/1033-tspe-du-lycee-amiral-de-grasse.html\">&nbsp;MUS\u00c9E BONNARD DU CANNET<\/a><\/p>\n<hr>\n<p><span style=\"font-size: 14pt; color: #ff6600;\">Coll\u00e8ge&nbsp; Pins d&rsquo;Alep Toulon<\/span><\/p>\n<p><iframe loading=\"lazy\" title=\"mur d&#039;exposition l&#039;art du papier\" src=\"https:\/\/player.vimeo.com\/video\/171054387?h=f90c805420&amp;dnt=1&amp;app_id=122963\" width=\"854\" height=\"480\" frameborder=\"0\" allow=\"autoplay; fullscreen; picture-in-picture\" allowfullscreen><\/iframe><\/p>\n<hr>\n<p><span style=\"color: #ff0000; font-size: 24pt;\"><span style=\"color: #ff6600; font-size: 14pt;\">Coll\u00e8ge Marcel RIVIERE HYERES<\/span><a href=\"https:\/\/www.clg-marcel-riviere.ac-nice.fr\/clg-riviere\/index.php\/les-expositions\"><img loading=\"lazy\" decoding=\"async\" class=\"alignnone \" src=\"https:\/\/www.clg-marcel-riviere.ac-nice.fr\/clg-riviere\/images\/PDF\/expositions\/10_RETROSPECTIVE.jpg\" width=\"304\" height=\"393\"><\/a><\/span><\/p>\n<p>Depuis sa cr\u00e9ation durant l\u2019ann\u00e9e scolaire 2010-2011, LE HALL \/ Espace d\u2019art et de culture du coll\u00e8ge Marcel Rivi\u00e8re accueille chaque ann\u00e9e, diff\u00e9rents projets p\u00e9dagogiques li\u00e9s aux enseignements artistiques, scientifiques et \u00e0 la culture en g\u00e9n\u00e9ral. Sous la forme de rencontres avec des artistes et des intervenants du milieu culturel et scientifique, de workshop et de pr\u00eats d\u2019\u0153uvres, ces contacts permettent aux \u00e9l\u00e8ves de se cr\u00e9er un parcours b\u00e2ti sur des actions fortes, li\u00e9es aux enseignements g\u00e9n\u00e9raux. L&rsquo;objectif de cette d\u00e9marche repose sur une volont\u00e9 de favoriser les approches directes avec l&rsquo;Art et la Culture sous des formes vari\u00e9es pour des adolescents qui n&rsquo;ont pas l&rsquo;habitude de pousser les portes des mus\u00e9es et autres institutions artistiques et culturelle.<\/p>\n<hr>\n<blockquote class=\"twitter-tweet\" data-width=\"550\" data-dnt=\"true\">\n<p lang=\"fr\" dir=\"ltr\"><a href=\"https:\/\/twitter.com\/hashtag\/ArtsPlastiques?src=hash&amp;ref_src=twsrc%5Etfw\">#ArtsPlastiques<\/a> <a href=\"https:\/\/twitter.com\/hashtag\/lycee?src=hash&amp;ref_src=twsrc%5Etfw\">#lycee<\/a> <a href=\"https:\/\/twitter.com\/hashtag\/photo?src=hash&amp;ref_src=twsrc%5Etfw\">#photo<\/a> <a href=\"https:\/\/twitter.com\/hashtag\/Parcoursup?src=hash&amp;ref_src=twsrc%5Etfw\">#Parcoursup<\/a> l\u2019occasion pour les \u00e9l\u00e8ves du lyc du Coudon avec mme Cloerec leur professeur, de rencontrer les diff\u00e9rents m\u00e9tiers convoqu\u00e9s,de comprendre les process pour <a href=\"https:\/\/twitter.com\/hashtag\/exposer?src=hash&amp;ref_src=twsrc%5Etfw\">#exposer<\/a> et de travailler la partie <a href=\"https:\/\/twitter.com\/hashtag\/orientation?src=hash&amp;ref_src=twsrc%5Etfw\">#orientation<\/a> \ud83d\udc4c\ud83c\udffd<a href=\"https:\/\/twitter.com\/eduscol_AP?ref_src=twsrc%5Etfw\">@eduscol_AP<\/a> <a href=\"https:\/\/twitter.com\/igartsplastique?ref_src=twsrc%5Etfw\">@igartsplastique<\/a> <a href=\"https:\/\/t.co\/wtDzus9pJb\">pic.twitter.com\/wtDzus9pJb<\/a><\/p>\n<p>&mdash; JRarts J.Rouch (@JR_Arts_06) <a href=\"https:\/\/twitter.com\/JR_Arts_06\/status\/1311962097916481536?ref_src=twsrc%5Etfw\">October 2, 2020<\/a><\/p><\/blockquote>\n<p><script async src=\"https:\/\/platform.twitter.com\/widgets.js\" charset=\"utf-8\"><\/script><\/p>\n<hr>\n<p><a href=\"http:\/\/www.college-niki-de-st-phalle.fr\/index.php\/matieres\/arts-plastiques\/107-l-espace-culturel-du-college\"><img loading=\"lazy\" decoding=\"async\" class=\"alignnone \" src=\"https:\/\/encrypted-tbn0.gstatic.com\/images?q=tbn:ANd9GcTfc_YUyeRBEqJqCRHlDcK6mPngesq1oCZePw&amp;usqp=CAU\" width=\"184\" height=\"151\"><img loading=\"lazy\" decoding=\"async\" class=\"alignnone size-thumbnail wp-image-746\" src=\"https:\/\/www.pedagogie.ac-nice.fr\/arts\/wp-content\/uploads\/sites\/33\/2020\/03\/niki-150x150.png\" alt=\"\" width=\"150\" height=\"150\"><\/a><br \/>\n<span style=\"font-size: 18pt; color: #ff0000;\">L&rsquo;espace culturel du coll\u00e8ge Niki de Saint Phalle<\/span><\/p>\n<p><img loading=\"lazy\" decoding=\"async\" class=\"alignnone size-thumbnail wp-image-1319\" src=\"https:\/\/www.pedagogie.ac-nice.fr\/arts\/wp-content\/uploads\/sites\/33\/2021\/02\/prouve-150x150.gif\" alt=\"\" width=\"150\" height=\"150\"> Il faut sauver la station PROUVE<br \/>\n<a href=\"http:\/\/www.cafepedagogique.net\/lexpresso\/Pages\/2015\/11\/23112015Article635838602062860335.aspx\"><img loading=\"lazy\" decoding=\"async\" class=\"alignnone size-thumbnail wp-image-1330\" src=\"https:\/\/www.pedagogie.ac-nice.fr\/arts\/wp-content\/uploads\/sites\/33\/2021\/02\/2311154-150x150.jpg\" alt=\"\" width=\"150\" height=\"150\"><\/a> Une abbaye interdisciplinaire&nbsp;<br \/>\n<a href=\"https:\/\/vimeo.com\/124086669\"><img loading=\"lazy\" decoding=\"async\" class=\"alignnone size-thumbnail wp-image-1331\" src=\"https:\/\/www.pedagogie.ac-nice.fr\/arts\/wp-content\/uploads\/sites\/33\/2021\/02\/plaquette-150x150.jpg\" alt=\"\" width=\"150\" height=\"150\"> <\/a><span class=\"-KXLs\">Hommage \u00e0 un visionnaire<\/span><\/p>\n<p>&nbsp;<\/p>\n<hr>\n<p>&nbsp;<\/p>\n","protected":false},"excerpt":{"rendered":"<p>Dans la veine des galeries virtuelles d\u00e9velopp\u00e9es par de grandes institutions culturelles afin de rendre accessible en ligne leurs collections, nombre d&rsquo;enseignants cr\u00e9ent et engagent leurs \u00e9l\u00e8ves dans la production de galeries virtuelles \u00e0 dimension p\u00e9dagogique donnant la possibilit\u00e9 de diffuser le travail de cr\u00e9ation op\u00e9r\u00e9 en classe hors la classe. Ces galeries sont \u00e9galement [&hellip;]<\/p>\n","protected":false},"author":214,"featured_media":0,"parent":0,"menu_order":0,"comment_status":"closed","ping_status":"closed","template":"","meta":{"_et_pb_use_builder":"","_et_pb_old_content":"","_et_gb_content_width":"","ngg_post_thumbnail":0,"footnotes":""},"class_list":["post-346","page","type-page","status-publish","hentry"],"rttpg_featured_image_url":null,"rttpg_author":{"display_name":"adminarts","author_link":"https:\/\/www.pedagogie.ac-nice.fr\/arts\/author\/adminarts\/"},"rttpg_comment":0,"rttpg_category":null,"rttpg_excerpt":"Dans la veine des galeries virtuelles d\u00e9velopp\u00e9es par de grandes institutions culturelles afin de rendre accessible en ligne leurs collections, nombre d&rsquo;enseignants cr\u00e9ent et engagent leurs \u00e9l\u00e8ves dans la production de galeries virtuelles \u00e0 dimension p\u00e9dagogique donnant la possibilit\u00e9 de diffuser le travail de cr\u00e9ation op\u00e9r\u00e9 en classe hors la classe. Ces galeries sont \u00e9galement\u2026","post_mailing_queue_ids":[],"_links":{"self":[{"href":"https:\/\/www.pedagogie.ac-nice.fr\/arts\/wp-json\/wp\/v2\/pages\/346","targetHints":{"allow":["GET"]}}],"collection":[{"href":"https:\/\/www.pedagogie.ac-nice.fr\/arts\/wp-json\/wp\/v2\/pages"}],"about":[{"href":"https:\/\/www.pedagogie.ac-nice.fr\/arts\/wp-json\/wp\/v2\/types\/page"}],"author":[{"embeddable":true,"href":"https:\/\/www.pedagogie.ac-nice.fr\/arts\/wp-json\/wp\/v2\/users\/214"}],"replies":[{"embeddable":true,"href":"https:\/\/www.pedagogie.ac-nice.fr\/arts\/wp-json\/wp\/v2\/comments?post=346"}],"version-history":[{"count":49,"href":"https:\/\/www.pedagogie.ac-nice.fr\/arts\/wp-json\/wp\/v2\/pages\/346\/revisions"}],"predecessor-version":[{"id":2134,"href":"https:\/\/www.pedagogie.ac-nice.fr\/arts\/wp-json\/wp\/v2\/pages\/346\/revisions\/2134"}],"wp:attachment":[{"href":"https:\/\/www.pedagogie.ac-nice.fr\/arts\/wp-json\/wp\/v2\/media?parent=346"}],"curies":[{"name":"wp","href":"https:\/\/api.w.org\/{rel}","templated":true}]}}