{"id":1322,"date":"2024-11-15T14:53:54","date_gmt":"2024-11-15T13:53:54","guid":{"rendered":"https:\/\/www.pedagogie.ac-nice.fr\/casnav\/?page_id=1322"},"modified":"2025-04-22T16:04:50","modified_gmt":"2025-04-22T14:04:50","slug":"lequipe","status":"publish","type":"page","link":"https:\/\/www.pedagogie.ac-nice.fr\/casnav\/lequipe\/","title":{"rendered":"Le Casnav de l&rsquo;acad\u00e9mie de Nice"},"content":{"rendered":"<p>[et_pb_section fb_built=\u00a0\u00bb1&Prime; _builder_version=\u00a0\u00bb4.27.4&Prime; _module_preset=\u00a0\u00bbdefault\u00a0\u00bb custom_padding=\u00a0\u00bb6px|||||\u00a0\u00bb global_colors_info=\u00a0\u00bb{}\u00a0\u00bb][et_pb_row column_structure=\u00a0\u00bb1_2,1_2&Prime; _builder_version=\u00a0\u00bb4.27.4&Prime; _module_preset=\u00a0\u00bbdefault\u00a0\u00bb custom_padding=\u00a0\u00bb||0px|||\u00a0\u00bb global_colors_info=\u00a0\u00bb{}\u00a0\u00bb][et_pb_column type=\u00a0\u00bb1_2&Prime; _builder_version=\u00a0\u00bb4.27.4&Prime; _module_preset=\u00a0\u00bbdefault\u00a0\u00bb global_colors_info=\u00a0\u00bb{}\u00a0\u00bb][et_pb_image src=\u00a0\u00bbhttp:\/\/www.pedagogie.ac-nice.fr\/casnav\/wp-content\/uploads\/sites\/67\/2025\/04\/logo.png\u00a0\u00bb title_text=\u00a0\u00bblogo\u00a0\u00bb _builder_version=\u00a0\u00bb4.27.4&Prime; _module_preset=\u00a0\u00bbdefault\u00a0\u00bb global_colors_info=\u00a0\u00bb{}\u00a0\u00bb][\/et_pb_image][\/et_pb_column][et_pb_column type=\u00a0\u00bb1_2&Prime; _builder_version=\u00a0\u00bb4.27.4&Prime; _module_preset=\u00a0\u00bbdefault\u00a0\u00bb global_colors_info=\u00a0\u00bb{}\u00a0\u00bb][et_pb_text _builder_version=\u00a0\u00bb4.27.4&Prime; _module_preset=\u00a0\u00bbdefault\u00a0\u00bb global_colors_info=\u00a0\u00bb{}\u00a0\u00bb]<\/p>\n<div class=\"rich-text ckeditor-text clearfix\">\n<p>Les CASNAV, centres acad\u00e9miques pour la scolarisation des \u00e9l\u00e8ves allophones nouvellement arriv\u00e9s (EANA) et des enfants issus de familles itin\u00e9rantes et de voyageurs (EFIV), apportent conseils et expertise p\u00e9dagogique aux diff\u00e9rents acteurs concern\u00e9s par la scolarisation de ces \u00e9l\u00e8ves.<\/p>\n<p>Missions d&rsquo;appui acad\u00e9mique, ils organisent et animent des actions de formation pour favoriser la scolarisation, l\u2019inclusion et l\u2019acc\u00e8s \u00e0 la formation de ces publics dans les premier et second degr\u00e9s. Ils accompagnent \u00e9galement les \u00e9quipes \u00e9ducatives dans les \u00e9coles et les \u00e9tablissements scolaires.<\/p>\n<\/div>\n<p>[\/et_pb_text][et_pb_button button_url=\u00a0\u00bbhttps:\/\/eduscol.education.fr\/1201\/casnav\u00a0\u00bb url_new_window=\u00a0\u00bbon\u00a0\u00bb button_text=\u00a0\u00bbLes missions du Casnav\u00a0\u00bb _builder_version=\u00a0\u00bb4.27.4&Prime; _module_preset=\u00a0\u00bbdefault\u00a0\u00bb custom_button=\u00a0\u00bbon\u00a0\u00bb button_text_color=\u00a0\u00bb#1FE0BA\u00a0\u00bb global_colors_info=\u00a0\u00bb{}\u00a0\u00bb][\/et_pb_button][\/et_pb_column][\/et_pb_row][\/et_pb_section][et_pb_section fb_built=\u00a0\u00bb1&Prime; _builder_version=\u00a0\u00bb4.27.2&Prime; _module_preset=\u00a0\u00bbdefault\u00a0\u00bb background_color=\u00a0\u00bbRGBA(255,255,255,0)\u00a0\u00bb custom_padding=\u00a0\u00bb0px|||||\u00a0\u00bb global_colors_info=\u00a0\u00bb{}\u00a0\u00bb][et_pb_row _builder_version=\u00a0\u00bb4.27.2&Prime; _module_preset=\u00a0\u00bbdefault\u00a0\u00bb background_color=\u00a0\u00bbRGBA(255,255,255,0)\u00a0\u00bb collapsed=\u00a0\u00bboff\u00a0\u00bb global_colors_info=\u00a0\u00bb{}\u00a0\u00bb][et_pb_column type=\u00a0\u00bb4_4&Prime; _builder_version=\u00a0\u00bb4.27.2&Prime; _module_preset=\u00a0\u00bbdefault\u00a0\u00bb global_colors_info=\u00a0\u00bb{}\u00a0\u00bb][et_pb_text _builder_version=\u00a0\u00bb4.27.4&Prime; _module_preset=\u00a0\u00bbdefault\u00a0\u00bb custom_padding=\u00a0\u00bb||0px|||\u00a0\u00bb hover_enabled=\u00a0\u00bb0&Prime; global_colors_info=\u00a0\u00bb{}\u00a0\u00bb sticky_enabled=\u00a0\u00bb0&Prime;]<\/p>\n<p style=\"text-align: center;\">Le CASNAV de l&rsquo;acad\u00e9mie de Nice dispose d\u2019un p\u00f4le acad\u00e9mique et de deux d\u00e9clinaisons d\u00e9partementales,<\/p>\n<p style=\"text-align: center;\">une dans les Alpes-Maritimes et une dans le Var.<\/p>\n<p>[\/et_pb_text][et_pb_text _builder_version=\u00a0\u00bb4.27.4&Prime; _module_preset=\u00a0\u00bbdefault\u00a0\u00bb text_text_color=\u00a0\u00bb#000000&Prime; background_color=\u00a0\u00bb#a0dad7&Prime; background_layout=\u00a0\u00bbdark\u00a0\u00bb global_colors_info=\u00a0\u00bb{}\u00a0\u00bb]<\/p>\n<p style=\"text-align: center;\"><strong>R\u00e9f\u00e9rente acad\u00e9mique du CASNAV<\/strong><\/p>\n<p>[\/et_pb_text][et_pb_text _builder_version=\u00a0\u00bb4.27.4&Prime; _module_preset=\u00a0\u00bbdefault\u00a0\u00bb global_colors_info=\u00a0\u00bb{}\u00a0\u00bb]<\/p>\n<p style=\"text-align: center;\">Marie-Laure Gache, IA IPR Histoire G\u00e9ographie<\/p>\n<p style=\"text-align: center;\">Marie-Laure.Gache@ac-nice.fr<\/p>\n<p>[\/et_pb_text][\/et_pb_column][\/et_pb_row][et_pb_row _builder_version=\u00a0\u00bb4.27.2&Prime; _module_preset=\u00a0\u00bbdefault\u00a0\u00bb global_colors_info=\u00a0\u00bb{}\u00a0\u00bb][et_pb_column type=\u00a0\u00bb4_4&Prime; _builder_version=\u00a0\u00bb4.27.2&Prime; _module_preset=\u00a0\u00bbdefault\u00a0\u00bb global_colors_info=\u00a0\u00bb{}\u00a0\u00bb][et_pb_text _builder_version=\u00a0\u00bb4.27.2&Prime; _module_preset=\u00a0\u00bbdefault\u00a0\u00bb text_text_color=\u00a0\u00bb#000000&Prime; background_color=\u00a0\u00bb#a0dad7&Prime; background_layout=\u00a0\u00bbdark\u00a0\u00bb global_colors_info=\u00a0\u00bb{}\u00a0\u00bb]<\/p>\n<p style=\"text-align: center;\"><strong>Coordinatrices<\/strong><\/p>\n<p>[\/et_pb_text][et_pb_text module_class=\u00a0\u00bbmyhoverlink\u00a0\u00bb _builder_version=\u00a0\u00bb4.27.2&Prime; _module_preset=\u00a0\u00bbdefault\u00a0\u00bb link_text_color=\u00a0\u00bb#01abb7&Prime; global_colors_info=\u00a0\u00bb{}\u00a0\u00bb link_text_color__hover_enabled=\u00a0\u00bbon|hover\u00a0\u00bb link_text_color__hover=\u00a0\u00bb#01abb7&Prime;]<\/p>\n<p style=\"text-align: center;\">Coordinatrice acad\u00e9mique : Christel Ramo<br \/>Coordinatrice acad\u00e9mique p\u00e9dagogique : H\u00e9l\u00e8ne Rice<\/p>\n<p>[\/et_pb_text][et_pb_text _builder_version=\u00a0\u00bb4.27.2&Prime; _module_preset=\u00a0\u00bbdefault\u00a0\u00bb text_text_color=\u00a0\u00bb#000000&Prime; background_color=\u00a0\u00bb#a0dad7&Prime; background_layout=\u00a0\u00bbdark\u00a0\u00bb global_colors_info=\u00a0\u00bb{}\u00a0\u00bb]<\/p>\n<p style=\"text-align: center;\"><strong>Secr\u00e9tariat<\/strong><\/p>\n<p>[\/et_pb_text][et_pb_text module_class=\u00a0\u00bbmyhoverlink\u00a0\u00bb _builder_version=\u00a0\u00bb4.27.4&Prime; _module_preset=\u00a0\u00bbdefault\u00a0\u00bb link_text_color=\u00a0\u00bb#01abb7&Prime; global_colors_info=\u00a0\u00bb{}\u00a0\u00bb link_text_color__hover_enabled=\u00a0\u00bbon|hover\u00a0\u00bb link_text_color__hover=\u00a0\u00bb#01abb7&Prime;]<\/p>\n<p style=\"text-align: center;\">Collaboratrice administrative : Sabrina Bouhebel<\/p>\n<p style=\"text-align: center;\">Rectorat de Nice, site du coll\u00e8ge Port Lympia<\/p>\n<p style=\"text-align: center;\">31 bd. Stalingrad, 06300 Nice<\/p>\n<p style=\"text-align: center;\"><a href=\"mailto:ce.casnav@ac-nice.fr\" target=\"_blank\" rel=\"noopener\">ce.casnav@ac-nice.fr<\/a><br \/>04 93 53 72 48<\/p>\n<p>[\/et_pb_text][\/et_pb_column][\/et_pb_row][et_pb_row column_structure=\u00a0\u00bb1_2,1_2&Prime; _builder_version=\u00a0\u00bb4.27.2&Prime; _module_preset=\u00a0\u00bbdefault\u00a0\u00bb global_colors_info=\u00a0\u00bb{}\u00a0\u00bb][et_pb_column type=\u00a0\u00bb1_2&Prime; _builder_version=\u00a0\u00bb4.27.2&Prime; _module_preset=\u00a0\u00bbdefault\u00a0\u00bb global_colors_info=\u00a0\u00bb{}\u00a0\u00bb][et_pb_text _builder_version=\u00a0\u00bb4.27.2&Prime; _module_preset=\u00a0\u00bbdefault\u00a0\u00bb text_text_color=\u00a0\u00bb#000000&Prime; background_color=\u00a0\u00bb#a0dad7&Prime; background_layout=\u00a0\u00bbdark\u00a0\u00bb global_colors_info=\u00a0\u00bb{}\u00a0\u00bb]<\/p>\n<p style=\"text-align: center;\"><strong>Antenne d\u00e9partementale du Var<br \/><\/strong><\/p>\n<p>[\/et_pb_text][et_pb_text module_class=\u00a0\u00bbmyhoverlink\u00a0\u00bb _builder_version=\u00a0\u00bb4.27.2&Prime; _module_preset=\u00a0\u00bbdefault\u00a0\u00bb global_colors_info=\u00a0\u00bb{}\u00a0\u00bb]<\/p>\n<p style=\"text-align: center;\">Val\u00e9rie Giovannelli, charg\u00e9e de mission 1er et second degr\u00e9<\/p>\n<p style=\"text-align: center;\">Malika Kermia, charg\u00e9e de mission coll\u00e8ge<\/p>\n<p style=\"text-align: center;\">Samira Harmel, charg\u00e9e de mission lyc\u00e9e<\/p>\n<p style=\"text-align: center;\">\n<p style=\"text-align: center;\">Direction des Services D\u00e9partementaux <br \/>de l&rsquo;\u00c9ducation Nationale du Var<\/p>\n<p style=\"text-align: center;\">37, rue Montebello 83000 TOULON<br \/><a href=\"mailto:casnav83@ac-nice.fr\" target=\"_blank\" rel=\"noopener\"><span style=\"color: #01abb7;\">casnav83@ac-nice.fr<\/span><\/a><br \/>04 94 09 55 09<\/p>\n<p style=\"text-align: center;\">R\u00e9f\u00e9rente institutionnelle : Dominique VIEUX, IEN IO<\/p>\n<p>[\/et_pb_text][\/et_pb_column][et_pb_column type=\u00a0\u00bb1_2&Prime; _builder_version=\u00a0\u00bb4.27.2&Prime; _module_preset=\u00a0\u00bbdefault\u00a0\u00bb global_colors_info=\u00a0\u00bb{}\u00a0\u00bb][et_pb_text _builder_version=\u00a0\u00bb4.27.2&Prime; _module_preset=\u00a0\u00bbdefault\u00a0\u00bb text_text_color=\u00a0\u00bb#000000&Prime; background_color=\u00a0\u00bb#a0dad7&Prime; background_layout=\u00a0\u00bbdark\u00a0\u00bb global_colors_info=\u00a0\u00bb{}\u00a0\u00bb]<\/p>\n<p style=\"text-align: center;\"><strong>Antenne d\u00e9partementale des Alpes-Maritimes<\/strong><\/p>\n<p>[\/et_pb_text][et_pb_text module_class=\u00a0\u00bbmyhoverlink\u00a0\u00bb _builder_version=\u00a0\u00bb4.27.2&Prime; _module_preset=\u00a0\u00bbdefault\u00a0\u00bb global_colors_info=\u00a0\u00bb{}\u00a0\u00bb]<\/p>\n<p style=\"text-align: center;\">\n<p style=\"text-align: center;\">Anne-Marie Deiss, charg\u00e9e de mission 1er degr\u00e9<\/p>\n<p style=\"text-align: center;\">\n<p style=\"text-align: center;\">\n<p style=\"text-align: center;\">Elisabeth Crivellaro, charg\u00e9e de mission coll\u00e8ge<\/p>\n<p style=\"text-align: center;\">Marl\u00e8ne Dodin, charg\u00e9e de mission lyc\u00e9e<\/p>\n<p style=\"text-align: center;\">\n<p style=\"text-align: center;\">Direction des Services D\u00e9partementaux<br \/>de l&rsquo;\u00c9ducation Nationale des Alpes-Maritimes<\/p>\n<p style=\"text-align: center;\">53 avenue Cap-de-Croix 06181 Nice<br \/><a href=\"mailto:casnav06@ac-nice.fr\" target=\"_blank\" rel=\"noopener\"><span style=\"color: #01abb7;\">casnav06@ac-nice.fr<\/span><\/a><br \/>04 93 72 64 66<\/p>\n<p style=\"text-align: center;\">R\u00e9f\u00e9rente institutionnelle : Martine DELEPINE, IEN IO<\/p>\n<p>[\/et_pb_text][\/et_pb_column][\/et_pb_row][et_pb_row column_structure=\u00a0\u00bb1_2,1_2&Prime; _builder_version=\u00a0\u00bb4.27.2&Prime; _module_preset=\u00a0\u00bbdefault\u00a0\u00bb global_colors_info=\u00a0\u00bb{}\u00a0\u00bb][et_pb_column type=\u00a0\u00bb1_2&Prime; _builder_version=\u00a0\u00bb4.27.2&Prime; _module_preset=\u00a0\u00bbdefault\u00a0\u00bb global_colors_info=\u00a0\u00bb{}\u00a0\u00bb][et_pb_code _builder_version=\u00a0\u00bb4.27.2&Prime; _module_preset=\u00a0\u00bbdefault\u00a0\u00bb global_colors_info=\u00a0\u00bb{}\u00a0\u00bb]<iframe loading=\"lazy\" width=\"100%\" height=\"300px\" frameborder=\"0\" allowfullscreen src=\"\/\/umap.openstreetmap.fr\/fr\/map\/dsden-du-var_1140618?scaleControl=false&#038;miniMap=false&#038;scrollWheelZoom=true&#038;zoomControl=true&#038;editMode=disabled&#038;moreControl=false&#038;searchControl=false&#038;tilelayersControl=false&#038;embedControl=false&#038;datalayersControl=false&#038;onLoadPanel=none&#038;captionBar=false&#038;captionMenus=false&#038;captionControl=false&#038;locateControl=false&#038;measureControl=false&#038;editinosmControl=false&#038;starControl=false&#038;fullscreenControl=true\"><\/iframe>[\/et_pb_code][\/et_pb_column][et_pb_column type=\u00a0\u00bb1_2&Prime; _builder_version=\u00a0\u00bb4.27.2&Prime; _module_preset=\u00a0\u00bbdefault\u00a0\u00bb global_colors_info=\u00a0\u00bb{}\u00a0\u00bb][et_pb_code _builder_version=\u00a0\u00bb4.27.2&Prime; _module_preset=\u00a0\u00bbdefault\u00a0\u00bb global_colors_info=\u00a0\u00bb{}\u00a0\u00bb]<iframe loading=\"lazy\" width=\"100%\" height=\"300px\" frameborder=\"0\" allowfullscreen src=\"\/\/umap.openstreetmap.fr\/fr\/map\/dsden-des-alpes-maritimes_1140661?scaleControl=false&#038;miniMap=false&#038;scrollWheelZoom=true&#038;zoomControl=true&#038;editMode=disabled&#038;moreControl=false&#038;searchControl=false&#038;tilelayersControl=false&#038;embedControl=null&#038;datalayersControl=false&#038;onLoadPanel=none&#038;captionBar=false&#038;captionMenus=true&#038;locateControl=false&#038;measureControl=false&#038;starControl=false&#038;editinosmControl=false&#038;captionControl=false&#038;fullscreenControl=true\"><\/iframe>[\/et_pb_code][\/et_pb_column][\/et_pb_row][\/et_pb_section]<\/p>\n","protected":false},"excerpt":{"rendered":"<p>Les CASNAV, centres acad\u00e9miques pour la scolarisation des \u00e9l\u00e8ves allophones nouvellement arriv\u00e9s (EANA) et des enfants issus de familles itin\u00e9rantes et de voyageurs (EFIV), apportent conseils et expertise p\u00e9dagogique aux diff\u00e9rents acteurs concern\u00e9s par la scolarisation de ces \u00e9l\u00e8ves. Missions d&rsquo;appui acad\u00e9mique, ils organisent et animent des actions de formation pour favoriser la scolarisation, l\u2019inclusion [&hellip;]<\/p>\n","protected":false},"author":483,"featured_media":0,"parent":0,"menu_order":0,"comment_status":"closed","ping_status":"closed","template":"","meta":{"_et_pb_use_builder":"on","_et_pb_old_content":"","_et_gb_content_width":"","footnotes":""},"class_list":["post-1322","page","type-page","status-publish","hentry"],"rttpg_featured_image_url":null,"rttpg_author":{"display_name":"Admin_CASNAV","author_link":"https:\/\/www.pedagogie.ac-nice.fr\/casnav\/author\/oceane\/"},"rttpg_comment":0,"rttpg_category":null,"rttpg_excerpt":"Les CASNAV, centres acad\u00e9miques pour la scolarisation des \u00e9l\u00e8ves allophones nouvellement arriv\u00e9s (EANA) et des enfants issus de familles itin\u00e9rantes et de voyageurs (EFIV), apportent conseils et expertise p\u00e9dagogique aux diff\u00e9rents acteurs concern\u00e9s par la scolarisation de ces \u00e9l\u00e8ves. Missions d'appui acad\u00e9mique, ils organisent et animent des actions de formation pour favoriser la scolarisation, l\u2019inclusion\u2026","post_mailing_queue_ids":[],"_links":{"self":[{"href":"https:\/\/www.pedagogie.ac-nice.fr\/casnav\/wp-json\/wp\/v2\/pages\/1322","targetHints":{"allow":["GET"]}}],"collection":[{"href":"https:\/\/www.pedagogie.ac-nice.fr\/casnav\/wp-json\/wp\/v2\/pages"}],"about":[{"href":"https:\/\/www.pedagogie.ac-nice.fr\/casnav\/wp-json\/wp\/v2\/types\/page"}],"author":[{"embeddable":true,"href":"https:\/\/www.pedagogie.ac-nice.fr\/casnav\/wp-json\/wp\/v2\/users\/483"}],"replies":[{"embeddable":true,"href":"https:\/\/www.pedagogie.ac-nice.fr\/casnav\/wp-json\/wp\/v2\/comments?post=1322"}],"version-history":[{"count":47,"href":"https:\/\/www.pedagogie.ac-nice.fr\/casnav\/wp-json\/wp\/v2\/pages\/1322\/revisions"}],"predecessor-version":[{"id":2062,"href":"https:\/\/www.pedagogie.ac-nice.fr\/casnav\/wp-json\/wp\/v2\/pages\/1322\/revisions\/2062"}],"wp:attachment":[{"href":"https:\/\/www.pedagogie.ac-nice.fr\/casnav\/wp-json\/wp\/v2\/media?parent=1322"}],"curies":[{"name":"wp","href":"https:\/\/api.w.org\/{rel}","templated":true}]}}