{"id":128,"date":"2020-10-16T19:15:13","date_gmt":"2020-10-16T17:15:13","guid":{"rendered":"https:\/\/www.pedagogie.ac-nice.fr\/cast1\/?page_id=128"},"modified":"2024-09-14T23:00:23","modified_gmt":"2024-09-14T21:00:23","slug":"les-olympiades","status":"publish","type":"page","link":"https:\/\/www.pedagogie.ac-nice.fr\/cast\/les-olympiades\/","title":{"rendered":"Les Olympiades"},"content":{"rendered":"<p><a href=\"https:\/\/olympiadesdebiologie.fr\/\" target=\"_blank\" rel=\"noopener noreferrer\"><img loading=\"lazy\" decoding=\"async\" class=\"alignleft wp-image-141\" src=\"https:\/\/www.pedagogie.ac-nice.fr\/cast1\/wp-content\/uploads\/sites\/46\/2020\/10\/Olympiades-biologie.jpg\" alt=\"\" width=\"227\" height=\"151\"><\/a><\/p>\n<p>Les Olympiades nationales de biologie sont un concours scientifique initi\u00e9 dans l&rsquo;acad\u00e9mie de Toulouse avec le soutien de l&rsquo;inspection p\u00e9dagogique r\u00e9gionale et de l&rsquo;inspection g\u00e9n\u00e9rale.<br \/>\nLes olympiades se d\u00e9roulent sur l&rsquo;ann\u00e9e de premi\u00e8re et l&rsquo;ann\u00e9e de terminale et couvrent tous les champs de la biologie (biologie cellulaire, anatomie et physiologie v\u00e9g\u00e9tale et animale, \u00e9thologie, g\u00e9n\u00e9tique et \u00e9volution, biochimie, \u00e9cologie, &#8230;).<\/p>\n<p>Pour en savoir plus : eduscol.education.fr\/cid144110\/olympiades-nationales-de-biologie.html<\/p>\n<hr>\n<p><img loading=\"lazy\" decoding=\"async\" class=\"alignleft size-full wp-image-274\" src=\"https:\/\/www.pedagogie.ac-nice.fr\/cast1\/wp-content\/uploads\/sites\/46\/2020\/10\/Olympiades-chimie-3.jpg\" alt=\"\" width=\"292\" height=\"88\"><\/p>\n<p>Elles se pr\u00e9sentent sous la forme de deux concours s&rsquo;adressant respectivement aux \u00e9l\u00e8ves de terminale scientifique et aux \u00e9l\u00e8ves de premi\u00e8re de toutes s\u00e9ries. Une pr\u00e9paration est effectu\u00e9e dans plusieurs lyc\u00e9es de l\u2019acad\u00e9mie. Le site d\u00e9di\u00e9 permettra de trouver tous les compl\u00e9ments d\u2019informations&nbsp;: <a href=\"http:\/\/www.olympiades-chimie.fr\/\" target=\"_blank\" rel=\"noopener noreferrer\">http:\/\/www.olympiades-chimie.fr\/<\/a><\/p>\n<p>Veuillez-vous faire conna\u00eetre aupr\u00e8s de nous si vous souhaitez d\u00e9marrer. Nadia PATINO (Nadia.PATINO@unice.fr)&nbsp; en est la professeure r\u00e9f\u00e9rente acad\u00e9mique.<\/p>\n<p>La finale nationale se tiendra du 26 au 28 mai 2021 au lyc\u00e9e d\u2019Arsonval.<\/p>\n<p>Sp\u00e9cificit\u00e9&nbsp;: deux concours distincts. Concours \u00ab&nbsp;scientifique&nbsp;\u00bb et concours \u00ab&nbsp;Parlons Chimie&nbsp;\u00bb<\/p>\n<ul>\n<li>Concours scientifique<br \/>\nInscription : via <a href=\"https:\/\/www.olympiades-chimie.fr\/\" target=\"_blank\" rel=\"noopener noreferrer\">le site<\/a> du 15\/10 au 15\/12<br \/>\nPoint d\u2019attention&nbsp;: les \u00e9l\u00e8ves doivent participer \u00e0 des stages<br \/>\nD\u00e9roul\u00e9&nbsp;: \u00e9preuve pratique en acad\u00e9mie, sur janvier \u2013 f\u00e9vrier, \u00e9preuve nationale fin mai<\/li>\n<li>Concours Parlons Chimie<br \/>\nInscription : via <a href=\"https:\/\/www.olympiades-chimie.fr\/\" target=\"_blank\" rel=\"noopener noreferrer\">le site<\/a> jusqu\u2019au 15\/12<br \/>\nPoint d\u2019attention&nbsp;: concours par \u00e9quipe<br \/>\nD\u00e9roul\u00e9&nbsp;: \u00c9laborer un projet (sujet \u2013 public \u2013 action de communication) qui sera rendu avant le 15\/04\/21, et, si l\u2019\u00e9quipe est s\u00e9lectionn\u00e9e, vid\u00e9o \u00e0 rendre avant le 15\/05\/21.<\/li>\n<\/ul>\n<hr>\n<p><img loading=\"lazy\" decoding=\"async\" class=\"alignleft size-medium wp-image-160\" src=\"https:\/\/www.pedagogie.ac-nice.fr\/cast1\/wp-content\/uploads\/sites\/46\/2020\/10\/Olympiades-geosciences-300x140.jpg\" alt=\"\" width=\"300\" height=\"140\" srcset=\"https:\/\/www.pedagogie.ac-nice.fr\/cast\/wp-content\/uploads\/sites\/46\/2020\/10\/Olympiades-geosciences-300x140.jpg 300w, https:\/\/www.pedagogie.ac-nice.fr\/cast\/wp-content\/uploads\/sites\/46\/2020\/10\/Olympiades-geosciences.jpg 329w\" sizes=\"(max-width: 300px) 100vw, 300px\" \/><\/p>\n<p>Pour susciter chez vos \u00e9l\u00e8ves le plaisir d&rsquo;apprendre, tout en pratiquant la g\u00e9ologie fondamentale ou appliqu\u00e9e, la climatologie, ou encore la plan\u00e9tologie, inscrivez-les aux Olympiades nationales de g\u00e9osciences. Ce concours, ouvert \u00e0 tous les \u00e9l\u00e8ves de premi\u00e8re de s\u00e9rie g\u00e9n\u00e9rale souligne le lien \u00e9troit entre les g\u00e9osciences et l&rsquo;\u00e9ventail des m\u00e9tiers qui leur sont associ\u00e9s.<\/p>\n<p>Inscription : date butoir selon les acad\u00e9mies.<br \/>\nCalendrier : 01\/04\/21 (R\u00e9union, Mayotte, M\u00e9tropole, Nouvelle Cal\u00e9donie) ou 15\/04\/21 (Guadeloupe, Guyane, Martinique).<br \/>\nD\u00e9roul\u00e9 : un \u00e9crit de 4h.<\/p>\n<p>Pour en savoir plus : <a href=\"http:\/\/eduscol.education.fr\/cid46899\/olympiades-nationales-de-geosciences.htm\" target=\"_blank\" rel=\"noopener noreferrer\">eduscol.education.fr\/cid46899\/olympiades-nationales-de-geosciences.htm<\/a><\/p>\n<hr>\n<p><img loading=\"lazy\" decoding=\"async\" class=\"alignleft size-medium wp-image-143\" src=\"https:\/\/www.pedagogie.ac-nice.fr\/cast1\/wp-content\/uploads\/sites\/46\/2020\/10\/Olympiades-Math-300x99.jpg\" alt=\"\" width=\"300\" height=\"99\" srcset=\"https:\/\/www.pedagogie.ac-nice.fr\/cast\/wp-content\/uploads\/sites\/46\/2020\/10\/Olympiades-Math-300x99.jpg 300w, https:\/\/www.pedagogie.ac-nice.fr\/cast\/wp-content\/uploads\/sites\/46\/2020\/10\/Olympiades-Math.jpg 389w\" sizes=\"(max-width: 300px) 100vw, 300px\" \/><\/p>\n<p>Inscription : en janvier, via les IA-IPR.<br \/>\nCalendrier : \u00e9preuve le mercredi 17\/03\/21.<br \/>\nD\u00e9roul\u00e9 : un \u00e9crit de 4h.<\/p>\n<p>Pour en savoir plus : <a href=\"http:\/\/animath.fr\/\" target=\"_blank\" rel=\"noopener noreferrer\">animath.fr\/<\/a><\/p>\n<p>&nbsp;<\/p>\n<hr>\n<p><img loading=\"lazy\" decoding=\"async\" class=\"alignleft size-medium wp-image-144\" src=\"https:\/\/www.pedagogie.ac-nice.fr\/cast1\/wp-content\/uploads\/sites\/46\/2020\/10\/Olympiades-phy-300x88.png\" alt=\"\" width=\"300\" height=\"88\" srcset=\"https:\/\/www.pedagogie.ac-nice.fr\/cast\/wp-content\/uploads\/sites\/46\/2020\/10\/Olympiades-phy-300x88.png 300w, https:\/\/www.pedagogie.ac-nice.fr\/cast\/wp-content\/uploads\/sites\/46\/2020\/10\/Olympiades-phy-1024x300.png 1024w, https:\/\/www.pedagogie.ac-nice.fr\/cast\/wp-content\/uploads\/sites\/46\/2020\/10\/Olympiades-phy-768x225.png 768w, https:\/\/www.pedagogie.ac-nice.fr\/cast\/wp-content\/uploads\/sites\/46\/2020\/10\/Olympiades-phy-1536x450.png 1536w, https:\/\/www.pedagogie.ac-nice.fr\/cast\/wp-content\/uploads\/sites\/46\/2020\/10\/Olympiades-phy.png 1924w\" sizes=\"(max-width: 300px) 100vw, 300px\" \/><\/p>\n<p>Il s\u2019agit d\u2019un concours scientifique exp\u00e9rimental qui s&rsquo;adresse \u00e0 des \u00e9quipes de deux \u00e0 six lyc\u00e9ens, encadr\u00e9s par un ou deux professeur(s) et en liaison \u00e9ventuelle avec un laboratoire ou une entreprise.<\/p>\n<p>&nbsp;<\/p>\n<p>La finale de l\u2019\u00e9dition 2021 aura lieu \u00e0 L\u2019Universit\u00e9 de Bordeaux les 29 et 30 janvier 2021.<\/p>\n<p>Les inscriptions sont possibles jusqu\u2019au 15 octobre 24 h.<\/p>\n<p>Tous les renseignements sur cette action sont disponibles sur <a href=\"https:\/\/odpf.org\/le-calendrier.html\" target=\"_blank\" rel=\"noopener noreferrer\">le site d\u00e9di\u00e9<\/a>.<\/p>\n<hr>\n<p><img loading=\"lazy\" decoding=\"async\" class=\"alignleft size-medium wp-image-140\" src=\"https:\/\/www.pedagogie.ac-nice.fr\/cast1\/wp-content\/uploads\/sites\/46\/2020\/10\/Olympiades-SI-300x149.jpg\" alt=\"\" width=\"300\" height=\"149\" srcset=\"https:\/\/www.pedagogie.ac-nice.fr\/cast\/wp-content\/uploads\/sites\/46\/2020\/10\/Olympiades-SI-300x149.jpg 300w, https:\/\/www.pedagogie.ac-nice.fr\/cast\/wp-content\/uploads\/sites\/46\/2020\/10\/Olympiades-SI.jpg 318w\" sizes=\"(max-width: 300px) 100vw, 300px\" \/><\/p>\n<p>Inscription : directement sur le site www.upsti.fr avant fin d\u00e9cembre 2020<br \/>\nCalendrier : Finales acad\u00e9miques sur avril\/mai, suivant les r\u00e9gions, finale nationale fin mai d\u00e9but juin<\/p>\n<p>D\u00e9roul\u00e9 : r\u00e9alisation concr\u00e8te d\u2019un prototype fonctionnel sur un th\u00e8me soci\u00e9tal qui change chaque ann\u00e9e.<br \/>\nPr\u00e9sentation orale de 20 minutes (10 minutes groupe et 10 min questions du jury)<br \/>\nPour en savoir plus: <a href=\"https:\/\/www.upsti.fr\/nos-evenements\/olympiades-de-si\" target=\"_blank\" rel=\"noopener noreferrer\">https:\/\/www.upsti.fr\/nos-evenements\/olympiades-de-si<\/a><\/p>\n<p>&nbsp;<\/p>\n<p>&nbsp;<\/p>\n<p>&nbsp;<\/p>\n","protected":false},"excerpt":{"rendered":"<p>Les Olympiades nationales de biologie sont un concours scientifique initi\u00e9 dans l&rsquo;acad\u00e9mie de Toulouse avec le soutien de l&rsquo;inspection p\u00e9dagogique r\u00e9gionale et de l&rsquo;inspection g\u00e9n\u00e9rale. Les olympiades se d\u00e9roulent sur l&rsquo;ann\u00e9e de premi\u00e8re et l&rsquo;ann\u00e9e de terminale et couvrent tous les champs de la biologie (biologie cellulaire, anatomie et physiologie v\u00e9g\u00e9tale et animale, \u00e9thologie, g\u00e9n\u00e9tique [&hellip;]<\/p>\n","protected":false},"author":261,"featured_media":0,"parent":0,"menu_order":0,"comment_status":"closed","ping_status":"closed","template":"","meta":{"_et_pb_use_builder":"","_et_pb_old_content":"","_et_gb_content_width":"","ngg_post_thumbnail":0,"footnotes":""},"class_list":["post-128","page","type-page","status-publish","hentry"],"rttpg_featured_image_url":null,"rttpg_author":{"display_name":"L'\u00e9quipe CAST","author_link":"https:\/\/www.pedagogie.ac-nice.fr\/cast\/author\/cast1\/"},"rttpg_comment":0,"rttpg_category":null,"rttpg_excerpt":"Les Olympiades nationales de biologie sont un concours scientifique initi\u00e9 dans l&rsquo;acad\u00e9mie de Toulouse avec le soutien de l&rsquo;inspection p\u00e9dagogique r\u00e9gionale et de l&rsquo;inspection g\u00e9n\u00e9rale. Les olympiades se d\u00e9roulent sur l&rsquo;ann\u00e9e de premi\u00e8re et l&rsquo;ann\u00e9e de terminale et couvrent tous les champs de la biologie (biologie cellulaire, anatomie et physiologie v\u00e9g\u00e9tale et animale, \u00e9thologie, g\u00e9n\u00e9tique\u2026","post_mailing_queue_ids":[],"_links":{"self":[{"href":"https:\/\/www.pedagogie.ac-nice.fr\/cast\/wp-json\/wp\/v2\/pages\/128","targetHints":{"allow":["GET"]}}],"collection":[{"href":"https:\/\/www.pedagogie.ac-nice.fr\/cast\/wp-json\/wp\/v2\/pages"}],"about":[{"href":"https:\/\/www.pedagogie.ac-nice.fr\/cast\/wp-json\/wp\/v2\/types\/page"}],"author":[{"embeddable":true,"href":"https:\/\/www.pedagogie.ac-nice.fr\/cast\/wp-json\/wp\/v2\/users\/261"}],"replies":[{"embeddable":true,"href":"https:\/\/www.pedagogie.ac-nice.fr\/cast\/wp-json\/wp\/v2\/comments?post=128"}],"version-history":[{"count":15,"href":"https:\/\/www.pedagogie.ac-nice.fr\/cast\/wp-json\/wp\/v2\/pages\/128\/revisions"}],"predecessor-version":[{"id":1471,"href":"https:\/\/www.pedagogie.ac-nice.fr\/cast\/wp-json\/wp\/v2\/pages\/128\/revisions\/1471"}],"wp:attachment":[{"href":"https:\/\/www.pedagogie.ac-nice.fr\/cast\/wp-json\/wp\/v2\/media?parent=128"}],"curies":[{"name":"wp","href":"https:\/\/api.w.org\/{rel}","templated":true}]}}