{"id":395,"date":"2020-11-12T18:42:10","date_gmt":"2020-11-12T17:42:10","guid":{"rendered":"https:\/\/www.pedagogie.ac-nice.fr\/cast1\/?page_id=395"},"modified":"2020-11-12T18:44:26","modified_gmt":"2020-11-12T17:44:26","slug":"le-prix-potier-des-lyceens","status":"publish","type":"page","link":"https:\/\/www.pedagogie.ac-nice.fr\/cast\/le-prix-potier-des-lyceens\/","title":{"rendered":"Le prix Potier des lyc\u00e9ens"},"content":{"rendered":"<p><img loading=\"lazy\" decoding=\"async\" class=\"size-thumbnail wp-image-399 alignright\" src=\"https:\/\/www.pedagogie.ac-nice.fr\/cast1\/wp-content\/uploads\/sites\/46\/2020\/11\/Prix-Potier-150x150.png\" alt=\"\" width=\"150\" height=\"150\" \/><\/p>\n<p>&nbsp;<\/p>\n<p>Inspir\u00e9 du \u00ab Goncourt des lyc\u00e9ens \u00bb, le Prix Pierre Potier des Lyc\u00e9ens met en lumi\u00e8re et r\u00e9compense des initiatives d\u2019entreprises de la Chimie en faveur du d\u00e9veloppement durable.<\/p>\n<p>&nbsp;<\/p>\n<p>Dispositif\u00a0:<\/p>\n<ul>\n<li><strong>Inscriptions jusqu\u2019au 20 octobre<\/strong><\/li>\n<li>\u00c9tude des dossiers fournis par les entreprises candidates<\/li>\n<li>Rencontre avec un repr\u00e9sentant du d\u00e9partement innovation d\u2019une entreprise de la chimie.<\/li>\n<li>Choix motiv\u00e9 du meilleur projet.<\/li>\n<\/ul>\n<p>&nbsp;<\/p>\n<p>Les points forts du Prix Pierre Potier des Lyc\u00e9ens :<\/p>\n<ul>\n<li>R\u00e9pond aux finalit\u00e9s des programmes d\u2019enseignement de physique, de chimie et d\u2019enseignement scientifique des voies g\u00e9n\u00e9rale, technologique et professionnelle.<\/li>\n<li>Donne la parole aux jeunes, et r\u00e9duit la distance entre eux et le monde scientifique.<\/li>\n<li>R\u00e9compense pour des \u00e9l\u00e8ves de cinq classes.<\/li>\n<\/ul>\n","protected":false},"excerpt":{"rendered":"<p>&nbsp; Inspir\u00e9 du \u00ab Goncourt des lyc\u00e9ens \u00bb, le Prix Pierre Potier des Lyc\u00e9ens met en lumi\u00e8re et r\u00e9compense des initiatives d\u2019entreprises de la Chimie en faveur du d\u00e9veloppement durable. &nbsp; Dispositif\u00a0: Inscriptions jusqu\u2019au 20 octobre \u00c9tude des dossiers fournis par les entreprises candidates Rencontre avec un repr\u00e9sentant du d\u00e9partement innovation d\u2019une entreprise de la [&hellip;]<\/p>\n","protected":false},"author":261,"featured_media":0,"parent":0,"menu_order":0,"comment_status":"closed","ping_status":"closed","template":"","meta":{"_et_pb_use_builder":"","_et_pb_old_content":"","_et_gb_content_width":"","ngg_post_thumbnail":0,"footnotes":""},"class_list":["post-395","page","type-page","status-publish","hentry"],"rttpg_featured_image_url":null,"rttpg_author":{"display_name":"L'\u00e9quipe CAST","author_link":"https:\/\/www.pedagogie.ac-nice.fr\/cast\/author\/cast1\/"},"rttpg_comment":0,"rttpg_category":null,"rttpg_excerpt":"&nbsp; Inspir\u00e9 du \u00ab Goncourt des lyc\u00e9ens \u00bb, le Prix Pierre Potier des Lyc\u00e9ens met en lumi\u00e8re et r\u00e9compense des initiatives d\u2019entreprises de la Chimie en faveur du d\u00e9veloppement durable. &nbsp; Dispositif\u00a0: Inscriptions jusqu\u2019au 20 octobre \u00c9tude des dossiers fournis par les entreprises candidates Rencontre avec un repr\u00e9sentant du d\u00e9partement innovation d\u2019une entreprise de la\u2026","post_mailing_queue_ids":[],"_links":{"self":[{"href":"https:\/\/www.pedagogie.ac-nice.fr\/cast\/wp-json\/wp\/v2\/pages\/395","targetHints":{"allow":["GET"]}}],"collection":[{"href":"https:\/\/www.pedagogie.ac-nice.fr\/cast\/wp-json\/wp\/v2\/pages"}],"about":[{"href":"https:\/\/www.pedagogie.ac-nice.fr\/cast\/wp-json\/wp\/v2\/types\/page"}],"author":[{"embeddable":true,"href":"https:\/\/www.pedagogie.ac-nice.fr\/cast\/wp-json\/wp\/v2\/users\/261"}],"replies":[{"embeddable":true,"href":"https:\/\/www.pedagogie.ac-nice.fr\/cast\/wp-json\/wp\/v2\/comments?post=395"}],"version-history":[{"count":3,"href":"https:\/\/www.pedagogie.ac-nice.fr\/cast\/wp-json\/wp\/v2\/pages\/395\/revisions"}],"predecessor-version":[{"id":403,"href":"https:\/\/www.pedagogie.ac-nice.fr\/cast\/wp-json\/wp\/v2\/pages\/395\/revisions\/403"}],"wp:attachment":[{"href":"https:\/\/www.pedagogie.ac-nice.fr\/cast\/wp-json\/wp\/v2\/media?parent=395"}],"curies":[{"name":"wp","href":"https:\/\/api.w.org\/{rel}","templated":true}]}}