{"id":438,"date":"2020-11-12T19:38:37","date_gmt":"2020-11-12T18:38:37","guid":{"rendered":"https:\/\/www.pedagogie.ac-nice.fr\/cast1\/?page_id=438"},"modified":"2022-02-16T18:44:47","modified_gmt":"2022-02-16T17:44:47","slug":"conferences-a-venir","status":"publish","type":"page","link":"https:\/\/www.pedagogie.ac-nice.fr\/cast\/conferences-a-venir\/","title":{"rendered":"Conf\u00e9rences"},"content":{"rendered":"<p><strong><span style=\"font-size: 14pt;\"><a href=\"https:\/\/www.pedagogie.ac-nice.fr\/cast\/logo_science_pour_tous_06\/\"><img loading=\"lazy\" decoding=\"async\" class=\"alignleft size-medium wp-image-934\" src=\"https:\/\/www.pedagogie.ac-nice.fr\/cast\/wp-content\/uploads\/sites\/46\/2022\/02\/logo_science_pour_tous_06-300x165.jpg\" alt=\"\" width=\"300\" height=\"165\" srcset=\"https:\/\/www.pedagogie.ac-nice.fr\/cast\/wp-content\/uploads\/sites\/46\/2022\/02\/logo_science_pour_tous_06-300x165.jpg 300w, https:\/\/www.pedagogie.ac-nice.fr\/cast\/wp-content\/uploads\/sites\/46\/2022\/02\/logo_science_pour_tous_06.jpg 350w\" sizes=\"(max-width: 300px) 100vw, 300px\" \/><\/a>Science pour Tous 06<\/span><\/strong><\/p>\n<p>\u00ab\u00a0Science pour Tous 06\u00a0\u00bb est une association loi 1901 compos\u00e9e de plus de 70 chercheurs et enseignants-chercheurs de tous les organismes d\u2019enseignement et de recherche des Alpes-Maritimes et de Monaco (CNRS, universit\u00e9, INRA, INRIA, Mines Paris Tech, Observatoire de la C\u00f4te d&rsquo;Azur, Laboratoire d\u2019Oc\u00e9anographie de Villefranche, INSERM, Institut de Recherche pour le D\u00e9veloppement (IRD), Conservatoire de Nice, etc.).<br \/>\nIls offrent un choix de plus de 150 conf\u00e9rences (voir sujets sur <a href=\"https:\/\/sciencepourtous-06.fr\/\" target=\"_blank\" rel=\"noopener\">www.sciencepourtous-06.fr<\/a>). L\u2019association a pour objet d\u2019organiser et de favoriser la diffusion de la culture scientifique dans les Alpes-Maritimes. En 2022, nous envisageons de programmer 220-250 conf\u00e9rences dans plus de 35 lieux (communes et maisons d\u2019arr\u00eat).<br \/>\nSuite \u00e0 l&rsquo;agr\u00e9ment CAACEP obtenu aupr\u00e8s de l&rsquo;Acad\u00e9mie le 9 juin 2021, nous souhaitons intervenir aussi pendant le temps scolaire, en appui aux activit\u00e9s d\u2019enseignement conduites par les \u00e9tablissements, lyc\u00e9es et coll\u00e8ges, de la 6\u00e8me \u00e0 la terminale.<\/p>\n<p>L&rsquo;objectif de ces interventions est d&rsquo;apporter un approfondissement et une ouverture d&rsquo;esprit par rapport \u00e0 un th\u00e8me scientifique abord\u00e9 dans les disciplines enseign\u00e9es au coll\u00e8ge et au lyc\u00e9e. Il s&rsquo;agit de rapprocher les \u00e9l\u00e8ves des chercheurs, de diffuser les connaissances les plus actuelles aupr\u00e8s des \u00e9l\u00e8ves et de faire d\u00e9couvrir le monde de la Recherche pour notamment susciter des vocations. Les interventions seront bas\u00e9es sur des pr\u00e9sentations type conf\u00e9rence dont le contenu p\u00e9dagogique sera construit en concertation avec l&rsquo;enseignant sollicitant l&rsquo;intervention. Le niveau de vulgarisation sera donc adapt\u00e9 aux \u00e9l\u00e8ves pr\u00e9sents.<\/p>\n<p>Le terme de \u00ab\u00a0Science\u00a0\u00bb doit s&rsquo;entendre dans son acceptation la plus large puisque les interventions couvrent aussi bien les sciences dites \u00ab\u00a0dures\u00a0\u00bb (physique, chimie, biologie, etc.) que les sciences humaines.<\/p>\n<p>Si vous \u00eates int\u00e9ress\u00e9.e par une telle intervention dans votre classe, veuillez envoyer un m\u00e9l \u00e0 scientifiques06@gmail.com.<\/p>\n<p>Cordialement,<br \/>\nPatrick Navard, Pr\u00e9sident de Science pour Tous 06<\/p>\n<a href=\"https:\/\/www.pedagogie.ac-nice.fr\/cast\/wp-content\/uploads\/sites\/46\/2022\/02\/2022-02-15-Science-pour-Tous-06-Sujets-des-conferences.pdf\" class=\"pdfemb-viewer\" style=\"\" data-width=\"max\" data-height=\"max\" data-toolbar=\"bottom\" data-toolbar-fixed=\"off\">2022-02-15 Science pour Tous 06-Sujets des conf\u00e9rences<\/a>\n<hr>\n<p><img loading=\"lazy\" decoding=\"async\" class=\"alignleft size-thumbnail wp-image-439\" src=\"https:\/\/www.pedagogie.ac-nice.fr\/cast1\/wp-content\/uploads\/sites\/46\/2020\/11\/Nobel_Nice_2020_0-150x150.png\" alt=\"\" width=\"150\" height=\"150\" srcset=\"https:\/\/www.pedagogie.ac-nice.fr\/cast\/wp-content\/uploads\/sites\/46\/2020\/11\/Nobel_Nice_2020_0-150x150.png 150w, https:\/\/www.pedagogie.ac-nice.fr\/cast\/wp-content\/uploads\/sites\/46\/2020\/11\/Nobel_Nice_2020_0-300x300.png 300w\" sizes=\"(max-width: 150px) 100vw, 150px\" \/><strong><span style=\"font-size: 14pt;\">Journ\u00e9e Nobel de Nice<\/span><\/strong><\/p>\n<p>Apr\u00e8s le succ\u00e8s des pr\u00e9c\u00e9dentes \u00e9ditions, la sixi\u00e8me \u00e9dition de la Journ\u00e9e Nobel de Nice aura lieu le mardi 1er d\u00e9cembre 2020, de 10h00 \u00e0 12h00, en distanciel.<\/p>\n<p>L&rsquo;objectif est d&rsquo;informer le grand public, gr\u00e2ce \u00e0 des pr\u00e9sentations courtes, sur les raisons qui ont conduit les Laur\u00e9ats 2020 \u00e0 recevoir les prestigieux Prix Nobel de Chimie, de Physique et de M\u00e9decine.<\/p>\n<p>Une conf\u00e9rence d&rsquo;honneur sera ensuite donn\u00e9e par Michel Mayor, Prix Nobel de Physique en 2019 pour la d\u00e9couverte d&rsquo;une exo-plan\u00e8te.<\/p>\n<p>Cette Journ\u00e9e est organis\u00e9e par l&rsquo;Ambassade de Su\u00e8de \u00e0 Paris en partenariat avec le CNRS, l&rsquo;Universit\u00e9 C\u00f4te d&rsquo;Azur, la Soci\u00e9t\u00e9 Fran\u00e7aise de Physique et la Soci\u00e9t\u00e9 Chimique de France.<\/p>\n<p>Toutes les informations ainsi que le formulaire d&rsquo;inscription pour recevoir le lien de connexion sont disponibles ici :<br \/>\nhttp:\/\/univ-cotedazur.fr\/events\/nobel2020<\/p>\n<p>&nbsp;<\/p>\n<hr>\n<p><img loading=\"lazy\" decoding=\"async\" class=\"alignleft size-medium wp-image-440\" src=\"https:\/\/www.pedagogie.ac-nice.fr\/cast1\/wp-content\/uploads\/sites\/46\/2020\/11\/Nuit-des-chercheurs-300x104.png\" alt=\"\" width=\"300\" height=\"104\" srcset=\"https:\/\/www.pedagogie.ac-nice.fr\/cast\/wp-content\/uploads\/sites\/46\/2020\/11\/Nuit-des-chercheurs-300x104.png 300w, https:\/\/www.pedagogie.ac-nice.fr\/cast\/wp-content\/uploads\/sites\/46\/2020\/11\/Nuit-des-chercheurs-768x266.png 768w, https:\/\/www.pedagogie.ac-nice.fr\/cast\/wp-content\/uploads\/sites\/46\/2020\/11\/Nuit-des-chercheurs.png 940w\" sizes=\"(max-width: 300px) 100vw, 300px\" \/><span style=\"font-size: 14pt;\"><strong>Rendez-vous Cin\u00e9science<\/strong><\/span><\/p>\n<p>Dans le cadre d&rsquo;un pre-event de la NUIT europ\u00e9enne des chercheurs, Universit\u00e9 C\u00f4te d&rsquo;Azur organise un rendez-vous de CINESCIENCES en partenariat avec la DAAC de l&rsquo;acad\u00e9mie de Nice, le Mus\u00e9e arch\u00e9ologique de Nice-Cimiez et l&rsquo;association CASA&rsquo;DOC, avec le soutien financier de la R\u00e9gion Provence-Alpes-C\u00f4te d&rsquo;Azur.<\/p>\n<p style=\"text-align: center;\">Rendez-vous \u00e0 destination des coll\u00e9giens et lyc\u00e9ens<br \/>\n<strong><span style=\"color: #800000;\">Jeudi 19 novembre \u00e0 de 14h \u00e0 15h30<\/span><\/strong><br \/>\nsur inscription par mail uniquement avant le 17 novembre aupr\u00e8s de <a href=\"mailto:culture.sciences@univ-cotedazur.fr\" target=\"_blank\" rel=\"noopener noreferrer\">culture.sciences@univ-cotedazur.fr<\/a><\/p>\n<p>&nbsp;<\/p>\n<p>La s\u00e9ance aura lieu en ligne via la plateforme Jitsi (autoris\u00e9 et recommand\u00e9 par le Minist\u00e8re de l\u2019Education nationale et de la Jeunesse), lien envoy\u00e9 aux inscrits le 17.<br \/>\nLa projection de courts-m\u00e9trages cr\u00e9atifs traitant de sujets scientifiques sera suivie d&rsquo;un \u00e9change-d\u00e9bat avec des chercheurs, des professionnels du cin\u00e9ma et en pr\u00e9sence du r\u00e9alisateur Loris Lamuni\u00e8re du court-m\u00e9trage \u00ab\u00a0DAR(K)WIN-Project\u00a0\u00bb.<\/p>\n<p>Le programme de la s\u00e9ance organis\u00e9e pour les scolaires, en fichier joint, rappelle les conditions d&rsquo;inscription, et pr\u00e9cise les films projet\u00e9s qui aborderont deux th\u00e9matiques:<br \/>\npartie1: Nature et biodiversit\u00e9<br \/>\npartie2: Jeux vid\u00e9os.<\/p>\n<p>Nota: pour les professeurs n&rsquo;ayant qu&rsquo;un cr\u00e9neau d&rsquo;une heure (de 14h \u00e0 15h), il est tout \u00e0 fait possible de participer avec votre classe uniquement \u00e0 la 1\u00e8re th\u00e9matique \u00ab\u00a0Nature et Biodiversit\u00e9\u00a0\u00bb<\/p>\n<p>Un deuxi\u00e8me rendez-vous est pr\u00e9vu pour le grand public<\/p>\n<p style=\"text-align: center;\"><strong><span style=\"color: #800000;\">Jeudi 19 novembre \u00e0 de 20h \u00e0 21h30<\/span> <\/strong><\/p>\n<p>inscription conseill\u00e9e par mail aupr\u00e8s de <a href=\"mailto:culture.sciences@univ-cotedazur.fr\" target=\"_blank\" rel=\"noopener noreferrer\">culture.sciences@univ-cotedazur.fr<\/a><\/p>\n<p>Projection des courts m\u00e9trages scientifiques et d\u00e9bat avec un chercheur en visioconf\u00e9rence<br \/>\nplus d&rsquo;informations sur <a href=\"https:\/\/csti.univ-cotedazur.fr\/\" target=\"_blank\" rel=\"noopener noreferrer\">https:\/\/csti.univ-cotedazur.fr\/<\/a><\/p>\n<p>Enfin un rendez-vous avec Universit\u00e9 C\u00f4te d&rsquo;Azur pour le grand public et les lyc\u00e9ens pour la NUIT DES CHERCHEURS<\/p>\n<p style=\"text-align: center;\"><span style=\"color: #800000;\"><strong>&nbsp;vendredi 27 novembre de 18 \u00e0 23h<\/strong> <\/span><\/p>\n<p style=\"text-align: left;\">sur la plateforme virtuelle immersive: <a href=\"http:\/\/nice.nuitchercheurs.eu\" target=\"_blank\" rel=\"noopener noreferrer\">nice.nuitchercheurs.eu<\/a><\/p>\n<p>&nbsp;<\/p>\n<hr>\n<p><strong><span style=\"font-size: 14pt;\">Masterclasses | Centre de Physique des Particules de Marseille<\/span><\/strong><\/p>\n<p><img loading=\"lazy\" decoding=\"async\" class=\"alignleft size-medium wp-image-592\" src=\"https:\/\/www.pedagogie.ac-nice.fr\/cast1\/wp-content\/uploads\/sites\/46\/2020\/11\/Masterclasses-CPPM-300x120.png\" alt=\"\" width=\"300\" height=\"120\" srcset=\"https:\/\/www.pedagogie.ac-nice.fr\/cast\/wp-content\/uploads\/sites\/46\/2020\/11\/Masterclasses-CPPM-300x120.png 300w, https:\/\/www.pedagogie.ac-nice.fr\/cast\/wp-content\/uploads\/sites\/46\/2020\/11\/Masterclasses-CPPM.png 356w\" sizes=\"(max-width: 300px) 100vw, 300px\" \/><\/p>\n<p>Les Masterclasses ont pour but de sensibiliser les jeunes \u00e0 la recherche en g\u00e9n\u00e9ral et \u00e0 la physique des particules en particulier. Elles s&rsquo;adressent aux lyc\u00e9ens du monde entier.<\/p>\n<p>Dans le cadre de ce programme organis\u00e9 chaque ann\u00e9e pendant un mois, des classes de lyc\u00e9e sont invit\u00e9es \u00e0 passer une journ\u00e9e dans un centre de recherche ou une universit\u00e9.<\/p>\n<p>Cette journ\u00e9e est organis\u00e9e autour de trois axes :<br \/>\n9h-12h : expos\u00e9s par des physiciens du domaine et discussions,<br \/>\n13h30-15h30 : exercices pratiques (et ludiques) en bin\u00f4me sur ordinateur,<br \/>\n16h-17h : confrontation des r\u00e9sultats avec les autres participants du jour (visioconf\u00e9rence en anglais).<\/p>\n<p>Les Masterclasses sont organis\u00e9es en liaison avec le CERN, l&rsquo;Organisation europ\u00e9enne pour la recherche nucl\u00e9aire. Leur attention est port\u00e9e sur le projet phare de la discipline : le LHC, le collisionneur de particules le plus puissant du monde, et sur la d\u00e9couverte r\u00e9cente du boson de Higgs par les exp\u00e9riences qui instrumentent ce collisionneur.<\/p>\n<p>Lors de cette journ\u00e9e d&rsquo;initiation, les \u00e9l\u00e8ves se familiariseront avec les interactions fondamentales \u00e0 l&rsquo;oeuvre dans l&rsquo;univers et avec les constituants ultimes de la mati\u00e8re. Ils comprendront le fonctionnement des d\u00e9tecteurs de particules g\u00e9ants qui permettent de les observer. Ils seront \u00e9galement amen\u00e9s, \u00e0 l&rsquo;instar des chercheurs collaborant avec le CERN, \u00e0 analyser les donn\u00e9es des exp\u00e9riences du LHC. Enfin, en conclusion de la journ\u00e9e, ils communiqueront leurs r\u00e9sultats en anglais \u00e0 leurs homologues participant \u00e0 la journ\u00e9e dans d&rsquo;autres laboratoires autour du monde.<\/p>\n<p>Chaque ann\u00e9e, environ 10000 lyc\u00e9ens d&rsquo;une quarantaine de pays diff\u00e9rents participent. Ces journ\u00e9es sont en g\u00e9n\u00e9ral tr\u00e8s appr\u00e9ci\u00e9es des \u00e9l\u00e8ves ainsi que des professeurs. Aucun pr\u00e9requis en physique des particules n&rsquo;est n\u00e9cessaire.<\/p>\n<p>Pour plus d&rsquo;informations: <a href=\"https:\/\/www.cppm.in2p3.fr\/Masterclasses\/ContactEtLiens.php\" target=\"_blank\" rel=\"noopener noreferrer\">MasterClasses sur CPPM<\/a><\/p>\n<p>&nbsp;<\/p>\n<p>&nbsp;<\/p>\n<p>&nbsp;<\/p>\n","protected":false},"excerpt":{"rendered":"<p>Science pour Tous 06 \u00ab\u00a0Science pour Tous 06\u00a0\u00bb est une association loi 1901 compos\u00e9e de plus de 70 chercheurs et enseignants-chercheurs de tous les organismes d\u2019enseignement et de recherche des Alpes-Maritimes et de Monaco (CNRS, universit\u00e9, INRA, INRIA, Mines Paris Tech, Observatoire de la C\u00f4te d&rsquo;Azur, Laboratoire d\u2019Oc\u00e9anographie de Villefranche, INSERM, Institut de Recherche pour [&hellip;]<\/p>\n","protected":false},"author":261,"featured_media":0,"parent":0,"menu_order":0,"comment_status":"closed","ping_status":"closed","template":"","meta":{"_et_pb_use_builder":"","_et_pb_old_content":"","_et_gb_content_width":"","ngg_post_thumbnail":0,"footnotes":""},"class_list":["post-438","page","type-page","status-publish","hentry"],"rttpg_featured_image_url":null,"rttpg_author":{"display_name":"L'\u00e9quipe CAST","author_link":"https:\/\/www.pedagogie.ac-nice.fr\/cast\/author\/cast1\/"},"rttpg_comment":0,"rttpg_category":null,"rttpg_excerpt":"Science pour Tous 06 \u00ab\u00a0Science pour Tous 06\u00a0\u00bb est une association loi 1901 compos\u00e9e de plus de 70 chercheurs et enseignants-chercheurs de tous les organismes d\u2019enseignement et de recherche des Alpes-Maritimes et de Monaco (CNRS, universit\u00e9, INRA, INRIA, Mines Paris Tech, Observatoire de la C\u00f4te d&rsquo;Azur, Laboratoire d\u2019Oc\u00e9anographie de Villefranche, INSERM, Institut de Recherche pour\u2026","post_mailing_queue_ids":[],"_links":{"self":[{"href":"https:\/\/www.pedagogie.ac-nice.fr\/cast\/wp-json\/wp\/v2\/pages\/438","targetHints":{"allow":["GET"]}}],"collection":[{"href":"https:\/\/www.pedagogie.ac-nice.fr\/cast\/wp-json\/wp\/v2\/pages"}],"about":[{"href":"https:\/\/www.pedagogie.ac-nice.fr\/cast\/wp-json\/wp\/v2\/types\/page"}],"author":[{"embeddable":true,"href":"https:\/\/www.pedagogie.ac-nice.fr\/cast\/wp-json\/wp\/v2\/users\/261"}],"replies":[{"embeddable":true,"href":"https:\/\/www.pedagogie.ac-nice.fr\/cast\/wp-json\/wp\/v2\/comments?post=438"}],"version-history":[{"count":9,"href":"https:\/\/www.pedagogie.ac-nice.fr\/cast\/wp-json\/wp\/v2\/pages\/438\/revisions"}],"predecessor-version":[{"id":937,"href":"https:\/\/www.pedagogie.ac-nice.fr\/cast\/wp-json\/wp\/v2\/pages\/438\/revisions\/937"}],"wp:attachment":[{"href":"https:\/\/www.pedagogie.ac-nice.fr\/cast\/wp-json\/wp\/v2\/media?parent=438"}],"curies":[{"name":"wp","href":"https:\/\/api.w.org\/{rel}","templated":true}]}}