{"id":488,"date":"2020-11-14T12:03:16","date_gmt":"2020-11-14T11:03:16","guid":{"rendered":"https:\/\/www.pedagogie.ac-nice.fr\/cast1\/?page_id=488"},"modified":"2020-11-15T11:14:58","modified_gmt":"2020-11-15T10:14:58","slug":"liens-avec-lenseignement-superieur","status":"publish","type":"page","link":"https:\/\/www.pedagogie.ac-nice.fr\/cast\/liens-avec-lenseignement-superieur\/","title":{"rendered":"Liens avec l&rsquo;enseignement sup\u00e9rieur"},"content":{"rendered":"<p><a href=\"https:\/\/www.univ-tln.fr\/-Culture-Scientifique-et-Technique-.html\" target=\"_blank\" rel=\"noopener noreferrer\"><img loading=\"lazy\" decoding=\"async\" class=\"alignleft size-medium wp-image-499\" src=\"https:\/\/www.pedagogie.ac-nice.fr\/cast1\/wp-content\/uploads\/sites\/46\/2020\/11\/Logo-univ.-Toulon-300x87.png\" alt=\"\" width=\"300\" height=\"87\" srcset=\"https:\/\/www.pedagogie.ac-nice.fr\/cast\/wp-content\/uploads\/sites\/46\/2020\/11\/Logo-univ.-Toulon-300x87.png 300w, https:\/\/www.pedagogie.ac-nice.fr\/cast\/wp-content\/uploads\/sites\/46\/2020\/11\/Logo-univ.-Toulon.png 416w\" sizes=\"(max-width: 300px) 100vw, 300px\" \/><\/a><\/p>\n<p>D\u00e9sireuse de se mettre \u00e0 la port\u00e9e de tous les publics et de susciter des vocations aupr\u00e8s des plus jeunes en mati\u00e8re de recherche, l\u2019Universit\u00e9 de Toulon participe chaque ann\u00e9e \u00e0 des \u00e9v\u00e9nements \u00e0 destination des scolaires et du grand public dans le cadre de la diffusion de la culture scientifique et technique (CST).<\/p>\n<p>Pour en savoir plus: <a href=\"https:\/\/www.univ-tln.fr\/-Culture-Scientifique-et-Technique-.html\" target=\"_blank\" rel=\"noopener noreferrer\">https:\/\/www.univ-tln.fr\/-Culture-Scientifique-et-Technique-.html<\/a><\/p>\n<hr \/>\n<p><a href=\"https:\/\/csti.univ-cotedazur.fr\/\" target=\"_blank\" rel=\"noopener noreferrer\"><img loading=\"lazy\" decoding=\"async\" class=\"wp-image-498 alignleft\" src=\"https:\/\/www.pedagogie.ac-nice.fr\/cast1\/wp-content\/uploads\/sites\/46\/2020\/11\/Logo-OCA.png\" alt=\"\" width=\"185\" height=\"147\" \/><\/a><\/p>\n<p>&nbsp;<\/p>\n<p>Retrouver <a href=\"https:\/\/csti.univ-cotedazur.fr\/\" target=\"_blank\" rel=\"noopener noreferrer\">ici<\/a> les actualit\u00e9 en culture scientifique et technique de l&rsquo;Universit\u00e9 C\u00f4te d&rsquo;Azur.<\/p>\n<p>&nbsp;<\/p>\n<p>&nbsp;<\/p>\n<p>&nbsp;<\/p>\n<p>&nbsp;<\/p>\n<p>EDUM<img loading=\"lazy\" decoding=\"async\" class=\"alignleft size-medium wp-image-517\" src=\"https:\/\/www.pedagogie.ac-nice.fr\/cast1\/wp-content\/uploads\/sites\/46\/2020\/11\/Edumed-OCA-300x68.png\" alt=\"\" width=\"300\" height=\"68\" srcset=\"https:\/\/www.pedagogie.ac-nice.fr\/cast\/wp-content\/uploads\/sites\/46\/2020\/11\/Edumed-OCA-300x68.png 300w, https:\/\/www.pedagogie.ac-nice.fr\/cast\/wp-content\/uploads\/sites\/46\/2020\/11\/Edumed-OCA.png 472w\" sizes=\"(max-width: 300px) 100vw, 300px\" \/>ED-Obs consiste \u00e0 mettre en oeuvre une interface bas\u00e9e sur les donn\u00e9es de recherche en g\u00e9osciences concernant le\u00a0bassin m\u00e9diterran\u00e9en et orient\u00e9 vers l\u2019\u00e9ducation au risque naturel pour le grand public et notamment les lyc\u00e9ens. Cet observatoire \u00e9ducatif vise \u00e0 faciliter l\u2019utilisation des donn\u00e9es issues de capteurs dans l\u2019enseignement secondaire et sup\u00e9rieur.<\/p>\n<p>Pour \u00eatre \u00e0 l&rsquo;\u00e9coute sismique de la terre : <a href=\"http:\/\/edumed.unice.fr\/fr\/data-center\/seismo\" target=\"_blank\" rel=\"noopener noreferrer\">Seismo<\/a><br \/>\nPour suivre le trajet de l&rsquo;eau des rivi\u00e8res c\u00f4ti\u00e8res : <a href=\"http:\/\/edumed.unice.fr\/fr\/data-center\/hydro\" target=\"_blank\" rel=\"noopener noreferrer\">Hydro<\/a><br \/>\nPour suivre les mar\u00e9graphes en temps r\u00e9el sur quelques stations du pourtour m\u00e9diterran\u00e9en: <a href=\"http:\/\/edumed.unice.fr\/fr\/data-center\/oceano\" target=\"_blank\" rel=\"noopener noreferrer\">Oc\u00e9ano<\/a><br \/>\nPour suivre la m\u00e9t\u00e9o autour de nous: <a href=\"http:\/\/edumed.unice.fr\/fr\/data-center\/meteo\" target=\"_blank\" rel=\"noopener noreferrer\">M\u00e9t\u00e9o<\/a><\/p>\n<p>&nbsp;<\/p>\n<hr \/>\n<p><img loading=\"lazy\" decoding=\"async\" class=\"alignleft size-medium wp-image-541\" src=\"https:\/\/www.pedagogie.ac-nice.fr\/cast1\/wp-content\/uploads\/sites\/46\/2020\/11\/DECLIC-1-300x82.png\" alt=\"\" width=\"300\" height=\"82\" srcset=\"https:\/\/www.pedagogie.ac-nice.fr\/cast\/wp-content\/uploads\/sites\/46\/2020\/11\/DECLIC-1-300x82.png 300w, https:\/\/www.pedagogie.ac-nice.fr\/cast\/wp-content\/uploads\/sites\/46\/2020\/11\/DECLIC-1-1024x280.png 1024w, https:\/\/www.pedagogie.ac-nice.fr\/cast\/wp-content\/uploads\/sites\/46\/2020\/11\/DECLIC-1-768x210.png 768w, https:\/\/www.pedagogie.ac-nice.fr\/cast\/wp-content\/uploads\/sites\/46\/2020\/11\/DECLIC-1.png 1137w\" sizes=\"(max-width: 300px) 100vw, 300px\" \/><\/p>\n<p>&nbsp;<\/p>\n<p>Pour en savoir plus: <a href=\"http:\/\/www.cerclefser.org\/fr\/declics\/\" target=\"_blank\" rel=\"noopener noreferrer\">http:\/\/www.cerclefser.org\/fr\/declics\/<\/a><\/p>\n<p>&nbsp;<\/p>\n","protected":false},"excerpt":{"rendered":"<p>D\u00e9sireuse de se mettre \u00e0 la port\u00e9e de tous les publics et de susciter des vocations aupr\u00e8s des plus jeunes en mati\u00e8re de recherche, l\u2019Universit\u00e9 de Toulon participe chaque ann\u00e9e \u00e0 des \u00e9v\u00e9nements \u00e0 destination des scolaires et du grand public dans le cadre de la diffusion de la culture scientifique et technique (CST). Pour [&hellip;]<\/p>\n","protected":false},"author":261,"featured_media":0,"parent":0,"menu_order":0,"comment_status":"closed","ping_status":"closed","template":"","meta":{"_et_pb_use_builder":"","_et_pb_old_content":"","_et_gb_content_width":"","ngg_post_thumbnail":0,"footnotes":""},"class_list":["post-488","page","type-page","status-publish","hentry"],"rttpg_featured_image_url":null,"rttpg_author":{"display_name":"L'\u00e9quipe CAST","author_link":"https:\/\/www.pedagogie.ac-nice.fr\/cast\/author\/cast1\/"},"rttpg_comment":0,"rttpg_category":null,"rttpg_excerpt":"D\u00e9sireuse de se mettre \u00e0 la port\u00e9e de tous les publics et de susciter des vocations aupr\u00e8s des plus jeunes en mati\u00e8re de recherche, l\u2019Universit\u00e9 de Toulon participe chaque ann\u00e9e \u00e0 des \u00e9v\u00e9nements \u00e0 destination des scolaires et du grand public dans le cadre de la diffusion de la culture scientifique et technique (CST). Pour\u2026","post_mailing_queue_ids":[],"_links":{"self":[{"href":"https:\/\/www.pedagogie.ac-nice.fr\/cast\/wp-json\/wp\/v2\/pages\/488","targetHints":{"allow":["GET"]}}],"collection":[{"href":"https:\/\/www.pedagogie.ac-nice.fr\/cast\/wp-json\/wp\/v2\/pages"}],"about":[{"href":"https:\/\/www.pedagogie.ac-nice.fr\/cast\/wp-json\/wp\/v2\/types\/page"}],"author":[{"embeddable":true,"href":"https:\/\/www.pedagogie.ac-nice.fr\/cast\/wp-json\/wp\/v2\/users\/261"}],"replies":[{"embeddable":true,"href":"https:\/\/www.pedagogie.ac-nice.fr\/cast\/wp-json\/wp\/v2\/comments?post=488"}],"version-history":[{"count":6,"href":"https:\/\/www.pedagogie.ac-nice.fr\/cast\/wp-json\/wp\/v2\/pages\/488\/revisions"}],"predecessor-version":[{"id":590,"href":"https:\/\/www.pedagogie.ac-nice.fr\/cast\/wp-json\/wp\/v2\/pages\/488\/revisions\/590"}],"wp:attachment":[{"href":"https:\/\/www.pedagogie.ac-nice.fr\/cast\/wp-json\/wp\/v2\/media?parent=488"}],"curies":[{"name":"wp","href":"https:\/\/api.w.org\/{rel}","templated":true}]}}