{"id":3506,"date":"2016-12-06T13:10:41","date_gmt":"2016-12-06T12:10:41","guid":{"rendered":"https:\/\/www.pedagogie.ac-nice.fr\/cdesc83\/annuaire-professionnel\/3506\/?post_type=wpbdp_listing&#038;p=3506"},"modified":"2018-04-05T16:41:32","modified_gmt":"2018-04-05T14:41:32","slug":"mouvement-contre-le-racisme-et-pour-lamitie-entre-les-peuples-mrap","status":"publish","type":"wpbdp_listing","link":"https:\/\/www.pedagogie.ac-nice.fr\/cdesc83\/annuaire-ordre1\/3506\/mouvement-contre-le-racisme-et-pour-lamitie-entre-les-peuples-mrap\/","title":{"rendered":"Mouvement contre le Racisme et pour l\u2019Amiti\u00e9 entre les Peuples"},"content":{"rendered":"<p><em>Agit pour faire prendre conscience que nous sommes tous des \u00e9gaux, partageant les m\u00eames Droits de l\u2019Homme, garantis par la Constitution fran\u00e7aise.<br \/>\nD\u00e9veloppe des outils p\u00e9dagogiques contre le racisme, les discriminations, et pour l&rsquo;amiti\u00e9 entre les peuples.<\/em><\/p>\n","protected":false},"excerpt":{"rendered":"<p>Agit pour faire prendre conscience que nous sommes tous des \u00e9gaux, partageant les m\u00eames Droits de l\u2019Homme, garantis par la Constitution fran\u00e7aise. D\u00e9veloppe des outils p\u00e9dagogiques contre le racisme, les discriminations, et pour l&rsquo;amiti\u00e9 entre les peuples.<\/p>\n","protected":false},"author":1,"featured_media":0,"comment_status":"closed","ping_status":"closed","template":"","meta":{"_et_pb_use_builder":"","_et_pb_old_content":"","_et_gb_content_width":"","ngg_post_thumbnail":0},"wpbdp_category":[17],"wpbdp_tag":[],"class_list":["post-3506","wpbdp_listing","type-wpbdp_listing","status-publish","hentry","wpbdp_category-m"],"post_mailing_queue_ids":[],"_links":{"self":[{"href":"https:\/\/www.pedagogie.ac-nice.fr\/cdesc83\/wp-json\/wp\/v2\/wpbdp_listing\/3506","targetHints":{"allow":["GET"]}}],"collection":[{"href":"https:\/\/www.pedagogie.ac-nice.fr\/cdesc83\/wp-json\/wp\/v2\/wpbdp_listing"}],"about":[{"href":"https:\/\/www.pedagogie.ac-nice.fr\/cdesc83\/wp-json\/wp\/v2\/types\/wpbdp_listing"}],"author":[{"embeddable":true,"href":"https:\/\/www.pedagogie.ac-nice.fr\/cdesc83\/wp-json\/wp\/v2\/users\/1"}],"replies":[{"embeddable":true,"href":"https:\/\/www.pedagogie.ac-nice.fr\/cdesc83\/wp-json\/wp\/v2\/comments?post=3506"}],"wp:attachment":[{"href":"https:\/\/www.pedagogie.ac-nice.fr\/cdesc83\/wp-json\/wp\/v2\/media?parent=3506"}],"wp:term":[{"taxonomy":"wpbdp_category","embeddable":true,"href":"https:\/\/www.pedagogie.ac-nice.fr\/cdesc83\/wp-json\/wp\/v2\/wpbdp_category?post=3506"},{"taxonomy":"wpbdp_tag","embeddable":true,"href":"https:\/\/www.pedagogie.ac-nice.fr\/cdesc83\/wp-json\/wp\/v2\/wpbdp_tag?post=3506"}],"curies":[{"name":"wp","href":"https:\/\/api.w.org\/{rel}","templated":true}]}}