{"id":3535,"date":"2016-12-06T13:10:48","date_gmt":"2016-12-06T12:10:48","guid":{"rendered":"https:\/\/www.pedagogie.ac-nice.fr\/cdesc83\/annuaire-professionnel\/3535\/?post_type=wpbdp_listing&#038;p=3535"},"modified":"2018-04-05T16:39:23","modified_gmt":"2018-04-05T14:39:23","slug":"institut-pour-la-protection-et-la-valorisation-de-la-foret-mediterraneenne-ipvfm","status":"publish","type":"wpbdp_listing","link":"https:\/\/www.pedagogie.ac-nice.fr\/cdesc83\/annuaire-ordre1\/3535\/institut-pour-la-protection-et-la-valorisation-de-la-foret-mediterraneenne-ipvfm\/","title":{"rendered":"Institut Pour la For\u00eat \u2013 \u00c9comus\u00e9e"},"content":{"rendered":"<p><em>Pr\u00e9vention des incendies &#8211; R\u00e9habilitation de sites incendi\u00e9s &#8211; Mise en \u0153uvre d&rsquo;op\u00e9rations de protection de la for\u00eat m\u00e9diterran\u00e9enne<\/em><\/p>\n<p>Interlocuteur privil\u00e9gi\u00e9 des institutionnels, des collectivit\u00e9s et des relais de la pr\u00e9vention, l<strong>\u2018Institut pour la For\u00eat M\u00e9diterran\u00e9enne<\/strong> est aujourd\u2019hui au service de l\u2019initiative et des r\u00e9seaux pour <strong>partager son exp\u00e9rience<\/strong> et renforcer les partenariats pour la pr\u00e9servation des for\u00eats et des espaces naturels.<\/p>\n<p>L\u2019\u00c9comus\u00e9e de la For\u00eat est <strong>un laboratoire d\u2019id\u00e9es et de pratiques<\/strong> o\u00f9 expositions et accueil de groupes riment avec le savoir-\u00eatre pour la <strong>pr\u00e9servation et la mise en valeur<\/strong> des espaces forestiers sensibles.<br \/>\nPlus qu\u2019un mus\u00e9e, il est aujourd\u2019hui un lieu de cr\u00e9ation d\u2019o\u00f9 partent des expositions itin\u00e9rantes qui mettent \u00e0 l\u2019honneur la biodiversit\u00e9 sans pareil de la nature m\u00e9diterran\u00e9enne.<\/p>\n<p><em>\u00a0<\/em><\/p>\n","protected":false},"excerpt":{"rendered":"<p>Pr\u00e9vention des incendies &#8211; R\u00e9habilitation de sites incendi\u00e9s &#8211; Mise en \u0153uvre d&rsquo;op\u00e9rations de protection de la for\u00eat m\u00e9diterran\u00e9enne Interlocuteur privil\u00e9gi\u00e9 des institutionnels, des collectivit\u00e9s et des relais de la pr\u00e9vention, l\u2018Institut pour la For\u00eat M\u00e9diterran\u00e9enne est aujourd\u2019hui au service de l\u2019initiative et des r\u00e9seaux pour partager son exp\u00e9rience et renforcer les partenariats pour la [&hellip;]<\/p>\n","protected":false},"author":1,"featured_media":0,"comment_status":"closed","ping_status":"closed","template":"","meta":{"_et_pb_use_builder":"","_et_pb_old_content":"","_et_gb_content_width":"","ngg_post_thumbnail":0},"wpbdp_category":[14],"wpbdp_tag":[],"class_list":["post-3535","wpbdp_listing","type-wpbdp_listing","status-publish","hentry","wpbdp_category-i"],"post_mailing_queue_ids":[],"_links":{"self":[{"href":"https:\/\/www.pedagogie.ac-nice.fr\/cdesc83\/wp-json\/wp\/v2\/wpbdp_listing\/3535","targetHints":{"allow":["GET"]}}],"collection":[{"href":"https:\/\/www.pedagogie.ac-nice.fr\/cdesc83\/wp-json\/wp\/v2\/wpbdp_listing"}],"about":[{"href":"https:\/\/www.pedagogie.ac-nice.fr\/cdesc83\/wp-json\/wp\/v2\/types\/wpbdp_listing"}],"author":[{"embeddable":true,"href":"https:\/\/www.pedagogie.ac-nice.fr\/cdesc83\/wp-json\/wp\/v2\/users\/1"}],"replies":[{"embeddable":true,"href":"https:\/\/www.pedagogie.ac-nice.fr\/cdesc83\/wp-json\/wp\/v2\/comments?post=3535"}],"wp:attachment":[{"href":"https:\/\/www.pedagogie.ac-nice.fr\/cdesc83\/wp-json\/wp\/v2\/media?parent=3535"}],"wp:term":[{"taxonomy":"wpbdp_category","embeddable":true,"href":"https:\/\/www.pedagogie.ac-nice.fr\/cdesc83\/wp-json\/wp\/v2\/wpbdp_category?post=3535"},{"taxonomy":"wpbdp_tag","embeddable":true,"href":"https:\/\/www.pedagogie.ac-nice.fr\/cdesc83\/wp-json\/wp\/v2\/wpbdp_tag?post=3535"}],"curies":[{"name":"wp","href":"https:\/\/api.w.org\/{rel}","templated":true}]}}