{"id":3540,"date":"2016-12-06T13:10:49","date_gmt":"2016-12-06T12:10:49","guid":{"rendered":"https:\/\/www.pedagogie.ac-nice.fr\/cdesc83\/annuaire-professionnel\/3540\/?post_type=wpbdp_listing&#038;p=3540"},"modified":"2018-04-05T16:36:17","modified_gmt":"2018-04-05T14:36:17","slug":"horizon-multimedia-2","status":"publish","type":"wpbdp_listing","link":"https:\/\/www.pedagogie.ac-nice.fr\/cdesc83\/annuaire-ordre1\/3540\/horizon-multimedia-2\/","title":{"rendered":"Horizon Multimedia"},"content":{"rendered":"<p><em>Actions de Formation professionnelle et d&rsquo;animation Multim\u00e9dia<\/em><br \/>\n<em>Accompagnement des \u00e9l\u00e8ves pendant le temps scolaire\u00a0 en appui des programmes des enseignants dans le cadre du B2I.<\/em><br \/>\n<em> Actions de pr\u00e9vention sur les usages responsables et critiques du num\u00e9rique<\/em><br \/>\n<em> Actions d\u2019appui \u00e0 la parentalit\u00e9 &#8211; Des sessions de formation aux usages probl\u00e9matiques du num\u00e9rique destin\u00e9es aux professionnels de l\u2019\u00c9ducation<\/em><\/p>\n","protected":false},"excerpt":{"rendered":"<p>Actions de Formation professionnelle et d&rsquo;animation Multim\u00e9dia Accompagnement des \u00e9l\u00e8ves pendant le temps scolaire\u00a0 en appui des programmes des enseignants dans le cadre du B2I. Actions de pr\u00e9vention sur les usages responsables et critiques du num\u00e9rique Actions d\u2019appui \u00e0 la parentalit\u00e9 &#8211; Des sessions de formation aux usages probl\u00e9matiques du num\u00e9rique destin\u00e9es aux professionnels de [&hellip;]<\/p>\n","protected":false},"author":1,"featured_media":0,"comment_status":"closed","ping_status":"closed","template":"","meta":{"_et_pb_use_builder":"","_et_pb_old_content":"","_et_gb_content_width":"","ngg_post_thumbnail":0},"wpbdp_category":[13],"wpbdp_tag":[],"class_list":["post-3540","wpbdp_listing","type-wpbdp_listing","status-publish","hentry","wpbdp_category-h"],"post_mailing_queue_ids":[],"_links":{"self":[{"href":"https:\/\/www.pedagogie.ac-nice.fr\/cdesc83\/wp-json\/wp\/v2\/wpbdp_listing\/3540","targetHints":{"allow":["GET"]}}],"collection":[{"href":"https:\/\/www.pedagogie.ac-nice.fr\/cdesc83\/wp-json\/wp\/v2\/wpbdp_listing"}],"about":[{"href":"https:\/\/www.pedagogie.ac-nice.fr\/cdesc83\/wp-json\/wp\/v2\/types\/wpbdp_listing"}],"author":[{"embeddable":true,"href":"https:\/\/www.pedagogie.ac-nice.fr\/cdesc83\/wp-json\/wp\/v2\/users\/1"}],"replies":[{"embeddable":true,"href":"https:\/\/www.pedagogie.ac-nice.fr\/cdesc83\/wp-json\/wp\/v2\/comments?post=3540"}],"wp:attachment":[{"href":"https:\/\/www.pedagogie.ac-nice.fr\/cdesc83\/wp-json\/wp\/v2\/media?parent=3540"}],"wp:term":[{"taxonomy":"wpbdp_category","embeddable":true,"href":"https:\/\/www.pedagogie.ac-nice.fr\/cdesc83\/wp-json\/wp\/v2\/wpbdp_category?post=3540"},{"taxonomy":"wpbdp_tag","embeddable":true,"href":"https:\/\/www.pedagogie.ac-nice.fr\/cdesc83\/wp-json\/wp\/v2\/wpbdp_tag?post=3540"}],"curies":[{"name":"wp","href":"https:\/\/api.w.org\/{rel}","templated":true}]}}