{"id":3572,"date":"2016-12-06T13:10:57","date_gmt":"2016-12-06T12:10:57","guid":{"rendered":"https:\/\/www.pedagogie.ac-nice.fr\/cdesc83\/annuaire-professionnel\/3572\/?post_type=wpbdp_listing&#038;p=3572"},"modified":"2018-04-05T16:34:05","modified_gmt":"2018-04-05T14:34:05","slug":"federation-nationale-laique-de-structures-et-dactivites-educatives-sociales-et-culturelles-les-francas","status":"publish","type":"wpbdp_listing","link":"https:\/\/www.pedagogie.ac-nice.fr\/cdesc83\/annuaire-ordre1\/3572\/federation-nationale-laique-de-structures-et-dactivites-educatives-sociales-et-culturelles-les-francas\/","title":{"rendered":"Les Francas"},"content":{"rendered":"<p><em>Mouvement d&rsquo;\u00e9ducation populaire. Agit pour l\u2019acc\u00e8s de tous\u00a0 \u00e0 des loisirs de qualit\u00e9, en toute ind\u00e9pendance, selon le principe de la\u00efcit\u00e9. Rassemble tous ceux qui, en mati\u00e8re d\u2019\u00e9ducation, veulent faire \u00e9merger des id\u00e9es nouvelles et stimulantes pour le d\u00e9veloppement de la cit\u00e9.<\/em><\/p>\n","protected":false},"excerpt":{"rendered":"<p>Mouvement d&rsquo;\u00e9ducation populaire. Agit pour l\u2019acc\u00e8s de tous\u00a0 \u00e0 des loisirs de qualit\u00e9, en toute ind\u00e9pendance, selon le principe de la\u00efcit\u00e9. Rassemble tous ceux qui, en mati\u00e8re d\u2019\u00e9ducation, veulent faire \u00e9merger des id\u00e9es nouvelles et stimulantes pour le d\u00e9veloppement de la cit\u00e9.<\/p>\n","protected":false},"author":1,"featured_media":0,"comment_status":"closed","ping_status":"closed","template":"","meta":{"_et_pb_use_builder":"","_et_pb_old_content":"","_et_gb_content_width":"","ngg_post_thumbnail":0},"wpbdp_category":[6],"wpbdp_tag":[],"class_list":["post-3572","wpbdp_listing","type-wpbdp_listing","status-publish","hentry","wpbdp_category-l"],"post_mailing_queue_ids":[],"_links":{"self":[{"href":"https:\/\/www.pedagogie.ac-nice.fr\/cdesc83\/wp-json\/wp\/v2\/wpbdp_listing\/3572","targetHints":{"allow":["GET"]}}],"collection":[{"href":"https:\/\/www.pedagogie.ac-nice.fr\/cdesc83\/wp-json\/wp\/v2\/wpbdp_listing"}],"about":[{"href":"https:\/\/www.pedagogie.ac-nice.fr\/cdesc83\/wp-json\/wp\/v2\/types\/wpbdp_listing"}],"author":[{"embeddable":true,"href":"https:\/\/www.pedagogie.ac-nice.fr\/cdesc83\/wp-json\/wp\/v2\/users\/1"}],"replies":[{"embeddable":true,"href":"https:\/\/www.pedagogie.ac-nice.fr\/cdesc83\/wp-json\/wp\/v2\/comments?post=3572"}],"wp:attachment":[{"href":"https:\/\/www.pedagogie.ac-nice.fr\/cdesc83\/wp-json\/wp\/v2\/media?parent=3572"}],"wp:term":[{"taxonomy":"wpbdp_category","embeddable":true,"href":"https:\/\/www.pedagogie.ac-nice.fr\/cdesc83\/wp-json\/wp\/v2\/wpbdp_category?post=3572"},{"taxonomy":"wpbdp_tag","embeddable":true,"href":"https:\/\/www.pedagogie.ac-nice.fr\/cdesc83\/wp-json\/wp\/v2\/wpbdp_tag?post=3572"}],"curies":[{"name":"wp","href":"https:\/\/api.w.org\/{rel}","templated":true}]}}