{"id":3714,"date":"2016-12-06T13:11:22","date_gmt":"2016-12-06T12:11:22","guid":{"rendered":"https:\/\/www.pedagogie.ac-nice.fr\/cdesc83\/annuaire-professionnel\/3714\/?post_type=wpbdp_listing&#038;p=3714"},"modified":"2018-04-05T16:21:39","modified_gmt":"2018-04-05T14:21:39","slug":"association-de-prevention-specialisee-club-des-jeunes-aps-cj","status":"publish","type":"wpbdp_listing","link":"https:\/\/www.pedagogie.ac-nice.fr\/cdesc83\/annuaire-ordre1\/3714\/association-de-prevention-specialisee-club-des-jeunes-aps-cj\/","title":{"rendered":"Association de Pr\u00e9vention Sp\u00e9cialis\u00e9e"},"content":{"rendered":"<p>Habilit\u00e9e par le Conseil D\u00e9partemental dans le champ de la protection de l\u2019enfance. Elle a pour mission de pr\u00e9venir la marginalisation par la socialisation et la promotion sociale des jeunes et des familles. Elle intervient aupr\u00e8s des enfants et des jeunes \u00e2g\u00e9s de 2 \u00e0 25 ans.<\/p>\n<p>D\u00e9crochage, rupture vis-\u00e0 vis de la famille, de la scolarit\u00e9, de la vie professionnelle et affective caract\u00e9risent ces publics aupr\u00e8s desquels les \u00e9quipes \u00e9ducatives de l\u2019APS interviennent. Elles proposent et assurent des actions individuelles et collectives. Elle organise des action d\u2019insertion sociale et professionnelle.<\/p>\n<p><em>\u00a0<\/em><\/p>\n","protected":false},"excerpt":{"rendered":"<p>Habilit\u00e9e par le Conseil D\u00e9partemental dans le champ de la protection de l\u2019enfance. Elle a pour mission de pr\u00e9venir la marginalisation par la socialisation et la promotion sociale des jeunes et des familles. Elle intervient aupr\u00e8s des enfants et des jeunes \u00e2g\u00e9s de 2 \u00e0 25 ans. D\u00e9crochage, rupture vis-\u00e0 vis de la famille, de [&hellip;]<\/p>\n","protected":false},"author":1,"featured_media":0,"comment_status":"closed","ping_status":"closed","template":"","meta":{"_et_pb_use_builder":"","_et_pb_old_content":"","_et_gb_content_width":"","ngg_post_thumbnail":0},"wpbdp_category":[7],"wpbdp_tag":[],"class_list":["post-3714","wpbdp_listing","type-wpbdp_listing","status-publish","hentry","wpbdp_category-a"],"post_mailing_queue_ids":[],"_links":{"self":[{"href":"https:\/\/www.pedagogie.ac-nice.fr\/cdesc83\/wp-json\/wp\/v2\/wpbdp_listing\/3714","targetHints":{"allow":["GET"]}}],"collection":[{"href":"https:\/\/www.pedagogie.ac-nice.fr\/cdesc83\/wp-json\/wp\/v2\/wpbdp_listing"}],"about":[{"href":"https:\/\/www.pedagogie.ac-nice.fr\/cdesc83\/wp-json\/wp\/v2\/types\/wpbdp_listing"}],"author":[{"embeddable":true,"href":"https:\/\/www.pedagogie.ac-nice.fr\/cdesc83\/wp-json\/wp\/v2\/users\/1"}],"replies":[{"embeddable":true,"href":"https:\/\/www.pedagogie.ac-nice.fr\/cdesc83\/wp-json\/wp\/v2\/comments?post=3714"}],"wp:attachment":[{"href":"https:\/\/www.pedagogie.ac-nice.fr\/cdesc83\/wp-json\/wp\/v2\/media?parent=3714"}],"wp:term":[{"taxonomy":"wpbdp_category","embeddable":true,"href":"https:\/\/www.pedagogie.ac-nice.fr\/cdesc83\/wp-json\/wp\/v2\/wpbdp_category?post=3714"},{"taxonomy":"wpbdp_tag","embeddable":true,"href":"https:\/\/www.pedagogie.ac-nice.fr\/cdesc83\/wp-json\/wp\/v2\/wpbdp_tag?post=3714"}],"curies":[{"name":"wp","href":"https:\/\/api.w.org\/{rel}","templated":true}]}}