{"id":3722,"date":"2016-12-06T13:11:23","date_gmt":"2016-12-06T12:11:23","guid":{"rendered":"https:\/\/www.pedagogie.ac-nice.fr\/cdesc83\/annuaire-professionnel\/3722\/?post_type=wpbdp_listing&#038;p=3722"},"modified":"2018-04-05T16:21:27","modified_gmt":"2018-04-05T14:21:27","slug":"association-pour-le-developpement-de-leducation-a-lenvironnement-adee","status":"publish","type":"wpbdp_listing","link":"https:\/\/www.pedagogie.ac-nice.fr\/cdesc83\/annuaire-ordre1\/3722\/association-pour-le-developpement-de-leducation-a-lenvironnement-adee\/","title":{"rendered":"Association pour le D\u00e9veloppement de l\u2019\u00c9ducation \u00e0 l&rsquo;Environnement"},"content":{"rendered":"<p><em>A pour vocation d&rsquo;informer les citoyens pour permettre 0 notre soci\u00e9t\u00e9 de relever les d\u00e9fis du XXIe si\u00e8cle en conciliant le d\u00e9veloppement \u00e9conomique, social et environnemental. Elle r\u00e9pond aux besoins des services de l\u2019\u00e9tat, de l\u2019\u00e9ducation Nationale, des collectivit\u00e9s, des entreprises, des associations et des citoyens. Elle propose des solutions adapt\u00e9es aux publics en mati\u00e8re de communication, d&rsquo;information et d\u2019\u00e9ducation au d\u00e9veloppement durable.<\/em><\/p>\n","protected":false},"excerpt":{"rendered":"<p>A pour vocation d&rsquo;informer les citoyens pour permettre 0 notre soci\u00e9t\u00e9 de relever les d\u00e9fis du XXIe si\u00e8cle en conciliant le d\u00e9veloppement \u00e9conomique, social et environnemental. Elle r\u00e9pond aux besoins des services de l\u2019\u00e9tat, de l\u2019\u00e9ducation Nationale, des collectivit\u00e9s, des entreprises, des associations et des citoyens. Elle propose des solutions adapt\u00e9es aux publics en mati\u00e8re [&hellip;]<\/p>\n","protected":false},"author":1,"featured_media":0,"comment_status":"closed","ping_status":"closed","template":"","meta":{"_et_pb_use_builder":"","_et_pb_old_content":"","_et_gb_content_width":"","ngg_post_thumbnail":0},"wpbdp_category":[7],"wpbdp_tag":[],"class_list":["post-3722","wpbdp_listing","type-wpbdp_listing","status-publish","hentry","wpbdp_category-a"],"post_mailing_queue_ids":[],"_links":{"self":[{"href":"https:\/\/www.pedagogie.ac-nice.fr\/cdesc83\/wp-json\/wp\/v2\/wpbdp_listing\/3722","targetHints":{"allow":["GET"]}}],"collection":[{"href":"https:\/\/www.pedagogie.ac-nice.fr\/cdesc83\/wp-json\/wp\/v2\/wpbdp_listing"}],"about":[{"href":"https:\/\/www.pedagogie.ac-nice.fr\/cdesc83\/wp-json\/wp\/v2\/types\/wpbdp_listing"}],"author":[{"embeddable":true,"href":"https:\/\/www.pedagogie.ac-nice.fr\/cdesc83\/wp-json\/wp\/v2\/users\/1"}],"replies":[{"embeddable":true,"href":"https:\/\/www.pedagogie.ac-nice.fr\/cdesc83\/wp-json\/wp\/v2\/comments?post=3722"}],"wp:attachment":[{"href":"https:\/\/www.pedagogie.ac-nice.fr\/cdesc83\/wp-json\/wp\/v2\/media?parent=3722"}],"wp:term":[{"taxonomy":"wpbdp_category","embeddable":true,"href":"https:\/\/www.pedagogie.ac-nice.fr\/cdesc83\/wp-json\/wp\/v2\/wpbdp_category?post=3722"},{"taxonomy":"wpbdp_tag","embeddable":true,"href":"https:\/\/www.pedagogie.ac-nice.fr\/cdesc83\/wp-json\/wp\/v2\/wpbdp_tag?post=3722"}],"curies":[{"name":"wp","href":"https:\/\/api.w.org\/{rel}","templated":true}]}}