{"id":4078,"date":"2017-03-12T16:10:33","date_gmt":"2017-03-12T15:10:33","guid":{"rendered":"https:\/\/www.pedagogie.ac-nice.fr\/cdesc83\/annuaire-professionnel\/4078\/?post_type=wpbdp_listing&#038;p=4078"},"modified":"2018-04-05T16:03:02","modified_gmt":"2018-04-05T14:03:02","slug":"association-pour-linsertion-sociale-et-professionnelle-des-personnes-handicapees","status":"publish","type":"wpbdp_listing","link":"https:\/\/www.pedagogie.ac-nice.fr\/cdesc83\/annuaire-ordre1\/4078\/association-pour-linsertion-sociale-et-professionnelle-des-personnes-handicapees\/","title":{"rendered":"Association pour l\u2019Insertion Sociale et Professionnelle des Personnes Handicap\u00e9es"},"content":{"rendered":"<p><em>Accueille dans ses 150 \u00e9tablissements et services (sanitaires et m\u00e9dico sociaux) plus de 12 000 personnes handicap\u00e9es.<\/em><br \/>\n<em>Propose orientation, formation et aide \u00e0 l\u2019insertion professionnelle<\/em><br \/>\n<em>Elle accompagne \u00e9galement entreprises et candidats dans leur d\u00e9marche pour am\u00e9liorer l\u2019emploi des personnes handicap\u00e9es.<\/em><\/p>\n","protected":false},"excerpt":{"rendered":"<p>Accueille dans ses 150 \u00e9tablissements et services (sanitaires et m\u00e9dico sociaux) plus de 12 000 personnes handicap\u00e9es. Propose orientation, formation et aide \u00e0 l\u2019insertion professionnelle Elle accompagne \u00e9galement entreprises et candidats dans leur d\u00e9marche pour am\u00e9liorer l\u2019emploi des personnes handicap\u00e9es.<\/p>\n","protected":false},"author":1,"featured_media":0,"comment_status":"closed","ping_status":"closed","template":"","meta":{"_et_pb_use_builder":"","_et_pb_old_content":"","_et_gb_content_width":"","ngg_post_thumbnail":0},"wpbdp_category":[7],"wpbdp_tag":[],"class_list":["post-4078","wpbdp_listing","type-wpbdp_listing","status-publish","hentry","wpbdp_category-a"],"post_mailing_queue_ids":[],"_links":{"self":[{"href":"https:\/\/www.pedagogie.ac-nice.fr\/cdesc83\/wp-json\/wp\/v2\/wpbdp_listing\/4078","targetHints":{"allow":["GET"]}}],"collection":[{"href":"https:\/\/www.pedagogie.ac-nice.fr\/cdesc83\/wp-json\/wp\/v2\/wpbdp_listing"}],"about":[{"href":"https:\/\/www.pedagogie.ac-nice.fr\/cdesc83\/wp-json\/wp\/v2\/types\/wpbdp_listing"}],"author":[{"embeddable":true,"href":"https:\/\/www.pedagogie.ac-nice.fr\/cdesc83\/wp-json\/wp\/v2\/users\/1"}],"replies":[{"embeddable":true,"href":"https:\/\/www.pedagogie.ac-nice.fr\/cdesc83\/wp-json\/wp\/v2\/comments?post=4078"}],"wp:attachment":[{"href":"https:\/\/www.pedagogie.ac-nice.fr\/cdesc83\/wp-json\/wp\/v2\/media?parent=4078"}],"wp:term":[{"taxonomy":"wpbdp_category","embeddable":true,"href":"https:\/\/www.pedagogie.ac-nice.fr\/cdesc83\/wp-json\/wp\/v2\/wpbdp_category?post=4078"},{"taxonomy":"wpbdp_tag","embeddable":true,"href":"https:\/\/www.pedagogie.ac-nice.fr\/cdesc83\/wp-json\/wp\/v2\/wpbdp_tag?post=4078"}],"curies":[{"name":"wp","href":"https:\/\/api.w.org\/{rel}","templated":true}]}}