{"id":4082,"date":"2017-03-12T16:33:40","date_gmt":"2017-03-12T15:33:40","guid":{"rendered":"https:\/\/www.pedagogie.ac-nice.fr\/cdesc83\/annuaire-professionnel\/4082\/?post_type=wpbdp_listing&#038;p=4082"},"modified":"2018-04-05T16:02:53","modified_gmt":"2018-04-05T14:02:53","slug":"lecrit-plume","status":"publish","type":"wpbdp_listing","link":"https:\/\/www.pedagogie.ac-nice.fr\/cdesc83\/annuaire-ordre1\/4082\/lecrit-plume\/","title":{"rendered":"Association L\u2019\u00c9crit Plume"},"content":{"rendered":"<ul>\n<li><em>Apporter aide et conseil \u00e0 toute personne en difficult\u00e9 d&rsquo;\u00e9criture.<\/em><\/li>\n<li><em>Susciter et d&rsquo;accompagner la cr\u00e9ation artistique et litt\u00e9raire sous toutes ses formes.<\/em><\/li>\n<li><em>D\u00e9velopper les connaissances dans tous les domaines, la r\u00e9alisation de tout projet li\u00e9 \u00e0 la cr\u00e9ation et ce dans tous les lieux.<\/em><\/li>\n<li><em>Mise en \u0153uvre portant sur l&rsquo;organisation de la formation professionnelle continue dans le cadre de l&rsquo;\u00e9ducation permanente.<\/em><\/li>\n<li><em>Organisation de toute manifestation litt\u00e9raire ou artistique.<\/em><\/li>\n<\/ul>\n<p><em>\u00a0<\/em><\/p>\n","protected":false},"excerpt":{"rendered":"<p>Apporter aide et conseil \u00e0 toute personne en difficult\u00e9 d&rsquo;\u00e9criture. Susciter et d&rsquo;accompagner la cr\u00e9ation artistique et litt\u00e9raire sous toutes ses formes. D\u00e9velopper les connaissances dans tous les domaines, la r\u00e9alisation de tout projet li\u00e9 \u00e0 la cr\u00e9ation et ce dans tous les lieux. Mise en \u0153uvre portant sur l&rsquo;organisation de la formation professionnelle continue [&hellip;]<\/p>\n","protected":false},"author":1,"featured_media":0,"comment_status":"closed","ping_status":"closed","template":"","meta":{"_et_pb_use_builder":"","_et_pb_old_content":"","_et_gb_content_width":"","ngg_post_thumbnail":0},"wpbdp_category":[7],"wpbdp_tag":[],"class_list":["post-4082","wpbdp_listing","type-wpbdp_listing","status-publish","hentry","wpbdp_category-a"],"post_mailing_queue_ids":[],"_links":{"self":[{"href":"https:\/\/www.pedagogie.ac-nice.fr\/cdesc83\/wp-json\/wp\/v2\/wpbdp_listing\/4082","targetHints":{"allow":["GET"]}}],"collection":[{"href":"https:\/\/www.pedagogie.ac-nice.fr\/cdesc83\/wp-json\/wp\/v2\/wpbdp_listing"}],"about":[{"href":"https:\/\/www.pedagogie.ac-nice.fr\/cdesc83\/wp-json\/wp\/v2\/types\/wpbdp_listing"}],"author":[{"embeddable":true,"href":"https:\/\/www.pedagogie.ac-nice.fr\/cdesc83\/wp-json\/wp\/v2\/users\/1"}],"replies":[{"embeddable":true,"href":"https:\/\/www.pedagogie.ac-nice.fr\/cdesc83\/wp-json\/wp\/v2\/comments?post=4082"}],"wp:attachment":[{"href":"https:\/\/www.pedagogie.ac-nice.fr\/cdesc83\/wp-json\/wp\/v2\/media?parent=4082"}],"wp:term":[{"taxonomy":"wpbdp_category","embeddable":true,"href":"https:\/\/www.pedagogie.ac-nice.fr\/cdesc83\/wp-json\/wp\/v2\/wpbdp_category?post=4082"},{"taxonomy":"wpbdp_tag","embeddable":true,"href":"https:\/\/www.pedagogie.ac-nice.fr\/cdesc83\/wp-json\/wp\/v2\/wpbdp_tag?post=4082"}],"curies":[{"name":"wp","href":"https:\/\/api.w.org\/{rel}","templated":true}]}}