{"id":4128,"date":"2017-03-13T07:25:04","date_gmt":"2017-03-13T06:25:04","guid":{"rendered":"https:\/\/www.pedagogie.ac-nice.fr\/cdesc83\/annuaire-professionnel\/4128\/?post_type=wpbdp_listing&#038;p=4128"},"modified":"2018-04-05T16:01:55","modified_gmt":"2018-04-05T14:01:55","slug":"reseau-de-soins-du-sud-est-pour-les-troubles-du-langage-et-deficits-dapprentissage-2","status":"publish","type":"wpbdp_listing","link":"https:\/\/www.pedagogie.ac-nice.fr\/cdesc83\/annuaire-ordre1\/4128\/reseau-de-soins-du-sud-est-pour-les-troubles-du-langage-et-deficits-dapprentissage-2\/","title":{"rendered":"R\u00e9seau de soins du Sud-Est pour les troubles du langage et d\u00e9ficits d&rsquo;apprentissage"},"content":{"rendered":"<p>R\u00e9seau de soins pluridisciplinaire et pluri partenarial destin\u00e9 \u00e0 am\u00e9liorer la qualit\u00e9 de vie et l\u2019int\u00e9gration scolaire d\u2019enfants souffrant de troubles sp\u00e9cifiques du langage. D\u00e9velopper des projets de recherche scientifique fondamentale et appliqu\u00e9e dans le domaine cette pathologie. Concevoir et organiser la formation initiale et continue des professionnels du r\u00e9seau, des M\u00e9decins R\u00e9seau. Promouvoir toute initiative scientifique, m\u00e9dicale ou m\u00e9dico-sociale et de g\u00e9rer tous types d\u2019\u00e9tablissements ayant trait aux Troubles du langage et des apprentissages (SESSAD),<\/p>\n<p>&nbsp;<\/p>\n<p>&nbsp;<\/p>\n","protected":false},"excerpt":{"rendered":"<p>R\u00e9seau de soins pluridisciplinaire et pluri partenarial destin\u00e9 \u00e0 am\u00e9liorer la qualit\u00e9 de vie et l\u2019int\u00e9gration scolaire d\u2019enfants souffrant de troubles sp\u00e9cifiques du langage. D\u00e9velopper des projets de recherche scientifique fondamentale et appliqu\u00e9e dans le domaine cette pathologie. Concevoir et organiser la formation initiale et continue des professionnels du r\u00e9seau, des M\u00e9decins R\u00e9seau. Promouvoir toute [&hellip;]<\/p>\n","protected":false},"author":1,"featured_media":0,"comment_status":"closed","ping_status":"closed","template":"","meta":{"_et_pb_use_builder":"","_et_pb_old_content":"","_et_gb_content_width":"","ngg_post_thumbnail":0},"wpbdp_category":[21],"wpbdp_tag":[],"class_list":["post-4128","wpbdp_listing","type-wpbdp_listing","status-publish","hentry","wpbdp_category-r"],"post_mailing_queue_ids":[],"_links":{"self":[{"href":"https:\/\/www.pedagogie.ac-nice.fr\/cdesc83\/wp-json\/wp\/v2\/wpbdp_listing\/4128","targetHints":{"allow":["GET"]}}],"collection":[{"href":"https:\/\/www.pedagogie.ac-nice.fr\/cdesc83\/wp-json\/wp\/v2\/wpbdp_listing"}],"about":[{"href":"https:\/\/www.pedagogie.ac-nice.fr\/cdesc83\/wp-json\/wp\/v2\/types\/wpbdp_listing"}],"author":[{"embeddable":true,"href":"https:\/\/www.pedagogie.ac-nice.fr\/cdesc83\/wp-json\/wp\/v2\/users\/1"}],"replies":[{"embeddable":true,"href":"https:\/\/www.pedagogie.ac-nice.fr\/cdesc83\/wp-json\/wp\/v2\/comments?post=4128"}],"wp:attachment":[{"href":"https:\/\/www.pedagogie.ac-nice.fr\/cdesc83\/wp-json\/wp\/v2\/media?parent=4128"}],"wp:term":[{"taxonomy":"wpbdp_category","embeddable":true,"href":"https:\/\/www.pedagogie.ac-nice.fr\/cdesc83\/wp-json\/wp\/v2\/wpbdp_category?post=4128"},{"taxonomy":"wpbdp_tag","embeddable":true,"href":"https:\/\/www.pedagogie.ac-nice.fr\/cdesc83\/wp-json\/wp\/v2\/wpbdp_tag?post=4128"}],"curies":[{"name":"wp","href":"https:\/\/api.w.org\/{rel}","templated":true}]}}