{"id":4140,"date":"2017-03-13T08:13:42","date_gmt":"2017-03-13T07:13:42","guid":{"rendered":"https:\/\/www.pedagogie.ac-nice.fr\/cdesc83\/annuaire-professionnel\/4140\/?post_type=wpbdp_listing&#038;p=4140"},"modified":"2018-04-05T16:06:43","modified_gmt":"2018-04-05T14:06:43","slug":"trait-libre","status":"publish","type":"wpbdp_listing","link":"https:\/\/www.pedagogie.ac-nice.fr\/cdesc83\/annuaire-ordre1\/4140\/trait-libre\/","title":{"rendered":"Trait Libre maison des Arts Pluriels"},"content":{"rendered":"<p>L\u2019Association est \u00e0 caract\u00e8re culturel et social. Elle a pour objet de favoriser l\u2019expression personnelle ou collective, la cr\u00e9ation et l\u2019acc\u00e8s \u00e0 la culture, de d\u00e9velopper le lien social et d\u2019apporter un soutien psychologique, par les arts plastiques et visuels, ou par toute autre pratique artistique permettant d\u2019atteindre l\u2019objectif.<\/p>\n<p>Elle a vocation \u00e0 offrir une pluralit\u00e9 de techniques et de modes d\u2019expression par la mise en place d\u2019ateliers pour enfants, adolescents, adultes et familles.<\/p>\n<p>Elle apporte, par les pratiques culturelles propos\u00e9es ou par un accompagnement propre \u00e0 l\u2019art th\u00e9rapie, un soutien aux personnes en difficult\u00e9. Dans la mesure de ses moyens, elle rend les ateliers accessibles aux personnes de toute condition sociale.<\/p>\n<p>Elle pourra organiser des interventions et participer \u00e0 des animations en partenariat avec d\u2019autres instances et institutions.<\/p>\n<p><em>\u00a0<\/em><\/p>\n","protected":false},"excerpt":{"rendered":"<p>L\u2019Association est \u00e0 caract\u00e8re culturel et social. Elle a pour objet de favoriser l\u2019expression personnelle ou collective, la cr\u00e9ation et l\u2019acc\u00e8s \u00e0 la culture, de d\u00e9velopper le lien social et d\u2019apporter un soutien psychologique, par les arts plastiques et visuels, ou par toute autre pratique artistique permettant d\u2019atteindre l\u2019objectif. Elle a vocation \u00e0 offrir une [&hellip;]<\/p>\n","protected":false},"author":1,"featured_media":0,"comment_status":"closed","ping_status":"closed","template":"","meta":{"_et_pb_use_builder":"","_et_pb_old_content":"","_et_gb_content_width":"","ngg_post_thumbnail":0},"wpbdp_category":[4],"wpbdp_tag":[],"class_list":["post-4140","wpbdp_listing","type-wpbdp_listing","status-publish","hentry","wpbdp_category-t"],"post_mailing_queue_ids":[],"_links":{"self":[{"href":"https:\/\/www.pedagogie.ac-nice.fr\/cdesc83\/wp-json\/wp\/v2\/wpbdp_listing\/4140","targetHints":{"allow":["GET"]}}],"collection":[{"href":"https:\/\/www.pedagogie.ac-nice.fr\/cdesc83\/wp-json\/wp\/v2\/wpbdp_listing"}],"about":[{"href":"https:\/\/www.pedagogie.ac-nice.fr\/cdesc83\/wp-json\/wp\/v2\/types\/wpbdp_listing"}],"author":[{"embeddable":true,"href":"https:\/\/www.pedagogie.ac-nice.fr\/cdesc83\/wp-json\/wp\/v2\/users\/1"}],"replies":[{"embeddable":true,"href":"https:\/\/www.pedagogie.ac-nice.fr\/cdesc83\/wp-json\/wp\/v2\/comments?post=4140"}],"wp:attachment":[{"href":"https:\/\/www.pedagogie.ac-nice.fr\/cdesc83\/wp-json\/wp\/v2\/media?parent=4140"}],"wp:term":[{"taxonomy":"wpbdp_category","embeddable":true,"href":"https:\/\/www.pedagogie.ac-nice.fr\/cdesc83\/wp-json\/wp\/v2\/wpbdp_category?post=4140"},{"taxonomy":"wpbdp_tag","embeddable":true,"href":"https:\/\/www.pedagogie.ac-nice.fr\/cdesc83\/wp-json\/wp\/v2\/wpbdp_tag?post=4140"}],"curies":[{"name":"wp","href":"https:\/\/api.w.org\/{rel}","templated":true}]}}