{"id":4773,"date":"2017-04-06T06:25:22","date_gmt":"2017-04-06T04:25:22","guid":{"rendered":"https:\/\/www.pedagogie.ac-nice.fr\/cdesc83\/annuaire-professionnel\/4773\/?post_type=wpbdp_listing&#038;p=4773"},"modified":"2018-04-05T15:58:26","modified_gmt":"2018-04-05T13:58:26","slug":"association-nationale-des-anciens-combattants-et-amis-de-la-resistance-du-var","status":"publish","type":"wpbdp_listing","link":"https:\/\/www.pedagogie.ac-nice.fr\/cdesc83\/annuaire-ordre1\/4773\/association-nationale-des-anciens-combattants-et-amis-de-la-resistance-du-var\/","title":{"rendered":"Association Nationale des Anciens Combattants et Amis de la R\u00e9sistance du Var"},"content":{"rendered":"<ul>\n<li>Pour la d\u00e9fense des valeurs patriotiques, d\u00e9mocratiques et humanistes de la R\u00e9sistance<\/li>\n<li>Pour lutter contre les r\u00e9surgences des id\u00e9ologies fascistes et p\u00e9tainiste, et contre le n\u00e9gationnisme falsificateur.<\/li>\n<li>Pour la d\u00e9fense de la paix<\/li>\n<li>Pour la d\u00e9fense des droits mat\u00e9riels et moraux des R\u00e9sistants, et tout particuli\u00e8rement la reconnaissance de leurs services<\/li>\n<\/ul>\n","protected":false},"excerpt":{"rendered":"<p>Pour la d\u00e9fense des valeurs patriotiques, d\u00e9mocratiques et humanistes de la R\u00e9sistance Pour lutter contre les r\u00e9surgences des id\u00e9ologies fascistes et p\u00e9tainiste, et contre le n\u00e9gationnisme falsificateur. Pour la d\u00e9fense de la paix Pour la d\u00e9fense des droits mat\u00e9riels et moraux des R\u00e9sistants, et tout particuli\u00e8rement la reconnaissance de leurs services<\/p>\n","protected":false},"author":5,"featured_media":0,"comment_status":"closed","ping_status":"closed","template":"","meta":{"_et_pb_use_builder":"","_et_pb_old_content":"","_et_gb_content_width":"","ngg_post_thumbnail":0},"wpbdp_category":[7],"wpbdp_tag":[],"class_list":["post-4773","wpbdp_listing","type-wpbdp_listing","status-publish","hentry","wpbdp_category-a"],"post_mailing_queue_ids":[],"_links":{"self":[{"href":"https:\/\/www.pedagogie.ac-nice.fr\/cdesc83\/wp-json\/wp\/v2\/wpbdp_listing\/4773","targetHints":{"allow":["GET"]}}],"collection":[{"href":"https:\/\/www.pedagogie.ac-nice.fr\/cdesc83\/wp-json\/wp\/v2\/wpbdp_listing"}],"about":[{"href":"https:\/\/www.pedagogie.ac-nice.fr\/cdesc83\/wp-json\/wp\/v2\/types\/wpbdp_listing"}],"author":[{"embeddable":true,"href":"https:\/\/www.pedagogie.ac-nice.fr\/cdesc83\/wp-json\/wp\/v2\/users\/5"}],"replies":[{"embeddable":true,"href":"https:\/\/www.pedagogie.ac-nice.fr\/cdesc83\/wp-json\/wp\/v2\/comments?post=4773"}],"wp:attachment":[{"href":"https:\/\/www.pedagogie.ac-nice.fr\/cdesc83\/wp-json\/wp\/v2\/media?parent=4773"}],"wp:term":[{"taxonomy":"wpbdp_category","embeddable":true,"href":"https:\/\/www.pedagogie.ac-nice.fr\/cdesc83\/wp-json\/wp\/v2\/wpbdp_category?post=4773"},{"taxonomy":"wpbdp_tag","embeddable":true,"href":"https:\/\/www.pedagogie.ac-nice.fr\/cdesc83\/wp-json\/wp\/v2\/wpbdp_tag?post=4773"}],"curies":[{"name":"wp","href":"https:\/\/api.w.org\/{rel}","templated":true}]}}