{"id":4895,"date":"2017-04-07T10:29:36","date_gmt":"2017-04-07T08:29:36","guid":{"rendered":"https:\/\/www.pedagogie.ac-nice.fr\/cdesc83\/annuaire-professionnel\/4895\/?post_type=wpbdp_listing&#038;p=4895"},"modified":"2018-04-05T15:58:04","modified_gmt":"2018-04-05T13:58:04","slug":"colibris-83-golfe-de-saint-tropez","status":"publish","type":"wpbdp_listing","link":"https:\/\/www.pedagogie.ac-nice.fr\/cdesc83\/annuaire-ordre1\/4895\/colibris-83-golfe-de-saint-tropez\/","title":{"rendered":"Colibris 83 &#8211; Golfe de Saint-Tropez"},"content":{"rendered":"<p>Cr\u00e9\u00e9 en 2007, Colibris est un mouvement citoyen qui se mobilise pour la construction d\u2019une soci\u00e9t\u00e9 \u00e9cologique et humaine. L\u2019association place le changement personnel au c\u0153ur de sa raison d\u2019\u00eatre, convaincue que la transformation de la soci\u00e9t\u00e9 est totalement subordonn\u00e9e au changement humain. Colibris s\u2019est donn\u00e9 pour mission d\u2019Inspirer, Relier et Soutenir les citoyens engag\u00e9s dans une d\u00e9marche de transition individuelle et collective.<br \/>\nL\u2019association a pour objet de promouvoir des actions qui partagent les valeurs de \u00ab l\u2019\u00e9thique du colibris \u00bb et de la \u00ab Charte pour la Terre et l\u2019Humanisme \u00bb, et notamment de :<\/p>\n<ul>\n<li>d\u00e9velopper l\u2019\u00e9ducation citoyenne et l\u2019\u00e9ducation \u00e0 l\u2019\u00e9cologie donner les moyens au plus grand nombre d\u2019agir pour la protection de l\u2019environnement et d\u2019adopter des modes de vie respectueux de l\u2019humain et de la plan\u00e8te<\/li>\n<li>de faciliter la coop\u00e9ration entre les acteurs de la soci\u00e9t\u00e9 et contribuer ainsi \u00e0 la r\u00e9habilitation et au renforcement du lien social et de la solidarit\u00e9.<\/li>\n<\/ul>\n","protected":false},"excerpt":{"rendered":"<p>Cr\u00e9\u00e9 en 2007, Colibris est un mouvement citoyen qui se mobilise pour la construction d\u2019une soci\u00e9t\u00e9 \u00e9cologique et humaine. L\u2019association place le changement personnel au c\u0153ur de sa raison d\u2019\u00eatre, convaincue que la transformation de la soci\u00e9t\u00e9 est totalement subordonn\u00e9e au changement humain. Colibris s\u2019est donn\u00e9 pour mission d\u2019Inspirer, Relier et Soutenir les citoyens engag\u00e9s [&hellip;]<\/p>\n","protected":false},"author":5,"featured_media":0,"comment_status":"closed","ping_status":"closed","template":"","meta":{"_et_pb_use_builder":"","_et_pb_old_content":"","_et_gb_content_width":"","ngg_post_thumbnail":0},"wpbdp_category":[9],"wpbdp_tag":[],"class_list":["post-4895","wpbdp_listing","type-wpbdp_listing","status-publish","hentry","wpbdp_category-c"],"post_mailing_queue_ids":[],"_links":{"self":[{"href":"https:\/\/www.pedagogie.ac-nice.fr\/cdesc83\/wp-json\/wp\/v2\/wpbdp_listing\/4895","targetHints":{"allow":["GET"]}}],"collection":[{"href":"https:\/\/www.pedagogie.ac-nice.fr\/cdesc83\/wp-json\/wp\/v2\/wpbdp_listing"}],"about":[{"href":"https:\/\/www.pedagogie.ac-nice.fr\/cdesc83\/wp-json\/wp\/v2\/types\/wpbdp_listing"}],"author":[{"embeddable":true,"href":"https:\/\/www.pedagogie.ac-nice.fr\/cdesc83\/wp-json\/wp\/v2\/users\/5"}],"replies":[{"embeddable":true,"href":"https:\/\/www.pedagogie.ac-nice.fr\/cdesc83\/wp-json\/wp\/v2\/comments?post=4895"}],"wp:attachment":[{"href":"https:\/\/www.pedagogie.ac-nice.fr\/cdesc83\/wp-json\/wp\/v2\/media?parent=4895"}],"wp:term":[{"taxonomy":"wpbdp_category","embeddable":true,"href":"https:\/\/www.pedagogie.ac-nice.fr\/cdesc83\/wp-json\/wp\/v2\/wpbdp_category?post=4895"},{"taxonomy":"wpbdp_tag","embeddable":true,"href":"https:\/\/www.pedagogie.ac-nice.fr\/cdesc83\/wp-json\/wp\/v2\/wpbdp_tag?post=4895"}],"curies":[{"name":"wp","href":"https:\/\/api.w.org\/{rel}","templated":true}]}}