{"id":10056,"date":"2021-12-14T18:22:43","date_gmt":"2021-12-14T17:22:43","guid":{"rendered":"https:\/\/www.pedagogie.ac-nice.fr\/daac\/?page_id=10056"},"modified":"2021-12-14T18:26:24","modified_gmt":"2021-12-14T17:26:24","slug":"valorisation-danse-dumont-durville","status":"publish","type":"page","link":"https:\/\/www.pedagogie.ac-nice.fr\/daac\/valorisation-danse-dumont-durville\/","title":{"rendered":"Valorisation Danse Dumont-Durville"},"content":{"rendered":"<p>[et_pb_section fb_built=\u00a0\u00bb1&Prime; _builder_version=\u00a0\u00bb4.10.7&Prime; _module_preset=\u00a0\u00bbdefault\u00a0\u00bb global_colors_info=\u00a0\u00bb{}\u00a0\u00bb][et_pb_row column_structure=\u00a0\u00bb1_3,2_3&Prime; _builder_version=\u00a0\u00bb4.10.7&Prime; _module_preset=\u00a0\u00bbdefault\u00a0\u00bb global_colors_info=\u00a0\u00bb{}\u00a0\u00bb][et_pb_column type=\u00a0\u00bb1_3&Prime; _builder_version=\u00a0\u00bb4.10.7&Prime; _module_preset=\u00a0\u00bbdefault\u00a0\u00bb global_colors_info=\u00a0\u00bb{}\u00a0\u00bb][et_pb_text _builder_version=\u00a0\u00bb4.10.7&Prime; _module_preset=\u00a0\u00bbdefault\u00a0\u00bb global_colors_info=\u00a0\u00bb{}\u00a0\u00bb]<\/p>\n<p><a href=\"https:\/\/www.pedagogie.ac-nice.fr\/daac\/domaine-danse-asv\/\" target=\"_blank\" rel=\"noopener\"><img loading=\"lazy\" decoding=\"async\" class=\"aligncenter wp-image-5923 size-full\" src=\"https:\/\/www.pedagogie.ac-nice.fr\/daac\/wp-content\/uploads\/sites\/37\/2021\/09\/danse.png\" alt=\"\" width=\"346\" height=\"221\" srcset=\"https:\/\/www.pedagogie.ac-nice.fr\/daac\/wp-content\/uploads\/sites\/37\/2021\/09\/danse.png 346w, https:\/\/www.pedagogie.ac-nice.fr\/daac\/wp-content\/uploads\/sites\/37\/2021\/09\/danse-300x192.png 300w\" sizes=\"(max-width: 346px) 100vw, 346px\" \/><\/a><\/p>\n<p>[\/et_pb_text][\/et_pb_column][et_pb_column type=\u00a0\u00bb2_3&Prime; _builder_version=\u00a0\u00bb4.10.7&Prime; _module_preset=\u00a0\u00bbdefault\u00a0\u00bb global_colors_info=\u00a0\u00bb{}\u00a0\u00bb][et_pb_text _builder_version=\u00a0\u00bb4.10.7&Prime; _module_preset=\u00a0\u00bbdefault\u00a0\u00bb global_colors_info=\u00a0\u00bb{}\u00a0\u00bb]<\/p>\n<p style=\"text-align: center;\"><span style=\"color: #ff00ff; font-size: 14pt;\"><b>Sortie au festival de danse \u00e0 Cannes par les \u00e9l\u00e8ves du lyc\u00e9e Dumont d\u2019Urville le 27 Novembre 2021&nbsp;: approche du travail de l\u2019immense danseuse et chor\u00e9graphe Martha Graham<\/b><\/span><\/p>\n<p>[\/et_pb_text][et_pb_text _builder_version=\u00a0\u00bb4.10.7&Prime; _module_preset=\u00a0\u00bbdefault\u00a0\u00bb global_colors_info=\u00a0\u00bb{}\u00a0\u00bb]<\/p>\n<p><img loading=\"lazy\" decoding=\"async\" class=\"wp-image-10059 aligncenter\" src=\"https:\/\/www.pedagogie.ac-nice.fr\/daac\/wp-content\/uploads\/sites\/37\/2021\/12\/illustration_danse_Dumont_2021.jpg\" alt=\"\" width=\"509\" height=\"286\" srcset=\"https:\/\/www.pedagogie.ac-nice.fr\/daac\/wp-content\/uploads\/sites\/37\/2021\/12\/illustration_danse_Dumont_2021.jpg 1385w, https:\/\/www.pedagogie.ac-nice.fr\/daac\/wp-content\/uploads\/sites\/37\/2021\/12\/illustration_danse_Dumont_2021-300x169.jpg 300w, https:\/\/www.pedagogie.ac-nice.fr\/daac\/wp-content\/uploads\/sites\/37\/2021\/12\/illustration_danse_Dumont_2021-1024x576.jpg 1024w, https:\/\/www.pedagogie.ac-nice.fr\/daac\/wp-content\/uploads\/sites\/37\/2021\/12\/illustration_danse_Dumont_2021-768x432.jpg 768w, https:\/\/www.pedagogie.ac-nice.fr\/daac\/wp-content\/uploads\/sites\/37\/2021\/12\/illustration_danse_Dumont_2021-1080x607.jpg 1080w\" sizes=\"(max-width: 509px) 100vw, 509px\" \/><\/p>\n<p>[\/et_pb_text][et_pb_text _builder_version=\u00a0\u00bb4.10.7&Prime; _module_preset=\u00a0\u00bbdefault\u00a0\u00bb global_colors_info=\u00a0\u00bb{}\u00a0\u00bb]<\/p>\n<p align=\"justify\"><span style=\"font-size: medium; color: #0000ff;\">Dans le cadre de la formation pour la classe de premi\u00e8re sp\u00e9cialit\u00e9 EPPCS (\u00e9ducation pratique physique culturelles et sportives), une sortie a \u00e9t\u00e9 organis\u00e9e au festival de danse de Cannes.<\/span><\/p>\n<p align=\"justify\"><span style=\"font-size: medium; color: #0000ff;\">L\u2019objectif vise \u00e0 former les \u00e9l\u00e8ves \u00e0 devenir des spectateurs avertis et capable de comprendre le mouvement du corps jusque dans sa dimension artistique. Cette sortie sera compl\u00e9t\u00e9e par une formation qui suivra \u00e0 savoir un cycle de danse et de rock acrobatique en vue de la pr\u00e9paration au projet \u00ab&nbsp;Danse \u00e0 l\u2019Op\u00e9ra \u00bb mont\u00e9 et r\u00e9alis\u00e9 par les \u00e9l\u00e8ves pour le 25 mai 2022 \u00e0 l\u2019op\u00e9ra de Toulon. <\/span><\/p>\n<p align=\"justify\"><a name=\"_GoBack\"><\/a><span style=\"font-size: medium; color: #0000ff;\"> Nous remercions Mme Colin Lacour Muriel responsable spectacle vivant Danse \u00e0 la DAAC pour la pr\u00e9sentation du festival sur le site DAAC et son accueil au sein de cet \u00e9v\u00e9nement, ainsi que les charg\u00e9es de mission danse Aria Florent et Sandrine Bouillard.<\/span><\/p>\n<p align=\"justify\"><span style=\"font-size: medium; color: #0000ff;\">Les \u00e9l\u00e8ves ont pu profiter de la projection du film de Martha Graham et de l\u2019exposition de Castafiore dans le hall du palais des festivals <\/span><\/p>\n<p align=\"justify\"><span style=\"font-size: medium;\"><span style=\"color: #0000ff;\">A 20H30, ce fut la grande d\u00e9couverte d\u2019un si\u00e8cle de danse et d\u2019une r\u00e9volution corporelle inscrite aujourd\u2019hui sous le nom de danse moderne.<\/span> <\/span><\/p>\n<p>[\/et_pb_text][\/et_pb_column][\/et_pb_row][\/et_pb_section]<\/p>\n","protected":false},"excerpt":{"rendered":"<p>Sortie au festival de danse \u00e0 Cannes par les \u00e9l\u00e8ves du lyc\u00e9e Dumont d\u2019Urville le 27 Novembre 2021&nbsp;: approche du travail de l\u2019immense danseuse et chor\u00e9graphe Martha GrahamDans le cadre de la formation pour la classe de premi\u00e8re sp\u00e9cialit\u00e9 EPPCS (\u00e9ducation pratique physique culturelles et sportives), une sortie a \u00e9t\u00e9 organis\u00e9e au festival de danse [&hellip;]<\/p>\n","protected":false},"author":241,"featured_media":0,"parent":0,"menu_order":0,"comment_status":"closed","ping_status":"closed","template":"","meta":{"_et_pb_use_builder":"on","_et_pb_old_content":"","_et_gb_content_width":"","ngg_post_thumbnail":0,"footnotes":""},"class_list":["post-10056","page","type-page","status-publish","hentry"],"rttpg_featured_image_url":null,"rttpg_author":{"display_name":"daacadmin","author_link":"https:\/\/www.pedagogie.ac-nice.fr\/daac\/author\/daacadmin\/"},"rttpg_comment":0,"rttpg_category":null,"rttpg_excerpt":"Sortie au festival de danse \u00e0 Cannes par les \u00e9l\u00e8ves du lyc\u00e9e Dumont d\u2019Urville le 27 Novembre 2021&nbsp;: approche du travail de l\u2019immense danseuse et chor\u00e9graphe Martha GrahamDans le cadre de la formation pour la classe de premi\u00e8re sp\u00e9cialit\u00e9 EPPCS (\u00e9ducation pratique physique culturelles et sportives), une sortie a \u00e9t\u00e9 organis\u00e9e au festival de danse\u2026","post_mailing_queue_ids":[],"_links":{"self":[{"href":"https:\/\/www.pedagogie.ac-nice.fr\/daac\/wp-json\/wp\/v2\/pages\/10056","targetHints":{"allow":["GET"]}}],"collection":[{"href":"https:\/\/www.pedagogie.ac-nice.fr\/daac\/wp-json\/wp\/v2\/pages"}],"about":[{"href":"https:\/\/www.pedagogie.ac-nice.fr\/daac\/wp-json\/wp\/v2\/types\/page"}],"author":[{"embeddable":true,"href":"https:\/\/www.pedagogie.ac-nice.fr\/daac\/wp-json\/wp\/v2\/users\/241"}],"replies":[{"embeddable":true,"href":"https:\/\/www.pedagogie.ac-nice.fr\/daac\/wp-json\/wp\/v2\/comments?post=10056"}],"version-history":[{"count":5,"href":"https:\/\/www.pedagogie.ac-nice.fr\/daac\/wp-json\/wp\/v2\/pages\/10056\/revisions"}],"predecessor-version":[{"id":10064,"href":"https:\/\/www.pedagogie.ac-nice.fr\/daac\/wp-json\/wp\/v2\/pages\/10056\/revisions\/10064"}],"wp:attachment":[{"href":"https:\/\/www.pedagogie.ac-nice.fr\/daac\/wp-json\/wp\/v2\/media?parent=10056"}],"curies":[{"name":"wp","href":"https:\/\/api.w.org\/{rel}","templated":true}]}}