{"id":10747,"date":"2022-01-21T11:55:09","date_gmt":"2022-01-21T10:55:09","guid":{"rendered":"https:\/\/www.pedagogie.ac-nice.fr\/daac\/?page_id=10747"},"modified":"2022-01-21T12:24:58","modified_gmt":"2022-01-21T11:24:58","slug":"minerve-au-musee-de-toulon","status":"publish","type":"page","link":"https:\/\/www.pedagogie.ac-nice.fr\/daac\/minerve-au-musee-de-toulon\/","title":{"rendered":"Minerve au Mus\u00e9e de Toulon"},"content":{"rendered":"<p>[et_pb_section fb_built=\u00a0\u00bb1&Prime; _builder_version=\u00a0\u00bb4.10.7&Prime; _module_preset=\u00a0\u00bbdefault\u00a0\u00bb global_colors_info=\u00a0\u00bb{}\u00a0\u00bb][et_pb_row column_structure=\u00a0\u00bb2_5,3_5&Prime; _builder_version=\u00a0\u00bb4.10.7&Prime; _module_preset=\u00a0\u00bbdefault\u00a0\u00bb global_colors_info=\u00a0\u00bb{}\u00a0\u00bb][et_pb_column type=\u00a0\u00bb2_5&Prime; _builder_version=\u00a0\u00bb4.10.7&Prime; _module_preset=\u00a0\u00bbdefault\u00a0\u00bb global_colors_info=\u00a0\u00bb{}\u00a0\u00bb][et_pb_text admin_label=\u00a0\u00bbRDV soir\u00a0\u00bb _builder_version=\u00a0\u00bb4.10.7&Prime; _module_preset=\u00a0\u00bbdefault\u00a0\u00bb hover_enabled=\u00a0\u00bb0&Prime; global_colors_info=\u00a0\u00bb{}\u00a0\u00bb sticky_enabled=\u00a0\u00bb0&Prime;]<\/p>\n<p><a href=\"https:\/\/www.pedagogie.ac-nice.fr\/daac\/rdv-du-soir\/\" target=\"_blank\" rel=\"noopener\"><img loading=\"lazy\" decoding=\"async\" class=\"aligncenter wp-image-5391\" src=\"https:\/\/www.pedagogie.ac-nice.fr\/daac\/wp-content\/uploads\/sites\/37\/2021\/09\/rdv_soir_visuel.jpg\" alt=\"\" width=\"210\" height=\"142\"><\/a><\/p>\n<p>[\/et_pb_text][et_pb_text admin_label=\u00a0\u00bbPatrimoine\u00a0\u00bb _builder_version=\u00a0\u00bb4.10.7&Prime; _module_preset=\u00a0\u00bbdefault\u00a0\u00bb global_colors_info=\u00a0\u00bb{}\u00a0\u00bb]<\/p>\n<p><a href=\"https:\/\/www.pedagogie.ac-nice.fr\/daac\/patrimoines-memoires-2021\/\" target=\"_blank\" rel=\"noopener\"><img loading=\"lazy\" decoding=\"async\" class=\"aligncenter wp-image-5925 size-medium\" src=\"https:\/\/www.pedagogie.ac-nice.fr\/daac\/wp-content\/uploads\/sites\/37\/2021\/09\/patrimoine_memoires-300x192.png\" alt=\"\" width=\"300\" height=\"192\" srcset=\"https:\/\/www.pedagogie.ac-nice.fr\/daac\/wp-content\/uploads\/sites\/37\/2021\/09\/patrimoine_memoires-300x192.png 300w, https:\/\/www.pedagogie.ac-nice.fr\/daac\/wp-content\/uploads\/sites\/37\/2021\/09\/patrimoine_memoires.png 347w\" sizes=\"(max-width: 300px) 100vw, 300px\" \/><\/a><\/p>\n<p>[\/et_pb_text][et_pb_text admin_label=\u00a0\u00bbMus\u00e9e Marine\u00a0\u00bb _builder_version=\u00a0\u00bb4.10.7&Prime; _module_preset=\u00a0\u00bbdefault\u00a0\u00bb global_colors_info=\u00a0\u00bb{}\u00a0\u00bb]<\/p>\n<p><a href=\"https:\/\/www.musee-marine.fr\/toulon\" target=\"_blank\" rel=\"noopener\"><img loading=\"lazy\" decoding=\"async\" class=\"aligncenter wp-image-2951\" src=\"https:\/\/www.pedagogie.ac-nice.fr\/daac\/wp-content\/uploads\/sites\/37\/2021\/04\/musee_national_marine.png\" alt=\"\" width=\"346\" height=\"193\"><\/a><\/p>\n<p>[\/et_pb_text][\/et_pb_column][et_pb_column type=\u00a0\u00bb3_5&Prime; _builder_version=\u00a0\u00bb4.10.7&Prime; _module_preset=\u00a0\u00bbdefault\u00a0\u00bb global_colors_info=\u00a0\u00bb{}\u00a0\u00bb][et_pb_text admin_label=\u00a0\u00bbvisuel\u00a0\u00bb _builder_version=\u00a0\u00bb4.10.7&Prime; _module_preset=\u00a0\u00bbdefault\u00a0\u00bb global_colors_info=\u00a0\u00bb{}\u00a0\u00bb]<\/p>\n<p class=\"v1MsoNormal\" style=\"text-align: center;\"><img loading=\"lazy\" decoding=\"async\" class=\"alignnone wp-image-10750 size-full\" src=\"https:\/\/www.pedagogie.ac-nice.fr\/daac\/wp-content\/uploads\/sites\/37\/2022\/01\/banner_site_motif_vague_toulon_minerve_22_credit.png\" alt=\"\" width=\"800\" height=\"380\" srcset=\"https:\/\/www.pedagogie.ac-nice.fr\/daac\/wp-content\/uploads\/sites\/37\/2022\/01\/banner_site_motif_vague_toulon_minerve_22_credit.png 800w, https:\/\/www.pedagogie.ac-nice.fr\/daac\/wp-content\/uploads\/sites\/37\/2022\/01\/banner_site_motif_vague_toulon_minerve_22_credit-300x143.png 300w, https:\/\/www.pedagogie.ac-nice.fr\/daac\/wp-content\/uploads\/sites\/37\/2022\/01\/banner_site_motif_vague_toulon_minerve_22_credit-768x365.png 768w\" sizes=\"(max-width: 800px) 100vw, 800px\" \/><\/p>\n<p class=\"v1MsoNormal\">&nbsp;<\/p>\n<p>[\/et_pb_text][et_pb_text _builder_version=\u00a0\u00bb4.10.7&Prime; _module_preset=\u00a0\u00bbdefault\u00a0\u00bb global_colors_info=\u00a0\u00bb{}\u00a0\u00bb]<\/p>\n<p class=\"v1MsoNormal\" style=\"text-align: justify;\"><span style=\"color: #0000ff;\">Le mus\u00e9e national de la Marine rend hommage aux sous-mariniers disparus de <strong>La <em>Minerve<\/em><\/strong> le <strong>vendredi 28 janvier 2022<\/strong>.<br \/>Tout au long d&rsquo;une soir\u00e9e exceptionnelle seront \u00e9voqu\u00e9s le souvenir des disparus et les recherches entreprises depuis la disparition inexpliqu\u00e9e de L<strong>a <em>Minerve<\/em> le 27 janvier 1968<\/strong> au large des c\u00f4tes toulonnaises.<\/span><\/p>\n<p class=\"v1MsoNormal\" style=\"text-align: justify;\"><span style=\"color: #0000ff;\">L&rsquo;\u00e9v\u00e9nement se tiendra en 2 temps&nbsp;:<\/span><\/p>\n<p class=\"v1MsoNormal\" style=\"text-align: justify;\"><span style=\"color: #0000ff;\">&#8211; \u00e0 <strong>17h, une conf\u00e9rence<\/strong>, \u00ab&nbsp;Retrouver la <em>Minerve<\/em>&nbsp;\u00bb, donn\u00e9e par Herv\u00e9 Fauve, fils a\u00een\u00e9 du dernier commandant de la <em>Minerve<\/em>&nbsp;;<\/span><\/p>\n<p class=\"v1MsoNormal\" style=\"text-align: justify;\"><span style=\"color: #0000ff;\">&#8211; \u00e0 1<strong>9h, la projection du film documentaire<\/strong> de Claude Ardid et Nad\u00e8ge Hubert, <strong>\u00ab&nbsp;La <em>Minerve<\/em>&nbsp;: 50 ans de myst\u00e8re&nbsp;\u00bb<\/strong>.<\/span><\/p>\n<p style=\"text-align: justify;\"><span style=\"color: #0000ff;\">Suite \u00e0 la projection, le public aura la possibilit\u00e9 d&rsquo;\u00e9changer avec Claude Ardid, journaliste et cor\u00e9alisateur du film, et Thomas Guerry, ancien commandant de sous-marin nucl\u00e9aire d&rsquo;attaque (SNA) qui a particip\u00e9 \u00e0 la localisation de l&rsquo;\u00e9pave du sous-marin en 2019.<\/span><\/p>\n<p class=\"v1MsoNormal\" style=\"text-align: justify;\"><span style=\"color: #0000ff;\">Attention, l&rsquo;acc\u00e8s au mus\u00e9e se fait actuellement sur pr\u00e9sentation d&rsquo;un <strong>pass sanitaire valide pour les visiteurs \u00e0 partir de 12 ans<\/strong>.<br \/>Le port du masque est \u00e9galement obligatoire (d\u00e8s 6 ans).<\/span><\/p>\n<p class=\"v1MsoNormal\" style=\"text-align: left;\"><span style=\"color: #0000ff;\">Autres informations pratiques&nbsp;: <a style=\"color: #0000ff;\" href=\"https:\/\/imsva91-ctp.trendmicro.com:443\/wis\/clicktime\/v1\/query?url=https%3a%2f%2fwww.musee%2dmarine.fr%2fcontent%2ftoulon%2dinformations%2dpratiques&amp;umid=D4A01811-D579-4005-88D1-CBC5E182195C&amp;auth=b2e75a85dac1d6c2329f45d980d65bc87d967b19-71d5c4abe36856956d5299c3516ff66e5f53ae02\" target=\"_blank\" rel=\"noopener noreferrer\">https:\/\/www.musee-marine.fr\/content\/toulon-informations-pratiques<\/a><\/span><\/p>\n<p>[\/et_pb_text][\/et_pb_column][\/et_pb_row][\/et_pb_section]<\/p>\n","protected":false},"excerpt":{"rendered":"<p>&nbsp;Le mus\u00e9e national de la Marine rend hommage aux sous-mariniers disparus de La Minerve le vendredi 28 janvier 2022.Tout au long d&rsquo;une soir\u00e9e exceptionnelle seront \u00e9voqu\u00e9s le souvenir des disparus et les recherches entreprises depuis la disparition inexpliqu\u00e9e de La Minerve le 27 janvier 1968 au large des c\u00f4tes toulonnaises. L&rsquo;\u00e9v\u00e9nement se tiendra en 2 [&hellip;]<\/p>\n","protected":false},"author":241,"featured_media":0,"parent":0,"menu_order":0,"comment_status":"closed","ping_status":"closed","template":"","meta":{"_et_pb_use_builder":"on","_et_pb_old_content":"","_et_gb_content_width":"","ngg_post_thumbnail":0,"footnotes":""},"class_list":["post-10747","page","type-page","status-publish","hentry"],"rttpg_featured_image_url":null,"rttpg_author":{"display_name":"daacadmin","author_link":"https:\/\/www.pedagogie.ac-nice.fr\/daac\/author\/daacadmin\/"},"rttpg_comment":0,"rttpg_category":null,"rttpg_excerpt":"&nbsp;Le mus\u00e9e national de la Marine rend hommage aux sous-mariniers disparus de La Minerve le vendredi 28 janvier 2022.Tout au long d'une soir\u00e9e exceptionnelle seront \u00e9voqu\u00e9s le souvenir des disparus et les recherches entreprises depuis la disparition inexpliqu\u00e9e de La Minerve le 27 janvier 1968 au large des c\u00f4tes toulonnaises. L'\u00e9v\u00e9nement se tiendra en 2\u2026","post_mailing_queue_ids":[],"_links":{"self":[{"href":"https:\/\/www.pedagogie.ac-nice.fr\/daac\/wp-json\/wp\/v2\/pages\/10747","targetHints":{"allow":["GET"]}}],"collection":[{"href":"https:\/\/www.pedagogie.ac-nice.fr\/daac\/wp-json\/wp\/v2\/pages"}],"about":[{"href":"https:\/\/www.pedagogie.ac-nice.fr\/daac\/wp-json\/wp\/v2\/types\/page"}],"author":[{"embeddable":true,"href":"https:\/\/www.pedagogie.ac-nice.fr\/daac\/wp-json\/wp\/v2\/users\/241"}],"replies":[{"embeddable":true,"href":"https:\/\/www.pedagogie.ac-nice.fr\/daac\/wp-json\/wp\/v2\/comments?post=10747"}],"version-history":[{"count":7,"href":"https:\/\/www.pedagogie.ac-nice.fr\/daac\/wp-json\/wp\/v2\/pages\/10747\/revisions"}],"predecessor-version":[{"id":10779,"href":"https:\/\/www.pedagogie.ac-nice.fr\/daac\/wp-json\/wp\/v2\/pages\/10747\/revisions\/10779"}],"wp:attachment":[{"href":"https:\/\/www.pedagogie.ac-nice.fr\/daac\/wp-json\/wp\/v2\/media?parent=10747"}],"curies":[{"name":"wp","href":"https:\/\/api.w.org\/{rel}","templated":true}]}}