{"id":11448,"date":"2022-02-23T19:34:31","date_gmt":"2022-02-23T18:34:31","guid":{"rendered":"https:\/\/www.pedagogie.ac-nice.fr\/daac\/?page_id=11448"},"modified":"2023-02-21T17:09:29","modified_gmt":"2023-02-21T16:09:29","slug":"concours-national-de-la-resistance-et-de-la-deportation","status":"publish","type":"page","link":"https:\/\/www.pedagogie.ac-nice.fr\/daac\/concours-national-de-la-resistance-et-de-la-deportation\/","title":{"rendered":"Concours National de la R\u00e9sistance et de la D\u00e9portation"},"content":{"rendered":"<p>[et_pb_section fb_built=\u00a0\u00bb1&Prime; _builder_version=\u00a0\u00bb4.10.7&Prime; _module_preset=\u00a0\u00bbdefault\u00a0\u00bb global_colors_info=\u00a0\u00bb{}\u00a0\u00bb][et_pb_row column_structure=\u00a0\u00bb1_3,2_3&Prime; _builder_version=\u00a0\u00bb4.10.7&Prime; _module_preset=\u00a0\u00bbdefault\u00a0\u00bb global_colors_info=\u00a0\u00bb{}\u00a0\u00bb][et_pb_column type=\u00a0\u00bb1_3&Prime; _builder_version=\u00a0\u00bb4.10.7&Prime; _module_preset=\u00a0\u00bbdefault\u00a0\u00bb global_colors_info=\u00a0\u00bb{}\u00a0\u00bb][et_pb_text admin_label=\u00a0\u00bblogo patrimoine\u00a0\u00bb _builder_version=\u00a0\u00bb4.10.7&Prime; _module_preset=\u00a0\u00bbdefault\u00a0\u00bb global_colors_info=\u00a0\u00bb{}\u00a0\u00bb]<\/p>\n<p><a href=\"https:\/\/www.pedagogie.ac-nice.fr\/daac\/patrimoines-memoires-2021\/\" target=\"_blank\" rel=\"noopener\"><img loading=\"lazy\" decoding=\"async\" class=\"aligncenter wp-image-5925\" src=\"https:\/\/www.pedagogie.ac-nice.fr\/daac\/wp-content\/uploads\/sites\/37\/2021\/09\/patrimoine_memoires.png\" alt=\"\" width=\"255\" height=\"163\" srcset=\"https:\/\/www.pedagogie.ac-nice.fr\/daac\/wp-content\/uploads\/sites\/37\/2021\/09\/patrimoine_memoires.png 347w, https:\/\/www.pedagogie.ac-nice.fr\/daac\/wp-content\/uploads\/sites\/37\/2021\/09\/patrimoine_memoires-300x192.png 300w\" sizes=\"(max-width: 255px) 100vw, 255px\" \/><\/a><\/p>\n<p>[\/et_pb_text][et_pb_text admin_label=\u00a0\u00bblogo CNRD\u00a0\u00bb _builder_version=\u00a0\u00bb4.10.7&Prime; _module_preset=\u00a0\u00bbdefault\u00a0\u00bb global_colors_info=\u00a0\u00bb{}\u00a0\u00bb]<\/p>\n<p><img loading=\"lazy\" decoding=\"async\" class=\"wp-image-11452 aligncenter\" src=\"https:\/\/www.pedagogie.ac-nice.fr\/daac\/wp-content\/uploads\/sites\/37\/2022\/02\/logo_cnrd.jpg\" alt=\"\" width=\"314\" height=\"96\" srcset=\"https:\/\/www.pedagogie.ac-nice.fr\/daac\/wp-content\/uploads\/sites\/37\/2022\/02\/logo_cnrd.jpg 474w, https:\/\/www.pedagogie.ac-nice.fr\/daac\/wp-content\/uploads\/sites\/37\/2022\/02\/logo_cnrd-300x92.jpg 300w\" sizes=\"(max-width: 314px) 100vw, 314px\" \/><\/p>\n<p>[\/et_pb_text][et_pb_text admin_label=\u00a0\u00bbeduscol\u00a0\u00bb _builder_version=\u00a0\u00bb4.10.7&Prime; _module_preset=\u00a0\u00bbdefault\u00a0\u00bb global_colors_info=\u00a0\u00bb{}\u00a0\u00bb]<\/p>\n<p><a href=\"https:\/\/www.education.gouv.fr\/le-concours-national-de-la-resistance-et-de-la-deportation-4295\" target=\"_blank\" rel=\"noopener\"><img loading=\"lazy\" decoding=\"async\" class=\"alignnone size-full wp-image-2910 aligncenter\" src=\"https:\/\/www.pedagogie.ac-nice.fr\/daac\/wp-content\/uploads\/sites\/37\/2021\/04\/logo_eduscol.jpg\" alt=\"\" width=\"272\" height=\"54\"><\/a><\/p>\n<p>[\/et_pb_text][et_pb_text admin_label=\u00a0\u00bblogo canope\u00a0\u00bb _builder_version=\u00a0\u00bb4.10.7&Prime; _module_preset=\u00a0\u00bbdefault\u00a0\u00bb global_colors_info=\u00a0\u00bb{}\u00a0\u00bb]<\/p>\n<p><a href=\"https:\/\/www.reseau-canope.fr\/cnrd\/\" target=\"_blank\" rel=\"noopener\"><img loading=\"lazy\" decoding=\"async\" class=\"aligncenter wp-image-11473\" src=\"https:\/\/www.pedagogie.ac-nice.fr\/daac\/wp-content\/uploads\/sites\/37\/2022\/02\/canope.jpg\" alt=\"\" width=\"249\" height=\"113\" srcset=\"https:\/\/www.pedagogie.ac-nice.fr\/daac\/wp-content\/uploads\/sites\/37\/2022\/02\/canope.jpg 422w, https:\/\/www.pedagogie.ac-nice.fr\/daac\/wp-content\/uploads\/sites\/37\/2022\/02\/canope-300x136.jpg 300w\" sizes=\"(max-width: 249px) 100vw, 249px\" \/><\/a><\/p>\n<p>[\/et_pb_text][et_pb_divider _builder_version=\u00a0\u00bb4.10.7&Prime; _module_preset=\u00a0\u00bbdefault\u00a0\u00bb global_colors_info=\u00a0\u00bb{}\u00a0\u00bb][\/et_pb_divider][et_pb_text admin_label=\u00a0\u00bbPour aller plus loin\u00a0\u00bb _builder_version=\u00a0\u00bb4.10.7&Prime; _module_preset=\u00a0\u00bbdefault\u00a0\u00bb custom_margin=\u00a0\u00bb-30px|||||\u00a0\u00bb global_colors_info=\u00a0\u00bb{}\u00a0\u00bb]<\/p>\n<p><img loading=\"lazy\" decoding=\"async\" class=\"wp-image-6383 aligncenter\" src=\"https:\/\/www.pedagogie.ac-nice.fr\/daac\/wp-content\/uploads\/sites\/37\/2021\/09\/pour_aller_plus_loin.png\" alt=\"\" width=\"268\" height=\"144\" srcset=\"https:\/\/www.pedagogie.ac-nice.fr\/daac\/wp-content\/uploads\/sites\/37\/2021\/09\/pour_aller_plus_loin.png 349w, https:\/\/www.pedagogie.ac-nice.fr\/daac\/wp-content\/uploads\/sites\/37\/2021\/09\/pour_aller_plus_loin-300x162.png 300w\" sizes=\"(max-width: 268px) 100vw, 268px\" \/><\/p>\n<p>[\/et_pb_text][et_pb_text admin_label=\u00a0\u00bbSITE HGE NICE\u00a0\u00bb _builder_version=\u00a0\u00bb4.10.7&Prime; _module_preset=\u00a0\u00bbdefault\u00a0\u00bb global_colors_info=\u00a0\u00bb{}\u00a0\u00bb]<\/p>\n<p style=\"text-align: center;\"><a href=\"https:\/\/www.pedagogie.ac-nice.fr\/histgeo\/\" target=\"_blank\" rel=\"noopener\"><strong><span style=\"color: #008080;\">La r\u00e9sistance sur les bords de la m\u00e9diterran\u00e9e<\/span><\/strong><\/a><br \/><a href=\"https:\/\/www.pedagogie.ac-nice.fr\/histgeo\/\" target=\"_blank\" rel=\"noopener\"><img loading=\"lazy\" decoding=\"async\" class=\"aligncenter wp-image-11476\" src=\"https:\/\/www.pedagogie.ac-nice.fr\/daac\/wp-content\/uploads\/sites\/37\/2022\/02\/histoire_geo_acad_nice.jpg\" alt=\"\" width=\"207\" height=\"125\" srcset=\"https:\/\/www.pedagogie.ac-nice.fr\/daac\/wp-content\/uploads\/sites\/37\/2022\/02\/histoire_geo_acad_nice.jpg 315w, https:\/\/www.pedagogie.ac-nice.fr\/daac\/wp-content\/uploads\/sites\/37\/2022\/02\/histoire_geo_acad_nice-300x181.jpg 300w\" sizes=\"(max-width: 207px) 100vw, 207px\" \/><\/a><\/p>\n<p>[\/et_pb_text][\/et_pb_column][et_pb_column type=\u00a0\u00bb2_3&Prime; _builder_version=\u00a0\u00bb4.10.7&Prime; _module_preset=\u00a0\u00bbdefault\u00a0\u00bb global_colors_info=\u00a0\u00bb{}\u00a0\u00bb][et_pb_text admin_label=\u00a0\u00bbaffiche 2021-2022&Prime; _builder_version=\u00a0\u00bb4.10.7&Prime; _module_preset=\u00a0\u00bbdefault\u00a0\u00bb hover_enabled=\u00a0\u00bb0&Prime; global_colors_info=\u00a0\u00bb{}\u00a0\u00bb text_font=\u00a0\u00bbTrebuchet||||||||\u00a0\u00bb sticky_enabled=\u00a0\u00bb0&Prime;]<\/p>\n<p style=\"text-align: justify;\"><span style=\"color: #000000;\">Le <strong><abbr title=\"Concours national de la r\u00e9sistance et de la d\u00e9portation\" xml:lang=\"fr\" lang=\"fr\">CNRD<\/abbr><\/strong> est un concours scolaire qui s&rsquo;appuie sur l&rsquo;enseignement de l&rsquo;histoire, de l&rsquo;histoire des m\u00e9moires, de la R\u00e9sistance et de la D\u00e9portation. Chaque ann\u00e9e, un th\u00e8me est d\u00e9fini, pouvant faire l&rsquo;objet d&rsquo;un v\u00e9ritable travail interdisciplinaire.<\/span><\/p>\n<p style=\"text-align: justify;\"><span style=\"color: #000000;\">Ce concours s&rsquo;inscrit ainsi dans une d\u00e9marche d&rsquo;<strong>\u00e9ducation \u00e0 la citoyennet\u00e9<\/strong> et est une composante essentielle du parcours citoyen de l&rsquo;\u00e9l\u00e8ve. Il est aussi l&rsquo;occasion de se souvenir et de participer \u00e0 <strong>un travail de m\u00e9moire<\/strong>.<\/span><br \/><span style=\"color: #000000;\">Retrouvez le th\u00e8me de l&rsquo;\u00e9dition 2021-2022, toutes les modalit\u00e9s de participation au concours et des ressources nationales et acad\u00e9miques ci-contre. <strong><br \/><\/strong><\/span><br \/><span style=\"color: #000000;\"><a href=\"https:\/\/www.pedagogie.ac-nice.fr\/cnrd\/brochures\/\" target=\"_blank\" rel=\"noopener\" style=\"color: #000000;\"><img loading=\"lazy\" decoding=\"async\" class=\"wp-image-11457 size-full aligncenter\" src=\"https:\/\/www.pedagogie.ac-nice.fr\/daac\/wp-content\/uploads\/sites\/37\/2022\/02\/affiche_cnrd_2021_22.jpg\" alt=\"\" width=\"317\" height=\"447\" srcset=\"https:\/\/www.pedagogie.ac-nice.fr\/daac\/wp-content\/uploads\/sites\/37\/2022\/02\/affiche_cnrd_2021_22.jpg 317w, https:\/\/www.pedagogie.ac-nice.fr\/daac\/wp-content\/uploads\/sites\/37\/2022\/02\/affiche_cnrd_2021_22-213x300.jpg 213w\" sizes=\"(max-width: 317px) 100vw, 317px\" \/><\/a><a href=\"https:\/\/www.pedagogie.ac-nice.fr\/cnrd\/brochures\/\" target=\"_blank\" rel=\"noopener\" style=\"color: #000000;\">Acc\u00e8s \u00e0 la brochure<\/a><\/span><\/p>\n<p>[\/et_pb_text][et_pb_divider _builder_version=\u00a0\u00bb4.10.7&Prime; _module_preset=\u00a0\u00bbdefault\u00a0\u00bb global_colors_info=\u00a0\u00bb{}\u00a0\u00bb][\/et_pb_divider][et_pb_text admin_label=\u00a0\u00bbCNRD acad\u00e9mie de Nice\u00a0\u00bb _builder_version=\u00a0\u00bb4.10.7&Prime; _module_preset=\u00a0\u00bbdefault\u00a0\u00bb hover_enabled=\u00a0\u00bb0&Prime; global_colors_info=\u00a0\u00bb{}\u00a0\u00bb text_font=\u00a0\u00bbTrebuchet||||||||\u00a0\u00bb sticky_enabled=\u00a0\u00bb0&Prime;]<\/p>\n<p style=\"text-align: center;\"><a href=\"https:\/\/www.pedagogie.ac-nice.fr\/cnrd\/\" target=\"_blank\" rel=\"noopener\"><span style=\"color: #993366;\"><strong>Le CNRD dans l&rsquo;Acad\u00e9mie de Nice<\/strong><\/span><br \/><img loading=\"lazy\" decoding=\"async\" class=\"wp-image-11459 size-full aligncenter\" src=\"https:\/\/www.pedagogie.ac-nice.fr\/daac\/wp-content\/uploads\/sites\/37\/2022\/02\/cnrd_academie_Nice.jpg\" alt=\"\" width=\"237\" height=\"103\" \/><\/a><span style=\"color: #000000;\">Le site acad\u00e9mique du CNRD de Nice vous permet d&rsquo;acc\u00e9der \u00e0 de nombreuses ressources<\/span><\/p>\n<p>[\/et_pb_text][et_pb_divider _builder_version=\u00a0\u00bb4.10.7&Prime; _module_preset=\u00a0\u00bbdefault\u00a0\u00bb global_colors_info=\u00a0\u00bb{}\u00a0\u00bb][\/et_pb_divider][et_pb_text admin_label=\u00a0\u00bbCNRD 60 ans\u00a0\u00bb _builder_version=\u00a0\u00bb4.10.7&Prime; _module_preset=\u00a0\u00bbdefault\u00a0\u00bb hover_enabled=\u00a0\u00bb0&Prime; global_colors_info=\u00a0\u00bb{}\u00a0\u00bb text_font=\u00a0\u00bbTrebuchet||||||||\u00a0\u00bb sticky_enabled=\u00a0\u00bb0&Prime;]<\/p>\n<p style=\"text-align: justify;\"><span style=\"color: #000000;\"><strong>Ce concours rev\u00eat une actualit\u00e9 particuli\u00e8re puisqu&rsquo;il f\u00eate ses 60 ans cette ann\u00e9e.<\/strong><\/span><br \/><span style=\"color: #000000;\"> Retrouvez l&rsquo;histoire du Concours National de la R\u00e9sistance et de la D\u00e9portation dans le livret r\u00e9alis\u00e9 par la Fondation pour la M\u00e9moire de la D\u00e9portation avec le parrainage du Ministre de l&rsquo;Education nationale et le soutien du Minist\u00e8re des Arm\u00e9es.<\/span><\/p>\n<p><a href=\"https:\/\/www.pedagogie.ac-nice.fr\/daac\/wp-content\/uploads\/sites\/37\/2022\/02\/Le-CNRD-a-60-ans-.pdf\" target=\"_blank\" rel=\"noopener\"><img loading=\"lazy\" decoding=\"async\" class=\"aligncenter wp-image-11465\" src=\"https:\/\/www.pedagogie.ac-nice.fr\/daac\/wp-content\/uploads\/sites\/37\/2022\/02\/CNRD_60_ans.jpg\" alt=\"\" width=\"443\" height=\"229\" srcset=\"https:\/\/www.pedagogie.ac-nice.fr\/daac\/wp-content\/uploads\/sites\/37\/2022\/02\/CNRD_60_ans.jpg 748w, https:\/\/www.pedagogie.ac-nice.fr\/daac\/wp-content\/uploads\/sites\/37\/2022\/02\/CNRD_60_ans-300x155.jpg 300w\" sizes=\"(max-width: 443px) 100vw, 443px\" \/><\/a><\/p>\n<p>[\/et_pb_text][\/et_pb_column][\/et_pb_row][\/et_pb_section]<\/p>\n","protected":false},"excerpt":{"rendered":"<p>La r\u00e9sistance sur les bords de la m\u00e9diterran\u00e9eLe CNRD est un concours scolaire qui s&rsquo;appuie sur l&rsquo;enseignement de l&rsquo;histoire, de l&rsquo;histoire des m\u00e9moires, de la R\u00e9sistance et de la D\u00e9portation. Chaque ann\u00e9e, un th\u00e8me est d\u00e9fini, pouvant faire l&rsquo;objet d&rsquo;un v\u00e9ritable travail interdisciplinaire. Ce concours s&rsquo;inscrit ainsi dans une d\u00e9marche d&rsquo;\u00e9ducation \u00e0 la citoyennet\u00e9 et [&hellip;]<\/p>\n","protected":false},"author":241,"featured_media":0,"parent":0,"menu_order":0,"comment_status":"closed","ping_status":"closed","template":"","meta":{"_et_pb_use_builder":"on","_et_pb_old_content":"","_et_gb_content_width":"","ngg_post_thumbnail":0,"footnotes":""},"class_list":["post-11448","page","type-page","status-publish","hentry"],"rttpg_featured_image_url":null,"rttpg_author":{"display_name":"daacadmin","author_link":"https:\/\/www.pedagogie.ac-nice.fr\/daac\/author\/daacadmin\/"},"rttpg_comment":0,"rttpg_category":null,"rttpg_excerpt":"La r\u00e9sistance sur les bords de la m\u00e9diterran\u00e9eLe CNRD est un concours scolaire qui s'appuie sur l'enseignement de l'histoire, de l'histoire des m\u00e9moires, de la R\u00e9sistance et de la D\u00e9portation. Chaque ann\u00e9e, un th\u00e8me est d\u00e9fini, pouvant faire l'objet d'un v\u00e9ritable travail interdisciplinaire. Ce concours s'inscrit ainsi dans une d\u00e9marche d'\u00e9ducation \u00e0 la citoyennet\u00e9 et\u2026","post_mailing_queue_ids":[],"_links":{"self":[{"href":"https:\/\/www.pedagogie.ac-nice.fr\/daac\/wp-json\/wp\/v2\/pages\/11448","targetHints":{"allow":["GET"]}}],"collection":[{"href":"https:\/\/www.pedagogie.ac-nice.fr\/daac\/wp-json\/wp\/v2\/pages"}],"about":[{"href":"https:\/\/www.pedagogie.ac-nice.fr\/daac\/wp-json\/wp\/v2\/types\/page"}],"author":[{"embeddable":true,"href":"https:\/\/www.pedagogie.ac-nice.fr\/daac\/wp-json\/wp\/v2\/users\/241"}],"replies":[{"embeddable":true,"href":"https:\/\/www.pedagogie.ac-nice.fr\/daac\/wp-json\/wp\/v2\/comments?post=11448"}],"version-history":[{"count":18,"href":"https:\/\/www.pedagogie.ac-nice.fr\/daac\/wp-json\/wp\/v2\/pages\/11448\/revisions"}],"predecessor-version":[{"id":14730,"href":"https:\/\/www.pedagogie.ac-nice.fr\/daac\/wp-json\/wp\/v2\/pages\/11448\/revisions\/14730"}],"wp:attachment":[{"href":"https:\/\/www.pedagogie.ac-nice.fr\/daac\/wp-json\/wp\/v2\/media?parent=11448"}],"curies":[{"name":"wp","href":"https:\/\/api.w.org\/{rel}","templated":true}]}}