{"id":11767,"date":"2022-03-09T18:54:02","date_gmt":"2022-03-09T17:54:02","guid":{"rendered":"https:\/\/www.pedagogie.ac-nice.fr\/daac\/?page_id=11767"},"modified":"2022-03-10T10:23:14","modified_gmt":"2022-03-10T09:23:14","slug":"canneseries-5","status":"publish","type":"page","link":"https:\/\/www.pedagogie.ac-nice.fr\/daac\/canneseries-5\/","title":{"rendered":"Canneseries #5"},"content":{"rendered":"<p>[et_pb_section fb_built=\u00a0\u00bb1&Prime; _builder_version=\u00a0\u00bb4.10.7&Prime; _module_preset=\u00a0\u00bbdefault\u00a0\u00bb global_colors_info=\u00a0\u00bb{}\u00a0\u00bb][et_pb_row column_structure=\u00a0\u00bb1_3,2_3&Prime; _builder_version=\u00a0\u00bb4.10.7&Prime; _module_preset=\u00a0\u00bbdefault\u00a0\u00bb global_colors_info=\u00a0\u00bb{}\u00a0\u00bb][et_pb_column type=\u00a0\u00bb1_3&Prime; _builder_version=\u00a0\u00bb4.10.7&Prime; _module_preset=\u00a0\u00bbdefault\u00a0\u00bb global_colors_info=\u00a0\u00bb{}\u00a0\u00bb][et_pb_text admin_label=\u00a0\u00bbdomaine cin\u00e9ma\u00a0\u00bb _builder_version=\u00a0\u00bb4.10.7&Prime; _module_preset=\u00a0\u00bbdefault\u00a0\u00bb global_colors_info=\u00a0\u00bb{}\u00a0\u00bb]<\/p>\n<p><a href=\"https:\/\/www.pedagogie.ac-nice.fr\/daac\/pole_cinema_2021\/\" target=\"_blank\" rel=\"noopener\"><img loading=\"lazy\" decoding=\"async\" class=\"aligncenter wp-image-5920 size-full\" src=\"https:\/\/www.pedagogie.ac-nice.fr\/daac\/wp-content\/uploads\/sites\/37\/2021\/09\/cinema.png\" alt=\"\" width=\"349\" height=\"213\" srcset=\"https:\/\/www.pedagogie.ac-nice.fr\/daac\/wp-content\/uploads\/sites\/37\/2021\/09\/cinema.png 349w, https:\/\/www.pedagogie.ac-nice.fr\/daac\/wp-content\/uploads\/sites\/37\/2021\/09\/cinema-300x183.png 300w\" sizes=\"(max-width: 349px) 100vw, 349px\" \/><\/a><\/p>\n<p>[\/et_pb_text][et_pb_divider _builder_version=\u00a0\u00bb4.10.7&Prime; _module_preset=\u00a0\u00bbdefault\u00a0\u00bb custom_margin=\u00a0\u00bb-21px|||||\u00a0\u00bb global_colors_info=\u00a0\u00bb{}\u00a0\u00bb][\/et_pb_divider][et_pb_text admin_label=\u00a0\u00bbjury saison 5&Prime; _builder_version=\u00a0\u00bb4.10.7&Prime; _module_preset=\u00a0\u00bbdefault\u00a0\u00bb custom_margin=\u00a0\u00bb-31px|||||\u00a0\u00bb global_colors_info=\u00a0\u00bb{}\u00a0\u00bb]<\/p>\n<p><img loading=\"lazy\" decoding=\"async\" class=\"alignnone size-full wp-image-11773\" src=\"https:\/\/www.pedagogie.ac-nice.fr\/daac\/wp-content\/uploads\/sites\/37\/2022\/03\/jury_canneseries3_1.jpeg\" alt=\"\" width=\"1080\" height=\"1920\" srcset=\"https:\/\/www.pedagogie.ac-nice.fr\/daac\/wp-content\/uploads\/sites\/37\/2022\/03\/jury_canneseries3_1.jpeg 1080w, https:\/\/www.pedagogie.ac-nice.fr\/daac\/wp-content\/uploads\/sites\/37\/2022\/03\/jury_canneseries3_1-169x300.jpeg 169w, https:\/\/www.pedagogie.ac-nice.fr\/daac\/wp-content\/uploads\/sites\/37\/2022\/03\/jury_canneseries3_1-576x1024.jpeg 576w, https:\/\/www.pedagogie.ac-nice.fr\/daac\/wp-content\/uploads\/sites\/37\/2022\/03\/jury_canneseries3_1-768x1365.jpeg 768w, https:\/\/www.pedagogie.ac-nice.fr\/daac\/wp-content\/uploads\/sites\/37\/2022\/03\/jury_canneseries3_1-864x1536.jpeg 864w\" sizes=\"(max-width: 1080px) 100vw, 1080px\" \/><\/p>\n<p>[\/et_pb_text][et_pb_divider _builder_version=\u00a0\u00bb4.10.7&Prime; _module_preset=\u00a0\u00bbdefault\u00a0\u00bb custom_margin=\u00a0\u00bb-21px|||||\u00a0\u00bb global_colors_info=\u00a0\u00bb{}\u00a0\u00bb][\/et_pb_divider][et_pb_text admin_label=\u00a0\u00bbtraces\u00a0\u00bb _builder_version=\u00a0\u00bb4.10.7&Prime; _module_preset=\u00a0\u00bbdefault\u00a0\u00bb custom_margin=\u00a0\u00bb-33px|||||\u00a0\u00bb global_colors_info=\u00a0\u00bb{}\u00a0\u00bb]<\/p>\n<p><img loading=\"lazy\" decoding=\"async\" class=\"wp-image-11046 aligncenter\" src=\"https:\/\/www.pedagogie.ac-nice.fr\/daac\/wp-content\/uploads\/sites\/37\/2022\/01\/traces.jpg\" alt=\"\" width=\"450\" height=\"194\" srcset=\"https:\/\/www.pedagogie.ac-nice.fr\/daac\/wp-content\/uploads\/sites\/37\/2022\/01\/traces.jpg 681w, https:\/\/www.pedagogie.ac-nice.fr\/daac\/wp-content\/uploads\/sites\/37\/2022\/01\/traces-300x129.jpg 300w\" sizes=\"(max-width: 450px) 100vw, 450px\" \/><\/p>\n<p>[\/et_pb_text][et_pb_text admin_label=\u00a0\u00bbcanneseries #4&Prime; _builder_version=\u00a0\u00bb4.10.7&Prime; _module_preset=\u00a0\u00bbdefault\u00a0\u00bb custom_margin=\u00a0\u00bb-17px|||||\u00a0\u00bb global_colors_info=\u00a0\u00bb{}\u00a0\u00bb]<\/p>\n<p><a href=\"https:\/\/www.pedagogie.ac-nice.fr\/daac\/canneseries-2021-2\/\" target=\"_blank\" rel=\"noopener\"><img loading=\"lazy\" decoding=\"async\" class=\"aligncenter wp-image-2297\" src=\"https:\/\/www.pedagogie.ac-nice.fr\/daac\/wp-content\/uploads\/sites\/37\/2021\/02\/Canneseries_report.jpg\" alt=\"\" width=\"244\" height=\"244\" srcset=\"https:\/\/www.pedagogie.ac-nice.fr\/daac\/wp-content\/uploads\/sites\/37\/2021\/02\/Canneseries_report.jpg 1080w, https:\/\/www.pedagogie.ac-nice.fr\/daac\/wp-content\/uploads\/sites\/37\/2021\/02\/Canneseries_report-300x300.jpg 300w, https:\/\/www.pedagogie.ac-nice.fr\/daac\/wp-content\/uploads\/sites\/37\/2021\/02\/Canneseries_report-1024x1024.jpg 1024w, https:\/\/www.pedagogie.ac-nice.fr\/daac\/wp-content\/uploads\/sites\/37\/2021\/02\/Canneseries_report-150x150.jpg 150w, https:\/\/www.pedagogie.ac-nice.fr\/daac\/wp-content\/uploads\/sites\/37\/2021\/02\/Canneseries_report-768x768.jpg 768w\" sizes=\"(max-width: 244px) 100vw, 244px\" \/><\/a><\/p>\n<p>[\/et_pb_text][\/et_pb_column][et_pb_column type=\u00a0\u00bb2_3&Prime; _builder_version=\u00a0\u00bb4.10.7&Prime; _module_preset=\u00a0\u00bbdefault\u00a0\u00bb global_colors_info=\u00a0\u00bb{}\u00a0\u00bb][et_pb_text admin_label=\u00a0\u00bbtitre canneseries 5&Prime; _builder_version=\u00a0\u00bb4.10.7&Prime; _module_preset=\u00a0\u00bbdefault\u00a0\u00bb global_colors_info=\u00a0\u00bb{}\u00a0\u00bb]<\/p>\n<p><img loading=\"lazy\" decoding=\"async\" class=\"alignnone size-full wp-image-11771\" src=\"https:\/\/www.pedagogie.ac-nice.fr\/daac\/wp-content\/uploads\/sites\/37\/2022\/03\/canneseries_saison5.jpeg\" alt=\"\" width=\"1920\" height=\"1080\" srcset=\"https:\/\/www.pedagogie.ac-nice.fr\/daac\/wp-content\/uploads\/sites\/37\/2022\/03\/canneseries_saison5.jpeg 1920w, https:\/\/www.pedagogie.ac-nice.fr\/daac\/wp-content\/uploads\/sites\/37\/2022\/03\/canneseries_saison5-300x169.jpeg 300w, https:\/\/www.pedagogie.ac-nice.fr\/daac\/wp-content\/uploads\/sites\/37\/2022\/03\/canneseries_saison5-1024x576.jpeg 1024w, https:\/\/www.pedagogie.ac-nice.fr\/daac\/wp-content\/uploads\/sites\/37\/2022\/03\/canneseries_saison5-768x432.jpeg 768w, https:\/\/www.pedagogie.ac-nice.fr\/daac\/wp-content\/uploads\/sites\/37\/2022\/03\/canneseries_saison5-1536x864.jpeg 1536w, https:\/\/www.pedagogie.ac-nice.fr\/daac\/wp-content\/uploads\/sites\/37\/2022\/03\/canneseries_saison5-1080x608.jpeg 1080w\" sizes=\"(max-width: 1920px) 100vw, 1920px\" \/><\/p>\n<p>[\/et_pb_text][et_pb_text _builder_version=\u00a0\u00bb4.10.7&Prime; _module_preset=\u00a0\u00bbdefault\u00a0\u00bb hover_enabled=\u00a0\u00bb0&Prime; global_colors_info=\u00a0\u00bb{}\u00a0\u00bb sticky_enabled=\u00a0\u00bb0&Prime;]<\/p>\n<p style=\"text-align: justify;\"><span style=\"color: #0000ff;\">Dans le cadre du PEAC (Parcours d\u2019Education Artistique et Culturelle), la DAAC de Nice, en partenariat avec le <strong>Festival CANNESERIES<\/strong> propose depuis 2020 \u00e0 des <strong>lyc\u00e9ens du d\u00e9partement des Alpes Maritimes d\u2019\u00eatre jury lyc\u00e9en<\/strong>.<br \/>Cela consiste \u00e0 assister \u00e0 toutes les projections en comp\u00e9tition d\u2019\u00e9pisodes de s\u00e9ries internationales encore in\u00e9dites en France et de r\u00e9compenser celle qu\u2019ils ont pr\u00e9f\u00e9r\u00e9e.<\/span><\/p>\n<p>&nbsp;<\/p>\n<p style=\"text-align: left;\"><span style=\"color: #0000ff;\">Voici le nouveau Jury Lyc\u00e9en qui suivra les projections de Canneseries saison 5, du 1\u00b0 au<strong><span style=\"color: #ff00ff;\"> 6 avril<\/span><\/strong> et d\u00e9cernera leur prix de la meilleure s\u00e9rie longue. <\/p>\n<p><strong><span style=\"color: #ff00ff;\">Rendez-vous le 6 avril 2022 pour la remise du prix<\/span><\/strong><\/span><strong><span style=\"color: #ff00ff;\"> !<\/span><\/strong><\/p>\n<p>[\/et_pb_text][et_pb_text admin_label=\u00a0\u00bbcontacts\u00a0\u00bb _builder_version=\u00a0\u00bb4.10.7&Prime; _module_preset=\u00a0\u00bbdefault\u00a0\u00bb global_colors_info=\u00a0\u00bb{}\u00a0\u00bb]<\/p>\n<p><span style=\"color: #0000ff;\">Florence Vargas-Luiggi, Conseill\u00e8re EAC Cin\u00e9ma DAAC <\/span><br \/><span style=\"color: #0000ff;\">Florence.Vargas-Luiggi@ac-nice.fr<\/span><\/p>\n<p><span style=\"color: #0000ff;\">Mathieu Guiglielmi, Charg\u00e9 de mission DAAC, Dispositif CANNESERIES<\/span><br \/><span style=\"color: #0000ff;\">Mathieu-Fabien.Guiglielmi@ac-nice.fr<\/span><\/p>\n<p>[\/et_pb_text][\/et_pb_column][\/et_pb_row][\/et_pb_section]<\/p>\n","protected":false},"excerpt":{"rendered":"<p>Dans le cadre du PEAC (Parcours d\u2019Education Artistique et Culturelle), la DAAC de Nice, en partenariat avec le Festival CANNESERIES propose depuis 2020 \u00e0 des lyc\u00e9ens du d\u00e9partement des Alpes Maritimes d\u2019\u00eatre jury lyc\u00e9en.Cela consiste \u00e0 assister \u00e0 toutes les projections en comp\u00e9tition d\u2019\u00e9pisodes de s\u00e9ries internationales encore in\u00e9dites en France et de r\u00e9compenser celle [&hellip;]<\/p>\n","protected":false},"author":241,"featured_media":0,"parent":0,"menu_order":0,"comment_status":"closed","ping_status":"closed","template":"","meta":{"_et_pb_use_builder":"on","_et_pb_old_content":"","_et_gb_content_width":"","ngg_post_thumbnail":0,"footnotes":""},"class_list":["post-11767","page","type-page","status-publish","hentry"],"rttpg_featured_image_url":null,"rttpg_author":{"display_name":"daacadmin","author_link":"https:\/\/www.pedagogie.ac-nice.fr\/daac\/author\/daacadmin\/"},"rttpg_comment":0,"rttpg_category":null,"rttpg_excerpt":"Dans le cadre du PEAC (Parcours d\u2019Education Artistique et Culturelle), la DAAC de Nice, en partenariat avec le Festival CANNESERIES propose depuis 2020 \u00e0 des lyc\u00e9ens du d\u00e9partement des Alpes Maritimes d\u2019\u00eatre jury lyc\u00e9en.Cela consiste \u00e0 assister \u00e0 toutes les projections en comp\u00e9tition d\u2019\u00e9pisodes de s\u00e9ries internationales encore in\u00e9dites en France et de r\u00e9compenser celle\u2026","post_mailing_queue_ids":[],"_links":{"self":[{"href":"https:\/\/www.pedagogie.ac-nice.fr\/daac\/wp-json\/wp\/v2\/pages\/11767","targetHints":{"allow":["GET"]}}],"collection":[{"href":"https:\/\/www.pedagogie.ac-nice.fr\/daac\/wp-json\/wp\/v2\/pages"}],"about":[{"href":"https:\/\/www.pedagogie.ac-nice.fr\/daac\/wp-json\/wp\/v2\/types\/page"}],"author":[{"embeddable":true,"href":"https:\/\/www.pedagogie.ac-nice.fr\/daac\/wp-json\/wp\/v2\/users\/241"}],"replies":[{"embeddable":true,"href":"https:\/\/www.pedagogie.ac-nice.fr\/daac\/wp-json\/wp\/v2\/comments?post=11767"}],"version-history":[{"count":7,"href":"https:\/\/www.pedagogie.ac-nice.fr\/daac\/wp-json\/wp\/v2\/pages\/11767\/revisions"}],"predecessor-version":[{"id":11789,"href":"https:\/\/www.pedagogie.ac-nice.fr\/daac\/wp-json\/wp\/v2\/pages\/11767\/revisions\/11789"}],"wp:attachment":[{"href":"https:\/\/www.pedagogie.ac-nice.fr\/daac\/wp-json\/wp\/v2\/media?parent=11767"}],"curies":[{"name":"wp","href":"https:\/\/api.w.org\/{rel}","templated":true}]}}