{"id":11824,"date":"2022-03-13T14:38:39","date_gmt":"2022-03-13T13:38:39","guid":{"rendered":"https:\/\/www.pedagogie.ac-nice.fr\/daac\/?page_id=11824"},"modified":"2022-03-13T14:44:37","modified_gmt":"2022-03-13T13:44:37","slug":"un-monde-college-fabre-valorisation","status":"publish","type":"page","link":"https:\/\/www.pedagogie.ac-nice.fr\/daac\/un-monde-college-fabre-valorisation\/","title":{"rendered":"Un monde coll\u00e8ge Fabre valorisation"},"content":{"rendered":"<p>[et_pb_section fb_built=\u00a0\u00bb1&Prime; _builder_version=\u00a0\u00bb4.10.7&Prime; _module_preset=\u00a0\u00bbdefault\u00a0\u00bb global_colors_info=\u00a0\u00bb{}\u00a0\u00bb][et_pb_row column_structure=\u00a0\u00bb1_3,2_3&Prime; _builder_version=\u00a0\u00bb4.10.7&Prime; _module_preset=\u00a0\u00bbdefault\u00a0\u00bb global_colors_info=\u00a0\u00bb{}\u00a0\u00bb][et_pb_column type=\u00a0\u00bb1_3&Prime; _builder_version=\u00a0\u00bb4.10.7&Prime; _module_preset=\u00a0\u00bbdefault\u00a0\u00bb global_colors_info=\u00a0\u00bb{}\u00a0\u00bb][et_pb_text admin_label=\u00a0\u00bblogo cinema\u00a0\u00bb _builder_version=\u00a0\u00bb4.10.7&Prime; _module_preset=\u00a0\u00bbdefault\u00a0\u00bb global_colors_info=\u00a0\u00bb{}\u00a0\u00bb]<\/p>\n<p><a href=\"https:\/\/www.pedagogie.ac-nice.fr\/daac\/pole_cinema_2021\/\" target=\"_blank\" rel=\"noopener\"><img loading=\"lazy\" decoding=\"async\" class=\"aligncenter wp-image-5920 size-full\" src=\"https:\/\/www.pedagogie.ac-nice.fr\/daac\/wp-content\/uploads\/sites\/37\/2021\/09\/cinema.png\" alt=\"\" width=\"349\" height=\"213\" srcset=\"https:\/\/www.pedagogie.ac-nice.fr\/daac\/wp-content\/uploads\/sites\/37\/2021\/09\/cinema.png 349w, https:\/\/www.pedagogie.ac-nice.fr\/daac\/wp-content\/uploads\/sites\/37\/2021\/09\/cinema-300x183.png 300w\" sizes=\"(max-width: 349px) 100vw, 349px\" \/><\/a><\/p>\n<p>[\/et_pb_text][et_pb_divider _builder_version=\u00a0\u00bb4.10.7&Prime; _module_preset=\u00a0\u00bbdefault\u00a0\u00bb global_colors_info=\u00a0\u00bb{}\u00a0\u00bb][\/et_pb_divider][et_pb_text admin_label=\u00a0\u00bbAffiche le Monde\u00a0\u00bb _builder_version=\u00a0\u00bb4.10.7&Prime; _module_preset=\u00a0\u00bbdefault\u00a0\u00bb global_colors_info=\u00a0\u00bb{}\u00a0\u00bb]<\/p>\n<p><img loading=\"lazy\" decoding=\"async\" class=\"alignnone size-full wp-image-11823 aligncenter\" src=\"https:\/\/www.pedagogie.ac-nice.fr\/daac\/wp-content\/uploads\/sites\/37\/2022\/03\/affiche_un_monde.jpg\" alt=\"\" width=\"213\" height=\"297\"><\/p>\n<p>[\/et_pb_text][\/et_pb_column][et_pb_column type=\u00a0\u00bb2_3&Prime; _builder_version=\u00a0\u00bb4.10.7&Prime; _module_preset=\u00a0\u00bbdefault\u00a0\u00bb global_colors_info=\u00a0\u00bb{}\u00a0\u00bb][et_pb_text admin_label=\u00a0\u00bbTexte ENT Fabre\u00a0\u00bb _builder_version=\u00a0\u00bb4.10.7&Prime; _module_preset=\u00a0\u00bbdefault\u00a0\u00bb global_colors_info=\u00a0\u00bb{}\u00a0\u00bb]<\/p>\n<p style=\"text-align: justify;\"><span style=\"color: #ff6600;\"><span class=\"b-like\" data-mce-fragment=\"1\">Lundi 7 mars 2022, <strong data-mce-fragment=\"1\">les \u00e9l\u00e8ves de 6\u00e8me5 et de 4\u00e8me Cin\u00e9ma du coll\u00e8ge Henri Fabre de Nice<\/strong> ont d\u00e9couvert le film de Laura Wandel <strong data-mce-fragment=\"1\">\u00ab Un Monde \u00bb<\/strong>, s\u00e9lectionn\u00e9 au Festival de cannes 2021.<\/span>\u200b<\/span><img loading=\"lazy\" decoding=\"async\" class=\"size-full wp-image-11830 aligncenter\" src=\"https:\/\/www.pedagogie.ac-nice.fr\/daac\/wp-content\/uploads\/sites\/37\/2022\/03\/visuel_cinema_JPBelmondo.jpg\" alt=\"\" width=\"287\" height=\"165\"><br \/><span style=\"color: #000000;\">Dans le cadre du festival \u00ab <a style=\"color: #000000;\" href=\"https:\/\/au-cinema-pour-les-droits-humains.fr\/\" target=\"_blank\" rel=\"noopener\">Au cin\u00e9ma pour les Droits Humains<\/a> \u00bb organis\u00e9 par Amnesty International France, les \u00e9l\u00e8ves de 6\u00e8me5 et 4\u00e8me Cin\u00e9ma sont all\u00e9s au <a style=\"color: #000000;\" href=\"https:\/\/cinemabelmondo.departement06.fr\/belmondo-10558.html\" target=\"_blank\" rel=\"noopener\">cin\u00e9ma Jean-Paul Belmondo<\/a> (anciennement Mercury). Ils ont pu voir le long m\u00e9trage intitul\u00e9&nbsp; \u00ab <a style=\"color: #000000;\" href=\"https:\/\/fr.wikipedia.org\/wiki\/Un_monde_(film)\" target=\"_blank\" rel=\"noopener\">Un monde<\/a> \u00bb de <a style=\"color: #000000;\" href=\"https:\/\/fr.wikipedia.org\/wiki\/Laura_Wandel\" target=\"_blank\" rel=\"noopener\">Laura Wandel<\/a>, s\u00e9lectionn\u00e9 au Festival de Cannes 2021.<\/span><\/p>\n<p style=\"text-align: justify;\"><span style=\"color: #000000;\">Ce film sensible&nbsp; aborde le ph\u00e9nom\u00e8ne de harc\u00e8lement scolaire vu par des yeux d\u2019enfants et d\u00e9clenche une vive \u00e9motion.<\/span><\/p>\n<p style=\"text-align: justify;\"><span style=\"color: #000000;\">A la suite de ce film, les \u00e9l\u00e8ves ont pris part \u00e0 un long d\u00e9bat men\u00e9 par M. Levenes, membre d\u2019Amnesty International, et les diff\u00e9rents adultes encadrant.<\/span><\/p>\n<p style=\"text-align: justify;\"><span style=\"color: #000000;\">Il est toujours fort int\u00e9ressant de constater que certains th\u00e8mes peuvent \u00eatre de v\u00e9ritables d\u00e9clencheurs de prises de parole et fort surprenant de voir combien nos \u00e9l\u00e8ves sont capables de remarques pertinentes, d&rsquo;\u00e9changes fructueux, sans jugement arbitraire.<\/span><\/p>\n<p>[\/et_pb_text][\/et_pb_column][\/et_pb_row][\/et_pb_section]<\/p>\n","protected":false},"excerpt":{"rendered":"<p>Lundi 7 mars 2022, les \u00e9l\u00e8ves de 6\u00e8me5 et de 4\u00e8me Cin\u00e9ma du coll\u00e8ge Henri Fabre de Nice ont d\u00e9couvert le film de Laura Wandel \u00ab Un Monde \u00bb, s\u00e9lectionn\u00e9 au Festival de cannes 2021.\u200bDans le cadre du festival \u00ab Au cin\u00e9ma pour les Droits Humains \u00bb organis\u00e9 par Amnesty International France, les \u00e9l\u00e8ves de [&hellip;]<\/p>\n","protected":false},"author":241,"featured_media":0,"parent":0,"menu_order":0,"comment_status":"closed","ping_status":"closed","template":"","meta":{"_et_pb_use_builder":"on","_et_pb_old_content":"","_et_gb_content_width":"","ngg_post_thumbnail":0,"footnotes":""},"class_list":["post-11824","page","type-page","status-publish","hentry"],"rttpg_featured_image_url":null,"rttpg_author":{"display_name":"daacadmin","author_link":"https:\/\/www.pedagogie.ac-nice.fr\/daac\/author\/daacadmin\/"},"rttpg_comment":0,"rttpg_category":null,"rttpg_excerpt":"Lundi 7 mars 2022, les \u00e9l\u00e8ves de 6\u00e8me5 et de 4\u00e8me Cin\u00e9ma du coll\u00e8ge Henri Fabre de Nice ont d\u00e9couvert le film de Laura Wandel \u00ab Un Monde \u00bb, s\u00e9lectionn\u00e9 au Festival de cannes 2021.\u200bDans le cadre du festival \u00ab Au cin\u00e9ma pour les Droits Humains \u00bb organis\u00e9 par Amnesty International France, les \u00e9l\u00e8ves de\u2026","post_mailing_queue_ids":[],"_links":{"self":[{"href":"https:\/\/www.pedagogie.ac-nice.fr\/daac\/wp-json\/wp\/v2\/pages\/11824","targetHints":{"allow":["GET"]}}],"collection":[{"href":"https:\/\/www.pedagogie.ac-nice.fr\/daac\/wp-json\/wp\/v2\/pages"}],"about":[{"href":"https:\/\/www.pedagogie.ac-nice.fr\/daac\/wp-json\/wp\/v2\/types\/page"}],"author":[{"embeddable":true,"href":"https:\/\/www.pedagogie.ac-nice.fr\/daac\/wp-json\/wp\/v2\/users\/241"}],"replies":[{"embeddable":true,"href":"https:\/\/www.pedagogie.ac-nice.fr\/daac\/wp-json\/wp\/v2\/comments?post=11824"}],"version-history":[{"count":4,"href":"https:\/\/www.pedagogie.ac-nice.fr\/daac\/wp-json\/wp\/v2\/pages\/11824\/revisions"}],"predecessor-version":[{"id":11832,"href":"https:\/\/www.pedagogie.ac-nice.fr\/daac\/wp-json\/wp\/v2\/pages\/11824\/revisions\/11832"}],"wp:attachment":[{"href":"https:\/\/www.pedagogie.ac-nice.fr\/daac\/wp-json\/wp\/v2\/media?parent=11824"}],"curies":[{"name":"wp","href":"https:\/\/api.w.org\/{rel}","templated":true}]}}