{"id":12310,"date":"2022-04-25T22:08:14","date_gmt":"2022-04-25T20:08:14","guid":{"rendered":"https:\/\/www.pedagogie.ac-nice.fr\/daac\/?page_id=12310"},"modified":"2022-09-02T16:02:54","modified_gmt":"2022-09-02T14:02:54","slug":"laac-lyceens-et-apprentis-au-cinema","status":"publish","type":"page","link":"https:\/\/www.pedagogie.ac-nice.fr\/daac\/laac-lyceens-et-apprentis-au-cinema\/","title":{"rendered":"LAAC &#8211; Lyc\u00e9ens et Apprentis Au Cinema"},"content":{"rendered":"<p>[et_pb_section fb_built=\u00a0\u00bb1&Prime; _builder_version=\u00a0\u00bb4.10.7&Prime; _module_preset=\u00a0\u00bbdefault\u00a0\u00bb global_colors_info=\u00a0\u00bb{}\u00a0\u00bb][et_pb_row column_structure=\u00a0\u00bb1_3,2_3&Prime; _builder_version=\u00a0\u00bb4.10.7&Prime; _module_preset=\u00a0\u00bbdefault\u00a0\u00bb global_colors_info=\u00a0\u00bb{}\u00a0\u00bb][et_pb_column type=\u00a0\u00bb1_3&Prime; _builder_version=\u00a0\u00bb4.10.7&Prime; _module_preset=\u00a0\u00bbdefault\u00a0\u00bb global_colors_info=\u00a0\u00bb{}\u00a0\u00bb][et_pb_text admin_label=\u00a0\u00bbcinema\u00a0\u00bb _builder_version=\u00a0\u00bb4.10.7&Prime; _module_preset=\u00a0\u00bbdefault\u00a0\u00bb global_colors_info=\u00a0\u00bb{}\u00a0\u00bb]<\/p>\n<p><a href=\"https:\/\/www.pedagogie.ac-nice.fr\/daac\/pole_cinema_2021\/\" target=\"_blank\" rel=\"noopener\"><img loading=\"lazy\" decoding=\"async\" class=\"aligncenter wp-image-5920\" src=\"https:\/\/www.pedagogie.ac-nice.fr\/daac\/wp-content\/uploads\/sites\/37\/2021\/09\/cinema.png\" alt=\"\" width=\"224\" height=\"137\" srcset=\"https:\/\/www.pedagogie.ac-nice.fr\/daac\/wp-content\/uploads\/sites\/37\/2021\/09\/cinema.png 349w, https:\/\/www.pedagogie.ac-nice.fr\/daac\/wp-content\/uploads\/sites\/37\/2021\/09\/cinema-300x183.png 300w\" sizes=\"(max-width: 224px) 100vw, 224px\" \/><\/a><\/p>\n<p>[\/et_pb_text][et_pb_divider _builder_version=\u00a0\u00bb4.10.7&Prime; _module_preset=\u00a0\u00bbdefault\u00a0\u00bb global_colors_info=\u00a0\u00bb{}\u00a0\u00bb][\/et_pb_divider][et_pb_text _builder_version=\u00a0\u00bb4.10.7&Prime; _module_preset=\u00a0\u00bbdefault\u00a0\u00bb global_colors_info=\u00a0\u00bb{}\u00a0\u00bb]<\/p>\n<p style=\"text-align: center;\" data-wp-editing=\"1\"><a href=\"https:\/\/www.pedagogie.ac-nice.fr\/daac\/wp-content\/uploads\/sites\/37\/2022\/04\/Charte_engagement-LAAC-Sud-2022-2023.pdf\" target=\"_blank\" rel=\"noopener\"><strong><span style=\"color: #0000ff;\">Charte d&rsquo;engagement<\/span><\/strong><\/a><a href=\"https:\/\/www.pedagogie.ac-nice.fr\/daac\/wp-content\/uploads\/sites\/37\/2022\/04\/Charte_engagement-LAAC-Sud-2022-2023.pdf\" target=\"_blank\" rel=\"noopener\"><img loading=\"lazy\" decoding=\"async\" class=\"aligncenter wp-image-8629\" src=\"https:\/\/www.pedagogie.ac-nice.fr\/daac\/wp-content\/uploads\/sites\/37\/2021\/10\/fichier_pdf.jpg\" alt=\"\" width=\"127\" height=\"133\"><\/a><\/p>\n<p>[\/et_pb_text][et_pb_divider _builder_version=\u00a0\u00bb4.10.7&Prime; _module_preset=\u00a0\u00bbdefault\u00a0\u00bb global_colors_info=\u00a0\u00bb{}\u00a0\u00bb][\/et_pb_divider][et_pb_text _builder_version=\u00a0\u00bb4.10.7&Prime; _module_preset=\u00a0\u00bbdefault\u00a0\u00bb global_colors_info=\u00a0\u00bb{}\u00a0\u00bb]<\/p>\n<p style=\"text-align: center;\" data-wp-editing=\"1\"><a href=\"https:\/\/www.pedagogie.ac-nice.fr\/daac\/wp-content\/uploads\/sites\/37\/2022\/04\/PRESENTATION-Films-LAAC-2022-23.pdf\" target=\"_blank\" rel=\"noopener\"><strong><span style=\"color: #ff00ff;\">Pr\u00e9sentation des films LAAC<\/span><\/strong><\/a><br \/><a href=\"https:\/\/www.pedagogie.ac-nice.fr\/daac\/wp-content\/uploads\/sites\/37\/2022\/04\/PRESENTATION-Films-LAAC-2022-23.pdf\" target=\"_blank\" rel=\"noopener\"><strong><span style=\"color: #ff00ff;\">2022-2023<br \/><\/span><\/strong><img loading=\"lazy\" decoding=\"async\" class=\"alignnone size-full wp-image-12350\" src=\"https:\/\/www.pedagogie.ac-nice.fr\/daac\/wp-content\/uploads\/sites\/37\/2022\/04\/visuel_dossier_laac_2022_1.jpg\" alt=\"\" width=\"523\" height=\"722\" srcset=\"https:\/\/www.pedagogie.ac-nice.fr\/daac\/wp-content\/uploads\/sites\/37\/2022\/04\/visuel_dossier_laac_2022_1.jpg 523w, https:\/\/www.pedagogie.ac-nice.fr\/daac\/wp-content\/uploads\/sites\/37\/2022\/04\/visuel_dossier_laac_2022_1-217x300.jpg 217w\" sizes=\"(max-width: 523px) 100vw, 523px\" \/><\/a><a href=\"https:\/\/www.pedagogie.ac-nice.fr\/daac\/wp-content\/uploads\/sites\/37\/2022\/04\/PRESENTATION-Films-LAAC-2022-23.pdf\" target=\"_blank\" rel=\"noopener\"><img loading=\"lazy\" decoding=\"async\" class=\"aligncenter wp-image-12351\" src=\"https:\/\/www.pedagogie.ac-nice.fr\/daac\/wp-content\/uploads\/sites\/37\/2022\/04\/visuel_dossier_laac_2022_2.jpg\" alt=\"\" width=\"499\" height=\"680\" srcset=\"https:\/\/www.pedagogie.ac-nice.fr\/daac\/wp-content\/uploads\/sites\/37\/2022\/04\/visuel_dossier_laac_2022_2.jpg 526w, https:\/\/www.pedagogie.ac-nice.fr\/daac\/wp-content\/uploads\/sites\/37\/2022\/04\/visuel_dossier_laac_2022_2-220x300.jpg 220w\" sizes=\"(max-width: 499px) 100vw, 499px\" \/><\/a><\/p>\n<p>[\/et_pb_text][\/et_pb_column][et_pb_column type=\u00a0\u00bb2_3&Prime; _builder_version=\u00a0\u00bb4.10.7&Prime; _module_preset=\u00a0\u00bbdefault\u00a0\u00bb global_colors_info=\u00a0\u00bb{}\u00a0\u00bb][et_pb_text admin_label=\u00a0\u00bbLyc\u00e9ens et Apprentis au Cinema\u00a0\u00bb _builder_version=\u00a0\u00bb4.10.7&Prime; _module_preset=\u00a0\u00bbdefault\u00a0\u00bb global_colors_info=\u00a0\u00bb{}\u00a0\u00bb]<\/p>\n<p style=\"text-align: center;\"><span style=\"font-size: 14pt;\"><strong><span style=\"color: #0000ff;\">Lyc\u00e9ens et Apprentis Au Cin\u00e9ma<\/span><\/strong><\/span><\/p>\n<p>[\/et_pb_text][et_pb_text admin_label=\u00a0\u00bblogo LAAC\u00a0\u00bb _builder_version=\u00a0\u00bb4.10.7&Prime; _module_preset=\u00a0\u00bbdefault\u00a0\u00bb global_colors_info=\u00a0\u00bb{}\u00a0\u00bb]<\/p>\n<p><img loading=\"lazy\" decoding=\"async\" class=\"wp-image-12313 aligncenter\" src=\"https:\/\/www.pedagogie.ac-nice.fr\/daac\/wp-content\/uploads\/sites\/37\/2022\/04\/logo_laac.png\" alt=\"\" width=\"262\" height=\"103\"><\/p>\n<p>[\/et_pb_text][et_pb_text admin_label=\u00a0\u00bbTexte Florence\u00a0\u00bb _builder_version=\u00a0\u00bb4.10.7&Prime; _module_preset=\u00a0\u00bbdefault\u00a0\u00bb text_text_color=\u00a0\u00bb#000000&Prime; hover_enabled=\u00a0\u00bb0&Prime; global_colors_info=\u00a0\u00bb{}\u00a0\u00bb sticky_enabled=\u00a0\u00bb0&Prime;]<\/p>\n<blockquote type=\"cite\">\n<div id=\"v1replybody1\">\n<blockquote>\n<div id=\"v1v1replybody1\">\n<div lang=\"FR\">\n<div class=\"v1v1v1moz-forward-container\">\n<div class=\"v1v1v1WordSection1\">\n<p class=\"v1v1v1MsoNormal\" style=\"text-align: justify;\"><em><span>Cher.e.s Enseignant.e.s relais Lyc\u00e9ens et apprentis au cin\u00e9ma,<\/span><\/em><\/p>\n<p class=\"v1v1v1MsoNormal\" style=\"text-align: justify;\">Votre \u00e9tablissement est inscrit \u00e0<span>\u00a0<\/span><strong><em>Lyc\u00e9ens et apprentis au cin\u00e9ma en r\u00e9gion Sud<span>\u00a0<\/span><\/em><\/strong>pour l&rsquo;ann\u00e9e scolaire 2022-2023.<\/p>\n<p class=\"v1v1v1MsoNormal\" style=\"text-align: justify;\">Nous sommes heureux de vous pr\u00e9senter<span style=\"color: #800080;\"> <a href=\"https:\/\/www.pedagogie.ac-nice.fr\/daac\/wp-content\/uploads\/sites\/37\/2022\/09\/Plaquette-Lyceens-et-apprentis-au-cinema-2022-23.pdf\" rel=\"attachment noopener wp-att-13449\" target=\"_blank\" style=\"color: #800080;\">Plaquette Lyc\u00e9ens et apprentis au cin\u00e9ma 2022-23<\/a><\/span><\/p>\n<p class=\"v1v1v1MsoNormal\" style=\"text-align: justify;\"><strong><\/strong><\/p>\n<p class=\"v1v1v1MsoNormal\" style=\"text-align: justify;\"><strong><\/strong><\/p>\n<p class=\"v1v1v1MsoNormal\" style=\"text-align: justify;\">Nous vous partageons de nouveau<strong>\u00a0la\u00a0capsule de pr\u00e9sentation du dispositif<\/strong>\u00a0qui se trouve en\u00a0<strong>page d&rsquo;accueil de notre site internet<\/strong>. Nous vous invitons \u00e0 la transmettre \u00e0 vos coll\u00e8gues et tout particuli\u00e8rement aux enseignants qui ne participent pas encore au dispositif mais souhaitent s&rsquo;y inscrire :\u00a0<strong><a href=\"https:\/\/imsva91-ctp.trendmicro.com\/wis\/clicktime\/v1\/query?url=http%3a%2f%2fwww.laacsud.fr&amp;umid=82BF1E0B-E7AE-3A05-83C2-04D858DFFE54&amp;auth=b2e75a85dac1d6c2329f45d980d65bc87d967b19-ca436ee55c6b2b82afe9b35c112d9acf15404bc8\" target=\"_blank\" rel=\"noopener noreferrer\">www.laacsud.fr<\/a><\/strong><\/p>\n<p class=\"v1v1v1MsoNormal\" style=\"text-align: justify;\">Le compl\u00e9ment d&rsquo;inscription se fait via un<span>\u00a0<\/span><strong>formulaire en lien ci-apr\u00e8s<\/strong>\u00a0:<span>\u00a0<\/span><\/p>\n<p class=\"v1v1v1MsoNormal\" style=\"text-align: justify;\"><a href=\"https:\/\/imsva91-ctp.trendmicro.com\/wis\/clicktime\/v1\/query?url=https%3a%2f%2ffs11.formsite.com%2feHfeBl%2fohxvhinvxh%2findex.html&amp;umid=82BF1E0B-E7AE-3A05-83C2-04D858DFFE54&amp;auth=b2e75a85dac1d6c2329f45d980d65bc87d967b19-2f48abea3b41fefb20a8a23008fda93fb19e9659\" target=\"_blank\" rel=\"noopener noreferrer\">https:\/\/fs11.formsite.com\/eHfeBl\/ohxvhinvxh\/index.html<\/a><span><\/span><\/p>\n<p class=\"v1v1v1MsoNormal\" style=\"text-align: justify;\">Attention le<span>\u00a0<\/span><strong>lien sera valide<span>\u00a0<\/span><a name=\"_Hlk47431231\"><\/a><u>jusqu&rsquo;au vendredi 23 septembre minuit<\/u><\/strong><span><\/span>.<\/p>\n<p class=\"v1v1v1MsoNormal\" style=\"text-align: justify;\"><u>Conservez bien votre identifiant et mot de passe<\/u>, ils vous permettront de vous reconnecter et conserver vos donn\u00e9es si vous compl\u00e9tez le formulaire en plusieurs fois.<\/p>\n<p class=\"v1v1v1MsoNormal\" style=\"text-align: justify;\">Pour vous faciliter le renseignement du formulaire vous trouverez ci-joint toutes les questions pos\u00e9es, ceci vous permettra de recueillir toutes les informations demand\u00e9es.<\/p>\n<p class=\"v1v1v1MsoNormal\" style=\"text-align: justify;\"><span style=\"color: #800080;\"><a href=\"https:\/\/www.pedagogie.ac-nice.fr\/daac\/wp-content\/uploads\/sites\/37\/2022\/09\/recapitulatif-questionnaire-complement-dinscription.pdf\" rel=\"attachment noopener wp-att-13450\" target=\"_blank\" style=\"color: #800080;\">r\u00e9capitulatif questionnaire compl\u00e9ment d&rsquo;inscription<\/a><\/span><\/p>\n<p class=\"v1v1v1MsoNormal\" style=\"text-align: justify;\">Les<strong><span>\u00a0<\/span>crit\u00e8res d&rsquo;encadrement d&rsquo;effectifs sont les m\u00eames que l&rsquo;ann\u00e9e derni\u00e8re<span>\u00a0<\/span><\/strong>:<\/p>\n<p class=\"v1v1v1MsoNormal\" style=\"text-align: justify;\">&#8211; Pour les<span>\u00a0<\/span><strong>nouveaux \u00e9tablissements\u00a0: 6 classes maximum<\/strong>, pour la premi\u00e8re ann\u00e9e de participation et un effectif minimum de 4 classes ou de 90 \u00e9l\u00e8ves\u00a0;<\/p>\n<p class=\"v1v1v1MsoNormal\" style=\"text-align: justify;\">&#8211; Pour les<span>\u00a0<\/span><strong>\u00e9tablissements qui se r\u00e9inscrivent\u00a0: 12 \u00e0 14 classes maximum,<\/strong><span>\u00a0<\/span>et un effectif minimum de 4 classes ou 90 \u00e9l\u00e8ves (sauf les CFA).<\/p>\n<p class=\"v1v1v1MsoNormal\" style=\"text-align: justify;\"><strong>Si vous avez des questions ou si vous rencontrez des difficult\u00e9s<span>\u00a0<\/span><\/strong>concernant les effectifs \u00e0 inscrire, choix de films, ou toute autre question,<span>\u00a0<\/span><strong>nous sommes \u00e0 votre disposition pour vous aider \u00e0 y rem\u00e9dier et sommes joignables par t\u00e9l\u00e9phone (en signature) ou par e-mail.<\/strong><\/p>\n<p class=\"v1v1v1MsoNormal\" style=\"text-align: justify;\">Vous trouverez de nombreuses informations relatives \u00e0 cette nouvelle \u00e9dition 2022-2023 (documents p\u00e9dagogiques pr\u00eats, dates des festivals partenaires,&#8230;) sur notre site internet :<span>\u00a0<\/span><a href=\"https:\/\/imsva91-ctp.trendmicro.com\/wis\/clicktime\/v1\/query?url=http%3a%2f%2fwww.laacsud.fr&amp;umid=82BF1E0B-E7AE-3A05-83C2-04D858DFFE54&amp;auth=b2e75a85dac1d6c2329f45d980d65bc87d967b19-ca436ee55c6b2b82afe9b35c112d9acf15404bc8\" target=\"_blank\" rel=\"noopener noreferrer\">www.laacsud.fr<\/a><\/p>\n<p class=\"v1v1v1MsoNormal\" style=\"text-align: justify;\">Pour mettre en place le dispositif dans votre \u00e9tablissement,<span>\u00a0<\/span><strong>nous avons besoin de toutes les informations<span>\u00a0<\/span><\/strong>demand\u00e9es dans le<strong><span>\u00a0<\/span>Formulaire de compl\u00e9ment d&rsquo;inscription ci-dessus, qui validera la participation de votre \u00e9tablissement.<\/strong><\/p>\n<p class=\"v1v1v1MsoNormal\" style=\"text-align: justify;\"><strong>\u00a0<\/strong><\/p>\n<p class=\"v1v1v1MsoNormal\" style=\"text-align: justify;\">Vous trouverez sur le bandeau \u00e0 gauche la<span>\u00a0<\/span><strong>Charte d&rsquo;engagement au dispositif<\/strong><span>\u00a0<\/span>que nous vous demandons de compl\u00e9ter signer et faire signer \u00e0 votre chef.fe d&rsquo;\u00e9tablissement si vous n&rsquo;avez pas pu le faire en juin dernier.<\/p>\n<p class=\"v1v1v1MsoNormal\" style=\"text-align: justify;\"><strong><u><span>&#8211; Organisation de l&rsquo;ann\u00e9e :<\/span><\/u><\/strong><\/p>\n<p class=\"v1v1v1MsoNormal\" style=\"text-align: justify;\"><strong><u>PROJECTIONS<\/u><\/strong>\u00a0:<br \/>Les s\u00e9ances d\u00e9butent au mois de novembre et d\u00e9cembre (si vous avez besoin de projections d\u00e8s octobre nous vous aiderons \u00e0 les mettre en place le plus rapidement possible avec votre salle partenaire,<span>\u00a0<\/span><strong>merci alors de nous le pr\u00e9ciser dans<\/strong><span>\u00a0<\/span><strong><em>Remarques<\/em><\/strong><span>\u00a0<\/span>\u00e0 la fin du<span>\u00a0<\/span><strong>Formulaire<\/strong>).<\/p>\n<p class=\"v1v1v1MsoNormal\" style=\"text-align: justify;\"><strong>Les p\u00e9riodes de programmation dans votre cin\u00e9ma partenaire pour l&rsquo;ann\u00e9e scolaire, vous seront annonc\u00e9es par mail<\/strong>. D\u00e8s r\u00e9ception de ce mail<span>\u00a0<\/span><strong>vous devrez contacter votre salle partenaire<\/strong>, dont nous vous communiquerons les coordonn\u00e9es, pour la r\u00e9servation de vos s\u00e9ances.<\/p>\n<p class=\"v1v1v1MsoNormal\" style=\"text-align: justify;\">A noter\u00a0! Nous vous demandons de ne pas choisir<span>\u00a0<\/span><em>Rafiki<\/em><span>\u00a0<\/span>au 1<sup>er<\/sup><span>\u00a0<\/span>trimestre, une capsule p\u00e9dagogique sera r\u00e9alis\u00e9e pour janvier 2023.<\/p>\n<p class=\"v1v1v1MsoNormal\" style=\"text-align: justify;\"><strong><u><span>Nouveau : JOURNEE CINEMA &#8211; COMEDIE MUSICALE<\/span><\/u><\/strong><u><\/u><\/p>\n<p class=\"v1v1v1MsoNormal\" style=\"text-align: justify;\">Nous vous proposons de<span>\u00a0<\/span><strong>faire d\u00e9couvrir 2 titres de com\u00e9dies musicales \u00e0 vos \u00e9l\u00e8ves<\/strong>\u00a0lors d&rsquo;une<span>\u00a0<\/span><strong>journ\u00e9e \u00e9v\u00e8nement dans votre cin\u00e9ma partenaire<\/strong><span>\u00a0<\/span>avec la projection de<span>\u00a0<\/span><em>La la land<\/em><span>\u00a0<\/span>et<span>\u00a0<\/span><em>Les Demoiselles de Rochefort<\/em>.<\/p>\n<p class=\"v1v1v1MsoNormal\" style=\"text-align: justify;\"><u>Sous r\u00e9serve de la disponibilit\u00e9 du cin\u00e9ma partenaire<\/u>.<\/p>\n<p class=\"v1v1v1MsoNormal\" style=\"text-align: justify;\">Cette action p\u00e9dagogique pourra s&rsquo;articuler comme vous le souhaitez, diff\u00e9rentes options vous seront ouvertes.<\/p>\n<p class=\"v1v1v1MsoNormal\" style=\"text-align: justify;\">Le choix de cette<span>\u00a0<\/span><em>Journ\u00e9e Cin\u00e9ma \u2013 Com\u00e9die Musicale<\/em><span>\u00a0<\/span>avec les 2 films peut faire partie de votre programmation des 3 titres de l&rsquo;ann\u00e9e (bien que les 2 projections se d\u00e9roulent sur une seule journ\u00e9e), ou alors cette \u00ab\u00a0Journ\u00e9e Cin\u00e9ma &#8211; Com\u00e9die musicale\u00a0\u00bb peut s&rsquo;ajouter \u00e0 votre s\u00e9lection des 3 titres habituels (les \u00e9l\u00e8ves d\u00e9couvriront ainsi 5 films, dont les 2 titres de com\u00e9dies musicales sur une m\u00eame journ\u00e9e).<\/p>\n<p class=\"v1v1v1MsoNormal\" style=\"text-align: justify;\">Vous pouvez \u00e9galement ne choisir que l&rsquo;un de ces titres, au sein de votre s\u00e9lection de 3 films annuels.<\/p>\n<p class=\"v1v1v1MsoNormal\" style=\"text-align: justify;\"><span style=\"color: #800080;\"><a href=\"https:\/\/www.pedagogie.ac-nice.fr\/daac\/wp-content\/uploads\/sites\/37\/2022\/09\/Journee-cinema-COMEDIE-MUSICALE.pdf\" rel=\"attachment noopener wp-att-13451\" target=\"_blank\" style=\"color: #800080;\">Journ\u00e9e cin\u00e9ma COMEDIE MUSICALE<\/a><\/span><\/p>\n<p class=\"v1v1v1MsoNormal\" style=\"text-align: justify;\"><strong><u>VIDEOS D&rsquo;AVANT-SEANCE<\/u><\/strong><\/p>\n<p class=\"v1v1v1MsoNormal\" style=\"text-align: justify;\">Cette ann\u00e9e des vid\u00e9os en avant-s\u00e9ance des films\u00a0:<span>\u00a0<\/span><em>La la land\u00a0<span>\u00a0<\/span><\/em>et<em><span>\u00a0<\/span>Sh\u00e9h\u00e9razade<span>\u00a0<\/span><\/em>\u00a0(Film en proposition r\u00e9gionale) seront projet\u00e9es en salle et seront disponibles en lien sur notre site internet courant octobre.<\/p>\n<p class=\"v1v1v1MsoNormal\" style=\"text-align: justify;\">Une capsule p\u00e9dagogique sur<span>\u00a0<\/span><em>Rafiki<span>\u00a0<\/span><\/em>sera \u00e9galement r\u00e9alis\u00e9e pour janvier 2023.<\/p>\n<p class=\"v1v1v1MsoNormal\" style=\"text-align: justify;\">Cet outil p\u00e9dagogique a<span>\u00a0<\/span><span>pour objectif de pr\u00e9senter le film, de donner des pistes de r\u00e9flexion et d&rsquo;analyse aux \u00e9l\u00e8ves. Vous pouvez les r\u00e9utiliser en classe.<\/span><\/p>\n<p class=\"v1v1v1MsoNormal\" style=\"text-align: justify;\"><a name=\"_Hlk46760147\"><\/a><strong><u>DOC<\/u><\/strong><strong><u>UMENTS PEDAGOGIQUES<\/u>\u00a0:<\/strong><\/p>\n<p class=\"v1v1v1MsoNormal\" style=\"text-align: justify;\">Les documents d&rsquo;accompagnement p\u00e9dagogique, livrets enseignants et fiches \u00e9l\u00e8ves des films, ne sont plus imprim\u00e9s. Ils sont exclusivement disponibles en ligne sur :<span>\u00a0<\/span><a href=\"https:\/\/imsva91-ctp.trendmicro.com\/wis\/clicktime\/v1\/query?url=http%3a%2f%2fwww.laacsud.fr&amp;umid=82BF1E0B-E7AE-3A05-83C2-04D858DFFE54&amp;auth=b2e75a85dac1d6c2329f45d980d65bc87d967b19-ca436ee55c6b2b82afe9b35c112d9acf15404bc8\" target=\"_blank\" rel=\"noopener noreferrer\"><strong>www.laacsud.fr<\/strong><\/a><span>\u00a0<\/span>Rubrique Films 2022\/2023.<\/p>\n<p class=\"v1v1v1MsoNormal\" style=\"text-align: justify;\">Ils<span>\u00a0<\/span><strong>peuvent \u00eatre consult\u00e9s et<span>\u00a0<\/span><u>t\u00e9l\u00e9charg\u00e9s<\/u><span>\u00a0<\/span>sur la page de chaque film<\/strong><span>\u00a0<\/span>(<em>La la land<span>\u00a0<\/span><\/em>nouveau titre entrant en s\u00e9lection nationale les documents sont en cours de r\u00e9daction et seront en ligne courant septembre.)<\/p>\n<p class=\"v1v1v1MsoNormal\" style=\"text-align: justify;\"><strong><u>JOURNEES DE FORMATION LAAC<span>\u00a0<\/span><\/u><\/strong><u>:<\/u><\/p>\n<p class=\"v1v1v1MsoNormal\" style=\"text-align: justify;\">&#8211; le<span>\u00a0<\/span><strong>lundi 7 novembre<\/strong><span>\u00a0<\/span>pour l&rsquo;acad\u00e9mie d&rsquo;Aix-Marseille, \u00e0 L&rsquo;Institut de l&rsquo;image \u00e0 Aix-en-Provence<\/p>\n<p class=\"v1v1v1MsoNormal\" style=\"text-align: justify;\">&#8211; le<span>\u00a0<\/span><strong>mardi 8 novembre<\/strong><span>\u00a0<\/span>pour\u00a0l&rsquo;acad\u00e9mie de Nice, au Royal \u00e0 toulon.<\/p>\n<p class=\"v1v1v1MsoNormal\" style=\"text-align: justify;\">Elles seront consacr\u00e9es au film<span>\u00a0<\/span><strong><em>La la land<span>\u00a0<\/span><\/em><\/strong>de Damien Chazelle et seront dispens\u00e9es par Charlotte Garson.<\/p>\n<p class=\"v1v1v1MsoNormal\" style=\"text-align: justify;\"><strong>Vous recevrez un e-mail prochainement au sujet des modalit\u00e9s candidatures ou convocation pour cette journ\u00e9e de formation.<span>\u00a0<\/span><\/strong>Modalit\u00e9s qui seront<strong><span>\u00a0<\/span>\u00e9galement en ligne sur le site tr\u00e8s prochainement\u00a0:<\/strong><\/p>\n<p class=\"v1v1v1MsoNormal\" style=\"text-align: justify;\"><u><a class=\"v1v1v1moz-txt-link-freetext\" href=\"https:\/\/imsva91-ctp.trendmicro.com\/wis\/clicktime\/v1\/query?url=www.laacsud.fr&amp;umid=82BF1E0B-E7AE-3A05-83C2-04D858DFFE54&amp;auth=b2e75a85dac1d6c2329f45d980d65bc87d967b19-51ccef877f7ee3f759223fc4e704afb1c7acdd44\" target=\"_blank\" rel=\"noopener noreferrer\">https:\/\/imsva91-ctp.trendmicro.com:443\/wis\/clicktime\/v1\/query?url=www.laacsud.fr&amp;umid=82BF1E0B-E7AE-3A05-83C2-04D858DFFE54&amp;auth=b2e75a85dac1d6c2329f45d980d65bc87d967b19-51ccef877f7ee3f759223fc4e704afb1c7acdd44<\/a><\/u><span>\u00a0<\/span><\/p>\n<p class=\"v1v1v1MsoNormal\" style=\"text-align: justify;\">Rubrique Formation<\/p>\n<p class=\"v1v1v1MsoNormal\" style=\"text-align: justify;\"><strong><u>INTERVENTIONS EN CLASSE<span>\u00a0<\/span><\/u><\/strong><strong>:<\/strong><\/p>\n<p class=\"v1v1v1MsoNormal\" style=\"text-align: justify;\"><a name=\"_Hlk112939946\"><\/a>La pr\u00e9sentation des interventions et le<span>\u00a0<\/span><strong>formulaire de r\u00e9servation<\/strong><span>\u00a0<\/span>pour les interventions p\u00e9dagogiques autour des films ou de questions th\u00e9matiques, seront bient\u00f4t en ligne.<span>\u00a0<\/span><strong>La demande d&rsquo;intervention devra nous \u00eatre adress\u00e9e via le formulaire au plus t\u00f4t, (<u>3 semaines avant<span>\u00a0<\/span><\/u>la date d&rsquo;intervention souhait\u00e9e).<\/strong><\/p>\n<p class=\"v1v1v1MsoNormal\" style=\"text-align: justify;\"><span>Un mail de rappel pour les interventions vous sera adress\u00e9 en octobre.<\/span><\/p>\n<p style=\"text-align: justify;\"><span><\/span><\/p>\n<p class=\"v1v1v1MsoNormal\" style=\"text-align: justify;\"><strong><u>PARTICIPATION A UN FESTIVAL PARTENAIRE\u00a0:<\/u><\/strong><\/p>\n<p class=\"v1v1v1MsoNormal\" style=\"text-align: justify;\">Vous pouvez indiquer sur la fiche d&rsquo;inscription si vous souhaitez participer \u00e0 l&rsquo;un des festivals partenaires du dispositif. Pr\u00e9sentation des festivals et des modalit\u00e9s sur notre site\u00a0:<\/p>\n<p class=\"v1v1v1MsoNormal\" style=\"text-align: justify;\"><a href=\"https:\/\/imsva91-ctp.trendmicro.com\/wis\/clicktime\/v1\/query?url=http%3a%2f%2fwww.laacsud.fr&amp;umid=82BF1E0B-E7AE-3A05-83C2-04D858DFFE54&amp;auth=b2e75a85dac1d6c2329f45d980d65bc87d967b19-ca436ee55c6b2b82afe9b35c112d9acf15404bc8\" target=\"_blank\" rel=\"noopener noreferrer\">www.laacsud.fr<\/a><span>\u00a0<\/span>\/ Rubrique Festivals<\/p>\n<p class=\"v1v1v1MsoNormal\" style=\"text-align: justify;\">(Hormis le Festival de Cannes pour lequel un calendrier et des modalit\u00e9s de s\u00e9lection sp\u00e9cifiques sont mises en place. Les appels \u00e0 candidature pour le Festival de Cannes 2024 seront envoy\u00e9s en f\u00e9vrier 2023.)<\/p>\n<p class=\"v1v1v1MsoNormal\" style=\"text-align: justify;\">Cher.e.s enseignant.e.s nous vous souhaitons une tr\u00e8s bonne rentr\u00e9e et nous restons \u00e0 votre disposition pour tout renseignement compl\u00e9mentaire.<\/p>\n<blockquote type=\"cite\">\n<div id=\"v1replybody1\">\n<div>\n<blockquote>\n<div id=\"v1v1replybody1\">\n<div lang=\"FR\">\n<div class=\"v1v1v1moz-forward-container\">\n<div class=\"v1v1v1WordSection1\">\n<p class=\"v1v1v1MsoNormal\" style=\"text-align: justify;\"><span>Nadia Crespin, Louise daniel<\/span><\/p>\n<p class=\"v1v1v1MsoNormal\" style=\"text-align: justify;\"><span>Coordination de Lyc\u00e9ens et apprentis au cin\u00e9ma<\/span><\/p>\n<p class=\"v1v1v1MsoNormal\" style=\"text-align: justify;\"><span>+33(0)4 13 41 57 91 \/ +33(0)6 72 75 26 77<\/span><\/p>\n<p class=\"v1v1v1MsoNormal\" style=\"text-align: justify;\"><a href=\"https:\/\/seances-speciales.fr\/transmission\/lyceens-et-apprentis-au-cinema\/\" target=\"_blank\" rel=\"noopener noreferrer\"><span>www.laacsud.fr<\/span><\/a><u><span><\/span><\/u><\/p>\n<p class=\"v1v1v1MsoNormal\" style=\"text-align: justify;\"><span>____<\/span><span><\/span><\/p>\n<p class=\"v1v1v1MsoNormal\" style=\"text-align: justify;\"><span>Les \u00c9crans du Sud<\/span><\/p>\n<p class=\"v1v1v1MsoNormal\" style=\"text-align: justify;\"><span>68 rue Saint-Jacques\u00a0\u00a0\u00a0<\/span><\/p>\n<p class=\"v1v1v1MsoNormal\" style=\"text-align: justify;\"><span>13006 Marseille<\/span><\/p>\n<p class=\"v1v1v1MsoNormal\" style=\"text-align: justify;\"><a href=\"https:\/\/imsva91-ctp.trendmicro.com\/wis\/clicktime\/v1\/query?url=http%3a%2f%2fwww.lesecransdusud.fr&amp;umid=82BF1E0B-E7AE-3A05-83C2-04D858DFFE54&amp;auth=b2e75a85dac1d6c2329f45d980d65bc87d967b19-4b2787d816ac9e0ce11357f156d2243705aac3f7\" target=\"_blank\" rel=\"noopener noreferrer\"><span>www.lesecransdusud.fr<\/span><\/a><\/p>\n<\/div>\n<\/div>\n<\/div>\n<\/div>\n<\/blockquote>\n<\/div>\n<\/div>\n<\/blockquote>\n<\/div>\n<\/div>\n<\/div>\n<\/div>\n<\/blockquote>\n<\/div>\n<\/blockquote>\n<p>[\/et_pb_text][\/et_pb_column][\/et_pb_row][\/et_pb_section]<\/p>\n","protected":false},"excerpt":{"rendered":"<p>Charte d&rsquo;engagementPr\u00e9sentation des films LAAC2022-2023Lyc\u00e9ens et Apprentis Au Cin\u00e9ma Cher.e.s Enseignant.e.s relais Lyc\u00e9ens et apprentis au cin\u00e9ma, Votre \u00e9tablissement est inscrit \u00e0\u00a0Lyc\u00e9ens et apprentis au cin\u00e9ma en r\u00e9gion Sud\u00a0pour l&rsquo;ann\u00e9e scolaire 2022-2023. Nous sommes heureux de vous pr\u00e9senter Plaquette Lyc\u00e9ens et apprentis au cin\u00e9ma 2022-23 Nous vous partageons de nouveau\u00a0la\u00a0capsule de pr\u00e9sentation du dispositif\u00a0qui se [&hellip;]<\/p>\n","protected":false},"author":241,"featured_media":0,"parent":0,"menu_order":0,"comment_status":"closed","ping_status":"closed","template":"","meta":{"_et_pb_use_builder":"on","_et_pb_old_content":"","_et_gb_content_width":"","ngg_post_thumbnail":0,"footnotes":""},"class_list":["post-12310","page","type-page","status-publish","hentry"],"rttpg_featured_image_url":null,"rttpg_author":{"display_name":"daacadmin","author_link":"https:\/\/www.pedagogie.ac-nice.fr\/daac\/author\/daacadmin\/"},"rttpg_comment":0,"rttpg_category":null,"rttpg_excerpt":"Charte d'engagementPr\u00e9sentation des films LAAC2022-2023Lyc\u00e9ens et Apprentis Au Cin\u00e9ma Cher.e.s Enseignant.e.s relais Lyc\u00e9ens et apprentis au cin\u00e9ma, Votre \u00e9tablissement est inscrit \u00e0\u00a0Lyc\u00e9ens et apprentis au cin\u00e9ma en r\u00e9gion Sud\u00a0pour l'ann\u00e9e scolaire 2022-2023. Nous sommes heureux de vous pr\u00e9senter Plaquette Lyc\u00e9ens et apprentis au cin\u00e9ma 2022-23 Nous vous partageons de nouveau\u00a0la\u00a0capsule de pr\u00e9sentation du dispositif\u00a0qui se\u2026","post_mailing_queue_ids":[],"_links":{"self":[{"href":"https:\/\/www.pedagogie.ac-nice.fr\/daac\/wp-json\/wp\/v2\/pages\/12310","targetHints":{"allow":["GET"]}}],"collection":[{"href":"https:\/\/www.pedagogie.ac-nice.fr\/daac\/wp-json\/wp\/v2\/pages"}],"about":[{"href":"https:\/\/www.pedagogie.ac-nice.fr\/daac\/wp-json\/wp\/v2\/types\/page"}],"author":[{"embeddable":true,"href":"https:\/\/www.pedagogie.ac-nice.fr\/daac\/wp-json\/wp\/v2\/users\/241"}],"replies":[{"embeddable":true,"href":"https:\/\/www.pedagogie.ac-nice.fr\/daac\/wp-json\/wp\/v2\/comments?post=12310"}],"version-history":[{"count":19,"href":"https:\/\/www.pedagogie.ac-nice.fr\/daac\/wp-json\/wp\/v2\/pages\/12310\/revisions"}],"predecessor-version":[{"id":13455,"href":"https:\/\/www.pedagogie.ac-nice.fr\/daac\/wp-json\/wp\/v2\/pages\/12310\/revisions\/13455"}],"wp:attachment":[{"href":"https:\/\/www.pedagogie.ac-nice.fr\/daac\/wp-json\/wp\/v2\/media?parent=12310"}],"curies":[{"name":"wp","href":"https:\/\/api.w.org\/{rel}","templated":true}]}}