{"id":1252,"date":"2020-11-10T20:59:39","date_gmt":"2020-11-10T19:59:39","guid":{"rendered":"https:\/\/www.pedagogie.ac-nice.fr\/daac\/?page_id=1252"},"modified":"2022-10-23T08:20:26","modified_gmt":"2022-10-23T06:20:26","slug":"cineduc","status":"publish","type":"page","link":"https:\/\/www.pedagogie.ac-nice.fr\/daac\/les-domaines-de-leac\/pole-images\/cineduc\/","title":{"rendered":"Cin\u00c9duc 2022"},"content":{"rendered":"<p>[et_pb_section fb_built=\u00a0\u00bb1&Prime; _builder_version=\u00a0\u00bb4.10.7&Prime; _module_preset=\u00a0\u00bbdefault\u00a0\u00bb global_colors_info=\u00a0\u00bb{}\u00a0\u00bb][et_pb_row column_structure=\u00a0\u00bb2_5,3_5&Prime; _builder_version=\u00a0\u00bb4.10.7&Prime; _module_preset=\u00a0\u00bbdefault\u00a0\u00bb global_colors_info=\u00a0\u00bb{}\u00a0\u00bb][et_pb_column type=\u00a0\u00bb2_5&Prime; _builder_version=\u00a0\u00bb4.10.7&Prime; _module_preset=\u00a0\u00bbdefault\u00a0\u00bb global_colors_info=\u00a0\u00bb{}\u00a0\u00bb][et_pb_text _builder_version=\u00a0\u00bb4.10.7&Prime; _module_preset=\u00a0\u00bbdefault\u00a0\u00bb global_colors_info=\u00a0\u00bb{}\u00a0\u00bb]<\/p>\n<p style=\"text-align: center;\"><span style=\"color: #993366;\"><a style=\"color: #993366;\" href=\"https:\/\/www.pedagogie.ac-nice.fr\/daac\/coups-de-coeur-cineduc\/\" target=\"_blank\" rel=\"noopener\"><strong>Les coups de coeur CinEduc<\/strong><\/a><\/span><\/p>\n<p style=\"text-align: justify;\"><span style=\"color: #000000;\"><a style=\"color: #000000;\" href=\"https:\/\/www.pedagogie.ac-nice.fr\/daac\/coups-de-coeur-cineduc\/\" target=\"_blank\" rel=\"noopener\">Depuis l&rsquo;origine, le public\u00a0vote pour distinguer l&rsquo;un des films de la programmation, auquel un \u00ab\u00a0Coup de C\u0153ur Cin\u00c9duc\u00a0\u00bb\u00a0est d\u00e9cern\u00e9 au moment de la cl\u00f4ture de la manifestation. Lors du dernier week-end Cin\u00c9duc (mai 2022), le film\u00a0<strong><em>Sans Filtre (Triangle of Sadness) <\/em><\/strong>de\u00a0Ruben \u00d6stlund a\u00a0re\u00e7u le coup de c\u0153ur Cin\u00c9duc et la Palme d\u2019Or<\/a><\/span><\/p>\n<p><img loading=\"lazy\" decoding=\"async\" class=\"wp-image-13980 alignnone size-medium\" style=\"display: block; margin-left: auto; margin-right: auto;\" src=\"https:\/\/www.pedagogie.ac-nice.fr\/daac\/wp-content\/uploads\/sites\/37\/2022\/10\/SANS-FILTRE-225x300.jpg\" alt=\"\" width=\"197\" height=\"263\" srcset=\"https:\/\/www.pedagogie.ac-nice.fr\/daac\/wp-content\/uploads\/sites\/37\/2022\/10\/SANS-FILTRE-225x300.jpg 225w, https:\/\/www.pedagogie.ac-nice.fr\/daac\/wp-content\/uploads\/sites\/37\/2022\/10\/SANS-FILTRE-768x1024.jpg 768w, https:\/\/www.pedagogie.ac-nice.fr\/daac\/wp-content\/uploads\/sites\/37\/2022\/10\/SANS-FILTRE-300x400.jpg 300w, https:\/\/www.pedagogie.ac-nice.fr\/daac\/wp-content\/uploads\/sites\/37\/2022\/10\/SANS-FILTRE-1152x1536.jpg 1152w, https:\/\/www.pedagogie.ac-nice.fr\/daac\/wp-content\/uploads\/sites\/37\/2022\/10\/SANS-FILTRE-1080x1440.jpg 1080w, https:\/\/www.pedagogie.ac-nice.fr\/daac\/wp-content\/uploads\/sites\/37\/2022\/10\/SANS-FILTRE.jpg 1200w\" sizes=\"(max-width: 197px) 100vw, 197px\" \/><\/p>\n<p>[\/et_pb_text][et_pb_divider _builder_version=\u00a0\u00bb4.10.7&Prime; _module_preset=\u00a0\u00bbdefault\u00a0\u00bb global_colors_info=\u00a0\u00bb{}\u00a0\u00bb][\/et_pb_divider][et_pb_text _builder_version=\u00a0\u00bb4.10.7&Prime; _module_preset=\u00a0\u00bbdefault\u00a0\u00bb global_colors_info=\u00a0\u00bb{}\u00a0\u00bb]<\/p>\n<p><strong><span style=\"color: #800000;\">Retrouvez tous les Coups de Coeur de CinEduc depuis 2004<\/span><\/strong><br \/><a href=\"https:\/\/www.pedagogie.ac-nice.fr\/daac\/coups-de-coeur-cineduc\/\" target=\"_blank\" rel=\"noopener\"><img loading=\"lazy\" decoding=\"async\" class=\"aligncenter wp-image-6879\" src=\"https:\/\/www.pedagogie.ac-nice.fr\/daac\/wp-content\/uploads\/sites\/37\/2021\/10\/coup_coeur.png\" alt=\"\" width=\"166\" height=\"163\" \/><\/a><\/p>\n<p>[\/et_pb_text][\/et_pb_column][et_pb_column type=\u00a0\u00bb3_5&Prime; _builder_version=\u00a0\u00bb4.10.7&Prime; _module_preset=\u00a0\u00bbdefault\u00a0\u00bb global_colors_info=\u00a0\u00bb{}\u00a0\u00bb][et_pb_text _builder_version=\u00a0\u00bb4.10.7&Prime; _module_preset=\u00a0\u00bbdefault\u00a0\u00bb text_font=\u00a0\u00bbTrebuchet||||||||\u00a0\u00bb text_text_color=\u00a0\u00bb#000000&Prime; text_font_size=\u00a0\u00bb16px\u00a0\u00bb text_orientation=\u00a0\u00bbjustified\u00a0\u00bb global_colors_info=\u00a0\u00bb{}\u00a0\u00bb]<\/p>\n<p style=\"text-align: center;\"><span style=\"font-size: 24pt;\"><strong><span style=\"color: #800000;\">CinEduc 2023<\/span><\/strong><\/span><\/p>\n<p><strong>Pour la 41e ann\u00e9e, l&rsquo;acad\u00e9mie de Nice et Cannes Cin\u00e9ma organisent en partenariat la manifestation Cin\u00c9duc. Ce marathon du film est ouvert aux personnels de l&rsquo;\u00c9ducation Nationale et de l&rsquo;enseignement sup\u00e9rieur en activit\u00e9. Une priorit\u00e9 sera donn\u00e9e aux enseignants impliqu\u00e9s dans des dispositifs et\/ou actions Education Artistique et Culturelle li\u00e9s au cin\u00e9ma.<\/strong><\/p>\n<p><strong> <img loading=\"lazy\" decoding=\"async\" class=\"wp-image-2423 alignnone size-medium\" style=\"display: block; margin-left: auto; margin-right: auto;\" src=\"https:\/\/www.pedagogie.ac-nice.fr\/daac\/wp-content\/uploads\/sites\/37\/2021\/02\/logo_cineduc_2021-300x150.png\" alt=\"\" width=\"300\" height=\"150\" srcset=\"https:\/\/www.pedagogie.ac-nice.fr\/daac\/wp-content\/uploads\/sites\/37\/2021\/02\/logo_cineduc_2021-300x150.png 300w, https:\/\/www.pedagogie.ac-nice.fr\/daac\/wp-content\/uploads\/sites\/37\/2021\/02\/logo_cineduc_2021-1024x512.png 1024w, https:\/\/www.pedagogie.ac-nice.fr\/daac\/wp-content\/uploads\/sites\/37\/2021\/02\/logo_cineduc_2021-768x384.png 768w, https:\/\/www.pedagogie.ac-nice.fr\/daac\/wp-content\/uploads\/sites\/37\/2021\/02\/logo_cineduc_2021-1536x768.png 1536w, https:\/\/www.pedagogie.ac-nice.fr\/daac\/wp-content\/uploads\/sites\/37\/2021\/02\/logo_cineduc_2021-2048x1024.png 2048w\" sizes=\"(max-width: 300px) 100vw, 300px\" \/><\/strong><\/p>\n<p><strong>\u00a0<\/strong><\/p>\n<p>La manifestation Cin\u00c9duc s&rsquo;inscrit dans \u00ab Cannes Cin\u00e9philes \u00bb, organis\u00e9 par Cannes Cin\u00e9ma durant le Festival.<\/p>\n<p>Elle participe de la\u00a0construction des comp\u00e9tences n\u00e9cessaires \u00e0 l&rsquo;\u00e9ducation artistique et culturelle, dans le cadre des formations DAAC.<\/p>\n<p>Durant le dernier week-end du Festival de Cannes, Cin\u00c9duc programme onze films et un ou deux court(s) m\u00e9trage(s)\u00a0choisis parmi l&rsquo;ensemble des s\u00e9lections du Festival (Comp\u00e9tition officielle, Un Certain Regard, la Quinzaine des Cin\u00e9astes, Semaine de la Critique, ACID et Cannes \u00c9crans Juniors).<\/p>\n<p>Ce regard sur l&rsquo;actualit\u00e9 cin\u00e9matographique du Festival de Cannes et ses diff\u00e9rentes esth\u00e9tiques permet aux enseignants d&rsquo;\u00e9largir leurs pratiques\u00a0dans le domaine de l&rsquo;\u00e9ducation \u00e0 l&rsquo;image.<\/p>\n<p>\u00c0 \u00a0l&rsquo;ouverture de la manifestation, il sera remis \u00e0 chaque participant un dossier documentaire comprenant le programme, les fiches techniques des films projet\u00e9s accompagn\u00e9es de leurs critiques parues dans la presse quotidienne et un bulletin de vote. Depuis l&rsquo;origine, le public\u00a0vote pour distinguer l&rsquo;un des films de la programmation, auquel un \u00ab\u00a0Coup de C\u0153ur Cin\u00c9duc\u00a0\u00bb\u00a0est d\u00e9cern\u00e9 au moment de la cl\u00f4ture de la manifestation. Lors du dernier week-end Cin\u00c9duc (mai 2022), le film\u00a0<strong><em>Sans Filtre (Triangle of Sadness) <\/em><\/strong>de\u00a0Ruben \u00d6stlund a\u00a0re\u00e7u le coup de c\u0153ur Cin\u00c9duc et la Palme d\u2019Or.<\/p>\n<p>&nbsp;<\/p>\n<p><img loading=\"lazy\" decoding=\"async\" class=\"wp-image-13980 alignnone size-medium\" style=\"display: block; margin-left: auto; margin-right: auto;\" src=\"https:\/\/www.pedagogie.ac-nice.fr\/daac\/wp-content\/uploads\/sites\/37\/2022\/10\/SANS-FILTRE-225x300.jpg\" alt=\"\" width=\"225\" height=\"300\" srcset=\"https:\/\/www.pedagogie.ac-nice.fr\/daac\/wp-content\/uploads\/sites\/37\/2022\/10\/SANS-FILTRE-225x300.jpg 225w, https:\/\/www.pedagogie.ac-nice.fr\/daac\/wp-content\/uploads\/sites\/37\/2022\/10\/SANS-FILTRE-768x1024.jpg 768w, https:\/\/www.pedagogie.ac-nice.fr\/daac\/wp-content\/uploads\/sites\/37\/2022\/10\/SANS-FILTRE-300x400.jpg 300w, https:\/\/www.pedagogie.ac-nice.fr\/daac\/wp-content\/uploads\/sites\/37\/2022\/10\/SANS-FILTRE-1152x1536.jpg 1152w, https:\/\/www.pedagogie.ac-nice.fr\/daac\/wp-content\/uploads\/sites\/37\/2022\/10\/SANS-FILTRE-1080x1440.jpg 1080w, https:\/\/www.pedagogie.ac-nice.fr\/daac\/wp-content\/uploads\/sites\/37\/2022\/10\/SANS-FILTRE.jpg 1200w\" sizes=\"(max-width: 225px) 100vw, 225px\" \/><\/p>\n<p>&nbsp;<\/p>\n<p>Fr\u00e9d\u00e9ric Charvet charg\u00e9 de mission DAAC \u00e0\u00a0: <a href=\"mailto:cineduc@ac-nice.fr\">cineduc@ac-nice.fr<\/a><\/p>\n<p><strong>Lieu et dates<\/strong><\/p>\n<p>Salle Miramar &#8211; angle Croisette\/rue Pasteur &#8211; Cannes<\/p>\n<p>Du Samedi 27 mai 2023 \u00e0 9h00 au dimanche 28 mai 2023 \u00e0 12h30.<\/p>\n<p><strong>D\u00e9roulement de la manifestation<\/strong><\/p>\n<p>Samedi 27 mai 2023 &#8211; \u00e0 partir de 8h00 : Accueil des participants.<\/p>\n<p>Samedi 27 mai 2023 &#8211; 9h00 : Ouverture officielle de la manifestation Cin\u00c9duc.<\/p>\n<ul>\n<li>Du Samedi 27 mai 2023 \u00e0 9h30 au dimanche 28 mai 2023 \u00e0 12h00\u00a0: Projection en continu des onze films et deux courts m\u00e9trages, pr\u00e9sent\u00e9s par les membres de la commission de choix de films ou par un professionnel du cin\u00e9ma. 3 pauses sont pr\u00e9vues pour se restaurer. Le petit d\u00e9jeuner du dimanche matin est offert.<\/li>\n<li>Dimanche 28 mai 2023 &#8211; 12 h 00*\u00a0: Annonce du \u00ab\u00a0Coup de C\u0153ur Cin\u00c9duc\u00a0\u00bb et Cl\u00f4ture<\/li>\n<li>Dimanche 28 mai 2023 &#8211; 12 h 30*\u00a0: Ap\u00e9ritif de Cl\u00f4ture<\/li>\n<\/ul>\n<p>*\u00a0: Horaires donn\u00e9s \u00e0 titre indicatif.<strong>\u00a0<\/strong><\/p>\n<p><strong>Les inscriptions pour le week-end sont ouvertes en ligne et\u00a0seront closes le vendredi 3 f\u00e9vrier 2023.<\/strong><\/p>\n<p><strong>ATTENTION\u00a0: Le protocole sanitaire appliqu\u00e9 sera celui en vigueur aux dates de la manifestation.<\/strong><\/p>\n<p><strong>Ne pas omettre d\u2019envoyer sans d\u00e9lai, d\u00e8s l\u2019inscription en ligne effectu\u00e9e, le dossier complet** \u00e0\u00a0:<\/strong><\/p>\n<p><strong>CANNES CIN\u00c9MA, 10 avenue de Vallauris, 06400 Cannes.<\/strong><\/p>\n<p>**\u00a0:\u00a0\u00a0\u00a0\u00a0 &#8211; Ch\u00e8que de 40\u20ac \u00e0 l\u2019ordre de Cannes Cin\u00e9ma<\/p>\n<p><strong>&#8211; une enveloppe affranchie par personne et libell\u00e9e \u00e0 votre adresse<\/strong><\/p>\n<p><strong>&#8211; une vraie photo d\u2019identit\u00e9.<\/strong><\/p>\n<p><a href=\"http:\/\/ppe.orion.education.fr\/nice\/itw\/answer\/s\/j4kwopjiqa\/k\/bvxs6iX\"><strong>S&rsquo;inscrire en ligne<\/strong><\/a><strong><br \/><\/strong> <a href=\"https:\/\/docs.google.com\/forms\/d\/e\/1FAIpQLSePs9CtmSeNIRd6vGqi89TsJG-cUkedk1O5e4xWYxZkTwPvGg\/viewform?usp=pp_url\"><strong>https:\/\/docs.google.com\/forms\/d\/e\/1FAIpQLSePs9CtmSeNIRd6vGqi89TsJG-cUkedk1O5e4xWYxZkTwPvGg\/viewform?usp=pp_url<\/strong><\/a><\/p>\n<p>Pour tout renseignement compl\u00e9mentaire, contacter :<\/p>\n<p>Fr\u00e9d\u00e9ric Charvet charg\u00e9 de mission DAAC \u00e0 : <a href=\"mailto:cineduc@ac-nice.fr\">cineduc@ac-nice.fr<\/a><\/p>\n<p><span style=\"color: #993366;\">Si vous souhaitez candidater pour la commission Cin\u00c9duc 2022, suivez ce lien<\/span><\/p>\n<p><span style=\"color: #993366;\"><a style=\"color: #993366;\" href=\"https:\/\/www.pedagogie.ac-nice.fr\/daac\/wp-content\/uploads\/sites\/37\/2022\/10\/Appel-candidature-commission-2023.docx\" target=\"_blank\" rel=\"noopener\">Lien menant vers la page de l\u2019appel \u00e0 candidature \u00e0 la commission<\/a><\/span><\/p>\n<p>&nbsp;<\/p>\n<p>[\/et_pb_text][\/et_pb_column][\/et_pb_row][\/et_pb_section]<\/p>\n","protected":false},"excerpt":{"rendered":"<p>Les coups de coeur CinEduc Depuis l&rsquo;origine, le public\u00a0vote pour distinguer l&rsquo;un des films de la programmation, auquel un \u00ab\u00a0Coup de C\u0153ur Cin\u00c9duc\u00a0\u00bb\u00a0est d\u00e9cern\u00e9 au moment de la cl\u00f4ture de la manifestation. Lors du dernier week-end Cin\u00c9duc (mai 2022), le film\u00a0Sans Filtre (Triangle of Sadness) de\u00a0Ruben \u00d6stlund a\u00a0re\u00e7u le coup de c\u0153ur Cin\u00c9duc et la [&hellip;]<\/p>\n","protected":false},"author":241,"featured_media":0,"parent":1256,"menu_order":0,"comment_status":"closed","ping_status":"closed","template":"","meta":{"_et_pb_use_builder":"on","_et_pb_old_content":"<p style=\"text-align: justify;\"><span style=\"font-family: Helvetica, serif;\"><b>Pour la 39e ann\u00e9e, l'acad\u00e9mie de Nice et Cannes Cin\u00e9ma organisent en partenariat la manifestation Cin\u00c9duc. Ce marathon du film est ouvert aux personnels enseignants de l'\u00c9ducation Nationale et de l'enseignement sup\u00e9rieur en activit\u00e9 et impliqu\u00e9s dans des dispositifs et\/ou actions \u00e9ducatives li\u00e9s au cin\u00e9ma.<\/b><\/span><a href=\"https:\/\/www.pedagogie.ac-nice.fr\/daac\/les-domaines-de-leac\/pole-images\/cineduc\/logo_cinedu\/\" rel=\"attachment wp-att-1254\"><img class=\"wp-image-1254 aligncenter\" src=\"https:\/\/www.pedagogie.ac-nice.fr\/daac\/wp-content\/uploads\/sites\/37\/2020\/11\/logo_cinedu.png\" alt=\"\" width=\"234\" height=\"106\"><\/a>L<span style=\"font-family: Helvetica, serif;\">a manifestation Cin\u00c9duc s'inscrit dans \u00ab Cannes Cin\u00e9philes \u00bb, organis\u00e9 par Cannes Cin\u00e9ma durant le Festival.<\/span><\/p><p align=\"justify\"><span style=\"font-family: Helvetica, serif;\">Elle participe de la\u00a0 construction des comp\u00e9tences n\u00e9cessaires \u00e0 l'\u00e9ducation artistique et culturelle, dans le cadre des formations DAAC et du Plan National de Formation.<\/span><\/p><p align=\"justify\"><span style=\"font-family: Helvetica, serif;\">Durant le dernier week-end du Festival de Cannes, Cin\u00c9duc programme onze films et un ou deux court(s) m\u00e9trage(s)\u00a0choisis parmi l'ensemble des s\u00e9lections du Festival (Comp\u00e9tition officielle, Un Certain Regard, la Quinzaine des R\u00e9alisateurs, Semaine de la Critique, Cannes \u00c9crans Juniors et ACID).<\/span><\/p><p align=\"justify\"><span style=\"font-family: Helvetica, serif;\">Ce regard sur l'actualit\u00e9 cin\u00e9matographique du Festival de Cannes et ses diff\u00e9rentes esth\u00e9tiques permet aux enseignants d'\u00e9largir leurs pratiques\u00a0dans le domaine de l'\u00e9ducation \u00e0 l'image.<\/span><\/p><p align=\"justify\"><span style=\"font-family: Helvetica, serif;\">\u00c0 l'ouverture de la manifestation, il sera remis \u00e0 chaque participant un dossier documentaire comprenant le programme, les fiches techniques des films projet\u00e9s accompagn\u00e9es de leurs critiques parues dans la presse quotidienne et un bulletin de vote. Depuis l'origine, le public vote pour distinguer l'un des films de la programmation, auquel un \"Coup de C\u0153ur Cin\u00c9duc\" est d\u00e9cern\u00e9 au moment de la cl\u00f4ture de la manifestation. Lors du dernier week-end Cin\u00c9duc (mai 2019), le film\u00a0<\/span><span style=\"font-family: Helvetica, serif;\"><i><b>Papicha <\/b><\/i><\/span><span style=\"font-family: Helvetica, serif;\">de\u00a0Mounia Meddour a\u00a0re\u00e7u le coup de c\u0153ur Cin\u00c9duc.<\/span><\/p><p><span style=\"color: #35407f;\"><span style=\"font-family: Helvetica, serif;\"><span style=\"font-size: medium;\"><b>Lieu et dates<\/b><\/span><\/span><\/span><\/p><p>Salle Miramar \u2013 angle Croisette\/rue Pasteur \u2013 Cannes<\/p><p>Du Samedi 17 juillet 2021 \u00e0 9h00 au dimanche 18 juillet 2021 \u00e0 12h30.<\/p><p><span style=\"color: #35407f;\"><span style=\"font-family: Helvetica, serif;\"><span style=\"font-size: medium;\"><b>D\u00e9roulement de la manifestation<\/b><\/span><\/span><\/span><\/p><ul><li><p align=\"justify\">Samedi 17 Juillet 2021 \u2013 \u00e0 partir de 8h00 : Accueil des participants.<\/p><\/li><li><p align=\"justify\">Samedi\u00a017 Juillet 2021 \u2013 9h00\u00a0: Ouverture officielle de la manifestation Cin\u00c9duc.<\/p><\/li><li><p align=\"justify\">Du Samedi\u00a0 2021 17 Juillet \u00e0 9h30 au dimanche 18 juillet 2021 \u00e0 12h00\u00a0: Projection en continu des onze films et deux courts m\u00e9trages, pr\u00e9sent\u00e9s par les membres de la commission de choix de films ou par un professionnel du cin\u00e9ma.<\/p><\/li><li><p align=\"justify\">Dimanche 23 mai 2021 \u2013 12 h 00*\u00a0: Annonce du \u201cCoup de C\u0153ur Cin\u00c9duc\u201d et Cl\u00f4ture<\/p><\/li><\/ul><p><span style=\"font-family: Helvetica, serif;\">*\u00a0: Horaires donn\u00e9s \u00e0 titre indicatif.<\/span><\/p><p style=\"text-align: justify;\"><span style=\"color: #af0023;\"><span style=\"font-family: Helvetica, serif;\"><b>Les inscriptions pour le week-end sont ouvertes en ligne et\u00a0seront closes le 19 f\u00e9vrier 2021.<br>ATTENTION\u00a0: Les conditions sanitaires actuelles exigent que la manifestation se d\u00e9roule selon un protocole strict\u00a0:<br>\u2022 gestes barri\u00e8res<br>\u2022 d\u00e9sinfections<br>\u2022 JAUGE DES PARTICIPANTS R\u00c9DUITE \u00c0 50%.<\/b><\/span><\/span><\/p><p><span style=\"font-family: Helvetica, serif;\"><b>La tenue de la manifestation sera bien entendu conditionn\u00e9e par les mesures gouvernementales en vigueur \u00e0 cette p\u00e9riode.<\/b><\/span><\/p><p><span style=\"color: #af0023;\"><span style=\"font-family: Helvetica, serif;\"><b>Ne pas omettre d\u2019envoyer sans d\u00e9lai, d\u00e8s l\u2019inscription en ligne effectu\u00e9e, le dossier complet \u00e0 :<br><\/b><\/span><\/span><span style=\"font-family: Helvetica, serif;\"><b>CANNES CIN\u00c9MA, 10 avenue de Vallauris, 06400 Cannes.<\/b><\/span><\/p><p><span style=\"font-family: Helvetica, serif;\"><b>comprenant :<br><\/b><\/span><span style=\"font-family: Helvetica, serif;\"><b>-\u00a0 un ch\u00e8que de 40\u20ac \u00e0 l\u2019ordre de Cannes Cin\u00e9ma<br>- une enveloppe affranchie et libell\u00e9e \u00e0 votre adresse<br>- une vraie photo d\u2019identit\u00e9.<\/b><\/span><\/p><p>Cliquez pour vous inscrire :\u00a0 <b><\/b><a href=\"http:\/\/ppe.orion.education.fr\/nice\/itw\/answer\/s\/j4kwopjiqa\/k\/bvxs6iX\" target=\"_blank\" rel=\"noopener noreferrer\"><img class=\"alignnone wp-image-1271 size-full\" src=\"https:\/\/www.pedagogie.ac-nice.fr\/daac\/wp-content\/uploads\/sites\/37\/2020\/11\/icone_cliquer-1.jpg\" alt=\"\" width=\"50\" height=\"39\"><\/a><\/p><p><span style=\"font-family: Helvetica, serif;\">Pour tout renseignement compl\u00e9mentaire, contactez :<br><\/span><span style=\"color: #0000ff;\"><u><a href=\"mailto:jean.gouny@ac-nice.fr\"><span style=\"font-family: Helvetica, serif;\">jean.gouny@ac-nice.f<\/span><\/a><\/u><\/span><\/p>","_et_gb_content_width":"","ngg_post_thumbnail":0,"footnotes":""},"class_list":["post-1252","page","type-page","status-publish","hentry"],"rttpg_featured_image_url":null,"rttpg_author":{"display_name":"daacadmin","author_link":"https:\/\/www.pedagogie.ac-nice.fr\/daac\/author\/daacadmin\/"},"rttpg_comment":0,"rttpg_category":null,"rttpg_excerpt":"Les coups de coeur CinEduc Depuis l'origine, le public\u00a0vote pour distinguer l'un des films de la programmation, auquel un \"Coup de C\u0153ur Cin\u00c9duc\"\u00a0est d\u00e9cern\u00e9 au moment de la cl\u00f4ture de la manifestation. Lors du dernier week-end Cin\u00c9duc (mai 2022), le film\u00a0Sans Filtre (Triangle of Sadness) de\u00a0Ruben \u00d6stlund a\u00a0re\u00e7u le coup de c\u0153ur Cin\u00c9duc et la\u2026","post_mailing_queue_ids":[],"_links":{"self":[{"href":"https:\/\/www.pedagogie.ac-nice.fr\/daac\/wp-json\/wp\/v2\/pages\/1252","targetHints":{"allow":["GET"]}}],"collection":[{"href":"https:\/\/www.pedagogie.ac-nice.fr\/daac\/wp-json\/wp\/v2\/pages"}],"about":[{"href":"https:\/\/www.pedagogie.ac-nice.fr\/daac\/wp-json\/wp\/v2\/types\/page"}],"author":[{"embeddable":true,"href":"https:\/\/www.pedagogie.ac-nice.fr\/daac\/wp-json\/wp\/v2\/users\/241"}],"replies":[{"embeddable":true,"href":"https:\/\/www.pedagogie.ac-nice.fr\/daac\/wp-json\/wp\/v2\/comments?post=1252"}],"version-history":[{"count":60,"href":"https:\/\/www.pedagogie.ac-nice.fr\/daac\/wp-json\/wp\/v2\/pages\/1252\/revisions"}],"predecessor-version":[{"id":14004,"href":"https:\/\/www.pedagogie.ac-nice.fr\/daac\/wp-json\/wp\/v2\/pages\/1252\/revisions\/14004"}],"up":[{"embeddable":true,"href":"https:\/\/www.pedagogie.ac-nice.fr\/daac\/wp-json\/wp\/v2\/pages\/1256"}],"wp:attachment":[{"href":"https:\/\/www.pedagogie.ac-nice.fr\/daac\/wp-json\/wp\/v2\/media?parent=1252"}],"curies":[{"name":"wp","href":"https:\/\/api.w.org\/{rel}","templated":true}]}}