{"id":12601,"date":"2022-05-09T21:46:21","date_gmt":"2022-05-09T19:46:21","guid":{"rendered":"https:\/\/www.pedagogie.ac-nice.fr\/daac\/?page_id=12601"},"modified":"2022-05-16T11:11:43","modified_gmt":"2022-05-16T09:11:43","slug":"fabre_valorisation_narcisse","status":"publish","type":"page","link":"https:\/\/www.pedagogie.ac-nice.fr\/daac\/fabre_valorisation_narcisse\/","title":{"rendered":"Fabre_Valorisation_Narcisse"},"content":{"rendered":"<p>[et_pb_section fb_built=\u00a0\u00bb1&Prime; _builder_version=\u00a0\u00bb4.10.7&Prime; _module_preset=\u00a0\u00bbdefault\u00a0\u00bb global_colors_info=\u00a0\u00bb{}\u00a0\u00bb][et_pb_row column_structure=\u00a0\u00bb1_3,2_3&Prime; _builder_version=\u00a0\u00bb4.10.7&Prime; _module_preset=\u00a0\u00bbdefault\u00a0\u00bb global_colors_info=\u00a0\u00bb{}\u00a0\u00bb][et_pb_column type=\u00a0\u00bb1_3&Prime; _builder_version=\u00a0\u00bb4.10.7&Prime; _module_preset=\u00a0\u00bbdefault\u00a0\u00bb global_colors_info=\u00a0\u00bb{}\u00a0\u00bb][et_pb_text admin_label=\u00a0\u00bblogo theatre\u00a0\u00bb _builder_version=\u00a0\u00bb4.10.7&Prime; _module_preset=\u00a0\u00bbdefault\u00a0\u00bb global_colors_info=\u00a0\u00bb{}\u00a0\u00bb]<\/p>\n<p><a href=\"https:\/\/www.pedagogie.ac-nice.fr\/daac\/theatre-asv\/\" target=\"_blank\" rel=\"noopener\"><img loading=\"lazy\" decoding=\"async\" class=\"aligncenter wp-image-5928\" src=\"https:\/\/www.pedagogie.ac-nice.fr\/daac\/wp-content\/uploads\/sites\/37\/2021\/09\/theatre.png\" alt=\"\" width=\"301\" height=\"188\" srcset=\"https:\/\/www.pedagogie.ac-nice.fr\/daac\/wp-content\/uploads\/sites\/37\/2021\/09\/theatre.png 348w, https:\/\/www.pedagogie.ac-nice.fr\/daac\/wp-content\/uploads\/sites\/37\/2021\/09\/theatre-300x187.png 300w\" sizes=\"(max-width: 301px) 100vw, 301px\" \/><\/a><\/p>\n<p>[\/et_pb_text][et_pb_text admin_label=\u00a0\u00bb109&Prime; _builder_version=\u00a0\u00bb4.10.7&Prime; _module_preset=\u00a0\u00bbdefault\u00a0\u00bb global_colors_info=\u00a0\u00bb{}\u00a0\u00bb]<\/p>\n<p><a href=\"https:\/\/le109.nice.fr\/\" target=\"_blank\" rel=\"noopener\"><img loading=\"lazy\" decoding=\"async\" class=\"aligncenter wp-image-12656 \" src=\"https:\/\/www.pedagogie.ac-nice.fr\/daac\/wp-content\/uploads\/sites\/37\/2022\/05\/logo-109.png\" alt=\"\" width=\"198\" height=\"150\"><\/a><\/p>\n<p>[\/et_pb_text][et_pb_text admin_label=\u00a0\u00bbphoto intervenante de dos\u00a0\u00bb _builder_version=\u00a0\u00bb4.10.7&Prime; _module_preset=\u00a0\u00bbdefault\u00a0\u00bb global_colors_info=\u00a0\u00bb{}\u00a0\u00bb]<\/p>\n<p><img loading=\"lazy\" decoding=\"async\" class=\"size-full wp-image-12607 aligncenter\" src=\"https:\/\/www.pedagogie.ac-nice.fr\/daac\/wp-content\/uploads\/sites\/37\/2022\/05\/Fabre_valorisation_052022_01-1-scaled.jpg\" alt=\"\" width=\"2560\" height=\"1622\" srcset=\"https:\/\/www.pedagogie.ac-nice.fr\/daac\/wp-content\/uploads\/sites\/37\/2022\/05\/Fabre_valorisation_052022_01-1-scaled.jpg 2560w, https:\/\/www.pedagogie.ac-nice.fr\/daac\/wp-content\/uploads\/sites\/37\/2022\/05\/Fabre_valorisation_052022_01-1-300x190.jpg 300w, https:\/\/www.pedagogie.ac-nice.fr\/daac\/wp-content\/uploads\/sites\/37\/2022\/05\/Fabre_valorisation_052022_01-1-1024x649.jpg 1024w, https:\/\/www.pedagogie.ac-nice.fr\/daac\/wp-content\/uploads\/sites\/37\/2022\/05\/Fabre_valorisation_052022_01-1-768x487.jpg 768w, https:\/\/www.pedagogie.ac-nice.fr\/daac\/wp-content\/uploads\/sites\/37\/2022\/05\/Fabre_valorisation_052022_01-1-1536x973.jpg 1536w, https:\/\/www.pedagogie.ac-nice.fr\/daac\/wp-content\/uploads\/sites\/37\/2022\/05\/Fabre_valorisation_052022_01-1-2048x1298.jpg 2048w, https:\/\/www.pedagogie.ac-nice.fr\/daac\/wp-content\/uploads\/sites\/37\/2022\/05\/Fabre_valorisation_052022_01-1-1080x684.jpg 1080w\" sizes=\"(max-width: 2560px) 100vw, 2560px\" \/><\/p>\n<p style=\"text-align: justify;\"><span style=\"font-size: 10pt; color: #000000;\">La com\u00e9dienne Isabelle Klaric de la Compagnie Bal a suivi et accompagn\u00e9 les \u00e9l\u00e8ves tout au long du projet.<\/span>&nbsp;<\/p>\n<p>[\/et_pb_text][et_pb_text admin_label=\u00a0\u00bbBal logo\u00a0\u00bb _builder_version=\u00a0\u00bb4.10.7&Prime; _module_preset=\u00a0\u00bbdefault\u00a0\u00bb global_colors_info=\u00a0\u00bb{}\u00a0\u00bb]<\/p>\n<p><a href=\"https:\/\/www.compagniebal.com\/\" target=\"_blank\" rel=\"noopener\"><img loading=\"lazy\" decoding=\"async\" class=\"aligncenter wp-image-12655\" src=\"https:\/\/www.pedagogie.ac-nice.fr\/daac\/wp-content\/uploads\/sites\/37\/2022\/05\/Logo-bal-rouge.png\" alt=\"\" width=\"255\" height=\"158\"><\/a><\/p>\n<p>[\/et_pb_text][et_pb_text admin_label=\u00a0\u00bbphoto 3&Prime; _builder_version=\u00a0\u00bb4.10.7&Prime; _module_preset=\u00a0\u00bbdefault\u00a0\u00bb global_colors_info=\u00a0\u00bb{}\u00a0\u00bb]<\/p>\n<p><img loading=\"lazy\" decoding=\"async\" class=\"wp-image-12609 aligncenter\" src=\"https:\/\/www.pedagogie.ac-nice.fr\/daac\/wp-content\/uploads\/sites\/37\/2022\/05\/Fabre_valorisation_052022_02-1-scaled.jpg\" alt=\"\" width=\"360\" height=\"480\" srcset=\"https:\/\/www.pedagogie.ac-nice.fr\/daac\/wp-content\/uploads\/sites\/37\/2022\/05\/Fabre_valorisation_052022_02-1-scaled.jpg 1920w, https:\/\/www.pedagogie.ac-nice.fr\/daac\/wp-content\/uploads\/sites\/37\/2022\/05\/Fabre_valorisation_052022_02-1-225x300.jpg 225w, https:\/\/www.pedagogie.ac-nice.fr\/daac\/wp-content\/uploads\/sites\/37\/2022\/05\/Fabre_valorisation_052022_02-1-768x1024.jpg 768w, https:\/\/www.pedagogie.ac-nice.fr\/daac\/wp-content\/uploads\/sites\/37\/2022\/05\/Fabre_valorisation_052022_02-1-1152x1536.jpg 1152w, https:\/\/www.pedagogie.ac-nice.fr\/daac\/wp-content\/uploads\/sites\/37\/2022\/05\/Fabre_valorisation_052022_02-1-1536x2048.jpg 1536w, https:\/\/www.pedagogie.ac-nice.fr\/daac\/wp-content\/uploads\/sites\/37\/2022\/05\/Fabre_valorisation_052022_02-1-1080x1440.jpg 1080w\" sizes=\"(max-width: 360px) 100vw, 360px\" \/><\/p>\n<p><span style=\"font-size: 10pt; color: #000000;\">Lors de la journ\u00e9e en immersion, les \u00e9l\u00e8ves ont pu assister en avant premi\u00e8re au spectacle vivant \u00ab\u00a0Narcisse et les miroirs\u00a0\u00bb pr\u00e9sent\u00e9 par la compagnie Bal.<\/span><\/p>\n<p>[\/et_pb_text][\/et_pb_column][et_pb_column type=\u00a0\u00bb2_3&Prime; _builder_version=\u00a0\u00bb4.10.7&Prime; _module_preset=\u00a0\u00bbdefault\u00a0\u00bb global_colors_info=\u00a0\u00bb{}\u00a0\u00bb][et_pb_text admin_label=\u00a0\u00bbtitre\u00a0\u00bb _builder_version=\u00a0\u00bb4.10.7&Prime; _module_preset=\u00a0\u00bbdefault\u00a0\u00bb global_colors_info=\u00a0\u00bb{}\u00a0\u00bb]<\/p>\n<p style=\"text-align: center;\"><strong><span dir=\"ltr\" style=\"font-size: 18pt; color: #ff00ff;\" role=\"presentation\">Coll\u00e8ge Jean-Henri FABRE<\/span><\/strong><\/p>\n<p style=\"text-align: center;\"><span style=\"color: #ff00ff;\"><span dir=\"ltr\" role=\"presentation\">PEAC &#8211; Projet \u00ab<\/span> <span dir=\"ltr\" role=\"presentation\">Narcisse<\/span> <span dir=\"ltr\" role=\"presentation\">\u00bb avec la Compagnie BAL \u00e0 l\u2019Entre-Pont<\/span><\/span><\/p>\n<p>[\/et_pb_text][et_pb_text admin_label=\u00a0\u00bbphoto 1&Prime; _builder_version=\u00a0\u00bb4.10.7&Prime; _module_preset=\u00a0\u00bbdefault\u00a0\u00bb global_colors_info=\u00a0\u00bb{}\u00a0\u00bb]<\/p>\n<p><img loading=\"lazy\" decoding=\"async\" class=\"size-full wp-image-12608 aligncenter\" src=\"https:\/\/www.pedagogie.ac-nice.fr\/daac\/wp-content\/uploads\/sites\/37\/2022\/05\/Fabre_valorisation_052022_03-1-scaled.jpg\" alt=\"\" width=\"2560\" height=\"1920\" srcset=\"https:\/\/www.pedagogie.ac-nice.fr\/daac\/wp-content\/uploads\/sites\/37\/2022\/05\/Fabre_valorisation_052022_03-1-scaled.jpg 2560w, https:\/\/www.pedagogie.ac-nice.fr\/daac\/wp-content\/uploads\/sites\/37\/2022\/05\/Fabre_valorisation_052022_03-1-300x225.jpg 300w, https:\/\/www.pedagogie.ac-nice.fr\/daac\/wp-content\/uploads\/sites\/37\/2022\/05\/Fabre_valorisation_052022_03-1-1024x768.jpg 1024w, https:\/\/www.pedagogie.ac-nice.fr\/daac\/wp-content\/uploads\/sites\/37\/2022\/05\/Fabre_valorisation_052022_03-1-768x576.jpg 768w, https:\/\/www.pedagogie.ac-nice.fr\/daac\/wp-content\/uploads\/sites\/37\/2022\/05\/Fabre_valorisation_052022_03-1-1536x1152.jpg 1536w, https:\/\/www.pedagogie.ac-nice.fr\/daac\/wp-content\/uploads\/sites\/37\/2022\/05\/Fabre_valorisation_052022_03-1-2048x1536.jpg 2048w, https:\/\/www.pedagogie.ac-nice.fr\/daac\/wp-content\/uploads\/sites\/37\/2022\/05\/Fabre_valorisation_052022_03-1-1080x810.jpg 1080w\" sizes=\"(max-width: 2560px) 100vw, 2560px\" \/><\/p>\n<p><span style=\"font-size: 10pt; color: #000000;\">Visite du chantier 109 : les \u00e9l\u00e8ves ont pu d\u00e9couvrir et appr\u00e9cier ce lieu d\u00e9di\u00e9 \u00e0 la cr\u00e9ation artistique et aux cultures contemporaines. <br \/>Ci-dessus les \u00e9l\u00e8ves de la classe coop\u00e9rative de 5\u00b01 posant devant les fresques du collectif de graffeurs.<\/span><\/p>\n<p>[\/et_pb_text][et_pb_text admin_label=\u00a0\u00bbTexte Sidney\u00a0\u00bb _builder_version=\u00a0\u00bb4.10.7&Prime; _module_preset=\u00a0\u00bbdefault\u00a0\u00bb global_colors_info=\u00a0\u00bb{}\u00a0\u00bb]<\/p>\n<p style=\"text-align: justify;\"><span style=\"color: #0000ff;\"><span dir=\"ltr\" role=\"presentation\">Les 26 \u00e9l\u00e8ves de la classe coop\u00e9rative de 5\u00b01 ont engag\u00e9 une r\u00e9flexion sur le <strong>mythe de Narcisse et <\/strong><\/span><span dir=\"ltr\" role=\"presentation\"><strong>son adaptation moderne au XXIe si\u00e8cle en fran\u00e7ais et en arts plastiques<\/strong>, les \u00e9l\u00e8ves se sont initi\u00e9s au <\/span><span dir=\"ltr\" role=\"presentation\">th\u00e9\u00e2tre avec la <strong>com\u00e9dienne Isabelle Klaric<\/strong>, de la <strong>Compagnie BAL &#8211; Arts L\u00e9gers<\/strong>.<br \/><\/span><\/span><br role=\"presentation\"><span style=\"color: #0000ff;\"><span dir=\"ltr\" role=\"presentation\">Ce projet s\u2019est d\u00e9velopp\u00e9 sur plusieurs mois avec de nombreuses interventions et sorties <\/span><span dir=\"ltr\" role=\"presentation\">p\u00e9dagogiques.<br \/><\/span><\/span><br role=\"presentation\"><span style=\"color: #0000ff;\"><span dir=\"ltr\" role=\"presentation\">Les \u00e9l\u00e8ves ont \u00e9crit et mis en sc\u00e8ne des sayn\u00e8tes de th\u00e9\u00e2tre accompagn\u00e9s de l\u2019intervenante et de <\/span><span dir=\"ltr\" role=\"presentation\">leurs enseignantes (adaptation de textes, \u00e9criture de dialogues, travail du jeu d\u2019acteur, r\u00e9alisation de <\/span><span dir=\"ltr\" role=\"presentation\">costumes et de d\u00e9cors&#8230;).<br \/><\/span><\/span><br role=\"presentation\"><span style=\"color: #0000ff;\"><span dir=\"ltr\" role=\"presentation\">Les \u00e9l\u00e8ves de 5\u00b01 ont d\u00e9cid\u00e9 d&rsquo;entrem\u00ealer le mythe ancien de Narcisse, mythe intemporel et <\/span><span dir=\"ltr\" role=\"presentation\">tellement contemporain, avec une adaptation plus moderne de Christian Palustran ou Narcisse <\/span><span dir=\"ltr\" role=\"presentation\">devient Narcizon John, c\u00e9l\u00e8bre rock-star adul\u00e9e de tous.<br \/><\/span><\/span><br role=\"presentation\"><span style=\"color: #0000ff;\"><span dir=\"ltr\" role=\"presentation\">Les \u00e9l\u00e8ves ont eu l\u2019honneur d\u2019\u00eatre les premiers \u00e0 d\u00e9couvrir le spectacle \u00ab<\/span> <span dir=\"ltr\" role=\"presentation\">Narcisse et les miroirs<\/span> <span dir=\"ltr\" role=\"presentation\">\u00bb <\/span><span dir=\"ltr\" role=\"presentation\">de la Compagnie BAL.<br \/><\/span><\/span><br role=\"presentation\"><span style=\"color: #0000ff;\"><span dir=\"ltr\" role=\"presentation\">Ils ont \u00e9galement rencontr\u00e9, \u00e9chang\u00e9 et pratiqu\u00e9 avec les \u00e9l\u00e8ves de CM1 et de CM2 de l\u2019\u00e9cole Jean <\/span><span dir=\"ltr\" role=\"presentation\">Mac\u00e9 1 qui avaient travaill\u00e9 cette ann\u00e9e sur ce m\u00eame projet.<\/span><\/span><\/p>\n<p>[\/et_pb_text][et_pb_text _builder_version=\u00a0\u00bb4.10.7&Prime; _module_preset=\u00a0\u00bbdefault\u00a0\u00bb hover_enabled=\u00a0\u00bb0&Prime; global_colors_info=\u00a0\u00bb{}\u00a0\u00bb sticky_enabled=\u00a0\u00bb0&Prime;]<\/p>\n<p style=\"text-align: left;\"><a href=\"https:\/\/entrepont.net\/\" target=\"_blank\" rel=\"noopener\"><img loading=\"lazy\" decoding=\"async\" class=\"alignleft wp-image-12657\" src=\"https:\/\/www.pedagogie.ac-nice.fr\/daac\/wp-content\/uploads\/sites\/37\/2022\/05\/logo-entre-pont.png\" alt=\"\" width=\"131\" height=\"148\" srcset=\"https:\/\/www.pedagogie.ac-nice.fr\/daac\/wp-content\/uploads\/sites\/37\/2022\/05\/logo-entre-pont.png 622w, https:\/\/www.pedagogie.ac-nice.fr\/daac\/wp-content\/uploads\/sites\/37\/2022\/05\/logo-entre-pont-264x300.png 264w\" sizes=\"(max-width: 131px) 100vw, 131px\" \/><\/a><\/p>\n<p style=\"text-align: left;\">&nbsp;<\/p>\n<p><span style=\"color: #0000ff; font-size: 10pt;\">A&nbsp; l&rsquo;initiative de l&rsquo;Entrepont, lieu de r\u00e9sidence pour les artistes du spectacle vivant au 109. <\/span><\/p>\n<p>[\/et_pb_text][\/et_pb_column][\/et_pb_row][\/et_pb_section][et_pb_section fb_built=\u00a0\u00bb1&Prime; _builder_version=\u00a0\u00bb4.10.7&Prime; _module_preset=\u00a0\u00bbdefault\u00a0\u00bb custom_margin=\u00a0\u00bb-38px|||||\u00a0\u00bb global_colors_info=\u00a0\u00bb{}\u00a0\u00bb][et_pb_row column_structure=\u00a0\u00bb1_2,1_2&Prime; _builder_version=\u00a0\u00bb4.10.7&Prime; _module_preset=\u00a0\u00bbdefault\u00a0\u00bb global_colors_info=\u00a0\u00bb{}\u00a0\u00bb][et_pb_column type=\u00a0\u00bb1_2&Prime; _builder_version=\u00a0\u00bb4.10.7&Prime; _module_preset=\u00a0\u00bbdefault\u00a0\u00bb global_colors_info=\u00a0\u00bb{}\u00a0\u00bb][\/et_pb_column][et_pb_column type=\u00a0\u00bb1_2&Prime; _builder_version=\u00a0\u00bb4.10.7&Prime; _module_preset=\u00a0\u00bbdefault\u00a0\u00bb global_colors_info=\u00a0\u00bb{}\u00a0\u00bb][\/et_pb_column][\/et_pb_row][\/et_pb_section]<\/p>\n","protected":false},"excerpt":{"rendered":"<p>La com\u00e9dienne Isabelle Klaric de la Compagnie Bal a suivi et accompagn\u00e9 les \u00e9l\u00e8ves tout au long du projet.&nbsp; Lors de la journ\u00e9e en immersion, les \u00e9l\u00e8ves ont pu assister en avant premi\u00e8re au spectacle vivant \u00ab\u00a0Narcisse et les miroirs\u00a0\u00bb pr\u00e9sent\u00e9 par la compagnie Bal.Coll\u00e8ge Jean-Henri FABRE PEAC &#8211; Projet \u00ab Narcisse \u00bb avec la [&hellip;]<\/p>\n","protected":false},"author":241,"featured_media":0,"parent":0,"menu_order":0,"comment_status":"closed","ping_status":"closed","template":"","meta":{"_et_pb_use_builder":"on","_et_pb_old_content":"","_et_gb_content_width":"","ngg_post_thumbnail":0,"footnotes":""},"class_list":["post-12601","page","type-page","status-publish","hentry"],"rttpg_featured_image_url":null,"rttpg_author":{"display_name":"daacadmin","author_link":"https:\/\/www.pedagogie.ac-nice.fr\/daac\/author\/daacadmin\/"},"rttpg_comment":0,"rttpg_category":null,"rttpg_excerpt":"La com\u00e9dienne Isabelle Klaric de la Compagnie Bal a suivi et accompagn\u00e9 les \u00e9l\u00e8ves tout au long du projet.&nbsp; Lors de la journ\u00e9e en immersion, les \u00e9l\u00e8ves ont pu assister en avant premi\u00e8re au spectacle vivant \"Narcisse et les miroirs\" pr\u00e9sent\u00e9 par la compagnie Bal.Coll\u00e8ge Jean-Henri FABRE PEAC - Projet \u00ab Narcisse \u00bb avec la\u2026","post_mailing_queue_ids":[],"_links":{"self":[{"href":"https:\/\/www.pedagogie.ac-nice.fr\/daac\/wp-json\/wp\/v2\/pages\/12601","targetHints":{"allow":["GET"]}}],"collection":[{"href":"https:\/\/www.pedagogie.ac-nice.fr\/daac\/wp-json\/wp\/v2\/pages"}],"about":[{"href":"https:\/\/www.pedagogie.ac-nice.fr\/daac\/wp-json\/wp\/v2\/types\/page"}],"author":[{"embeddable":true,"href":"https:\/\/www.pedagogie.ac-nice.fr\/daac\/wp-json\/wp\/v2\/users\/241"}],"replies":[{"embeddable":true,"href":"https:\/\/www.pedagogie.ac-nice.fr\/daac\/wp-json\/wp\/v2\/comments?post=12601"}],"version-history":[{"count":19,"href":"https:\/\/www.pedagogie.ac-nice.fr\/daac\/wp-json\/wp\/v2\/pages\/12601\/revisions"}],"predecessor-version":[{"id":12729,"href":"https:\/\/www.pedagogie.ac-nice.fr\/daac\/wp-json\/wp\/v2\/pages\/12601\/revisions\/12729"}],"wp:attachment":[{"href":"https:\/\/www.pedagogie.ac-nice.fr\/daac\/wp-json\/wp\/v2\/media?parent=12601"}],"curies":[{"name":"wp","href":"https:\/\/api.w.org\/{rel}","templated":true}]}}