{"id":12957,"date":"2022-06-12T19:26:18","date_gmt":"2022-06-12T17:26:18","guid":{"rendered":"https:\/\/www.pedagogie.ac-nice.fr\/daac\/?page_id=12957"},"modified":"2022-06-12T19:27:01","modified_gmt":"2022-06-12T17:27:01","slug":"cinema-tourrettes-levens","status":"publish","type":"page","link":"https:\/\/www.pedagogie.ac-nice.fr\/daac\/cinema-tourrettes-levens\/","title":{"rendered":"cinema Tourrettes-Levens"},"content":{"rendered":"<p>[et_pb_section fb_built=\u00a0\u00bb1&Prime; _builder_version=\u00a0\u00bb4.10.7&Prime; _module_preset=\u00a0\u00bbdefault\u00a0\u00bb global_colors_info=\u00a0\u00bb{}\u00a0\u00bb][et_pb_row column_structure=\u00a0\u00bb1_3,2_3&Prime; _builder_version=\u00a0\u00bb4.10.7&Prime; _module_preset=\u00a0\u00bbdefault\u00a0\u00bb global_colors_info=\u00a0\u00bb{}\u00a0\u00bb][et_pb_column type=\u00a0\u00bb1_3&Prime; _builder_version=\u00a0\u00bb4.10.7&Prime; _module_preset=\u00a0\u00bbdefault\u00a0\u00bb global_colors_info=\u00a0\u00bb{}\u00a0\u00bb][et_pb_text _builder_version=\u00a0\u00bb4.10.7&Prime; _module_preset=\u00a0\u00bbdefault\u00a0\u00bb global_colors_info=\u00a0\u00bb{}\u00a0\u00bb]<\/p>\n<p><a href=\"https:\/\/www.pedagogie.ac-nice.fr\/daac\/pole_cinema_2021\/\" target=\"_blank\" rel=\"noopener\"><img loading=\"lazy\" decoding=\"async\" class=\"aligncenter wp-image-5920\" src=\"https:\/\/www.pedagogie.ac-nice.fr\/daac\/wp-content\/uploads\/sites\/37\/2021\/09\/cinema.png\" alt=\"\" width=\"329\" height=\"201\" srcset=\"https:\/\/www.pedagogie.ac-nice.fr\/daac\/wp-content\/uploads\/sites\/37\/2021\/09\/cinema.png 349w, https:\/\/www.pedagogie.ac-nice.fr\/daac\/wp-content\/uploads\/sites\/37\/2021\/09\/cinema-300x183.png 300w\" sizes=\"(max-width: 329px) 100vw, 329px\" \/><\/a><\/p>\n<p>[\/et_pb_text][\/et_pb_column][et_pb_column type=\u00a0\u00bb2_3&Prime; _builder_version=\u00a0\u00bb4.10.7&Prime; _module_preset=\u00a0\u00bbdefault\u00a0\u00bb global_colors_info=\u00a0\u00bb{}\u00a0\u00bb][et_pb_text _builder_version=\u00a0\u00bb4.10.7&Prime; _module_preset=\u00a0\u00bbdefault\u00a0\u00bb hover_enabled=\u00a0\u00bb0&Prime; global_colors_info=\u00a0\u00bb{}\u00a0\u00bb sticky_enabled=\u00a0\u00bb0&Prime;]<\/p>\n<p align=\"center\"><span style=\"color: #0070c0;\"><span style=\"font-family: Baskerville Old Face, serif;\"><span style=\"font-size: large;\"><u>\u00ab&nbsp;FILMER UN METIER QUI NOUS PLAIT&nbsp;\u00bb au Coll\u00e8ge Ren\u00e9 Cassin&nbsp;!<br \/><\/u><\/span><\/span><\/span><\/p>\n<p align=\"justify\"><span style=\"color: #333333;\"><span style=\"font-family: Baskerville Old Face, serif;\"><span style=\"font-size: large;\">Pour la premi\u00e8re fois, les \u00e9l\u00e8ves de Madame Beltra, professeur de fran\u00e7ais <\/span><\/span><span style=\"font-family: Baskerville Old Face, serif;\"><span style=\"font-size: large;\">qui a en charge l\u2019option cin\u00e9ma au<\/span><\/span><span style=\"font-family: Baskerville Old Face, serif;\"><span style=\"font-size: large;\"> Coll\u00e8ge Ren\u00e9 Cassin de Tourrette-Levens, ont particip\u00e9 au concours invent\u00e9 par le canal des m\u00e9tiers et intitul\u00e9 \u00ab&nbsp;Je filme un m\u00e9tier qui me pla\u00eet&nbsp;\u00bb<\/span><\/span><span style=\"font-family: Baskerville Old Face, serif;\"><span style=\"font-size: large;\"> Ce concours s\u2019inscrit sous le&nbsp;haut patronage&nbsp;du Minist\u00e8re de l\u2019\u00c9ducation Nationale, de la Jeunesse, et des Sports, du Minist\u00e8re du Travail, et du Minist\u00e8re de l&rsquo;Enseignement Sup\u00e9rieur, de la Recherche et de l&rsquo;Innovation.<\/span><\/span><\/span><\/p>\n<p align=\"justify\"><span style=\"color: #333333;\"><span style=\"font-family: Baskerville Old Face, serif;\"><span style=\"font-size: large;\">Des \u00e9l\u00e8ves de 6<\/span><\/span><sup><span style=\"font-family: Baskerville Old Face, serif;\"><span style=\"font-size: large;\">\u00e8me<\/span><\/span><\/sup><span style=\"font-family: Baskerville Old Face, serif;\"><span style=\"font-size: large;\">1 et de 4<\/span><\/span><sup><span style=\"font-family: Baskerville Old Face, serif;\"><span style=\"font-size: large;\">\u00e8me<\/span><\/span><\/sup><span style=\"font-family: Baskerville Old Face, serif;\"><span style=\"font-size: large;\">6 ont ainsi r\u00e9alis\u00e9, sous la houlette de Madame Beltra assist\u00e9e de Madame Jean C., une vid\u00e9o qui rend hommage \u00e0 un m\u00e9tier aussi beau que difficile, un m\u00e9tier qui est \u00ab l\u2019un des poumons de notre soci\u00e9t\u00e9&nbsp;\u00bb comme le d\u00e9clare Emmy, dans la vid\u00e9o&nbsp;! Une ancienne \u00e9l\u00e8ve, devenue infirmi\u00e8re dans le corps de l\u2019arm\u00e9e y a \u00e9galement particip\u00e9 apr\u00e8s avoir \u00e9chang\u00e9 avec les \u00e9l\u00e8ves de 4<\/span><\/span><sup><span style=\"font-family: Baskerville Old Face, serif;\"><span style=\"font-size: large;\">\u00e8me<\/span><\/span><\/sup><span style=\"font-family: Baskerville Old Face, serif;\"><span style=\"font-size: large;\"> de Madame Beltra. La vid\u00e9o, apr\u00e8s avoir \u00e9t\u00e9 remarqu\u00e9e par le jury et retenue pour la S\u00e9lection officielle, a franchi les derni\u00e8res \u00e9tapes en \u00e9tant nomin\u00e9e dans une des cat\u00e9gories du concours. Certes, pas de \u00ab&nbsp;clap&nbsp;\u00bb cette ann\u00e9e mais un tr\u00e8s beau parcours effectu\u00e9 pour un \u00ab&nbsp;galop d\u2019essai&nbsp;\u00bb et une magnifique c\u00e9r\u00e9monie au Grand Rex de Paris, avec Dany Boon, Pr\u00e9sident du Jury cette ann\u00e9e, apr\u00e8s d\u2019autres noms prestigieux comme ceux de Claude Lelouch, Jean Dujardin et Jean Reno&nbsp;!<\/span><\/span><\/span><u><\/u><\/p>\n<p>[\/et_pb_text][et_pb_text admin_label=\u00a0\u00bbphoto\u00a0\u00bb _builder_version=\u00a0\u00bb4.10.7&Prime; _module_preset=\u00a0\u00bbdefault\u00a0\u00bb global_colors_info=\u00a0\u00bb{}\u00a0\u00bb]<\/p>\n<p><img loading=\"lazy\" decoding=\"async\" class=\"alignnone size-full wp-image-12960\" src=\"https:\/\/www.pedagogie.ac-nice.fr\/daac\/wp-content\/uploads\/sites\/37\/2022\/06\/tourrettes_levens.jpg\" alt=\"\" width=\"707\" height=\"267\" srcset=\"https:\/\/www.pedagogie.ac-nice.fr\/daac\/wp-content\/uploads\/sites\/37\/2022\/06\/tourrettes_levens.jpg 707w, https:\/\/www.pedagogie.ac-nice.fr\/daac\/wp-content\/uploads\/sites\/37\/2022\/06\/tourrettes_levens-300x113.jpg 300w\" sizes=\"(max-width: 707px) 100vw, 707px\" \/><\/p>\n<p>[\/et_pb_text][\/et_pb_column][\/et_pb_row][\/et_pb_section]<\/p>\n","protected":false},"excerpt":{"rendered":"<p>\u00ab&nbsp;FILMER UN METIER QUI NOUS PLAIT&nbsp;\u00bb au Coll\u00e8ge Ren\u00e9 Cassin&nbsp;! Pour la premi\u00e8re fois, les \u00e9l\u00e8ves de Madame Beltra, professeur de fran\u00e7ais qui a en charge l\u2019option cin\u00e9ma au Coll\u00e8ge Ren\u00e9 Cassin de Tourrette-Levens, ont particip\u00e9 au concours invent\u00e9 par le canal des m\u00e9tiers et intitul\u00e9 \u00ab&nbsp;Je filme un m\u00e9tier qui me pla\u00eet&nbsp;\u00bb Ce concours [&hellip;]<\/p>\n","protected":false},"author":241,"featured_media":0,"parent":0,"menu_order":0,"comment_status":"closed","ping_status":"closed","template":"","meta":{"_et_pb_use_builder":"on","_et_pb_old_content":"","_et_gb_content_width":"","ngg_post_thumbnail":0,"footnotes":""},"class_list":["post-12957","page","type-page","status-publish","hentry"],"rttpg_featured_image_url":null,"rttpg_author":{"display_name":"daacadmin","author_link":"https:\/\/www.pedagogie.ac-nice.fr\/daac\/author\/daacadmin\/"},"rttpg_comment":0,"rttpg_category":null,"rttpg_excerpt":"\u00ab&nbsp;FILMER UN METIER QUI NOUS PLAIT&nbsp;\u00bb au Coll\u00e8ge Ren\u00e9 Cassin&nbsp;! Pour la premi\u00e8re fois, les \u00e9l\u00e8ves de Madame Beltra, professeur de fran\u00e7ais qui a en charge l\u2019option cin\u00e9ma au Coll\u00e8ge Ren\u00e9 Cassin de Tourrette-Levens, ont particip\u00e9 au concours invent\u00e9 par le canal des m\u00e9tiers et intitul\u00e9 \u00ab&nbsp;Je filme un m\u00e9tier qui me pla\u00eet&nbsp;\u00bb Ce concours\u2026","post_mailing_queue_ids":[],"_links":{"self":[{"href":"https:\/\/www.pedagogie.ac-nice.fr\/daac\/wp-json\/wp\/v2\/pages\/12957","targetHints":{"allow":["GET"]}}],"collection":[{"href":"https:\/\/www.pedagogie.ac-nice.fr\/daac\/wp-json\/wp\/v2\/pages"}],"about":[{"href":"https:\/\/www.pedagogie.ac-nice.fr\/daac\/wp-json\/wp\/v2\/types\/page"}],"author":[{"embeddable":true,"href":"https:\/\/www.pedagogie.ac-nice.fr\/daac\/wp-json\/wp\/v2\/users\/241"}],"replies":[{"embeddable":true,"href":"https:\/\/www.pedagogie.ac-nice.fr\/daac\/wp-json\/wp\/v2\/comments?post=12957"}],"version-history":[{"count":5,"href":"https:\/\/www.pedagogie.ac-nice.fr\/daac\/wp-json\/wp\/v2\/pages\/12957\/revisions"}],"predecessor-version":[{"id":12964,"href":"https:\/\/www.pedagogie.ac-nice.fr\/daac\/wp-json\/wp\/v2\/pages\/12957\/revisions\/12964"}],"wp:attachment":[{"href":"https:\/\/www.pedagogie.ac-nice.fr\/daac\/wp-json\/wp\/v2\/media?parent=12957"}],"curies":[{"name":"wp","href":"https:\/\/api.w.org\/{rel}","templated":true}]}}