{"id":14489,"date":"2023-02-15T12:31:10","date_gmt":"2023-02-15T11:31:10","guid":{"rendered":"https:\/\/www.pedagogie.ac-nice.fr\/daac\/?page_id=14489"},"modified":"2023-06-22T08:21:35","modified_gmt":"2023-06-22T06:21:35","slug":"archives-cinema","status":"publish","type":"page","link":"https:\/\/www.pedagogie.ac-nice.fr\/daac\/archives-cinema\/","title":{"rendered":"Archives Cin\u00e9ma"},"content":{"rendered":"<p>[et_pb_section fb_built=\u00a0\u00bb1&Prime; _builder_version=\u00a0\u00bb4.10.7&Prime; _module_preset=\u00a0\u00bbdefault\u00a0\u00bb global_colors_info=\u00a0\u00bb{}\u00a0\u00bb][et_pb_row _builder_version=\u00a0\u00bb4.10.7&Prime; _module_preset=\u00a0\u00bbdefault\u00a0\u00bb global_colors_info=\u00a0\u00bb{}\u00a0\u00bb][et_pb_column type=\u00a0\u00bb4_4&Prime; _builder_version=\u00a0\u00bb4.10.7&Prime; _module_preset=\u00a0\u00bbdefault\u00a0\u00bb global_colors_info=\u00a0\u00bb{}\u00a0\u00bb][et_pb_text _builder_version=\u00a0\u00bb4.10.7&Prime; _module_preset=\u00a0\u00bbdefault\u00a0\u00bb global_colors_info=\u00a0\u00bb{}\u00a0\u00bb][\/et_pb_text][et_pb_text _builder_version=\u00a0\u00bb4.10.7&Prime; _module_preset=\u00a0\u00bbdefault\u00a0\u00bb text_font=\u00a0\u00bbTrebuchet||||||||\u00a0\u00bb text_text_color=\u00a0\u00bb#000000&Prime; text_font_size=\u00a0\u00bb36px\u00a0\u00bb global_colors_info=\u00a0\u00bb{}\u00a0\u00bb]<\/p>\n<p>2022<\/p>\n<p>[\/et_pb_text][et_pb_divider _builder_version=\u00a0\u00bb4.10.7&Prime; _module_preset=\u00a0\u00bbdefault\u00a0\u00bb global_colors_info=\u00a0\u00bb{}\u00a0\u00bb][\/et_pb_divider][et_pb_text _builder_version=\u00a0\u00bb4.10.7&Prime; _module_preset=\u00a0\u00bbdefault\u00a0\u00bb hover_enabled=\u00a0\u00bb0&Prime; sticky_enabled=\u00a0\u00bb0&Prime; text_text_color=\u00a0\u00bb#000000&Prime;]<\/p>\n<p align=\"center\"><span style=\"color: #0070c0; font-family: Trebuchet;\"><span style=\"font-size: large;\"><strong><span style=\"color: #993366;\">\u00ab\u00a0FILMER UN METIER QUI NOUS PLAIT\u00a0\u00bb au Coll\u00e8ge Ren\u00e9 Cassin\u00a0!<\/span><\/strong><u><br \/><\/u><\/span><\/span><\/p>\n<p align=\"justify\"><span style=\"font-family: Trebuchet;\"><span style=\"font-size: large;\">Retour d&rsquo;exp\u00e9rience : <strong>participation des \u00e9l\u00e8ves du coll\u00e8ge Ren\u00e9 Cassin au concours \u00ab\u00a0Filmer un m\u00e9tier qui nous plait\u00a0\u00bb<\/strong>\u00a0<\/span><\/span><a href=\"https:\/\/www.pedagogie.ac-nice.fr\/daac\/cinema-tourrettes-levens\/\" target=\"_blank\" rel=\"noopener\"><img loading=\"lazy\" decoding=\"async\" class=\"aligncenter wp-image-12960 size-full\" src=\"https:\/\/www.pedagogie.ac-nice.fr\/daac\/wp-content\/uploads\/sites\/37\/2022\/06\/tourrettes_levens.jpg\" alt=\"\" width=\"707\" height=\"267\" srcset=\"https:\/\/www.pedagogie.ac-nice.fr\/daac\/wp-content\/uploads\/sites\/37\/2022\/06\/tourrettes_levens.jpg 707w, https:\/\/www.pedagogie.ac-nice.fr\/daac\/wp-content\/uploads\/sites\/37\/2022\/06\/tourrettes_levens-300x113.jpg 300w\" sizes=\"(max-width: 707px) 100vw, 707px\" \/><\/a><\/p>\n<p>[\/et_pb_text][et_pb_text _builder_version=\u00a0\u00bb4.10.7&Prime; _module_preset=\u00a0\u00bbdefault\u00a0\u00bb text_font=\u00a0\u00bbTrebuchet||||||||\u00a0\u00bb text_text_color=\u00a0\u00bb#000000&Prime; text_font_size=\u00a0\u00bb17px\u00a0\u00bb text_orientation=\u00a0\u00bbjustified\u00a0\u00bb custom_padding=\u00a0\u00bb0px|||||\u00a0\u00bb global_colors_info=\u00a0\u00bb{}\u00a0\u00bb]<\/p>\n<p><span style=\"font-size: x-large;\"><strong>R\u00e9alisation en \u00e9tablissement :<\/strong><\/span><\/p>\n<p style=\"text-align: center;\"><span><strong> <span style=\"color: #993366;\">\u201cLa fl\u00e8che bris\u00e9e\u201d par les \u00e9l\u00e8ves de 5e6 du coll\u00e8ge Matisse de Nice<\/span><\/strong><\/span><br \/><span>Dans le cadre du Dispositif\u00a0<strong>Coll\u00e8ge au Cinema<\/strong>, les \u00e9l\u00e8ves de 5\u00e8me 6 du lyc\u00e9e MATISSE de Nice ont r\u00e9alis\u00e9 le livre num\u00e9rique ci-dessous.<\/span><\/p>\n<p><span><a href=\"https:\/\/read.bookcreator.com\/9BDaTC33JDZNlopUZjkbx6XHOD83\/823xRxjYRsOeEasf6BfXpg\" target=\"_blank\" rel=\"noopener\"><img decoding=\"async\" loading=\"lazy\" class=\"aligncenter wp-image-11085\" src=\"https:\/\/www.pedagogie.ac-nice.fr\/daac\/wp-content\/uploads\/sites\/37\/2022\/01\/fleche_brisee_Matisse.jpg\" alt=\"\" width=\"353\" height=\"266\" srcset=\"https:\/\/www.pedagogie.ac-nice.fr\/daac\/wp-content\/uploads\/sites\/37\/2022\/01\/fleche_brisee_Matisse.jpg 885w, https:\/\/www.pedagogie.ac-nice.fr\/daac\/wp-content\/uploads\/sites\/37\/2022\/01\/fleche_brisee_Matisse-300x226.jpg 300w, https:\/\/www.pedagogie.ac-nice.fr\/daac\/wp-content\/uploads\/sites\/37\/2022\/01\/fleche_brisee_Matisse-768x579.jpg 768w\" sizes=\"(max-width: 353px) 100vw, 353px\" \/><\/a>C\u2019\u00e9tait pour la plupart des \u00e9l\u00e8ves leur premier western et ils ont vraiment appr\u00e9ci\u00e9 le film. <\/span><span>Le lien vers l\u2019article du webm\u00e9dia MatisseLive :\u00a0<\/span><\/p>\n<p><span><a title=\"https:\/\/webmedias.ac-nice.fr\/matisselive\/des-cow-boys-des-indiens-et-des-dessins\/\" href=\"https:\/\/webmedias.ac-nice.fr\/matisselive\/des-cow-boys-des-indiens-et-des-dessins\/\" target=\"_blank\" rel=\"noopener noreferrer\">https:\/\/webmedias.ac-nice.fr\/matisselive\/des-cow-boys-des-indiens-et-des-dessins\/<\/a><\/span><\/p>\n<p>[\/et_pb_text][et_pb_divider _builder_version=\u00a0\u00bb4.10.7&Prime; _module_preset=\u00a0\u00bbdefault\u00a0\u00bb global_colors_info=\u00a0\u00bb{}\u00a0\u00bb][\/et_pb_divider][et_pb_text _builder_version=\u00a0\u00bb4.10.7&Prime; _module_preset=\u00a0\u00bbdefault\u00a0\u00bb text_font=\u00a0\u00bbTrebuchet||||||||\u00a0\u00bb text_text_color=\u00a0\u00bb#000000&Prime; text_font_size=\u00a0\u00bb20px\u00a0\u00bb text_orientation=\u00a0\u00bbcenter\u00a0\u00bb global_colors_info=\u00a0\u00bb{}\u00a0\u00bb]<\/p>\n<p style=\"text-align: left;\"><span style=\"font-size: x-large;\"><strong>Espace Magnan &#8211; Festival du cin\u00e9ma italien<\/strong><\/span><\/p>\n<p style=\"text-align: left;\"><img loading=\"lazy\" decoding=\"async\" src=\"https:\/\/www.pedagogie.ac-nice.fr\/daac\/wp-content\/uploads\/sites\/37\/2023\/02\/cine-italien-2022-300x50.png\" width=\"300\" height=\"50\" alt=\"\" class=\"wp-image-14495 alignnone size-medium\" srcset=\"https:\/\/www.pedagogie.ac-nice.fr\/daac\/wp-content\/uploads\/sites\/37\/2023\/02\/cine-italien-2022-300x50.png 300w, https:\/\/www.pedagogie.ac-nice.fr\/daac\/wp-content\/uploads\/sites\/37\/2023\/02\/cine-italien-2022.png 654w\" sizes=\"(max-width: 300px) 100vw, 300px\" \/><\/p>\n<p style=\"text-align: left;\"><a href=\"https:\/\/www.pedagogie.ac-nice.fr\/daac\/espace-magnan-nice\/\" target=\"_blank\" rel=\"noopener\">Pour en savoir plus<\/a><\/p>\n<p>[\/et_pb_text][et_pb_divider _builder_version=\u00a0\u00bb4.10.7&Prime; _module_preset=\u00a0\u00bbdefault\u00a0\u00bb global_colors_info=\u00a0\u00bb{}\u00a0\u00bb][\/et_pb_divider][et_pb_text _builder_version=\u00a0\u00bb4.10.7&Prime; _module_preset=\u00a0\u00bbdefault\u00a0\u00bb text_font=\u00a0\u00bbTrebuchet||||||||\u00a0\u00bb text_text_color=\u00a0\u00bb#000000&Prime; text_font_size=\u00a0\u00bb17px\u00a0\u00bb global_colors_info=\u00a0\u00bb{}\u00a0\u00bb]<\/p>\n<p><span style=\"color: #000000; font-size: x-large;\"><strong>Les petits programmateurs<\/strong><\/span><\/p>\n<p><img loading=\"lazy\" decoding=\"async\" src=\"https:\/\/www.pedagogie.ac-nice.fr\/daac\/wp-content\/uploads\/sites\/37\/2021\/09\/petits_programmateurs-300x227.png\" width=\"229\" height=\"173\" alt=\"\" class=\"wp-image-6064 alignnone size-medium\" srcset=\"https:\/\/www.pedagogie.ac-nice.fr\/daac\/wp-content\/uploads\/sites\/37\/2021\/09\/petits_programmateurs-300x227.png 300w, https:\/\/www.pedagogie.ac-nice.fr\/daac\/wp-content\/uploads\/sites\/37\/2021\/09\/petits_programmateurs.png 351w\" sizes=\"(max-width: 229px) 100vw, 229px\" \/><\/p>\n<p><a href=\"https:\/\/www.pedagogie.ac-nice.fr\/daac\/les-petits-programmateurs\/\" target=\"_blank\" rel=\"noopener\">Pour en savoir plus<\/a><\/p>\n<p>&nbsp;<\/p>\n<p>[\/et_pb_text][et_pb_divider _builder_version=\u00a0\u00bb4.10.7&Prime; _module_preset=\u00a0\u00bbdefault\u00a0\u00bb global_colors_info=\u00a0\u00bb{}\u00a0\u00bb][\/et_pb_divider][et_pb_text _builder_version=\u00a0\u00bb4.10.7&Prime; _module_preset=\u00a0\u00bbdefault\u00a0\u00bb text_font=\u00a0\u00bbTrebuchet||||||||\u00a0\u00bb text_text_color=\u00a0\u00bb#000000&Prime; text_font_size=\u00a0\u00bb25px\u00a0\u00bb custom_padding=\u00a0\u00bb11px|||||\u00a0\u00bb global_colors_info=\u00a0\u00bb{}\u00a0\u00bb]<\/p>\n<p><span style=\"font-size: x-large;\"><strong>6\u00e8me \u00e9dition du concours Moteur !<\/strong><\/span><\/p>\n<p><strong><img loading=\"lazy\" decoding=\"async\" src=\"https:\/\/www.pedagogie.ac-nice.fr\/daac\/wp-content\/uploads\/sites\/37\/2022\/03\/visuel_Moteur-300x200.jpg\" width=\"225\" height=\"150\" alt=\"\" class=\"wp-image-11839 alignnone size-medium\" srcset=\"https:\/\/www.pedagogie.ac-nice.fr\/daac\/wp-content\/uploads\/sites\/37\/2022\/03\/visuel_Moteur-300x200.jpg 300w, https:\/\/www.pedagogie.ac-nice.fr\/daac\/wp-content\/uploads\/sites\/37\/2022\/03\/visuel_Moteur.jpg 465w\" sizes=\"(max-width: 225px) 100vw, 225px\" \/><\/strong><\/p>\n<p><span style=\"font-size: medium;\"><a href=\"https:\/\/www.pedagogie.ac-nice.fr\/daac\/association-moteur\/\" target=\"_blank\" rel=\"noopener\"><strong>Pour en savoir plus<\/strong><\/a><\/span><\/p>\n<p>[\/et_pb_text][\/et_pb_column][\/et_pb_row][\/et_pb_section]<\/p>\n","protected":false},"excerpt":{"rendered":"<p>2022\u00ab\u00a0FILMER UN METIER QUI NOUS PLAIT\u00a0\u00bb au Coll\u00e8ge Ren\u00e9 Cassin\u00a0! Retour d&rsquo;exp\u00e9rience : participation des \u00e9l\u00e8ves du coll\u00e8ge Ren\u00e9 Cassin au concours \u00ab\u00a0Filmer un m\u00e9tier qui nous plait\u00a0\u00bb\u00a0R\u00e9alisation en \u00e9tablissement : \u201cLa fl\u00e8che bris\u00e9e\u201d par les \u00e9l\u00e8ves de 5e6 du coll\u00e8ge Matisse de NiceDans le cadre du Dispositif\u00a0Coll\u00e8ge au Cinema, les \u00e9l\u00e8ves de 5\u00e8me 6 [&hellip;]<\/p>\n","protected":false},"author":241,"featured_media":0,"parent":0,"menu_order":0,"comment_status":"closed","ping_status":"closed","template":"","meta":{"_et_pb_use_builder":"on","_et_pb_old_content":"","_et_gb_content_width":"","ngg_post_thumbnail":0,"footnotes":""},"class_list":["post-14489","page","type-page","status-publish","hentry"],"rttpg_featured_image_url":null,"rttpg_author":{"display_name":"daacadmin","author_link":"https:\/\/www.pedagogie.ac-nice.fr\/daac\/author\/daacadmin\/"},"rttpg_comment":0,"rttpg_category":null,"rttpg_excerpt":"2022\u00ab\u00a0FILMER UN METIER QUI NOUS PLAIT\u00a0\u00bb au Coll\u00e8ge Ren\u00e9 Cassin\u00a0! Retour d'exp\u00e9rience : participation des \u00e9l\u00e8ves du coll\u00e8ge Ren\u00e9 Cassin au concours \"Filmer un m\u00e9tier qui nous plait\"\u00a0R\u00e9alisation en \u00e9tablissement : \u201cLa fl\u00e8che bris\u00e9e\u201d par les \u00e9l\u00e8ves de 5e6 du coll\u00e8ge Matisse de NiceDans le cadre du Dispositif\u00a0Coll\u00e8ge au Cinema, les \u00e9l\u00e8ves de 5\u00e8me 6\u2026","post_mailing_queue_ids":[],"_links":{"self":[{"href":"https:\/\/www.pedagogie.ac-nice.fr\/daac\/wp-json\/wp\/v2\/pages\/14489","targetHints":{"allow":["GET"]}}],"collection":[{"href":"https:\/\/www.pedagogie.ac-nice.fr\/daac\/wp-json\/wp\/v2\/pages"}],"about":[{"href":"https:\/\/www.pedagogie.ac-nice.fr\/daac\/wp-json\/wp\/v2\/types\/page"}],"author":[{"embeddable":true,"href":"https:\/\/www.pedagogie.ac-nice.fr\/daac\/wp-json\/wp\/v2\/users\/241"}],"replies":[{"embeddable":true,"href":"https:\/\/www.pedagogie.ac-nice.fr\/daac\/wp-json\/wp\/v2\/comments?post=14489"}],"version-history":[{"count":9,"href":"https:\/\/www.pedagogie.ac-nice.fr\/daac\/wp-json\/wp\/v2\/pages\/14489\/revisions"}],"predecessor-version":[{"id":14985,"href":"https:\/\/www.pedagogie.ac-nice.fr\/daac\/wp-json\/wp\/v2\/pages\/14489\/revisions\/14985"}],"wp:attachment":[{"href":"https:\/\/www.pedagogie.ac-nice.fr\/daac\/wp-json\/wp\/v2\/media?parent=14489"}],"curies":[{"name":"wp","href":"https:\/\/api.w.org\/{rel}","templated":true}]}}