{"id":1544,"date":"2020-12-08T19:37:35","date_gmt":"2020-12-08T18:37:35","guid":{"rendered":"https:\/\/www.pedagogie.ac-nice.fr\/daac\/?page_id=1544"},"modified":"2025-03-08T10:05:21","modified_gmt":"2025-03-08T09:05:21","slug":"photographie","status":"publish","type":"page","link":"https:\/\/www.pedagogie.ac-nice.fr\/daac\/les-domaines-de-leac\/pole-images\/photographie\/","title":{"rendered":"Photographie"},"content":{"rendered":"<p>[et_pb_section fb_built=\u00a0\u00bb1&Prime; specialty=\u00a0\u00bbon\u00a0\u00bb _builder_version=\u00a0\u00bb4.16&Prime; _module_preset=\u00a0\u00bbdefault\u00a0\u00bb global_colors_info=\u00a0\u00bb{}\u00a0\u00bb][et_pb_column type=\u00a0\u00bb1_3&Prime; _builder_version=\u00a0\u00bb4.16&Prime; custom_padding=\u00a0\u00bb|||\u00a0\u00bb global_colors_info=\u00a0\u00bb{}\u00a0\u00bb custom_padding__hover=\u00a0\u00bb|||\u00a0\u00bb][et_pb_text _builder_version=\u00a0\u00bb4.16&Prime; background_size=\u00a0\u00bbinitial\u00a0\u00bb background_position=\u00a0\u00bbtop_left\u00a0\u00bb background_repeat=\u00a0\u00bbrepeat\u00a0\u00bb global_colors_info=\u00a0\u00bb{}\u00a0\u00bb]<\/p>\n<p><img loading=\"lazy\" decoding=\"async\" class=\"size-full wp-image-5926 aligncenter\" src=\"https:\/\/www.pedagogie.ac-nice.fr\/daac\/wp-content\/uploads\/sites\/37\/2021\/09\/photographie.png\" alt=\"\" width=\"350\" height=\"217\" srcset=\"https:\/\/www.pedagogie.ac-nice.fr\/daac\/wp-content\/uploads\/sites\/37\/2021\/09\/photographie.png 350w, https:\/\/www.pedagogie.ac-nice.fr\/daac\/wp-content\/uploads\/sites\/37\/2021\/09\/photographie-300x186.png 300w\" sizes=\"(max-width: 350px) 100vw, 350px\" \/><\/p>\n<p>[\/et_pb_text][et_pb_divider _builder_version=\u00a0\u00bb4.16&Prime; _module_preset=\u00a0\u00bbdefault\u00a0\u00bb custom_margin=\u00a0\u00bb-21px|||||\u00a0\u00bb global_colors_info=\u00a0\u00bb{}\u00a0\u00bb][\/et_pb_divider][et_pb_text _builder_version=\u00a0\u00bb4.16&Prime; text_font=\u00a0\u00bbTrebuchet||||||||\u00a0\u00bb text_text_color=\u00a0\u00bb#000000&Prime; background_size=\u00a0\u00bbinitial\u00a0\u00bb background_position=\u00a0\u00bbtop_left\u00a0\u00bb background_repeat=\u00a0\u00bbrepeat\u00a0\u00bb custom_margin=\u00a0\u00bb-33px|||||\u00a0\u00bb global_colors_info=\u00a0\u00bb{}\u00a0\u00bb]<\/p>\n<p style=\"text-align: center;\"><span style=\"color: #993366; font-size: large;\"><strong>Actualit\u00e9s du domaine Photographie<br \/>P\u00f4le Images<\/strong><\/span><\/p>\n<p>[\/et_pb_text][\/et_pb_column][et_pb_column type=\u00a0\u00bb2_3&Prime; specialty_columns=\u00a0\u00bb2&Prime; _builder_version=\u00a0\u00bb4.16&Prime; custom_padding=\u00a0\u00bb|||\u00a0\u00bb global_colors_info=\u00a0\u00bb{}\u00a0\u00bb custom_padding__hover=\u00a0\u00bb|||\u00a0\u00bb][et_pb_row_inner _builder_version=\u00a0\u00bb4.16&Prime; _module_preset=\u00a0\u00bbdefault\u00a0\u00bb global_colors_info=\u00a0\u00bb{}\u00a0\u00bb][et_pb_column_inner saved_specialty_column_type=\u00a0\u00bb2_3&Prime; _builder_version=\u00a0\u00bb4.16&Prime; _module_preset=\u00a0\u00bbdefault\u00a0\u00bb global_colors_info=\u00a0\u00bb{}\u00a0\u00bb][et_pb_text _builder_version=\u00a0\u00bb4.27.4&Prime; _module_preset=\u00a0\u00bbdefault\u00a0\u00bb hover_enabled=\u00a0\u00bb0&Prime; sticky_enabled=\u00a0\u00bb0&Prime; text_font=\u00a0\u00bbTrebuchet||||||||\u00a0\u00bb text_text_color=\u00a0\u00bb#000000&Prime; text_font_size=\u00a0\u00bb18px\u00a0\u00bb]<\/p>\n<p style=\"text-align: center;\"><img loading=\"lazy\" decoding=\"async\" src=\"https:\/\/www.pedagogie.ac-nice.fr\/daac\/wp-content\/uploads\/sites\/37\/2025\/03\/Arts-Visuels-300x249.png\" width=\"300\" height=\"249\" alt=\"\" class=\"wp-image-15720 alignnone size-medium\" srcset=\"https:\/\/www.pedagogie.ac-nice.fr\/daac\/wp-content\/uploads\/sites\/37\/2025\/03\/Arts-Visuels-300x249.png 300w, https:\/\/www.pedagogie.ac-nice.fr\/daac\/wp-content\/uploads\/sites\/37\/2025\/03\/Arts-Visuels.png 503w\" sizes=\"(max-width: 300px) 100vw, 300px\" \/><\/p>\n<blockquote>\n<p style=\"text-align: center;\"><a href=\"https:\/\/www.pearltrees.com\/t\/daac-de-nice\/arts-visuels\/id73553052\" target=\"_blank\" rel=\"noopener\">Cliquez pour retrouver toutes les ressources des Arts Visuels<\/a><\/p>\n<\/blockquote>\n<p>[\/et_pb_text][et_pb_divider _builder_version=\u00a0\u00bb4.27.4&Prime; _module_preset=\u00a0\u00bbdefault\u00a0\u00bb hover_enabled=\u00a0\u00bb0&Prime; sticky_enabled=\u00a0\u00bb0&Prime;][\/et_pb_divider][et_pb_text _builder_version=\u00a0\u00bb4.16&Prime; text_font=\u00a0\u00bbTrebuchet||||||||\u00a0\u00bb text_text_color=\u00a0\u00bb#000000&Prime; background_size=\u00a0\u00bbinitial\u00a0\u00bb background_position=\u00a0\u00bbtop_left\u00a0\u00bb background_repeat=\u00a0\u00bbrepeat\u00a0\u00bb custom_padding=\u00a0\u00bb0px|||||\u00a0\u00bb global_colors_info=\u00a0\u00bb{}\u00a0\u00bb]<\/p>\n<div style=\"text-align: center;\"><span style=\"font-size: x-large;\"><strong><span style=\"color: #993366;\">Pr\u00e9sentation interactive du P\u00f4le Photographie<\/span><\/strong><\/span><br \/><span style=\"font-size: 10pt; color: #993366;\">cr\u00e9dits : Anabelle Aubanel<\/span><\/div>\n<div><a href=\"https:\/\/view.genial.ly\/5f71e70cf8eaf90d077894b2\/interactive-content-objectif-photographie-academie-de-nice\" target=\"_blank\" rel=\"noopener\"><img loading=\"lazy\" decoding=\"async\" class=\"aligncenter wp-image-3871\" src=\"https:\/\/www.pedagogie.ac-nice.fr\/daac\/wp-content\/uploads\/sites\/37\/2021\/06\/genially_Anabelle.jpg\" alt=\"\" width=\"364\" height=\"224\" srcset=\"https:\/\/www.pedagogie.ac-nice.fr\/daac\/wp-content\/uploads\/sites\/37\/2021\/06\/genially_Anabelle.jpg 425w, https:\/\/www.pedagogie.ac-nice.fr\/daac\/wp-content\/uploads\/sites\/37\/2021\/06\/genially_Anabelle-300x185.jpg 300w\" sizes=\"(max-width: 364px) 100vw, 364px\" \/><\/a><\/div>\n<div><span style=\"color: #000000;\"><span style=\"font-size: 8pt;\"><\/span><\/span><\/div>\n<div><span style=\"color: #000000;\"><span style=\"font-size: 8pt;\">Cette pr\u00e9sentation est r\u00e9alis\u00e9e sur Genially.<br \/>Pou<strong>r PROTEGER vos donn\u00e9es personnelles et en limiter la collecte<\/strong> lors de la consultation des pr\u00e9sentations Genially, pensez \u00e0 cliquez sur<\/span><img loading=\"lazy\" decoding=\"async\" class=\"alignnone wp-image-3872\" src=\"https:\/\/www.pedagogie.ac-nice.fr\/daac\/wp-content\/uploads\/sites\/37\/2021\/06\/cookies_genially.jpg\" alt=\"\" width=\"246\" height=\"27\" \/><span style=\"font-size: 8pt;\">\u00a0en bas \u00e0 droite de la page d&rsquo;accueil de Genially, puis\u00a0\u00bb confirmez la s\u00e9lection\u00a0\u00bb<\/span><\/span><\/div>\n<p>[\/et_pb_text][et_pb_divider _builder_version=\u00a0\u00bb4.16&Prime; _module_preset=\u00a0\u00bbdefault\u00a0\u00bb global_colors_info=\u00a0\u00bb{}\u00a0\u00bb][\/et_pb_divider][\/et_pb_column_inner][\/et_pb_row_inner][et_pb_row_inner column_structure=\u00a0\u00bb1_3,1_3,1_3&Prime; _builder_version=\u00a0\u00bb4.16&Prime; _module_preset=\u00a0\u00bbdefault\u00a0\u00bb global_colors_info=\u00a0\u00bb{}\u00a0\u00bb][et_pb_column_inner type=\u00a0\u00bb1_3&Prime; saved_specialty_column_type=\u00a0\u00bb2_3&Prime; _builder_version=\u00a0\u00bb4.16&Prime; _module_preset=\u00a0\u00bbdefault\u00a0\u00bb global_colors_info=\u00a0\u00bb{}\u00a0\u00bb][et_pb_text admin_label=\u00a0\u00bbRencontres d&rsquo;Arles\u00a0\u00bb _builder_version=\u00a0\u00bb4.16&Prime; background_size=\u00a0\u00bbinitial\u00a0\u00bb background_position=\u00a0\u00bbtop_left\u00a0\u00bb background_repeat=\u00a0\u00bbrepeat\u00a0\u00bb global_colors_info=\u00a0\u00bb{}\u00a0\u00bb]<\/p>\n<div><a href=\"https:\/\/www.pedagogie.ac-nice.fr\/daac\/les-domaines-de-leac\/pole-images\/photographie\/rencontres-de-la-photographie-arles\/\" target=\"_blank\" rel=\"noopener\"><img loading=\"lazy\" decoding=\"async\" class=\"aligncenter wp-image-2291\" src=\"https:\/\/www.pedagogie.ac-nice.fr\/daac\/wp-content\/uploads\/sites\/37\/2021\/02\/Rencontres-daRLES.jpg\" alt=\"\" width=\"251\" height=\"96\" srcset=\"https:\/\/www.pedagogie.ac-nice.fr\/daac\/wp-content\/uploads\/sites\/37\/2021\/02\/Rencontres-daRLES.jpg 1240w, https:\/\/www.pedagogie.ac-nice.fr\/daac\/wp-content\/uploads\/sites\/37\/2021\/02\/Rencontres-daRLES-300x114.jpg 300w, https:\/\/www.pedagogie.ac-nice.fr\/daac\/wp-content\/uploads\/sites\/37\/2021\/02\/Rencontres-daRLES-1024x390.jpg 1024w, https:\/\/www.pedagogie.ac-nice.fr\/daac\/wp-content\/uploads\/sites\/37\/2021\/02\/Rencontres-daRLES-768x292.jpg 768w\" sizes=\"(max-width: 251px) 100vw, 251px\" \/><\/a><\/div>\n<p>[\/et_pb_text][et_pb_divider _builder_version=\u00a0\u00bb4.16&Prime; _module_preset=\u00a0\u00bbdefault\u00a0\u00bb global_colors_info=\u00a0\u00bb{}\u00a0\u00bb][\/et_pb_divider][et_pb_text _builder_version=\u00a0\u00bb4.16&Prime; _module_preset=\u00a0\u00bbdefault\u00a0\u00bb global_colors_info=\u00a0\u00bb{}\u00a0\u00bb]<\/p>\n<p style=\"text-align: center;\"><a href=\"https:\/\/centrephotographiemougins.com\/\" target=\"_blank\" rel=\"noopener\"><img loading=\"lazy\" decoding=\"async\" src=\"https:\/\/www.pedagogie.ac-nice.fr\/daac\/wp-content\/uploads\/sites\/37\/2023\/02\/photo-mougins-300x300.jpg\" width=\"300\" height=\"300\" alt=\"\" class=\"wp-image-14596 alignnone size-medium\" srcset=\"https:\/\/www.pedagogie.ac-nice.fr\/daac\/wp-content\/uploads\/sites\/37\/2023\/02\/photo-mougins-300x300.jpg 300w, https:\/\/www.pedagogie.ac-nice.fr\/daac\/wp-content\/uploads\/sites\/37\/2023\/02\/photo-mougins-150x150.jpg 150w, https:\/\/www.pedagogie.ac-nice.fr\/daac\/wp-content\/uploads\/sites\/37\/2023\/02\/photo-mougins-768x768.jpg 768w, https:\/\/www.pedagogie.ac-nice.fr\/daac\/wp-content\/uploads\/sites\/37\/2023\/02\/photo-mougins-440x440.jpg 440w, https:\/\/www.pedagogie.ac-nice.fr\/daac\/wp-content\/uploads\/sites\/37\/2023\/02\/photo-mougins.jpg 800w\" sizes=\"(max-width: 300px) 100vw, 300px\" \/><\/a><\/p>\n<p>[\/et_pb_text][\/et_pb_column_inner][et_pb_column_inner type=\u00a0\u00bb1_3&Prime; _builder_version=\u00a0\u00bb4.16&Prime; _module_preset=\u00a0\u00bbdefault\u00a0\u00bb global_colors_info=\u00a0\u00bb{}\u00a0\u00bb][\/et_pb_column_inner][et_pb_column_inner type=\u00a0\u00bb1_3&Prime; saved_specialty_column_type=\u00a0\u00bb2_3&Prime; _builder_version=\u00a0\u00bb4.16&Prime; _module_preset=\u00a0\u00bbdefault\u00a0\u00bb global_colors_info=\u00a0\u00bb{}\u00a0\u00bb][et_pb_text admin_label=\u00a0\u00bbMus\u00e9e de la Photographie\u00a0\u00bb _builder_version=\u00a0\u00bb4.16&Prime; background_size=\u00a0\u00bbinitial\u00a0\u00bb background_position=\u00a0\u00bbtop_left\u00a0\u00bb background_repeat=\u00a0\u00bbrepeat\u00a0\u00bb global_colors_info=\u00a0\u00bb{}\u00a0\u00bb]<\/p>\n<p><a href=\"https:\/\/www.pedagogie.ac-nice.fr\/daac\/musee-de-la-photographie-charles-negre\/\" target=\"_blank\" rel=\"noopener\"><img loading=\"lazy\" decoding=\"async\" class=\"aligncenter wp-image-3377\" src=\"https:\/\/www.pedagogie.ac-nice.fr\/daac\/wp-content\/uploads\/sites\/37\/2021\/05\/LogoMuseePhotocarre-300x300.jpg\" alt=\"\" width=\"160\" height=\"160\" srcset=\"https:\/\/www.pedagogie.ac-nice.fr\/daac\/wp-content\/uploads\/sites\/37\/2021\/05\/LogoMuseePhotocarre-300x300.jpg 300w, https:\/\/www.pedagogie.ac-nice.fr\/daac\/wp-content\/uploads\/sites\/37\/2021\/05\/LogoMuseePhotocarre-150x150.jpg 150w, https:\/\/www.pedagogie.ac-nice.fr\/daac\/wp-content\/uploads\/sites\/37\/2021\/05\/LogoMuseePhotocarre.jpg 731w\" sizes=\"(max-width: 160px) 100vw, 160px\" \/><\/a><\/p>\n<p>[\/et_pb_text][et_pb_divider _builder_version=\u00a0\u00bb4.16&Prime; _module_preset=\u00a0\u00bbdefault\u00a0\u00bb global_colors_info=\u00a0\u00bb{}\u00a0\u00bb][\/et_pb_divider][et_pb_text admin_label=\u00a0\u00bbR\u00e9sidences Artistes Grasse\u00a0\u00bb _builder_version=\u00a0\u00bb4.16&Prime; background_size=\u00a0\u00bbinitial\u00a0\u00bb background_position=\u00a0\u00bbtop_left\u00a0\u00bb background_repeat=\u00a0\u00bbrepeat\u00a0\u00bb global_colors_info=\u00a0\u00bb{}\u00a0\u00bb]<\/p>\n<p><a href=\"https:\/\/www.pedagogie.ac-nice.fr\/daac\/residences-dartistes-capg-pays-de-grasse\/\" target=\"_blank\" rel=\"noopener\"><img loading=\"lazy\" decoding=\"async\" class=\"aligncenter wp-image-1433\" src=\"https:\/\/www.pedagogie.ac-nice.fr\/daac\/wp-content\/uploads\/sites\/37\/2020\/11\/Pole_artiste_grasse.jpg\" alt=\"\" width=\"270\" height=\"64\" srcset=\"https:\/\/www.pedagogie.ac-nice.fr\/daac\/wp-content\/uploads\/sites\/37\/2020\/11\/Pole_artiste_grasse.jpg 156w, https:\/\/www.pedagogie.ac-nice.fr\/daac\/wp-content\/uploads\/sites\/37\/2020\/11\/Pole_artiste_grasse-150x37.jpg 150w\" sizes=\"(max-width: 270px) 100vw, 270px\" \/><\/a><\/p>\n<p>[\/et_pb_text][et_pb_divider _builder_version=\u00a0\u00bb4.16&Prime; _module_preset=\u00a0\u00bbdefault\u00a0\u00bb global_colors_info=\u00a0\u00bb{}\u00a0\u00bb][\/et_pb_divider][\/et_pb_column_inner][\/et_pb_row_inner][et_pb_row_inner _builder_version=\u00a0\u00bb4.16&Prime; _module_preset=\u00a0\u00bbdefault\u00a0\u00bb global_colors_info=\u00a0\u00bb{}\u00a0\u00bb][et_pb_column_inner saved_specialty_column_type=\u00a0\u00bb2_3&Prime; _builder_version=\u00a0\u00bb4.16&Prime; _module_preset=\u00a0\u00bbdefault\u00a0\u00bb global_colors_info=\u00a0\u00bb{}\u00a0\u00bb][\/et_pb_column_inner][\/et_pb_row_inner][et_pb_row_inner _builder_version=\u00a0\u00bb4.16&Prime; _module_preset=\u00a0\u00bbdefault\u00a0\u00bb global_colors_info=\u00a0\u00bb{}\u00a0\u00bb][et_pb_column_inner saved_specialty_column_type=\u00a0\u00bb2_3&Prime; _builder_version=\u00a0\u00bb4.16&Prime; _module_preset=\u00a0\u00bbdefault\u00a0\u00bb global_colors_info=\u00a0\u00bb{}\u00a0\u00bb][et_pb_text _builder_version=\u00a0\u00bb4.16&Prime; _module_preset=\u00a0\u00bbdefault\u00a0\u00bb text_font=\u00a0\u00bbTrebuchet||||||||\u00a0\u00bb text_text_color=\u00a0\u00bb#000000&Prime; global_colors_info=\u00a0\u00bb{}\u00a0\u00bb]<\/p>\n<p><span style=\"font-size: 10pt; color: #000000;\"><strong>Coordonateur DAAC<\/strong><\/span><br \/><span style=\"font-size: 10pt; color: #000000;\">Julien Giraud-Destefanis : ce.daac@ac-nice.fr<\/span><\/p>\n<p><span style=\"font-size: 10pt; color: #000000;\"><strong>Charg\u00e9e de mission acad\u00e9mique \u00ab\u00a0Photographie\u00a0\u00bb<\/strong><\/span><br \/><span style=\"font-size: 10pt; color: #000000;\">Anabelle-Valeri.Aubanel@ac-nice.fr<\/span><\/p>\n<p>[\/et_pb_text][\/et_pb_column_inner][\/et_pb_row_inner][\/et_pb_column][\/et_pb_section]<\/p>\n","protected":false},"excerpt":{"rendered":"<p>Actualit\u00e9s du domaine PhotographieP\u00f4le Images Cliquez pour retrouver toutes les ressources des Arts Visuels Pr\u00e9sentation interactive du P\u00f4le Photographiecr\u00e9dits : Anabelle Aubanel Cette pr\u00e9sentation est r\u00e9alis\u00e9e sur Genially.Pour PROTEGER vos donn\u00e9es personnelles et en limiter la collecte lors de la consultation des pr\u00e9sentations Genially, pensez \u00e0 cliquez sur\u00a0en bas \u00e0 droite de la page d&rsquo;accueil [&hellip;]<\/p>\n","protected":false},"author":241,"featured_media":0,"parent":1256,"menu_order":0,"comment_status":"closed","ping_status":"closed","template":"","meta":{"_et_pb_use_builder":"on","_et_pb_old_content":"<div style=\"text-align: center;\">Pr\u00e9sentation interactive du P\u00f4le Photographie\u00a0<br><span style=\"font-size: 10pt;\">cr\u00e9dits : Anabelle Aubanel<\/span><\/div><div><a href=\"https:\/\/view.genial.ly\/5f71e70cf8eaf90d077894b2\/interactive-content-objectif-photographie-academie-de-nice\" target=\"_blank\" rel=\"noopener\"><img class=\"aligncenter wp-image-3871\" src=\"https:\/\/www.pedagogie.ac-nice.fr\/daac\/wp-content\/uploads\/sites\/37\/2021\/06\/genially_Anabelle.jpg\" alt=\"\" width=\"364\" height=\"224\"><\/a><\/div><div><span style=\"font-size: 8pt; color: #ff0000;\">Cette pr\u00e9sentation est r\u00e9alis\u00e9e sur Genially.<br>Pou<strong>r PROTEGER vos donn\u00e9es personnelles et en limiter la collecte<\/strong> lors de la consultation des pr\u00e9sentations Genially, pensez \u00e0 cliquez sur<\/span><img class=\"alignnone wp-image-3872\" src=\"https:\/\/www.pedagogie.ac-nice.fr\/daac\/wp-content\/uploads\/sites\/37\/2021\/06\/cookies_genially.jpg\" alt=\"\" width=\"246\" height=\"27\"><span style=\"color: #ff0000; font-size: 8pt;\">\u00a0en bas \u00e0 droite de la page d'accueil de Genially, puis\" confirmez la s\u00e9lection\"<\/span><\/div><div>\u00a0<\/div><div>\u00a0<\/div><div style=\"text-align: center;\">L'actualit\u00e9 des Projets et des Structures<br><span style=\"font-size: 10pt;\">Cliquez sur les diff\u00e9rentes ic\u00f4nes<\/span><\/div><div>\u00a0<\/div><div><table style=\"border-collapse: collapse; width: 100%;\"><tbody><tr><td style=\"width: 33.3333%;\"><a href=\"https:\/\/www.pedagogie.ac-nice.fr\/daac\/musee-de-la-photographie-charles-negre\/\" target=\"_blank\" rel=\"noopener\"><img class=\"aligncenter wp-image-3377\" src=\"https:\/\/www.pedagogie.ac-nice.fr\/daac\/wp-content\/uploads\/sites\/37\/2021\/05\/LogoMuseePhotocarre-300x300.jpg\" alt=\"\" width=\"105\" height=\"105\"><\/a><\/td><td style=\"width: 33.3333%;\" colspan=\"2\"><a href=\"https:\/\/www.pedagogie.ac-nice.fr\/daac\/les-domaines-de-leac\/pole-images\/photographie\/rencontres-de-la-photographie-arles\/\" target=\"_blank\" rel=\"noopener\"><img class=\"aligncenter wp-image-2291\" src=\"https:\/\/www.pedagogie.ac-nice.fr\/daac\/wp-content\/uploads\/sites\/37\/2021\/02\/Rencontres-daRLES.jpg\" alt=\"\" width=\"251\" height=\"96\"><\/a><\/td><\/tr><tr><td style=\"width: 33.3333%;\" colspan=\"2\"><a href=\"https:\/\/www.pedagogie.ac-nice.fr\/daac\/residences-dartistes-capg-pays-de-grasse\/\" target=\"_blank\" rel=\"noopener\"><img class=\"aligncenter wp-image-1433\" src=\"https:\/\/www.pedagogie.ac-nice.fr\/daac\/wp-content\/uploads\/sites\/37\/2020\/11\/Pole_artiste_grasse.jpg\" alt=\"\" width=\"270\" height=\"64\"><\/a><\/td><td style=\"width: 33.3333%;\">\u00a0<\/td><\/tr><tr><td style=\"width: 33.3333%;\">\u00a0<\/td><td style=\"width: 33.3333%;\">\u00a0<\/td><td style=\"width: 33.3333%;\">\u00a0<\/td><\/tr><\/tbody><\/table><\/div><div><div>\u00a0<\/div><\/div><hr><p><span style=\"font-size: 10pt;\"><strong>Coordonateur DAAC<\/strong><\/span><br><span style=\"font-size: 10pt;\">Julien Giraud-Destefanis : ce.daac@ac-nice.fr<\/span><\/p><p><span style=\"font-size: 10pt;\"><strong>Charg\u00e9e de mission acad\u00e9mique \"Photographie\"<\/strong><\/span><br><span style=\"font-size: 10pt;\">Anabelle-Valeri.Aubanel@ac-nice.fr<\/span><\/p><p>\u00a0<\/p><p>\u00a0<\/p><p>\u00a0<\/p>","_et_gb_content_width":"","ngg_post_thumbnail":0,"footnotes":""},"class_list":["post-1544","page","type-page","status-publish","hentry"],"rttpg_featured_image_url":null,"rttpg_author":{"display_name":"daacadmin","author_link":"https:\/\/www.pedagogie.ac-nice.fr\/daac\/author\/daacadmin\/"},"rttpg_comment":0,"rttpg_category":null,"rttpg_excerpt":"Actualit\u00e9s du domaine PhotographieP\u00f4le Images Cliquez pour retrouver toutes les ressources des Arts Visuels Pr\u00e9sentation interactive du P\u00f4le Photographiecr\u00e9dits : Anabelle Aubanel Cette pr\u00e9sentation est r\u00e9alis\u00e9e sur Genially.Pour PROTEGER vos donn\u00e9es personnelles et en limiter la collecte lors de la consultation des pr\u00e9sentations Genially, pensez \u00e0 cliquez sur\u00a0en bas \u00e0 droite de la page d'accueil\u2026","post_mailing_queue_ids":[],"_links":{"self":[{"href":"https:\/\/www.pedagogie.ac-nice.fr\/daac\/wp-json\/wp\/v2\/pages\/1544","targetHints":{"allow":["GET"]}}],"collection":[{"href":"https:\/\/www.pedagogie.ac-nice.fr\/daac\/wp-json\/wp\/v2\/pages"}],"about":[{"href":"https:\/\/www.pedagogie.ac-nice.fr\/daac\/wp-json\/wp\/v2\/types\/page"}],"author":[{"embeddable":true,"href":"https:\/\/www.pedagogie.ac-nice.fr\/daac\/wp-json\/wp\/v2\/users\/241"}],"replies":[{"embeddable":true,"href":"https:\/\/www.pedagogie.ac-nice.fr\/daac\/wp-json\/wp\/v2\/comments?post=1544"}],"version-history":[{"count":35,"href":"https:\/\/www.pedagogie.ac-nice.fr\/daac\/wp-json\/wp\/v2\/pages\/1544\/revisions"}],"predecessor-version":[{"id":15731,"href":"https:\/\/www.pedagogie.ac-nice.fr\/daac\/wp-json\/wp\/v2\/pages\/1544\/revisions\/15731"}],"up":[{"embeddable":true,"href":"https:\/\/www.pedagogie.ac-nice.fr\/daac\/wp-json\/wp\/v2\/pages\/1256"}],"wp:attachment":[{"href":"https:\/\/www.pedagogie.ac-nice.fr\/daac\/wp-json\/wp\/v2\/media?parent=1544"}],"curies":[{"name":"wp","href":"https:\/\/api.w.org\/{rel}","templated":true}]}}