{"id":1627,"date":"2020-12-11T15:19:57","date_gmt":"2020-12-11T14:19:57","guid":{"rendered":"https:\/\/www.pedagogie.ac-nice.fr\/daac\/?page_id=1627"},"modified":"2022-06-14T09:43:49","modified_gmt":"2022-06-14T07:43:49","slug":"musiques-actuelles_2021_22","status":"publish","type":"page","link":"https:\/\/www.pedagogie.ac-nice.fr\/daac\/musiques-actuelles_2021_22\/","title":{"rendered":"Musiques actuelles 2021-2022"},"content":{"rendered":"<p>[et_pb_section fb_built=\u00a0\u00bb1&Prime; _builder_version=\u00a0\u00bb4.10.7&Prime; _module_preset=\u00a0\u00bbdefault\u00a0\u00bb global_colors_info=\u00a0\u00bb{}\u00a0\u00bb][et_pb_row column_structure=\u00a0\u00bb1_4,3_4&Prime; _builder_version=\u00a0\u00bb4.10.7&Prime; _module_preset=\u00a0\u00bbdefault\u00a0\u00bb global_colors_info=\u00a0\u00bb{}\u00a0\u00bb][et_pb_column type=\u00a0\u00bb1_4&Prime; _builder_version=\u00a0\u00bb4.10.7&Prime; _module_preset=\u00a0\u00bbdefault\u00a0\u00bb global_colors_info=\u00a0\u00bb{}\u00a0\u00bb][et_pb_text admin_label=\u00a0\u00bblogo chant choral musique\u00a0\u00bb _builder_version=\u00a0\u00bb4.10.7&Prime; background_size=\u00a0\u00bbinitial\u00a0\u00bb background_position=\u00a0\u00bbtop_left\u00a0\u00bb background_repeat=\u00a0\u00bbrepeat\u00a0\u00bb global_colors_info=\u00a0\u00bb{}\u00a0\u00bb]<\/p>\n<p><a href=\"https:\/\/www.pedagogie.ac-nice.fr\/daac\/les-domaines-de-leac\/musique-chantchoral\/\" target=\"_blank\" rel=\"noopener\"><img loading=\"lazy\" decoding=\"async\" class=\"aligncenter wp-image-10318\" src=\"https:\/\/www.pedagogie.ac-nice.fr\/daac\/wp-content\/uploads\/sites\/37\/2021\/12\/Capture-decran-2021-12-17-161058-300x188.jpg\" alt=\"\" width=\"243\" height=\"152\" srcset=\"https:\/\/www.pedagogie.ac-nice.fr\/daac\/wp-content\/uploads\/sites\/37\/2021\/12\/Capture-decran-2021-12-17-161058-300x188.jpg 300w, https:\/\/www.pedagogie.ac-nice.fr\/daac\/wp-content\/uploads\/sites\/37\/2021\/12\/Capture-decran-2021-12-17-161058-400x250.jpg 400w, https:\/\/www.pedagogie.ac-nice.fr\/daac\/wp-content\/uploads\/sites\/37\/2021\/12\/Capture-decran-2021-12-17-161058.jpg 547w\" sizes=\"(max-width: 243px) 100vw, 243px\" \/><\/a><\/p>\n<p>[\/et_pb_text][et_pb_text admin_label=\u00a0\u00bblogo chant choral musique\u00a0\u00bb _builder_version=\u00a0\u00bb4.10.7&Prime; background_size=\u00a0\u00bbinitial\u00a0\u00bb background_position=\u00a0\u00bbtop_left\u00a0\u00bb background_repeat=\u00a0\u00bbrepeat\u00a0\u00bb hover_enabled=\u00a0\u00bb0&Prime; global_colors_info=\u00a0\u00bb{}\u00a0\u00bb sticky_enabled=\u00a0\u00bb0&Prime;]<\/p>\n<p style=\"text-align: center;\"><a href=\"https:\/\/www.pedagogie.ac-nice.fr\/daac\/domaine-danse-asv\/\" target=\"_blank\" rel=\"noopener\"><img loading=\"lazy\" decoding=\"async\" class=\"alignnone wp-image-5923 size-full\" src=\"https:\/\/www.pedagogie.ac-nice.fr\/daac\/wp-content\/uploads\/sites\/37\/2021\/09\/danse.png\" alt=\"\" width=\"346\" height=\"221\" srcset=\"https:\/\/www.pedagogie.ac-nice.fr\/daac\/wp-content\/uploads\/sites\/37\/2021\/09\/danse.png 346w, https:\/\/www.pedagogie.ac-nice.fr\/daac\/wp-content\/uploads\/sites\/37\/2021\/09\/danse-300x192.png 300w\" sizes=\"(max-width: 346px) 100vw, 346px\" \/><\/a><\/p>\n<p>[\/et_pb_text][et_pb_divider _builder_version=\u00a0\u00bb4.10.7&Prime; _module_preset=\u00a0\u00bbdefault\u00a0\u00bb global_colors_info=\u00a0\u00bb{}\u00a0\u00bb][\/et_pb_divider][et_pb_text admin_label=\u00a0\u00bbMusiques actuelles 2021&Prime; _builder_version=\u00a0\u00bb4.10.7&Prime; background_size=\u00a0\u00bbinitial\u00a0\u00bb background_position=\u00a0\u00bbtop_left\u00a0\u00bb background_repeat=\u00a0\u00bbrepeat\u00a0\u00bb box_shadow_style=\u00a0\u00bbpreset5&Prime; global_colors_info=\u00a0\u00bb{}\u00a0\u00bb]<\/p>\n<p style=\"text-align: center;\"><a href=\"https:\/\/ladigitale.dev\/digiplay\/#\/v\/61d22bfbb7200\" target=\"_blank\" rel=\"noopener\"><span style=\"color: #ff6600;\"><strong>Musiques Actuelles <\/strong><\/span><\/a><\/p>\n<p style=\"text-align: center;\"><span style=\"color: #ff6600;\"><strong>Edition 2021 en vid\u00e9o<\/strong><\/span><\/p>\n<p>[\/et_pb_text][et_pb_text admin_label=\u00a0\u00bbvisuel concours 2021&Prime; _builder_version=\u00a0\u00bb4.10.7&Prime; background_size=\u00a0\u00bbinitial\u00a0\u00bb background_position=\u00a0\u00bbtop_left\u00a0\u00bb background_repeat=\u00a0\u00bbrepeat\u00a0\u00bb global_colors_info=\u00a0\u00bb{}\u00a0\u00bb]<\/p>\n<p><a href=\"https:\/\/www.pedagogie.ac-nice.fr\/daac\/les-domaines-de-leac\/musique-chantchoral\/\" target=\"_blank\" rel=\"noopener\"><img loading=\"lazy\" decoding=\"async\" class=\"size-medium wp-image-10367 aligncenter\" src=\"https:\/\/www.pedagogie.ac-nice.fr\/daac\/wp-content\/uploads\/sites\/37\/2022\/01\/photo_musiques_actuelles_2021-300x225.jpeg\" alt=\"\" width=\"300\" height=\"225\" srcset=\"https:\/\/www.pedagogie.ac-nice.fr\/daac\/wp-content\/uploads\/sites\/37\/2022\/01\/photo_musiques_actuelles_2021-300x225.jpeg 300w, https:\/\/www.pedagogie.ac-nice.fr\/daac\/wp-content\/uploads\/sites\/37\/2022\/01\/photo_musiques_actuelles_2021-1024x768.jpeg 1024w, https:\/\/www.pedagogie.ac-nice.fr\/daac\/wp-content\/uploads\/sites\/37\/2022\/01\/photo_musiques_actuelles_2021-768x576.jpeg 768w, https:\/\/www.pedagogie.ac-nice.fr\/daac\/wp-content\/uploads\/sites\/37\/2022\/01\/photo_musiques_actuelles_2021-1536x1152.jpeg 1536w, https:\/\/www.pedagogie.ac-nice.fr\/daac\/wp-content\/uploads\/sites\/37\/2022\/01\/photo_musiques_actuelles_2021-2048x1536.jpeg 2048w, https:\/\/www.pedagogie.ac-nice.fr\/daac\/wp-content\/uploads\/sites\/37\/2022\/01\/photo_musiques_actuelles_2021-1080x810.jpeg 1080w\" sizes=\"(max-width: 300px) 100vw, 300px\" \/><\/a><\/p>\n<p>[\/et_pb_text][\/et_pb_column][et_pb_column type=\u00a0\u00bb3_4&Prime; _builder_version=\u00a0\u00bb4.10.7&Prime; _module_preset=\u00a0\u00bbdefault\u00a0\u00bb global_colors_info=\u00a0\u00bb{}\u00a0\u00bb][et_pb_text _builder_version=\u00a0\u00bb4.10.7&Prime; background_size=\u00a0\u00bbinitial\u00a0\u00bb background_position=\u00a0\u00bbtop_left\u00a0\u00bb background_repeat=\u00a0\u00bbrepeat\u00a0\u00bb hover_enabled=\u00a0\u00bb0&Prime; global_colors_info=\u00a0\u00bb{}\u00a0\u00bb sticky_enabled=\u00a0\u00bb0&Prime;]<\/p>\n<p style=\"text-align: center;\"><span style=\"color: #ff00ff;\"><strong><span style=\"font-size: 18pt;\">Concours Danses et Musiques Actuelles de la DAAC<\/span><\/strong><\/span><\/p>\n<p><span style=\"color: #0000ff;\">Depuis 2021, la DAAC organise un tremplin d\u00e9di\u00e9 aux musiques actuelles.<\/span><\/p>\n<p style=\"text-align: justify;\"><strong><span style=\"color: #0000ff;\">En 2022, le concours se d\u00e9veloppe et prend de l&rsquo;envergure, en donnant sa place \u00e0 l&rsquo;art chor\u00e9graphique, si proche de la musique.<\/span><\/strong><\/p>\n<div style=\"text-align: justify;\"><span style=\"color: #0000ff;\">Afin de valoriser les ateliers instrumentaux et les projets chor\u00e9graphiques des \u00e9tablissements du second degr\u00e9,&nbsp;<strong>La D\u00e9l\u00e9gation Acad\u00e9mique de l&rsquo;Acad\u00e9mie de Nice<\/strong>&nbsp;cr\u00e9e un concours r\u00e9serv\u00e9 aux danses et musiques actuelles.<\/span><\/div>\n<div style=\"text-align: justify;\"><span style=\"color: #0000ff;\">Ce concours est ouvert aux groupes form\u00e9s lors d&rsquo;ateliers scolaires de cr\u00e9ation artistique dans les coll\u00e8ges et lyc\u00e9es de l&rsquo;acad\u00e9mie de Nice. Il est \u00e9galement ouvert aux classes qui se sont engag\u00e9es dans un projet danse dans le cadre des enseignements interdisciplinaires, afin de donner de la visibilit\u00e9 \u00e0 la cr\u00e9ativit\u00e9 de nos \u00e9l\u00e8ves.<\/span><\/div>\n<div>&nbsp;<\/div>\n<div>\n<div style=\"text-align: justify;\"><span style=\"color: #0000ff;\">A l&rsquo;issue de cette premi\u00e8re pr\u00e9-s\u00e9lection, 12 groupes (6 dans chaque d\u00e9partement) s\u00e9lectionn\u00e9s pour une demi-finale d\u00e9partementale :&nbsp;<br \/>&#8211; <strong><span style=\"color: #ff00ff;\"><span style=\"color: #0000ff;\">pour les Alpes-Maritimes :<\/span> le 31 mars 2022 au Campus Georges M\u00e9li\u00e8s<\/span><\/strong> \u00e0 Cannes-La-Bocca ;<br \/>&#8211; <strong><span style=\"color: #ff00ff;\"><span style=\"color: #0000ff;\">pour le Var :<\/span> le 1er avril 2022 au coll\u00e8ge Paul-Emile Victor de Vidauban<\/span><\/strong>.<br \/>Ils pr\u00e9senteront leur r\u00e9alisation devant un jury de professionnels qui d\u00e9partagera les meilleurs groupes.<\/span><\/div>\n<div>&nbsp;<\/div>\n<\/div>\n<p>[\/et_pb_text][\/et_pb_column][\/et_pb_row][\/et_pb_section][et_pb_section fb_built=\u00a0\u00bb1&Prime; _builder_version=\u00a0\u00bb4.10.7&Prime; _module_preset=\u00a0\u00bbdefault\u00a0\u00bb global_colors_info=\u00a0\u00bb{}\u00a0\u00bb][et_pb_row column_structure=\u00a0\u00bb1_4,3_4&Prime; _builder_version=\u00a0\u00bb4.10.7&Prime; _module_preset=\u00a0\u00bbdefault\u00a0\u00bb global_colors_info=\u00a0\u00bb{}\u00a0\u00bb][et_pb_column type=\u00a0\u00bb1_4&Prime; _builder_version=\u00a0\u00bb4.10.7&Prime; _module_preset=\u00a0\u00bbdefault\u00a0\u00bb global_colors_info=\u00a0\u00bb{}\u00a0\u00bb][et_pb_text _builder_version=\u00a0\u00bb4.10.7&Prime; _module_preset=\u00a0\u00bbdefault\u00a0\u00bb hover_enabled=\u00a0\u00bb0&Prime; global_colors_info=\u00a0\u00bb{}\u00a0\u00bb sticky_enabled=\u00a0\u00bb0&Prime;]<\/p>\n<p><img loading=\"lazy\" decoding=\"async\" class=\"wp-image-11378 aligncenter\" src=\"https:\/\/www.pedagogie.ac-nice.fr\/daac\/wp-content\/uploads\/sites\/37\/2022\/02\/laureats_2022.jpg\" alt=\"\" width=\"291\" height=\"217\" srcset=\"https:\/\/www.pedagogie.ac-nice.fr\/daac\/wp-content\/uploads\/sites\/37\/2022\/02\/laureats_2022.jpg 398w, https:\/\/www.pedagogie.ac-nice.fr\/daac\/wp-content\/uploads\/sites\/37\/2022\/02\/laureats_2022-300x224.jpg 300w\" sizes=\"(max-width: 291px) 100vw, 291px\" \/><\/p>\n<p>[\/et_pb_text][\/et_pb_column][et_pb_column type=\u00a0\u00bb3_4&Prime; _builder_version=\u00a0\u00bb4.10.7&Prime; _module_preset=\u00a0\u00bbdefault\u00a0\u00bb global_colors_info=\u00a0\u00bb{}\u00a0\u00bb][et_pb_text _builder_version=\u00a0\u00bb4.10.7&Prime; _module_preset=\u00a0\u00bbdefault\u00a0\u00bb custom_margin=\u00a0\u00bb-118px|||||\u00a0\u00bb hover_enabled=\u00a0\u00bb0&Prime; global_colors_info=\u00a0\u00bb{}\u00a0\u00bb sticky_enabled=\u00a0\u00bb0&Prime;]<\/p>\n<hr>\n<p>&nbsp;<\/p>\n<p>[\/et_pb_text][et_pb_text _builder_version=\u00a0\u00bb4.10.7&Prime; _module_preset=\u00a0\u00bbdefault\u00a0\u00bb custom_margin=\u00a0\u00bb-27px|||||\u00a0\u00bb hover_enabled=\u00a0\u00bb0&Prime; global_colors_info=\u00a0\u00bb{}\u00a0\u00bb sticky_enabled=\u00a0\u00bb0&Prime;]<\/p>\n<p><span style=\"color: #0000ff;\">L&rsquo;\u00e9quipe de la DAAC f\u00e9licite tous les participants cette \u00e9dition du concours <strong>\u00ab\u00a0Danses et musiques actuelles\u00a0\u00bb.<br \/><\/strong><\/span><\/p>\n<p><span style=\"color: #0000ff;\">Le choix a \u00e9t\u00e9 difficile, voici les groupes s\u00e9lectionn\u00e9s pour la demi-finale qui aura lieu le<strong><span style=\"color: #ff00ff;\"> 31 <\/span><span style=\"color: #ff00ff;\">mars 2022 au Campus des Arts et M\u00e9tiers de Cannes la Bocca<\/span>.<\/strong><\/span><\/p>\n<p style=\"text-align: justify;\"><span style=\"color: #0000ff;\">Vous recevrez un lien pour une<\/span><strong><span style=\"color: #ff00ff;\"> visio d&rsquo;organisation qui aura lieu samedi 12 mars \u00e0 10h<\/span>.<\/strong><\/p>\n<p style=\"text-align: justify;\"><span style=\"color: #0000ff;\">Nous renouvelons nos f\u00e9licitations \u00e0 tous les candidats et aux professeurs encadrants.<\/span><br \/><span style=\"color: #0000ff;\">L&rsquo;\u00e9quipe de la DAAC<\/span><\/p>\n<p>[\/et_pb_text][\/et_pb_column][\/et_pb_row][\/et_pb_section][et_pb_section fb_built=\u00a0\u00bb1&Prime; _builder_version=\u00a0\u00bb4.10.7&Prime; _module_preset=\u00a0\u00bbdefault\u00a0\u00bb custom_margin=\u00a0\u00bb-79px|||||\u00a0\u00bb global_colors_info=\u00a0\u00bb{}\u00a0\u00bb][et_pb_row column_structure=\u00a0\u00bb1_4,1_4,1_4,1_4&Prime; _builder_version=\u00a0\u00bb4.10.7&Prime; _module_preset=\u00a0\u00bbdefault\u00a0\u00bb global_colors_info=\u00a0\u00bb{}\u00a0\u00bb][et_pb_column type=\u00a0\u00bb1_4&Prime; _builder_version=\u00a0\u00bb4.10.7&Prime; _module_preset=\u00a0\u00bbdefault\u00a0\u00bb global_colors_info=\u00a0\u00bb{}\u00a0\u00bb][et_pb_text _builder_version=\u00a0\u00bb4.10.7&Prime; _module_preset=\u00a0\u00bbdefault\u00a0\u00bb global_colors_info=\u00a0\u00bb{}\u00a0\u00bb]<\/p>\n<div><strong><span style=\"color: #ff00ff;\">Cat\u00e9gorie Coll\u00e8ge :<\/span><\/strong><\/div>\n<div>\n<div>\n<ul>\n<li><span style=\"color: #0000ff;\"><strong>Coll\u00e8ge Jean Franco<\/strong>&nbsp;: JJCL<\/span><\/li>\n<li><span style=\"color: #0000ff;\"><strong>Coll\u00e8ge St Blaise<\/strong>&nbsp;: LLA<\/span><\/li>\n<li><span style=\"color: #0000ff;\"><strong>Coll\u00e8ge Matisse<\/strong>&nbsp;: Les Babies Roots<\/span><\/li>\n<li><span style=\"color: #0000ff;\"><strong>Coll\u00e8ge Matisse<\/strong>&nbsp;: Power band<\/span><\/li>\n<li><span style=\"color: #0000ff;\"><strong>Coll\u00e8ge Paul Langevin<\/strong>&nbsp;: PLMusic<\/span><\/li>\n<\/ul>\n<\/div>\n<\/div>\n<p>[\/et_pb_text][\/et_pb_column][et_pb_column type=\u00a0\u00bb1_4&Prime; _builder_version=\u00a0\u00bb4.10.7&Prime; _module_preset=\u00a0\u00bbdefault\u00a0\u00bb global_colors_info=\u00a0\u00bb{}\u00a0\u00bb][et_pb_text _builder_version=\u00a0\u00bb4.10.7&Prime; _module_preset=\u00a0\u00bbdefault\u00a0\u00bb global_colors_info=\u00a0\u00bb{}\u00a0\u00bb]<\/p>\n<p><strong><span style=\"color: #ff00ff;\">Cat\u00e9gorie Danse&nbsp;:<\/span><\/strong><\/p>\n<ul>\n<li><span style=\"color: #0000ff;\"><strong>Coll\u00e8ge Lou Castellas<\/strong>&nbsp;: Chakras<\/span><\/li>\n<li><span style=\"color: #0000ff;\"><strong>Coll\u00e8ge Matisse<\/strong>&nbsp;: Les oiseaux de la plage<\/span><\/li>\n<li><span style=\"color: #0000ff;\"><strong>Coll\u00e8ge S\u00e9gurane&nbsp;<\/strong>: Shinpi<\/span><\/li>\n<\/ul>\n<p>[\/et_pb_text][\/et_pb_column][et_pb_column type=\u00a0\u00bb1_4&Prime; _builder_version=\u00a0\u00bb4.10.7&Prime; _module_preset=\u00a0\u00bbdefault\u00a0\u00bb global_colors_info=\u00a0\u00bb{}\u00a0\u00bb][et_pb_text admin_label=\u00a0\u00bblyc\u00e9es arrangement\u00a0\u00bb _builder_version=\u00a0\u00bb4.10.7&Prime; _module_preset=\u00a0\u00bbdefault\u00a0\u00bb global_colors_info=\u00a0\u00bb{}\u00a0\u00bb]<\/p>\n<p><strong><span style=\"color: #ff00ff;\">Cat\u00e9gorie Lyc\u00e9e&nbsp; \/ Arrangement :<\/span><\/strong><\/p>\n<ul>\n<li><span style=\"color: #0000ff;\"><strong>Lyc\u00e9e Apollinaire<\/strong>&nbsp;: GP2&nbsp;&#8211; Right before my eyes<\/span><\/li>\n<li><span style=\"color: #0000ff;\"><strong>Lyc\u00e9e Apollinaire&nbsp;<\/strong>: GP6 \u2013 These boots are made for walking<\/span><\/li>\n<li><span style=\"color: #0000ff;\"><strong>Centre international de Valbonne<\/strong> : The Chain<\/span><\/li>\n<li><span style=\"color: #0000ff;\"><strong>Lyc\u00e9e Massena&nbsp;<\/strong>: GP2 \u2013 Yeux disent<\/span><\/li>\n<\/ul>\n<p>[\/et_pb_text][\/et_pb_column][et_pb_column type=\u00a0\u00bb1_4&Prime; _builder_version=\u00a0\u00bb4.10.7&Prime; _module_preset=\u00a0\u00bbdefault\u00a0\u00bb global_colors_info=\u00a0\u00bb{}\u00a0\u00bb][et_pb_text admin_label=\u00a0\u00bblyc\u00e9es cr\u00e9ation\u00a0\u00bb _builder_version=\u00a0\u00bb4.10.7&Prime; _module_preset=\u00a0\u00bbdefault\u00a0\u00bb global_colors_info=\u00a0\u00bb{}\u00a0\u00bb]<\/p>\n<p><strong><span style=\"color: #ff00ff;\">Cat\u00e9gorie Lyc\u00e9e \/ Cr\u00e9ation :<\/span><\/strong><\/p>\n<ul>\n<li><span style=\"color: #0000ff;\"><strong>Lyc\u00e9e Apollinaire<\/strong>&nbsp;: Compo Elisa<\/span><\/li>\n<li><span style=\"color: #0000ff;\"><strong>Lyc\u00e9e Apolinnaire<\/strong>&nbsp;: Compo Josue<\/span><\/li>\n<li><span style=\"color: #0000ff;\">C<strong>entre international de Valbonne<\/strong>&nbsp;: Red Wall<\/span><\/li>\n<li><span style=\"color: #0000ff;\"><strong>Centre international de Valbonne<\/strong>&nbsp;: Nicole Fanara&nbsp;\/ Moutarde<\/span><\/li>\n<li><span style=\"color: #0000ff;\"><strong>Lyc\u00e9e Mass\u00e9na&nbsp;<\/strong>: GP4 \/ After breaking my Heart<\/span><\/li>\n<\/ul>\n<p>[\/et_pb_text][\/et_pb_column][\/et_pb_row][et_pb_row _builder_version=\u00a0\u00bb4.10.7&Prime; _module_preset=\u00a0\u00bbdefault\u00a0\u00bb global_colors_info=\u00a0\u00bb{}\u00a0\u00bb][et_pb_column type=\u00a0\u00bb4_4&Prime; _builder_version=\u00a0\u00bb4.10.7&Prime; _module_preset=\u00a0\u00bbdefault\u00a0\u00bb global_colors_info=\u00a0\u00bb{}\u00a0\u00bb][et_pb_text _builder_version=\u00a0\u00bb4.10.7&Prime; _module_preset=\u00a0\u00bbdefault\u00a0\u00bb global_colors_info=\u00a0\u00bb{}\u00a0\u00bb]<\/p>\n<div>\n<div>\n<div><span style=\"color: #0000ff;\">Les groupes s\u00e9lectionn\u00e9s en demi-finale auront la possibilit\u00e9 de se produire en<strong> finale acad\u00e9mique le 28 avril 2022<\/strong> \u00e0 la Black-Box de Nice, o\u00f9 les deux meilleurs groupes de l&rsquo;acad\u00e9mie seront choisis par un jury professionnel.<\/span><\/div>\n<div>&nbsp;<\/div>\n<div><span style=\"color: #0000ff;\">Les deux spectacles de mars et avril seront ouverts aux classes de tous les coll\u00e8ges et lyc\u00e9es des territoires afin que les prestations musicales et chor\u00e9graphiques pr\u00e9sent\u00e9es, suscitent l&rsquo;envie aux professeurs et \u00e9l\u00e8ves, de participer aux \u00e9ditions suivantes.<\/span><\/div>\n<div>&nbsp;<\/div>\n<div><span style=\"color: #0000ff;\">Ces spectacles seront \u00e0 vis\u00e9e caritative et seront organis\u00e9s en collaboration avec une association de quartier.<\/span><\/div>\n<\/div>\n<\/div>\n<div>\n<div>\n<div>\n<p><span style=\"color: #0000ff;\">Pour plus d&rsquo;informations, contactez notre coordonnateur d\u00e9partemental 06 : <strong>frederick.lacroix@ac-nice.fr<\/strong><\/span><\/p>\n<\/div>\n<\/div>\n<\/div>\n<p>[\/et_pb_text][\/et_pb_column][\/et_pb_row][\/et_pb_section]<\/p>\n","protected":false},"excerpt":{"rendered":"<p>Musiques Actuelles Edition 2021 en vid\u00e9oConcours Danses et Musiques Actuelles de la DAAC Depuis 2021, la DAAC organise un tremplin d\u00e9di\u00e9 aux musiques actuelles. En 2022, le concours se d\u00e9veloppe et prend de l&rsquo;envergure, en donnant sa place \u00e0 l&rsquo;art chor\u00e9graphique, si proche de la musique. Afin de valoriser les ateliers instrumentaux et les projets [&hellip;]<\/p>\n","protected":false},"author":241,"featured_media":0,"parent":0,"menu_order":0,"comment_status":"closed","ping_status":"closed","template":"","meta":{"_et_pb_use_builder":"on","_et_pb_old_content":"<p style=\"text-align: center;\"><strong><span style=\"font-size: 18pt;\">De la musique avant toute chose !!!<\/span><\/strong><\/p><p style=\"text-align: justify;\"><a href=\"https:\/\/www.pedagogie.ac-nice.fr\/daac\/wp-content\/uploads\/sites\/37\/2020\/12\/image_musique_actuelles.png\"><img class=\"size-full wp-image-1632 aligncenter\" src=\"https:\/\/www.pedagogie.ac-nice.fr\/daac\/wp-content\/uploads\/sites\/37\/2020\/12\/image_musique_actuelles.png\" alt=\"\" width=\"286\" height=\"182\"><\/a>En 2021, la DAAC organise un tremplin d\u00e9di\u00e9 aux musiques actuelles.<\/p><p>Deux prix sont en jeu : Une journ\u00e9e d'enregistrement au studio 26 \u00e0 Antibes et une 1\u00e8re partie dans une des salles azur\u00e9ennes.<\/p><p style=\"text-align: justify;\">Deux cat\u00e9gories sont \u00e0 l'honneur : Coll\u00e8ge et Lyc\u00e9e.<\/p><p style=\"text-align: justify;\">Les temps forts du concours : Une pr\u00e9-s\u00e9lection par mp3, une demi-finale en mars et une finale au mois de mai pendant lesquelles un jury \u00e9lira les meilleures prestations.<\/p><p>Pr\u00e9sentation du concours : <a href=\"https:\/\/www.pedagogie.ac-nice.fr\/daac\/wp-content\/uploads\/sites\/37\/2020\/12\/Presentation_concours_MA.pdf\" target=\"_blank\" rel=\"noopener\"><img class=\"alignnone wp-image-1633 size-full\" src=\"https:\/\/www.pedagogie.ac-nice.fr\/daac\/wp-content\/uploads\/sites\/37\/2020\/12\/logo_puce_jaune.png\" alt=\"\" width=\"72\" height=\"70\"><\/a><\/p><p>Bulletin d'inscription\u00a0 : \u00a0\u00a0 \u00a0\u00a0 \u00a0\u00a0 \u00a0\u00a0<a href=\"https:\/\/www.pedagogie.ac-nice.fr\/daac\/wp-content\/uploads\/sites\/37\/2020\/12\/INSCRIPTION_Tremplin_MA.doc\" target=\"_blank\" rel=\"noopener\"><img class=\"alignnone wp-image-1633 size-full\" src=\"https:\/\/www.pedagogie.ac-nice.fr\/daac\/wp-content\/uploads\/sites\/37\/2020\/12\/logo_puce_jaune.png\" alt=\"\" width=\"72\" height=\"70\"><\/a><\/p><p style=\"text-align: justify;\">Pour plus d'informations, contactez notre coordonnateur d\u00e9partemental 06 : <strong>frederick.lacroix@ac-nice.fr<\/strong><\/p>","_et_gb_content_width":"","ngg_post_thumbnail":0,"footnotes":""},"class_list":["post-1627","page","type-page","status-publish","hentry"],"rttpg_featured_image_url":null,"rttpg_author":{"display_name":"daacadmin","author_link":"https:\/\/www.pedagogie.ac-nice.fr\/daac\/author\/daacadmin\/"},"rttpg_comment":0,"rttpg_category":null,"rttpg_excerpt":"Musiques Actuelles Edition 2021 en vid\u00e9oConcours Danses et Musiques Actuelles de la DAAC Depuis 2021, la DAAC organise un tremplin d\u00e9di\u00e9 aux musiques actuelles. En 2022, le concours se d\u00e9veloppe et prend de l'envergure, en donnant sa place \u00e0 l'art chor\u00e9graphique, si proche de la musique. Afin de valoriser les ateliers instrumentaux et les projets\u2026","post_mailing_queue_ids":[],"_links":{"self":[{"href":"https:\/\/www.pedagogie.ac-nice.fr\/daac\/wp-json\/wp\/v2\/pages\/1627","targetHints":{"allow":["GET"]}}],"collection":[{"href":"https:\/\/www.pedagogie.ac-nice.fr\/daac\/wp-json\/wp\/v2\/pages"}],"about":[{"href":"https:\/\/www.pedagogie.ac-nice.fr\/daac\/wp-json\/wp\/v2\/types\/page"}],"author":[{"embeddable":true,"href":"https:\/\/www.pedagogie.ac-nice.fr\/daac\/wp-json\/wp\/v2\/users\/241"}],"replies":[{"embeddable":true,"href":"https:\/\/www.pedagogie.ac-nice.fr\/daac\/wp-json\/wp\/v2\/comments?post=1627"}],"version-history":[{"count":28,"href":"https:\/\/www.pedagogie.ac-nice.fr\/daac\/wp-json\/wp\/v2\/pages\/1627\/revisions"}],"predecessor-version":[{"id":13029,"href":"https:\/\/www.pedagogie.ac-nice.fr\/daac\/wp-json\/wp\/v2\/pages\/1627\/revisions\/13029"}],"wp:attachment":[{"href":"https:\/\/www.pedagogie.ac-nice.fr\/daac\/wp-json\/wp\/v2\/media?parent=1627"}],"curies":[{"name":"wp","href":"https:\/\/api.w.org\/{rel}","templated":true}]}}