{"id":2109,"date":"2021-01-22T22:00:22","date_gmt":"2021-01-22T21:00:22","guid":{"rendered":"https:\/\/www.pedagogie.ac-nice.fr\/daac\/?page_id=2109"},"modified":"2021-10-03T21:23:14","modified_gmt":"2021-10-03T19:23:14","slug":"vivre_larchitecture","status":"publish","type":"page","link":"https:\/\/www.pedagogie.ac-nice.fr\/daac\/vivre_larchitecture\/","title":{"rendered":"\u00ab\u00a0Dispositif acad\u00e9mique Vivre l&rsquo;architecture\u00a0\u00bb"},"content":{"rendered":"<p>[et_pb_section fb_built=\u00a0\u00bb1&Prime; _builder_version=\u00a0\u00bb3.22&Prime; global_colors_info=\u00a0\u00bb{}\u00a0\u00bb][et_pb_row column_structure=\u00a0\u00bb2_5,3_5&Prime; _builder_version=\u00a0\u00bb4.10.7&Prime; _module_preset=\u00a0\u00bbdefault\u00a0\u00bb global_colors_info=\u00a0\u00bb{}\u00a0\u00bb][et_pb_column type=\u00a0\u00bb2_5&Prime; _builder_version=\u00a0\u00bb4.10.7&Prime; _module_preset=\u00a0\u00bbdefault\u00a0\u00bb global_colors_info=\u00a0\u00bb{}\u00a0\u00bb][et_pb_text admin_label=\u00a0\u00bblogo daac\u00a0\u00bb _builder_version=\u00a0\u00bb4.10.7&Prime; background_size=\u00a0\u00bbinitial\u00a0\u00bb background_position=\u00a0\u00bbtop_left\u00a0\u00bb background_repeat=\u00a0\u00bbrepeat\u00a0\u00bb global_colors_info=\u00a0\u00bb{}\u00a0\u00bb]<\/p>\n<p><a href=\"https:\/\/www.pedagogie.ac-nice.fr\/daac\/domaine-architecture-2021\/\" target=\"_blank\" rel=\"noopener\"><img loading=\"lazy\" decoding=\"async\" class=\"aligncenter wp-image-5918 size-full\" src=\"https:\/\/www.pedagogie.ac-nice.fr\/daac\/wp-content\/uploads\/sites\/37\/2021\/09\/architecture.png\" alt=\"\" width=\"348\" height=\"221\" srcset=\"https:\/\/www.pedagogie.ac-nice.fr\/daac\/wp-content\/uploads\/sites\/37\/2021\/09\/architecture.png 348w, https:\/\/www.pedagogie.ac-nice.fr\/daac\/wp-content\/uploads\/sites\/37\/2021\/09\/architecture-300x191.png 300w\" sizes=\"(max-width: 348px) 100vw, 348px\" \/><\/a><\/p>\n<p>[\/et_pb_text][et_pb_divider _builder_version=\u00a0\u00bb4.10.7&Prime; _module_preset=\u00a0\u00bbdefault\u00a0\u00bb global_colors_info=\u00a0\u00bb{}\u00a0\u00bb][\/et_pb_divider][et_pb_text admin_label=\u00a0\u00bbpreac archi\u00a0\u00bb _builder_version=\u00a0\u00bb4.10.7&Prime; background_size=\u00a0\u00bbinitial\u00a0\u00bb background_position=\u00a0\u00bbtop_left\u00a0\u00bb background_repeat=\u00a0\u00bbrepeat\u00a0\u00bb global_colors_info=\u00a0\u00bb{}\u00a0\u00bb]<\/p>\n<p><img loading=\"lazy\" decoding=\"async\" class=\"alignnone size-full wp-image-6383 aligncenter\" src=\"https:\/\/www.pedagogie.ac-nice.fr\/daac\/wp-content\/uploads\/sites\/37\/2021\/09\/pour_aller_plus_loin.png\" alt=\"\" width=\"349\" height=\"188\" srcset=\"https:\/\/www.pedagogie.ac-nice.fr\/daac\/wp-content\/uploads\/sites\/37\/2021\/09\/pour_aller_plus_loin.png 349w, https:\/\/www.pedagogie.ac-nice.fr\/daac\/wp-content\/uploads\/sites\/37\/2021\/09\/pour_aller_plus_loin-300x162.png 300w\" sizes=\"(max-width: 349px) 100vw, 349px\" \/><\/p>\n<p>[\/et_pb_text][et_pb_text admin_label=\u00a0\u00bbpreac archi\u00a0\u00bb _builder_version=\u00a0\u00bb4.10.7&Prime; background_size=\u00a0\u00bbinitial\u00a0\u00bb background_position=\u00a0\u00bbtop_left\u00a0\u00bb background_repeat=\u00a0\u00bbrepeat\u00a0\u00bb global_colors_info=\u00a0\u00bb{}\u00a0\u00bb]<\/p>\n<p><a href=\"https:\/\/www.pedagogie.ac-nice.fr\/daac\/2020\/09\/12\/preac-patrimoines-et-creativite\/\" target=\"_blank\" rel=\"noopener\"><img loading=\"lazy\" decoding=\"async\" class=\"alignnone wp-image-423 size-full\" src=\"https:\/\/www.pedagogie.ac-nice.fr\/daac\/wp-content\/uploads\/sites\/37\/2020\/09\/preac_patrimoines_creativite.png\" alt=\"\" width=\"591\" height=\"294\" srcset=\"https:\/\/www.pedagogie.ac-nice.fr\/daac\/wp-content\/uploads\/sites\/37\/2020\/09\/preac_patrimoines_creativite.png 591w, https:\/\/www.pedagogie.ac-nice.fr\/daac\/wp-content\/uploads\/sites\/37\/2020\/09\/preac_patrimoines_creativite-300x149.png 300w\" sizes=\"(max-width: 591px) 100vw, 591px\" \/><\/a><\/p>\n<p>[\/et_pb_text][et_pb_divider _builder_version=\u00a0\u00bb4.10.7&Prime; _module_preset=\u00a0\u00bbdefault\u00a0\u00bb global_colors_info=\u00a0\u00bb{}\u00a0\u00bb][\/et_pb_divider][et_pb_text admin_label=\u00a0\u00bbarchi pedago\u00a0\u00bb _builder_version=\u00a0\u00bb4.10.7&Prime; background_size=\u00a0\u00bbinitial\u00a0\u00bb background_position=\u00a0\u00bbtop_left\u00a0\u00bb background_repeat=\u00a0\u00bbrepeat\u00a0\u00bb global_colors_info=\u00a0\u00bb{}\u00a0\u00bb]<\/p>\n<p><a href=\"http:\/\/www.archipedagogie.org\/\" target=\"_blank\" rel=\"noopener\"><img loading=\"lazy\" decoding=\"async\" class=\"aligncenter wp-image-7370 size-full\" src=\"https:\/\/www.pedagogie.ac-nice.fr\/daac\/wp-content\/uploads\/sites\/37\/2021\/10\/archipedagogie.jpg\" alt=\"\" width=\"356\" height=\"82\" srcset=\"https:\/\/www.pedagogie.ac-nice.fr\/daac\/wp-content\/uploads\/sites\/37\/2021\/10\/archipedagogie.jpg 356w, https:\/\/www.pedagogie.ac-nice.fr\/daac\/wp-content\/uploads\/sites\/37\/2021\/10\/archipedagogie-300x69.jpg 300w\" sizes=\"(max-width: 356px) 100vw, 356px\" \/><\/a><\/p>\n<p>[\/et_pb_text][\/et_pb_column][et_pb_column type=\u00a0\u00bb3_5&Prime; _builder_version=\u00a0\u00bb4.10.7&Prime; _module_preset=\u00a0\u00bbdefault\u00a0\u00bb global_colors_info=\u00a0\u00bb{}\u00a0\u00bb][et_pb_text _builder_version=\u00a0\u00bb4.10.7&Prime; background_size=\u00a0\u00bbinitial\u00a0\u00bb background_position=\u00a0\u00bbtop_left\u00a0\u00bb background_repeat=\u00a0\u00bbrepeat\u00a0\u00bb hover_enabled=\u00a0\u00bb0&Prime; global_colors_info=\u00a0\u00bb{}\u00a0\u00bb sticky_enabled=\u00a0\u00bb0&Prime;]<\/p>\n<p class=\"western\" lang=\"fr-FR\" align=\"center\"><span style=\"color: #ff0000;\"><b>Dispositif acad\u00e9mique<br \/><span style=\"font-size: 24pt;\">\u00ab <\/span><\/b><i><b><span style=\"font-size: 24pt;\">Vivre l&rsquo;architecture \u00bb<\/span><br \/><\/b><\/i>Appel \u00e0 projet scolaire EAC 2021-2022<\/span><\/p>\n<p lang=\"fr-FR\" align=\"center\"><a href=\"https:\/\/www.pedagogie.ac-nice.fr\/daac\/wp-content\/uploads\/sites\/37\/2021\/01\/vivre_l_architecture.jpg\"><img loading=\"lazy\" decoding=\"async\" class=\"alignnone wp-image-2112\" src=\"https:\/\/www.pedagogie.ac-nice.fr\/daac\/wp-content\/uploads\/sites\/37\/2021\/01\/vivre_l_architecture.jpg\" alt=\"\" width=\"345\" height=\"89\" srcset=\"https:\/\/www.pedagogie.ac-nice.fr\/daac\/wp-content\/uploads\/sites\/37\/2021\/01\/vivre_l_architecture.jpg 465w, https:\/\/www.pedagogie.ac-nice.fr\/daac\/wp-content\/uploads\/sites\/37\/2021\/01\/vivre_l_architecture-300x77.jpg 300w\" sizes=\"(max-width: 345px) 100vw, 345px\" \/><\/a><\/p>\n<h1 class=\"western\" style=\"text-align: center;\" lang=\"fr-FR\"><span style=\"color: #000000;\"><span style=\"font-size: 12pt;\"><b>\u00ab S\u2019approprier son architecture et son environnement de proximit\u00e9 dans le cadre de la rencontre avec un architecte \u00bb<br \/><\/b><\/span><span style=\"font-size: 10pt;\">partenariat Acad\u00e9mie de Nice\/Maison de la Ville et de l\u2019Architecture, MAV Paca<\/span><\/span><\/h1>\n<p class=\"western\" lang=\"fr-FR\"><span style=\"font-size: medium;\">&nbsp;<\/span><\/p>\n<h2 class=\"western\" style=\"text-align: center;\" lang=\"fr-FR\"><strong><span style=\"color: #ff0000; font-size: 12pt;\">Objectifs <br \/><\/span><\/strong><\/h2>\n<ul style=\"list-style-type: disc;\">\n<li class=\"western\" style=\"text-align: justify;\" lang=\"fr-FR\"><span style=\"color: #000000;\">\u00c9veiller les \u00e9l\u00e8ves \u00e0 l&rsquo;environnement b\u00e2ti et \u00e0 leur cadre de vie ;<\/span><\/li>\n<li class=\"western\" style=\"text-align: justify;\" lang=\"fr-FR\"><span style=\"color: #000000;\">Elaborer des projets pluridisciplinaires ;<\/span><\/li>\n<li class=\"western\" style=\"text-align: justify;\" lang=\"fr-FR\"><span style=\"color: #000000;\">Initier des projets \u00e0 plus long terme sur ces th\u00e8mes et diversifier les approches du fait architectural (\u00e9talier d&rsquo;\u00e9criture, danse, photographie&#8230;).<\/span><\/li>\n<\/ul>\n<h2 class=\"western\" style=\"text-align: center;\" lang=\"fr-FR\"><strong><span style=\"font-size: 12pt; color: #ff0000;\">Les \u00e9tapes du<\/span><\/strong><strong><span style=\"font-size: 12pt; color: #ff0000;\"> projet<\/span><\/strong><u><br \/><\/u><\/h2>\n<ul style=\"list-style-type: disc;\">\n<li>\n<p style=\"text-align: justify;\" lang=\"fr-FR\"><span style=\"color: #000000;\">Co-construction du projet avec l\u2019architecte entre <span style=\"color: #ff0000;\">novembre et d\u00e9cembre 2021.<\/span><\/span><\/p>\n<\/li>\n<li style=\"text-align: justify;\">\n<p lang=\"fr-FR\"><span style=\"color: #000000;\">Intervention dans les classes (3 s\u00e9ances) (d\u00e9cembre et mai)<\/span><\/p>\n<\/li>\n<li class=\"western\" style=\"text-align: justify;\" lang=\"fr-FR\"><span style=\"color: #000000;\">Restitution des actions sur les sites d\u00e9di\u00e9s au plus tard <strong><span style=\"color: #ff0000;\">juin 2022<\/span><\/strong><\/span><\/li>\n<\/ul>\n<h2 class=\"western\" style=\"text-align: center;\" lang=\"fr-FR\"><span style=\"color: #ff0000; font-size: 12pt;\">Les modalit\u00e9s<\/span><\/h2>\n<p class=\"western\" style=\"text-align: justify;\" lang=\"fr-FR\"><span style=\"color: #000000;\">Ce dispositif s\u2019adresse aux \u00e9l\u00e8ves de tous niveaux, des coll\u00e8ges ou des lyc\u00e9es. Les projets propos\u00e9s devront se d\u00e9rouler pendant l\u2019ann\u00e9e scolaire en cours<\/span><\/p>\n<ul>\n<li style=\"text-align: justify;\">\n<p class=\"western\" lang=\"fr-FR\"><span style=\"color: #000000;\">Impliquer la rencontre avec un architecte pour comprendre la place et le processus d&rsquo;un projet d&rsquo;architecture, mais aussi ses contraintes. Les actions conduites dans ce cadre impliqueront les \u00e9l\u00e8ves dans des activit\u00e9s donnant lieu \u00e0 des productions.<\/span><\/p>\n<\/li>\n<li>\n<p class=\"western\" style=\"text-align: justify;\" lang=\"fr-FR\"><span style=\"color: #000000;\">Rentrez&nbsp; en contact avec un architecte avec la&nbsp; Maison de La Ville et de l&rsquo;Architecture&nbsp;<\/span><\/p>\n<\/li>\n<\/ul>\n<p class=\"western\" lang=\"fr-FR\"><span style=\"color: #000000;\">MAV PACA : <a style=\"color: #000000;\" href=\"mailto:contact@mavpaca.fr\">contact@mavpaca.fr<\/a><\/span><\/p>\n<p>[\/et_pb_text][\/et_pb_column][\/et_pb_row][\/et_pb_section]<\/p>\n","protected":false},"excerpt":{"rendered":"<p>Dispositif acad\u00e9mique\u00ab Vivre l&rsquo;architecture \u00bbAppel \u00e0 projet scolaire EAC 2021-2022 \u00ab S\u2019approprier son architecture et son environnement de proximit\u00e9 dans le cadre de la rencontre avec un architecte \u00bbpartenariat Acad\u00e9mie de Nice\/Maison de la Ville et de l\u2019Architecture, MAV Paca &nbsp; Objectifs \u00c9veiller les \u00e9l\u00e8ves \u00e0 l&rsquo;environnement b\u00e2ti et \u00e0 leur cadre de vie ; [&hellip;]<\/p>\n","protected":false},"author":241,"featured_media":0,"parent":0,"menu_order":0,"comment_status":"closed","ping_status":"closed","template":"","meta":{"_et_pb_use_builder":"on","_et_pb_old_content":"<p class=\"western\" lang=\"fr-FR\" align=\"center\"><b>Dispositif acad\u00e9mique<br><span style=\"font-size: 24pt;\">\u00ab <\/span><\/b><i><b><span style=\"font-size: 24pt;\">Vivre l'architecture \u00bb<\/span><br><\/b><\/i>Appel \u00e0 projet scolaire EAC 2021-2022<\/p><p lang=\"fr-FR\" align=\"center\"><a href=\"https:\/\/www.pedagogie.ac-nice.fr\/daac\/wp-content\/uploads\/sites\/37\/2021\/01\/vivre_l_architecture.jpg\"><img class=\"alignnone wp-image-2112\" src=\"https:\/\/www.pedagogie.ac-nice.fr\/daac\/wp-content\/uploads\/sites\/37\/2021\/01\/vivre_l_architecture.jpg\" alt=\"\" width=\"345\" height=\"89\"><\/a><\/p><h1 class=\"western\" style=\"text-align: center;\" lang=\"fr-FR\"><span style=\"font-size: 12pt;\"><b>\u00ab S\u2019approprier son architecture et son environnement de proximit\u00e9 dans le cadre de la rencontre avec un architecte \u00bb<br><\/b><\/span><span style=\"font-size: 10pt;\">partenariat Acad\u00e9mie de Nice\/Maison de la Ville et de l\u2019Architecture, MAV Paca<\/span><\/h1><p class=\"western\" lang=\"fr-FR\"><span style=\"font-size: medium;\">\u00a0<\/span><\/p><h2 class=\"western\" lang=\"fr-FR\"><u>Objectifs :<\/u><\/h2><ul style=\"list-style-type: disc;\"><li class=\"western\" style=\"text-align: justify;\" lang=\"fr-FR\">\u00c9veiller les \u00e9l\u00e8ves \u00e0 l'environnement b\u00e2ti et \u00e0 leur cadre de vie ;<\/li><li class=\"western\" style=\"text-align: justify;\" lang=\"fr-FR\">Elaborer des projets pluridisciplinaires ;<\/li><li class=\"western\" style=\"text-align: justify;\" lang=\"fr-FR\">Initier des projets \u00e0 plus long terme sur ces th\u00e8mes et diversifier les approches du fait architectural (\u00e9talier d'\u00e9criture, danse, photographie...).<\/li><\/ul><h2 class=\"western\" lang=\"fr-FR\"><u>Les \u00e9tapes du projet<\/u><u> <\/u><u>:<\/u><\/h2><ul style=\"list-style-type: disc;\"><li><p lang=\"fr-FR\">Co-construction du projet avec l\u2019architecte entre novembre et d\u00e9cembre 2021.<\/p><\/li><li><p lang=\"fr-FR\">Intervention dans les classes (3 s\u00e9ances) (d\u00e9cembre et mai)<\/p><\/li><li class=\"western\" lang=\"fr-FR\">Restitution des actions sur les sites d\u00e9di\u00e9s au plus tard juin 2022<\/li><\/ul><h2 class=\"western\" lang=\"fr-FR\"><u>Les modalit\u00e9s :<\/u><\/h2><p class=\"western\" style=\"text-align: justify;\" lang=\"fr-FR\">Ce dispositif s\u2019adresse aux \u00e9l\u00e8ves de tous niveaux, des coll\u00e8ges ou des lyc\u00e9es. Les projets propos\u00e9s devront se d\u00e9rouler pendant l\u2019ann\u00e9e scolaire en cours<\/p><ul><li><p class=\"western\" lang=\"fr-FR\">Impliquer la rencontre avec un architecte pour comprendre la place et le processus d'un projet d'architecture, mais aussi ses contraintes. Les actions conduites dans ce cadre impliqueront les \u00e9l\u00e8ves dans des activit\u00e9s donnant lieu \u00e0 des productions.<\/p><p>Rentrez\u00a0 en contact avec un architecte avec la\u00a0 Maison de La Ville et de l'Architecture\u00a0<\/p><p>MAV PACA : <a href=\"mailto:contact@mavpaca.fr\"><span style=\"color: #0000ff;\">contact@mavpaca.fr<\/span><\/a><\/p><\/li><\/ul><h2 class=\"western\" lang=\"fr-FR\"><span style=\"font-size: 12pt;\">Liens de r\u00e9f\u00e9rence :<br><\/span><\/h2><p><span style=\"font-size: 10pt;\">Pistes p\u00e9dagogiques sur le site de l'ArchipedagogiE\u00a0 <\/span><a href=\"http:\/\/www.archipedagogie.org\/\" target=\"_blank\" rel=\"noopener\"><img class=\"alignnone wp-image-1499 \" src=\"https:\/\/www.pedagogie.ac-nice.fr\/daac\/wp-content\/uploads\/sites\/37\/2020\/12\/puce_rose.jpg\" alt=\"\" width=\"48\" height=\"39\"><\/a><br><span style=\"font-size: 10pt;\">Transmettre l'architecture contemporaine dans l'Acad\u00e9mie de Nice<\/span> <a href=\"https:\/\/www.pedagogie.ac-nice.fr\/daac\/2020\/09\/12\/preac-patrimoines-et-creativite\/\" target=\"_blank\" rel=\"noopener\"><img class=\"alignnone wp-image-1500\" src=\"https:\/\/www.pedagogie.ac-nice.fr\/daac\/wp-content\/uploads\/sites\/37\/2020\/12\/puce_verte.jpg\" alt=\"puce verte adage\" width=\"38\" height=\"35\"><\/a><\/p>","_et_gb_content_width":"","ngg_post_thumbnail":0,"footnotes":""},"class_list":["post-2109","page","type-page","status-publish","hentry"],"rttpg_featured_image_url":null,"rttpg_author":{"display_name":"daacadmin","author_link":"https:\/\/www.pedagogie.ac-nice.fr\/daac\/author\/daacadmin\/"},"rttpg_comment":0,"rttpg_category":null,"rttpg_excerpt":"Dispositif acad\u00e9mique\u00ab Vivre l'architecture \u00bbAppel \u00e0 projet scolaire EAC 2021-2022 \u00ab S\u2019approprier son architecture et son environnement de proximit\u00e9 dans le cadre de la rencontre avec un architecte \u00bbpartenariat Acad\u00e9mie de Nice\/Maison de la Ville et de l\u2019Architecture, MAV Paca &nbsp; Objectifs \u00c9veiller les \u00e9l\u00e8ves \u00e0 l'environnement b\u00e2ti et \u00e0 leur cadre de vie ;\u2026","post_mailing_queue_ids":[],"_links":{"self":[{"href":"https:\/\/www.pedagogie.ac-nice.fr\/daac\/wp-json\/wp\/v2\/pages\/2109","targetHints":{"allow":["GET"]}}],"collection":[{"href":"https:\/\/www.pedagogie.ac-nice.fr\/daac\/wp-json\/wp\/v2\/pages"}],"about":[{"href":"https:\/\/www.pedagogie.ac-nice.fr\/daac\/wp-json\/wp\/v2\/types\/page"}],"author":[{"embeddable":true,"href":"https:\/\/www.pedagogie.ac-nice.fr\/daac\/wp-json\/wp\/v2\/users\/241"}],"replies":[{"embeddable":true,"href":"https:\/\/www.pedagogie.ac-nice.fr\/daac\/wp-json\/wp\/v2\/comments?post=2109"}],"version-history":[{"count":8,"href":"https:\/\/www.pedagogie.ac-nice.fr\/daac\/wp-json\/wp\/v2\/pages\/2109\/revisions"}],"predecessor-version":[{"id":7373,"href":"https:\/\/www.pedagogie.ac-nice.fr\/daac\/wp-json\/wp\/v2\/pages\/2109\/revisions\/7373"}],"wp:attachment":[{"href":"https:\/\/www.pedagogie.ac-nice.fr\/daac\/wp-json\/wp\/v2\/media?parent=2109"}],"curies":[{"name":"wp","href":"https:\/\/api.w.org\/{rel}","templated":true}]}}