{"id":2254,"date":"2021-02-05T19:37:11","date_gmt":"2021-02-05T18:37:11","guid":{"rendered":"https:\/\/www.pedagogie.ac-nice.fr\/daac\/?page_id=2254"},"modified":"2023-02-21T16:21:24","modified_gmt":"2023-02-21T15:21:24","slug":"les-journees-du-patrimoine","status":"publish","type":"page","link":"https:\/\/www.pedagogie.ac-nice.fr\/daac\/les-journees-du-patrimoine\/","title":{"rendered":"Les Journ\u00e9es Europ\u00e9ennes du Patrimoine"},"content":{"rendered":"<p>[et_pb_section fb_built=\u00a0\u00bb1&Prime; _builder_version=\u00a0\u00bb3.22&Prime; global_colors_info=\u00a0\u00bb{}\u00a0\u00bb][et_pb_row column_structure=\u00a0\u00bb1_4,1_2,1_4&Prime; _builder_version=\u00a0\u00bb3.25&Prime; background_size=\u00a0\u00bbinitial\u00a0\u00bb background_position=\u00a0\u00bbtop_left\u00a0\u00bb background_repeat=\u00a0\u00bbrepeat\u00a0\u00bb global_colors_info=\u00a0\u00bb{}\u00a0\u00bb][et_pb_column type=\u00a0\u00bb1_4&Prime; _builder_version=\u00a0\u00bb3.25&Prime; custom_padding=\u00a0\u00bb|||\u00a0\u00bb global_colors_info=\u00a0\u00bb{}\u00a0\u00bb custom_padding__hover=\u00a0\u00bb|||\u00a0\u00bb][et_pb_text admin_label=\u00a0\u00bbhistorique minist\u00e8re\u00a0\u00bb _builder_version=\u00a0\u00bb4.10.7&Prime; background_size=\u00a0\u00bbinitial\u00a0\u00bb background_position=\u00a0\u00bbtop_left\u00a0\u00bb background_repeat=\u00a0\u00bbrepeat\u00a0\u00bb hover_enabled=\u00a0\u00bb0&Prime; global_colors_info=\u00a0\u00bb{}\u00a0\u00bb text_font=\u00a0\u00bbTrebuchet||||||||\u00a0\u00bb sticky_enabled=\u00a0\u00bb0&Prime;]<\/p>\n<p style=\"text-align: center;\"><span style=\"color: #993366;\"><a href=\"https:\/\/www.culture.gouv.fr\/Nous-connaitre\/Evenements-nationaux\/Journees-Europeennes-du-Patrimoine\" target=\"_blank\" rel=\"noopener\" style=\"color: #993366;\"><span style=\"font-family: verdana, geneva, sans-serif; font-size: 10pt;\">Historique de l&rsquo;\u00e9v\u00e9nement sur <br \/><\/span><\/a><\/span><a href=\"https:\/\/www.culture.gouv.fr\/Nous-connaitre\/Evenements-nationaux\/Journees-Europeennes-du-Patrimoine\" target=\"_blank\" rel=\"noopener\"><img loading=\"lazy\" decoding=\"async\" class=\"aligncenter wp-image-5251 size-full\" src=\"https:\/\/www.pedagogie.ac-nice.fr\/daac\/wp-content\/uploads\/sites\/37\/2021\/09\/logo_ministere_culture.png\" alt=\"logo ministere de la culture\" width=\"193\" height=\"137\" \/><\/a><\/p>\n<p>[\/et_pb_text][\/et_pb_column][et_pb_column type=\u00a0\u00bb1_2&Prime; _builder_version=\u00a0\u00bb3.25&Prime; custom_padding=\u00a0\u00bb|||\u00a0\u00bb global_colors_info=\u00a0\u00bb{}\u00a0\u00bb custom_padding__hover=\u00a0\u00bb|||\u00a0\u00bb][et_pb_text admin_label=\u00a0\u00bbPr\u00e9sentation\u00a0\u00bb _builder_version=\u00a0\u00bb4.10.7&Prime; background_size=\u00a0\u00bbinitial\u00a0\u00bb background_position=\u00a0\u00bbtop_left\u00a0\u00bb background_repeat=\u00a0\u00bbrepeat\u00a0\u00bb hover_enabled=\u00a0\u00bb0&Prime; global_colors_info=\u00a0\u00bb{}\u00a0\u00bb text_font=\u00a0\u00bbTrebuchet||||||||\u00a0\u00bb sticky_enabled=\u00a0\u00bb0&Prime;]<\/p>\n<p style=\"text-align: center;\"><a href=\"https:\/\/www.culture.gouv.fr\/Regions\/Drac-Normandie\/Manifestations-nationales\/Inscription-aux-Journees-Europeennes-du-Patrimoine-2022\" target=\"_blank\" rel=\"noopener\"><strong><span style=\"color: #000080;\">16, 17 et 18 septembre 2022<\/span><\/strong><br \/><img loading=\"lazy\" decoding=\"async\" class=\"wp-image-13000 aligncenter\" src=\"https:\/\/www.pedagogie.ac-nice.fr\/daac\/wp-content\/uploads\/sites\/37\/2022\/06\/JEP-2022.jpg\" alt=\"\" width=\"188\" height=\"192\" srcset=\"https:\/\/www.pedagogie.ac-nice.fr\/daac\/wp-content\/uploads\/sites\/37\/2022\/06\/JEP-2022.jpg 352w, https:\/\/www.pedagogie.ac-nice.fr\/daac\/wp-content\/uploads\/sites\/37\/2022\/06\/JEP-2022-293x300.jpg 293w\" sizes=\"(max-width: 188px) 100vw, 188px\" \/><\/a><span style=\"color: #993366;\"><strong>Th\u00e8me de la 39e \u00e9dition : Le Patrimoine Durable<\/strong><\/span><\/p>\n<p>[\/et_pb_text][et_pb_text _builder_version=\u00a0\u00bb4.10.7&Prime; _module_preset=\u00a0\u00bbdefault\u00a0\u00bb hover_enabled=\u00a0\u00bb0&Prime; global_colors_info=\u00a0\u00bb{}\u00a0\u00bb text_font=\u00a0\u00bbTrebuchet||||||||\u00a0\u00bb sticky_enabled=\u00a0\u00bb0&Prime;]<\/p>\n<p style=\"text-align: justify;\"><span style=\"color: #000000;\">Pour leur 39e \u00e9dition, les Journ\u00e9es europ\u00e9ennes du Patrimoine (JEP) proposeront les 17, 18 et 19 septembre 2022 aux citoyens de tous les \u00e2ges de visiter le patrimoine national et europ\u00e9en et de d\u00e9couvrir ainsi des lieux et des b\u00e2timents habituellement ferm\u00e9s ou peu fr\u00e9quent\u00e9s.<\/span><\/p>\n<p>[\/et_pb_text][\/et_pb_column][et_pb_column type=\u00a0\u00bb1_4&Prime; _builder_version=\u00a0\u00bb3.25&Prime; custom_padding=\u00a0\u00bb|||\u00a0\u00bb global_colors_info=\u00a0\u00bb{}\u00a0\u00bb custom_padding__hover=\u00a0\u00bb|||\u00a0\u00bb][et_pb_text admin_label=\u00a0\u00bbprogramme\u00a0\u00bb _builder_version=\u00a0\u00bb4.10.7&Prime; background_size=\u00a0\u00bbinitial\u00a0\u00bb background_position=\u00a0\u00bbtop_left\u00a0\u00bb background_repeat=\u00a0\u00bbrepeat\u00a0\u00bb global_colors_info=\u00a0\u00bb{}\u00a0\u00bb]<\/p>\n<p style=\"text-align: center;\" data-wp-editing=\"1\"><img loading=\"lazy\" decoding=\"async\" class=\" wp-image-5284 aligncenter\" src=\"https:\/\/www.pedagogie.ac-nice.fr\/daac\/wp-content\/uploads\/sites\/37\/2021\/09\/JEP_CAUE.png\" alt=\"\" width=\"195\" height=\"158\"><strong><span style=\"color: #33cccc;\">Propose<\/span><\/strong><\/p>\n<p>[\/et_pb_text][\/et_pb_column][\/et_pb_row][et_pb_row column_structure=\u00a0\u00bb1_4,1_2,1_4&Prime; _builder_version=\u00a0\u00bb4.10.5&Prime; _module_preset=\u00a0\u00bbdefault\u00a0\u00bb global_colors_info=\u00a0\u00bb{}\u00a0\u00bb][et_pb_column type=\u00a0\u00bb1_4&Prime; _builder_version=\u00a0\u00bb4.10.5&Prime; _module_preset=\u00a0\u00bbdefault\u00a0\u00bb global_colors_info=\u00a0\u00bb{}\u00a0\u00bb][et_pb_divider _builder_version=\u00a0\u00bb4.10.5&Prime; _module_preset=\u00a0\u00bbdefault\u00a0\u00bb global_colors_info=\u00a0\u00bb{}\u00a0\u00bb][\/et_pb_divider][et_pb_text admin_label=\u00a0\u00bbJEP06&Prime; _builder_version=\u00a0\u00bb4.10.7&Prime; _module_preset=\u00a0\u00bbdefault\u00a0\u00bb box_shadow_style=\u00a0\u00bbpreset1&Prime; global_colors_info=\u00a0\u00bb{}\u00a0\u00bb]<\/p>\n<p><a href=\"https:\/\/www.pedagogie.ac-nice.fr\/daac\/jep-alpes-maritimes\/\" target=\"_blank\" rel=\"noopener\"><img loading=\"lazy\" decoding=\"async\" class=\"aligncenter wp-image-5277\" src=\"https:\/\/www.pedagogie.ac-nice.fr\/daac\/wp-content\/uploads\/sites\/37\/2021\/09\/JEP_Dpt06.png\" alt=\"\" width=\"149\" height=\"152\"><\/a><\/p>\n<p>[\/et_pb_text][et_pb_text admin_label=\u00a0\u00bbvilla Thuret\u00a0\u00bb _builder_version=\u00a0\u00bb4.10.7&Prime; _module_preset=\u00a0\u00bbdefault\u00a0\u00bb box_shadow_style=\u00a0\u00bbpreset1&Prime; global_colors_info=\u00a0\u00bb{}\u00a0\u00bb]<\/p>\n<p><a href=\"https:\/\/www6.sophia.inrae.fr\/jardin_thuret\/Actualites\/Programme-d-INRAE-Jardin-Thuret-Journees-europeennes-du-patrimoine-2021\" target=\"_blank\" rel=\"noopener\" data-wplink-edit=\"true\"><img loading=\"lazy\" decoding=\"async\" class=\"aligncenter wp-image-5281 size-medium\" src=\"https:\/\/www.pedagogie.ac-nice.fr\/daac\/wp-content\/uploads\/sites\/37\/2021\/09\/JEP_vila_Thuret-300x154.png\" alt=\"\" width=\"300\" height=\"154\" srcset=\"https:\/\/www.pedagogie.ac-nice.fr\/daac\/wp-content\/uploads\/sites\/37\/2021\/09\/JEP_vila_Thuret-300x154.png 300w, https:\/\/www.pedagogie.ac-nice.fr\/daac\/wp-content\/uploads\/sites\/37\/2021\/09\/JEP_vila_Thuret.png 323w\" sizes=\"(max-width: 300px) 100vw, 300px\" \/><\/a><\/p>\n<p>[\/et_pb_text][\/et_pb_column][et_pb_column type=\u00a0\u00bb1_2&Prime; _builder_version=\u00a0\u00bb4.10.5&Prime; _module_preset=\u00a0\u00bbdefault\u00a0\u00bb global_colors_info=\u00a0\u00bb{}\u00a0\u00bb][et_pb_divider _builder_version=\u00a0\u00bb4.10.5&Prime; _module_preset=\u00a0\u00bbdefault\u00a0\u00bb global_colors_info=\u00a0\u00bb{}\u00a0\u00bb][\/et_pb_divider][et_pb_text _builder_version=\u00a0\u00bb4.10.7&Prime; _module_preset=\u00a0\u00bbdefault\u00a0\u00bb hover_enabled=\u00a0\u00bb0&Prime; global_colors_info=\u00a0\u00bb{}\u00a0\u00bb text_font=\u00a0\u00bbTrebuchet||||||||\u00a0\u00bb sticky_enabled=\u00a0\u00bb0&Prime;]<\/p>\n<p style=\"text-align: center;\"><span style=\"font-family: verdana, geneva, sans-serif; color: #993366;\"><strong>Les Journ\u00e9es Europ\u00e9ennes du Patrimoine<\/strong><\/span><br \/><span style=\"font-family: verdana, geneva, sans-serif; color: #993366;\"><strong>du 16 au 18 septembre 2022<\/strong><\/span><\/p>\n<p>[\/et_pb_text][et_pb_text admin_label=\u00a0\u00bbvisuel Levez les Yeux\u00a0\u00bb _builder_version=\u00a0\u00bb4.10.7&Prime; _module_preset=\u00a0\u00bbdefault\u00a0\u00bb global_colors_info=\u00a0\u00bb{}\u00a0\u00bb]<\/p>\n<p><a href=\"https:\/\/www.pedagogie.ac-nice.fr\/daac\/wp-content\/uploads\/sites\/37\/2022\/09\/Note-JEP-2022.pdf\" target=\"_blank\" rel=\"noopener\"><img loading=\"lazy\" decoding=\"async\" class=\"alignnone size-medium wp-image-5259 aligncenter\" src=\"https:\/\/www.pedagogie.ac-nice.fr\/daac\/wp-content\/uploads\/sites\/37\/2021\/09\/dispositif_levez_les_yeux-300x130.png\" alt=\"\" width=\"300\" height=\"130\" srcset=\"https:\/\/www.pedagogie.ac-nice.fr\/daac\/wp-content\/uploads\/sites\/37\/2021\/09\/dispositif_levez_les_yeux-300x130.png 300w, https:\/\/www.pedagogie.ac-nice.fr\/daac\/wp-content\/uploads\/sites\/37\/2021\/09\/dispositif_levez_les_yeux.png 587w\" sizes=\"(max-width: 300px) 100vw, 300px\" \/><\/a><\/p>\n<p>[\/et_pb_text][et_pb_text admin_label=\u00a0\u00bbTexte pr\u00e9sentation\u00a0\u00bb _builder_version=\u00a0\u00bb4.10.7&Prime; _module_preset=\u00a0\u00bbdefault\u00a0\u00bb text_font=\u00a0\u00bbTrebuchet||||||||\u00a0\u00bb text_text_color=\u00a0\u00bb#000000&Prime; text_font_size=\u00a0\u00bb11px\u00a0\u00bb text_line_height=\u00a0\u00bb1.4em\u00a0\u00bb header_text_align=\u00a0\u00bbjustify\u00a0\u00bb header_text_color=\u00a0\u00bb#000000&Prime; text_orientation=\u00a0\u00bbjustified\u00a0\u00bb custom_padding=\u00a0\u00bb||22px|||\u00a0\u00bb hover_enabled=\u00a0\u00bb0&Prime; global_colors_info=\u00a0\u00bb{}\u00a0\u00bb sticky_enabled=\u00a0\u00bb0&Prime;]<\/p>\n<p align=\"justify\" style=\"text-align: center;\"><span style=\"color: #993366;\"><a href=\"https:\/\/www.pedagogie.ac-nice.fr\/daac\/wp-content\/uploads\/sites\/37\/2022\/09\/Note-JEP-2022.pdf\" target=\"_blank\" rel=\"noopener\" style=\"color: #993366;\"><span style=\"font-family: Trebuchet MS, sans-serif;\"><span style=\"font-size: large;\"><b>Journ\u00e9e avant-premi\u00e8re 16 septembre 2022<\/b><\/span><\/span><\/a><\/span><\/p>\n<p align=\"justify\" style=\"text-align: center;\"><span style=\"color: #993366;\"><a href=\"https:\/\/www.pedagogie.ac-nice.fr\/daac\/wp-content\/uploads\/sites\/37\/2022\/09\/Note-JEP-2022.pdf\" target=\"_blank\" rel=\"noopener\" style=\"color: #993366;\"><span style=\"font-family: Trebuchet MS, sans-serif;\"><span style=\"font-size: large;\"><b><em><span style=\"text-decoration: underline;\">Levez les yeux !<\/span><\/em>\u00a0<\/b><\/span><\/span><\/a><\/span><\/p>\n<p align=\"justify\"><a href=\"https:\/\/www.pedagogie.ac-nice.fr\/daac\/wp-content\/uploads\/sites\/37\/2022\/09\/Note-JEP-2022.pdf\" target=\"_blank\" rel=\"noopener\"><span style=\"font-family: Trebuchet MS, sans-serif;\"><span style=\"color: #111111;\"><span style=\"font-size: small;\"><span>Afin de favoriser l\u2019acc\u00e8s \u00e0 une \u00e9ducation artistique et culturelle de qualit\u00e9, le ministre de la Culture et le ministre de l\u2019\u00c9ducation nationale et de la Jeunesse ont lanc\u00e9 en 2018, l\u2019op\u00e9ration \u00ab Levez les yeux ! \u00bb, une journ\u00e9e hors les murs o\u00f9 les \u00e9l\u00e8ves accompagn\u00e9s de leurs enseignants partent \u00e0 la d\u00e9couverte des sites patrimoniaux \u00e0 proximit\u00e9 pour apprendre \u00e0 lire l\u2019architecture, \u00e0 d\u00e9crypter le paysage, \u00e0 d\u00e9chiffrer la ville et la campagne. <\/span><\/span><\/span><\/span><\/a><\/p>\n<p>[\/et_pb_text][et_pb_text _builder_version=\u00a0\u00bb4.10.7&Prime; _module_preset=\u00a0\u00bbdefault\u00a0\u00bb global_colors_info=\u00a0\u00bb{}\u00a0\u00bb]<\/p>\n<p><img loading=\"lazy\" decoding=\"async\" src=\"https:\/\/www.pedagogie.ac-nice.fr\/daac\/wp-content\/uploads\/sites\/37\/2022\/09\/lycee-massena.jpg\" width=\"262\" height=\"174\" alt=\"\" class=\"wp-image-13492 alignnone size-full\" srcset=\"https:\/\/www.pedagogie.ac-nice.fr\/daac\/wp-content\/uploads\/sites\/37\/2022\/09\/lycee-massena.jpg 1024w, https:\/\/www.pedagogie.ac-nice.fr\/daac\/wp-content\/uploads\/sites\/37\/2022\/09\/lycee-massena-300x200.jpg 300w, https:\/\/www.pedagogie.ac-nice.fr\/daac\/wp-content\/uploads\/sites\/37\/2022\/09\/lycee-massena-768x511.jpg 768w, https:\/\/www.pedagogie.ac-nice.fr\/daac\/wp-content\/uploads\/sites\/37\/2022\/09\/lycee-massena-391x260.jpg 391w\" sizes=\"(max-width: 262px) 100vw, 262px\" \/><\/p>\n<p>Le Lyc\u00e9e Mass\u00e9na<\/p>\n<p><img loading=\"lazy\" decoding=\"async\" src=\"https:\/\/www.pedagogie.ac-nice.fr\/daac\/wp-content\/uploads\/sites\/37\/2022\/09\/Le_site_archeologique_dOlbia.jpg\" width=\"269\" height=\"217\" alt=\"\" class=\"wp-image-13491 alignnone size-full\" srcset=\"https:\/\/www.pedagogie.ac-nice.fr\/daac\/wp-content\/uploads\/sites\/37\/2022\/09\/Le_site_archeologique_dOlbia.jpg 2448w, https:\/\/www.pedagogie.ac-nice.fr\/daac\/wp-content\/uploads\/sites\/37\/2022\/09\/Le_site_archeologique_dOlbia-300x242.jpg 300w, https:\/\/www.pedagogie.ac-nice.fr\/daac\/wp-content\/uploads\/sites\/37\/2022\/09\/Le_site_archeologique_dOlbia-1024x826.jpg 1024w, https:\/\/www.pedagogie.ac-nice.fr\/daac\/wp-content\/uploads\/sites\/37\/2022\/09\/Le_site_archeologique_dOlbia-768x619.jpg 768w, https:\/\/www.pedagogie.ac-nice.fr\/daac\/wp-content\/uploads\/sites\/37\/2022\/09\/Le_site_archeologique_dOlbia-1536x1239.jpg 1536w, https:\/\/www.pedagogie.ac-nice.fr\/daac\/wp-content\/uploads\/sites\/37\/2022\/09\/Le_site_archeologique_dOlbia-2048x1651.jpg 2048w, https:\/\/www.pedagogie.ac-nice.fr\/daac\/wp-content\/uploads\/sites\/37\/2022\/09\/Le_site_archeologique_dOlbia-1080x871.jpg 1080w\" sizes=\"(max-width: 269px) 100vw, 269px\" \/><\/p>\n<p>Le site arch\u00e9ologique d&rsquo;Olbia<\/p>\n<p><img loading=\"lazy\" decoding=\"async\" src=\"https:\/\/www.pedagogie.ac-nice.fr\/daac\/wp-content\/uploads\/sites\/37\/2022\/09\/Antibes_fort_carre_et_monument-scaled.jpg\" width=\"278\" height=\"130\" alt=\"\" class=\"wp-image-13490 alignnone size-full\" srcset=\"https:\/\/www.pedagogie.ac-nice.fr\/daac\/wp-content\/uploads\/sites\/37\/2022\/09\/Antibes_fort_carre_et_monument-scaled.jpg 2560w, https:\/\/www.pedagogie.ac-nice.fr\/daac\/wp-content\/uploads\/sites\/37\/2022\/09\/Antibes_fort_carre_et_monument-300x141.jpg 300w, https:\/\/www.pedagogie.ac-nice.fr\/daac\/wp-content\/uploads\/sites\/37\/2022\/09\/Antibes_fort_carre_et_monument-1024x481.jpg 1024w, https:\/\/www.pedagogie.ac-nice.fr\/daac\/wp-content\/uploads\/sites\/37\/2022\/09\/Antibes_fort_carre_et_monument-768x360.jpg 768w, https:\/\/www.pedagogie.ac-nice.fr\/daac\/wp-content\/uploads\/sites\/37\/2022\/09\/Antibes_fort_carre_et_monument-1536x721.jpg 1536w, https:\/\/www.pedagogie.ac-nice.fr\/daac\/wp-content\/uploads\/sites\/37\/2022\/09\/Antibes_fort_carre_et_monument-2048x961.jpg 2048w, https:\/\/www.pedagogie.ac-nice.fr\/daac\/wp-content\/uploads\/sites\/37\/2022\/09\/Antibes_fort_carre_et_monument-1080x507.jpg 1080w\" sizes=\"(max-width: 278px) 100vw, 278px\" \/><\/p>\n<p>Le Fort Carr\u00e9 d&rsquo;Antibes<\/p>\n<p>[\/et_pb_text][et_pb_divider _builder_version=\u00a0\u00bb4.10.7&Prime; _module_preset=\u00a0\u00bbdefault\u00a0\u00bb global_colors_info=\u00a0\u00bb{}\u00a0\u00bb][\/et_pb_divider][et_pb_text _builder_version=\u00a0\u00bb4.10.7&Prime; _module_preset=\u00a0\u00bbdefault\u00a0\u00bb global_colors_info=\u00a0\u00bb{}\u00a0\u00bb][\/et_pb_text][et_pb_text _builder_version=\u00a0\u00bb4.10.7&Prime; _module_preset=\u00a0\u00bbdefault\u00a0\u00bb text_font=\u00a0\u00bbTrebuchet||||||||\u00a0\u00bb text_text_color=\u00a0\u00bb#000000&Prime; text_font_size=\u00a0\u00bb15px\u00a0\u00bb text_line_height=\u00a0\u00bb1.6em\u00a0\u00bb text_orientation=\u00a0\u00bbjustified\u00a0\u00bb width=\u00a0\u00bb100%\u00a0\u00bb custom_padding=\u00a0\u00bb|0px||||\u00a0\u00bb global_colors_info=\u00a0\u00bb{}\u00a0\u00bb]<\/p>\n<p class=\"v1MsoNormal\" style=\"text-align: center;\"><strong><span style=\"color: #333399;\"><img loading=\"lazy\" decoding=\"async\" src=\"https:\/\/www.pedagogie.ac-nice.fr\/daac\/wp-content\/uploads\/sites\/37\/2022\/09\/LES-ENFANTS-DU-PATRIMOINE.jpg\" width=\"245\" height=\"121\" alt=\"\" class=\"wp-image-13502 alignnone size-full\" srcset=\"https:\/\/www.pedagogie.ac-nice.fr\/daac\/wp-content\/uploads\/sites\/37\/2022\/09\/LES-ENFANTS-DU-PATRIMOINE.jpg 930w, https:\/\/www.pedagogie.ac-nice.fr\/daac\/wp-content\/uploads\/sites\/37\/2022\/09\/LES-ENFANTS-DU-PATRIMOINE-300x148.jpg 300w, https:\/\/www.pedagogie.ac-nice.fr\/daac\/wp-content\/uploads\/sites\/37\/2022\/09\/LES-ENFANTS-DU-PATRIMOINE-768x380.jpg 768w\" sizes=\"(max-width: 245px) 100vw, 245px\" \/><\/span><\/strong><\/p>\n<p class=\"v1MsoNormal\"><strong><span style=\"color: #333399;\"><img loading=\"lazy\" decoding=\"async\" src=\"https:\/\/www.pedagogie.ac-nice.fr\/daac\/wp-content\/uploads\/sites\/37\/2022\/09\/couv-eco-game-scaled.jpg\" width=\"135\" height=\"135\" alt=\"\" class=\"wp-image-13505 alignnone size-full\" style=\"display: block; margin-left: auto; margin-right: auto;\" srcset=\"https:\/\/www.pedagogie.ac-nice.fr\/daac\/wp-content\/uploads\/sites\/37\/2022\/09\/couv-eco-game-scaled.jpg 2560w, https:\/\/www.pedagogie.ac-nice.fr\/daac\/wp-content\/uploads\/sites\/37\/2022\/09\/couv-eco-game-300x300.jpg 300w, https:\/\/www.pedagogie.ac-nice.fr\/daac\/wp-content\/uploads\/sites\/37\/2022\/09\/couv-eco-game-1024x1024.jpg 1024w, https:\/\/www.pedagogie.ac-nice.fr\/daac\/wp-content\/uploads\/sites\/37\/2022\/09\/couv-eco-game-150x150.jpg 150w, https:\/\/www.pedagogie.ac-nice.fr\/daac\/wp-content\/uploads\/sites\/37\/2022\/09\/couv-eco-game-768x768.jpg 768w, https:\/\/www.pedagogie.ac-nice.fr\/daac\/wp-content\/uploads\/sites\/37\/2022\/09\/couv-eco-game-1536x1536.jpg 1536w, https:\/\/www.pedagogie.ac-nice.fr\/daac\/wp-content\/uploads\/sites\/37\/2022\/09\/couv-eco-game-2048x2048.jpg 2048w, https:\/\/www.pedagogie.ac-nice.fr\/daac\/wp-content\/uploads\/sites\/37\/2022\/09\/couv-eco-game-1080x1080.jpg 1080w, https:\/\/www.pedagogie.ac-nice.fr\/daac\/wp-content\/uploads\/sites\/37\/2022\/09\/couv-eco-game-440x440.jpg 440w\" sizes=\"(max-width: 135px) 100vw, 135px\" \/><\/span><\/strong><strong><span style=\"color: #333399;\"><\/span><\/strong><\/p>\n<p class=\"v1MsoNormal\" style=\"text-align: center;\"><strong><span style=\"color: #333399;\">\u00ab Les Enfants du Patrimoine \u00bb au Mus\u00e9e National du Sport<\/span><\/strong><\/p>\n<p class=\"v1MsoNormal\" style=\"text-align: center;\"><strong><span style=\"color: #333399;\">Vendredi 16 septembre 2022\u00a0&#8211; Gratuit<\/span><\/strong><\/p>\n<p class=\"v1MsoNormal\" style=\"text-align: justify;\">Dans le cadre du<span>\u00a0<\/span><b>dispositif \u00ab Levez les yeux ! \u00bb<span>\u00a0<\/span><\/b>et \u00e0 l&rsquo;occasion des<span>\u00a0<\/span><b>Journ\u00e9es Europ\u00e9ennes du Patrimoine<\/b>, le Mus\u00e9e National du Sport invite gratuitement les \u00e9coles et coll\u00e8ges pour la journ\u00e9e des \u00ab Enfants du Patrimoine \u00bb,<span>\u00a0<\/span><u>vendredi 16 septembre 2022<\/u>. Une journ\u00e9e d\u00e9di\u00e9e \u00e0 la th\u00e9matique nationale du patrimoine durable et plus particuli\u00e8rement ici, au sport et \u00e0 l&rsquo;\u00e9cologie. Les \u00e9l\u00e8ves pourront d\u00e9couvrir les collections du Mus\u00e9e National du Sport \u00e0 travers le th\u00e8me \u00ab Quand le sport devient \u00e9co-responsable \u00bb et participer \u00e0 des ateliers p\u00e9dagogiques engag\u00e9s.<\/p>\n<p class=\"v1MsoNormal\" style=\"text-align: justify;\">Pour plus d&rsquo;informations, merci de contacter le service des r\u00e9servations :<\/p>\n<p class=\"v1MsoNormal\" style=\"text-align: justify;\"><a href=\"mailto:reservations@museedusport.fr\" onclick=\"return rcmail.command('compose','reservations@museedusport.fr',this)\" rel=\"noreferrer\">reservations@museedusport.fr<\/a><\/p>\n<p class=\"v1MsoNormal\" style=\"text-align: justify;\">\u00a0 <a href=\"https:\/\/www.museedusport.fr\/\" target=\"_blank\" rel=\"noopener\"><img loading=\"lazy\" decoding=\"async\" src=\"https:\/\/www.pedagogie.ac-nice.fr\/daac\/wp-content\/uploads\/sites\/37\/2021\/10\/musee_national_sport.png\" width=\"90\" height=\"89\" alt=\"\" class=\"wp-image-7619 alignnone size-full\" srcset=\"https:\/\/www.pedagogie.ac-nice.fr\/daac\/wp-content\/uploads\/sites\/37\/2021\/10\/musee_national_sport.png 249w, https:\/\/www.pedagogie.ac-nice.fr\/daac\/wp-content\/uploads\/sites\/37\/2021\/10\/musee_national_sport-150x150.png 150w\" sizes=\"(max-width: 90px) 100vw, 90px\" \/><\/a><\/p>\n<p>[\/et_pb_text][et_pb_divider _builder_version=\u00a0\u00bb4.10.5&Prime; _module_preset=\u00a0\u00bbdefault\u00a0\u00bb global_colors_info=\u00a0\u00bb{}\u00a0\u00bb][\/et_pb_divider][et_pb_text admin_label=\u00a0\u00bbMus\u00e9es d&rsquo;Antibes\u00a0\u00bb _builder_version=\u00a0\u00bb4.10.7&Prime; _module_preset=\u00a0\u00bbdefault\u00a0\u00bb hover_enabled=\u00a0\u00bb0&Prime; global_colors_info=\u00a0\u00bb{}\u00a0\u00bb text_font=\u00a0\u00bbTrebuchet||||||||\u00a0\u00bb sticky_enabled=\u00a0\u00bb0&Prime;]<\/p>\n<p style=\"text-align: left;\"><span style=\"font-family: verdana, geneva, sans-serif; font-size: 10pt;\"><span style=\"color: #0000ff;\"><img loading=\"lazy\" decoding=\"async\" class=\"wp-image-5291 alignleft\" src=\"https:\/\/www.pedagogie.ac-nice.fr\/daac\/wp-content\/uploads\/sites\/37\/2021\/09\/Antibes_JEP.png\" alt=\"\" width=\"185\" height=\"83\" \/>L<span style=\"color: #000000;\">es <strong>mus\u00e9es d&rsquo;Antibes<\/strong> vous accueillent vendredi 17 septembre, dans le cadre de cette journ\u00e9e d\u00e9di\u00e9e aux \u00e9coles, pour des visites et ateliers autour de notre patrimoine. R\u00e9servation obligatoire.<\/span><\/span><span style=\"color: #000000;\"><a href=\"https:\/\/fr.calameo.com\/read\/002074504025b821370dd\" target=\"_blank\" rel=\"noopener\" style=\"color: #000000;\"> Le programme est en ligne ici.<\/a><\/span><\/span><\/p>\n<p>[\/et_pb_text][et_pb_code _builder_version=\u00a0\u00bb4.10.7&Prime; _module_preset=\u00a0\u00bbdefault\u00a0\u00bb global_colors_info=\u00a0\u00bb{}\u00a0\u00bb]<iframe loading=\"lazy\" src=\"https:\/\/www.pearltrees.com\/daac_pm_nice\/en-ce-moment\/id35924919?embed=2&#038;d=202109171718\" width=\"560\" height=\"413\" style=\"border:0px;\" allowtransparency=\"true\"><\/iframe><span style=\"display:block; padding-top:2px; color:#818181; font-size:13px;\"><a href=\"https:\/\/www.pearltrees.com\/daac_pm_nice\/en-ce-moment\/id35924919\" style=\" color:#818181; font-size:13px;\" target=\"_blank\" rel=\"noopener\">En ce moment<\/a>, par <a href=\"https:\/\/www.pearltrees.com\/daac_pm_nice\" style=\" color:#818181; font-size:13px;\" target=\"_blank\" rel=\"noopener\">daac_pm_nice<\/a><\/span>[\/et_pb_code][\/et_pb_column][et_pb_column type=\u00a0\u00bb1_4&Prime; _builder_version=\u00a0\u00bb4.10.5&Prime; _module_preset=\u00a0\u00bbdefault\u00a0\u00bb global_colors_info=\u00a0\u00bb{}\u00a0\u00bb][et_pb_divider _builder_version=\u00a0\u00bb4.10.5&Prime; _module_preset=\u00a0\u00bbdefault\u00a0\u00bb global_colors_info=\u00a0\u00bb{}\u00a0\u00bb][\/et_pb_divider][et_pb_text admin_label=\u00a0\u00bbJEP_Hyeres\u00a0\u00bb _builder_version=\u00a0\u00bb4.10.7&Prime; _module_preset=\u00a0\u00bbdefault\u00a0\u00bb box_shadow_style=\u00a0\u00bbpreset1&Prime; global_colors_info=\u00a0\u00bb{}\u00a0\u00bb]<\/p>\n<p><a href=\"https:\/\/www.pedagogie.ac-nice.fr\/daac\/wp-content\/uploads\/sites\/37\/2021\/09\/Actions-scolaires-JEP-2021Hyeres.pdf\" target=\"_blank\" rel=\"noopener\"><img loading=\"lazy\" decoding=\"async\" class=\"aligncenter wp-image-5278 size-medium\" src=\"https:\/\/www.pedagogie.ac-nice.fr\/daac\/wp-content\/uploads\/sites\/37\/2021\/09\/JEP_Hyeres-300x192.png\" alt=\"\" width=\"300\" height=\"192\" srcset=\"https:\/\/www.pedagogie.ac-nice.fr\/daac\/wp-content\/uploads\/sites\/37\/2021\/09\/JEP_Hyeres-300x192.png 300w, https:\/\/www.pedagogie.ac-nice.fr\/daac\/wp-content\/uploads\/sites\/37\/2021\/09\/JEP_Hyeres.png 314w\" sizes=\"(max-width: 300px) 100vw, 300px\" \/><\/a><\/p>\n<p>[\/et_pb_text][et_pb_text admin_label=\u00a0\u00bbCAUE\u00a0\u00bb _builder_version=\u00a0\u00bb4.10.7&Prime; _module_preset=\u00a0\u00bbdefault\u00a0\u00bb box_shadow_style=\u00a0\u00bbpreset1&Prime; global_colors_info=\u00a0\u00bb{}\u00a0\u00bb]<\/p>\n<p><a href=\"https:\/\/www.pedagogie.ac-nice.fr\/daac\/wp-content\/uploads\/sites\/37\/2021\/09\/CAUE-VAR-SCOLAIRES-JEP-2021.pdf\" target=\"_blank\" rel=\"noopener\"><img loading=\"lazy\" decoding=\"async\" class=\" wp-image-5284 aligncenter\" src=\"https:\/\/www.pedagogie.ac-nice.fr\/daac\/wp-content\/uploads\/sites\/37\/2021\/09\/JEP_CAUE.png\" alt=\"\" width=\"214\" height=\"174\"><\/a><\/p>\n<p>[\/et_pb_text][et_pb_text admin_label=\u00a0\u00bbMamac Breil\u00a0\u00bb _builder_version=\u00a0\u00bb4.10.7&Prime; _module_preset=\u00a0\u00bbdefault\u00a0\u00bb global_colors_info=\u00a0\u00bb{}\u00a0\u00bb]<\/p>\n<p><a href=\"https:\/\/www.pedagogie.ac-nice.fr\/daac\/2021\/09\/14\/jep-mamac-breil\/\" target=\"_blank\" rel=\"noopener\"><img loading=\"lazy\" decoding=\"async\" class=\"aligncenter wp-image-5322 size-full\" src=\"https:\/\/www.pedagogie.ac-nice.fr\/daac\/wp-content\/uploads\/sites\/37\/2021\/09\/Mamac_Breil.png\" alt=\"\" width=\"278\" height=\"195\"><\/a><\/p>\n<p>[\/et_pb_text][\/et_pb_column][\/et_pb_row][et_pb_row column_structure=\u00a0\u00bb1_3,1_3,1_3&Prime; _builder_version=\u00a0\u00bb4.10.7&Prime; _module_preset=\u00a0\u00bbdefault\u00a0\u00bb global_colors_info=\u00a0\u00bb{}\u00a0\u00bb][et_pb_column type=\u00a0\u00bb1_3&Prime; _builder_version=\u00a0\u00bb4.10.7&Prime; _module_preset=\u00a0\u00bbdefault\u00a0\u00bb global_colors_info=\u00a0\u00bb{}\u00a0\u00bb][\/et_pb_column][et_pb_column type=\u00a0\u00bb1_3&Prime; _builder_version=\u00a0\u00bb4.10.7&Prime; _module_preset=\u00a0\u00bbdefault\u00a0\u00bb global_colors_info=\u00a0\u00bb{}\u00a0\u00bb][\/et_pb_column][et_pb_column type=\u00a0\u00bb1_3&Prime; _builder_version=\u00a0\u00bb4.10.7&Prime; _module_preset=\u00a0\u00bbdefault\u00a0\u00bb global_colors_info=\u00a0\u00bb{}\u00a0\u00bb][\/et_pb_column][\/et_pb_row][et_pb_row _builder_version=\u00a0\u00bb4.10.5&Prime; _module_preset=\u00a0\u00bbdefault\u00a0\u00bb global_colors_info=\u00a0\u00bb{}\u00a0\u00bb][et_pb_column type=\u00a0\u00bb4_4&Prime; _builder_version=\u00a0\u00bb4.10.5&Prime; _module_preset=\u00a0\u00bbdefault\u00a0\u00bb global_colors_info=\u00a0\u00bb{}\u00a0\u00bb][et_pb_text _builder_version=\u00a0\u00bb4.10.7&Prime; _module_preset=\u00a0\u00bbdefault\u00a0\u00bb global_colors_info=\u00a0\u00bb{}\u00a0\u00bb]<\/p>\n<p style=\"text-align: center;\"><strong><span style=\"font-family: verdana, geneva, sans-serif; font-size: 10pt; color: #ff6600;\">Retrouvez toutes les initiatives du dispositif Levez Les yeux de notre acad\u00e9mie en cliquant sur la carte<\/span><\/strong><\/p>\n<p>[\/et_pb_text][et_pb_code _builder_version=\u00a0\u00bb4.10.5&Prime; _module_preset=\u00a0\u00bbdefault\u00a0\u00bb global_colors_info=\u00a0\u00bb{}\u00a0\u00bb]<iframe loading=\"lazy\" width=\"100%\" height=\"100%\" src=\"https:\/\/livemap.getwemap.com\/embed.html?emmid=15344&#038;iframeid=1d372a8d-b728-4a9a-a306-74f07ed307ce&#038;token=at5762afd38d6f01.85348805#\/search@43.6930554,6.7178492,9.08\" frameborder=\"0\" style=\"max-width:100%\" allowfullscreen allowtransparency allow=\"geolocation; camera; accelerometer; gyroscope; magnetometer; fullscreen\"><\/iframe>[\/et_pb_code][\/et_pb_column][\/et_pb_row][\/et_pb_section]<\/p>\n","protected":false},"excerpt":{"rendered":"<p>Historique de l&rsquo;\u00e9v\u00e9nement sur 16, 17 et 18 septembre 2022Th\u00e8me de la 39e \u00e9dition : Le Patrimoine DurablePour leur 39e \u00e9dition, les Journ\u00e9es europ\u00e9ennes du Patrimoine (JEP) proposeront les 17, 18 et 19 septembre 2022 aux citoyens de tous les \u00e2ges de visiter le patrimoine national et europ\u00e9en et de d\u00e9couvrir ainsi des lieux et [&hellip;]<\/p>\n","protected":false},"author":241,"featured_media":0,"parent":0,"menu_order":0,"comment_status":"closed","ping_status":"closed","template":"","meta":{"_et_pb_use_builder":"on","_et_pb_old_content":"<p style=\"text-align: justify;\">Pour leur 38e \u00e9dition, les Journ\u00e9es europ\u00e9ennes du Patrimoine\u00a0 (JEP) proposeront aux citoyens de tous les \u00e2ges de visiter le patrimoine national et europ\u00e9en et de d\u00e9couvrir ainsi des lieux et des b\u00e2timents habituellement ferm\u00e9s ou peu fr\u00e9quent\u00e9s.<\/p><p style=\"text-align: center;\"><a href=\"https:\/\/www.pedagogie.ac-nice.fr\/daac\/wp-content\/uploads\/sites\/37\/2021\/02\/lever_les_yeux_patrimoine.jpg\"><img class=\"alignnone size-full wp-image-2282\" src=\"https:\/\/www.pedagogie.ac-nice.fr\/daac\/wp-content\/uploads\/sites\/37\/2021\/02\/lever_les_yeux_patrimoine.jpg\" alt=\"\" width=\"739\" height=\"416\"><\/a><\/p><p style=\"text-align: center;\">L'\u00e9dition 2021 se pr\u00e9pare pour le mois de septembre prochain<br>(18 et 19 juin 2021)<br>sous r\u00e9serve de confirmation<\/p><p>Toute l'actualit\u00e9 ici <a href=\"https:\/\/datecle.com\/event\/journees-europeennes-patrimoine.html\" target=\"_blank\" rel=\"noopener\"><img class=\"alignnone wp-image-1425 size-full\" src=\"https:\/\/www.pedagogie.ac-nice.fr\/daac\/wp-content\/uploads\/sites\/37\/2020\/11\/logo_violet.png\" alt=\"\" width=\"70\" height=\"65\"><\/a><\/p><p>Et sur le site du Minist\u00e8re de la Culture <a href=\"https:\/\/www.culture.gouv.fr\/Nous-connaitre\/Evenements-nationaux\/Journees-Europeennes-du-Patrimoine\" target=\"_blank\" rel=\"noopener\"><img class=\"alignnone wp-image-1939\" src=\"https:\/\/www.pedagogie.ac-nice.fr\/daac\/wp-content\/uploads\/sites\/37\/2021\/01\/puce-rose-2.png\" alt=\"\" width=\"44\" height=\"42\"><\/a><\/p><p>Toutes l'actualit\u00e9 de l'\u00e9dition 2021 ici <a href=\"https:\/\/journeesdupatrimoine.culture.gouv.fr\/\/\" target=\"_blank\" rel=\"noopener\"><img class=\"alignnone wp-image-1500\" src=\"https:\/\/www.pedagogie.ac-nice.fr\/daac\/wp-content\/uploads\/sites\/37\/2020\/12\/puce_verte.jpg\" alt=\"puce verte adage\" width=\"47\" height=\"43\"><\/a><\/p>","_et_gb_content_width":"","ngg_post_thumbnail":0,"footnotes":""},"class_list":["post-2254","page","type-page","status-publish","hentry"],"rttpg_featured_image_url":null,"rttpg_author":{"display_name":"daacadmin","author_link":"https:\/\/www.pedagogie.ac-nice.fr\/daac\/author\/daacadmin\/"},"rttpg_comment":0,"rttpg_category":null,"rttpg_excerpt":"Historique de l'\u00e9v\u00e9nement sur 16, 17 et 18 septembre 2022Th\u00e8me de la 39e \u00e9dition : Le Patrimoine DurablePour leur 39e \u00e9dition, les Journ\u00e9es europ\u00e9ennes du Patrimoine (JEP) proposeront les 17, 18 et 19 septembre 2022 aux citoyens de tous les \u00e2ges de visiter le patrimoine national et europ\u00e9en et de d\u00e9couvrir ainsi des lieux et\u2026","post_mailing_queue_ids":[],"_links":{"self":[{"href":"https:\/\/www.pedagogie.ac-nice.fr\/daac\/wp-json\/wp\/v2\/pages\/2254","targetHints":{"allow":["GET"]}}],"collection":[{"href":"https:\/\/www.pedagogie.ac-nice.fr\/daac\/wp-json\/wp\/v2\/pages"}],"about":[{"href":"https:\/\/www.pedagogie.ac-nice.fr\/daac\/wp-json\/wp\/v2\/types\/page"}],"author":[{"embeddable":true,"href":"https:\/\/www.pedagogie.ac-nice.fr\/daac\/wp-json\/wp\/v2\/users\/241"}],"replies":[{"embeddable":true,"href":"https:\/\/www.pedagogie.ac-nice.fr\/daac\/wp-json\/wp\/v2\/comments?post=2254"}],"version-history":[{"count":58,"href":"https:\/\/www.pedagogie.ac-nice.fr\/daac\/wp-json\/wp\/v2\/pages\/2254\/revisions"}],"predecessor-version":[{"id":14702,"href":"https:\/\/www.pedagogie.ac-nice.fr\/daac\/wp-json\/wp\/v2\/pages\/2254\/revisions\/14702"}],"wp:attachment":[{"href":"https:\/\/www.pedagogie.ac-nice.fr\/daac\/wp-json\/wp\/v2\/media?parent=2254"}],"curies":[{"name":"wp","href":"https:\/\/api.w.org\/{rel}","templated":true}]}}