{"id":2966,"date":"2021-04-30T16:04:27","date_gmt":"2021-04-30T14:04:27","guid":{"rendered":"https:\/\/www.pedagogie.ac-nice.fr\/daac\/?page_id=2966"},"modified":"2025-01-22T16:31:38","modified_gmt":"2025-01-22T15:31:38","slug":"dispositif-jeunes-en-librairie","status":"publish","type":"page","link":"https:\/\/www.pedagogie.ac-nice.fr\/daac\/dispositif-jeunes-en-librairie\/","title":{"rendered":"Dispositif \u00ab\u00a0Jeunes en librairie\u00a0\u00bb"},"content":{"rendered":"<p>[et_pb_section fb_built=\u00a0\u00bb1&Prime; _builder_version=\u00a0\u00bb4.16&Prime; global_colors_info=\u00a0\u00bb{}\u00a0\u00bb][et_pb_row column_structure=\u00a0\u00bb1_3,2_3&Prime; _builder_version=\u00a0\u00bb4.16&Prime; background_size=\u00a0\u00bbinitial\u00a0\u00bb background_position=\u00a0\u00bbtop_left\u00a0\u00bb background_repeat=\u00a0\u00bbrepeat\u00a0\u00bb global_colors_info=\u00a0\u00bb{}\u00a0\u00bb][et_pb_column type=\u00a0\u00bb1_3&Prime; _builder_version=\u00a0\u00bb4.16&Prime; custom_padding=\u00a0\u00bb|||\u00a0\u00bb global_colors_info=\u00a0\u00bb{}\u00a0\u00bb custom_padding__hover=\u00a0\u00bb|||\u00a0\u00bb][et_pb_text admin_label=\u00a0\u00bblofo reseau du livre\u00a0\u00bb _builder_version=\u00a0\u00bb4.16&Prime; _module_preset=\u00a0\u00bbdefault\u00a0\u00bb global_colors_info=\u00a0\u00bb{}\u00a0\u00bb]<\/p>\n<p><a href=\"https:\/\/www.pedagogie.ac-nice.fr\/daac\/domaine-reseau-du-livre\/\" target=\"_blank\" rel=\"noopener\"><img loading=\"lazy\" decoding=\"async\" class=\"aligncenter wp-image-10334\" src=\"https:\/\/www.pedagogie.ac-nice.fr\/daac\/wp-content\/uploads\/sites\/37\/2021\/12\/reseau_libre_BD-1.jpg\" alt=\"\" width=\"282\" height=\"173\" srcset=\"https:\/\/www.pedagogie.ac-nice.fr\/daac\/wp-content\/uploads\/sites\/37\/2021\/12\/reseau_libre_BD-1.jpg 498w, https:\/\/www.pedagogie.ac-nice.fr\/daac\/wp-content\/uploads\/sites\/37\/2021\/12\/reseau_libre_BD-1-300x184.jpg 300w\" sizes=\"(max-width: 282px) 100vw, 282px\" \/><\/a><\/p>\n<p>[\/et_pb_text][et_pb_divider _builder_version=\u00a0\u00bb4.16&Prime; _module_preset=\u00a0\u00bbdefault\u00a0\u00bb global_colors_info=\u00a0\u00bb{}\u00a0\u00bb][\/et_pb_divider][et_pb_text admin_label=\u00a0\u00bbappel a projet illustration\u00a0\u00bb _builder_version=\u00a0\u00bb4.27.4&Prime; background_size=\u00a0\u00bbinitial\u00a0\u00bb background_position=\u00a0\u00bbtop_left\u00a0\u00bb background_repeat=\u00a0\u00bbrepeat\u00a0\u00bb hover_enabled=\u00a0\u00bb0&Prime; global_colors_info=\u00a0\u00bb{}\u00a0\u00bb sticky_enabled=\u00a0\u00bb0&Prime; custom_margin=\u00a0\u00bb||63px|||\u00a0\u00bb]<\/p>\n<p><img loading=\"lazy\" decoding=\"async\" src=\"https:\/\/www.pedagogie.ac-nice.fr\/daac\/wp-content\/uploads\/sites\/37\/2025\/01\/jeunes-en-librairie-300x129.png\" width=\"300\" height=\"129\" alt=\"\" class=\"wp-image-15706 alignnone size-medium\" srcset=\"https:\/\/www.pedagogie.ac-nice.fr\/daac\/wp-content\/uploads\/sites\/37\/2025\/01\/jeunes-en-librairie-300x129.png 300w, https:\/\/www.pedagogie.ac-nice.fr\/daac\/wp-content\/uploads\/sites\/37\/2025\/01\/jeunes-en-librairie.png 598w\" sizes=\"(max-width: 300px) 100vw, 300px\" \/><\/p>\n<p>[\/et_pb_text][\/et_pb_column][et_pb_column type=\u00a0\u00bb2_3&Prime; _builder_version=\u00a0\u00bb4.16&Prime; custom_padding=\u00a0\u00bb|||\u00a0\u00bb global_colors_info=\u00a0\u00bb{}\u00a0\u00bb custom_padding__hover=\u00a0\u00bb|||\u00a0\u00bb][et_pb_text _builder_version=\u00a0\u00bb4.27.4&Prime; text_font=\u00a0\u00bbTrebuchet||||||||\u00a0\u00bb background_size=\u00a0\u00bbinitial\u00a0\u00bb background_position=\u00a0\u00bbtop_left\u00a0\u00bb background_repeat=\u00a0\u00bbrepeat\u00a0\u00bb text_orientation=\u00a0\u00bbjustified\u00a0\u00bb hover_enabled=\u00a0\u00bb0&Prime; global_colors_info=\u00a0\u00bb{}\u00a0\u00bb text_text_color=\u00a0\u00bb#000000&Prime; text_font_size=\u00a0\u00bb16px\u00a0\u00bb sticky_enabled=\u00a0\u00bb0&Prime;]<\/p>\n<p style=\"text-align: center;\"><span style=\"color: #ff00ff;\">\u00a0<span style=\"color: #993366; font-size: xx-large;\"><strong>APPEL A PROJET<br \/><\/strong><b>2024\/2025<\/b><\/span><\/span><span style=\"font-size: xx-large;\"><a href=\"https:\/\/www.pedagogie.ac-nice.fr\/daac\/wp-content\/uploads\/sites\/37\/2022\/05\/Appel-aprojetJeunesenlibrairie.pdf\" target=\"_blank\" rel=\"noopener\" style=\"color: #0000ff;\">\u00a0<\/a><\/span><\/p>\n<p style=\"text-align: center;\"><strong>\u00ab\u00a0Jeunes en librairie\u00a0\u00bb dans l&rsquo;acad\u00e9mie de Nice<br \/>2024-2025<\/strong><\/p>\n<p><strong>Pr\u00e9sentation globale du dispositif<\/strong><\/p>\n<p>Pour l&rsquo;ann\u00e9e scolaire <strong>2024-2025<\/strong>, pr\u00e8s de <strong>1 700 \u00e9l\u00e8ves<\/strong> issus de plus de <strong>100 \u00e9tablissements<\/strong> participent au dispositif dans l&rsquo;acad\u00e9mie de Nice.<\/p>\n<p>Les actions mises en \u0153uvre t\u00e9moignent de la cr\u00e9ativit\u00e9 des \u00e9quipe p\u00e9dagogiques pour transmettre une culture du livre et de la lecture aux multiples enjeux\u00a0:<\/p>\n<ol>\n<li><strong>Explorer l\u2019\u00e9cosyst\u00e8me du livre<\/strong><br \/>Permettre aux \u00e9l\u00e8ves de d\u00e9couvrir les acteurs de la cha\u00eene du livre (auteurs, \u00e9diteurs, libraires) et de comprendre les diff\u00e9rentes \u00e9tapes qui m\u00e8nent un ouvrage de sa cr\u00e9ation \u00e0 son lectorat.<\/li>\n<li><strong>Susciter la cr\u00e9ativit\u00e9 \u00e0 partir du livre et de la lecture<\/strong><br \/>Encourager les jeunes \u00e0 exprimer leur imagination \u00e0 travers des ateliers d\u2019\u00e9criture, de bande dessin\u00e9e ou encore de cr\u00e9ation graphique, tout en leur donnant les moyens de se raconter et d\u2019explorer des th\u00e8mes vari\u00e9s.<\/li>\n<li><strong>Renouveler les approches de la culture litt\u00e9raire<\/strong><br \/>Faire (re)d\u00e9couvrir le patrimoine litt\u00e9raire \u00e0 travers des projets li\u00e9s \u00e0 des figures embl\u00e9matiques (comme Victor Hugo) ou des initiatives mettant en valeur le patrimoine culturel local.<\/li>\n<li><strong>Retrouver le plaisir du texte \u00e0 travers le jeu<\/strong><br \/>Rendre la lecture plus attractive \u00e0 travers des activit\u00e9s ludiques telles que des escape games, des jeux d\u2019\u00e9nigmes ou des parcours interactifs en librairie.<\/li>\n<li><strong>Valoriser la lecture comme exp\u00e9rience personnelle et intime<\/strong><br \/>Insister sur la lecture comme moyen de d\u00e9veloppement personnel, favorisant la d\u00e9couverte de soi, la construction de son identit\u00e9 et l\u2019\u00e9panouissement.<\/li>\n<li><strong>Cr\u00e9er du lien entre les \u00e9l\u00e8ves et les g\u00e9n\u00e9rations gr\u00e2ce \u00e0 la lecture<\/strong><br \/>Favoriser les rencontres interg\u00e9n\u00e9rationnelles \u00e0 travers des \u00e9v\u00e9nements et des projets collaboratifs centr\u00e9s sur le partage d\u2019histoires et de souvenirs.<\/li>\n<li><strong>Approfondir les exp\u00e9riences sensorielles et mat\u00e9rielles autour du livre<\/strong><br \/>Proposer aux \u00e9l\u00e8ves de manipuler le livre dans toutes ses dimensions : toucher, explorer sa mati\u00e8re, comprendre sa conception, et appr\u00e9hender le livre comme un objet artistique.<\/li>\n<li><strong>Promouvoir la lecture comme levier de remotivation et d\u2019\u00e9mancipation<\/strong><br \/>Mettre en avant la lecture comme un outil pour restaurer la confiance des jeunes en difficult\u00e9 et les accompagner dans leur cheminement personnel et scolaire.<\/li>\n<li><strong>Transmettre une culture de la bande dessin\u00e9e<\/strong><br \/>Sensibiliser les \u00e9l\u00e8ves \u00e0 la richesse de la bande dessin\u00e9e, \u00e0 ses techniques et \u00e0 ses m\u00e9tiers, en valorisant un support souvent plus accessible pour les jeunes publics.<\/li>\n<\/ol>\n<p><strong><u>Contacts\u00a0pour l\u2019acad\u00e9mie de Nice <br \/><\/u><\/strong><strong><br \/>Coordination du dispositif, aide aux \u00e9quipes p\u00e9dagogiques.<\/strong><strong>\u00a0<\/strong><\/p>\n<p><strong>-Christine.Denel@ac-nice.fr pour le Var<br \/>-Pascale.Pougault@ac-nice pour les AM<\/strong><strong>\u00a0<\/strong><\/p>\n<p>Professeures, charg\u00e9es de Mission DAAC.<\/p>\n<p style=\"text-align: center;\"><span style=\"color: #0000ff;\"><a style=\"color: #0000ff;\" href=\"https:\/\/www.pedagogie.ac-nice.fr\/daac\/wp-content\/uploads\/sites\/37\/2022\/05\/Appel-aprojetJeunesenlibrairie.pdf\" target=\"_blank\" rel=\"noopener\"><img loading=\"lazy\" decoding=\"async\" class=\"wp-image-1499 aligncenter\" src=\"https:\/\/www.pedagogie.ac-nice.fr\/daac\/wp-content\/uploads\/sites\/37\/2020\/12\/puce_rose.jpg\" alt=\"\" width=\"58\" height=\"47\" \/><\/a><\/span><\/p>\n<p>[\/et_pb_text][\/et_pb_column][\/et_pb_row][\/et_pb_section]<\/p>\n","protected":false},"excerpt":{"rendered":"<p>\u00a0APPEL A PROJET2024\/2025\u00a0 \u00ab\u00a0Jeunes en librairie\u00a0\u00bb dans l&rsquo;acad\u00e9mie de Nice2024-2025 Pr\u00e9sentation globale du dispositif Pour l&rsquo;ann\u00e9e scolaire 2024-2025, pr\u00e8s de 1 700 \u00e9l\u00e8ves issus de plus de 100 \u00e9tablissements participent au dispositif dans l&rsquo;acad\u00e9mie de Nice. Les actions mises en \u0153uvre t\u00e9moignent de la cr\u00e9ativit\u00e9 des \u00e9quipe p\u00e9dagogiques pour transmettre une culture du livre et [&hellip;]<\/p>\n","protected":false},"author":241,"featured_media":0,"parent":0,"menu_order":0,"comment_status":"closed","ping_status":"closed","template":"","meta":{"_et_pb_use_builder":"on","_et_pb_old_content":"<p>\u00a0<img class=\"size-medium wp-image-2981 aligncenter\" src=\"https:\/\/www.pedagogie.ac-nice.fr\/daac\/wp-content\/uploads\/sites\/37\/2021\/04\/logo_focus_2.jpg\" alt=\"\" width=\"205\" height=\"174\"><\/p><p style=\"text-align: center;\"><strong><span style=\"color: #0000ff;\">APPEL A PROJET<\/span><\/strong><\/p><p style=\"text-align: justify;\"><span style=\"color: #0000ff;\">Inscrit dans\u00a0 le cadre du plan de relance, le dispositif national \u00ab\u00a0Jeunes en librairie\u00a0\u00bb propose une approche originale pour d\u00e9couvrir la librairie ind\u00e9pendante et la cha\u00eene du livre (ses pratiques, ses enjeux culturels et \u00e9conomiques, ses circuits sp\u00e9cifiques) en associant au sein d'un m\u00eame projet des enseignants et des libraires.<\/span><\/p><p style=\"text-align: justify;\"><span style=\"color: #0000ff;\">A travers cette approche, l'\u00e9l\u00e8ve est invit\u00e9 \u00e0 construire et d\u00e9velopper son go\u00fbt en mati\u00e8re de lecture, de mani\u00e8re personnalis\u00e9e. Il a la possibilit\u00e9 de choisir un ou plusieurs ouvrages de son choix, dans n'importe quel domaine, qu'il pourra garder.<\/span><br><span style=\"color: #0000ff;\">Ainsi, la connaissance des enjeux de l'\u00e9conomie du livre et des acteurs de la cha\u00eene du livre ajout\u00e9 \u00e0 la possibilit\u00e9 de choisir un livre pour lui, permet \u00e0 l'\u00e9l\u00e8ve de devenir l'acteur autonome de ses pratiques de lecture.<\/span><\/p><p style=\"text-align: justify;\"><span style=\"color: #0000ff;\">Dans notre acad\u00e9mie, ce projet est construit en partenariat avec l'association \"Libraires du Sud\"\u00a0 (association r\u00e9gionale des libraires ind\u00e9pendants), la direction r\u00e9gionale des affaires culturelles PACA et la d\u00e9l\u00e9gation acad\u00e9mique \u00e0 l'\u00e9ducation artistique et culturelle de l'acad\u00e9mie de Nice.<\/span><\/p><p style=\"text-align: justify;\"><span style=\"color: #0000ff;\">Le <strong>dispositif \u00ab\u00a0Jeunes en librairie\u00a0\u00bb<\/strong> est propos\u00e9 pour la rentr\u00e9e scolaire 2021 \u00e0 <strong>l'ensemble des coll\u00e8ges (\u00e0 partir de la 4\u00e8me), des lyc\u00e9es et des lyc\u00e9es professionnels.<\/strong><\/span><\/p><ol><li><span style=\"color: #0000ff;\">les rencontres avec le libraire, qui pr\u00e9sente aux \u00e9l\u00e8ves le livre, sa librairie, son m\u00e9tier, les acteurs et l'\u00e9conomie du livre\u00a0;<\/span><\/li><li><span style=\"color: #0000ff;\">la visite de la librairie par les \u00e9l\u00e8ves avec l'achat du livre de leur choix.<\/span><\/li><\/ol><p style=\"text-align: justify;\"><span style=\"color: #0000ff;\">Les rencontres et les s\u00e9ances de travail pourront se d\u00e9rouler tour \u00e0 tour dans la libraire et dans l'\u00e9tablissement scolaire.<\/span><br><span style=\"color: #0000ff;\">Le parcours peut s'enrichir de rencontres d'autres professionnels et acteurs de la cha\u00eene du livre (illustrateurs, \u00e9crivains, \u00e9diteurs, imprimeurs, etc.)<\/span><\/p><p style=\"text-align: justify;\"><span style=\"color: #0000ff;\">Ce dispositif\u00a0 concerne toutes les disciplines, il int\u00e9ressera notamment les professeurs documentalistes dans le cadre de l'animation de projets inter-disciplinaires.<\/span><\/p><p style=\"text-align: justify;\"><span style=\"color: #0000ff;\">Une participation financi\u00e8re de 1500 \u20ac maximum pourra \u00eatre apport\u00e9e \u00e0 l'\u00e9tablissement dans le cadre de ce dispositif.<\/span><\/p><p><span style=\"color: #ff00ff;\"><strong>Saisie des projets sur la plateforme ADAGE \u00e0 partir du 17 mai jusqu'au 15 juin.<\/strong><\/span><\/p><p><span style=\"color: #0000ff;\">Cahier des charges\u00a0<\/span><a href=\"https:\/\/www.pedagogie.ac-nice.fr\/daac\/wp-content\/uploads\/sites\/37\/2021\/04\/Cahier_charges_JEL.pdf\" target=\"_blank\" rel=\"noopener\"><img class=\"alignnone wp-image-1499\" src=\"https:\/\/www.pedagogie.ac-nice.fr\/daac\/wp-content\/uploads\/sites\/37\/2020\/12\/puce_rose.jpg\" alt=\"\" width=\"58\" height=\"47\"><\/a><\/p><p><span style=\"color: #0000ff;\">Coordonn\u00e9es des librairies concern\u00e9es <a href=\"https:\/\/www.pedagogie.ac-nice.fr\/daac\/wp-content\/uploads\/sites\/37\/2021\/04\/LibrairiesJEL.pdf\" target=\"_blank\" rel=\"noopener\"><img class=\"alignnone wp-image-1499\" src=\"https:\/\/www.pedagogie.ac-nice.fr\/daac\/wp-content\/uploads\/sites\/37\/2020\/12\/puce_rose.jpg\" alt=\"\" width=\"58\" height=\"47\"><\/a><\/span><\/p>","_et_gb_content_width":"","ngg_post_thumbnail":0,"footnotes":""},"class_list":["post-2966","page","type-page","status-publish","hentry"],"rttpg_featured_image_url":null,"rttpg_author":{"display_name":"daacadmin","author_link":"https:\/\/www.pedagogie.ac-nice.fr\/daac\/author\/daacadmin\/"},"rttpg_comment":0,"rttpg_category":null,"rttpg_excerpt":"\u00a0APPEL A PROJET2024\/2025\u00a0 \"Jeunes en librairie\" dans l'acad\u00e9mie de Nice2024-2025 Pr\u00e9sentation globale du dispositif Pour l'ann\u00e9e scolaire 2024-2025, pr\u00e8s de 1 700 \u00e9l\u00e8ves issus de plus de 100 \u00e9tablissements participent au dispositif dans l'acad\u00e9mie de Nice. Les actions mises en \u0153uvre t\u00e9moignent de la cr\u00e9ativit\u00e9 des \u00e9quipe p\u00e9dagogiques pour transmettre une culture du livre et\u2026","post_mailing_queue_ids":[],"_links":{"self":[{"href":"https:\/\/www.pedagogie.ac-nice.fr\/daac\/wp-json\/wp\/v2\/pages\/2966","targetHints":{"allow":["GET"]}}],"collection":[{"href":"https:\/\/www.pedagogie.ac-nice.fr\/daac\/wp-json\/wp\/v2\/pages"}],"about":[{"href":"https:\/\/www.pedagogie.ac-nice.fr\/daac\/wp-json\/wp\/v2\/types\/page"}],"author":[{"embeddable":true,"href":"https:\/\/www.pedagogie.ac-nice.fr\/daac\/wp-json\/wp\/v2\/users\/241"}],"replies":[{"embeddable":true,"href":"https:\/\/www.pedagogie.ac-nice.fr\/daac\/wp-json\/wp\/v2\/comments?post=2966"}],"version-history":[{"count":13,"href":"https:\/\/www.pedagogie.ac-nice.fr\/daac\/wp-json\/wp\/v2\/pages\/2966\/revisions"}],"predecessor-version":[{"id":15707,"href":"https:\/\/www.pedagogie.ac-nice.fr\/daac\/wp-json\/wp\/v2\/pages\/2966\/revisions\/15707"}],"wp:attachment":[{"href":"https:\/\/www.pedagogie.ac-nice.fr\/daac\/wp-json\/wp\/v2\/media?parent=2966"}],"curies":[{"name":"wp","href":"https:\/\/api.w.org\/{rel}","templated":true}]}}