{"id":3020,"date":"2021-05-03T22:00:36","date_gmt":"2021-05-03T20:00:36","guid":{"rendered":"https:\/\/www.pedagogie.ac-nice.fr\/daac\/?page_id=3020"},"modified":"2021-05-24T00:30:28","modified_gmt":"2021-05-23T22:30:28","slug":"asv-danse","status":"publish","type":"page","link":"https:\/\/www.pedagogie.ac-nice.fr\/daac\/asv-danse\/","title":{"rendered":"Quelques r\u00e9alisations &#8211; DANSE ASV"},"content":{"rendered":"<p style=\"text-align: center;\"><strong>Faisons place au corps, dansons, ensemble pour mieux vivre et mieux apprendre !<\/strong><\/p>\n<p style=\"text-align: center;\"><strong><span style=\"color: #ff00ff;\">Des projets en \u00e9tablissement<\/span><\/strong><\/p>\n<p style=\"text-align: justify;\">La pratique artistique doit trouver sa place au c\u0153ur des apprentissages scolaires pour \u00e9lever le niveau d&rsquo;\u00e9ducation et lutter contre les in\u00e9galit\u00e9s (<a href=\"http:\/\/www.unesco.org\/new\/fr\/culture\/themes\/creativity\/arts-education\/world-conferences\/2006-lisbon\/\" target=\"_blank\" rel=\"noopener\">Conf\u00e9rence UNESCO 2006<\/a> ).<\/p>\n<p style=\"text-align: justify;\">Explorons des notions math\u00e9matiques complexes gr\u00e2ce au corps en mouvement : apprenons autrement et faisons place \u00e0 l\u2019intelligence du corps !<\/p>\n<p>Delphine Pouilly fait entrer les coll\u00e9giens du coll\u00e8ge S\u00e9gurane de Nice dans la danse, place Garibaldi&nbsp; :<\/p>\n<p style=\"padding-left: 40px;\"><a href=\"https:\/\/regardsdecollegiens.departement06.fr\/toutes-les-videos-29720\/danse-et-maths-place-garibaldi-41455.html?cHash=2a5b6cab2a8d24fc16dba34d45f09d94#\" target=\"_blank\" rel=\"noopener\"><img loading=\"lazy\" decoding=\"async\" class=\"aligncenter wp-image-3045\" src=\"https:\/\/www.pedagogie.ac-nice.fr\/daac\/wp-content\/uploads\/sites\/37\/2021\/05\/danse_seguraneJPG.jpg\" alt=\"\" width=\"394\" height=\"217\" srcset=\"https:\/\/www.pedagogie.ac-nice.fr\/daac\/wp-content\/uploads\/sites\/37\/2021\/05\/danse_seguraneJPG.jpg 427w, https:\/\/www.pedagogie.ac-nice.fr\/daac\/wp-content\/uploads\/sites\/37\/2021\/05\/danse_seguraneJPG-300x165.jpg 300w\" sizes=\"(max-width: 394px) 100vw, 394px\" \/><\/a>&nbsp; &nbsp; &nbsp; &nbsp; &nbsp;<\/p>\n<p>\u201cHutinel danse avec la vie\u201d un&nbsp; projet qui s\u2019inscrit dans la dur\u00e9e au Lyc\u00e9e Professionnel Hutinel de Cannes :&nbsp;<\/p>\n<p style=\"padding-left: 80px;\"><a href=\"https:\/\/www.pedagogie.ac-nice.fr\/daac\/2020\/12\/08\/hutinel-danse-la-vie\/\" target=\"_blank\" rel=\"noopener\"><img loading=\"lazy\" decoding=\"async\" class=\"alignnone size-full wp-image-3042\" src=\"https:\/\/www.pedagogie.ac-nice.fr\/daac\/wp-content\/uploads\/sites\/37\/2021\/05\/danse_Utinel.jpg\" alt=\"\" width=\"377\" height=\"183\" srcset=\"https:\/\/www.pedagogie.ac-nice.fr\/daac\/wp-content\/uploads\/sites\/37\/2021\/05\/danse_Utinel.jpg 377w, https:\/\/www.pedagogie.ac-nice.fr\/daac\/wp-content\/uploads\/sites\/37\/2021\/05\/danse_Utinel-300x146.jpg 300w\" sizes=\"(max-width: 377px) 100vw, 377px\" \/><\/a> &nbsp;&nbsp;<\/p>\n<p>Danse \u00e0 l&rsquo;op\u00e9ra &#8211; Lyc\u00e9e Dumont-Durville :&nbsp;<\/p>\n<p style=\"padding-left: 80px;\"><a href=\"https:\/\/www.pedagogie.ac-nice.fr\/daac\/les-domaines-de-leac\/arts-du-spectacle-vivant\/danse-a-lopera\/\" target=\"_blank\" rel=\"noopener\"><img loading=\"lazy\" decoding=\"async\" class=\"alignnone size-full wp-image-3040\" src=\"https:\/\/www.pedagogie.ac-nice.fr\/daac\/wp-content\/uploads\/sites\/37\/2021\/05\/opera_Toulon.jpg\" alt=\"\" width=\"378\" height=\"211\" srcset=\"https:\/\/www.pedagogie.ac-nice.fr\/daac\/wp-content\/uploads\/sites\/37\/2021\/05\/opera_Toulon.jpg 378w, https:\/\/www.pedagogie.ac-nice.fr\/daac\/wp-content\/uploads\/sites\/37\/2021\/05\/opera_Toulon-300x167.jpg 300w\" sizes=\"(max-width: 378px) 100vw, 378px\" \/><\/a><\/p>\n<p>Coordination acad\u00e9mique DAAC :&nbsp;<br \/>\nMuriel Colin-Lacour, coordinatrice acad\u00e9mique Danse et Cirque<br \/>\n<a title=\"Composer un message \u00e0 artspectaclevivantdaac@ac-nice.fr\" target=\"_blank\" rel=\"noopener\">muriel.lacour@ac-nice.fr<\/a><\/p>\n","protected":false},"excerpt":{"rendered":"<p>Faisons place au corps, dansons, ensemble pour mieux vivre et mieux apprendre ! Des projets en \u00e9tablissement La pratique artistique doit trouver sa place au c\u0153ur des apprentissages scolaires pour \u00e9lever le niveau d&rsquo;\u00e9ducation et lutter contre les in\u00e9galit\u00e9s (Conf\u00e9rence UNESCO 2006 ). Explorons des notions math\u00e9matiques complexes gr\u00e2ce au corps en mouvement : apprenons [&hellip;]<\/p>\n","protected":false},"author":241,"featured_media":0,"parent":0,"menu_order":0,"comment_status":"closed","ping_status":"closed","template":"","meta":{"_et_pb_use_builder":"","_et_pb_old_content":"","_et_gb_content_width":"","ngg_post_thumbnail":0,"footnotes":""},"class_list":["post-3020","page","type-page","status-publish","hentry"],"rttpg_featured_image_url":null,"rttpg_author":{"display_name":"daacadmin","author_link":"https:\/\/www.pedagogie.ac-nice.fr\/daac\/author\/daacadmin\/"},"rttpg_comment":0,"rttpg_category":null,"rttpg_excerpt":"Faisons place au corps, dansons, ensemble pour mieux vivre et mieux apprendre ! Des projets en \u00e9tablissement La pratique artistique doit trouver sa place au c\u0153ur des apprentissages scolaires pour \u00e9lever le niveau d&rsquo;\u00e9ducation et lutter contre les in\u00e9galit\u00e9s (Conf\u00e9rence UNESCO 2006 ). Explorons des notions math\u00e9matiques complexes gr\u00e2ce au corps en mouvement : apprenons\u2026","post_mailing_queue_ids":[],"_links":{"self":[{"href":"https:\/\/www.pedagogie.ac-nice.fr\/daac\/wp-json\/wp\/v2\/pages\/3020","targetHints":{"allow":["GET"]}}],"collection":[{"href":"https:\/\/www.pedagogie.ac-nice.fr\/daac\/wp-json\/wp\/v2\/pages"}],"about":[{"href":"https:\/\/www.pedagogie.ac-nice.fr\/daac\/wp-json\/wp\/v2\/types\/page"}],"author":[{"embeddable":true,"href":"https:\/\/www.pedagogie.ac-nice.fr\/daac\/wp-json\/wp\/v2\/users\/241"}],"replies":[{"embeddable":true,"href":"https:\/\/www.pedagogie.ac-nice.fr\/daac\/wp-json\/wp\/v2\/comments?post=3020"}],"version-history":[{"count":14,"href":"https:\/\/www.pedagogie.ac-nice.fr\/daac\/wp-json\/wp\/v2\/pages\/3020\/revisions"}],"predecessor-version":[{"id":3476,"href":"https:\/\/www.pedagogie.ac-nice.fr\/daac\/wp-json\/wp\/v2\/pages\/3020\/revisions\/3476"}],"wp:attachment":[{"href":"https:\/\/www.pedagogie.ac-nice.fr\/daac\/wp-json\/wp\/v2\/media?parent=3020"}],"curies":[{"name":"wp","href":"https:\/\/api.w.org\/{rel}","templated":true}]}}