{"id":3469,"date":"2021-05-24T00:15:46","date_gmt":"2021-05-23T22:15:46","guid":{"rendered":"https:\/\/www.pedagogie.ac-nice.fr\/daac\/?page_id=3469"},"modified":"2022-09-24T16:34:20","modified_gmt":"2022-09-24T14:34:20","slug":"structures-partenaires-danse-asv","status":"publish","type":"page","link":"https:\/\/www.pedagogie.ac-nice.fr\/daac\/structures-partenaires-danse-asv\/","title":{"rendered":"Structures partenaires Danse (ASV)"},"content":{"rendered":"<p>[et_pb_section fb_built=\u00a0\u00bb1&Prime; _builder_version=\u00a0\u00bb3.22&Prime; global_colors_info=\u00a0\u00bb{}\u00a0\u00bb][et_pb_row column_structure=\u00a0\u00bb2_5,3_5&Prime; _builder_version=\u00a0\u00bb3.25&Prime; background_size=\u00a0\u00bbinitial\u00a0\u00bb background_position=\u00a0\u00bbtop_left\u00a0\u00bb background_repeat=\u00a0\u00bbrepeat\u00a0\u00bb global_colors_info=\u00a0\u00bb{}\u00a0\u00bb][et_pb_column type=\u00a0\u00bb2_5&Prime; _builder_version=\u00a0\u00bb3.25&Prime; custom_padding=\u00a0\u00bb|||\u00a0\u00bb global_colors_info=\u00a0\u00bb{}\u00a0\u00bb custom_padding__hover=\u00a0\u00bb|||\u00a0\u00bb][et_pb_text admin_label=\u00a0\u00bblogo danse\u00a0\u00bb _builder_version=\u00a0\u00bb4.10.7&Prime; _module_preset=\u00a0\u00bbdefault\u00a0\u00bb global_colors_info=\u00a0\u00bb{}\u00a0\u00bb]<\/p>\n<p><a href=\"https:\/\/www.pedagogie.ac-nice.fr\/daac\/domaine-danse-asv\/\" target=\"_blank\" rel=\"noopener\"><img loading=\"lazy\" decoding=\"async\" class=\"aligncenter wp-image-5923\" src=\"https:\/\/www.pedagogie.ac-nice.fr\/daac\/wp-content\/uploads\/sites\/37\/2021\/09\/danse.png\" alt=\"\" width=\"340\" height=\"217\" srcset=\"https:\/\/www.pedagogie.ac-nice.fr\/daac\/wp-content\/uploads\/sites\/37\/2021\/09\/danse.png 346w, https:\/\/www.pedagogie.ac-nice.fr\/daac\/wp-content\/uploads\/sites\/37\/2021\/09\/danse-300x192.png 300w\" sizes=\"(max-width: 340px) 100vw, 340px\" \/><\/a><\/p>\n<p>[\/et_pb_text][et_pb_text admin_label=\u00a0\u00bblogo structures partenaires\u00a0\u00bb _builder_version=\u00a0\u00bb4.10.7&Prime; background_size=\u00a0\u00bbinitial\u00a0\u00bb background_position=\u00a0\u00bbtop_left\u00a0\u00bb background_repeat=\u00a0\u00bbrepeat\u00a0\u00bb global_colors_info=\u00a0\u00bb{}\u00a0\u00bb]<\/p>\n<p><img loading=\"lazy\" decoding=\"async\" class=\"alignnone size-full wp-image-7600 aligncenter\" src=\"https:\/\/www.pedagogie.ac-nice.fr\/daac\/wp-content\/uploads\/sites\/37\/2021\/10\/structures_partenaires.png\" alt=\"\" width=\"360\" height=\"241\" srcset=\"https:\/\/www.pedagogie.ac-nice.fr\/daac\/wp-content\/uploads\/sites\/37\/2021\/10\/structures_partenaires.png 360w, https:\/\/www.pedagogie.ac-nice.fr\/daac\/wp-content\/uploads\/sites\/37\/2021\/10\/structures_partenaires-300x201.png 300w\" sizes=\"(max-width: 360px) 100vw, 360px\" \/><\/p>\n<p>[\/et_pb_text][et_pb_divider _builder_version=\u00a0\u00bb4.10.7&Prime; _module_preset=\u00a0\u00bbdefault\u00a0\u00bb custom_margin=\u00a0\u00bb|-541px||||\u00a0\u00bb custom_padding=\u00a0\u00bb|0px||||\u00a0\u00bb global_colors_info=\u00a0\u00bb{}\u00a0\u00bb][\/et_pb_divider][\/et_pb_column][et_pb_column type=\u00a0\u00bb3_5&Prime; _builder_version=\u00a0\u00bb3.25&Prime; custom_padding=\u00a0\u00bb|||\u00a0\u00bb global_colors_info=\u00a0\u00bb{}\u00a0\u00bb custom_padding__hover=\u00a0\u00bb|||\u00a0\u00bb][et_pb_text _builder_version=\u00a0\u00bb4.10.7&Prime; background_size=\u00a0\u00bbinitial\u00a0\u00bb background_position=\u00a0\u00bbtop_left\u00a0\u00bb background_repeat=\u00a0\u00bbrepeat\u00a0\u00bb hover_enabled=\u00a0\u00bb0&Prime; global_colors_info=\u00a0\u00bb{}\u00a0\u00bb text_font=\u00a0\u00bbTrebuchet||||||||\u00a0\u00bb text_text_color=\u00a0\u00bb#000000&Prime; text_font_size=\u00a0\u00bb17px\u00a0\u00bb text_orientation=\u00a0\u00bbjustified\u00a0\u00bb sticky_enabled=\u00a0\u00bb0&Prime;]<\/p>\n<p style=\"text-align: center;\"><span style=\"font-size: 18pt; color: #993366;\"><strong>Structures partenaires \u00ab\u00a0DANSE\u00a0\u00bb <\/strong><\/span><br \/><span style=\"font-size: 18pt; color: #993366;\"><strong>Arts du Spectacle Vivant<\/strong><\/span><\/p>\n<p style=\"text-align: justify;\"><span style=\"color: #000000;\">Retrouvez toutes les <strong>structures partenaires<\/strong> du domaine \u00ab\u00a0<strong>DANSE<\/strong>\u00a0\u00bb de la <strong>DAAC<\/strong> de Nice et leurs projets \u00e9ducatifs.<\/span><\/p>\n<p style=\"text-align: justify;\"><span style=\"color: #000000;\">Acc\u00e8s en cliquant sur les diff\u00e9rentes vignettes<\/span><\/p>\n<p style=\"text-align: justify;\"><span style=\"color: #000000;\"><strong>Coordination acad\u00e9mique DAAC :\u00a0<\/strong><\/span><br \/><span style=\"color: #000000;\">Muriel Colin, coordinatrice acad\u00e9mique Danse<\/span><br \/><span style=\"color: #000000;\"><a style=\"color: #000000;\" title=\"Composer un message \u00e0 artspectaclevivantdaac@ac-nice.fr\" target=\"_blank\" rel=\"noopener\">muriel.colin@ac-nice.fr<\/a><\/span><\/p>\n<p>[\/et_pb_text][\/et_pb_column][\/et_pb_row][et_pb_row column_structure=\u00a0\u00bb1_3,1_3,1_3&Prime; _builder_version=\u00a0\u00bb4.10.7&Prime; _module_preset=\u00a0\u00bbdefault\u00a0\u00bb global_colors_info=\u00a0\u00bb{}\u00a0\u00bb][et_pb_column type=\u00a0\u00bb1_3&Prime; _builder_version=\u00a0\u00bb4.10.7&Prime; _module_preset=\u00a0\u00bbdefault\u00a0\u00bb global_colors_info=\u00a0\u00bb{}\u00a0\u00bb][et_pb_text admin_label=\u00a0\u00bbth\u00e9\u00e2tre de Grasse \u00a0\u00bb _builder_version=\u00a0\u00bb4.10.7&Prime; background_size=\u00a0\u00bbinitial\u00a0\u00bb background_position=\u00a0\u00bbtop_left\u00a0\u00bb background_repeat=\u00a0\u00bbrepeat\u00a0\u00bb global_colors_info=\u00a0\u00bb{}\u00a0\u00bb]<\/p>\n<p><a href=\"https:\/\/www.pedagogie.ac-nice.fr\/daac\/theatre-de-grasse\/\" target=\"_blank\" rel=\"noopener\"><img loading=\"lazy\" decoding=\"async\" class=\"aligncenter wp-image-3414\" src=\"https:\/\/www.pedagogie.ac-nice.fr\/daac\/wp-content\/uploads\/sites\/37\/2021\/05\/logo_th_grasse.jpg\" alt=\"\" width=\"172\" height=\"172\" srcset=\"https:\/\/www.pedagogie.ac-nice.fr\/daac\/wp-content\/uploads\/sites\/37\/2021\/05\/logo_th_grasse.jpg 225w, https:\/\/www.pedagogie.ac-nice.fr\/daac\/wp-content\/uploads\/sites\/37\/2021\/05\/logo_th_grasse-150x150.jpg 150w\" sizes=\"(max-width: 172px) 100vw, 172px\" \/><\/a><\/p>\n<p>[\/et_pb_text][et_pb_text admin_label=\u00a0\u00bbPr\u00e9vert\u00a0\u00bb _builder_version=\u00a0\u00bb4.10.7&Prime; background_size=\u00a0\u00bbinitial\u00a0\u00bb background_position=\u00a0\u00bbtop_left\u00a0\u00bb background_repeat=\u00a0\u00bbrepeat\u00a0\u00bb global_colors_info=\u00a0\u00bb{}\u00a0\u00bb]<\/p>\n<p style=\"text-align: center;\"><a href=\"https:\/\/www.pedagogie.ac-nice.fr\/daac\/forum-jacques-prevert-carros-06\/\" target=\"_blank\" rel=\"noopener\"><img loading=\"lazy\" decoding=\"async\" class=\"aligncenter wp-image-2669 \" src=\"https:\/\/www.pedagogie.ac-nice.fr\/daac\/wp-content\/uploads\/sites\/37\/2021\/03\/forum_prevert-1.jpg\" alt=\"\" width=\"147\" height=\"138\"><\/a><\/p>\n<p style=\"text-align: center;\">&nbsp;<\/p>\n<p>[\/et_pb_text][et_pb_text admin_label=\u00a0\u00bbSc\u00e8ne 55&Prime; _builder_version=\u00a0\u00bb4.10.7&Prime; background_size=\u00a0\u00bbinitial\u00a0\u00bb background_position=\u00a0\u00bbtop_left\u00a0\u00bb background_repeat=\u00a0\u00bbrepeat\u00a0\u00bb custom_margin=\u00a0\u00bb-38px|||||\u00a0\u00bb custom_padding=\u00a0\u00bb16px|||||\u00a0\u00bb global_colors_info=\u00a0\u00bb{}\u00a0\u00bb]<\/p>\n<p style=\"text-align: center;\"><a href=\"https:\/\/www.pedagogie.ac-nice.fr\/daac\/structure-scene-55\/\" target=\"_blank\" rel=\"noopener\"><img loading=\"lazy\" decoding=\"async\" class=\"aligncenter wp-image-2319\" src=\"https:\/\/www.pedagogie.ac-nice.fr\/daac\/wp-content\/uploads\/sites\/37\/2021\/02\/logo-scene-55-300x218.jpg\" alt=\"\" width=\"148\" height=\"108\" srcset=\"https:\/\/www.pedagogie.ac-nice.fr\/daac\/wp-content\/uploads\/sites\/37\/2021\/02\/logo-scene-55-300x218.jpg 300w, https:\/\/www.pedagogie.ac-nice.fr\/daac\/wp-content\/uploads\/sites\/37\/2021\/02\/logo-scene-55.jpg 462w\" sizes=\"(max-width: 148px) 100vw, 148px\" \/><\/a><\/p>\n<p>[\/et_pb_text][\/et_pb_column][et_pb_column type=\u00a0\u00bb1_3&Prime; _builder_version=\u00a0\u00bb4.10.7&Prime; _module_preset=\u00a0\u00bbdefault\u00a0\u00bb global_colors_info=\u00a0\u00bb{}\u00a0\u00bb][et_pb_text admin_label=\u00a0\u00bbAnthea\u00a0\u00bb _builder_version=\u00a0\u00bb4.10.7&Prime; background_size=\u00a0\u00bbinitial\u00a0\u00bb background_position=\u00a0\u00bbtop_left\u00a0\u00bb background_repeat=\u00a0\u00bbrepeat\u00a0\u00bb global_colors_info=\u00a0\u00bb{}\u00a0\u00bb]<\/p>\n<p style=\"text-align: center;\"><a href=\"https:\/\/www.pedagogie.ac-nice.fr\/daac\/theatre-anthea-dantibes\/\" target=\"_blank\" rel=\"noopener\"><img loading=\"lazy\" decoding=\"async\" class=\"aligncenter wp-image-3427\" src=\"https:\/\/www.pedagogie.ac-nice.fr\/daac\/wp-content\/uploads\/sites\/37\/2021\/05\/logo_anthea.png\" alt=\"\" width=\"170\" height=\"153\"><\/a><\/p>\n<p>&nbsp;<\/p>\n<p>[\/et_pb_text][et_pb_text admin_label=\u00a0\u00bbballets monte carlo\u00a0\u00bb _builder_version=\u00a0\u00bb4.10.7&Prime; background_size=\u00a0\u00bbinitial\u00a0\u00bb background_position=\u00a0\u00bbtop_left\u00a0\u00bb background_repeat=\u00a0\u00bbrepeat\u00a0\u00bb global_colors_info=\u00a0\u00bb{}\u00a0\u00bb]<\/p>\n<p><img loading=\"lazy\" decoding=\"async\" class=\" wp-image-3433 aligncenter\" src=\"https:\/\/www.pedagogie.ac-nice.fr\/daac\/wp-content\/uploads\/sites\/37\/2021\/05\/logo_ballets_Monaco.jpg\" alt=\"\" width=\"154\" height=\"128\"><\/p>\n<p>[\/et_pb_text][et_pb_text admin_label=\u00a0\u00bbfestival danse Cannes\u00a0\u00bb _builder_version=\u00a0\u00bb4.10.7&Prime; background_size=\u00a0\u00bbinitial\u00a0\u00bb background_position=\u00a0\u00bbtop_left\u00a0\u00bb background_repeat=\u00a0\u00bbrepeat\u00a0\u00bb custom_margin=\u00a0\u00bb75px|||||\u00a0\u00bb global_colors_info=\u00a0\u00bb{}\u00a0\u00bb]<\/p>\n<p style=\"text-align: center;\"><a href=\"https:\/\/www.pedagogie.ac-nice.fr\/daac\/festival-de-danse-cannes-cote-dazur\/\" target=\"_blank\" rel=\"noopener\"><img loading=\"lazy\" decoding=\"async\" class=\"aligncenter wp-image-3919\" src=\"https:\/\/www.pedagogie.ac-nice.fr\/daac\/wp-content\/uploads\/sites\/37\/2021\/06\/FDCannes_illistration.png\" alt=\"illustration festival danse Cannes\" width=\"286\" height=\"71\" srcset=\"https:\/\/www.pedagogie.ac-nice.fr\/daac\/wp-content\/uploads\/sites\/37\/2021\/06\/FDCannes_illistration.png 418w, https:\/\/www.pedagogie.ac-nice.fr\/daac\/wp-content\/uploads\/sites\/37\/2021\/06\/FDCannes_illistration-300x75.png 300w\" sizes=\"(max-width: 286px) 100vw, 286px\" \/><\/a><\/p>\n<p>[\/et_pb_text][\/et_pb_column][et_pb_column type=\u00a0\u00bb1_3&Prime; _builder_version=\u00a0\u00bb4.10.7&Prime; _module_preset=\u00a0\u00bbdefault\u00a0\u00bb global_colors_info=\u00a0\u00bb{}\u00a0\u00bb][et_pb_text admin_label=\u00a0\u00bbLe Forum\u00a0\u00bb _builder_version=\u00a0\u00bb4.10.7&Prime; background_size=\u00a0\u00bbinitial\u00a0\u00bb background_position=\u00a0\u00bbtop_left\u00a0\u00bb background_repeat=\u00a0\u00bbrepeat\u00a0\u00bb global_colors_info=\u00a0\u00bb{}\u00a0\u00bb]<\/p>\n<p><a href=\"https:\/\/www.pedagogie.ac-nice.fr\/daac\/partenariat-avec-le-theatre-intercommunal-le-forum\/\" target=\"_blank\" rel=\"noopener\"><img loading=\"lazy\" decoding=\"async\" class=\"aligncenter wp-image-516\" src=\"https:\/\/www.pedagogie.ac-nice.fr\/daac\/wp-content\/uploads\/sites\/37\/2020\/09\/Logo-Le-Forum-Noir-2-300x129.png\" alt=\"Logo du th\u00e9\u00e2tre Le Forum dans le Var\" width=\"143\" height=\"62\"><\/a><\/p>\n<p>[\/et_pb_text][et_pb_text admin_label=\u00a0\u00bbcarre Ste Maxime\u00a0\u00bb _builder_version=\u00a0\u00bb4.10.7&Prime; background_size=\u00a0\u00bbinitial\u00a0\u00bb background_position=\u00a0\u00bbtop_left\u00a0\u00bb background_repeat=\u00a0\u00bbrepeat\u00a0\u00bb custom_margin=\u00a0\u00bb72px|||||\u00a0\u00bb global_colors_info=\u00a0\u00bb{}\u00a0\u00bb]<\/p>\n<p><img loading=\"lazy\" decoding=\"async\" class=\"size-full wp-image-3423 aligncenter\" src=\"https:\/\/www.pedagogie.ac-nice.fr\/daac\/wp-content\/uploads\/sites\/37\/2021\/05\/logo_cstemax.jpg\" alt=\"Le Carr\u00e9 sainte maxime\" width=\"217\" height=\"77\"><\/p>\n<p>[\/et_pb_text][et_pb_text admin_label=\u00a0\u00bble P\u00f4le\u00a0\u00bb _builder_version=\u00a0\u00bb4.10.7&Prime; background_size=\u00a0\u00bbinitial\u00a0\u00bb background_position=\u00a0\u00bbtop_left\u00a0\u00bb background_repeat=\u00a0\u00bbrepeat\u00a0\u00bb min_height=\u00a0\u00bb128.8px\u00a0\u00bb custom_margin=\u00a0\u00bb45px||34px|||\u00a0\u00bb custom_padding=\u00a0\u00bb0px|||||\u00a0\u00bb global_colors_info=\u00a0\u00bb{}\u00a0\u00bb]<\/p>\n<p style=\"text-align: center;\"><a href=\"https:\/\/www.pedagogie.ac-nice.fr\/daac\/armand-gatti\/\" target=\"_blank\" rel=\"noopener\">P\u00f4le Jeune Public<\/a><a href=\"https:\/\/www.pedagogie.ac-nice.fr\/daac\/armand-gatti\/\" target=\"_blank\" rel=\"noopener\"><img loading=\"lazy\" decoding=\"async\" class=\"aligncenter wp-image-3425 size-full\" src=\"https:\/\/www.pedagogie.ac-nice.fr\/daac\/wp-content\/uploads\/sites\/37\/2021\/05\/logo_lepole.jpg\" alt=\"Logo du Pole Armand Gatti. hexagone avec 4 couleurs sur fond noir en trame de fonds. le P\u00f4le est \u00e9crit en blanc\" width=\"135\" height=\"81\"><\/a><\/p>\n<p>[\/et_pb_text][et_pb_text admin_label=\u00a0\u00bbthe\u00e2tre en Drac\u00e9nie\u00a0\u00bb _builder_version=\u00a0\u00bb4.10.7&Prime; background_size=\u00a0\u00bbinitial\u00a0\u00bb background_position=\u00a0\u00bbtop_left\u00a0\u00bb background_repeat=\u00a0\u00bbrepeat\u00a0\u00bb min_height=\u00a0\u00bb219.2px\u00a0\u00bb custom_margin=\u00a0\u00bb39px|||||\u00a0\u00bb custom_padding=\u00a0\u00bb0px||0px|||\u00a0\u00bb global_colors_info=\u00a0\u00bb{}\u00a0\u00bb]<\/p>\n<p style=\"text-align: center;\"><a href=\"https:\/\/www.pedagogie.ac-nice.fr\/daac\/theatre-en-dracenie\/\" target=\"_blank\" rel=\"noopener\">Th\u00e9\u00e2tre en Drac\u00e9nie<\/a><a href=\"https:\/\/www.pedagogie.ac-nice.fr\/daac\/theatre-en-dracenie\/\" target=\"_blank\" rel=\"noopener\"><img loading=\"lazy\" decoding=\"async\" class=\"aligncenter wp-image-3171\" src=\"https:\/\/www.pedagogie.ac-nice.fr\/daac\/wp-content\/uploads\/sites\/37\/2021\/05\/TED_logo-300x293.png\" alt=\"\" width=\"155\" height=\"152\" srcset=\"https:\/\/www.pedagogie.ac-nice.fr\/daac\/wp-content\/uploads\/sites\/37\/2021\/05\/TED_logo-300x293.png 300w, https:\/\/www.pedagogie.ac-nice.fr\/daac\/wp-content\/uploads\/sites\/37\/2021\/05\/TED_logo.png 651w\" sizes=\"(max-width: 155px) 100vw, 155px\" \/><\/a><\/p>\n<p>[\/et_pb_text][\/et_pb_column][\/et_pb_row][\/et_pb_section]<\/p>\n","protected":false},"excerpt":{"rendered":"<p>Structures partenaires \u00ab\u00a0DANSE\u00a0\u00bb Arts du Spectacle Vivant Retrouvez toutes les structures partenaires du domaine \u00ab\u00a0DANSE\u00a0\u00bb de la DAAC de Nice et leurs projets \u00e9ducatifs. Acc\u00e8s en cliquant sur les diff\u00e9rentes vignettes Coordination acad\u00e9mique DAAC :\u00a0Muriel Colin, coordinatrice acad\u00e9mique Dansemuriel.colin@ac-nice.fr &nbsp; &nbsp;P\u00f4le Jeune PublicTh\u00e9\u00e2tre en Drac\u00e9nie<\/p>\n","protected":false},"author":241,"featured_media":0,"parent":0,"menu_order":0,"comment_status":"closed","ping_status":"closed","template":"","meta":{"_et_pb_use_builder":"on","_et_pb_old_content":"<p style=\"text-align: justify;\">Pour conna\u00eetre les actions et dispositifs d'Education Artistique et Culturelle DANSE, cliquez sur les vignettes et logos.<\/p><table style=\"border-collapse: collapse; width: 100%; height: 213px;\"><tbody><tr style=\"height: 213px;\"><td style=\"width: 100%; text-align: center; height: 213px;\"><span style=\"font-size: 12pt;\"><a href=\"https:\/\/padlet.com\/muriel_lacour1\/s7dhlua5bje4\" target=\"_blank\" rel=\"noopener\">Ressources pour accompagner le<\/a><a href=\"https:\/\/padlet.com\/muriel_lacour1\/s7dhlua5bje4\" target=\"_blank\" rel=\"noopener\">s projets<\/a><\/span><a href=\"https:\/\/padlet.com\/muriel_lacour1\/s7dhlua5bje4\" target=\"_blank\" rel=\"noopener\"><br><\/a><a href=\"https:\/\/padlet.com\/muriel_lacour1\/s7dhlua5bje4\" target=\"_blank\" rel=\"noopener\"><img class=\"wp-image-1108 size-medium aligncenter\" src=\"https:\/\/www.pedagogie.ac-nice.fr\/daac\/wp-content\/uploads\/sites\/37\/2020\/10\/illustration-atelier-danse-300x161.jpg\" alt=\"\" width=\"300\" height=\"161\"><\/a><\/td><\/tr><\/tbody><\/table><p style=\"text-align: center;\">Les partenaires de la DAAC de Nice<\/p><table><tbody><tr><td><p style=\"text-align: center;\"><a href=\"https:\/\/www.pedagogie.ac-nice.fr\/daac\/jai-rencontre-dieu-sur-facebook\/\" target=\"_blank\" rel=\"noopener\">Th\u00e9\u00e2tre de Grasse<\/a><br><a href=\"https:\/\/www.pedagogie.ac-nice.fr\/daac\/jai-rencontre-dieu-sur-facebook\/\" target=\"_blank\" rel=\"noopener\"><img class=\"aligncenter wp-image-3414 size-full\" src=\"https:\/\/www.pedagogie.ac-nice.fr\/daac\/wp-content\/uploads\/sites\/37\/2021\/05\/logo_th_grasse.jpg\" alt=\"\" width=\"225\" height=\"225\"><\/a><\/p><\/td><td style=\"text-align: center;\"><p><a href=\"https:\/\/www.pedagogie.ac-nice.fr\/daac\/armand-gatti\/\" target=\"_blank\" rel=\"noopener\">P\u00f4le Jeune Public<\/a><\/p><p><a href=\"https:\/\/www.pedagogie.ac-nice.fr\/daac\/armand-gatti\/\" target=\"_blank\" rel=\"noopener\"><img class=\"aligncenter wp-image-3425 size-full\" src=\"https:\/\/www.pedagogie.ac-nice.fr\/daac\/wp-content\/uploads\/sites\/37\/2021\/05\/logo_lepole.jpg\" alt=\"Logo du Pole Armand Gatti. hexagone avec 4 couleurs sur fond noir en trame de fonds. le P\u00f4le est \u00e9crit en blanc\" width=\"135\" height=\"81\"><\/a><\/p><\/td><td><p style=\"text-align: center;\"><a href=\"https:\/\/www.pedagogie.ac-nice.fr\/daac\/partenariat-avec-le-theatre-intercommunal-le-forum\/\" target=\"_blank\" rel=\"noopener\">Th\u00e9\u00e2tre Le Forum<\/a><\/p><p><a href=\"https:\/\/www.pedagogie.ac-nice.fr\/daac\/partenariat-avec-le-theatre-intercommunal-le-forum\/\" target=\"_blank\" rel=\"noopener\"><img class=\"aligncenter wp-image-516\" src=\"https:\/\/www.pedagogie.ac-nice.fr\/daac\/wp-content\/uploads\/sites\/37\/2020\/09\/Logo-Le-Forum-Noir-2-300x129.png\" alt=\"Logo du th\u00e9\u00e2tre Le Forum dans le Var\" width=\"143\" height=\"62\"><\/a><\/p><\/td><\/tr><tr><td style=\"text-align: center;\"><a href=\"https:\/\/www.pedagogie.ac-nice.fr\/daac\/forum-jacques-prevert-carros-06\/\" target=\"_blank\" rel=\"noopener\">Forum Jacques Pr\u00e9vert<\/a><br><a href=\"https:\/\/www.pedagogie.ac-nice.fr\/daac\/forum-jacques-prevert-carros-06\/\" target=\"_blank\" rel=\"noopener\"><img class=\"aligncenter wp-image-2669 size-full\" src=\"https:\/\/www.pedagogie.ac-nice.fr\/daac\/wp-content\/uploads\/sites\/37\/2021\/03\/forum_prevert-1.jpg\" alt=\"\" width=\"218\" height=\"205\"><\/a><\/td><td><p style=\"text-align: center;\"><a href=\"https:\/\/www.pedagogie.ac-nice.fr\/daac\/ateliers-danse-scene-55\/\">Sc\u00e8ne 55<\/a><\/p><p><a href=\"https:\/\/www.pedagogie.ac-nice.fr\/daac\/ateliers-danse-scene-55\/\" target=\"_blank\" rel=\"noopener\"><img class=\"aligncenter wp-image-2319 size-medium\" src=\"https:\/\/www.pedagogie.ac-nice.fr\/daac\/wp-content\/uploads\/sites\/37\/2021\/02\/logo-scene-55-300x218.jpg\" alt=\"\" width=\"300\" height=\"218\"><\/a><\/p><\/td><td style=\"text-align: center;\"><a href=\"https:\/\/www.pedagogie.ac-nice.fr\/daac\/theatre-anthea-dantibes\/\" target=\"_blank\" rel=\"noopener\">Anth\u00e9a<\/a><br><a href=\"https:\/\/www.pedagogie.ac-nice.fr\/daac\/theatre-anthea-dantibes\/\" target=\"_blank\" rel=\"noopener\"><img class=\"aligncenter wp-image-3427 size-full\" src=\"https:\/\/www.pedagogie.ac-nice.fr\/daac\/wp-content\/uploads\/sites\/37\/2021\/05\/logo_anthea.png\" alt=\"\" width=\"205\" height=\"185\"><\/a>\u00a0<\/td><\/tr><tr><td><p style=\"text-align: center;\">Ballets de Monte Carlo<br><img class=\" wp-image-3433 aligncenter\" src=\"https:\/\/www.pedagogie.ac-nice.fr\/daac\/wp-content\/uploads\/sites\/37\/2021\/05\/logo_ballets_Monaco.jpg\" alt=\"\" width=\"91\" height=\"76\"><\/p><\/td><td style=\"text-align: center;\">Carr\u00e9<br>Sainte Maxime\u00a0<img class=\"size-full wp-image-3423 aligncenter\" src=\"https:\/\/www.pedagogie.ac-nice.fr\/daac\/wp-content\/uploads\/sites\/37\/2021\/05\/logo_cstemax.jpg\" alt=\"Le Carr\u00e9 sainte maxime\" width=\"217\" height=\"77\"><\/td><td style=\"text-align: center;\"><a href=\"https:\/\/www.pedagogie.ac-nice.fr\/daac\/theatre-en-dracenie\/\" target=\"_blank\" rel=\"noopener\">Th\u00e9\u00e2tre<\/a><br><a href=\"https:\/\/www.pedagogie.ac-nice.fr\/daac\/theatre-en-dracenie\/\" target=\"_blank\" rel=\"noopener\">en Drac\u00e9nie<\/a><a href=\"https:\/\/www.pedagogie.ac-nice.fr\/daac\/theatre-en-dracenie\/\" target=\"_blank\" rel=\"noopener\"><img class=\"aligncenter wp-image-3171\" src=\"https:\/\/www.pedagogie.ac-nice.fr\/daac\/wp-content\/uploads\/sites\/37\/2021\/05\/TED_logo-300x293.png\" alt=\"\" width=\"89\" height=\"87\"><\/a><\/td><\/tr><tr><td colspan=\"3\"><a href=\"https:\/\/www.pedagogie.ac-nice.fr\/daac\/festival-de-danse-cannes-cote-dazur\/\" target=\"_blank\" rel=\"noopener\"><img class=\"aligncenter wp-image-3919\" src=\"https:\/\/www.pedagogie.ac-nice.fr\/daac\/wp-content\/uploads\/sites\/37\/2021\/06\/FDCannes_illistration.png\" alt=\"illustration festival danse Cannes\" width=\"362\" height=\"90\"><\/a><\/td><\/tr><\/tbody><\/table><p style=\"text-align: center;\"><strong>R\u00e9alisations en \u00e9tablissement<br><a href=\"https:\/\/www.pedagogie.ac-nice.fr\/daac\/asv-danse\/\" target=\"_blank\" rel=\"noopener\"><img class=\"alignnone wp-image-3045 size-medium\" src=\"https:\/\/www.pedagogie.ac-nice.fr\/daac\/wp-content\/uploads\/sites\/37\/2021\/05\/danse_seguraneJPG-300x165.jpg\" alt=\"\" width=\"300\" height=\"165\"><\/a><\/strong><\/p><p>\u00a0<\/p><p>Coordination acad\u00e9mique DAAC :\u00a0<br>Muriel Colin-Lacour, coordinatrice acad\u00e9mique Danse<br><a title=\"Composer un message \u00e0 artspectaclevivantdaac@ac-nice.fr\" target=\"_blank\" rel=\"noopener\">muriel.lacour@ac-nice.fr<\/a><\/p>","_et_gb_content_width":"","ngg_post_thumbnail":0,"footnotes":""},"class_list":["post-3469","page","type-page","status-publish","hentry"],"rttpg_featured_image_url":null,"rttpg_author":{"display_name":"daacadmin","author_link":"https:\/\/www.pedagogie.ac-nice.fr\/daac\/author\/daacadmin\/"},"rttpg_comment":0,"rttpg_category":null,"rttpg_excerpt":"Structures partenaires \"DANSE\" Arts du Spectacle Vivant Retrouvez toutes les structures partenaires du domaine \"DANSE\" de la DAAC de Nice et leurs projets \u00e9ducatifs. Acc\u00e8s en cliquant sur les diff\u00e9rentes vignettes Coordination acad\u00e9mique DAAC :\u00a0Muriel Colin, coordinatrice acad\u00e9mique Dansemuriel.colin@ac-nice.fr &nbsp; &nbsp;P\u00f4le Jeune PublicTh\u00e9\u00e2tre en Drac\u00e9nie","post_mailing_queue_ids":[],"_links":{"self":[{"href":"https:\/\/www.pedagogie.ac-nice.fr\/daac\/wp-json\/wp\/v2\/pages\/3469","targetHints":{"allow":["GET"]}}],"collection":[{"href":"https:\/\/www.pedagogie.ac-nice.fr\/daac\/wp-json\/wp\/v2\/pages"}],"about":[{"href":"https:\/\/www.pedagogie.ac-nice.fr\/daac\/wp-json\/wp\/v2\/types\/page"}],"author":[{"embeddable":true,"href":"https:\/\/www.pedagogie.ac-nice.fr\/daac\/wp-json\/wp\/v2\/users\/241"}],"replies":[{"embeddable":true,"href":"https:\/\/www.pedagogie.ac-nice.fr\/daac\/wp-json\/wp\/v2\/comments?post=3469"}],"version-history":[{"count":32,"href":"https:\/\/www.pedagogie.ac-nice.fr\/daac\/wp-json\/wp\/v2\/pages\/3469\/revisions"}],"predecessor-version":[{"id":13784,"href":"https:\/\/www.pedagogie.ac-nice.fr\/daac\/wp-json\/wp\/v2\/pages\/3469\/revisions\/13784"}],"wp:attachment":[{"href":"https:\/\/www.pedagogie.ac-nice.fr\/daac\/wp-json\/wp\/v2\/media?parent=3469"}],"curies":[{"name":"wp","href":"https:\/\/api.w.org\/{rel}","templated":true}]}}