{"id":5022,"date":"2021-09-10T14:52:53","date_gmt":"2021-09-10T12:52:53","guid":{"rendered":"https:\/\/www.pedagogie.ac-nice.fr\/daac\/?page_id=5022"},"modified":"2022-03-09T19:03:29","modified_gmt":"2022-03-09T18:03:29","slug":"canneseries-2021-2","status":"publish","type":"page","link":"https:\/\/www.pedagogie.ac-nice.fr\/daac\/canneseries-2021-2\/","title":{"rendered":"Canneseries 2021"},"content":{"rendered":"<p>[et_pb_section fb_built=\u00a0\u00bb1&Prime; _builder_version=\u00a0\u00bb4.10.5&Prime; _module_preset=\u00a0\u00bbdefault\u00a0\u00bb global_colors_info=\u00a0\u00bb{}\u00a0\u00bb][et_pb_row column_structure=\u00a0\u00bb2_5,3_5&Prime; _builder_version=\u00a0\u00bb4.10.5&Prime; _module_preset=\u00a0\u00bbdefault\u00a0\u00bb global_colors_info=\u00a0\u00bb{}\u00a0\u00bb][et_pb_column type=\u00a0\u00bb2_5&Prime; _builder_version=\u00a0\u00bb4.10.5&Prime; _module_preset=\u00a0\u00bbdefault\u00a0\u00bb global_colors_info=\u00a0\u00bb{}\u00a0\u00bb][et_pb_text admin_label=\u00a0\u00bblogo domaine\u00a0\u00bb _builder_version=\u00a0\u00bb4.10.7&Prime; _module_preset=\u00a0\u00bbdefault\u00a0\u00bb global_colors_info=\u00a0\u00bb{}\u00a0\u00bb]<\/p>\n<p><a href=\"https:\/\/www.pedagogie.ac-nice.fr\/daac\/pole_cinema_2021\/\" target=\"_blank\" rel=\"noopener\"><img loading=\"lazy\" decoding=\"async\" class=\"aligncenter wp-image-5920\" src=\"https:\/\/www.pedagogie.ac-nice.fr\/daac\/wp-content\/uploads\/sites\/37\/2021\/09\/cinema.png\" alt=\"\" width=\"310\" height=\"189\" srcset=\"https:\/\/www.pedagogie.ac-nice.fr\/daac\/wp-content\/uploads\/sites\/37\/2021\/09\/cinema.png 349w, https:\/\/www.pedagogie.ac-nice.fr\/daac\/wp-content\/uploads\/sites\/37\/2021\/09\/cinema-300x183.png 300w\" sizes=\"(max-width: 310px) 100vw, 310px\" \/><\/a><\/p>\n<p>[\/et_pb_text][et_pb_divider _builder_version=\u00a0\u00bb4.10.7&Prime; _module_preset=\u00a0\u00bbdefault\u00a0\u00bb global_colors_info=\u00a0\u00bb{}\u00a0\u00bb][\/et_pb_divider][et_pb_text admin_label=\u00a0\u00bbCanneseries 5&Prime; _builder_version=\u00a0\u00bb4.10.7&Prime; _module_preset=\u00a0\u00bbdefault\u00a0\u00bb hover_enabled=\u00a0\u00bb0&Prime; global_colors_info=\u00a0\u00bb{}\u00a0\u00bb sticky_enabled=\u00a0\u00bb0&Prime;]<\/p>\n<p style=\"text-align: center;\"><strong><span style=\"font-size: 18pt; color: #ff00ff;\">L&rsquo;\u00e9dition CANNESERIES #5&nbsp; se pr\u00e9pare &#8230;.<br \/><\/span><span style=\"font-size: 18pt; color: #ff00ff;\"><span style=\"color: #000000;\">Participez au Jury lyc\u00e9en<\/span><\/span><span style=\"font-size: 18pt; color: #ff00ff;\"><br \/><\/span><\/strong><\/p>\n<p style=\"text-align: center;\"><a href=\"https:\/\/www.pedagogie.ac-nice.fr\/daac\/canneseries-5\/\" target=\"_blank\" rel=\"noopener\"><img loading=\"lazy\" decoding=\"async\" class=\"aligncenter wp-image-8196\" src=\"https:\/\/www.pedagogie.ac-nice.fr\/daac\/wp-content\/uploads\/sites\/37\/2021\/10\/canneseries_5.jpg\" alt=\"\" width=\"352\" height=\"352\" srcset=\"https:\/\/www.pedagogie.ac-nice.fr\/daac\/wp-content\/uploads\/sites\/37\/2021\/10\/canneseries_5.jpg 527w, https:\/\/www.pedagogie.ac-nice.fr\/daac\/wp-content\/uploads\/sites\/37\/2021\/10\/canneseries_5-300x300.jpg 300w, https:\/\/www.pedagogie.ac-nice.fr\/daac\/wp-content\/uploads\/sites\/37\/2021\/10\/canneseries_5-150x150.jpg 150w, https:\/\/www.pedagogie.ac-nice.fr\/daac\/wp-content\/uploads\/sites\/37\/2021\/10\/canneseries_5-440x440.jpg 440w\" sizes=\"(max-width: 352px) 100vw, 352px\" \/><\/a><strong><span style=\"font-size: 14pt; color: #000000;\">Toutes les infos d&rsquo;un clic<\/span><\/strong><\/p>\n<p>[\/et_pb_text][et_pb_divider _builder_version=\u00a0\u00bb4.10.7&Prime; _module_preset=\u00a0\u00bbdefault\u00a0\u00bb global_colors_info=\u00a0\u00bb{}\u00a0\u00bb][\/et_pb_divider][et_pb_text admin_label=\u00a0\u00bbJury\u00a0\u00bb _builder_version=\u00a0\u00bb4.10.7&Prime; _module_preset=\u00a0\u00bbdefault\u00a0\u00bb global_colors_info=\u00a0\u00bb{}\u00a0\u00bb]<\/p>\n<p style=\"text-align: center;\"><span style=\"color: #ff00ff;\"><strong>Le Jury de Cann\u00e9series saison #4<\/strong><\/span><\/p>\n<p><a href=\"https:\/\/www.pedagogie.ac-nice.fr\/daac\/wp-content\/uploads\/sites\/37\/2021\/09\/jury_saison4_canneseries.jpeg\" target=\"_blank\" rel=\"noopener\"><img loading=\"lazy\" decoding=\"async\" class=\"aligncenter wp-image-6017 size-full\" src=\"https:\/\/www.pedagogie.ac-nice.fr\/daac\/wp-content\/uploads\/sites\/37\/2021\/09\/jury_saison4_canneseries.jpeg\" alt=\"Jury de la saison 4 de Canneseries. 6 lyc\u00e9ens :\" width=\"1024\" height=\"512\" srcset=\"https:\/\/www.pedagogie.ac-nice.fr\/daac\/wp-content\/uploads\/sites\/37\/2021\/09\/jury_saison4_canneseries.jpeg 1024w, https:\/\/www.pedagogie.ac-nice.fr\/daac\/wp-content\/uploads\/sites\/37\/2021\/09\/jury_saison4_canneseries-300x150.jpeg 300w, https:\/\/www.pedagogie.ac-nice.fr\/daac\/wp-content\/uploads\/sites\/37\/2021\/09\/jury_saison4_canneseries-768x384.jpeg 768w\" sizes=\"(max-width: 1024px) 100vw, 1024px\" \/><\/a><\/p>\n<p>[\/et_pb_text][\/et_pb_column][et_pb_column type=\u00a0\u00bb3_5&Prime; _builder_version=\u00a0\u00bb4.10.5&Prime; _module_preset=\u00a0\u00bbdefault\u00a0\u00bb global_colors_info=\u00a0\u00bb{}\u00a0\u00bb][et_pb_text admin_label=\u00a0\u00bbPr\u00e9sentation Florence\u00a0\u00bb _builder_version=\u00a0\u00bb4.10.7&Prime; _module_preset=\u00a0\u00bbdefault\u00a0\u00bb global_colors_info=\u00a0\u00bb{}\u00a0\u00bb]<\/p>\n<p align=\"center\"><span style=\"font-size: 18pt;\"><strong><span style=\"color: #ff00ff;\"><span style=\"font-family: Times New Roman, serif;\">Retour sur CANNES\u00c9RIES #4<br \/><\/span><span style=\"font-family: Times New Roman, serif;\">8-13 octobre 2021<\/span><\/span><\/strong><\/span><\/p>\n<p align=\"justify\"><span style=\"font-family: Georgia, serif; color: #0000ff;\">Dans le cadre du PEAC (Parcours d&rsquo;Education Artistique et Culturelle), la DAAC de Nice, en partenariat avec le <strong>Festival CANNESERIES<\/strong> propose depuis l&rsquo;an dernier \u00e0 des <strong>lyc\u00e9ens du d\u00e9partement des Alpes Maritimes d&rsquo;\u00eatre jury lyc\u00e9en<\/strong>. Cela consiste \u00e0 assister \u00e0 toutes les projections en comp\u00e9tition d&rsquo;\u00e9pisodes de s\u00e9ries internationales encore in\u00e9dites en France et de r\u00e9compenser celle qu&rsquo;ils ont pr\u00e9f\u00e9r\u00e9e.<\/span><\/p>\n<p align=\"justify\"><span style=\"color: #0000ff;\"><span style=\"font-family: Georgia, serif;\">Le 13 octobre dernier le jury lyc\u00e9en a remis son deuxi\u00e8me prix \u00e0 Izer Aliu et Anne Bj\u00f8rnstad, cr\u00e9ateurs de la s\u00e9rie norv\u00e9gienne&nbsp;<\/span><span style=\"font-family: Georgia, serif;\"><i>Countrymen<\/i><\/span><span style=\"font-family: Georgia, serif;\">,&nbsp;apr\u00e8s cinq jours de d\u00e9couvertes de productions venues d&rsquo;Isra\u00ebl, de Russie, d&rsquo;Italie, d&rsquo;Argentine, d&rsquo;Allemagne, de Serbie, de Finlande et de France.<\/span><\/span><\/p>\n<p align=\"justify\"><strong><span style=\"font-family: Georgia, serif; color: #ff00ff;\">Des photos de leur travail avec, notamment, la rencontre avec le jury long et la remise du prix lyc\u00e9en.<\/span><\/strong><\/p>\n<p>[\/et_pb_text][et_pb_slider _builder_version=\u00a0\u00bb4.10.7&Prime; _module_preset=\u00a0\u00bbdefault\u00a0\u00bb global_colors_info=\u00a0\u00bb{}\u00a0\u00bb][et_pb_slide image=\u00a0\u00bbhttps:\/\/www.pedagogie.ac-nice.fr\/daac\/wp-content\/uploads\/sites\/37\/2021\/10\/photo1_canneseries_2021.jpg\u00a0\u00bb _builder_version=\u00a0\u00bb4.10.7&Prime; _module_preset=\u00a0\u00bbdefault\u00a0\u00bb global_colors_info=\u00a0\u00bb{}\u00a0\u00bb sticky_transition=\u00a0\u00bbon\u00a0\u00bb]<\/p>\n<p style=\"text-align: center;\"><span style=\"font-size: 14pt;\"> Rencontre avec les acteurs de la s\u00e9rie isra\u00e9lienne \u00ab\u00a0Unknowns\u00a0\u00bb<\/span><\/p>\n<p>[\/et_pb_slide][et_pb_slide image=\u00a0\u00bbhttps:\/\/www.pedagogie.ac-nice.fr\/daac\/wp-content\/uploads\/sites\/37\/2021\/10\/photo2_canneseries_2021.jpg\u00a0\u00bb _builder_version=\u00a0\u00bb4.10.7&Prime; _module_preset=\u00a0\u00bbdefault\u00a0\u00bb global_colors_info=\u00a0\u00bb{}\u00a0\u00bb sticky_transition=\u00a0\u00bbon\u00a0\u00bb]<\/p>\n<p style=\"text-align: center;\"><span style=\"font-size: 14pt;\">R\u00e9daction du discours de remise du Prix Lyc\u00e9en<\/span><\/p>\n<p>[\/et_pb_slide][et_pb_slide image=\u00a0\u00bbhttps:\/\/www.pedagogie.ac-nice.fr\/daac\/wp-content\/uploads\/sites\/37\/2021\/10\/photo3_canneseries_2021.jpg\u00a0\u00bb _builder_version=\u00a0\u00bb4.10.7&Prime; _module_preset=\u00a0\u00bbdefault\u00a0\u00bb global_colors_info=\u00a0\u00bb{}\u00a0\u00bb sticky_transition=\u00a0\u00bbon\u00a0\u00bb]<\/p>\n<p style=\"text-align: center;\"><span style=\"font-size: 14pt;\">Pr\u00e9paration avant la mont\u00e9e des marches<\/span><\/p>\n<p>[\/et_pb_slide][et_pb_slide image=\u00a0\u00bbhttps:\/\/www.pedagogie.ac-nice.fr\/daac\/wp-content\/uploads\/sites\/37\/2021\/10\/photo4_canneseries_2021.jpg\u00a0\u00bb _builder_version=\u00a0\u00bb4.10.7&Prime; _module_preset=\u00a0\u00bbdefault\u00a0\u00bb global_colors_info=\u00a0\u00bb{}\u00a0\u00bb sticky_transition=\u00a0\u00bbon\u00a0\u00bb]<\/p>\n<p style=\"text-align: center;\"><span style=\"font-size: 14pt;\">Rencontre avec Beno\u00eet Louvet, le directeur g\u00e9n\u00e9ral de CANNESERIES<\/span><\/p>\n<p>[\/et_pb_slide][et_pb_slide image=\u00a0\u00bbhttps:\/\/www.pedagogie.ac-nice.fr\/daac\/wp-content\/uploads\/sites\/37\/2021\/10\/photo6_canneseries_2021.jpg\u00a0\u00bb _builder_version=\u00a0\u00bb4.10.7&Prime; _module_preset=\u00a0\u00bbdefault\u00a0\u00bb global_colors_info=\u00a0\u00bb{}\u00a0\u00bb sticky_transition=\u00a0\u00bbon\u00a0\u00bb]<\/p>\n<p style=\"text-align: center;\"><span style=\"font-size: 14pt;\">Rencontre avec le Jury Long<\/span><\/p>\n<p>[\/et_pb_slide][et_pb_slide image=\u00a0\u00bbhttps:\/\/www.pedagogie.ac-nice.fr\/daac\/wp-content\/uploads\/sites\/37\/2021\/10\/photo7_canneseries_2021.jpg\u00a0\u00bb _builder_version=\u00a0\u00bb4.10.7&Prime; _module_preset=\u00a0\u00bbdefault\u00a0\u00bb global_colors_info=\u00a0\u00bb{}\u00a0\u00bb sticky_transition=\u00a0\u00bbon\u00a0\u00bb]<\/p>\n<p style=\"text-align: center;\"><span style=\"font-size: 14pt;\">Rencontre avec le Jury Long<\/span><\/p>\n<p>[\/et_pb_slide][et_pb_slide image=\u00a0\u00bbhttps:\/\/www.pedagogie.ac-nice.fr\/daac\/wp-content\/uploads\/sites\/37\/2021\/10\/photo8_canneseries_2021.jpg\u00a0\u00bb _builder_version=\u00a0\u00bb4.10.7&Prime; _module_preset=\u00a0\u00bbdefault\u00a0\u00bb global_colors_info=\u00a0\u00bb{}\u00a0\u00bb sticky_transition=\u00a0\u00bbon\u00a0\u00bb]<\/p>\n<p style=\"text-align: center;\"><span style=\"font-size: 14pt;\">D\u00e9lib\u00e9ration pour le Prix Lyc\u00e9en<\/span><\/p>\n<p>[\/et_pb_slide][\/et_pb_slider][et_pb_text admin_label=\u00a0\u00bbcoordonn\u00e9es\u00a0\u00bb _builder_version=\u00a0\u00bb4.10.7&Prime; _module_preset=\u00a0\u00bbdefault\u00a0\u00bb global_colors_info=\u00a0\u00bb{}\u00a0\u00bb]<\/p>\n<p><span style=\"color: #0000ff;\">Florence Vargas-Luiggi, Conseill\u00e8re EAC Cin\u00e9ma DAAC<\/span> <br \/><span style=\"color: #0000ff;\">Florence.Vargas-Luiggi@ac-nice.fr<\/span><\/p>\n<p><span style=\"color: #0000ff;\">Mathieu Guiglielmi, Charg\u00e9 de mission DAAC, Dispositif CANNESERIES<br \/>Mathieu-Fabien.Guiglielmi@ac-nice.fr<br \/><\/span><\/p>\n<p>[\/et_pb_text][\/et_pb_column][\/et_pb_row][\/et_pb_section]<\/p>\n","protected":false},"excerpt":{"rendered":"<p>L&rsquo;\u00e9dition CANNESERIES #5&nbsp; se pr\u00e9pare &#8230;.Participez au Jury lyc\u00e9en Toutes les infos d&rsquo;un clicLe Jury de Cann\u00e9series saison #4 Retour sur CANNES\u00c9RIES #48-13 octobre 2021 Dans le cadre du PEAC (Parcours d&rsquo;Education Artistique et Culturelle), la DAAC de Nice, en partenariat avec le Festival CANNESERIES propose depuis l&rsquo;an dernier \u00e0 des lyc\u00e9ens du d\u00e9partement des [&hellip;]<\/p>\n","protected":false},"author":241,"featured_media":0,"parent":0,"menu_order":0,"comment_status":"closed","ping_status":"closed","template":"","meta":{"_et_pb_use_builder":"on","_et_pb_old_content":"","_et_gb_content_width":"","ngg_post_thumbnail":0,"footnotes":""},"class_list":["post-5022","page","type-page","status-publish","hentry"],"rttpg_featured_image_url":null,"rttpg_author":{"display_name":"daacadmin","author_link":"https:\/\/www.pedagogie.ac-nice.fr\/daac\/author\/daacadmin\/"},"rttpg_comment":0,"rttpg_category":null,"rttpg_excerpt":"L'\u00e9dition CANNESERIES #5&nbsp; se pr\u00e9pare ....Participez au Jury lyc\u00e9en Toutes les infos d'un clicLe Jury de Cann\u00e9series saison #4 Retour sur CANNES\u00c9RIES #48-13 octobre 2021 Dans le cadre du PEAC (Parcours d'Education Artistique et Culturelle), la DAAC de Nice, en partenariat avec le Festival CANNESERIES propose depuis l'an dernier \u00e0 des lyc\u00e9ens du d\u00e9partement des\u2026","post_mailing_queue_ids":[],"_links":{"self":[{"href":"https:\/\/www.pedagogie.ac-nice.fr\/daac\/wp-json\/wp\/v2\/pages\/5022","targetHints":{"allow":["GET"]}}],"collection":[{"href":"https:\/\/www.pedagogie.ac-nice.fr\/daac\/wp-json\/wp\/v2\/pages"}],"about":[{"href":"https:\/\/www.pedagogie.ac-nice.fr\/daac\/wp-json\/wp\/v2\/types\/page"}],"author":[{"embeddable":true,"href":"https:\/\/www.pedagogie.ac-nice.fr\/daac\/wp-json\/wp\/v2\/users\/241"}],"replies":[{"embeddable":true,"href":"https:\/\/www.pedagogie.ac-nice.fr\/daac\/wp-json\/wp\/v2\/comments?post=5022"}],"version-history":[{"count":47,"href":"https:\/\/www.pedagogie.ac-nice.fr\/daac\/wp-json\/wp\/v2\/pages\/5022\/revisions"}],"predecessor-version":[{"id":11782,"href":"https:\/\/www.pedagogie.ac-nice.fr\/daac\/wp-json\/wp\/v2\/pages\/5022\/revisions\/11782"}],"wp:attachment":[{"href":"https:\/\/www.pedagogie.ac-nice.fr\/daac\/wp-json\/wp\/v2\/media?parent=5022"}],"curies":[{"name":"wp","href":"https:\/\/api.w.org\/{rel}","templated":true}]}}