{"id":503,"date":"2021-09-27T20:05:01","date_gmt":"2021-09-27T18:05:01","guid":{"rendered":"https:\/\/www.pedagogie.ac-nice.fr\/daac\/?page_id=503"},"modified":"2026-03-06T09:17:48","modified_gmt":"2026-03-06T08:17:48","slug":"domaine-reseau-du-livre","status":"publish","type":"page","link":"https:\/\/www.pedagogie.ac-nice.fr\/daac\/domaine-reseau-du-livre\/","title":{"rendered":"domaine r\u00e9seau du livre"},"content":{"rendered":"<p>[et_pb_section fb_built=\u00a0\u00bb1&Prime; admin_label=\u00a0\u00bbsection\u00a0\u00bb _builder_version=\u00a0\u00bb4.16&Prime; global_colors_info=\u00a0\u00bb{}\u00a0\u00bb][et_pb_row column_structure=\u00a0\u00bb2_5,3_5&Prime; admin_label=\u00a0\u00bbrow\u00a0\u00bb _builder_version=\u00a0\u00bb4.16&Prime; background_size=\u00a0\u00bbinitial\u00a0\u00bb background_position=\u00a0\u00bbtop_left\u00a0\u00bb background_repeat=\u00a0\u00bbrepeat\u00a0\u00bb global_colors_info=\u00a0\u00bb{}\u00a0\u00bb][et_pb_column type=\u00a0\u00bb2_5&Prime; _builder_version=\u00a0\u00bb4.16&Prime; custom_padding=\u00a0\u00bb|||\u00a0\u00bb global_colors_info=\u00a0\u00bb{}\u00a0\u00bb custom_padding__hover=\u00a0\u00bb|||\u00a0\u00bb][et_pb_text admin_label=\u00a0\u00bbactualit\u00e9s r\u00e9seau du livre\u00a0\u00bb _builder_version=\u00a0\u00bb4.16&Prime; _module_preset=\u00a0\u00bbdefault\u00a0\u00bb global_colors_info=\u00a0\u00bb{}\u00a0\u00bb]<\/p>\n<p><img loading=\"lazy\" decoding=\"async\" class=\"alignnone  wp-image-6399 aligncenter\" src=\"https:\/\/www.pedagogie.ac-nice.fr\/daac\/wp-content\/uploads\/sites\/37\/2021\/09\/actualites_livre.png\" alt=\"\" width=\"286\" height=\"190\"><\/p>\n<p>[\/et_pb_text][et_pb_divider _builder_version=\u00a0\u00bb4.27.4&Prime; _module_preset=\u00a0\u00bbdefault\u00a0\u00bb global_colors_info=\u00a0\u00bb{}\u00a0\u00bb][\/et_pb_divider][et_pb_text _builder_version=\u00a0\u00bb4.27.4&Prime; _module_preset=\u00a0\u00bbdefault\u00a0\u00bb text_font=\u00a0\u00bbTrebuchet||||||||\u00a0\u00bb text_text_color=\u00a0\u00bb#000000&Prime; text_font_size=\u00a0\u00bb16px\u00a0\u00bb hover_enabled=\u00a0\u00bb0&Prime; global_colors_info=\u00a0\u00bb{}\u00a0\u00bb sticky_enabled=\u00a0\u00bb0&Prime;]<\/p>\n<p><span style=\"color: #000000;\"><strong>ZOOM SUR&#8230;<\/strong><\/span><\/p>\n<h1 class=\"post-title entry-title\"><span style=\"color: #800080;\">Les livres anciens comme ressources p\u00e9dagogiques<\/span><\/h1>\n<p><a href=\"https:\/\/www.pedagogie.ac-nice.fr\/svt\/?p=5402\" target=\"_blank\" rel=\"noopener\"><span style=\"color: #000000;\">Retrouvez l&rsquo;article ici<\/span><\/a><\/p>\n<p>[\/et_pb_text][et_pb_divider _builder_version=\u00a0\u00bb4.27.4&Prime; _module_preset=\u00a0\u00bbdefault\u00a0\u00bb global_colors_info=\u00a0\u00bb{}\u00a0\u00bb][\/et_pb_divider][et_pb_accordion admin_label=\u00a0\u00bbAccord\u00e9on actualit\u00e9s Livre\u00a0\u00bb _builder_version=\u00a0\u00bb4.27.4&Prime; _module_preset=\u00a0\u00bbdefault\u00a0\u00bb global_colors_info=\u00a0\u00bb{}\u00a0\u00bb][et_pb_accordion_item title=\u00a0\u00bbLes nuits de la lecture\u00a0\u00bb open=\u00a0\u00bbon\u00a0\u00bb _builder_version=\u00a0\u00bb4.27.4&Prime; _module_preset=\u00a0\u00bbdefault\u00a0\u00bb body_text_color=\u00a0\u00bb#000000&Prime; text_orientation=\u00a0\u00bbcenter\u00a0\u00bb global_colors_info=\u00a0\u00bb{}\u00a0\u00bb]<\/p>\n<p><img loading=\"lazy\" decoding=\"async\" src=\"https:\/\/www.pedagogie.ac-nice.fr\/daac\/wp-content\/uploads\/sites\/37\/2026\/01\/nuit-de-la-lect-300x300.png\" width=\"300\" height=\"300\" alt=\"\" class=\"wp-image-16011 alignnone size-medium\" srcset=\"https:\/\/www.pedagogie.ac-nice.fr\/daac\/wp-content\/uploads\/sites\/37\/2026\/01\/nuit-de-la-lect-300x300.png 300w, https:\/\/www.pedagogie.ac-nice.fr\/daac\/wp-content\/uploads\/sites\/37\/2026\/01\/nuit-de-la-lect-150x150.png 150w, https:\/\/www.pedagogie.ac-nice.fr\/daac\/wp-content\/uploads\/sites\/37\/2026\/01\/nuit-de-la-lect.png 375w\" sizes=\"(max-width: 300px) 100vw, 300px\" \/><\/p>\n<h1><span class=\"field field--name-title field--type-string field--label-hidden\">Les Nuits de la lecture reviennent pour une 10e \u00e9dition sur le th\u00e8me \u00ab\u00a0Villes et campagnes\u00a0\u00bb<\/span><\/h1>\n<p><a href=\"https:\/\/www.pearltrees.com\/t\/daac-de-nice\/nuit-de-la-lecture\/id100802149\" target=\"_blank\" rel=\"noopener\"><span style=\"font-family: Trebuchet MS, sans-serif;\">En savoir plus<\/span><\/a><\/p>\n<p>[\/et_pb_accordion_item][et_pb_accordion_item title=\u00a0\u00bbAPPEL \u00c0 PROJETS   \u00ab Prix litt\u00e9raire des lyc\u00e9ens et apprentis \u00bb\u00a0\u00bb open_toggle_text_color=\u00a0\u00bb#000000&Prime; _builder_version=\u00a0\u00bb4.27.4&Prime; _module_preset=\u00a0\u00bbdefault\u00a0\u00bb body_font=\u00a0\u00bbTrebuchet||||||||\u00a0\u00bb body_text_color=\u00a0\u00bb#000000&Prime; global_colors_info=\u00a0\u00bb{}\u00a0\u00bb toggle_text_color=\u00a0\u00bb#000000&Prime; toggle_font=\u00a0\u00bbTrebuchet|700||on|||||\u00a0\u00bb open=\u00a0\u00bboff\u00a0\u00bb]<\/p>\n<p><img loading=\"lazy\" decoding=\"async\" src=\"https:\/\/www.pedagogie.ac-nice.fr\/daac\/wp-content\/uploads\/sites\/37\/2025\/04\/region.jpg\" width=\"190\" height=\"143\" alt=\"\" class=\"wp-image-15793 alignnone size-full\" \/><\/p>\n<p><a href=\"https:\/\/www.pedagogie.ac-nice.fr\/daac\/wp-content\/uploads\/sites\/37\/2025\/04\/AAP-PRIX-LITTERAIRE-2025-2026-VD.pdf\" target=\"_blank\" rel=\"noopener\"><strong>APPEL \u00c0 PROJETS<\/strong>\u00a0<\/a><\/p>\n<p><a href=\"https:\/\/www.pedagogie.ac-nice.fr\/daac\/wp-content\/uploads\/sites\/37\/2025\/04\/AAP-PRIX-LITTERAIRE-2025-2026-VD.pdf\" target=\"_blank\" rel=\"noopener\"><strong><em>\u00ab Prix litt\u00e9raire des lyc\u00e9ens et apprentis \u00bb<\/em><\/strong><\/a><\/p>\n<p>[\/et_pb_accordion_item][et_pb_accordion_item title=\u00a0\u00bbPrix litt\u00e9raire des lyc\u00e9ens et apprentis de la r\u00e9gion SUD 2024 &#8211; 2025&Prime; _builder_version=\u00a0\u00bb4.27.4&Prime; _module_preset=\u00a0\u00bbdefault\u00a0\u00bb global_colors_info=\u00a0\u00bb{}\u00a0\u00bb toggle_text_color=\u00a0\u00bb#000000&Prime; open=\u00a0\u00bboff\u00a0\u00bb]<\/p>\n<p><a href=\"https:\/\/www.pedagogie.ac-nice.fr\/daac\/wp-content\/uploads\/sites\/37\/2025\/01\/Le-Prix-litteraire-des-lyceens-et-apprentis-de-la-Region-Sud-Provence.pdf\" target=\"_blank\" rel=\"noopener\"><img loading=\"lazy\" decoding=\"async\" src=\"https:\/\/www.pedagogie.ac-nice.fr\/daac\/wp-content\/uploads\/sites\/37\/2025\/01\/prix-litt-2025-300x122.png\" width=\"300\" height=\"122\" alt=\"\" class=\"wp-image-15698 alignnone size-medium\" srcset=\"https:\/\/www.pedagogie.ac-nice.fr\/daac\/wp-content\/uploads\/sites\/37\/2025\/01\/prix-litt-2025-300x122.png 300w, https:\/\/www.pedagogie.ac-nice.fr\/daac\/wp-content\/uploads\/sites\/37\/2025\/01\/prix-litt-2025.png 591w\" sizes=\"(max-width: 300px) 100vw, 300px\" \/><\/a><\/p>\n<p>[\/et_pb_accordion_item][et_pb_accordion_item title=\u00a0\u00bbA voix haute\u00a0\u00bb _builder_version=\u00a0\u00bb4.27.4&Prime; _module_preset=\u00a0\u00bbdefault\u00a0\u00bb global_colors_info=\u00a0\u00bb{}\u00a0\u00bb open=\u00a0\u00bboff\u00a0\u00bb]<\/p>\n<p><a href=\"https:\/\/www.pedagogie.ac-nice.fr\/daac\/wp-content\/uploads\/sites\/37\/2025\/01\/Si-on-lisait-a-voix-haute-2025.pdf\" target=\"_blank\" rel=\"noopener\"><img loading=\"lazy\" decoding=\"async\" class=\"aligncenter wp-image-6804\" src=\"https:\/\/www.pedagogie.ac-nice.fr\/daac\/wp-content\/uploads\/sites\/37\/2021\/09\/visuel-a-voix-haute.jpg\" alt=\"\" width=\"299\" height=\"302\" srcset=\"https:\/\/www.pedagogie.ac-nice.fr\/daac\/wp-content\/uploads\/sites\/37\/2021\/09\/visuel-a-voix-haute.jpg 495w, https:\/\/www.pedagogie.ac-nice.fr\/daac\/wp-content\/uploads\/sites\/37\/2021\/09\/visuel-a-voix-haute-297x300.jpg 297w\" sizes=\"(max-width: 299px) 100vw, 299px\" \/><\/a><\/p>\n<p>[\/et_pb_accordion_item][et_pb_accordion_item title=\u00a0\u00bbJeunes en Librairie\u00a0\u00bb _builder_version=\u00a0\u00bb4.27.4&Prime; _module_preset=\u00a0\u00bbdefault\u00a0\u00bb global_colors_info=\u00a0\u00bb{}\u00a0\u00bb open=\u00a0\u00bboff\u00a0\u00bb]<\/p>\n<p style=\"text-align: center;\"><a href=\"https:\/\/www.pedagogie.ac-nice.fr\/daac\/dispositif-jeunes-en-librairie\/\" target=\"_blank\" rel=\"noopener\"><img loading=\"lazy\" decoding=\"async\" src=\"https:\/\/www.pedagogie.ac-nice.fr\/daac\/wp-content\/uploads\/sites\/37\/2025\/01\/jeunes-en-librairie-300x129.png\" width=\"300\" height=\"129\" alt=\"\" class=\"wp-image-15706 alignnone size-medium\" srcset=\"https:\/\/www.pedagogie.ac-nice.fr\/daac\/wp-content\/uploads\/sites\/37\/2025\/01\/jeunes-en-librairie-300x129.png 300w, https:\/\/www.pedagogie.ac-nice.fr\/daac\/wp-content\/uploads\/sites\/37\/2025\/01\/jeunes-en-librairie.png 598w\" sizes=\"(max-width: 300px) 100vw, 300px\" \/><\/a><\/p>\n<p style=\"text-align: center;\"><span style=\"color: #993366;\"><a href=\"https:\/\/www.pedagogie.ac-nice.fr\/daac\/wp-content\/uploads\/sites\/37\/2025\/01\/Jeunes-en-librairie.pdf\" target=\"_blank\" rel=\"noopener\" style=\"color: #993366;\"><strong>Appel \u00e0 projet 2024 &#8211; 2025<\/strong><\/a><\/span><\/p>\n<p>[\/et_pb_accordion_item][et_pb_accordion_item title=\u00a0\u00bbPrix Goncourt\u00a0\u00bb _builder_version=\u00a0\u00bb4.16&Prime; _module_preset=\u00a0\u00bbdefault\u00a0\u00bb global_colors_info=\u00a0\u00bb{}\u00a0\u00bb open=\u00a0\u00bboff\u00a0\u00bb]<\/p>\n<p><a href=\"https:\/\/www.education.gouv.fr\/le-prix-goncourt-des-lyceens-7637#:~:text=Le%20Prix%20Goncourt%20des%20Lyc%C3%A9ens%202022%20est%20d%C3%A9cern%C3%A9%20%C3%A0%20Sabyl,Stock).\" target=\"_blank\" rel=\"noopener\"><img loading=\"lazy\" decoding=\"async\" class=\"aligncenter wp-image-2945 size-full\" src=\"https:\/\/www.pedagogie.ac-nice.fr\/daac\/wp-content\/uploads\/sites\/37\/2021\/04\/goncourtdeslyceenslogo.jpg\" alt=\"\" width=\"300\" height=\"142\" \/><\/a><\/p>\n<p>[\/et_pb_accordion_item][\/et_pb_accordion][\/et_pb_column][et_pb_column type=\u00a0\u00bb3_5&Prime; _builder_version=\u00a0\u00bb4.16&Prime; custom_padding=\u00a0\u00bb|||\u00a0\u00bb global_colors_info=\u00a0\u00bb{}\u00a0\u00bb custom_padding__hover=\u00a0\u00bb|||\u00a0\u00bb][et_pb_text admin_label=\u00a0\u00bb1\/4 de lecture\u00a0\u00bb _builder_version=\u00a0\u00bb4.27.4&Prime; _module_preset=\u00a0\u00bbdefault\u00a0\u00bb text_font=\u00a0\u00bbTrebuchet||||||||\u00a0\u00bb text_text_color=\u00a0\u00bb#000000&Prime; text_font_size=\u00a0\u00bb19px\u00a0\u00bb global_colors_info=\u00a0\u00bb{}\u00a0\u00bb]<\/p>\n<p style=\"text-align: center;\"><img loading=\"lazy\" decoding=\"async\" src=\"https:\/\/www.pedagogie.ac-nice.fr\/daac\/wp-content\/uploads\/sites\/37\/2025\/03\/Livre-et-lecture-300x261.png\" width=\"300\" height=\"261\" alt=\"\" class=\"wp-image-15725 alignnone size-medium\" srcset=\"https:\/\/www.pedagogie.ac-nice.fr\/daac\/wp-content\/uploads\/sites\/37\/2025\/03\/Livre-et-lecture-300x261.png 300w, https:\/\/www.pedagogie.ac-nice.fr\/daac\/wp-content\/uploads\/sites\/37\/2025\/03\/Livre-et-lecture.png 459w\" sizes=\"(max-width: 300px) 100vw, 300px\" \/><\/p>\n<p style=\"text-align: center;\"><a href=\"https:\/\/www.pearltrees.com\/t\/daac-de-nice\/livre-et-lecture\/id73553180\" target=\"_blank\" rel=\"noopener\">Cliquez pour retrouver toutes les ressources<\/a><\/p>\n<p>[\/et_pb_text][et_pb_divider _builder_version=\u00a0\u00bb4.27.4&Prime; _module_preset=\u00a0\u00bbdefault\u00a0\u00bb global_colors_info=\u00a0\u00bb{}\u00a0\u00bb][\/et_pb_divider][et_pb_text admin_label=\u00a0\u00bbTexte Thierry\u00a0\u00bb _builder_version=\u00a0\u00bb4.27.4&Prime; _module_preset=\u00a0\u00bbdefault\u00a0\u00bb text_font=\u00a0\u00bbTrebuchet||||||||\u00a0\u00bb text_text_color=\u00a0\u00bb#000000&Prime; text_font_size=\u00a0\u00bb17px\u00a0\u00bb text_orientation=\u00a0\u00bbjustified\u00a0\u00bb global_colors_info=\u00a0\u00bb{}\u00a0\u00bb]<\/p>\n<p style=\"text-align: center;\"><span style=\"color: #993366; font-size: x-large;\"><strong>\u00ab Lire ensemble \u00bb : des mesures pour favoriser la lecture d\u00e8s le plus jeune \u00e2ge<\/strong><\/span><\/p>\n<p style=\"text-align: center;\"><strong>Trois leviers nationaux pour installer durablement la lecture<\/strong><\/p>\n<p><strong>1) Installer un r\u00e9flexe de lecture<\/strong><\/p>\n<p>Le <strong>Quart d\u2019heure lecture<\/strong>, temps quotidien partag\u00e9 par tous (\u00e9l\u00e8ves et adultes), cr\u00e9e une exp\u00e9rience collective et valorise la lecture comme un geste social ; il s\u2019inscrit dans un projet global du livre et de la lecture, en lien avec des partenaires (m\u00e9diath\u00e8ques, r\u00e9sidences d\u2019auteurs, prix litt\u00e9raires, concours de lecture \u00e0 voix haute).<\/p>\n<p><strong>2) Sanctuariser des lieux de lecture<\/strong><\/p>\n<p>L\u2019ambition est d\u2019am\u00e9nager des espaces accessibles (classes, couloirs, CDI, lieux communs) et de renforcer les partenariats avec les collectivit\u00e9s, notamment pour faciliter l\u2019inscription et la familiarisation des \u00e9l\u00e8ves et des familles aux m\u00e9diath\u00e8ques (\u00ab en CP, je visite et je m\u2019inscris \u00bb \/ \u00ab en 6e, je visite et je m\u2019inscris \u00bb).<\/p>\n<p><strong>3) Faire du choix du livre un moment de partage<\/strong><\/p>\n<p>Le minist\u00e8re pr\u00e9voit la publication annuelle de <strong>listes d\u2019\u0153uvres conseill\u00e9es<\/strong> (chaque printemps), co-construites avec des partenaires dont le Centre national du livre, et encourage les <strong>clubs de lecture<\/strong> et les \u00e9changes autour des lectures.<br \/>La <strong>rencontre avec les auteurs<\/strong> est renforc\u00e9e, notamment par le d\u00e9veloppement de r\u00e9sidences d\u2019auteur permettant un temps d\u2019immersion et de cr\u00e9ation co-construit avec les \u00e9quipes p\u00e9dagogiques.<\/p>\n<p><span style=\"color: #993366;\"><a href=\"https:\/\/www.education.gouv.fr\/lire-ensemble-des-mesures-pour-favoriser-la-lecture-des-le-plus-jeune-age-452194\" target=\"_blank\" rel=\"noopener\" style=\"color: #993366;\">Lien vers le communiqu\u00e9 de presse du ministre de l&rsquo;\u00e9ducation nationale en date du 22\/01\/2026<\/a><\/span><\/p>\n<p><span style=\"font-size: x-large;\"><strong>Dans l\u2019Acad\u00e9mie de Nice<\/strong><\/span><\/p>\n<p><span style=\"color: #993366;\"><strong>La Charte du \u00ab Parcours du jeune lecteur \u00bb : un nouveau levier pour d\u00e9velopper les projets partenariaux<\/strong><\/span><\/p>\n<p><span style=\"color: #993366;\"><strong><img loading=\"lazy\" decoding=\"async\" src=\"https:\/\/www.pedagogie.ac-nice.fr\/daac\/wp-content\/uploads\/sites\/37\/2026\/01\/logo-jeune-lecteur-268x300.png\" width=\"153\" height=\"172\" alt=\"\" class=\"wp-image-16020 alignnone size-medium\" style=\"display: block; margin-left: auto; margin-right: auto;\" srcset=\"https:\/\/www.pedagogie.ac-nice.fr\/daac\/wp-content\/uploads\/sites\/37\/2026\/01\/logo-jeune-lecteur-268x300.png 268w, https:\/\/www.pedagogie.ac-nice.fr\/daac\/wp-content\/uploads\/sites\/37\/2026\/01\/logo-jeune-lecteur.png 520w\" sizes=\"(max-width: 153px) 100vw, 153px\" \/><\/strong><\/span><\/p>\n<p>Dans la continuit\u00e9 de \u00ab Lire ensemble \u00bb, l\u2019Acad\u00e9mie de Nice annonce la <strong>Charte du Parcours du jeune lecteur<\/strong>, con\u00e7ue comme un <strong>cadre commun<\/strong> pour renforcer, coordonner et p\u00e9renniser les coop\u00e9rations entre l\u2019\u00c9ducation nationale et l\u2019ensemble des acteurs du livre et de la lecture.<\/p>\n<p>La Charte repose sur un <strong>engagement partag\u00e9<\/strong> : communaut\u00e9 \u00e9ducative, biblioth\u00e8ques et m\u00e9diath\u00e8ques, libraires, associations, \u00e9diteurs, familles et collectivit\u00e9s s\u2019engagent \u00e0 rendre accessible la richesse \u00e9ditoriale \u00e0 tous les jeunes, sur tous les territoires.<\/p>\n<p>Elle affirme la continuit\u00e9 de tous les temps et espaces de vie (\u00e9cole, coll\u00e8ge, lyc\u00e9e, famille, lieux culturels, environnements num\u00e9riques), valorise la diversit\u00e9 des m\u00e9diations (notamment l\u2019oralit\u00e9 individuelle et collective), et pr\u00e9voit formation, r\u00e9f\u00e9rences communes, suivi et \u00e9valuation afin de documenter et mutualiser les bonnes pratiques.<\/p>\n<p><strong>Plus de 43 000 \u00e9l\u00e8ves d\u00e9j\u00e0 impliqu\u00e9s dans l\u2019acad\u00e9mie de Nice<\/strong><\/p>\n<p><strong> <\/strong><\/p>\n<p><strong>Floril\u00e8ge d\u2019actions d\u00e9j\u00e0 \u00e0 l\u2019\u0153uvre<\/strong><\/p>\n<ul>\n<li><strong>Ritualiser<\/strong>\u00a0: Quart d\u2019heure de lecture (p\u00e9rennisation du quart d\u2019heure dans de nombreuses \u00e9coles) ; mobilisation autour des\u00a0<strong>Nuits de la lecture<\/strong>\u00a0(lien Pearltrees).<\/li>\n<li><strong>Am\u00e9nager<\/strong>\u00a0: partenariat r\u00e9gulier avec une m\u00e9diath\u00e8que (\u00e9cole maternelle \u2013 Nice) ; cr\u00e9ation d\u2019un espace refuge de lecture au CDI (coll\u00e8ge \u2013 Saint-Martin-du-Var).<\/li>\n<li><strong>Partager<\/strong>\u00a0: Prix des Lecteurs du Var (BD) ; Prix litt\u00e9raire des lyc\u00e9ens et apprentis PACA ; rencontres d\u2019auteurs dans les coll\u00e8ges ; projet litt\u00e9raire de territoire \u00ab De la Plume \u00e0 l\u2019Oreille \u00bb (territoire \u00e9largi autour de Fr\u00e9jus) ; dispositifs structurants autour de la BD (CASA).<\/li>\n<\/ul>\n<p><span style=\"color: #993366;\"><a href=\"https:\/\/www.pedagogie.ac-nice.fr\/daac\/wp-content\/uploads\/sites\/37\/2026\/01\/charte-parcours-jeune-lecteur.pdf\" target=\"_blank\" rel=\"noopener\" style=\"color: #993366;\">La Charte du Jeune Lecteur<\/a><\/span><\/p>\n<p>&nbsp;<\/p>\n<p>&nbsp;<\/p>\n<p style=\"text-align: center;\"><span style=\"font-size: 24pt;\"><strong><span style=\"color: #ff6600;\"><span style=\"color: #993366;\"><\/span><\/span><\/strong><\/span><\/p>\n<p style=\"text-align: justify;\"><a href=\"https:\/\/www.pedagogie.ac-nice.fr\/daac\/wp-content\/uploads\/sites\/37\/2022\/09\/Actu-Livre13-09.pdf\" target=\"_blank\" rel=\"noopener\"><span style=\"color: #000000;\"><img loading=\"lazy\" decoding=\"async\" src=\"https:\/\/www.pedagogie.ac-nice.fr\/daac\/wp-content\/uploads\/sites\/37\/2021\/01\/atelier_lecteur.jpg\" width=\"256\" height=\"125\" alt=\"\" class=\"wp-image-2076 alignnone size-full\" style=\"display: block; margin-left: auto; margin-right: auto;\" srcset=\"https:\/\/www.pedagogie.ac-nice.fr\/daac\/wp-content\/uploads\/sites\/37\/2021\/01\/atelier_lecteur.jpg 527w, https:\/\/www.pedagogie.ac-nice.fr\/daac\/wp-content\/uploads\/sites\/37\/2021\/01\/atelier_lecteur-300x146.jpg 300w\" sizes=\"(max-width: 256px) 100vw, 256px\" \/><\/span><\/a><\/p>\n<p>[\/et_pb_text][et_pb_text admin_label=\u00a0\u00bbmediath\u00e8que\u00a0\u00bb _builder_version=\u00a0\u00bb4.16&Prime; _module_preset=\u00a0\u00bbdefault\u00a0\u00bb global_colors_info=\u00a0\u00bb{}\u00a0\u00bb][\/et_pb_text][et_pb_text admin_label=\u00a0\u00bbr\u00e9sidences d&rsquo;\u00e9criture\u00a0\u00bb _builder_version=\u00a0\u00bb4.16&Prime; _module_preset=\u00a0\u00bbdefault\u00a0\u00bb global_colors_info=\u00a0\u00bb{}\u00a0\u00bb][\/et_pb_text][\/et_pb_column][\/et_pb_row][\/et_pb_section][et_pb_section fb_built=\u00a0\u00bb1&Prime; _builder_version=\u00a0\u00bb4.16&Prime; _module_preset=\u00a0\u00bbdefault\u00a0\u00bb global_colors_info=\u00a0\u00bb{}\u00a0\u00bb][et_pb_row column_structure=\u00a0\u00bb1_4,1_4,1_4,1_4&Prime; _builder_version=\u00a0\u00bb4.16&Prime; _module_preset=\u00a0\u00bbdefault\u00a0\u00bb global_colors_info=\u00a0\u00bb{}\u00a0\u00bb][et_pb_column type=\u00a0\u00bb1_4&Prime; _builder_version=\u00a0\u00bb4.16&Prime; _module_preset=\u00a0\u00bbdefault\u00a0\u00bb global_colors_info=\u00a0\u00bb{}\u00a0\u00bb][et_pb_text admin_label=\u00a0\u00bbvisuel 1\/4 d&rsquo;heure\u00a0\u00bb _builder_version=\u00a0\u00bb4.16&Prime; _module_preset=\u00a0\u00bbdefault\u00a0\u00bb global_colors_info=\u00a0\u00bb{}\u00a0\u00bb]<\/p>\n<p><a href=\"https:\/\/www.pedagogie.ac-nice.fr\/daac\/le-quart-dheure-de-lecture\/\" target=\"_blank\" rel=\"noopener\"><img loading=\"lazy\" decoding=\"async\" class=\"aligncenter wp-image-6473 size-full\" src=\"https:\/\/www.pedagogie.ac-nice.fr\/daac\/wp-content\/uploads\/sites\/37\/2021\/09\/quart_heure_lecture.png\" alt=\"\" width=\"288\" height=\"225\"><\/a><\/p>\n<p>[\/et_pb_text][\/et_pb_column][et_pb_column type=\u00a0\u00bb1_4&Prime; _builder_version=\u00a0\u00bb4.16&Prime; _module_preset=\u00a0\u00bbdefault\u00a0\u00bb global_colors_info=\u00a0\u00bb{}\u00a0\u00bb][et_pb_text admin_label=\u00a0\u00bb10 moi 10 mots\u00a0\u00bb _builder_version=\u00a0\u00bb4.16&Prime; _module_preset=\u00a0\u00bbdefault\u00a0\u00bb global_colors_info=\u00a0\u00bb{}\u00a0\u00bb]<\/p>\n<p><a href=\"https:\/\/www.pedagogie.ac-nice.fr\/daac\/dis-moi-dix-mots\/\" target=\"_blank\" rel=\"noopener\"><img loading=\"lazy\" decoding=\"async\" class=\"alignnone size-medium wp-image-10887 aligncenter\" src=\"https:\/\/www.pedagogie.ac-nice.fr\/daac\/wp-content\/uploads\/sites\/37\/2022\/01\/concours10mots_visuel2021_banniere-300x42.jpg\" alt=\"\" width=\"300\" height=\"42\" srcset=\"https:\/\/www.pedagogie.ac-nice.fr\/daac\/wp-content\/uploads\/sites\/37\/2022\/01\/concours10mots_visuel2021_banniere-300x42.jpg 300w, https:\/\/www.pedagogie.ac-nice.fr\/daac\/wp-content\/uploads\/sites\/37\/2022\/01\/concours10mots_visuel2021_banniere-1024x143.jpg 1024w, https:\/\/www.pedagogie.ac-nice.fr\/daac\/wp-content\/uploads\/sites\/37\/2022\/01\/concours10mots_visuel2021_banniere-768x107.jpg 768w, https:\/\/www.pedagogie.ac-nice.fr\/daac\/wp-content\/uploads\/sites\/37\/2022\/01\/concours10mots_visuel2021_banniere-1536x215.jpg 1536w, https:\/\/www.pedagogie.ac-nice.fr\/daac\/wp-content\/uploads\/sites\/37\/2022\/01\/concours10mots_visuel2021_banniere-2048x286.jpg 2048w, https:\/\/www.pedagogie.ac-nice.fr\/daac\/wp-content\/uploads\/sites\/37\/2022\/01\/concours10mots_visuel2021_banniere-1080x151.jpg 1080w\" sizes=\"(max-width: 300px) 100vw, 300px\" \/><img loading=\"lazy\" decoding=\"async\" class=\"alignnone size-medium wp-image-10888 aligncenter\" src=\"https:\/\/www.pedagogie.ac-nice.fr\/daac\/wp-content\/uploads\/sites\/37\/2022\/01\/nuage_mot_10moi10mots-300x300.jpg\" alt=\"\" width=\"300\" height=\"300\" srcset=\"https:\/\/www.pedagogie.ac-nice.fr\/daac\/wp-content\/uploads\/sites\/37\/2022\/01\/nuage_mot_10moi10mots-300x300.jpg 300w, https:\/\/www.pedagogie.ac-nice.fr\/daac\/wp-content\/uploads\/sites\/37\/2022\/01\/nuage_mot_10moi10mots.jpg 1024w, https:\/\/www.pedagogie.ac-nice.fr\/daac\/wp-content\/uploads\/sites\/37\/2022\/01\/nuage_mot_10moi10mots-150x150.jpg 150w, https:\/\/www.pedagogie.ac-nice.fr\/daac\/wp-content\/uploads\/sites\/37\/2022\/01\/nuage_mot_10moi10mots-768x768.jpg 768w, https:\/\/www.pedagogie.ac-nice.fr\/daac\/wp-content\/uploads\/sites\/37\/2022\/01\/nuage_mot_10moi10mots-440x440.jpg 440w\" sizes=\"(max-width: 300px) 100vw, 300px\" \/><\/a><\/p>\n<p>[\/et_pb_text][\/et_pb_column][et_pb_column type=\u00a0\u00bb1_4&Prime; _builder_version=\u00a0\u00bb4.16&Prime; _module_preset=\u00a0\u00bbdefault\u00a0\u00bb global_colors_info=\u00a0\u00bb{}\u00a0\u00bb][et_pb_text admin_label=\u00a0\u00bbEtonnants voyageurs\u00a0\u00bb _builder_version=\u00a0\u00bb4.16&Prime; _module_preset=\u00a0\u00bbdefault\u00a0\u00bb global_colors_info=\u00a0\u00bb{}\u00a0\u00bb]<\/p>\n<p><a href=\"https:\/\/www.pedagogie.ac-nice.fr\/daac\/etonnants-voyageurs\/\" target=\"_blank\" rel=\"noopener\"><img loading=\"lazy\" decoding=\"async\" class=\"aligncenter wp-image-10901 size-medium\" src=\"https:\/\/www.pedagogie.ac-nice.fr\/daac\/wp-content\/uploads\/sites\/37\/2022\/01\/etonnant-voyageur-300x216.jpg\" alt=\"\" width=\"300\" height=\"216\" srcset=\"https:\/\/www.pedagogie.ac-nice.fr\/daac\/wp-content\/uploads\/sites\/37\/2022\/01\/etonnant-voyageur-300x216.jpg 300w, https:\/\/www.pedagogie.ac-nice.fr\/daac\/wp-content\/uploads\/sites\/37\/2022\/01\/etonnant-voyageur.jpg 320w\" sizes=\"(max-width: 300px) 100vw, 300px\" \/><\/a><\/p>\n<p>[\/et_pb_text][\/et_pb_column][et_pb_column type=\u00a0\u00bb1_4&Prime; _builder_version=\u00a0\u00bb4.16&Prime; _module_preset=\u00a0\u00bbdefault\u00a0\u00bb global_colors_info=\u00a0\u00bb{}\u00a0\u00bb][et_pb_text admin_label=\u00a0\u00bbR\u00e9citons aujourd&rsquo;hui\u00a0\u00bb _builder_version=\u00a0\u00bb4.16&Prime; _module_preset=\u00a0\u00bbdefault\u00a0\u00bb global_colors_info=\u00a0\u00bb{}\u00a0\u00bb]<\/p>\n<p><a href=\"https:\/\/www.pedagogie.ac-nice.fr\/daac\/recitons-aujourdhui\/\" target=\"_blank\" rel=\"noopener\"><img loading=\"lazy\" decoding=\"async\" class=\"aligncenter wp-image-10902 size-medium\" src=\"https:\/\/www.pedagogie.ac-nice.fr\/daac\/wp-content\/uploads\/sites\/37\/2022\/01\/RecitonsBNF-300x200.jpg\" alt=\"\" width=\"300\" height=\"200\" srcset=\"https:\/\/www.pedagogie.ac-nice.fr\/daac\/wp-content\/uploads\/sites\/37\/2022\/01\/RecitonsBNF-300x200.jpg 300w, https:\/\/www.pedagogie.ac-nice.fr\/daac\/wp-content\/uploads\/sites\/37\/2022\/01\/RecitonsBNF.jpg 643w\" sizes=\"(max-width: 300px) 100vw, 300px\" \/><\/a><\/p>\n<p>[\/et_pb_text][\/et_pb_column][\/et_pb_row][\/et_pb_section][et_pb_section fb_built=\u00a0\u00bb1&Prime; _builder_version=\u00a0\u00bb4.16&Prime; _module_preset=\u00a0\u00bbdefault\u00a0\u00bb global_colors_info=\u00a0\u00bb{}\u00a0\u00bb][et_pb_row _builder_version=\u00a0\u00bb4.16&Prime; _module_preset=\u00a0\u00bbdefault\u00a0\u00bb global_colors_info=\u00a0\u00bb{}\u00a0\u00bb][et_pb_column type=\u00a0\u00bb4_4&Prime; _builder_version=\u00a0\u00bb4.16&Prime; _module_preset=\u00a0\u00bbdefault\u00a0\u00bb global_colors_info=\u00a0\u00bb{}\u00a0\u00bb][\/et_pb_column][\/et_pb_row][\/et_pb_section]<\/p>\n","protected":false},"excerpt":{"rendered":"<p>ZOOM SUR&#8230; Les livres anciens comme ressources p\u00e9dagogiques Retrouvez l&rsquo;article ici Les Nuits de la lecture reviennent pour une 10e \u00e9dition sur le th\u00e8me \u00ab\u00a0Villes et campagnes\u00a0\u00bb En savoir plus APPEL \u00c0 PROJETS\u00a0 \u00ab Prix litt\u00e9raire des lyc\u00e9ens et apprentis \u00bb Appel \u00e0 projet 2024 &#8211; 2025 Cliquez pour retrouver toutes les ressources\u00ab Lire ensemble [&hellip;]<\/p>\n","protected":false},"author":241,"featured_media":0,"parent":0,"menu_order":0,"comment_status":"closed","ping_status":"closed","template":"","meta":{"_et_pb_use_builder":"on","_et_pb_old_content":"","_et_gb_content_width":"","ngg_post_thumbnail":0,"footnotes":""},"class_list":["post-503","page","type-page","status-publish","hentry"],"rttpg_featured_image_url":null,"rttpg_author":{"display_name":"daacadmin","author_link":"https:\/\/www.pedagogie.ac-nice.fr\/daac\/author\/daacadmin\/"},"rttpg_comment":0,"rttpg_category":null,"rttpg_excerpt":"ZOOM SUR... Les livres anciens comme ressources p\u00e9dagogiques Retrouvez l'article ici Les Nuits de la lecture reviennent pour une 10e \u00e9dition sur le th\u00e8me \"Villes et campagnes\" En savoir plus APPEL \u00c0 PROJETS\u00a0 \u00ab Prix litt\u00e9raire des lyc\u00e9ens et apprentis \u00bb Appel \u00e0 projet 2024 - 2025 Cliquez pour retrouver toutes les ressources\u00ab Lire ensemble\u2026","post_mailing_queue_ids":[],"_links":{"self":[{"href":"https:\/\/www.pedagogie.ac-nice.fr\/daac\/wp-json\/wp\/v2\/pages\/503","targetHints":{"allow":["GET"]}}],"collection":[{"href":"https:\/\/www.pedagogie.ac-nice.fr\/daac\/wp-json\/wp\/v2\/pages"}],"about":[{"href":"https:\/\/www.pedagogie.ac-nice.fr\/daac\/wp-json\/wp\/v2\/types\/page"}],"author":[{"embeddable":true,"href":"https:\/\/www.pedagogie.ac-nice.fr\/daac\/wp-json\/wp\/v2\/users\/241"}],"replies":[{"embeddable":true,"href":"https:\/\/www.pedagogie.ac-nice.fr\/daac\/wp-json\/wp\/v2\/comments?post=503"}],"version-history":[{"count":96,"href":"https:\/\/www.pedagogie.ac-nice.fr\/daac\/wp-json\/wp\/v2\/pages\/503\/revisions"}],"predecessor-version":[{"id":16080,"href":"https:\/\/www.pedagogie.ac-nice.fr\/daac\/wp-json\/wp\/v2\/pages\/503\/revisions\/16080"}],"wp:attachment":[{"href":"https:\/\/www.pedagogie.ac-nice.fr\/daac\/wp-json\/wp\/v2\/media?parent=503"}],"curies":[{"name":"wp","href":"https:\/\/api.w.org\/{rel}","templated":true}]}}