{"id":7572,"date":"2021-10-05T08:36:14","date_gmt":"2021-10-05T06:36:14","guid":{"rendered":"https:\/\/www.pedagogie.ac-nice.fr\/daac\/?page_id=7572"},"modified":"2023-09-05T10:58:18","modified_gmt":"2023-09-05T08:58:18","slug":"domaine-danse-asv","status":"publish","type":"page","link":"https:\/\/www.pedagogie.ac-nice.fr\/daac\/domaine-danse-asv\/","title":{"rendered":"domaine danse ASV"},"content":{"rendered":"<p>[et_pb_section fb_built=\u00a0\u00bb1&Prime; specialty=\u00a0\u00bbon\u00a0\u00bb _builder_version=\u00a0\u00bb4.10.7&Prime; _module_preset=\u00a0\u00bbdefault\u00a0\u00bb global_colors_info=\u00a0\u00bb{}\u00a0\u00bb][et_pb_column type=\u00a0\u00bb1_3&Prime; _builder_version=\u00a0\u00bb3.25&Prime; custom_padding=\u00a0\u00bb|||\u00a0\u00bb global_colors_info=\u00a0\u00bb{}\u00a0\u00bb custom_padding__hover=\u00a0\u00bb|||\u00a0\u00bb][et_pb_text admin_label=\u00a0\u00bblogo danse\u00a0\u00bb _builder_version=\u00a0\u00bb4.10.7&Prime; _module_preset=\u00a0\u00bbdefault\u00a0\u00bb global_colors_info=\u00a0\u00bb{}\u00a0\u00bb]<\/p>\n<p><img loading=\"lazy\" decoding=\"async\" class=\"alignnone size-full wp-image-5923 aligncenter\" src=\"https:\/\/www.pedagogie.ac-nice.fr\/daac\/wp-content\/uploads\/sites\/37\/2021\/09\/danse.png\" alt=\"\" width=\"346\" height=\"221\" srcset=\"https:\/\/www.pedagogie.ac-nice.fr\/daac\/wp-content\/uploads\/sites\/37\/2021\/09\/danse.png 346w, https:\/\/www.pedagogie.ac-nice.fr\/daac\/wp-content\/uploads\/sites\/37\/2021\/09\/danse-300x192.png 300w\" sizes=\"(max-width: 346px) 100vw, 346px\" \/><\/p>\n<p>[\/et_pb_text][et_pb_accordion admin_label=\u00a0\u00bbAccord\u00e9on Actualit\u00e9s\u00a0\u00bb _builder_version=\u00a0\u00bb4.10.7&Prime; _module_preset=\u00a0\u00bbdefault\u00a0\u00bb hover_enabled=\u00a0\u00bb0&Prime; global_colors_info=\u00a0\u00bb{}\u00a0\u00bb sticky_enabled=\u00a0\u00bb0&Prime;][et_pb_accordion_item title=\u00a0\u00bbCie Kubilai Khan Investigations\u00a0\u00bb _builder_version=\u00a0\u00bb4.10.7&Prime; _module_preset=\u00a0\u00bbdefault\u00a0\u00bb hover_enabled=\u00a0\u00bb0&Prime; sticky_enabled=\u00a0\u00bb0&Prime;]<\/p>\n<p style=\"text-align: center;\"><a href=\"https:\/\/www.pedagogie.ac-nice.fr\/daac\/cie-kubilai-khan-investigations\/\" target=\"_blank\" rel=\"noopener\"><img loading=\"lazy\" decoding=\"async\" src=\"https:\/\/www.pedagogie.ac-nice.fr\/daac\/wp-content\/uploads\/sites\/37\/2023\/09\/constellations-300x154.png\" width=\"300\" height=\"154\" alt=\"\" class=\"wp-image-15159 alignnone size-medium\" srcset=\"https:\/\/www.pedagogie.ac-nice.fr\/daac\/wp-content\/uploads\/sites\/37\/2023\/09\/constellations-300x154.png 300w, https:\/\/www.pedagogie.ac-nice.fr\/daac\/wp-content\/uploads\/sites\/37\/2023\/09\/constellations.png 375w\" sizes=\"(max-width: 300px) 100vw, 300px\" \/><\/a><\/p>\n<p>[\/et_pb_accordion_item][et_pb_accordion_item title=\u00a0\u00bbRencontres chor\u00e9graphiques\u00a0\u00bb open=\u00a0\u00bbon\u00a0\u00bb _builder_version=\u00a0\u00bb4.10.7&Prime; _module_preset=\u00a0\u00bbdefault\u00a0\u00bb body_font=\u00a0\u00bbTrebuchet||||||||\u00a0\u00bb body_text_align=\u00a0\u00bbleft\u00a0\u00bb body_text_color=\u00a0\u00bb#000000&Prime; global_colors_info=\u00a0\u00bb{}\u00a0\u00bb]<\/p>\n<p><img loading=\"lazy\" decoding=\"async\" src=\"https:\/\/www.pedagogie.ac-nice.fr\/daac\/wp-content\/uploads\/sites\/37\/2023\/01\/Rencontres-Choregraphiques-2-212x300.png\" width=\"212\" height=\"300\" alt=\"\" class=\"wp-image-14431 alignnone size-medium\" srcset=\"https:\/\/www.pedagogie.ac-nice.fr\/daac\/wp-content\/uploads\/sites\/37\/2023\/01\/Rencontres-Choregraphiques-2-212x300.png 212w, https:\/\/www.pedagogie.ac-nice.fr\/daac\/wp-content\/uploads\/sites\/37\/2023\/01\/Rencontres-Choregraphiques-2-724x1024.png 724w, https:\/\/www.pedagogie.ac-nice.fr\/daac\/wp-content\/uploads\/sites\/37\/2023\/01\/Rencontres-Choregraphiques-2-768x1086.png 768w, https:\/\/www.pedagogie.ac-nice.fr\/daac\/wp-content\/uploads\/sites\/37\/2023\/01\/Rencontres-Choregraphiques-2-1086x1536.png 1086w, https:\/\/www.pedagogie.ac-nice.fr\/daac\/wp-content\/uploads\/sites\/37\/2023\/01\/Rencontres-Choregraphiques-2-1448x2048.png 1448w, https:\/\/www.pedagogie.ac-nice.fr\/daac\/wp-content\/uploads\/sites\/37\/2023\/01\/Rencontres-Choregraphiques-2-1080x1528.png 1080w, https:\/\/www.pedagogie.ac-nice.fr\/daac\/wp-content\/uploads\/sites\/37\/2023\/01\/Rencontres-Choregraphiques-2.png 1587w\" sizes=\"(max-width: 212px) 100vw, 212px\" \/><\/p>\n<p><span>L<\/span>es Rencontres chor\u00e9graphiques auront lieu dans le Var \u00e0 <span style=\"color: #993366;\">Th\u00e9\u00e2tre en Drac\u00e9nie le 6 avril<\/span>, dans les Alpes Maritimes <span style=\"color: #993366;\">le 2 mai au Conservatoire<\/span>.<\/p>\n<p>Renseignements et inscriptions :<span>\u00a0<\/span><\/p>\n<p><a href=\"mailto:sandrine.bouillard@ac-nice.fr\" onclick=\"return rcmail.command('compose','sandrine.bouillard@ac-nice.fr',this)\" rel=\"noreferrer\">sandrine.bouillard@ac-nice.fr<\/a><span>\u00a0<\/span>pour les \u00e9tablissements du Var<\/p>\n<p><span>\u00a0<\/span><a href=\"https:\/\/esterel.ac-nice.fr\/rc\/?_task=mail&amp;_caps=pdf%3D1%2Cflash%3D0%2Ctiff%3D0%2Cwebp%3D1&amp;_uid=8446&amp;_mbox=INBOX&amp;_framed=1&amp;_action=preview#NOP\">aria.florent@ac-nice<\/a><span>\u00a0<\/span>pour les \u00e9tablissements des Alpes Maritimes.<\/p>\n<p>[\/et_pb_accordion_item][et_pb_accordion_item title=\u00a0\u00bbMusiques Actuelles 2022-2023&Prime; _builder_version=\u00a0\u00bb4.10.7&Prime; _module_preset=\u00a0\u00bbdefault\u00a0\u00bb global_colors_info=\u00a0\u00bb{}\u00a0\u00bb open=\u00a0\u00bboff\u00a0\u00bb]<\/p>\n<p style=\"text-align: center;\"><a href=\"https:\/\/www.pedagogie.ac-nice.fr\/daac\/musiques-actuelles\/\" target=\"_blank\" rel=\"noopener\"><span style=\"color: #800000;\"><strong>Appel \u00e0 projet<\/strong><\/span><img loading=\"lazy\" decoding=\"async\" class=\"aligncenter wp-image-10367\" src=\"https:\/\/www.pedagogie.ac-nice.fr\/daac\/wp-content\/uploads\/sites\/37\/2022\/01\/photo_musiques_actuelles_2021-scaled.jpeg\" alt=\"\" width=\"360\" height=\"270\" srcset=\"https:\/\/www.pedagogie.ac-nice.fr\/daac\/wp-content\/uploads\/sites\/37\/2022\/01\/photo_musiques_actuelles_2021-scaled.jpeg 2560w, https:\/\/www.pedagogie.ac-nice.fr\/daac\/wp-content\/uploads\/sites\/37\/2022\/01\/photo_musiques_actuelles_2021-300x225.jpeg 300w, https:\/\/www.pedagogie.ac-nice.fr\/daac\/wp-content\/uploads\/sites\/37\/2022\/01\/photo_musiques_actuelles_2021-1024x768.jpeg 1024w, https:\/\/www.pedagogie.ac-nice.fr\/daac\/wp-content\/uploads\/sites\/37\/2022\/01\/photo_musiques_actuelles_2021-768x576.jpeg 768w, https:\/\/www.pedagogie.ac-nice.fr\/daac\/wp-content\/uploads\/sites\/37\/2022\/01\/photo_musiques_actuelles_2021-1536x1152.jpeg 1536w, https:\/\/www.pedagogie.ac-nice.fr\/daac\/wp-content\/uploads\/sites\/37\/2022\/01\/photo_musiques_actuelles_2021-2048x1536.jpeg 2048w, https:\/\/www.pedagogie.ac-nice.fr\/daac\/wp-content\/uploads\/sites\/37\/2022\/01\/photo_musiques_actuelles_2021-1080x810.jpeg 1080w\" sizes=\"(max-width: 360px) 100vw, 360px\" \/><\/a><\/p>\n<p>[\/et_pb_accordion_item][et_pb_accordion_item title=\u00a0\u00bbSc\u00e8ne 55&Prime; _builder_version=\u00a0\u00bb4.10.7&Prime; _module_preset=\u00a0\u00bbdefault\u00a0\u00bb global_colors_info=\u00a0\u00bb{}\u00a0\u00bb open=\u00a0\u00bboff\u00a0\u00bb]<\/p>\n<p><a href=\"https:\/\/www.pedagogie.ac-nice.fr\/daac\/wp-content\/uploads\/sites\/37\/2022\/06\/presentation_saison2022-23_scene55.pdf\" target=\"_blank\" rel=\"noopener\"><img loading=\"lazy\" decoding=\"async\" src=\"https:\/\/www.pedagogie.ac-nice.fr\/daac\/wp-content\/uploads\/sites\/37\/2021\/02\/logo-scene-55-300x218.jpg\" width=\"300\" height=\"218\" alt=\"\" class=\"wp-image-2319 alignnone size-medium\" srcset=\"https:\/\/www.pedagogie.ac-nice.fr\/daac\/wp-content\/uploads\/sites\/37\/2021\/02\/logo-scene-55-300x218.jpg 300w, https:\/\/www.pedagogie.ac-nice.fr\/daac\/wp-content\/uploads\/sites\/37\/2021\/02\/logo-scene-55.jpg 462w\" sizes=\"(max-width: 300px) 100vw, 300px\" \/><\/a><\/p>\n<p>[\/et_pb_accordion_item][\/et_pb_accordion][\/et_pb_column][et_pb_column type=\u00a0\u00bb2_3&Prime; specialty_columns=\u00a0\u00bb2&Prime; _builder_version=\u00a0\u00bb3.25&Prime; custom_padding=\u00a0\u00bb|||\u00a0\u00bb global_colors_info=\u00a0\u00bb{}\u00a0\u00bb custom_padding__hover=\u00a0\u00bb|||\u00a0\u00bb][et_pb_row_inner _builder_version=\u00a0\u00bb4.10.7&Prime; _module_preset=\u00a0\u00bbdefault\u00a0\u00bb global_colors_info=\u00a0\u00bb{}\u00a0\u00bb][et_pb_column_inner saved_specialty_column_type=\u00a0\u00bb2_3&Prime; _builder_version=\u00a0\u00bb4.10.7&Prime; _module_preset=\u00a0\u00bbdefault\u00a0\u00bb global_colors_info=\u00a0\u00bb{}\u00a0\u00bb][et_pb_text admin_label=\u00a0\u00bbtexte danse\u00a0\u00bb _builder_version=\u00a0\u00bb4.10.7&Prime; _module_preset=\u00a0\u00bbdefault\u00a0\u00bb text_font=\u00a0\u00bbTrebuchet||||||||\u00a0\u00bb text_text_color=\u00a0\u00bb#000000&Prime; text_font_size=\u00a0\u00bb16px\u00a0\u00bb text_orientation=\u00a0\u00bbjustified\u00a0\u00bb global_colors_info=\u00a0\u00bb{}\u00a0\u00bb]<\/p>\n<p style=\"text-align: center;\"><span style=\"font-size: 18pt;\"><strong><span style=\"color: #ff00ff;\">\u00a0<span style=\"color: #993366; font-size: xx-large;\">DANSE<\/span><\/span><\/strong><\/span><\/p>\n<p style=\"text-align: center;\"><span style=\"color: #993366;\"><b>Dispositif acad\u00e9mique<br \/><\/b><strong>\u00ab <\/strong><i><strong>Arts du Spectacle vivant\u00bb<\/strong><\/i><\/span><\/p>\n<p class=\"western\" lang=\"fr-FR\"><span style=\"color: #000000;\"><strong>Le dispositif acad\u00e9mique Danse, Th\u00e9\u00e2tre, Arts du cirque, marionnettes, Th\u00e9\u00e2tre de rue<\/strong> est port\u00e9 par la D\u00e9l\u00e9gation Acad\u00e9mique \u00e0 l\u2019\u00e9ducation Artistique et Culturelle (DAAC) de l\u2019acad\u00e9mie de Nice.<\/span><\/p>\n<p class=\"western\" lang=\"fr-FR\"><span style=\"color: #000000;\">Il encadre des projets \u00e9ducatifs transdisciplinaires reposant sur un partenariat \u00e9troit entre \u00e9tablissements scolaires et \u00e9tablissements culturels du territoire.<\/span><\/p>\n<p><span style=\"color: #993366;\">Coordination acad\u00e9mique DAAC :\u00a0<\/span><br \/><span style=\"color: #000000;\"> Muriel Colin, coordinatrice acad\u00e9mique Danse<\/span><br \/><span style=\"color: #000000;\"> <a style=\"color: #000000;\" title=\"Composer un message \u00e0 artspectaclevivantdaac@ac-nice.fr\" target=\"_blank\" rel=\"noopener\">muriel.colin@ac-nice.fr<\/a><\/span><\/p>\n<p>[\/et_pb_text][et_pb_divider _builder_version=\u00a0\u00bb4.10.7&Prime; _module_preset=\u00a0\u00bbdefault\u00a0\u00bb global_colors_info=\u00a0\u00bb{}\u00a0\u00bb][\/et_pb_divider][et_pb_text _builder_version=\u00a0\u00bb4.10.7&Prime; _module_preset=\u00a0\u00bbdefault\u00a0\u00bb text_font=\u00a0\u00bbTrebuchet||||||||\u00a0\u00bb text_font_size=\u00a0\u00bb16px\u00a0\u00bb text_orientation=\u00a0\u00bbjustified\u00a0\u00bb global_colors_info=\u00a0\u00bb{}\u00a0\u00bb]<\/p>\n<p style=\"text-align: center;\"><span style=\"color: #993366;\"><span style=\"color: #000000;\">Une\u00a0<span style=\"color: #993366;\"><strong><a href=\"https:\/\/eduscol.education.fr\/3776\/donner-corps-la-pratique-de-la-danse-en-milieu-scolaire\" style=\"color: #993366;\"><span style=\"text-decoration: underline;\">nouvelle<\/span> page<\/a>\u00a0<\/strong><\/span>consacr\u00e9e \u00e0 des ressources et outils pour d\u00e9velopper une approche plus artistique de la danse en classe est disponible sur \u00e9duscol.<\/span><\/span><\/p>\n<p><span style=\"color: #000000;\">En \u00e9cho \u00e0 son intervention lors du PNF du 24 janvier, Olivier Chervin, responsable p\u00e9dagogique pour la Maison de la Danse, propose de\u00a0<strong>r\u00e9aliser des interventions en pr\u00e9sentiel ou par visioconf\u00e9rence sur l&rsquo;exploitation p\u00e9dagogique de la\u00a0<\/strong><span style=\"color: #993366;\"><strong><a href=\"https:\/\/www.numeridanse.tv\/accueil\" style=\"color: #993366;\">plateforme\u00a0<em>Numeridanse<\/em><\/a><\/strong>.<\/span><\/span><\/p>\n<p><span style=\"color: #000000;\">Cette proposition pourrait par exemple s&rsquo;inscrire dans le cadre d&rsquo;un s\u00e9minaire acad\u00e9mique ou en r\u00e9sonnance \u00e0 une action de formation&#8230; l&rsquo;\u00e9quipe peut par ailleurs\u00a0<strong>s&rsquo;adapter\u00a0<\/strong>\u00e0 tout besoin sp\u00e9cifique, tant sur la forme (dur\u00e9e, atelier\/conf\u00e9rence&#8230;) que sur le fond (th\u00e9matiques).<\/span><\/p>\n<p><span style=\"color: #000000;\">A noter que l&rsquo;intervention et l&rsquo;\u00e9ventuel d\u00e9placement sont\u00a0<strong>int\u00e9gralement pris en charge par\u00a0<\/strong><em><strong>Numeridanse<\/strong><\/em>.<\/span><\/p>\n<p><span style=\"color: #000000;\">Si l&rsquo;organisation d&rsquo;une telle intervention vous int\u00e9resse : Olivier Chervin : <a href=\"mailto:o.chervin@maisondeladanse.com\" style=\"color: #000000;\">o.chervin@maisondeladanse.com<\/a>\u00a0\/ +33(0)4 72 78 18 18<\/span><\/p>\n<p>&nbsp;<\/p>\n<p>[\/et_pb_text][et_pb_divider _builder_version=\u00a0\u00bb4.10.7&Prime; _module_preset=\u00a0\u00bbdefault\u00a0\u00bb global_colors_info=\u00a0\u00bb{}\u00a0\u00bb][\/et_pb_divider][et_pb_text _builder_version=\u00a0\u00bb4.10.7&Prime; _module_preset=\u00a0\u00bbdefault\u00a0\u00bb text_font=\u00a0\u00bbTrebuchet||||||||\u00a0\u00bb text_text_color=\u00a0\u00bb#000000&Prime; text_font_size=\u00a0\u00bb17px\u00a0\u00bb text_orientation=\u00a0\u00bbjustified\u00a0\u00bb global_colors_info=\u00a0\u00bb{}\u00a0\u00bb]<\/p>\n<p style=\"text-align: center;\"><span><img loading=\"lazy\" decoding=\"async\" src=\"https:\/\/www.pedagogie.ac-nice.fr\/daac\/wp-content\/uploads\/sites\/37\/2022\/09\/danse.png\" width=\"440\" height=\"333\" alt=\"\" class=\"wp-image-13656 alignnone size-full\" srcset=\"https:\/\/www.pedagogie.ac-nice.fr\/daac\/wp-content\/uploads\/sites\/37\/2022\/09\/danse.png 440w, https:\/\/www.pedagogie.ac-nice.fr\/daac\/wp-content\/uploads\/sites\/37\/2022\/09\/danse-300x227.png 300w\" sizes=\"(max-width: 440px) 100vw, 440px\" \/><\/span><\/p>\n<p><span>Un document d&rsquo;accompagnement pour les \u00e9quipes qui souhaiteraient mettre en place un partenariat avec un artiste chor\u00e9graphique, notamment dans le cadre du concours danses et musiques actuelles.<\/span><\/p>\n<p style=\"text-align: center;\"><span style=\"color: #993366;\"><a href=\"https:\/\/www.pedagogie.ac-nice.fr\/daac\/wp-content\/uploads\/sites\/37\/2022\/09\/Les-compagnies-de-danse-agreees-06.pdf\" target=\"_blank\" rel=\"noopener\" style=\"color: #993366;\">Les compagnies de danse agr\u00e9\u00e9es<\/a><\/span><\/p>\n<p>[\/et_pb_text][et_pb_divider _builder_version=\u00a0\u00bb4.10.7&Prime; _module_preset=\u00a0\u00bbdefault\u00a0\u00bb global_colors_info=\u00a0\u00bb{}\u00a0\u00bb][\/et_pb_divider][et_pb_text admin_label=\u00a0\u00bbr\u00e9alisation en \u00e9tablissement\u00a0\u00bb _builder_version=\u00a0\u00bb4.10.7&Prime; _module_preset=\u00a0\u00bbdefault\u00a0\u00bb text_font=\u00a0\u00bbTrebuchet||||||||\u00a0\u00bb global_colors_info=\u00a0\u00bb{}\u00a0\u00bb]<\/p>\n<p style=\"text-align: center;\"><strong><span style=\"color: #993366;\">Danse et Math\u00e9matiques au coll\u00e8ge S\u00e9gurane de Nice<\/span><a href=\"https:\/\/www.pedagogie.ac-nice.fr\/daac\/asv-danse\/\" target=\"_blank\" rel=\"noopener\"><img loading=\"lazy\" decoding=\"async\" class=\"aligncenter wp-image-3045 size-medium\" src=\"https:\/\/www.pedagogie.ac-nice.fr\/daac\/wp-content\/uploads\/sites\/37\/2021\/05\/danse_seguraneJPG-300x165.jpg\" alt=\"\" width=\"300\" height=\"165\" srcset=\"https:\/\/www.pedagogie.ac-nice.fr\/daac\/wp-content\/uploads\/sites\/37\/2021\/05\/danse_seguraneJPG-300x165.jpg 300w, https:\/\/www.pedagogie.ac-nice.fr\/daac\/wp-content\/uploads\/sites\/37\/2021\/05\/danse_seguraneJPG.jpg 427w\" sizes=\"(max-width: 300px) 100vw, 300px\" \/><\/a><\/strong><\/p>\n<p style=\"text-align: center;\"><span style=\"color: #000000;\">Vid\u00e9o publi\u00e9e sur le site de<\/span><br \/><a href=\"https:\/\/regardsdecollegiens.departement06.fr\/regards-de-collegiens-29725.html\" target=\"_blank\" rel=\"noopener\"><img loading=\"lazy\" decoding=\"async\" class=\"alignnone wp-image-1235\" src=\"https:\/\/www.pedagogie.ac-nice.fr\/daac\/wp-content\/uploads\/sites\/37\/2020\/11\/logo_RDC_2-e1604695573853.png\" alt=\"\" width=\"210\" height=\"94\" \/><\/a><\/p>\n<p>&nbsp;<\/p>\n<p>[\/et_pb_text][et_pb_text admin_label=\u00a0\u00bbr\u00e9alisation en \u00e9tablissement\u00a0\u00bb _builder_version=\u00a0\u00bb4.10.7&Prime; _module_preset=\u00a0\u00bbdefault\u00a0\u00bb text_font=\u00a0\u00bbTrebuchet||||||||\u00a0\u00bb global_colors_info=\u00a0\u00bb{}\u00a0\u00bb]<\/p>\n<p style=\"text-align: center;\"><span style=\"color: #0000ff;\"><span style=\"color: #993366;\"><a style=\"color: #993366;\" href=\"https:\/\/www.pedagogie.ac-nice.fr\/daac\/valorisation-danse-dumont-durville\/\" target=\"_blank\" rel=\"noopener\"><strong>Les \u00e9l\u00e8ves du Lyc\u00e9e Dumont-Durville de Toulon<br \/><\/strong><\/a><b>Sortie au festival de danse \u00e0 Cannes <\/b><\/span><\/span><a href=\"https:\/\/www.pedagogie.ac-nice.fr\/daac\/valorisation-danse-dumont-durville\/\" target=\"_blank\" rel=\"noopener\"><img loading=\"lazy\" decoding=\"async\" class=\"aligncenter wp-image-10059\" src=\"https:\/\/www.pedagogie.ac-nice.fr\/daac\/wp-content\/uploads\/sites\/37\/2021\/12\/illustration_danse_Dumont_2021.jpg\" alt=\"\" width=\"340\" height=\"191\" srcset=\"https:\/\/www.pedagogie.ac-nice.fr\/daac\/wp-content\/uploads\/sites\/37\/2021\/12\/illustration_danse_Dumont_2021.jpg 1385w, https:\/\/www.pedagogie.ac-nice.fr\/daac\/wp-content\/uploads\/sites\/37\/2021\/12\/illustration_danse_Dumont_2021-300x169.jpg 300w, https:\/\/www.pedagogie.ac-nice.fr\/daac\/wp-content\/uploads\/sites\/37\/2021\/12\/illustration_danse_Dumont_2021-1024x576.jpg 1024w, https:\/\/www.pedagogie.ac-nice.fr\/daac\/wp-content\/uploads\/sites\/37\/2021\/12\/illustration_danse_Dumont_2021-768x432.jpg 768w, https:\/\/www.pedagogie.ac-nice.fr\/daac\/wp-content\/uploads\/sites\/37\/2021\/12\/illustration_danse_Dumont_2021-1080x607.jpg 1080w\" sizes=\"(max-width: 340px) 100vw, 340px\" \/><\/a><\/p>\n<p>[\/et_pb_text][\/et_pb_column_inner][\/et_pb_row_inner][et_pb_row_inner column_structure=\u00a0\u00bb1_2,1_2&Prime; _builder_version=\u00a0\u00bb4.10.7&Prime; _module_preset=\u00a0\u00bbdefault\u00a0\u00bb global_colors_info=\u00a0\u00bb{}\u00a0\u00bb][et_pb_column_inner type=\u00a0\u00bb1_2&Prime; saved_specialty_column_type=\u00a0\u00bb2_3&Prime; _builder_version=\u00a0\u00bb4.10.7&Prime; _module_preset=\u00a0\u00bbdefault\u00a0\u00bb global_colors_info=\u00a0\u00bb{}\u00a0\u00bb][et_pb_text admin_label=\u00a0\u00bblogo dispositif\u00a0\u00bb _builder_version=\u00a0\u00bb4.10.7&Prime; _module_preset=\u00a0\u00bbdefault\u00a0\u00bb global_colors_info=\u00a0\u00bb{}\u00a0\u00bb]<\/p>\n<p style=\"text-align: center;\"><a href=\"https:\/\/www.pedagogie.ac-nice.fr\/daac\/da_asv\/\" target=\"_blank\" rel=\"noopener\"><img loading=\"lazy\" decoding=\"async\" class=\"alignnone wp-image-7599 size-full\" src=\"https:\/\/www.pedagogie.ac-nice.fr\/daac\/wp-content\/uploads\/sites\/37\/2021\/10\/tt_savoir_dispositif.png\" alt=\"\" width=\"352\" height=\"254\" srcset=\"https:\/\/www.pedagogie.ac-nice.fr\/daac\/wp-content\/uploads\/sites\/37\/2021\/10\/tt_savoir_dispositif.png 352w, https:\/\/www.pedagogie.ac-nice.fr\/daac\/wp-content\/uploads\/sites\/37\/2021\/10\/tt_savoir_dispositif-300x216.png 300w\" sizes=\"(max-width: 352px) 100vw, 352px\" \/><\/a><\/p>\n<p>[\/et_pb_text][et_pb_text admin_label=\u00a0\u00bblogo partenaires\u00a0\u00bb _builder_version=\u00a0\u00bb4.10.7&Prime; _module_preset=\u00a0\u00bbdefault\u00a0\u00bb global_colors_info=\u00a0\u00bb{}\u00a0\u00bb]<\/p>\n<p style=\"text-align: center;\"><a href=\"https:\/\/www.pedagogie.ac-nice.fr\/daac\/structures-partenaires-danse-asv\/\" target=\"_blank\" rel=\"noopener\"><img loading=\"lazy\" decoding=\"async\" class=\"alignnone wp-image-7600 size-full\" src=\"https:\/\/www.pedagogie.ac-nice.fr\/daac\/wp-content\/uploads\/sites\/37\/2021\/10\/structures_partenaires.png\" alt=\"\" width=\"360\" height=\"241\" srcset=\"https:\/\/www.pedagogie.ac-nice.fr\/daac\/wp-content\/uploads\/sites\/37\/2021\/10\/structures_partenaires.png 360w, https:\/\/www.pedagogie.ac-nice.fr\/daac\/wp-content\/uploads\/sites\/37\/2021\/10\/structures_partenaires-300x201.png 300w\" sizes=\"(max-width: 360px) 100vw, 360px\" \/><\/a><\/p>\n<p>[\/et_pb_text][et_pb_divider _builder_version=\u00a0\u00bb4.10.7&Prime; _module_preset=\u00a0\u00bbdefault\u00a0\u00bb global_colors_info=\u00a0\u00bb{}\u00a0\u00bb][\/et_pb_divider][et_pb_text _builder_version=\u00a0\u00bb4.10.7&Prime; _module_preset=\u00a0\u00bbdefault\u00a0\u00bb text_font=\u00a0\u00bbTrebuchet||||||||\u00a0\u00bb text_font_size=\u00a0\u00bb21px\u00a0\u00bb global_colors_info=\u00a0\u00bb{}\u00a0\u00bb]<\/p>\n<p style=\"text-align: center;\"><a href=\"https:\/\/www.pearltrees.com\/t\/documents-formations-danse\/id58558917\" target=\"_blank\" rel=\"noopener\"><strong><span style=\"color: #993366;\">Document Ressources Formation Danse<\/span><\/strong><\/a><\/p>\n<p>[\/et_pb_text][\/et_pb_column_inner][et_pb_column_inner type=\u00a0\u00bb1_2&Prime; saved_specialty_column_type=\u00a0\u00bb2_3&Prime; _builder_version=\u00a0\u00bb4.10.7&Prime; _module_preset=\u00a0\u00bbdefault\u00a0\u00bb global_colors_info=\u00a0\u00bb{}\u00a0\u00bb][et_pb_text admin_label=\u00a0\u00bblogo mercredis\u00a0\u00bb _builder_version=\u00a0\u00bb4.10.7&Prime; _module_preset=\u00a0\u00bbdefault\u00a0\u00bb global_colors_info=\u00a0\u00bb{}\u00a0\u00bb]<\/p>\n<p style=\"text-align: center;\"><a href=\"https:\/\/www.pedagogie.ac-nice.fr\/daac\/mercredis-enseignants-2\/\" target=\"_blank\" rel=\"noopener\"><img loading=\"lazy\" decoding=\"async\" class=\"alignnone wp-image-6496 size-full\" src=\"https:\/\/www.pedagogie.ac-nice.fr\/daac\/wp-content\/uploads\/sites\/37\/2021\/09\/mercredis_enseignants-1.png\" alt=\"\" width=\"288\" height=\"212\"><\/a><\/p>\n<p>[\/et_pb_text][et_pb_text admin_label=\u00a0\u00bblogo ressources\u00a0\u00bb _builder_version=\u00a0\u00bb4.10.7&Prime; _module_preset=\u00a0\u00bbdefault\u00a0\u00bb global_colors_info=\u00a0\u00bb{}\u00a0\u00bb]<\/p>\n<p><a href=\"https:\/\/padlet.com\/muriel_lacour1\/s7dhlua5bje4\" target=\"_blank\" rel=\"noopener\"><img loading=\"lazy\" decoding=\"async\" class=\"aligncenter wp-image-7650 size-full\" src=\"https:\/\/www.pedagogie.ac-nice.fr\/daac\/wp-content\/uploads\/sites\/37\/2021\/10\/ressources.png\" alt=\"\" width=\"355\" height=\"231\" srcset=\"https:\/\/www.pedagogie.ac-nice.fr\/daac\/wp-content\/uploads\/sites\/37\/2021\/10\/ressources.png 355w, https:\/\/www.pedagogie.ac-nice.fr\/daac\/wp-content\/uploads\/sites\/37\/2021\/10\/ressources-300x195.png 300w\" sizes=\"(max-width: 355px) 100vw, 355px\" \/><\/a><\/p>\n<p>[\/et_pb_text][\/et_pb_column_inner][\/et_pb_row_inner][\/et_pb_column][\/et_pb_section]<\/p>\n","protected":false},"excerpt":{"rendered":"<p>Les Rencontres chor\u00e9graphiques auront lieu dans le Var \u00e0 Th\u00e9\u00e2tre en Drac\u00e9nie le 6 avril, dans les Alpes Maritimes le 2 mai au Conservatoire. Renseignements et inscriptions :\u00a0 sandrine.bouillard@ac-nice.fr\u00a0pour les \u00e9tablissements du Var \u00a0aria.florent@ac-nice\u00a0pour les \u00e9tablissements des Alpes Maritimes.Appel \u00e0 projet\u00a0DANSE Dispositif acad\u00e9mique\u00ab Arts du Spectacle vivant\u00bb Le dispositif acad\u00e9mique Danse, Th\u00e9\u00e2tre, Arts du cirque, [&hellip;]<\/p>\n","protected":false},"author":241,"featured_media":0,"parent":0,"menu_order":0,"comment_status":"closed","ping_status":"closed","template":"","meta":{"_et_pb_use_builder":"on","_et_pb_old_content":"","_et_gb_content_width":"","ngg_post_thumbnail":0,"footnotes":""},"class_list":["post-7572","page","type-page","status-publish","hentry"],"rttpg_featured_image_url":null,"rttpg_author":{"display_name":"daacadmin","author_link":"https:\/\/www.pedagogie.ac-nice.fr\/daac\/author\/daacadmin\/"},"rttpg_comment":0,"rttpg_category":null,"rttpg_excerpt":"Les Rencontres chor\u00e9graphiques auront lieu dans le Var \u00e0 Th\u00e9\u00e2tre en Drac\u00e9nie le 6 avril, dans les Alpes Maritimes le 2 mai au Conservatoire. Renseignements et inscriptions :\u00a0 sandrine.bouillard@ac-nice.fr\u00a0pour les \u00e9tablissements du Var \u00a0aria.florent@ac-nice\u00a0pour les \u00e9tablissements des Alpes Maritimes.Appel \u00e0 projet\u00a0DANSE Dispositif acad\u00e9mique\u00ab Arts du Spectacle vivant\u00bb Le dispositif acad\u00e9mique Danse, Th\u00e9\u00e2tre, Arts du cirque,\u2026","post_mailing_queue_ids":[],"_links":{"self":[{"href":"https:\/\/www.pedagogie.ac-nice.fr\/daac\/wp-json\/wp\/v2\/pages\/7572","targetHints":{"allow":["GET"]}}],"collection":[{"href":"https:\/\/www.pedagogie.ac-nice.fr\/daac\/wp-json\/wp\/v2\/pages"}],"about":[{"href":"https:\/\/www.pedagogie.ac-nice.fr\/daac\/wp-json\/wp\/v2\/types\/page"}],"author":[{"embeddable":true,"href":"https:\/\/www.pedagogie.ac-nice.fr\/daac\/wp-json\/wp\/v2\/users\/241"}],"replies":[{"embeddable":true,"href":"https:\/\/www.pedagogie.ac-nice.fr\/daac\/wp-json\/wp\/v2\/comments?post=7572"}],"version-history":[{"count":58,"href":"https:\/\/www.pedagogie.ac-nice.fr\/daac\/wp-json\/wp\/v2\/pages\/7572\/revisions"}],"predecessor-version":[{"id":15162,"href":"https:\/\/www.pedagogie.ac-nice.fr\/daac\/wp-json\/wp\/v2\/pages\/7572\/revisions\/15162"}],"wp:attachment":[{"href":"https:\/\/www.pedagogie.ac-nice.fr\/daac\/wp-json\/wp\/v2\/media?parent=7572"}],"curies":[{"name":"wp","href":"https:\/\/api.w.org\/{rel}","templated":true}]}}