{"id":7588,"date":"2021-10-05T08:43:24","date_gmt":"2021-10-05T06:43:24","guid":{"rendered":"https:\/\/www.pedagogie.ac-nice.fr\/daac\/?page_id=7588"},"modified":"2025-09-08T11:49:31","modified_gmt":"2025-09-08T09:49:31","slug":"theatre-asv","status":"publish","type":"page","link":"https:\/\/www.pedagogie.ac-nice.fr\/daac\/theatre-asv\/","title":{"rendered":"the\u00e2tre Asv"},"content":{"rendered":"<p>[et_pb_section fb_built=\u00a0\u00bb1&Prime; specialty=\u00a0\u00bbon\u00a0\u00bb _builder_version=\u00a0\u00bb4.16&Prime; _module_preset=\u00a0\u00bbdefault\u00a0\u00bb global_colors_info=\u00a0\u00bb{}\u00a0\u00bb][et_pb_column type=\u00a0\u00bb1_3&Prime; _builder_version=\u00a0\u00bb4.16&Prime; custom_padding=\u00a0\u00bb|||\u00a0\u00bb global_colors_info=\u00a0\u00bb{}\u00a0\u00bb custom_padding__hover=\u00a0\u00bb|||\u00a0\u00bb][et_pb_text admin_label=\u00a0\u00bblogo the\u00e2tre\u00a0\u00bb _builder_version=\u00a0\u00bb4.16&Prime; _module_preset=\u00a0\u00bbdefault\u00a0\u00bb global_colors_info=\u00a0\u00bb{}\u00a0\u00bb]<\/p>\n<p><img loading=\"lazy\" decoding=\"async\" class=\"size-full wp-image-5928 aligncenter\" src=\"https:\/\/www.pedagogie.ac-nice.fr\/daac\/wp-content\/uploads\/sites\/37\/2021\/09\/theatre.png\" alt=\"\" width=\"348\" height=\"217\" srcset=\"https:\/\/www.pedagogie.ac-nice.fr\/daac\/wp-content\/uploads\/sites\/37\/2021\/09\/theatre.png 348w, https:\/\/www.pedagogie.ac-nice.fr\/daac\/wp-content\/uploads\/sites\/37\/2021\/09\/theatre-300x187.png 300w\" sizes=\"(max-width: 348px) 100vw, 348px\" \/><\/p>\n<p>[\/et_pb_text][et_pb_text admin_label=\u00a0\u00bbmercredis enseignants\u00a0\u00bb _builder_version=\u00a0\u00bb4.16&Prime; _module_preset=\u00a0\u00bbdefault\u00a0\u00bb global_colors_info=\u00a0\u00bb{}\u00a0\u00bb]<\/p>\n<p><a href=\"https:\/\/www.pedagogie.ac-nice.fr\/daac\/mercredis-enseignants-2\/\" target=\"_blank\" rel=\"noopener\"><img loading=\"lazy\" decoding=\"async\" class=\"aligncenter wp-image-6496 size-full\" src=\"https:\/\/www.pedagogie.ac-nice.fr\/daac\/wp-content\/uploads\/sites\/37\/2021\/09\/mercredis_enseignants-1.png\" alt=\"\" width=\"288\" height=\"212\"><\/a><\/p>\n<p>[\/et_pb_text][et_pb_text admin_label=\u00a0\u00bbth\u00e9\u00e2tre\u00a0\u00bb _builder_version=\u00a0\u00bb4.16&Prime; _module_preset=\u00a0\u00bbdefault\u00a0\u00bb text_font=\u00a0\u00bbTrebuchet||||||||\u00a0\u00bb global_colors_info=\u00a0\u00bb{}\u00a0\u00bb]<\/p>\n<p style=\"text-align: center;\"><span style=\"color: #993366;\"><strong><span style=\"font-size: 18pt; font-family: georgia, palatino, serif;\">Actualit\u00e9s du domaine<br \/>\u00ab\u00a0Th\u00e9\u00e2tre\u00a0\u00bb<\/span><\/strong><\/span><\/p>\n<p>[\/et_pb_text][et_pb_accordion admin_label=\u00a0\u00bbAccord\u00e9on actualit\u00e9s\u00a0\u00bb _builder_version=\u00a0\u00bb4.16&Prime; _module_preset=\u00a0\u00bbdefault\u00a0\u00bb global_colors_info=\u00a0\u00bb{}\u00a0\u00bb][et_pb_accordion_item title=\u00a0\u00bbForum Jacques Pr\u00e9vert\u00a0\u00bb open=\u00a0\u00bbon\u00a0\u00bb _builder_version=\u00a0\u00bb4.16&Prime; _module_preset=\u00a0\u00bbdefault\u00a0\u00bb body_font=\u00a0\u00bbTrebuchet||||||||\u00a0\u00bb body_text_color=\u00a0\u00bb#000000&Prime; global_colors_info=\u00a0\u00bb{}\u00a0\u00bb]<\/p>\n<p><a href=\"https:\/\/www.pedagogie.ac-nice.fr\/daac\/actualites-2021-2\/\" target=\"_blank\" rel=\"noopener\"><strong><\/strong><\/a><\/p>\n<p>[\/et_pb_accordion_item][et_pb_accordion_item title=\u00a0\u00bbAnth\u00e9a\u00a0\u00bb _builder_version=\u00a0\u00bb4.16&Prime; _module_preset=\u00a0\u00bbdefault\u00a0\u00bb body_font=\u00a0\u00bbTrebuchet||||||||\u00a0\u00bb body_text_color=\u00a0\u00bb#000000&Prime; global_colors_info=\u00a0\u00bb{}\u00a0\u00bb open=\u00a0\u00bboff\u00a0\u00bb]<\/p>\n<p>\u00c0 l&rsquo;occasion de l&rsquo;arriv\u00e9e de la nouvelle saison, nous avons le plaisir d&rsquo;organiser<br \/>une pr\u00e9sentation de saison sp\u00e9ciale scolaires le mercredi 17 mai \u00e0 17h00 en<br \/>salle Pierre Vaneck.<br \/>Si vous \u00eates enseignant\u2022e, chef\u2022fe d&rsquo;\u00e9tablissement, professeur\u2022e documentaliste,<br \/>r\u00e9f\u00e9rant\u2022e culturel\u2022le et que vous souhaitez amener des \u00e9l\u00e8ves lors de la saison<br \/>prochaine, ce rendez-vous est pour vous !<\/p>\n<p><a href=\"https:\/\/www.pedagogie.ac-nice.fr\/daac\/wp-content\/uploads\/sites\/37\/2023\/05\/ANTHEA-Invitation-presentation-saison-scolaire.pdf\" target=\"_blank\" rel=\"noopener\">Pour en savoir plus<\/a><\/p>\n<p>[\/et_pb_accordion_item][et_pb_accordion_item title=\u00a0\u00bbForum Agglosc\u00e8nes de Fr\u00e9jus\u00a0\u00bb _builder_version=\u00a0\u00bb4.16&Prime; _module_preset=\u00a0\u00bbdefault\u00a0\u00bb body_font=\u00a0\u00bbTrebuchet||||||||\u00a0\u00bb body_text_color=\u00a0\u00bb#000000&Prime; text_orientation=\u00a0\u00bbjustified\u00a0\u00bb global_colors_info=\u00a0\u00bb{}\u00a0\u00bb open=\u00a0\u00bboff\u00a0\u00bb]<\/p>\n<p><img loading=\"lazy\" decoding=\"async\" src=\"https:\/\/www.pedagogie.ac-nice.fr\/daac\/wp-content\/uploads\/sites\/37\/2023\/01\/aggloscenes-300x179.png\" width=\"243\" height=\"145\" alt=\"\" class=\"wp-image-14331 alignnone size-medium\" srcset=\"https:\/\/www.pedagogie.ac-nice.fr\/daac\/wp-content\/uploads\/sites\/37\/2023\/01\/aggloscenes-300x179.png 300w, https:\/\/www.pedagogie.ac-nice.fr\/daac\/wp-content\/uploads\/sites\/37\/2023\/01\/aggloscenes.png 397w\" sizes=\"(max-width: 243px) 100vw, 243px\" \/><\/p>\n<p>&#8211; Seconde journ\u00e9e de sa f<strong>ormation \u00ab\u00a0Notre langue, notre histoire\u00a0\u00bb<\/strong>\u00a0autour du spectacle\u00a0<em>Le Village des\u00a0sourds<\/em>\u00a0<strong>le mardi 7 mars<\/strong><\/p>\n<p>&#8211; Journ\u00e9e de formation\u00a0 \u00ab\u00a0<strong>Tou-te-s Diff\u00e9rents\u00a0\u00bb\u00a0<\/strong>autour du spectacle\u00a0<em>Normalito\u00a0<\/em><strong>le<\/strong>\u00a0<strong>lundi 20 mars<\/strong><\/p>\n<p>[\/et_pb_accordion_item][et_pb_accordion_item title=\u00a0\u00bbth\u00e9\u00e2tre de la licorne &#8211; Cannes\u00a0\u00bb _builder_version=\u00a0\u00bb4.16&Prime; _module_preset=\u00a0\u00bbdefault\u00a0\u00bb body_font=\u00a0\u00bbTrebuchet||||||||\u00a0\u00bb body_text_align=\u00a0\u00bbjustify\u00a0\u00bb text_orientation=\u00a0\u00bbjustified\u00a0\u00bb global_colors_info=\u00a0\u00bb{}\u00a0\u00bb open=\u00a0\u00bboff\u00a0\u00bb]<\/p>\n<p><img loading=\"lazy\" decoding=\"async\" src=\"https:\/\/www.pedagogie.ac-nice.fr\/daac\/wp-content\/uploads\/sites\/37\/2023\/05\/logo-licorne-noir-1-250x300.jpg\" width=\"250\" height=\"300\" alt=\"\" class=\"wp-image-14949 alignnone size-medium\" srcset=\"https:\/\/www.pedagogie.ac-nice.fr\/daac\/wp-content\/uploads\/sites\/37\/2023\/05\/logo-licorne-noir-1-250x300.jpg 250w, https:\/\/www.pedagogie.ac-nice.fr\/daac\/wp-content\/uploads\/sites\/37\/2023\/05\/logo-licorne-noir-1.jpg 746w\" sizes=\"(max-width: 250px) 100vw, 250px\" \/><\/p>\n<p><span style=\"color: #000000;\">Le th\u00e9\u00e2tre\u00a0de la Licorne \u00e0 Cannes propose une\u00a0<strong>formation autour du th\u00e9\u00e2tre contemporain jeune public<\/strong>\u00a0avec\u00a0<strong>Emilie Leroux, les Veilleurs<\/strong>, compagnie th\u00e9\u00e2trale\u00a0<strong>les 15 et 16 mars<\/strong>.<\/span><\/p>\n<p>[\/et_pb_accordion_item][et_pb_accordion_item title=\u00a0\u00bbTh\u00e9\u00e2tre de Grasse\u00a0\u00bb _builder_version=\u00a0\u00bb4.16&Prime; _module_preset=\u00a0\u00bbdefault\u00a0\u00bb body_font=\u00a0\u00bbTrebuchet||||||||\u00a0\u00bb body_text_color=\u00a0\u00bb#000000&Prime; global_colors_info=\u00a0\u00bb{}\u00a0\u00bb open=\u00a0\u00bboff\u00a0\u00bb]<\/p>\n<p>Le Th\u00e9\u00e2tre de Grasse TDG organise des\u00a0ateliers et restitutions autour du dispositif \u00ab\u00a0th\u00e9\u00e2tre d&rsquo;improvisation\u00a0\u00bb, dans les coll\u00e8ges et entre coll\u00e8ges. Une grande restitution aura lieu en fin d&rsquo;ann\u00e9e, les 30 mai et 1er juin.<\/p>\n<p>Voici le programme :<\/p>\n<p><strong><u>Match intra<\/u><\/strong><\/p>\n<ul>\n<li>Coll\u00e8ge Canteperdrix 02\/02 \u00e0 10h<\/li>\n<li>Coll\u00e8ge Les Jasmins 7\/02 \u00e0 10h<\/li>\n<li>Coll\u00e8ge St Hilaire 28\/02 \u00e0 10h<\/li>\n<li>Coll\u00e8ge Carnot 2\/03 \u00e0 14h<\/li>\n<\/ul>\n<p><strong><u>Match inter<\/u><\/strong><\/p>\n<ul>\n<li>\u00a0Mardi 14 mars au th\u00e9\u00e2tre de Grasse \u00e0 14h<\/li>\n<\/ul>\n<ul>\n<li>Finale R\u00e9gionale 12 mai \u00e0 14h<\/li>\n<\/ul>\n<ul>\n<li>FOCUS EAC 30\/05 &amp; 1<sup>er<\/sup>\u00a0juin\u00a0(d&rsquo;une mani\u00e8re g\u00e9n\u00e9rale les repr\u00e9sentations ont lieu pour 19h)<\/li>\n<\/ul>\n<p>&nbsp;<\/p>\n<p>[\/et_pb_accordion_item][\/et_pb_accordion][\/et_pb_column][et_pb_column type=\u00a0\u00bb2_3&Prime; specialty_columns=\u00a0\u00bb2&Prime; _builder_version=\u00a0\u00bb4.16&Prime; custom_padding=\u00a0\u00bb|||\u00a0\u00bb global_colors_info=\u00a0\u00bb{}\u00a0\u00bb custom_padding__hover=\u00a0\u00bb|||\u00a0\u00bb][et_pb_row_inner _builder_version=\u00a0\u00bb4.16&Prime; _module_preset=\u00a0\u00bbdefault\u00a0\u00bb global_colors_info=\u00a0\u00bb{}\u00a0\u00bb][et_pb_column_inner saved_specialty_column_type=\u00a0\u00bb2_3&Prime; _builder_version=\u00a0\u00bb4.16&Prime; _module_preset=\u00a0\u00bbdefault\u00a0\u00bb global_colors_info=\u00a0\u00bb{}\u00a0\u00bb][et_pb_text _builder_version=\u00a0\u00bb4.27.4&Prime; _module_preset=\u00a0\u00bbdefault\u00a0\u00bb text_font=\u00a0\u00bbTrebuchet||||||||\u00a0\u00bb text_text_color=\u00a0\u00bb#000000&Prime; text_font_size=\u00a0\u00bb19px\u00a0\u00bb global_colors_info=\u00a0\u00bb{}\u00a0\u00bb]<\/p>\n<p style=\"text-align: center;\"><img loading=\"lazy\" decoding=\"async\" src=\"https:\/\/www.pedagogie.ac-nice.fr\/daac\/wp-content\/uploads\/sites\/37\/2025\/03\/Spectacle-vivant-300x259.png\" width=\"300\" height=\"259\" alt=\"\" class=\"wp-image-15722 alignnone size-medium\" srcset=\"https:\/\/www.pedagogie.ac-nice.fr\/daac\/wp-content\/uploads\/sites\/37\/2025\/03\/Spectacle-vivant-300x259.png 300w, https:\/\/www.pedagogie.ac-nice.fr\/daac\/wp-content\/uploads\/sites\/37\/2025\/03\/Spectacle-vivant.png 465w\" sizes=\"(max-width: 300px) 100vw, 300px\" \/><\/p>\n<p style=\"text-align: center;\"><a href=\"https:\/\/www.pearltrees.com\/t\/daac-de-nice\/theatre-art-spectacle-vivant\/id75712533\" target=\"_blank\" rel=\"noopener\">Cliquez pour retrouver toutes les ressources en Art du Spectcle Vivant<\/a><\/p>\n<p>[\/et_pb_text][et_pb_divider _builder_version=\u00a0\u00bb4.27.4&Prime; _module_preset=\u00a0\u00bbdefault\u00a0\u00bb global_colors_info=\u00a0\u00bb{}\u00a0\u00bb][\/et_pb_divider][et_pb_text _builder_version=\u00a0\u00bb4.16&Prime; _module_preset=\u00a0\u00bbdefault\u00a0\u00bb text_font=\u00a0\u00bbTrebuchet||||||||\u00a0\u00bb text_text_color=\u00a0\u00bb#000000&Prime; text_font_size=\u00a0\u00bb17px\u00a0\u00bb text_orientation=\u00a0\u00bbjustified\u00a0\u00bb global_colors_info=\u00a0\u00bb{}\u00a0\u00bb]<\/p>\n<p style=\"text-align: center;\" lang=\"fr-FR\"><strong><span style=\"font-size: 18pt; color: #ff00ff;\"><span style=\"color: #993366;\">Th\u00e9\u00e2tre<\/span><br \/><span style=\"font-size: 12pt;\"><span style=\"color: #993366;\"><b>Dispositif acad\u00e9mique<br \/><\/b>\u00ab <\/span><i><span style=\"color: #993366;\">Arts du Spectacle vivant\u00bb<\/span><br \/><\/i> <\/span><\/span><\/strong><\/p>\n<p class=\"western\" lang=\"fr-FR\"><span style=\"color: #000000;\"><strong>Le dispositif acad\u00e9mique Danse, Th\u00e9\u00e2tre, Arts du cirque, marionnettes, Th\u00e9\u00e2tre de rue <\/strong>est port\u00e9 par la D\u00e9l\u00e9gation Acad\u00e9mique \u00e0 l\u2019\u00e9ducation Artistique et Culturelle (DAAC) de l\u2019acad\u00e9mie de Nice.<\/span><\/p>\n<p class=\"western\" lang=\"fr-FR\"><span style=\"color: #000000;\">Il encadre des projets \u00e9ducatifs transdisciplinaires reposant sur un partenariat \u00e9troit entre \u00e9tablissements scolaires et \u00e9tablissements culturels du territoire.<\/span><\/p>\n<p>[\/et_pb_text][et_pb_divider _builder_version=\u00a0\u00bb4.16&Prime; _module_preset=\u00a0\u00bbdefault\u00a0\u00bb global_colors_info=\u00a0\u00bb{}\u00a0\u00bb][\/et_pb_divider][et_pb_text _builder_version=\u00a0\u00bb4.27.4&Prime; _module_preset=\u00a0\u00bbdefault\u00a0\u00bb text_font=\u00a0\u00bbTrebuchet||||||||\u00a0\u00bb text_text_color=\u00a0\u00bb#000000&Prime; text_font_size=\u00a0\u00bb17px\u00a0\u00bb text_orientation=\u00a0\u00bbjustified\u00a0\u00bb global_colors_info=\u00a0\u00bb{}\u00a0\u00bb]<\/p>\n<p><strong><\/strong><\/p>\n<p style=\"text-align: center;\"><strong><img loading=\"lazy\" decoding=\"async\" src=\"https:\/\/www.pedagogie.ac-nice.fr\/daac\/wp-content\/uploads\/sites\/37\/2025\/09\/TNN-300x123.png\" width=\"300\" height=\"123\" alt=\"\" class=\"wp-image-15903 alignnone size-medium\" srcset=\"https:\/\/www.pedagogie.ac-nice.fr\/daac\/wp-content\/uploads\/sites\/37\/2025\/09\/TNN-300x123.png 300w, https:\/\/www.pedagogie.ac-nice.fr\/daac\/wp-content\/uploads\/sites\/37\/2025\/09\/TNN.png 350w\" sizes=\"(max-width: 300px) 100vw, 300px\" \/><\/strong><\/p>\n<p style=\"text-align: center;\"><strong><\/strong><\/p>\n<p style=\"text-align: center;\"><strong>&#8211; Lettres \u00e0 :\u00a0<\/strong><\/p>\n<p><strong>\u00c0 destination des coll\u00e9giens [\u00e0 partir de la 4<\/strong><strong><sup>e<\/sup><\/strong><strong>] et\u00a0des\u00a0lyc\u00e9ens<\/strong><\/p>\n<p>D\u00e8s son arriv\u00e9e \u00e0 Nice, Muriel Mayette-Holtz a eu \u00e0 c\u0153ur de renforcer les liens entre le Th\u00e9\u00e2tre National de Nice et\u00a0l\u2019\u00c9ducation Nationale\u00a0en initiant le projet p\u00e9dagogique\u00a0<em>Lettres \u00e0&#8230;<\/em>\u00a0avec un th\u00e8me et un auteur diff\u00e9rents chaque saison.<\/p>\n<p>Apr\u00e8s avoir lu le livre choisi, rencontr\u00e9 l\u2019auteur et dialogu\u00e9 avec lui, les \u00e9l\u00e8ves sont amen\u00e9s \u00e0 r\u00e9diger leur lettre avec l\u2019aide de leurs enseignants. Puis,\u00a0les com\u00e9diens de la Troupe\u00a0interviennent dans les classes lors d\u2019ateliers (3 ateliers de 2 heures) r\u00e9partis sur l&rsquo;ann\u00e9e scolaire pour travailler la mise en voix de la lettre et assurer le suivi artistique du projet. Enfin, chaque \u00e9l\u00e8ve lit sa propre lettre lors d&rsquo;une restitution finale en public, un\u00a0Marathon des mots, durant une semaine au Kiosque du TNN, promenade du Paillon. L\u2019objectif est que chaque \u00e9l\u00e8ve puisse \u00e9prouver la force des mots et la puissance de la sc\u00e8ne.<\/p>\n<p>Ce projet implique une \u00e9quipe de\u00a02 enseignants par classe\u00a0qui assure le suivi p\u00e9dagogique. Ils b\u00e9n\u00e9ficient d&rsquo;une\u00a0formation\u00a0destin\u00e9e \u00e0 les accompagner dans la mise en \u0153uvre du dispositif. Ces stages, riches et g\u00e9n\u00e9reux sur le travail de l&rsquo;oralit\u00e9 et de la parole intime, mettent en exergue le r\u00f4le du corps comme vecteur d&rsquo;\u00e9motions.<\/p>\n<p>Pr\u00e8s de\u00a02500 \u00e9l\u00e8ves\u00a0ont particip\u00e9 \u00e0 ce projet depuis son lancement.<\/p>\n<p>Pour cette 7<sup>e<\/sup>\u00a0\u00e9dition,\u00a0<em>Lettres \u00e0&#8230; mon ennemi<\/em>\u00a0est accompagn\u00e9 par\u00a0L\u00e9onore Confino\u00a0\u00e0 partir de son ouvrage\u00a0<em>Le Village des sourds<\/em>.<\/p>\n<p><a href=\"https:\/\/www.tnn.fr\/fr\/actions-artistiques\/projets-pedagogiques\">Les projets pedagogiques du TNN<\/a><\/p>\n<p>[\/et_pb_text][et_pb_divider _builder_version=\u00a0\u00bb4.16&Prime; _module_preset=\u00a0\u00bbdefault\u00a0\u00bb global_colors_info=\u00a0\u00bb{}\u00a0\u00bb][\/et_pb_divider][et_pb_text _builder_version=\u00a0\u00bb4.27.4&Prime; _module_preset=\u00a0\u00bbdefault\u00a0\u00bb text_font=\u00a0\u00bbTrebuchet||||||||\u00a0\u00bb text_text_color=\u00a0\u00bb#000000&Prime; text_font_size=\u00a0\u00bb13px\u00a0\u00bb text_orientation=\u00a0\u00bbjustified\u00a0\u00bb global_colors_info=\u00a0\u00bb{}\u00a0\u00bb]<\/p>\n<p style=\"text-align: center;\"><span style=\"color: #993366; font-size: large;\"><strong>Prix Armand Gatti<\/strong><\/span><\/p>\n<p style=\"margin-top: 0cm; text-align: justify;\"><span style=\"font-size: large; font-family: 'Trebuchet MS', sans-serif;\">Ce prix, cr\u00e9\u00e9 en 2003, vise \u00e0 promouvoir aupr\u00e8s des jeunes la lecture de textes contemporains de th\u00e9\u00e2tre, favoriser la rencontre avec leurs auteurs, et contribuer progressivement \u00e0 la constitution de rayons de th\u00e9\u00e2tre contemporain dans les biblioth\u00e8ques de l\u2019\u00c9ducation nationale. Il s\u2019adresse aux CM2-6\u00e8me et aux 3\u00e8me\/2nde des d\u00e9partements du Var, des Alpes Maritimes, du Vaucluse, du Gard mais aussi de Bruxelles, et a mobilis\u00e9 1 911 \u00e9l\u00e8ves issus de 78 classes en 2025.<\/span><o:p><\/o:p><\/p>\n<p style=\"margin-top: 0cm; text-align: justify; box-sizing: border-box; margin-bottom: 1rem;\"><span style=\"box-sizing: border-box; font-size: large;\"><span style=\"font-family: 'Trebuchet MS', sans-serif;\">Au cours de l\u2019ann\u00e9e scolaire, les \u00e9l\u00e8ves participants au projet se voient remettre deux exemplaires des 4 pi\u00e8ces s\u00e9lectionn\u00e9es par un comit\u00e9 de lecture. En premier lieu, ils prendront le temps de les lire, avant d\u2019en d\u00e9couvrir une version \u00ab mise en voix \u00bb par deux com\u00e9dien(ne)s. Au mois de janvier, ils auront un r\u00f4le de lecteur-acteur en votant pour leur pi\u00e8ce pr\u00e9f\u00e9r\u00e9e. Suite aux votes r\u00e9colt\u00e9s aupr\u00e8s de l\u2019ensemble des \u00e9l\u00e8ves participants, la pi\u00e8ce laur\u00e9ate sera d\u00e9sign\u00e9e et les classes devront mettre en sc\u00e8ne une s\u00e9quence \u00ab coup de c\u0153ur \u00bb autour de la pi\u00e8ce, qu\u2019ils pr\u00e9senteront au plateau en pr\u00e9sence de l\u2019autrice ou de l\u2019auteur.<\/span><o:p><\/o:p><\/span><\/p>\n<p style=\"margin-top: 0cm; text-align: justify; box-sizing: border-box; margin-bottom: 1rem;\"><span style=\"box-sizing: border-box;\"><span style=\"font-size: large; font-family: 'Trebuchet MS', sans-serif;\"><a href=\"https:\/\/www.le-pole.fr\/le-prix-de-la-bibliotheque-de-theatre-armand-gatti\" target=\"_blank\" style=\"box-sizing: border-box;\" rel=\"noopener\"><span style=\"color: windowtext; text-decoration: none; text-underline: none;\">Prix de la biblioth\u00e8que de th\u00e9\u00e2tre Armand Gatti<\/span><\/a><\/span><o:p><\/o:p><\/span><\/p>\n<p>[\/et_pb_text][et_pb_divider _builder_version=\u00a0\u00bb4.16&Prime; _module_preset=\u00a0\u00bbdefault\u00a0\u00bb global_colors_info=\u00a0\u00bb{}\u00a0\u00bb][\/et_pb_divider][et_pb_text _builder_version=\u00a0\u00bb4.27.4&Prime; _module_preset=\u00a0\u00bbdefault\u00a0\u00bb text_font=\u00a0\u00bbTrebuchet||||||||\u00a0\u00bb text_text_color=\u00a0\u00bb#000000&Prime; text_font_size=\u00a0\u00bb16px\u00a0\u00bb text_orientation=\u00a0\u00bbjustified\u00a0\u00bb global_colors_info=\u00a0\u00bb{}\u00a0\u00bb]<\/p>\n<p style=\"margin-top: 0cm; text-align: justify;\"><strong><span style=\"font-size: 14.0pt; font-family: 'Trebuchet MS',sans-serif;\">&#8211; Lyc\u00e9ens en Avignon :\u00a0<\/span><\/strong><span style=\"font-size: 14.0pt; font-family: 'Trebuchet MS',sans-serif;\"><o:p><\/o:p><\/span><\/p>\n<p style=\"margin-top: 0cm; text-align: justify; box-sizing: border-box; margin-bottom: 1rem;\"><span style=\"box-sizing: border-box;\"><span style=\"font-size: 14.0pt; font-family: 'Trebuchet MS',sans-serif;\">L\u2019acad\u00e9mie de Nice participe depuis plusieurs ann\u00e9es au dispositif national \u00ab\u00a0Lyc\u00e9ens au festival d\u2019Avignon\u00a0\u00bb organis\u00e9 par la R\u00e9gion PACA.<\/span><o:p><\/o:p><\/span><\/p>\n<p style=\"margin-top: 0cm; text-align: justify; box-sizing: border-box; margin-bottom: 1rem;\"><span style=\"box-sizing: border-box;\"><span style=\"font-size: 14.0pt; font-family: 'Trebuchet MS',sans-serif;\">Il s\u2019agit de proposer \u00e0 120 \u00e9l\u00e8ves de lyc\u00e9e (12 \u00e9l\u00e8ves dans 10 \u00e9tablissements) un s\u00e9jour de d\u00e9couverte du Festival d\u2019Avignon d\u2019une dur\u00e9e de 5 jours au cours du mois de juillet, comprenant des spectacles du IN et du OFF, des rencontres avec des artistes de la programmation, des organisateurs du festival et des ateliers p\u00e9dagogiques de pratiques culturelles.<\/span><o:p><\/o:p><\/span><\/p>\n<p style=\"margin-top: 0cm; text-align: justify; box-sizing: border-box; margin-bottom: 1rem;\"><span style=\"box-sizing: border-box;\"><span style=\"font-size: 14.0pt; font-family: 'Trebuchet MS',sans-serif;\">Ce projet se d\u00e9roule sur deux ann\u00e9es avec une phase \u00ab\u00a0Post festival\u00a0\u00bb pour compl\u00e9ter leur exp\u00e9rience th\u00e9\u00e2trale et la partager avec des \u00e9l\u00e8ves de leur \u00e9tablissement\u00a0: \u00e9changes sur leur s\u00e9jour \u00e0 Avignon, spectacle du th\u00e9\u00e2tre partenaire, atelier de pratique artistique.<\/span><o:p><\/o:p><\/span><\/p>\n<p style=\"margin-top: 0cm; text-align: justify; box-sizing: border-box; margin-bottom: 1rem;\"><span style=\"box-sizing: border-box;\"><span style=\"font-size: 14.0pt; font-family: 'Trebuchet MS',sans-serif;\">Inscriptions sur le site\u00a0<a href=\"https:\/\/www.maregionsud.fr\/vos-aides\/detail\/lyceens-au-festival-davignon\" target=\"_blank\" style=\"box-sizing: border-box;\" rel=\"noopener\"><span style=\"color: windowtext; text-decoration: none; text-underline: none;\">Lyc\u00e9ens au Festival d&rsquo;Avignon &#8211; R\u00e9gion Sud &#8211; Provence-Alpes-C\u00f4te-d&rsquo;Azur<\/span><\/a><\/span><o:p><\/o:p><\/span><\/p>\n<p><span>\u00a0<\/span><\/p>\n<p>[\/et_pb_text][et_pb_divider _builder_version=\u00a0\u00bb4.16&Prime; _module_preset=\u00a0\u00bbdefault\u00a0\u00bb global_colors_info=\u00a0\u00bb{}\u00a0\u00bb][\/et_pb_divider][et_pb_text _builder_version=\u00a0\u00bb4.16&Prime; _module_preset=\u00a0\u00bbdefault\u00a0\u00bb text_font=\u00a0\u00bbTrebuchet||||||||\u00a0\u00bb text_font_size=\u00a0\u00bb16px\u00a0\u00bb text_orientation=\u00a0\u00bbjustified\u00a0\u00bb global_colors_info=\u00a0\u00bb{}\u00a0\u00bb]<\/p>\n<p style=\"text-align: center;\"><span style=\"color: #993366;\"><strong>Valorisation en \u00e9tablissements<\/strong><\/span><br \/><span style=\"color: #000000;\">A la Une cette semaine, le coll\u00e8ge Fabre de Nice : projet Narcisse<\/span><\/p>\n<p><a href=\"https:\/\/www.pedagogie.ac-nice.fr\/daac\/fabre_valorisation_narcisse\/\" target=\"_blank\" rel=\"noopener\"><img loading=\"lazy\" decoding=\"async\" class=\"aligncenter wp-image-12608\" src=\"https:\/\/www.pedagogie.ac-nice.fr\/daac\/wp-content\/uploads\/sites\/37\/2022\/05\/Fabre_valorisation_052022_03-1-scaled.jpg\" alt=\"\" width=\"515\" height=\"386\" srcset=\"https:\/\/www.pedagogie.ac-nice.fr\/daac\/wp-content\/uploads\/sites\/37\/2022\/05\/Fabre_valorisation_052022_03-1-scaled.jpg 2560w, https:\/\/www.pedagogie.ac-nice.fr\/daac\/wp-content\/uploads\/sites\/37\/2022\/05\/Fabre_valorisation_052022_03-1-300x225.jpg 300w, https:\/\/www.pedagogie.ac-nice.fr\/daac\/wp-content\/uploads\/sites\/37\/2022\/05\/Fabre_valorisation_052022_03-1-1024x768.jpg 1024w, https:\/\/www.pedagogie.ac-nice.fr\/daac\/wp-content\/uploads\/sites\/37\/2022\/05\/Fabre_valorisation_052022_03-1-768x576.jpg 768w, https:\/\/www.pedagogie.ac-nice.fr\/daac\/wp-content\/uploads\/sites\/37\/2022\/05\/Fabre_valorisation_052022_03-1-1536x1152.jpg 1536w, https:\/\/www.pedagogie.ac-nice.fr\/daac\/wp-content\/uploads\/sites\/37\/2022\/05\/Fabre_valorisation_052022_03-1-2048x1536.jpg 2048w, https:\/\/www.pedagogie.ac-nice.fr\/daac\/wp-content\/uploads\/sites\/37\/2022\/05\/Fabre_valorisation_052022_03-1-1080x810.jpg 1080w\" sizes=\"(max-width: 515px) 100vw, 515px\" \/><\/a><\/p>\n<p>[\/et_pb_text][et_pb_divider _builder_version=\u00a0\u00bb4.16&Prime; _module_preset=\u00a0\u00bbdefault\u00a0\u00bb global_colors_info=\u00a0\u00bb{}\u00a0\u00bb][\/et_pb_divider][\/et_pb_column_inner][\/et_pb_row_inner][et_pb_row_inner column_structure=\u00a0\u00bb1_2,1_2&Prime; _builder_version=\u00a0\u00bb4.16&Prime; _module_preset=\u00a0\u00bbdefault\u00a0\u00bb global_colors_info=\u00a0\u00bb{}\u00a0\u00bb][et_pb_column_inner type=\u00a0\u00bb1_2&Prime; saved_specialty_column_type=\u00a0\u00bb2_3&Prime; _builder_version=\u00a0\u00bb4.16&Prime; _module_preset=\u00a0\u00bbdefault\u00a0\u00bb global_colors_info=\u00a0\u00bb{}\u00a0\u00bb][\/et_pb_column_inner][et_pb_column_inner type=\u00a0\u00bb1_2&Prime; saved_specialty_column_type=\u00a0\u00bb2_3&Prime; _builder_version=\u00a0\u00bb4.16&Prime; _module_preset=\u00a0\u00bbdefault\u00a0\u00bb global_colors_info=\u00a0\u00bb{}\u00a0\u00bb][et_pb_text admin_label=\u00a0\u00bbdispositif\u00a0\u00bb _builder_version=\u00a0\u00bb4.16&Prime; _module_preset=\u00a0\u00bbdefault\u00a0\u00bb custom_margin=\u00a0\u00bb7px|||||\u00a0\u00bb global_colors_info=\u00a0\u00bb{}\u00a0\u00bb]<\/p>\n<p class=\"western\" lang=\"fr-FR\" style=\"text-align: center;\"><span style=\"color: #0000ff;\"><a href=\"https:\/\/www.pedagogie.ac-nice.fr\/daac\/da_asv\/\" target=\"_blank\" rel=\"noopener\"><img loading=\"lazy\" decoding=\"async\" class=\"alignnone wp-image-7599\" src=\"https:\/\/www.pedagogie.ac-nice.fr\/daac\/wp-content\/uploads\/sites\/37\/2021\/10\/tt_savoir_dispositif.png\" alt=\"\" width=\"231\" height=\"167\" srcset=\"https:\/\/www.pedagogie.ac-nice.fr\/daac\/wp-content\/uploads\/sites\/37\/2021\/10\/tt_savoir_dispositif.png 352w, https:\/\/www.pedagogie.ac-nice.fr\/daac\/wp-content\/uploads\/sites\/37\/2021\/10\/tt_savoir_dispositif-300x216.png 300w\" sizes=\"(max-width: 231px) 100vw, 231px\" \/><\/a><\/span><\/p>\n<p>[\/et_pb_text][\/et_pb_column_inner][\/et_pb_row_inner][\/et_pb_column][\/et_pb_section][et_pb_section fb_built=\u00a0\u00bb1&Prime; _builder_version=\u00a0\u00bb4.16&Prime; _module_preset=\u00a0\u00bbdefault\u00a0\u00bb global_colors_info=\u00a0\u00bb{}\u00a0\u00bb][et_pb_row _builder_version=\u00a0\u00bb4.16&Prime; _module_preset=\u00a0\u00bbdefault\u00a0\u00bb custom_margin=\u00a0\u00bb|auto||284px||\u00a0\u00bb global_colors_info=\u00a0\u00bb{}\u00a0\u00bb][et_pb_column type=\u00a0\u00bb4_4&Prime; _builder_version=\u00a0\u00bb4.16&Prime; _module_preset=\u00a0\u00bbdefault\u00a0\u00bb global_colors_info=\u00a0\u00bb{}\u00a0\u00bb][et_pb_text admin_label=\u00a0\u00bbstructures partenaires\u00a0\u00bb _builder_version=\u00a0\u00bb4.16&Prime; _module_preset=\u00a0\u00bbdefault\u00a0\u00bb custom_margin=\u00a0\u00bb|340px||||\u00a0\u00bb custom_padding=\u00a0\u00bb|141px||||\u00a0\u00bb global_colors_info=\u00a0\u00bb{}\u00a0\u00bb]<\/p>\n<p><a href=\"https:\/\/www.pedagogie.ac-nice.fr\/daac\/structures-partenaires-theatre\/\" target=\"_blank\" rel=\"noopener\"><img loading=\"lazy\" decoding=\"async\" class=\"aligncenter wp-image-7600 size-full\" src=\"https:\/\/www.pedagogie.ac-nice.fr\/daac\/wp-content\/uploads\/sites\/37\/2021\/10\/structures_partenaires.png\" alt=\"\" width=\"360\" height=\"241\" srcset=\"https:\/\/www.pedagogie.ac-nice.fr\/daac\/wp-content\/uploads\/sites\/37\/2021\/10\/structures_partenaires.png 360w, https:\/\/www.pedagogie.ac-nice.fr\/daac\/wp-content\/uploads\/sites\/37\/2021\/10\/structures_partenaires-300x201.png 300w\" sizes=\"(max-width: 360px) 100vw, 360px\" \/><\/a><\/p>\n<p>[\/et_pb_text][\/et_pb_column][\/et_pb_row][\/et_pb_section]<\/p>\n","protected":false},"excerpt":{"rendered":"<p>Actualit\u00e9s du domaine\u00a0\u00bbTh\u00e9\u00e2tre\u00a0\u00bb\u00c0 l&rsquo;occasion de l&rsquo;arriv\u00e9e de la nouvelle saison, nous avons le plaisir d&rsquo;organiserune pr\u00e9sentation de saison sp\u00e9ciale scolaires le mercredi 17 mai \u00e0 17h00 ensalle Pierre Vaneck.Si vous \u00eates enseignant\u2022e, chef\u2022fe d&rsquo;\u00e9tablissement, professeur\u2022e documentaliste,r\u00e9f\u00e9rant\u2022e culturel\u2022le et que vous souhaitez amener des \u00e9l\u00e8ves lors de la saisonprochaine, ce rendez-vous est pour vous ! Pour [&hellip;]<\/p>\n","protected":false},"author":241,"featured_media":0,"parent":0,"menu_order":0,"comment_status":"closed","ping_status":"closed","template":"","meta":{"_et_pb_use_builder":"on","_et_pb_old_content":"","_et_gb_content_width":"","ngg_post_thumbnail":0,"footnotes":""},"class_list":["post-7588","page","type-page","status-publish","hentry"],"rttpg_featured_image_url":null,"rttpg_author":{"display_name":"daacadmin","author_link":"https:\/\/www.pedagogie.ac-nice.fr\/daac\/author\/daacadmin\/"},"rttpg_comment":0,"rttpg_category":null,"rttpg_excerpt":"Actualit\u00e9s du domaine\"Th\u00e9\u00e2tre\"\u00c0 l'occasion de l'arriv\u00e9e de la nouvelle saison, nous avons le plaisir d'organiserune pr\u00e9sentation de saison sp\u00e9ciale scolaires le mercredi 17 mai \u00e0 17h00 ensalle Pierre Vaneck.Si vous \u00eates enseignant\u2022e, chef\u2022fe d'\u00e9tablissement, professeur\u2022e documentaliste,r\u00e9f\u00e9rant\u2022e culturel\u2022le et que vous souhaitez amener des \u00e9l\u00e8ves lors de la saisonprochaine, ce rendez-vous est pour vous ! Pour\u2026","post_mailing_queue_ids":[],"_links":{"self":[{"href":"https:\/\/www.pedagogie.ac-nice.fr\/daac\/wp-json\/wp\/v2\/pages\/7588","targetHints":{"allow":["GET"]}}],"collection":[{"href":"https:\/\/www.pedagogie.ac-nice.fr\/daac\/wp-json\/wp\/v2\/pages"}],"about":[{"href":"https:\/\/www.pedagogie.ac-nice.fr\/daac\/wp-json\/wp\/v2\/types\/page"}],"author":[{"embeddable":true,"href":"https:\/\/www.pedagogie.ac-nice.fr\/daac\/wp-json\/wp\/v2\/users\/241"}],"replies":[{"embeddable":true,"href":"https:\/\/www.pedagogie.ac-nice.fr\/daac\/wp-json\/wp\/v2\/comments?post=7588"}],"version-history":[{"count":70,"href":"https:\/\/www.pedagogie.ac-nice.fr\/daac\/wp-json\/wp\/v2\/pages\/7588\/revisions"}],"predecessor-version":[{"id":15912,"href":"https:\/\/www.pedagogie.ac-nice.fr\/daac\/wp-json\/wp\/v2\/pages\/7588\/revisions\/15912"}],"wp:attachment":[{"href":"https:\/\/www.pedagogie.ac-nice.fr\/daac\/wp-json\/wp\/v2\/media?parent=7588"}],"curies":[{"name":"wp","href":"https:\/\/api.w.org\/{rel}","templated":true}]}}