{"id":7615,"date":"2021-10-06T14:51:48","date_gmt":"2021-10-06T12:51:48","guid":{"rendered":"https:\/\/www.pedagogie.ac-nice.fr\/daac\/?page_id=7615"},"modified":"2026-02-05T08:10:05","modified_gmt":"2026-02-05T07:10:05","slug":"domaine-sport-et-societe","status":"publish","type":"page","link":"https:\/\/www.pedagogie.ac-nice.fr\/daac\/domaine-sport-et-societe\/","title":{"rendered":"domaine sport et soci\u00e9t\u00e9"},"content":{"rendered":"<p>[et_pb_section fb_built=\u00a0\u00bb1&Prime; specialty=\u00a0\u00bbon\u00a0\u00bb _builder_version=\u00a0\u00bb4.16&Prime; _module_preset=\u00a0\u00bbdefault\u00a0\u00bb global_colors_info=\u00a0\u00bb{}\u00a0\u00bb][et_pb_column type=\u00a0\u00bb1_3&Prime; _builder_version=\u00a0\u00bb4.16&Prime; custom_padding=\u00a0\u00bb|||\u00a0\u00bb global_colors_info=\u00a0\u00bb{}\u00a0\u00bb custom_padding__hover=\u00a0\u00bb|||\u00a0\u00bb][et_pb_text admin_label=\u00a0\u00bblogo sport et soci\u00e9t\u00e9 daac\u00a0\u00bb _builder_version=\u00a0\u00bb4.16&Prime; _module_preset=\u00a0\u00bbdefault\u00a0\u00bb global_colors_info=\u00a0\u00bb{}\u00a0\u00bb]<\/p>\n<p><img loading=\"lazy\" decoding=\"async\" class=\" wp-image-7618 aligncenter\" src=\"https:\/\/www.pedagogie.ac-nice.fr\/daac\/wp-content\/uploads\/sites\/37\/2021\/10\/sports_societe.png\" alt=\"\" width=\"348\" height=\"230\" srcset=\"https:\/\/www.pedagogie.ac-nice.fr\/daac\/wp-content\/uploads\/sites\/37\/2021\/10\/sports_societe.png 359w, https:\/\/www.pedagogie.ac-nice.fr\/daac\/wp-content\/uploads\/sites\/37\/2021\/10\/sports_societe-300x198.png 300w\" sizes=\"(max-width: 348px) 100vw, 348px\" \/><\/p>\n<p>[\/et_pb_text][et_pb_text admin_label=\u00a0\u00bbinfo actualit\u00e9s\u00a0\u00bb _builder_version=\u00a0\u00bb4.16&Prime; _module_preset=\u00a0\u00bbdefault\u00a0\u00bb text_font=\u00a0\u00bbTrebuchet||||||||\u00a0\u00bb global_colors_info=\u00a0\u00bb{}\u00a0\u00bb]<\/p>\n<p style=\"text-align: center;\"><span style=\"color: #993366;\"><strong><span style=\"font-size: 14pt;\">Actualit\u00e9s du domaine<br \/><\/span><\/strong><\/span><span style=\"color: #0000ff;\"><span style=\"color: #993366;\"><strong><span style=\"font-size: 14pt;\">\u00ab\u00a0Sport et Soci\u00e9t\u00e9\u00a0\u00bb<\/span> <\/strong><\/span><br \/><\/span><\/p>\n<p>[\/et_pb_text][et_pb_text _builder_version=\u00a0\u00bb4.27.4&Prime; _module_preset=\u00a0\u00bbdefault\u00a0\u00bb text_font=\u00a0\u00bbTrebuchet||||||||\u00a0\u00bb text_orientation=\u00a0\u00bbjustified\u00a0\u00bb hover_enabled=\u00a0\u00bb0&Prime; global_colors_info=\u00a0\u00bb{}\u00a0\u00bb sticky_enabled=\u00a0\u00bb0&Prime; text_text_color=\u00a0\u00bb#000000&Prime; text_font_size=\u00a0\u00bb15px\u00a0\u00bb]<\/p>\n<p><strong><span style=\"color: #993366;\">Nouveaut\u00e9s\u00a0<\/span><\/strong><\/p>\n<p style=\"text-align: justify;\"><span>A partir du 11 F\u00e9vrier 2026, l\u2019exposition \u00ab Un \u00e9t\u00e9 2024 \u00bb permet au \u00e9l\u00e8ves de revisiter ce bonheur collectif et de se replonger dans un \u00e9t\u00e9 comme aucun autre. Sur plus de 500 m\u00b2, dans une sc\u00e9nographie immersive, interactive et \u00e9mouvante, l\u2019exposition raconte les premiers JO paritaires, des Jeux responsables, inclusifs et ouverts, et la r\u00e9ussite \u00e9clatante d\u2019un pari fran\u00e7ais, initi\u00e9 le 23 juin 2015 avec l\u2019officialisation de la candidature de Paris.<\/span><\/p>\n<p><a href=\"https:\/\/www.pedagogie.ac-nice.fr\/daac\/wp-content\/uploads\/sites\/37\/2026\/02\/MNS_OFFRE-PEDAGOGIQUE_COLLEGES-LYCEES.pdf\" target=\"_blank\" rel=\"noopener\"><img loading=\"lazy\" decoding=\"async\" src=\"https:\/\/www.pedagogie.ac-nice.fr\/daac\/wp-content\/uploads\/sites\/37\/2026\/02\/COUV-COLLEGES-LYCEES-212x300.jpg\" width=\"212\" height=\"300\" alt=\"\" class=\"wp-image-16040 alignnone size-medium\" srcset=\"https:\/\/www.pedagogie.ac-nice.fr\/daac\/wp-content\/uploads\/sites\/37\/2026\/02\/COUV-COLLEGES-LYCEES-212x300.jpg 212w, https:\/\/www.pedagogie.ac-nice.fr\/daac\/wp-content\/uploads\/sites\/37\/2026\/02\/COUV-COLLEGES-LYCEES-724x1024.jpg 724w, https:\/\/www.pedagogie.ac-nice.fr\/daac\/wp-content\/uploads\/sites\/37\/2026\/02\/COUV-COLLEGES-LYCEES-768x1086.jpg 768w, https:\/\/www.pedagogie.ac-nice.fr\/daac\/wp-content\/uploads\/sites\/37\/2026\/02\/COUV-COLLEGES-LYCEES-1086x1536.jpg 1086w, https:\/\/www.pedagogie.ac-nice.fr\/daac\/wp-content\/uploads\/sites\/37\/2026\/02\/COUV-COLLEGES-LYCEES-1080x1528.jpg 1080w, https:\/\/www.pedagogie.ac-nice.fr\/daac\/wp-content\/uploads\/sites\/37\/2026\/02\/COUV-COLLEGES-LYCEES.jpg 1240w\" sizes=\"(max-width: 212px) 100vw, 212px\" \/><\/a><\/p>\n<p>&nbsp;<\/p>\n<p>[\/et_pb_text][et_pb_divider _builder_version=\u00a0\u00bb4.16&Prime; _module_preset=\u00a0\u00bbdefault\u00a0\u00bb global_colors_info=\u00a0\u00bb{}\u00a0\u00bb][\/et_pb_divider][et_pb_text admin_label=\u00a0\u00bbvisuel Preac\u00a0\u00bb _builder_version=\u00a0\u00bb4.16&Prime; _module_preset=\u00a0\u00bbdefault\u00a0\u00bb global_colors_info=\u00a0\u00bb{}\u00a0\u00bb]<\/p>\n<p><a href=\"https:\/\/www.pedagogie.ac-nice.fr\/daac\/preac-2021\/\" target=\"_blank\" rel=\"noopener\"><img loading=\"lazy\" decoding=\"async\" class=\"aligncenter wp-image-5193 \" src=\"https:\/\/www.pedagogie.ac-nice.fr\/daac\/wp-content\/uploads\/sites\/37\/2021\/09\/visuel_preac.png\" alt=\"\" width=\"364\" height=\"240\" srcset=\"https:\/\/www.pedagogie.ac-nice.fr\/daac\/wp-content\/uploads\/sites\/37\/2021\/09\/visuel_preac.png 403w, https:\/\/www.pedagogie.ac-nice.fr\/daac\/wp-content\/uploads\/sites\/37\/2021\/09\/visuel_preac-300x198.png 300w\" sizes=\"(max-width: 364px) 100vw, 364px\" \/><\/a><\/p>\n<p>[\/et_pb_text][\/et_pb_column][et_pb_column type=\u00a0\u00bb2_3&Prime; specialty_columns=\u00a0\u00bb2&Prime; _builder_version=\u00a0\u00bb4.16&Prime; custom_padding=\u00a0\u00bb|||\u00a0\u00bb global_colors_info=\u00a0\u00bb{}\u00a0\u00bb custom_padding__hover=\u00a0\u00bb|||\u00a0\u00bb][et_pb_row_inner _builder_version=\u00a0\u00bb4.16&Prime; _module_preset=\u00a0\u00bbdefault\u00a0\u00bb global_colors_info=\u00a0\u00bb{}\u00a0\u00bb][et_pb_column_inner saved_specialty_column_type=\u00a0\u00bb2_3&Prime; _builder_version=\u00a0\u00bb4.16&Prime; _module_preset=\u00a0\u00bbdefault\u00a0\u00bb global_colors_info=\u00a0\u00bb{}\u00a0\u00bb][et_pb_post_title meta=\u00a0\u00bboff\u00a0\u00bb featured_image=\u00a0\u00bboff\u00a0\u00bb _builder_version=\u00a0\u00bb4.16&Prime; _module_preset=\u00a0\u00bbdefault\u00a0\u00bb title_font=\u00a0\u00bbTrebuchet|700||on|||||\u00a0\u00bb global_colors_info=\u00a0\u00bb{}\u00a0\u00bb][\/et_pb_post_title][et_pb_text admin_label=\u00a0\u00bbpr\u00e9sentation du domaine\u00a0\u00bb _builder_version=\u00a0\u00bb4.16&Prime; _module_preset=\u00a0\u00bbdefault\u00a0\u00bb text_font=\u00a0\u00bbTrebuchet||||||||\u00a0\u00bb text_text_color=\u00a0\u00bb#000000&Prime; text_font_size=\u00a0\u00bb16px\u00a0\u00bb text_orientation=\u00a0\u00bbjustified\u00a0\u00bb inline_fonts=\u00a0\u00bbTrebuchet\u00a0\u00bb global_colors_info=\u00a0\u00bb{}\u00a0\u00bb]<\/p>\n<p>Le domaine <strong>\u00ab\u00a0Sport et Soci\u00e9t\u00e9\u00a0\u00bb<\/strong> de l\u2019Education Artistique et Culturelle (EAC) dans l\u2019Acad\u00e9mie de Nice regroupe les diff\u00e9rents dispositifs acad\u00e9miques en relation avec les activit\u00e9s artistiques, culturelles et sportives.<\/p>\n<p>Le <a href=\"https:\/\/www.pedagogie.ac-nice.fr\/daac\/le-musee-national-des-sports\/\"><strong>Mus\u00e9e National du Sport<\/strong><\/a>, principal partenaire de la DAAC dans ce domaine, permet au travers de ses collections permanentes et temporaires de comprendre les ph\u00e9nom\u00e8nes sportifs, culturels et de soci\u00e9t\u00e9 qui traversent les \u00e9poques et l\u2019Histoire. Ses collections tr\u00e8s vari\u00e9es en terme de supports\u00a0: peintures, sculptures, dessins, estampes, affiches, photographies, num\u00e9riques, v\u00eatements sportifs, troph\u00e9es\u2026 permettent d\u2019aborder ces th\u00e8mes de fa\u00e7on ludique et transdisciplinaire.<\/p>\n<p>D\u2019un point de vue p\u00e9dagogique, le Mus\u00e9e National du Sport permet, de par sa structure, d\u2019encadrer des <strong>projets \u00e9ducatifs riches et vari\u00e9s<\/strong> reposant sur un partenariat \u00e9troit avec tous les \u00e9tablissements scolaires de l\u2019Acad\u00e9mie.<\/p>\n<p>Il est un partenaire riche et essentiel dans le cadre des dispositifs <strong><em>Pentathlon des Arts<\/em><\/strong><strong> et <em>Label G\u00e9n\u00e9ration 2024<\/em><\/strong> de par les offres p\u00e9dagogiques et culturelles qu\u2019il propose<\/p>\n<p>&nbsp;<\/p>\n<p>[\/et_pb_text][et_pb_divider _builder_version=\u00a0\u00bb4.16&Prime; _module_preset=\u00a0\u00bbdefault\u00a0\u00bb global_colors_info=\u00a0\u00bb{}\u00a0\u00bb][\/et_pb_divider][\/et_pb_column_inner][\/et_pb_row_inner][et_pb_row_inner column_structure=\u00a0\u00bb1_3,1_3,1_3&Prime; _builder_version=\u00a0\u00bb4.16&Prime; _module_preset=\u00a0\u00bbdefault\u00a0\u00bb global_colors_info=\u00a0\u00bb{}\u00a0\u00bb][et_pb_column_inner type=\u00a0\u00bb1_3&Prime; saved_specialty_column_type=\u00a0\u00bb2_3&Prime; _builder_version=\u00a0\u00bb4.16&Prime; _module_preset=\u00a0\u00bbdefault\u00a0\u00bb global_colors_info=\u00a0\u00bb{}\u00a0\u00bb][et_pb_text admin_label=\u00a0\u00bbmus\u00e9e national du sport\u00a0\u00bb _builder_version=\u00a0\u00bb4.16&Prime; _module_preset=\u00a0\u00bbdefault\u00a0\u00bb custom_padding=\u00a0\u00bb||0px|||\u00a0\u00bb global_colors_info=\u00a0\u00bb{}\u00a0\u00bb]<\/p>\n<p style=\"text-align: center;\"><span style=\"color: #0000ff;\"><br \/><a href=\"https:\/\/www.pedagogie.ac-nice.fr\/daac\/le-musee-national-des-sports\/\" target=\"_blank\" rel=\"noopener\"><img loading=\"lazy\" decoding=\"async\" class=\"wp-image-7619 aligncenter\" src=\"https:\/\/www.pedagogie.ac-nice.fr\/daac\/wp-content\/uploads\/sites\/37\/2021\/10\/musee_national_sport.png\" alt=\"\" width=\"208\" height=\"205\"><\/a><\/span><\/p>\n<p style=\"text-align: justify;\" align=\"justify\"><span style=\"color: #0000ff;\">&nbsp;<\/span><\/p>\n<p>[\/et_pb_text][\/et_pb_column_inner][et_pb_column_inner type=\u00a0\u00bb1_3&Prime; saved_specialty_column_type=\u00a0\u00bb2_3&Prime; _builder_version=\u00a0\u00bb4.16&Prime; _module_preset=\u00a0\u00bbdefault\u00a0\u00bb global_colors_info=\u00a0\u00bb{}\u00a0\u00bb][\/et_pb_column_inner][et_pb_column_inner type=\u00a0\u00bb1_3&Prime; saved_specialty_column_type=\u00a0\u00bb2_3&Prime; _builder_version=\u00a0\u00bb4.16&Prime; _module_preset=\u00a0\u00bbdefault\u00a0\u00bb global_colors_info=\u00a0\u00bb{}\u00a0\u00bb][et_pb_text admin_label=\u00a0\u00bblogo g\u00e9n\u00e9ration 2024&Prime; _builder_version=\u00a0\u00bb4.16&Prime; _module_preset=\u00a0\u00bbdefault\u00a0\u00bb custom_margin=\u00a0\u00bb28px|||||\u00a0\u00bb global_colors_info=\u00a0\u00bb{}\u00a0\u00bb]<\/p>\n<p><img loading=\"lazy\" decoding=\"async\" class=\"aligncenter wp-image-7620 \" src=\"https:\/\/www.pedagogie.ac-nice.fr\/daac\/wp-content\/uploads\/sites\/37\/2021\/10\/label_generation_2024.png\" alt=\"\" width=\"300\" height=\"289\"><\/p>\n<p>[\/et_pb_text][\/et_pb_column_inner][\/et_pb_row_inner][et_pb_row_inner _builder_version=\u00a0\u00bb4.16&Prime; _module_preset=\u00a0\u00bbdefault\u00a0\u00bb global_colors_info=\u00a0\u00bb{}\u00a0\u00bb][et_pb_column_inner saved_specialty_column_type=\u00a0\u00bb2_3&Prime; _builder_version=\u00a0\u00bb4.16&Prime; _module_preset=\u00a0\u00bbdefault\u00a0\u00bb global_colors_info=\u00a0\u00bb{}\u00a0\u00bb][et_pb_text _builder_version=\u00a0\u00bb4.16&Prime; _module_preset=\u00a0\u00bbdefault\u00a0\u00bb global_colors_info=\u00a0\u00bb{}\u00a0\u00bb]<\/p>\n<p style=\"text-align: center;\"><a href=\"https:\/\/www.pedagogie.ac-nice.fr\/daac\/mercredis-enseignants-alpes-maritimes-2\/\" target=\"_blank\" rel=\"noopener\"><img loading=\"lazy\" decoding=\"async\" src=\"https:\/\/www.pedagogie.ac-nice.fr\/daac\/wp-content\/uploads\/sites\/37\/2021\/09\/mercredis_enseignants-300x212.png\" width=\"300\" height=\"212\" alt=\"\" class=\"wp-image-5944 alignnone size-medium\" srcset=\"https:\/\/www.pedagogie.ac-nice.fr\/daac\/wp-content\/uploads\/sites\/37\/2021\/09\/mercredis_enseignants-300x212.png 300w, https:\/\/www.pedagogie.ac-nice.fr\/daac\/wp-content\/uploads\/sites\/37\/2021\/09\/mercredis_enseignants.png 347w\" sizes=\"(max-width: 300px) 100vw, 300px\" \/><\/a><\/p>\n<p>[\/et_pb_text][\/et_pb_column_inner][\/et_pb_row_inner][\/et_pb_column][\/et_pb_section]<\/p>\n","protected":false},"excerpt":{"rendered":"<p>Actualit\u00e9s du domaine\u00a0\u00bbSport et Soci\u00e9t\u00e9\u00a0\u00bb Nouveaut\u00e9s\u00a0 A partir du 11 F\u00e9vrier 2026, l\u2019exposition \u00ab Un \u00e9t\u00e9 2024 \u00bb permet au \u00e9l\u00e8ves de revisiter ce bonheur collectif et de se replonger dans un \u00e9t\u00e9 comme aucun autre. Sur plus de 500 m\u00b2, dans une sc\u00e9nographie immersive, interactive et \u00e9mouvante, l\u2019exposition raconte les premiers JO paritaires, des [&hellip;]<\/p>\n","protected":false},"author":241,"featured_media":0,"parent":0,"menu_order":0,"comment_status":"closed","ping_status":"closed","template":"","meta":{"_et_pb_use_builder":"on","_et_pb_old_content":"","_et_gb_content_width":"","ngg_post_thumbnail":0,"footnotes":""},"class_list":["post-7615","page","type-page","status-publish","hentry"],"rttpg_featured_image_url":null,"rttpg_author":{"display_name":"daacadmin","author_link":"https:\/\/www.pedagogie.ac-nice.fr\/daac\/author\/daacadmin\/"},"rttpg_comment":0,"rttpg_category":null,"rttpg_excerpt":"Actualit\u00e9s du domaine\"Sport et Soci\u00e9t\u00e9\" Nouveaut\u00e9s\u00a0 A partir du 11 F\u00e9vrier 2026, l\u2019exposition \u00ab Un \u00e9t\u00e9 2024 \u00bb permet au \u00e9l\u00e8ves de revisiter ce bonheur collectif et de se replonger dans un \u00e9t\u00e9 comme aucun autre. Sur plus de 500 m\u00b2, dans une sc\u00e9nographie immersive, interactive et \u00e9mouvante, l\u2019exposition raconte les premiers JO paritaires, des\u2026","post_mailing_queue_ids":[],"_links":{"self":[{"href":"https:\/\/www.pedagogie.ac-nice.fr\/daac\/wp-json\/wp\/v2\/pages\/7615","targetHints":{"allow":["GET"]}}],"collection":[{"href":"https:\/\/www.pedagogie.ac-nice.fr\/daac\/wp-json\/wp\/v2\/pages"}],"about":[{"href":"https:\/\/www.pedagogie.ac-nice.fr\/daac\/wp-json\/wp\/v2\/types\/page"}],"author":[{"embeddable":true,"href":"https:\/\/www.pedagogie.ac-nice.fr\/daac\/wp-json\/wp\/v2\/users\/241"}],"replies":[{"embeddable":true,"href":"https:\/\/www.pedagogie.ac-nice.fr\/daac\/wp-json\/wp\/v2\/comments?post=7615"}],"version-history":[{"count":75,"href":"https:\/\/www.pedagogie.ac-nice.fr\/daac\/wp-json\/wp\/v2\/pages\/7615\/revisions"}],"predecessor-version":[{"id":16048,"href":"https:\/\/www.pedagogie.ac-nice.fr\/daac\/wp-json\/wp\/v2\/pages\/7615\/revisions\/16048"}],"wp:attachment":[{"href":"https:\/\/www.pedagogie.ac-nice.fr\/daac\/wp-json\/wp\/v2\/media?parent=7615"}],"curies":[{"name":"wp","href":"https:\/\/api.w.org\/{rel}","templated":true}]}}