{"id":8348,"date":"2021-10-20T13:54:12","date_gmt":"2021-10-20T11:54:12","guid":{"rendered":"https:\/\/www.pedagogie.ac-nice.fr\/daac\/?page_id=8348"},"modified":"2023-02-15T15:34:05","modified_gmt":"2023-02-15T14:34:05","slug":"mamac","status":"publish","type":"page","link":"https:\/\/www.pedagogie.ac-nice.fr\/daac\/mamac\/","title":{"rendered":"MAMAC"},"content":{"rendered":"<p>[et_pb_section fb_built=\u00a0\u00bb1&Prime; specialty=\u00a0\u00bbon\u00a0\u00bb _builder_version=\u00a0\u00bb4.10.7&Prime; _module_preset=\u00a0\u00bbdefault\u00a0\u00bb global_colors_info=\u00a0\u00bb{}\u00a0\u00bb][et_pb_column type=\u00a0\u00bb1_3&Prime; _builder_version=\u00a0\u00bb3.25&Prime; custom_padding=\u00a0\u00bb|||\u00a0\u00bb global_colors_info=\u00a0\u00bb{}\u00a0\u00bb custom_padding__hover=\u00a0\u00bb|||\u00a0\u00bb][et_pb_text admin_label=\u00a0\u00bblogo_daac\u00a0\u00bb _builder_version=\u00a0\u00bb4.10.7&Prime; _module_preset=\u00a0\u00bbdefault\u00a0\u00bb global_colors_info=\u00a0\u00bb{}\u00a0\u00bb]<\/p>\n<p><a href=\"https:\/\/www.pedagogie.ac-nice.fr\/daac\/domaine-musees\/\" target=\"_blank\" rel=\"noopener\"><img loading=\"lazy\" decoding=\"async\" class=\"aligncenter wp-image-5972 size-medium\" src=\"https:\/\/www.pedagogie.ac-nice.fr\/daac\/wp-content\/uploads\/sites\/37\/2021\/09\/musees-300x186.png\" alt=\"\" width=\"300\" height=\"186\" srcset=\"https:\/\/www.pedagogie.ac-nice.fr\/daac\/wp-content\/uploads\/sites\/37\/2021\/09\/musees-300x186.png 300w, https:\/\/www.pedagogie.ac-nice.fr\/daac\/wp-content\/uploads\/sites\/37\/2021\/09\/musees.png 346w\" sizes=\"(max-width: 300px) 100vw, 300px\" \/><\/a><\/p>\n<p>[\/et_pb_text][et_pb_divider _builder_version=\u00a0\u00bb4.10.7&Prime; _module_preset=\u00a0\u00bbdefault\u00a0\u00bb custom_margin=\u00a0\u00bb-20px|||||\u00a0\u00bb custom_padding=\u00a0\u00bb0px|||||\u00a0\u00bb global_colors_info=\u00a0\u00bb{}\u00a0\u00bb][\/et_pb_divider][et_pb_text admin_label=\u00a0\u00bbPhoto Mamac Acc\u00e8s site mus\u00e9e\u00a0\u00bb _builder_version=\u00a0\u00bb4.10.7&Prime; _module_preset=\u00a0\u00bbdefault\u00a0\u00bb custom_margin=\u00a0\u00bb-30px|||||\u00a0\u00bb hover_enabled=\u00a0\u00bb0&Prime; global_colors_info=\u00a0\u00bb{}\u00a0\u00bb text_font=\u00a0\u00bbTrebuchet||||||||\u00a0\u00bb sticky_enabled=\u00a0\u00bb0&Prime;]<\/p>\n<p style=\"text-align: center;\"><span style=\"color: #993366;\"><strong>Mus\u00e9e d&rsquo;Art Moderne et d&rsquo;Art Contemporain de Nice<\/strong><\/span><\/p>\n<p><img loading=\"lazy\" decoding=\"async\" class=\"size-medium wp-image-8484\" src=\"https:\/\/www.pedagogie.ac-nice.fr\/daac\/wp-content\/uploads\/sites\/37\/2021\/10\/Mamac_LDD-300x200.jpg\" alt=\"\" width=\"300\" height=\"200\" srcset=\"https:\/\/www.pedagogie.ac-nice.fr\/daac\/wp-content\/uploads\/sites\/37\/2021\/10\/Mamac_LDD-300x200.jpg 300w, https:\/\/www.pedagogie.ac-nice.fr\/daac\/wp-content\/uploads\/sites\/37\/2021\/10\/Mamac_LDD-1024x682.jpg 1024w, https:\/\/www.pedagogie.ac-nice.fr\/daac\/wp-content\/uploads\/sites\/37\/2021\/10\/Mamac_LDD-768x512.jpg 768w, https:\/\/www.pedagogie.ac-nice.fr\/daac\/wp-content\/uploads\/sites\/37\/2021\/10\/Mamac_LDD-1080x719.jpg 1080w, https:\/\/www.pedagogie.ac-nice.fr\/daac\/wp-content\/uploads\/sites\/37\/2021\/10\/Mamac_LDD.jpg 1339w\" sizes=\"(max-width: 300px) 100vw, 300px\" \/><\/p>\n<p style=\"text-align: center;\"><span style=\"font-size: 8pt; color: #0000ff;\">\u00a0<\/span><\/p>\n<p>[\/et_pb_text][et_pb_divider _builder_version=\u00a0\u00bb4.10.7&Prime; _module_preset=\u00a0\u00bbdefault\u00a0\u00bb custom_margin=\u00a0\u00bb-58px|||||\u00a0\u00bb global_colors_info=\u00a0\u00bb{}\u00a0\u00bb][\/et_pb_divider][et_pb_accordion admin_label=\u00a0\u00bbActualites_MAMAC\u00a0\u00bb _builder_version=\u00a0\u00bb4.10.7&Prime; _module_preset=\u00a0\u00bbdefault\u00a0\u00bb custom_margin=\u00a0\u00bb-34px|||||\u00a0\u00bb global_colors_info=\u00a0\u00bb{}\u00a0\u00bb][et_pb_accordion_item title=\u00a0\u00bbExposition %22Le th\u00e9\u00e2tre des objets de Daniel Spoerri%22&Prime; open=\u00a0\u00bbon\u00a0\u00bb _builder_version=\u00a0\u00bb4.10.7&Prime; _module_preset=\u00a0\u00bbdefault\u00a0\u00bb global_colors_info=\u00a0\u00bb{}\u00a0\u00bb]<\/p>\n<p style=\"text-align: center;\"><strong><span style=\"color: #ff6600;\">Du 16 octobre 2021 au 27 mars 2022<\/span><\/strong><br \/><a href=\"https:\/\/www.mamac-nice.org\/fr\/exposition\/le-theatre-des-objets-de-daniel-spoerri\/\" target=\"_blank\" rel=\"noopener\"><img loading=\"lazy\" decoding=\"async\" class=\"wp-image-8373  aligncenter\" src=\"https:\/\/www.pedagogie.ac-nice.fr\/daac\/wp-content\/uploads\/sites\/37\/2021\/10\/expo_theatre_objet-300x245.jpg\" alt=\"\" width=\"337\" height=\"275\" srcset=\"https:\/\/www.pedagogie.ac-nice.fr\/daac\/wp-content\/uploads\/sites\/37\/2021\/10\/expo_theatre_objet-300x245.jpg 300w, https:\/\/www.pedagogie.ac-nice.fr\/daac\/wp-content\/uploads\/sites\/37\/2021\/10\/expo_theatre_objet-768x628.jpg 768w, https:\/\/www.pedagogie.ac-nice.fr\/daac\/wp-content\/uploads\/sites\/37\/2021\/10\/expo_theatre_objet.jpg 978w\" sizes=\"(max-width: 337px) 100vw, 337px\" \/><\/a><\/p>\n<p>&nbsp;<\/p>\n<p>[\/et_pb_accordion_item][et_pb_accordion_item title=\u00a0\u00bbJourn\u00e9e mondiale de lutte contre le SIDA au MAMAC\u00a0\u00bb _builder_version=\u00a0\u00bb4.10.7&Prime; _module_preset=\u00a0\u00bbdefault\u00a0\u00bb global_colors_info=\u00a0\u00bb{}\u00a0\u00bb open=\u00a0\u00bboff\u00a0\u00bb]<\/p>\n<p><a href=\"https:\/\/www.pedagogie.ac-nice.fr\/daac\/2021\/11\/25\/journee-mondiale-de-lutte-contre-le-sida-au-mamac\/\" target=\"_blank\" rel=\"noopener\"><img loading=\"lazy\" decoding=\"async\" class=\"aligncenter wp-image-9689 size-medium\" src=\"https:\/\/www.pedagogie.ac-nice.fr\/daac\/wp-content\/uploads\/sites\/37\/2021\/11\/MAMAC_Sida-230x300.jpg\" alt=\"\" width=\"230\" height=\"300\" srcset=\"https:\/\/www.pedagogie.ac-nice.fr\/daac\/wp-content\/uploads\/sites\/37\/2021\/11\/MAMAC_Sida-230x300.jpg 230w, https:\/\/www.pedagogie.ac-nice.fr\/daac\/wp-content\/uploads\/sites\/37\/2021\/11\/MAMAC_Sida.jpg 441w\" sizes=\"(max-width: 230px) 100vw, 230px\" \/><\/a><\/p>\n<p>[\/et_pb_accordion_item][\/et_pb_accordion][et_pb_text admin_label=\u00a0\u00bbPortail des savoirs\u00a0\u00bb _builder_version=\u00a0\u00bb4.10.7&Prime; _module_preset=\u00a0\u00bbdefault\u00a0\u00bb custom_margin=\u00a0\u00bb-2px|||||\u00a0\u00bb global_colors_info=\u00a0\u00bb{}\u00a0\u00bb]<\/p>\n<p style=\"text-align: center;\"><span style=\"font-size: 14pt;\"><strong><span style=\"color: #ff6600;\">Pour en savoir plus sur le MAMAC<\/span><\/strong><\/span><a href=\"http:\/\/www.savoirs-alpesmaritimes.fr\/Periodes-historiques\/XXe-et-XXIe-siecles\/Le-MAMAC\" target=\"_blank\" rel=\"noopener\"><img loading=\"lazy\" decoding=\"async\" class=\"aligncenter wp-image-1288 size-full\" src=\"https:\/\/www.pedagogie.ac-nice.fr\/daac\/wp-content\/uploads\/sites\/37\/2020\/11\/portail_savoirs_1.png\" alt=\"le portail des savoirs propose une s\u00e9lection de ressources sur le patrimoine des Alpes Maritimes. Ces ressources sont organis\u00e9es par ordre chronoogique et par th\u00e8me de la Pr\u00e9histoire \u00e0 nos jours.\" width=\"263\" height=\"88\"><\/a><\/p>\n<p>[\/et_pb_text][\/et_pb_column][et_pb_column type=\u00a0\u00bb2_3&Prime; specialty_columns=\u00a0\u00bb2&Prime; _builder_version=\u00a0\u00bb3.25&Prime; custom_padding=\u00a0\u00bb|||\u00a0\u00bb global_colors_info=\u00a0\u00bb{}\u00a0\u00bb custom_padding__hover=\u00a0\u00bb|||\u00a0\u00bb][et_pb_row_inner _builder_version=\u00a0\u00bb4.10.7&Prime; _module_preset=\u00a0\u00bbdefault\u00a0\u00bb global_colors_info=\u00a0\u00bb{}\u00a0\u00bb][et_pb_column_inner saved_specialty_column_type=\u00a0\u00bb2_3&Prime; _builder_version=\u00a0\u00bb4.10.7&Prime; _module_preset=\u00a0\u00bbdefault\u00a0\u00bb global_colors_info=\u00a0\u00bb{}\u00a0\u00bb][et_pb_text admin_label=\u00a0\u00bbTexte Julien\u00a0\u00bb _builder_version=\u00a0\u00bb4.10.7&Prime; _module_preset=\u00a0\u00bbdefault\u00a0\u00bb hover_enabled=\u00a0\u00bb0&Prime; global_colors_info=\u00a0\u00bb{}\u00a0\u00bb text_font=\u00a0\u00bbTrebuchet||||||||\u00a0\u00bb text_text_color=\u00a0\u00bb#000000&Prime; text_font_size=\u00a0\u00bb17px\u00a0\u00bb text_orientation=\u00a0\u00bbjustified\u00a0\u00bb sticky_enabled=\u00a0\u00bb0&Prime;]<\/p>\n<p style=\"text-align: center;\"><span style=\"color: #993366; font-size: 14pt;\"><strong>Le Mus\u00e9e d&rsquo;Art Moderne et d&rsquo;Art contemporain de Nice<\/strong><\/span><\/p>\n<p style=\"text-align: center;\"><span style=\"color: #ff00ff; font-size: 18pt;\"><strong><span style=\"color: #993366;\">MAMAC<\/span><br \/><\/strong><\/span><\/p>\n<p style=\"text-align: justify;\"><span style=\"color: #000000;\">Le Mus\u00e9e d\u2019Art Moderne et d\u2019Art Contemporain de Nice dispose d\u2019une collection d\u2019oeuvres de 1950 \u00e0 nos jours comprenant notamment une salle permanente d\u00e9di\u00e9e \u00e0 <strong>Yves Klein<\/strong> et l\u2019une des plus importantes collections d\u2019oeuvres de<strong> Niki de Saint Phalle<\/strong>.<\/span><\/p>\n<p style=\"text-align: justify;\"><span style=\"color: #000000;\">Il d\u00e9veloppe ses activit\u00e9s en expositions r\u00e9guli\u00e8res bas\u00e9es sur le fond permanent (plus de 1350 oeuvres) et en expositions temporaires d\u2019artistes actuels dans la galerie contemporaine.<\/span><\/p>\n<p style=\"text-align: justify;\"><span style=\"color: #0000ff;\"><span style=\"color: #000000;\">De nombreuses ressources, \u00e9v\u00e9nements et animations compl\u00e8tent les expositions : visites guid\u00e9es, visites buissonni\u00e8res, ateliers cr\u00e9atifs en lien avec les expositions, projets scolaires avec restitutions, un centre de documentation, un site pr\u00e9sentant l\u2019actualit\u00e9 \u00e9v\u00e9nementielle ainsi qu\u2019une cha\u00eene YouTube.<\/span><br \/><\/span><\/p>\n<p>[\/et_pb_text][et_pb_text admin_label=\u00a0\u00bbtexte appel \u00e0 projet eac\u00a0\u00bb _builder_version=\u00a0\u00bb4.10.7&Prime; _module_preset=\u00a0\u00bbdefault\u00a0\u00bb custom_margin=\u00a0\u00bb-11px|||||\u00a0\u00bb hover_enabled=\u00a0\u00bb0&Prime; global_colors_info=\u00a0\u00bb{}\u00a0\u00bb text_font=\u00a0\u00bbTrebuchet||||||||\u00a0\u00bb text_font_size=\u00a0\u00bb20px\u00a0\u00bb sticky_enabled=\u00a0\u00bb0&Prime;]<\/p>\n<p style=\"text-align: center;\"><strong><span style=\"color: #993366;\">Appels \u00e0 projets EAC<\/span><br \/><\/strong><\/p>\n<p>[\/et_pb_text][\/et_pb_column_inner][\/et_pb_row_inner][et_pb_row_inner column_structure=\u00a0\u00bb1_2,1_2&Prime; _builder_version=\u00a0\u00bb4.10.7&Prime; _module_preset=\u00a0\u00bbdefault\u00a0\u00bb custom_margin=\u00a0\u00bb-18px|||||\u00a0\u00bb global_colors_info=\u00a0\u00bb{}\u00a0\u00bb][et_pb_column_inner type=\u00a0\u00bb1_2&Prime; saved_specialty_column_type=\u00a0\u00bb2_3&Prime; _builder_version=\u00a0\u00bb4.10.7&Prime; _module_preset=\u00a0\u00bbdefault\u00a0\u00bb global_colors_info=\u00a0\u00bb{}\u00a0\u00bb][et_pb_text admin_label=\u00a0\u00bbPoesie concr\u00e8te\u00a0\u00bb _builder_version=\u00a0\u00bb4.10.7&Prime; _module_preset=\u00a0\u00bbdefault\u00a0\u00bb hover_enabled=\u00a0\u00bb0&Prime; global_colors_info=\u00a0\u00bb{}\u00a0\u00bb text_font=\u00a0\u00bbTrebuchet||||||||\u00a0\u00bb text_orientation=\u00a0\u00bbjustified\u00a0\u00bb sticky_enabled=\u00a0\u00bb0&Prime;]<\/p>\n<p style=\"text-align: justify;\"><span lang=\"fr-FR\" style=\"color: #000000;\">Dans le cadre de l&rsquo;exposition temporaire <span style=\"color: #993366;\">\u00ab\u00a0<strong>Le Th\u00e9\u00e2tre des Objets de Daniel Spoerri<\/strong>\u00ab\u00a0<\/span>, Le MAMAC et la DAAC vous invite \u00e0 participer au <strong>projet EAC<\/strong> \u00ab\u00a0<strong>Po\u00e9sie Concr\u00e8te\u00a0\u00bb<\/strong>.<br \/>Pour en savoir plus :\u00a0<\/span><\/p>\n<p style=\"text-align: center;\"><a href=\"https:\/\/www.pedagogie.ac-nice.fr\/daac\/wp-content\/uploads\/sites\/37\/2022\/01\/Appel-a\u0300-participation-Poe\u0301sie-Concre\u0300te-MAMAC-Spoerri-janv-22.pdf\" target=\"_blank\" rel=\"noopener\"><img loading=\"lazy\" decoding=\"async\" class=\"aligncenter wp-image-8433 size-medium\" src=\"https:\/\/www.pedagogie.ac-nice.fr\/daac\/wp-content\/uploads\/sites\/37\/2021\/10\/tondre_un_oeuf-300x282.png\" alt=\"\" width=\"300\" height=\"282\" srcset=\"https:\/\/www.pedagogie.ac-nice.fr\/daac\/wp-content\/uploads\/sites\/37\/2021\/10\/tondre_un_oeuf-300x282.png 300w, https:\/\/www.pedagogie.ac-nice.fr\/daac\/wp-content\/uploads\/sites\/37\/2021\/10\/tondre_un_oeuf-768x721.png 768w, https:\/\/www.pedagogie.ac-nice.fr\/daac\/wp-content\/uploads\/sites\/37\/2021\/10\/tondre_un_oeuf.png 1013w\" sizes=\"(max-width: 300px) 100vw, 300px\" \/><\/a><span style=\"color: #000000;\"><strong>Tondre un oeuf<\/strong><span style=\"font-size: 10pt;\"><br \/>1964, <span style=\"font-family: Cambria, serif;\"><span style=\"font-family: Calibri, serif;\"><span lang=\"de-DE\">\u00a9<\/span><\/span><span style=\"font-family: Calibri, serif;\"><span lang=\"fr-FR\"> Daniel Spoerri \/ ADAGP<\/span><\/span><\/span><\/span><\/span><\/p>\n<p>[\/et_pb_text][et_pb_divider _builder_version=\u00a0\u00bb4.10.7&Prime; _module_preset=\u00a0\u00bbdefault\u00a0\u00bb custom_margin=\u00a0\u00bb-18px|||||\u00a0\u00bb global_colors_info=\u00a0\u00bb{}\u00a0\u00bb][\/et_pb_divider][et_pb_text admin_label=\u00a0\u00bbDossier poesie concr\u00e8te\u00a0\u00bb _builder_version=\u00a0\u00bb4.10.7&Prime; _module_preset=\u00a0\u00bbdefault\u00a0\u00bb min_height=\u00a0\u00bb215.1px\u00a0\u00bb custom_margin=\u00a0\u00bb-12px|||||\u00a0\u00bb hover_enabled=\u00a0\u00bb0&Prime; global_colors_info=\u00a0\u00bb{}\u00a0\u00bb text_font=\u00a0\u00bbTrebuchet||||||||\u00a0\u00bb sticky_enabled=\u00a0\u00bb0&Prime;]<\/p>\n<p style=\"text-align: center;\"><span style=\"color: #993366;\"><a href=\"https:\/\/www.pedagogie.ac-nice.fr\/daac\/wp-content\/uploads\/sites\/37\/2022\/01\/Doc-profs-Poe\u0301sie-Concre\u0300te-MAMAC-Spoerri-dossier-profsjanv-22.pdf\" target=\"_blank\" rel=\"noopener\" style=\"color: #993366;\"><strong>Dossier ressources Po\u00e9sie Concr\u00e8te<\/strong><\/a><\/span><br \/><span style=\"color: #000000;\"><a href=\"https:\/\/www.pedagogie.ac-nice.fr\/daac\/wp-content\/uploads\/sites\/37\/2022\/01\/Doc-profs-Poe\u0301sie-Concre\u0300te-MAMAC-Spoerri-dossier-profsjanv-22.pdf\" target=\"_blank\" rel=\"noopener\" style=\"color: #000000;\">A destination des enseignants<\/a><\/span><br \/><a href=\"https:\/\/www.pedagogie.ac-nice.fr\/daac\/wp-content\/uploads\/sites\/37\/2022\/01\/Doc-profs-Poe\u0301sie-Concre\u0300te-MAMAC-Spoerri-dossier-profsjanv-22.pdf\" target=\"_blank\" rel=\"noopener\"><img loading=\"lazy\" decoding=\"async\" class=\"aligncenter wp-image-10843 size-full\" src=\"https:\/\/www.pedagogie.ac-nice.fr\/daac\/wp-content\/uploads\/sites\/37\/2022\/01\/ressources-300x195-1.png\" alt=\"\" width=\"300\" height=\"195\" \/><\/a><\/p>\n<p>[\/et_pb_text][\/et_pb_column_inner][et_pb_column_inner type=\u00a0\u00bb1_2&Prime; saved_specialty_column_type=\u00a0\u00bb2_3&Prime; _builder_version=\u00a0\u00bb4.10.7&Prime; _module_preset=\u00a0\u00bbdefault\u00a0\u00bb global_colors_info=\u00a0\u00bb{}\u00a0\u00bb][et_pb_text admin_label=\u00a0\u00bbLe Mamac vous \u00e9coute\u00a0\u00bb _builder_version=\u00a0\u00bb4.10.7&Prime; _module_preset=\u00a0\u00bbdefault\u00a0\u00bb custom_padding=\u00a0\u00bb||3px|||\u00a0\u00bb hover_enabled=\u00a0\u00bb0&Prime; global_colors_info=\u00a0\u00bb{}\u00a0\u00bb text_font=\u00a0\u00bbTrebuchet||||||||\u00a0\u00bb text_orientation=\u00a0\u00bbjustified\u00a0\u00bb sticky_enabled=\u00a0\u00bb0&Prime;]<\/p>\n<p><span style=\"color: #000000;\"><span lang=\"fr-FR\">Le <\/span><span lang=\"de-DE\"><b>MAMAC <\/b>et la<b> DAAC\u00a0 <\/b>vous <\/span><span lang=\"fr-FR\">invite <\/span>\u00e0 <\/span><span lang=\"fr-FR\"><span style=\"color: #0000ff;\"><span style=\"color: #000000;\">participer au projet EAC <span style=\"color: #993366;\">\u00ab <strong>Le MAMAC vous \u00e9coute !<\/strong> \u00bb<\/span>.<\/span><br \/><span lang=\"fr-FR\" style=\"color: #0000ff;\"><span style=\"color: #000000;\">Pour en savoir plus :<\/span>\u00a0<\/span><\/span><br \/><\/span><\/p>\n<p data-wp-editing=\"1\"><a href=\"https:\/\/www.pedagogie.ac-nice.fr\/daac\/wp-content\/uploads\/sites\/37\/2022\/01\/Appel-a\u0300-projet-Le-Mamac-vous-e\u0301coute.pdf\" target=\"_blank\" rel=\"noopener\"><img loading=\"lazy\" decoding=\"async\" class=\"aligncenter wp-image-8358 size-medium\" src=\"https:\/\/www.pedagogie.ac-nice.fr\/daac\/wp-content\/uploads\/sites\/37\/2021\/10\/visuel_MAMAC_ecoute-225x300.jpg\" alt=\"\" width=\"225\" height=\"300\" srcset=\"https:\/\/www.pedagogie.ac-nice.fr\/daac\/wp-content\/uploads\/sites\/37\/2021\/10\/visuel_MAMAC_ecoute-225x300.jpg 225w, https:\/\/www.pedagogie.ac-nice.fr\/daac\/wp-content\/uploads\/sites\/37\/2021\/10\/visuel_MAMAC_ecoute.jpg 361w\" sizes=\"(max-width: 225px) 100vw, 225px\" \/><\/a><\/p>\n<p style=\"text-align: center;\"><strong>\u00a0<\/strong><\/p>\n<p>[\/et_pb_text][et_pb_divider _builder_version=\u00a0\u00bb4.10.7&Prime; _module_preset=\u00a0\u00bbdefault\u00a0\u00bb custom_margin=\u00a0\u00bb-35px|||||\u00a0\u00bb global_colors_info=\u00a0\u00bb{}\u00a0\u00bb][\/et_pb_divider][et_pb_text admin_label=\u00a0\u00bbressources\u00a0\u00bb _builder_version=\u00a0\u00bb4.10.7&Prime; _module_preset=\u00a0\u00bbdefault\u00a0\u00bb custom_margin=\u00a0\u00bb-44px|||||\u00a0\u00bb custom_padding=\u00a0\u00bb34px|||||\u00a0\u00bb hover_enabled=\u00a0\u00bb0&Prime; global_colors_info=\u00a0\u00bb{}\u00a0\u00bb sticky_enabled=\u00a0\u00bb0&Prime;]<\/p>\n<p style=\"text-align: center;\"><a href=\"https:\/\/www.pedagogie.ac-nice.fr\/daac\/ressources-enseignants-mamac\/\" target=\"_blank\" rel=\"noopener\"><span style=\"color: #993366;\"><strong>Dossier Ressources Partenaires<br \/><\/strong><\/span> <span style=\"color: #000000;\">Propositions du MAMAC<\/span><img loading=\"lazy\" decoding=\"async\" class=\"aligncenter wp-image-7650 size-medium\" src=\"https:\/\/www.pedagogie.ac-nice.fr\/daac\/wp-content\/uploads\/sites\/37\/2021\/10\/ressources-300x195.png\" alt=\"\" width=\"300\" height=\"195\" srcset=\"https:\/\/www.pedagogie.ac-nice.fr\/daac\/wp-content\/uploads\/sites\/37\/2021\/10\/ressources-300x195.png 300w, https:\/\/www.pedagogie.ac-nice.fr\/daac\/wp-content\/uploads\/sites\/37\/2021\/10\/ressources.png 355w\" sizes=\"(max-width: 300px) 100vw, 300px\" \/><\/a><\/p>\n<p>[\/et_pb_text][\/et_pb_column_inner][\/et_pb_row_inner][et_pb_row_inner _builder_version=\u00a0\u00bb4.10.7&Prime; _module_preset=\u00a0\u00bbdefault\u00a0\u00bb global_colors_info=\u00a0\u00bb{}\u00a0\u00bb][et_pb_column_inner saved_specialty_column_type=\u00a0\u00bb2_3&Prime; _builder_version=\u00a0\u00bb4.10.7&Prime; _module_preset=\u00a0\u00bbdefault\u00a0\u00bb global_colors_info=\u00a0\u00bb{}\u00a0\u00bb][et_pb_text admin_label=\u00a0\u00bbDossier de presse Spoerri\u00a0\u00bb _builder_version=\u00a0\u00bb4.10.7&Prime; _module_preset=\u00a0\u00bbdefault\u00a0\u00bb custom_margin=\u00a0\u00bb-33px|||||\u00a0\u00bb global_colors_info=\u00a0\u00bb{}\u00a0\u00bb]<\/p>\n<p style=\"text-align: center;\"><span style=\"color: #000000;\"><strong>Dossier de presse de l&rsquo;exposition Daniel Spoerri :<\/strong><\/span><br \/><a href=\"https:\/\/www.pedagogie.ac-nice.fr\/daac\/wp-content\/uploads\/sites\/37\/2022\/01\/Dossier-Presse-expo-Spoerri.pdf\" target=\"_blank\" rel=\"noopener\"><img loading=\"lazy\" decoding=\"async\" class=\"alignnone  wp-image-10855\" src=\"https:\/\/www.pedagogie.ac-nice.fr\/daac\/wp-content\/uploads\/sites\/37\/2022\/01\/expo_theatre_objet-300x245.jpg\" alt=\"\" width=\"242\" height=\"198\" srcset=\"https:\/\/www.pedagogie.ac-nice.fr\/daac\/wp-content\/uploads\/sites\/37\/2022\/01\/expo_theatre_objet-300x245.jpg 300w, https:\/\/www.pedagogie.ac-nice.fr\/daac\/wp-content\/uploads\/sites\/37\/2022\/01\/expo_theatre_objet-768x628.jpg 768w, https:\/\/www.pedagogie.ac-nice.fr\/daac\/wp-content\/uploads\/sites\/37\/2022\/01\/expo_theatre_objet.jpg 978w\" sizes=\"(max-width: 242px) 100vw, 242px\" \/><\/a><\/p>\n<p>&nbsp;<\/p>\n<p>[\/et_pb_text][et_pb_text admin_label=\u00a0\u00bbCoordination\u00a0\u00bb _builder_version=\u00a0\u00bb4.10.7&Prime; _module_preset=\u00a0\u00bbdefault\u00a0\u00bb custom_margin=\u00a0\u00bb-79px|||||\u00a0\u00bb hover_enabled=\u00a0\u00bb0&Prime; global_colors_info=\u00a0\u00bb{}\u00a0\u00bb text_font=\u00a0\u00bbTrebuchet||||||||\u00a0\u00bb sticky_enabled=\u00a0\u00bb0&Prime;]<\/p>\n<p><span style=\"color: #000000;\"><strong>Charg\u00e9e de mission DAAC, Beaux arts et cr\u00e9ation contemporaine\u00a0 &#8211;\u00a0 Territoire de Nice <\/strong>: <\/span><br \/><span style=\"color: #000000;\">Marie Larroque-Daran<\/span><br \/><span style=\"color: #000000;\">Marie.Larroque-Daran@ac-nice.fr<\/span><\/p>\n<p><span style=\"color: #000000;\"><strong>Coordination DAAC<\/strong> : Julien Giraud-Destefanis<\/span><\/p>\n<p>[\/et_pb_text][\/et_pb_column_inner][\/et_pb_row_inner][\/et_pb_column][\/et_pb_section]<\/p>\n","protected":false},"excerpt":{"rendered":"<p>Mus\u00e9e d&rsquo;Art Moderne et d&rsquo;Art Contemporain de Nice \u00a0Du 16 octobre 2021 au 27 mars 2022 &nbsp;Pour en savoir plus sur le MAMACLe Mus\u00e9e d&rsquo;Art Moderne et d&rsquo;Art contemporain de Nice MAMAC Le Mus\u00e9e d\u2019Art Moderne et d\u2019Art Contemporain de Nice dispose d\u2019une collection d\u2019oeuvres de 1950 \u00e0 nos jours comprenant notamment une salle permanente [&hellip;]<\/p>\n","protected":false},"author":241,"featured_media":0,"parent":0,"menu_order":0,"comment_status":"closed","ping_status":"closed","template":"","meta":{"_et_pb_use_builder":"on","_et_pb_old_content":"","_et_gb_content_width":"","ngg_post_thumbnail":0,"footnotes":""},"class_list":["post-8348","page","type-page","status-publish","hentry"],"rttpg_featured_image_url":null,"rttpg_author":{"display_name":"daacadmin","author_link":"https:\/\/www.pedagogie.ac-nice.fr\/daac\/author\/daacadmin\/"},"rttpg_comment":0,"rttpg_category":null,"rttpg_excerpt":"Mus\u00e9e d'Art Moderne et d'Art Contemporain de Nice \u00a0Du 16 octobre 2021 au 27 mars 2022 &nbsp;Pour en savoir plus sur le MAMACLe Mus\u00e9e d'Art Moderne et d'Art contemporain de Nice MAMAC Le Mus\u00e9e d\u2019Art Moderne et d\u2019Art Contemporain de Nice dispose d\u2019une collection d\u2019oeuvres de 1950 \u00e0 nos jours comprenant notamment une salle permanente\u2026","post_mailing_queue_ids":[],"_links":{"self":[{"href":"https:\/\/www.pedagogie.ac-nice.fr\/daac\/wp-json\/wp\/v2\/pages\/8348","targetHints":{"allow":["GET"]}}],"collection":[{"href":"https:\/\/www.pedagogie.ac-nice.fr\/daac\/wp-json\/wp\/v2\/pages"}],"about":[{"href":"https:\/\/www.pedagogie.ac-nice.fr\/daac\/wp-json\/wp\/v2\/types\/page"}],"author":[{"embeddable":true,"href":"https:\/\/www.pedagogie.ac-nice.fr\/daac\/wp-json\/wp\/v2\/users\/241"}],"replies":[{"embeddable":true,"href":"https:\/\/www.pedagogie.ac-nice.fr\/daac\/wp-json\/wp\/v2\/comments?post=8348"}],"version-history":[{"count":43,"href":"https:\/\/www.pedagogie.ac-nice.fr\/daac\/wp-json\/wp\/v2\/pages\/8348\/revisions"}],"predecessor-version":[{"id":14540,"href":"https:\/\/www.pedagogie.ac-nice.fr\/daac\/wp-json\/wp\/v2\/pages\/8348\/revisions\/14540"}],"wp:attachment":[{"href":"https:\/\/www.pedagogie.ac-nice.fr\/daac\/wp-json\/wp\/v2\/media?parent=8348"}],"curies":[{"name":"wp","href":"https:\/\/api.w.org\/{rel}","templated":true}]}}