{"id":618,"date":"2023-09-05T15:42:10","date_gmt":"2023-09-05T13:42:10","guid":{"rendered":"https:\/\/www.pedagogie.ac-nice.fr\/education-developpement-durable\/?page_id=618"},"modified":"2023-11-28T08:20:03","modified_gmt":"2023-11-28T07:20:03","slug":"presentation","status":"publish","type":"page","link":"https:\/\/www.pedagogie.ac-nice.fr\/education-developpement-durable\/presentation\/","title":{"rendered":"Pr\u00e9sentation"},"content":{"rendered":"<p><a href=\"https:\/\/www.pedagogie.ac-nice.fr\/edd\/index.php\/campagne-de-labellisation-des-etablissements\">D\u00e9marche de labellisation<\/a><\/p>\n<h2>1. Demande de labellisation :<\/h2>\n<h2>Pour effectuer une demande de labellisation E3D, il est n\u00e9cessaire de compl\u00e9ter le <a href=\"http:\/\/ecole.ac-nice.fr\/grasse\/wp-content\/uploads\/2023\/11\/2023-2024-Dossier-labellisation-E3D_v2.pdf\">dossier de labellisation<\/a><strong>.<\/strong><\/h2>\n<div>\n<p>Les dossiers compl\u00e9t\u00e9s sont \u00e0 faire parvenir \u00e0 l&rsquo;<b>adresse de courriel EDD acad\u00e9mique ET \u00e0 l&rsquo;adresse EDD d\u00e9partementale ET aux IEN charg\u00e9s de mission EDD d\u00e9partementaux<\/b> :<\/p>\n<ul>\n<li>\n<ul>\n<li>courriel EDD acad\u00e9mique : <span id=\"cloak2142740e3c4dcad72c1df7631a363c8d\"><a href=\"mailto:labellisation.e3d@ac-nice.fr?subject=Dossier%20de%20labellisation\">labellisation.e3d@ac-nice.fr<\/a><\/span> ;<\/li>\n<li>Alpes-Maritimes\u00a0:\n<ul>\n<li>M. Daniel Berriaux, <span id=\"cloak323503bc69d83fced77b9f0a658df5fa\"><a href=\"mailto:Daniel.Berriaux@ac-nice.fr?subject=Dossier%20de%20labellisation\">daniel.berriaux@ac-nice.fr<\/a><\/span>\u00a0;<\/li>\n<li>M. Vincent Roudier, adresse de courriel EDD 06, <span id=\"cloak2322a45e40244b8a5297873171768061\"><a href=\"mailto:maitre.referent-edd@ac-nice.fr?subject=Dossier%20de%20labellisation\">maitre.referent-edd@ac-nice.fr\u00a0<\/a><\/span><br \/>\n<span id=\"cloak2322a45e40244b8a5297873171768061\"><\/span><\/li>\n<\/ul>\n<\/li>\n<\/ul>\n<\/li>\n<\/ul>\n<\/div>\n<div>Une fois la demande de labellisation \u00e9tudi\u00e9e, une visite diagnostique de votre \u00e9tablissement vous est propos\u00e9e.<\/div>\n<div><\/div>\n<div>\n<div>\n<h2>2. Visite diagnostique<\/h2>\n<p>Les modalit\u00e9s de la visite rel\u00e8vent de la d\u00e9cision du directeur d\u2019\u00e9cole, qui peut r\u00e9unir \u00e0 cette occasion diff\u00e9rents personnels engag\u00e9s dans la d\u00e9marche (r\u00e9f\u00e9rent EDD, CPE, gestionnaire porteurs de projets, \u00e9cod\u00e9l\u00e9gu\u00e9s\u2026) La visite se d\u00e9roule sous forme d\u2019entretien qui permet de pr\u00e9ciser les diff\u00e9rents points du dossier et du niveau de labellisation. Des \u00e9l\u00e9ments compl\u00e9mentaires peuvent \u00eatre fournis (fiches actions par exemple, comptes rendus des actions et projets\u2026)<\/p>\n<p>Celle-ci est effectu\u00e9e par l\u2019Inspecteur \/ l\u2019Inspectrice de l\u2019\u00c9ducation nationale, charg\u00e9s de mission EDD M. Daniel Berriaux, <span id=\"cloak86aab6e525e36db6c638cc2a1917ade2\"><a href=\"mailto:Daniel.Berriaux@ac-nice.fr?subject=%C3%80%20propos%20de%20la%20visite%20diagnostique%20de%20labellisation\">daniel.berriaux@ac-nice.fr<\/a><\/span><\/p>\n<p><strong>3. Examen de la candidature et du niveau de labellisation par la commission de validation<\/strong><\/p>\n<\/div>\n<div>\n<p>Les \u00e9tablissements sont inform\u00e9s des d\u00e9cisions de la commission de validation par courrier.<\/p>\n<p>L\u2019utilisation du <strong>logo E3D acad\u00e9mique<\/strong> est alors autoris\u00e9e pour les supports de communication de l\u2019\u00e9tablissement labellis\u00e9 (site<em> \u00e9tablissement, courrier, documents officiels<\/em>). Il vous sera adress\u00e9 par courriel.<\/p>\n<\/div>\n<div>Trois niveaux de labellisation peuvent \u00eatre attribu\u00e9s :<\/div>\n<ul>\n<li>Niveau 1 : Engagement ;<\/li>\n<li>Niveau 2 : Approfondissement ;<\/li>\n<li>Niveau 3 : Expertise.<\/li>\n<\/ul>\n<div>\n<p>Est consid\u00e9r\u00e9 comme \u00ab <b>E3D &#8211; \u00c9cole\/\u00c9tablissement en d\u00e9marche de d\u00e9veloppement durable<\/b> \u00bb tout \u00e9tablissement scolaire ou toute \u00e9cole engag\u00e9(e) dans une action de d\u00e9veloppement durable fond\u00e9e sur la mise en \u0153uvre d&rsquo;un projet \u00e9tablissant une continuit\u00e9 entre les enseignements, la vie scolaire, la gestion et la maintenance de la structure scolaire tout en s\u2019ouvrant sur l\u2019ext\u00e9rieur par le partenariat.Ainsi, cette d\u00e9marche vise \u00e0 :<\/p>\n<ul>\n<li>permettre la mise en \u0153uvre ou soutenir des projets p\u00e9dagogiques et \u00e9ducatifs pertinents en lien avec une ou plusieurs th\u00e9matiques de l\u2019\u00e9ducation \u00e0 l\u2019environnement et au d\u00e9veloppement durable ;<\/li>\n<li>f\u00e9d\u00e9rer les actions existantes en lien avec l\u2019\u00e9ducation au d\u00e9veloppement durable ;<\/li>\n<li>mettre en synergie les projets \u00e9ducatifs, l\u2019organisation, la gestion et la maintenance de l\u2019\u00e9tablissement en les int\u00e9grant \u00e0 son projet global et sa politique de fonctionnement ;<\/li>\n<li>Ancrer cette d\u00e9marche dans l\u2019environnement local de l\u2019\u00e9tablissement par le d\u00e9veloppement de partenariats avec les acteurs territoriaux.<\/li>\n<\/ul>\n<h4>Calendrier<\/h4>\n<ul>\n<li>09\/10\/2023 : appel \u00e0 candidature mis en ligne et lien int\u00e9gr\u00e9 \u00e0 la lettre de rentr\u00e9e EDD envoy\u00e9e dans tous les \u00e9tablissements<\/li>\n<li>Fin mai &#8211; d\u00e9but juin\u00a0: r\u00e9union du jury et d\u00e9termination des niveaux de labellisation. Communication aux \u00e9tablissements<\/li>\n<\/ul>\n<h4 id=\"destinataires-dossiers-labellisation\">Destinataires des dossiers de labellisation<\/h4>\n<p>L\u2019\u00e9tablissement doit faire acte de candidature en compl\u00e9tant le formulaire et \u00e0 faire parvenir au plus tard pour le <strong>08<\/strong><b>\u00a0avril 2024 <\/b>aux adresses suivantes\u00a0\u00e0 l&rsquo;<b>adresse de courriel EDD acad\u00e9mique ET \u00e0 l&rsquo;adresse EDD d\u00e9partementale ET aux IEN charg\u00e9s de mission EDD d\u00e9partementaux<\/b>\u00a0:<\/p>\n<ul>\n<li>\n<ul>\n<li>courriel EDD acad\u00e9mique :\u00a0<span id=\"cloak7de25b5138eb2f0815c8d744d4e5f70a\"><a href=\"mailto:labellisation.e3d@ac-nice.fr?subject=Dossier%20de%20labellisation\">labellisation.e3d@ac-nice.fr<\/a><\/span>\u00a0;<\/li>\n<li>Alpes-Maritimes\u00a0:\n<ul>\n<li>M. Daniel Berriaux,\u00a0<span id=\"cloak7d44794080e0dcff4f45bcfff4784247\"><a href=\"mailto:Daniel.Berriaux@ac-nice.fr?subject=Dossier%20de%20labellisation\">daniel.berriaux@ac-nice.fr<\/a><\/span>\u00a0;<\/li>\n<li>M. Vincent Roudier, adresse de courriel EDD 06, <span id=\"cloak2322a45e40244b8a5297873171768061\"><a href=\"mailto:maitre.referent-edd@ac-nice.fr?subject=Dossier%20de%20labellisation\">maitre.referent-edd@ac-nice.fr\u00a0<\/a><\/span><br \/>\n<span id=\"cloakd321af5ec78c87c01440a9850d748885\"><\/span><\/li>\n<\/ul>\n<\/li>\n<\/ul>\n<\/li>\n<\/ul>\n<p>Un \u00e9tablissement peut candidater m\u00eame s\u2019il ne remplit pas toutes les conditions pour obtenir la labellisation E3D. En effet, la labellisation se d\u00e9cline en plusieurs niveaux successifs qui valorisent des engagements et des structurations de plus en plus \u00e9labor\u00e9es.<\/p>\n<p>Les \u00e9tablissements labellis\u00e9s aux niveaux I (engagement) ou II (approfondissement)ont la possibilit\u00e9 de candidater pour un niveau sup\u00e9rieur. Un label est attribu\u00e9 pour une dur\u00e9e de trois ans.<\/p>\n<p>Les \u00e9tablissements labellis\u00e9s en ou avant 2015 doivent candidater \u00e0 nouveau pour renouveler leur label : ils seront pr\u00e9venus par courrier ou courriel.<\/p>\n<\/div>\n<\/div>\n","protected":false},"excerpt":{"rendered":"<p>D\u00e9marche de labellisation 1. Demande de labellisation : Pour effectuer une demande de labellisation E3D, il est n\u00e9cessaire de compl\u00e9ter le dossier de labellisation. Les dossiers compl\u00e9t\u00e9s sont \u00e0 faire parvenir \u00e0 l&rsquo;adresse de courriel EDD acad\u00e9mique ET \u00e0 l&rsquo;adresse &hellip; <a href=\"https:\/\/www.pedagogie.ac-nice.fr\/education-developpement-durable\/presentation\/\">Continuer la lecture <span class=\"meta-nav\">&rarr;<\/span><\/a><\/p>\n","protected":false},"author":329,"featured_media":0,"parent":0,"menu_order":0,"comment_status":"closed","ping_status":"closed","template":"","meta":{"footnotes":""},"class_list":["post-618","page","type-page","status-publish","hentry"],"rttpg_featured_image_url":null,"rttpg_author":{"display_name":"vauger","author_link":"https:\/\/www.pedagogie.ac-nice.fr\/education-developpement-durable\/author\/erun0060661\/"},"rttpg_comment":0,"rttpg_category":null,"rttpg_excerpt":"D\u00e9marche de labellisation 1. Demande de labellisation : Pour effectuer une demande de labellisation E3D, il est n\u00e9cessaire de compl\u00e9ter le dossier de labellisation. Les dossiers compl\u00e9t\u00e9s sont \u00e0 faire parvenir \u00e0 l&rsquo;adresse de courriel EDD acad\u00e9mique ET \u00e0 l&rsquo;adresse &hellip; Continuer la lecture &rarr;","post_mailing_queue_ids":[],"_links":{"self":[{"href":"https:\/\/www.pedagogie.ac-nice.fr\/education-developpement-durable\/wp-json\/wp\/v2\/pages\/618","targetHints":{"allow":["GET"]}}],"collection":[{"href":"https:\/\/www.pedagogie.ac-nice.fr\/education-developpement-durable\/wp-json\/wp\/v2\/pages"}],"about":[{"href":"https:\/\/www.pedagogie.ac-nice.fr\/education-developpement-durable\/wp-json\/wp\/v2\/types\/page"}],"author":[{"embeddable":true,"href":"https:\/\/www.pedagogie.ac-nice.fr\/education-developpement-durable\/wp-json\/wp\/v2\/users\/329"}],"replies":[{"embeddable":true,"href":"https:\/\/www.pedagogie.ac-nice.fr\/education-developpement-durable\/wp-json\/wp\/v2\/comments?post=618"}],"version-history":[{"count":5,"href":"https:\/\/www.pedagogie.ac-nice.fr\/education-developpement-durable\/wp-json\/wp\/v2\/pages\/618\/revisions"}],"predecessor-version":[{"id":765,"href":"https:\/\/www.pedagogie.ac-nice.fr\/education-developpement-durable\/wp-json\/wp\/v2\/pages\/618\/revisions\/765"}],"wp:attachment":[{"href":"https:\/\/www.pedagogie.ac-nice.fr\/education-developpement-durable\/wp-json\/wp\/v2\/media?parent=618"}],"curies":[{"name":"wp","href":"https:\/\/api.w.org\/{rel}","templated":true}]}}