{"id":1148,"date":"2020-06-16T09:04:15","date_gmt":"2020-06-16T07:04:15","guid":{"rendered":"http:\/\/www.pedagogie.ac-nice.fr\/traam-educmus\/?page_id=1148"},"modified":"2026-02-19T21:16:05","modified_gmt":"2026-02-19T20:16:05","slug":"numerique-juin-2020","status":"publish","type":"page","link":"https:\/\/www.pedagogie.ac-nice.fr\/education-musicale\/continuite-pedagogique\/numerique-juin-2020\/","title":{"rendered":"Num\u00e9rique juin 2020"},"content":{"rendered":"<p>[et_pb_section fb_built=\u00a0\u00bb1&Prime; _builder_version=\u00a0\u00bb4.16&Prime; background_color=\u00a0\u00bb#000000&Prime; global_colors_info=\u00a0\u00bb{}\u00a0\u00bb][et_pb_row column_structure=\u00a0\u00bb1_2,1_2&Prime; _builder_version=\u00a0\u00bb4.16&Prime; global_colors_info=\u00a0\u00bb{}\u00a0\u00bb][et_pb_column type=\u00a0\u00bb1_2&Prime; _builder_version=\u00a0\u00bb4.16&Prime; custom_padding=\u00a0\u00bb|||\u00a0\u00bb global_colors_info=\u00a0\u00bb{}\u00a0\u00bb custom_padding__hover=\u00a0\u00bb|||\u00a0\u00bb][et_pb_blurb image=\u00a0\u00bbhttps:\/\/www.pedagogie.ac-nice.fr\/traam-educmus\/wp-content\/uploads\/sites\/2\/2020\/06\/Convocation.png\u00a0\u00bb _builder_version=\u00a0\u00bb4.16&Prime; global_colors_info=\u00a0\u00bb{}\u00a0\u00bb][\/et_pb_blurb][\/et_pb_column][et_pb_column type=\u00a0\u00bb1_2&Prime; _builder_version=\u00a0\u00bb4.16&Prime; custom_padding=\u00a0\u00bb|||\u00a0\u00bb global_colors_info=\u00a0\u00bb{}\u00a0\u00bb custom_padding__hover=\u00a0\u00bb|||\u00a0\u00bb][et_pb_blurb _builder_version=\u00a0\u00bb4.16&Prime; global_colors_info=\u00a0\u00bb{}\u00a0\u00bb]<\/p>\n<h2 style=\"text-align: center;\"><span style=\"color: #ff0000;\"><strong>LES OUTILS POUR FAVORISER <\/strong><\/span><\/h2>\n<h2 style=\"text-align: center;\"><span style=\"color: #ff0000;\"><strong><\/strong><\/span><\/h2>\n<h2 style=\"text-align: center;\"><span style=\"color: #ff0000;\"><strong><\/strong><\/span><\/h2>\n<h2 style=\"text-align: center;\"><span style=\"color: #ff0000;\"><strong>ET ACCOMPAGNER<\/strong><\/span><\/h2>\n<p><span style=\"color: #ff0000;\"><strong><\/strong><\/span><\/p>\n<h2 style=\"text-align: center;\"><span style=\"color: #ff0000;\"><strong><\/strong><\/span><\/h2>\n<h2 style=\"text-align: center;\"><span style=\"color: #ffffff;\"><strong><span style=\"color: #ff0000;\">L&rsquo;ENSEIGNEMENT HYBRIDE<\/span> <\/strong><\/span><\/h2>\n<h4 style=\"text-align: center;\"><span style=\"color: #ff0000;\"><strong><\/strong><\/span><\/h4>\n<h4 style=\"text-align: center;\"><span style=\"color: #ff0000;\"><strong><\/strong><\/span><\/h4>\n<h2 style=\"text-align: center;\"><em><span style=\"color: #999999;\"><strong>Le Calendrier<\/strong><\/span><\/em><\/h2>\n<p style=\"text-align: center;\"><em><strong><span color=\"#ffffff\" style=\"color: #ffffff;\"><\/span><\/strong><\/em><\/p>\n<p style=\"text-align: center;\"><em><strong><span color=\"#ffffff\" style=\"color: #ffffff;\">M.\u00a0Stisi\u00a0vous accueille et <\/span><span style=\"color: #ffffff;\">v<\/span><span color=\"#ffffff\" style=\"color: #ffffff;\">ous serez\u00a0ensuite\u00a0accompagn\u00e9(e)s par<\/span><\/strong><\/em><\/p>\n<p style=\"text-align: center;\"><em><strong><span color=\"#ffffff\" style=\"color: #ffffff;\"> Mme Nesme, \u00a0Mme Agosti, M. Mopin, M. Bec et M. Clette.<\/span><\/strong><\/em><\/p>\n<p style=\"text-align: center;\"><em><strong><span color=\"#ffffff\" style=\"color: #ffffff;\"><\/span><\/strong><\/em><\/p>\n<p><span style=\"color: #ff0000;\"><strong><\/strong><\/span><\/p>\n<p style=\"text-align: justify;\"><strong><span style=\"color: #ffffff;\">Il y aura deux niveaux, Niveau I (d\u00e9butant) et niveau II (initi\u00e9s) les formations auront lieu (en distanciel) les :\u00a0<\/span><\/strong><\/p>\n<p><strong><span style=\"color: #ffffff;\">&#8211; vendredi 26 juin Niveau I de 14H \u00e0 15H30<\/span><\/strong><\/p>\n<p><strong><span style=\"color: #ffffff;\">&#8211; vendredi 26 juin Niveau II de 15H30 \u00e0 16H<\/span><\/strong><\/p>\n<p><strong><span style=\"color: #ffffff;\">&#8211; mercredi 1et juillet Niveau I de 14H \u00e0 15H30<\/span><\/strong><\/p>\n<p style=\"text-align: justify;\"><strong><span style=\"color: #ffffff;\"><\/span><\/strong><\/p>\n<div class=\"\" style=\"text-align: justify;\">\n<p><strong><span style=\"color: #ffffff;\">&#8211; mercredi 1er juillet Niveau II de 14H \u00e0 15H30 (m\u00eame horaire donc mais avec un acc\u00e8s dans une autre \u00ab\u00a0salle virtuelle\u00a0\u00bb).<\/span><\/strong><span style=\"color: #ffffff;\"><\/span><\/p>\n<h4><\/h4>\n<\/div>\n<p>[\/et_pb_blurb][\/et_pb_column][\/et_pb_row][et_pb_row _builder_version=\u00a0\u00bb4.27.4&Prime; global_colors_info=\u00a0\u00bb{}\u00a0\u00bb][et_pb_column type=\u00a0\u00bb4_4&Prime; _builder_version=\u00a0\u00bb4.16&Prime; custom_padding=\u00a0\u00bb|||\u00a0\u00bb global_colors_info=\u00a0\u00bb{}\u00a0\u00bb custom_padding__hover=\u00a0\u00bb|||\u00a0\u00bb][et_pb_blurb _builder_version=\u00a0\u00bb4.27.4&Prime; global_colors_info=\u00a0\u00bb{}\u00a0\u00bb][\/et_pb_blurb][et_pb_blurb _builder_version=\u00a0\u00bb4.27.4&Prime; global_colors_info=\u00a0\u00bb{}\u00a0\u00bb][\/et_pb_blurb][\/et_pb_column][\/et_pb_row][\/et_pb_section][et_pb_section fb_built=\u00a0\u00bb1&Prime; _builder_version=\u00a0\u00bb4.16&Prime; background_color=\u00a0\u00bb#000000&Prime; global_colors_info=\u00a0\u00bb{}\u00a0\u00bb][et_pb_row _builder_version=\u00a0\u00bb4.27.4&Prime; _module_preset=\u00a0\u00bbdefault\u00a0\u00bb global_colors_info=\u00a0\u00bb{}\u00a0\u00bb][et_pb_column type=\u00a0\u00bb4_4&Prime; _builder_version=\u00a0\u00bb4.27.4&Prime; _module_preset=\u00a0\u00bbdefault\u00a0\u00bb global_colors_info=\u00a0\u00bb{}\u00a0\u00bb][et_pb_code _builder_version=\u00a0\u00bb4.27.4&Prime; _module_preset=\u00a0\u00bbdefault\u00a0\u00bb global_colors_info=\u00a0\u00bb{}\u00a0\u00bb]<\/p>\n<div style=\"width: 100%;\">\n<div style=\"position: relative; padding-bottom: 56.25%; padding-top: 0; height: 0;\"><iframe loading=\"lazy\" title=\"Webinaires EMCC\" frameborder=\"0\" width=\"1200\" height=\"675\" style=\"position: absolute; top: 0; left: 0; width: 100%; height: 100%;\" src=\"https:\/\/view.genially.com\/5ee5f0d037584d0da6288a8a\" type=\"text\/html\" allowscriptaccess=\"always\" allowfullscreen=\"true\" scrolling=\"yes\" allownetworking=\"all\"><\/iframe> <\/div>\n<\/p><\/div>\n<p>[\/et_pb_code][\/et_pb_column][\/et_pb_row][\/et_pb_section]<\/p>\n","protected":false},"excerpt":{"rendered":"<p>LES OUTILS POUR FAVORISER ET ACCOMPAGNER L&rsquo;ENSEIGNEMENT HYBRIDE Le Calendrier M.\u00a0Stisi\u00a0vous accueille et vous serez\u00a0ensuite\u00a0accompagn\u00e9(e)s par Mme Nesme, \u00a0Mme Agosti, M. Mopin, M. Bec et M. Clette. Il y aura deux niveaux, Niveau I (d\u00e9butant) et niveau II (initi\u00e9s) les formations auront lieu (en distanciel) les :\u00a0 &#8211; vendredi 26 juin Niveau I de 14H [&hellip;]<\/p>\n","protected":false},"author":213,"featured_media":0,"parent":749,"menu_order":0,"comment_status":"closed","ping_status":"closed","template":"","meta":{"_et_pb_use_builder":"on","_et_pb_old_content":"","_et_gb_content_width":"","ngg_post_thumbnail":0,"footnotes":""},"class_list":["post-1148","page","type-page","status-publish","hentry"],"rttpg_featured_image_url":null,"rttpg_author":{"display_name":"fnesme","author_link":"https:\/\/www.pedagogie.ac-nice.fr\/education-musicale\/author\/fnesme\/"},"rttpg_comment":0,"rttpg_category":null,"rttpg_excerpt":"LES OUTILS POUR FAVORISER ET ACCOMPAGNER L'ENSEIGNEMENT HYBRIDE Le Calendrier M.\u00a0Stisi\u00a0vous accueille et vous serez\u00a0ensuite\u00a0accompagn\u00e9(e)s par Mme Nesme, \u00a0Mme Agosti, M. Mopin, M. Bec et M. Clette. Il y aura deux niveaux, Niveau I (d\u00e9butant) et niveau II (initi\u00e9s) les formations auront lieu (en distanciel) les :\u00a0 - vendredi 26 juin Niveau I de 14H\u2026","post_mailing_queue_ids":[],"_links":{"self":[{"href":"https:\/\/www.pedagogie.ac-nice.fr\/education-musicale\/wp-json\/wp\/v2\/pages\/1148","targetHints":{"allow":["GET"]}}],"collection":[{"href":"https:\/\/www.pedagogie.ac-nice.fr\/education-musicale\/wp-json\/wp\/v2\/pages"}],"about":[{"href":"https:\/\/www.pedagogie.ac-nice.fr\/education-musicale\/wp-json\/wp\/v2\/types\/page"}],"author":[{"embeddable":true,"href":"https:\/\/www.pedagogie.ac-nice.fr\/education-musicale\/wp-json\/wp\/v2\/users\/213"}],"replies":[{"embeddable":true,"href":"https:\/\/www.pedagogie.ac-nice.fr\/education-musicale\/wp-json\/wp\/v2\/comments?post=1148"}],"version-history":[{"count":27,"href":"https:\/\/www.pedagogie.ac-nice.fr\/education-musicale\/wp-json\/wp\/v2\/pages\/1148\/revisions"}],"predecessor-version":[{"id":1688,"href":"https:\/\/www.pedagogie.ac-nice.fr\/education-musicale\/wp-json\/wp\/v2\/pages\/1148\/revisions\/1688"}],"up":[{"embeddable":true,"href":"https:\/\/www.pedagogie.ac-nice.fr\/education-musicale\/wp-json\/wp\/v2\/pages\/749"}],"wp:attachment":[{"href":"https:\/\/www.pedagogie.ac-nice.fr\/education-musicale\/wp-json\/wp\/v2\/media?parent=1148"}],"curies":[{"name":"wp","href":"https:\/\/api.w.org\/{rel}","templated":true}]}}