{"id":1328,"date":"2021-02-07T09:55:52","date_gmt":"2021-02-07T08:55:52","guid":{"rendered":"https:\/\/www.pedagogie.ac-nice.fr\/education-musicale\/?page_id=1328"},"modified":"2026-02-21T16:25:43","modified_gmt":"2026-02-21T15:25:43","slug":"mentions-legales","status":"publish","type":"page","link":"https:\/\/www.pedagogie.ac-nice.fr\/education-musicale\/mentions-legales\/","title":{"rendered":"Politique de confidentialit\u00e9"},"content":{"rendered":"<p>[et_pb_section fb_built=\u00a0\u00bb1&Prime; admin_label=\u00a0\u00bbsection\u00a0\u00bb _builder_version=\u00a0\u00bb4.27.4&Prime; hover_enabled=\u00a0\u00bb0&Prime; global_colors_info=\u00a0\u00bb{}\u00a0\u00bb background_color=\u00a0\u00bb#000000&Prime; sticky_enabled=\u00a0\u00bb0&Prime;][et_pb_row admin_label=\u00a0\u00bbrow\u00a0\u00bb _builder_version=\u00a0\u00bb4.16&Prime; background_size=\u00a0\u00bbinitial\u00a0\u00bb background_position=\u00a0\u00bbtop_left\u00a0\u00bb background_repeat=\u00a0\u00bbrepeat\u00a0\u00bb global_colors_info=\u00a0\u00bb{}\u00a0\u00bb][et_pb_column type=\u00a0\u00bb4_4&Prime; _builder_version=\u00a0\u00bb4.16&Prime; custom_padding=\u00a0\u00bb|||\u00a0\u00bb global_colors_info=\u00a0\u00bb{}\u00a0\u00bb custom_padding__hover=\u00a0\u00bb|||\u00a0\u00bb][et_pb_text admin_label=\u00a0\u00bbText\u00a0\u00bb _builder_version=\u00a0\u00bb4.27.4&Prime; background_size=\u00a0\u00bbinitial\u00a0\u00bb background_position=\u00a0\u00bbtop_left\u00a0\u00bb background_repeat=\u00a0\u00bbrepeat\u00a0\u00bb hover_enabled=\u00a0\u00bb0&Prime; global_colors_info=\u00a0\u00bb{}\u00a0\u00bb sticky_enabled=\u00a0\u00bb0&Prime;]<\/p>\n<p><span style=\"color: #ffffff;\"><b>Mentions l\u00e9gales et politique de confidentialit\u00e9<\/b><\/span><\/p>\n<p><span style=\"color: #ffffff;\"><b>Informations \u00e9ditoriales<\/b><\/span><\/p>\n<p><span style=\"color: #ffffff;\">Rectorat de l\u2019acad\u00e9mie de Nice<\/span><br \/><span style=\"color: #ffffff;\">53 avenue Cap de Croix<\/span><br \/><span style=\"color: #ffffff;\">06181 Nice cedex 2<\/span><\/p>\n<p><span style=\"color: #ffffff;\">T\u00e9l\u00e9phone 04 93 53 70 70<\/span><br \/><span style=\"color: #ffffff;\">T\u00e9l\u00e9copie 04 93 53 70 83<\/span><\/p>\n<p><span style=\"color: #ffffff;\"><b>Direction de la publication :<\/b><\/span><\/p>\n<p><span style=\"color: #ffffff;\">Mme Natacha CHICOT<\/span><br \/><span style=\"color: #ffffff;\">Rectrice de l\u2019acad\u00e9mie de Nice\u00a0<\/span><\/p>\n<p><span style=\"color: #ffffff;\"><b>Responsables de la publication :<\/b><\/span><\/p>\n<p><span style=\"color: #ffffff;\">M. Bruno STISI IA-IPR d&rsquo;\u00c9ducation musicale de chant choral et de Cin\u00e9ma Acad\u00e9mies de Nice et de Corse\u00a0<\/span><\/p>\n<p><span style=\"color: #ffffff;\"><b>Webmestre :<\/b><\/span><\/p>\n<p><span style=\"color: #ffffff;\">Mme Flavie NESME<\/span><\/p>\n<p><span style=\"color: #ffffff;\"><b>Prestataire de service :<\/b><\/span><\/p>\n<p><span style=\"color: #ffffff;\">Direction des Syst\u00e8mes d\u2019Information (DSI)<\/span><br \/><span style=\"color: #ffffff;\">Rectorat de l\u2019acad\u00e9mie de Nice<\/span><br \/><span style=\"color: #ffffff;\">53 avenue Cap de Croix<\/span><br \/><span style=\"color: #ffffff;\">06181 Nice cedex 2<\/span><\/p>\n<p><span style=\"color: #ffffff;\"><b>Droits d\u2019auteur et droits de reproduction du contenu mis en ligne<\/b><\/span><\/p>\n<p><span style=\"color: #ffffff;\">Depuis la publication de l\u2019ordonnance n\u00b0\u00a02005-650 du 6 juin 2005 relative \u00e0 la libert\u00e9 d\u2019acc\u00e8s aux documents administratifs et \u00e0 la r\u00e9utilisation des informations publiques, ces informations peuvent \u00eatre r\u00e9utilis\u00e9es \u00e0 d\u2019autres fins que celles pour lesquelles elles ont \u00e9t\u00e9 produites, et particuli\u00e8rement les informations faisant l\u2019objet d\u2019une diffusion publique. Les documents publics ou officiels ne sont couverts par aucun droit d\u2019auteur et peuvent donc \u00eatre reproduits librement.<\/span><\/p>\n<p><span style=\"color: #ffffff;\">Le graphisme, l\u2019iconographie ainsi que le contenu \u00e9ditorial (tels que les articles, les images, les photographies, les logos, les chartes graphiques, sans que cette liste ne soit exhaustive) demeurent la propri\u00e9t\u00e9 de l\u2019acad\u00e9mie ou des propri\u00e9taires dont l\u2019acad\u00e9mie a re\u00e7u l\u2019autorisation de repr\u00e9sentation, et, \u00e0 ce titre, font l\u2019objet des protections pr\u00e9vues par le Code de la propri\u00e9t\u00e9 intellectuelle. Les pr\u00e9sentes conditions d\u2019utilisation n\u2019emportent aucune cession d\u2019aucune sorte de droits de propri\u00e9t\u00e9 intellectuelle sur ces \u00e9l\u00e9ments, toute repr\u00e9sentation totale ou partielle sans l\u2019autorisation expresse de l\u2019\u00e9diteur du site, est interdite.<\/span><\/p>\n<p><span style=\"color: #ffffff;\"><b>Cr\u00e9dits photographiques et vid\u00e9os<\/b><\/span><\/p>\n<p><span style=\"color: #ffffff;\">Sauf mention contraire, l\u2019acad\u00e9mie de Nice est titulaire des droits relatifs \u00e0 la propri\u00e9t\u00e9 intellectuelle des photographies et vid\u00e9os figurant sur l\u2019ensemble du site.<\/span><\/p>\n<p><span style=\"color: #ffffff;\"><b>Liens hypertextes pointant vers le site p\u00e9dagogique de l\u2019EMCC (Acad\u00e9mie de Nice)<\/b><\/span><\/p>\n<p><span style=\"color: #ffffff;\">La mise en place de liens hypertextes pointant vers les pages du site, est autoris\u00e9e , sous r\u00e9serve de mentionner la source qui pointera gr\u00e2ce \u00e0 un lien hypertexte directement sur le contenu vis\u00e9.<\/span><br \/><span style=\"color: #ffffff;\">Pour les sites Internet, la reproduction, apr\u00e8s autorisation, d\u2019un contenu doit mentionner tr\u00e8s clairement l\u2019origine du document sous forme d\u2019une adresse internet : <a href=\"https:\/\/www.pedagogie.ac-nice.fr\/education-musicale\" style=\"color: #ffffff;\">https:\/\/www.pedagogie.ac-nice.fr\/education-musicale<\/a>. Il conviendra en outre d\u2019ajouter en bas de chaque page, la mention \u00ab\u00a0Droits r\u00e9serv\u00e9s\u00a0\u00bb.<\/span><br \/><span style=\"color: #ffffff;\">La mise en place de liens pointant directement sur le document souhait\u00e9 devra \u00eatre privil\u00e9gi\u00e9e par rapport \u00e0 la reproduction de contenus.<\/span><br \/><span style=\"color: #ffffff;\">Les sites qui font le choix de pointer vers <a href=\"https:\/\/www.pedagogie.ac-nice.fr\/education-musicale\" style=\"color: #ffffff;\">https:\/\/www.pedagogie.ac-nice.fr\/education-musicale<\/a>\u00a0engagent leur responsabilit\u00e9 d\u00e8s lors qu\u2019ils porteraient atteinte \u00e0 l\u2019image du site public.<\/span><\/p>\n<p><span style=\"color: #ffffff;\"><b>Liens hypertextes pointant vers des sites externes<\/b><\/span><\/p>\n<p><span style=\"color: #ffffff;\"><a href=\"https:\/\/www.pedagogie.ac-nice.fr\/education-musicale\" style=\"color: #ffffff;\">https:\/\/www.pedagogie.ac-nice.fr\/education-musicale<\/a> propose de nombreux liens vers d\u2019autres sites, essentiellement des sites officiels (institutions, organismes publics, etc.) mais aussi vers des sites, fran\u00e7ais ou \u00e9trangers, d\u2019associations, d\u2019organismes professionnels du secteur \u00e9ducatif ou d\u2019entreprises partenaires sur des op\u00e9rations ponctuelles. Il est pr\u00e9cis\u00e9 vers quel site nous vous proposons d\u2019aller. Ces pages, dont les adresses sont r\u00e9guli\u00e8rement v\u00e9rifi\u00e9es, ne font pas partie du site de l\u2019Acad\u00e9mie de Nice : elles n\u2019engagent pas la responsabilit\u00e9 de la r\u00e9daction du site qui ne peut \u00eatre tenue pour responsable des contenus vers lesquels ces liens pointent. Ils ne visent qu\u2019\u00e0 permettre \u00e0 l\u2019internaute d\u2019acc\u00e9der plus facilement \u00e0 d\u2019autres ressources documentaires sur le sujet consult\u00e9.<\/span><\/p>\n<p><span style=\"color: #ffffff;\"><b>Accessibilit\u00e9 du site<\/b><\/span><\/p>\n<p><span style=\"color: #ffffff;\">Un soin tout particulier est pris pour rendre ce site internet le plus accessible possible, et tout particuli\u00e8rement aux personnes ayant un handicap visuel. Les pages sont mises progressivement en conformit\u00e9 avec les recommandations du r\u00e9f\u00e9rentiel commun des crit\u00e8res d\u2019accessibilit\u00e9 des services Internet de l\u2019administration fran\u00e7aise pour respecter la loi n\u00b02005-102 du 11 f\u00e9vrier 2005 pour l\u2019\u00e9galit\u00e9 des droits et des chances, la participation et la citoyennet\u00e9 des personnes handicap\u00e9es\u00a0<\/span><\/p>\n<p><span style=\"color: #ffffff;\"><b>Donn\u00e9es personnelles et cookies<\/b><\/span><\/p>\n<p><span style=\"color: #ffffff;\"><b>Protection et traitement de donn\u00e9es \u00e0 caract\u00e8re personnel<\/b><\/span><\/p>\n<p><span style=\"color: #ffffff;\"><a href=\"https:\/\/www.pedagogie.ac-nice.fr\/education-musicale\" style=\"color: #ffffff;\">https:\/\/www.pedagogie.ac-nice.fr\/education-musicale<\/a> constitue un traitement de donn\u00e9es \u00e0 caract\u00e8re personnel mis en \u0153uvre par\u00a0 le Recteur acad\u00e9mie de Nice pour l\u2019ex\u00e9cution d\u2019une mission d\u2019int\u00e9r\u00eat public au sens du e) de l\u2019article 6 du r\u00e8glement g\u00e9n\u00e9ral (UE) 2016\/679 du Parlement europ\u00e9en et du Conseil du 27 avril 2016 sur la protection des donn\u00e9es (RGPD).<\/span><\/p>\n<p><span style=\"color: #ffffff;\">L\u2019\u00e9quipe du site<span class=\"Apple-converted-space\">\u00a0 <\/span><a href=\"https:\/\/www.pedagogie.ac-nice.fr\/education-musicale\" style=\"color: #ffffff;\">https:\/\/www.pedagogie.ac-nice.fr\/education-musicale<\/a>\u00a0est tr\u00e8s attentive \u00e0 la protection des donn\u00e9es \u00e0 caract\u00e8re personnel et\u00a0 s\u2019engage \u00e0 ce que la collecte et le traitement de vos donn\u00e9es, effectu\u00e9s \u00e0 partir de ce site, soient conformes\u00a0:<\/span><\/p>\n<p><span style=\"color: #ffffff;\">\u00e0 la <a href=\"https:\/\/www.cnil.fr\/fr\/loi-78-17-du-6-janvier-1978-modifiee\" style=\"color: #ffffff;\">loi n\u00b0 78-17 du 6 janvier 1978 modifi\u00e9e, relative \u00e0 l\u2019informatique, aux fichiers et aux libert\u00e9s<\/a><\/span><\/p>\n<p><span style=\"color: #ffffff;\">au \u00ab\u00a0<a href=\"https:\/\/www.cnil.fr\/fr\/reglement-europeen-protection-donnees\" style=\"color: #ffffff;\">R\u00e8glement g\u00e9n\u00e9ral sur la protection des donn\u00e9es<\/a>\u00a0\u00bb (RGPD)<\/span><\/p>\n<p><span style=\"color: #ffffff;\">Les donn\u00e9es statistiques recueillies sont utilis\u00e9es pour nous permettre d\u2019enrichir le parcours des internautes, fournir une meilleure information et ainsi participer \u00e0 l\u2019am\u00e9lioration de notre mission de service public.<\/span><\/p>\n<p><span style=\"color: #ffffff;\">Les agents habilit\u00e9s de l\u2019acad\u00e9mie, dans le cadre de leurs attributions et dans la limite de leurs besoins, sont destinataires des informations et donn\u00e9es \u00e0 caract\u00e8re personnel contenues dans le traitement. Les internautes ont quant \u00e0 eux acc\u00e8s \u00e0 l\u2019ensemble des donn\u00e9es \u00e0 caract\u00e8re personnel qui peuvent \u00eatre publi\u00e9es sur le nom <a href=\"https:\/\/www.pedagogie.ac-nice.fr\/education-musicale\" style=\"color: #ffffff;\">https:\/\/www.pedagogie.ac-nice.fr\/education-musicale<\/a><span class=\"Apple-converted-space\">\u00a0 <\/span>\u00a0<\/span><br \/><span style=\"color: #ffffff;\">Chaque service en ligne auquel donne acc\u00e8s le site <a href=\"https:\/\/www.pedagogie.ac-nice.fr\/education-musicale\" style=\"color: #ffffff;\">https:\/\/www.pedagogie.ac-nice.fr\/education-musicale<\/a> comporte lui-m\u00eame un volet relatif \u00e0 la protection des donn\u00e9es personnelles auquel les personnes concern\u00e9es peuvent se r\u00e9f\u00e9rer.<\/span><\/p>\n<p><span style=\"color: #ffffff;\"><b>A propos des cookies<\/b><\/span><\/p>\n<p><span style=\"color: #ffffff;\">Un cookie (ou \u00ab\u00a0traceur\u00a0\u00bb) est un fichier texte d\u00e9pos\u00e9 sur votre ordinateur lors de la visite d\u2019un site. Il permet de conserver des donn\u00e9es utilisateur afin de faciliter votre navigation et de vous offrir certaines fonctionnalit\u00e9s. Les cookies et les adresses IP des internautes, collect\u00e9s \u00e0 des fins statistiques, sont conserv\u00e9s pendant treize mois, puis sont supprim\u00e9es. Sur \u00a0<a href=\"https:\/\/www.pedagogie.ac-nice.fr\/education-musicale\" style=\"color: #ffffff;\">https:\/\/www.pedagogie.ac-nice.fr\/education-musicale<\/a>\u00a0, nous utilisons des cookies afin de mesurer la fr\u00e9quentation du site ainsi que vous pour proposer des vid\u00e9os, des boutons de partage des contenus, des remont\u00e9es de contenus issus de plateformes sociales et des contenus interactifs.<\/span><\/p>\n<p><span style=\"color: #ffffff;\">Il convient de distinguer les cookies que nous \u00e9mettons sur \u00a0<a href=\"https:\/\/www.pedagogie.ac-nice.fr\/education-musicale\" style=\"color: #ffffff;\">https:\/\/www.pedagogie.ac-nice.fr\/education-musicale<\/a> pour le bon fonctionnement du site de ceux \u00e9mis par des tiers. En cas de refus des cookies n\u00e9cessaires au bon fonctionnement du site, ou de l\u2019effacement de ceux-ci, nous vous informons que vous ne pourrez plus b\u00e9n\u00e9ficier d\u2019un certain nombre de fonctionnalit\u00e9s qui sont n\u00e9anmoins n\u00e9cessaires pour naviguer dans certains espaces de ce site web. Nous d\u00e9clinerons toute responsabilit\u00e9 quant \u00e0 ce fonctionnement d\u00e9grad\u00e9.<\/span><\/p>\n<p><span style=\"color: #ffffff;\">Des cookies peuvent \u00eatre \u00e9mis sur le site \u00a0\u00a0<a href=\"https:\/\/www.pedagogie.ac-nice.fr\/education-musicale\" style=\"color: #ffffff;\">https:\/\/www.pedagogie.ac-nice.fr\/education-musicale<\/a>\u00a0 via des applications de tiers. C\u2019est le cas par exemple pour les cookies de r\u00e9seaux sociaux. En effet, certaines fonctionnalit\u00e9s propos\u00e9es sur le site (lecteurs vid\u00e9os, contenus interactifs, affichage de contenus issus de plateformes sociales, etc.) font appel \u00e0 des services de tiers. Ces fonctionnalit\u00e9s d\u00e9posent des cookies permettant aux tiers d\u2019identifier les sites que vous consultez et les contenus auxquels vous vous int\u00e9ressez. Nous vous informons que nous n\u2019exer\u00e7ons pas de contr\u00f4le sur l\u2019utilisation par les tiers des informations recueillies mais vous invitons \u00e0 consulter les politiques de protection de la vie priv\u00e9e de ces tiers.<\/span><\/p>\n<p><span style=\"color: #ffffff;\">Prendre connaissance des finalit\u00e9s et modalit\u00e9s de traitement de vos donn\u00e9es par les tiers, vos droits et les modalit\u00e9s d\u2019exercice de ces derniers\u00a0:<\/span><\/p>\n<ul>\n<li><span style=\"color: #ffffff;\">Contenus interactifs\u00a0: YouTube, Genially<\/span><\/li>\n<li><span style=\"color: #ffffff;\">R\u00e9seaux sociaux\u00a0: <a href=\"https:\/\/x.com\/Edmusacnice\" style=\"color: #ffffff;\">X<\/a>Sur le site \u00a0\u00a0<a href=\"https:\/\/www.pedagogie.ac-nice.fr\/education-musicale\" style=\"color: #ffffff;\">https:\/\/www.pedagogie.ac-nice.fr\/education-musicale<\/a>\u00a0\u00a0vous avez la possibilit\u00e9 de choisir \u00e0 tout moment d\u2019activer ou de d\u00e9sactiver les cookies suivants\u00a0:<\/span><\/li>\n<li><span style=\"color: #ffffff;\">Boutons de partage : le site \u00a0\u00a0<a href=\"https:\/\/www.pedagogie.ac-nice.fr\/education-musicale\" style=\"color: #ffffff;\">https:\/\/www.pedagogie.ac-nice.fr\/education-musicale<\/a> vous permet de partager facilement des contenus du site aupr\u00e8s de vos contacts et sur les r\u00e9seaux sociaux (X).<\/span><\/li>\n<\/ul>\n<p><span style=\"color: #ffffff;\">G\u00e9rer mes cookies sur le site \u00a0\u00a0<a href=\"https:\/\/www.pedagogie.ac-nice.fr\/education-musicale\" style=\"color: #ffffff;\">https:\/\/www.pedagogie.ac-nice.fr\/education-musicale<\/a>\u00a0<\/span><\/p>\n<p><span style=\"color: #ffffff;\">Au niveau de votre navigateur internet, vous avez \u00e9galement la possibilit\u00e9 de choisir \u00e0 tout moment de d\u00e9sactiver tout ou partie des cookies g\u00e9n\u00e9r\u00e9s lors de votre consultation du site \u00a0<a href=\"https:\/\/www.pedagogie.ac-nice.fr\/education-musicale\" style=\"color: #ffffff;\">https:\/\/www.pedagogie.ac-nice.fr\/education-musicale<\/a>\u00a0 , m\u00eame ceux n\u00e9cessaires au fonctionnement du site (vous ne pourrez alors plus disposer de toutes le fonctionnalit\u00e9s du site). Voici les proc\u00e9dures \u00e0 suivre pour g\u00e9rer les cookies au niveau de votre navigateur\u00a0:<\/span><\/p>\n<p><span style=\"color: #ffffff;\"><a href=\"https:\/\/support.mozilla.org\/fr\/kb\/activer-desactiver-cookies-preferences?redirectlocale=fr&amp;redirectslug=activer-desactiver-cookies\" style=\"color: #ffffff;\">Firefox<\/a><\/span><br \/><span style=\"color: #ffffff;\"><a href=\"https:\/\/support.google.com\/chrome\/answer\/95647?hl=fr\" style=\"color: #ffffff;\">Chrome<\/a><\/span><br \/><span style=\"color: #ffffff;\"><a href=\"https:\/\/support.microsoft.com\/en-us\/help\/17442\/windows-internet-explorer-delete-manage-cookies#ie=ie-9\" style=\"color: #ffffff;\">Explorer<\/a><\/span><br \/><span style=\"color: #ffffff;\"><a href=\"https:\/\/support.apple.com\/kb\/PH17191?locale=en_US&amp;viewlocale=fr_FR\" style=\"color: #ffffff;\">Safari<\/a><\/span><br \/><span style=\"color: #ffffff;\"><a href=\"https:\/\/www.opera.com\/help\/tutorials\/security\/privacy\/\" style=\"color: #ffffff;\">Opera<\/a><\/span><\/p>\n<p><span style=\"color: #ffffff;\"><b>Exercer vos droits<\/b><\/span><\/p>\n<p><span style=\"color: #ffffff;\">Vous pouvez acc\u00e9der aux donn\u00e9es vous concernant et exercer vos droits d\u2019acc\u00e8s, de rectification, de\u00a0 limitation, d\u2019opposition que vous tenez des articles 15, 16, 18 et 21 du RGPD, par courriel aupr\u00e8s de contact du site.<\/span><\/p>\n<p><span style=\"color: #ffffff;\">De la m\u00eame mani\u00e8re, vous pouvez exercer les droits pr\u00e9vus \u00e0 l\u2019article 106 \u00a0de la loi n\u00b0 78-17 du 6 janvier 1978 relative \u00e0 l\u2019informatique, aux fichiers et aux libert\u00e9s.<\/span><\/p>\n<p><span style=\"color: #ffffff;\">Pour toute question sur le traitement de vos donn\u00e9es dans ce dispositif, vous pouvez contacter le d\u00e9l\u00e9gu\u00e9 \u00e0 la protection des donn\u00e9es (DPD) via le <a href=\"https:\/\/www.ac-nice.fr\/contacter\/category\/saisir-le-delegue-la-protection-des-donnees-personnelles-dpd\" style=\"color: #ffffff;\">formulaire \u00ab\u00a0Contacter le d\u00e9l\u00e9gu\u00e9 \u00e0 la protection des donn\u00e9es (DPD)\u00a0\u00bb<\/a> ou par courrier\u00a0:<\/span><\/p>\n<p><span style=\"color: #ffffff;\">Rectorat de l\u2019acad\u00e9mie de Nice<\/span><br \/><span style=\"color: #ffffff;\">\u00c0 l\u2019attention du d\u00e9l\u00e9gu\u00e9 \u00e0 la protection des donn\u00e9es (DPD)<\/span><br \/><span style=\"color: #ffffff;\">53 avenue Cap. de Croix<\/span><br \/><span style=\"color: #ffffff;\">06181 Nice Cedex 2<\/span><\/p>\n<p><span style=\"color: #ffffff;\">Si vous estimez, apr\u00e8s nous avoir contact\u00e9s, que vos droits ne sont pas respect\u00e9s ou que ce dispositif n\u2019est pas conforme aux r\u00e8gles de protection des donn\u00e9es, vous pouvez adresser une r\u00e9clamation aupr\u00e8s de la Commission nationale de l\u2019informatique et des libert\u00e9s (CNIL) via leur <a href=\"https:\/\/www.cnil.fr\/fr\/vous-souhaitez-contacter-la-cnil\" style=\"color: #ffffff;\">espace de contact<\/a>.<\/span><\/p>\n<p>[\/et_pb_text][\/et_pb_column][\/et_pb_row][\/et_pb_section]<\/p>\n","protected":false},"excerpt":{"rendered":"<p>Mentions l\u00e9gales et politique de confidentialit\u00e9 Informations \u00e9ditoriales Rectorat de l\u2019acad\u00e9mie de Nice53 avenue Cap de Croix06181 Nice cedex 2 T\u00e9l\u00e9phone 04 93 53 70 70T\u00e9l\u00e9copie 04 93 53 70 83 Direction de la publication : Mme Natacha CHICOTRectrice de l\u2019acad\u00e9mie de Nice\u00a0 Responsables de la publication : M. Bruno STISI IA-IPR d&rsquo;\u00c9ducation musicale de [&hellip;]<\/p>\n","protected":false},"author":213,"featured_media":0,"parent":0,"menu_order":18,"comment_status":"closed","ping_status":"closed","template":"","meta":{"_et_pb_use_builder":"on","_et_pb_old_content":"<b>Mentions l\u00e9gales et politique de confidentialit\u00e9<\/b>\r\n\r\n<b>Informations \u00e9ditoriales<\/b>\r\n\r\nRectorat de l\u2019acad\u00e9mie de Nice\r\n53 avenue Cap de Croix\r\n06181 Nice cedex 2\r\n\r\nT\u00e9l\u00e9phone 04 93 53 70 70\r\nT\u00e9l\u00e9copie 04 93 53 70 83\r\n\r\n<b>Direction de la publication :<\/b>\r\n\r\nMme Natacha CHICOT\r\nRectrice de l\u2019acad\u00e9mie de Nice&nbsp;\r\n\r\n<b>Responsables de la publication :<\/b>\r\n\r\nM. Bruno STISI IA-IPR d'\u00c9ducation musicale de chant choral et de Cin\u00e9ma Acad\u00e9mies de Nice et de Corse&nbsp;\r\n\r\n<b>Webmestre :<\/b>\r\n\r\nMme Flavie NESME\r\n\r\n<b>Prestataire de service :<\/b>\r\n\r\nDirection des Syst\u00e8mes d\u2019Information (DSI)\r\nRectorat de l\u2019acad\u00e9mie de Nice\r\n53 avenue Cap de Croix\r\n06181 Nice cedex 2\r\n\r\n<b>Droits d\u2019auteur et droits de reproduction du contenu mis en ligne<\/b>\r\n\r\nDepuis la publication de l\u2019ordonnance n\u00b0&nbsp;2005-650 du 6 juin 2005 relative \u00e0 la libert\u00e9 d\u2019acc\u00e8s aux documents administratifs et \u00e0 la r\u00e9utilisation des informations publiques, ces informations peuvent \u00eatre r\u00e9utilis\u00e9es \u00e0 d\u2019autres fins que celles pour lesquelles elles ont \u00e9t\u00e9 produites, et particuli\u00e8rement les informations faisant l\u2019objet d\u2019une diffusion publique. Les documents publics ou officiels ne sont couverts par aucun droit d\u2019auteur et peuvent donc \u00eatre reproduits librement.\r\n\r\nLe graphisme, l\u2019iconographie ainsi que le contenu \u00e9ditorial (tels que les articles, les images, les photographies, les logos, les chartes graphiques, sans que cette liste ne soit exhaustive) demeurent la propri\u00e9t\u00e9 de l\u2019acad\u00e9mie ou des propri\u00e9taires dont l\u2019acad\u00e9mie a re\u00e7u l\u2019autorisation de repr\u00e9sentation, et, \u00e0 ce titre, font l\u2019objet des protections pr\u00e9vues par le Code de la propri\u00e9t\u00e9 intellectuelle. Les pr\u00e9sentes conditions d\u2019utilisation n\u2019emportent aucune cession d\u2019aucune sorte de droits de propri\u00e9t\u00e9 intellectuelle sur ces \u00e9l\u00e9ments, toute repr\u00e9sentation totale ou partielle sans l\u2019autorisation expresse de l\u2019\u00e9diteur du site, est interdite.\r\n\r\n<b>Cr\u00e9dits photographiques et vid\u00e9os<\/b>\r\n\r\nSauf mention contraire, l\u2019acad\u00e9mie de Nice est titulaire des droits relatifs \u00e0 la propri\u00e9t\u00e9 intellectuelle des photographies et vid\u00e9os figurant sur l\u2019ensemble du site.\r\n\r\n<b>Liens hypertextes pointant vers le site p\u00e9dagogique de l\u2019EMCC (Acad\u00e9mie de Nice)<\/b>\r\n\r\nLa mise en place de liens hypertextes pointant vers les pages du site, est autoris\u00e9e , sous r\u00e9serve de mentionner la source qui pointera gr\u00e2ce \u00e0 un lien hypertexte directement sur le contenu vis\u00e9.\r\nPour les sites Internet, la reproduction, apr\u00e8s autorisation, d\u2019un contenu doit mentionner tr\u00e8s clairement l\u2019origine du document sous forme d\u2019une adresse internet : <a href=\"https:\/\/www.pedagogie.ac-nice.fr\/education-musicale\">https:\/\/www.pedagogie.ac-nice.fr\/education-musicale<\/a>. Il conviendra en outre d\u2019ajouter en bas de chaque page, la mention \u00ab&nbsp;Droits r\u00e9serv\u00e9s&nbsp;\u00bb.\r\nLa mise en place de liens pointant directement sur le document souhait\u00e9 devra \u00eatre privil\u00e9gi\u00e9e par rapport \u00e0 la reproduction de contenus.\r\nLes sites qui font le choix de pointer vers <a href=\"https:\/\/www.pedagogie.ac-nice.fr\/education-musicale\">https:\/\/www.pedagogie.ac-nice.fr\/education-musicale<\/a>&nbsp;engagent leur responsabilit\u00e9 d\u00e8s lors qu\u2019ils porteraient atteinte \u00e0 l\u2019image du site public.\r\n\r\n<b>Liens hypertextes pointant vers des sites externes<\/b>\r\n\r\n<a href=\"https:\/\/www.pedagogie.ac-nice.fr\/education-musicale\">https:\/\/www.pedagogie.ac-nice.fr\/education-musicale<\/a> propose de nombreux liens vers d\u2019autres sites, essentiellement des sites officiels (institutions, organismes publics, etc.) mais aussi vers des sites, fran\u00e7ais ou \u00e9trangers, d\u2019associations, d\u2019organismes professionnels du secteur \u00e9ducatif ou d\u2019entreprises partenaires sur des op\u00e9rations ponctuelles. Il est pr\u00e9cis\u00e9 vers quel site nous vous proposons d\u2019aller. Ces pages, dont les adresses sont r\u00e9guli\u00e8rement v\u00e9rifi\u00e9es, ne font pas partie du site de l\u2019Acad\u00e9mie de Nice : elles n\u2019engagent pas la responsabilit\u00e9 de la r\u00e9daction du site qui ne peut \u00eatre tenue pour responsable des contenus vers lesquels ces liens pointent. Ils ne visent qu\u2019\u00e0 permettre \u00e0 l\u2019internaute d\u2019acc\u00e9der plus facilement \u00e0 d\u2019autres ressources documentaires sur le sujet consult\u00e9.\r\n\r\n<b>Accessibilit\u00e9 du site<\/b>\r\n\r\nUn soin tout particulier est pris pour rendre ce site internet le plus accessible possible, et tout particuli\u00e8rement aux personnes ayant un handicap visuel. Les pages sont mises progressivement en conformit\u00e9 avec les recommandations du r\u00e9f\u00e9rentiel commun des crit\u00e8res d\u2019accessibilit\u00e9 des services Internet de l\u2019administration fran\u00e7aise pour respecter la loi n\u00b02005-102 du 11 f\u00e9vrier 2005 pour l\u2019\u00e9galit\u00e9 des droits et des chances, la participation et la citoyennet\u00e9 des personnes handicap\u00e9es&nbsp;\r\n\r\n<b>Donn\u00e9es personnelles et cookies<\/b>\r\n\r\n<b>Protection et traitement de donn\u00e9es \u00e0 caract\u00e8re personnel<\/b>\r\n\r\n<a href=\"https:\/\/www.pedagogie.ac-nice.fr\/education-musicale\">https:\/\/www.pedagogie.ac-nice.fr\/education-musicale<\/a> constitue un traitement de donn\u00e9es \u00e0 caract\u00e8re personnel mis en \u0153uvre par&nbsp; le Recteur acad\u00e9mie de Nice pour l\u2019ex\u00e9cution d\u2019une mission d\u2019int\u00e9r\u00eat public au sens du e) de l\u2019article 6 du r\u00e8glement g\u00e9n\u00e9ral (UE) 2016\/679 du Parlement europ\u00e9en et du Conseil du 27 avril 2016 sur la protection des donn\u00e9es (RGPD).\r\n\r\nL\u2019\u00e9quipe du site<span class=\"Apple-converted-space\">&nbsp; <\/span><a href=\"https:\/\/www.pedagogie.ac-nice.fr\/education-musicale\">https:\/\/www.pedagogie.ac-nice.fr\/education-musicale<\/a>&nbsp;est tr\u00e8s attentive \u00e0 la protection des donn\u00e9es \u00e0 caract\u00e8re personnel et&nbsp; s\u2019engage \u00e0 ce que la collecte et le traitement de vos donn\u00e9es, effectu\u00e9s \u00e0 partir de ce site, soient conformes&nbsp;:\r\n\r\n\u00e0 la <a href=\"https:\/\/www.cnil.fr\/fr\/loi-78-17-du-6-janvier-1978-modifiee\">loi n\u00b0 78-17 du 6 janvier 1978 modifi\u00e9e, relative \u00e0 l\u2019informatique, aux fichiers et aux libert\u00e9s<\/a>\r\n\r\nau \u00ab&nbsp;<a href=\"https:\/\/www.cnil.fr\/fr\/reglement-europeen-protection-donnees\">R\u00e8glement g\u00e9n\u00e9ral sur la protection des donn\u00e9es<\/a>&nbsp;\u00bb (RGPD)\r\n\r\nLes donn\u00e9es statistiques recueillies sont utilis\u00e9es pour nous permettre d\u2019enrichir le parcours des internautes, fournir une meilleure information et ainsi participer \u00e0 l\u2019am\u00e9lioration de notre mission de service public.\r\n\r\nLes agents habilit\u00e9s de l\u2019acad\u00e9mie, dans le cadre de leurs attributions et dans la limite de leurs besoins, sont destinataires des informations et donn\u00e9es \u00e0 caract\u00e8re personnel contenues dans le traitement. Les internautes ont quant \u00e0 eux acc\u00e8s \u00e0 l\u2019ensemble des donn\u00e9es \u00e0 caract\u00e8re personnel qui peuvent \u00eatre publi\u00e9es sur le nom <a href=\"https:\/\/www.pedagogie.ac-nice.fr\/education-musicale\">https:\/\/www.pedagogie.ac-nice.fr\/education-musicale<\/a><span class=\"Apple-converted-space\">&nbsp; <\/span>&nbsp;\r\nChaque service en ligne auquel donne acc\u00e8s le site <a href=\"https:\/\/www.pedagogie.ac-nice.fr\/education-musicale\">https:\/\/www.pedagogie.ac-nice.fr\/education-musicale<\/a> comporte lui-m\u00eame un volet relatif \u00e0 la protection des donn\u00e9es personnelles auquel les personnes concern\u00e9es peuvent se r\u00e9f\u00e9rer.\r\n\r\n<b>A propos des cookies<\/b>\r\n\r\nUn cookie (ou \u00ab&nbsp;traceur&nbsp;\u00bb) est un fichier texte d\u00e9pos\u00e9 sur votre ordinateur lors de la visite d\u2019un site. Il permet de conserver des donn\u00e9es utilisateur afin de faciliter votre navigation et de vous offrir certaines fonctionnalit\u00e9s. Les cookies et les adresses IP des internautes, collect\u00e9s \u00e0 des fins statistiques, sont conserv\u00e9s pendant treize mois, puis sont supprim\u00e9es. Sur &nbsp;<a href=\"https:\/\/www.pedagogie.ac-nice.fr\/education-musicale\">https:\/\/www.pedagogie.ac-nice.fr\/education-musicale<\/a>&nbsp;, nous utilisons des cookies afin de mesurer la fr\u00e9quentation du site ainsi que vous pour proposer des vid\u00e9os, des boutons de partage des contenus, des remont\u00e9es de contenus issus de plateformes sociales et des contenus interactifs.\r\n\r\nIl convient de distinguer les cookies que nous \u00e9mettons sur &nbsp;<a href=\"https:\/\/www.pedagogie.ac-nice.fr\/education-musicale\">https:\/\/www.pedagogie.ac-nice.fr\/education-musicale<\/a> pour le bon fonctionnement du site de ceux \u00e9mis par des tiers. En cas de refus des cookies n\u00e9cessaires au bon fonctionnement du site, ou de l\u2019effacement de ceux-ci, nous vous informons que vous ne pourrez plus b\u00e9n\u00e9ficier d\u2019un certain nombre de fonctionnalit\u00e9s qui sont n\u00e9anmoins n\u00e9cessaires pour naviguer dans certains espaces de ce site web. Nous d\u00e9clinerons toute responsabilit\u00e9 quant \u00e0 ce fonctionnement d\u00e9grad\u00e9.\r\n\r\nDes cookies peuvent \u00eatre \u00e9mis sur le site &nbsp;&nbsp;<a href=\"https:\/\/www.pedagogie.ac-nice.fr\/education-musicale\">https:\/\/www.pedagogie.ac-nice.fr\/education-musicale<\/a>&nbsp; via des applications de tiers. C\u2019est le cas par exemple pour les cookies de r\u00e9seaux sociaux. En effet, certaines fonctionnalit\u00e9s propos\u00e9es sur le site (lecteurs vid\u00e9os, contenus interactifs, affichage de contenus issus de plateformes sociales, etc.) font appel \u00e0 des services de tiers. Ces fonctionnalit\u00e9s d\u00e9posent des cookies permettant aux tiers d\u2019identifier les sites que vous consultez et les contenus auxquels vous vous int\u00e9ressez. Nous vous informons que nous n\u2019exer\u00e7ons pas de contr\u00f4le sur l\u2019utilisation par les tiers des informations recueillies mais vous invitons \u00e0 consulter les politiques de protection de la vie priv\u00e9e de ces tiers.\r\n\r\nPrendre connaissance des finalit\u00e9s et modalit\u00e9s de traitement de vos donn\u00e9es par les tiers, vos droits et les modalit\u00e9s d\u2019exercice de ces derniers&nbsp;:\r\n<ul>\r\n \t<li>Contenus interactifs&nbsp;: YouTube, Genially<\/li>\r\n \t<li>R\u00e9seaux sociaux&nbsp;: <a href=\"https:\/\/x.com\/Edmusacnice\">X<\/a>Sur le site &nbsp;&nbsp;<a href=\"https:\/\/www.pedagogie.ac-nice.fr\/education-musicale\">https:\/\/www.pedagogie.ac-nice.fr\/education-musicale<\/a>&nbsp;&nbsp;vous avez la possibilit\u00e9 de choisir \u00e0 tout moment d\u2019activer ou de d\u00e9sactiver les cookies suivants&nbsp;:<\/li>\r\n \t<li>Boutons de partage : le site &nbsp;&nbsp;<a href=\"https:\/\/www.pedagogie.ac-nice.fr\/education-musicale\">https:\/\/www.pedagogie.ac-nice.fr\/education-musicale<\/a> vous permet de partager facilement des contenus du site aupr\u00e8s de vos contacts et sur les r\u00e9seaux sociaux (X).<\/li>\r\n<\/ul>\r\nG\u00e9rer mes cookies sur le site &nbsp;&nbsp;<a href=\"https:\/\/www.pedagogie.ac-nice.fr\/education-musicale\">https:\/\/www.pedagogie.ac-nice.fr\/education-musicale<\/a>&nbsp;\r\n\r\nAu niveau de votre navigateur internet, vous avez \u00e9galement la possibilit\u00e9 de choisir \u00e0 tout moment de d\u00e9sactiver tout ou partie des cookies g\u00e9n\u00e9r\u00e9s lors de votre consultation du site &nbsp;<a href=\"https:\/\/www.pedagogie.ac-nice.fr\/education-musicale\">https:\/\/www.pedagogie.ac-nice.fr\/education-musicale<\/a>&nbsp; , m\u00eame ceux n\u00e9cessaires au fonctionnement du site (vous ne pourrez alors plus disposer de toutes le fonctionnalit\u00e9s du site). Voici les proc\u00e9dures \u00e0 suivre pour g\u00e9rer les cookies au niveau de votre navigateur&nbsp;:\r\n\r\n<a href=\"https:\/\/support.mozilla.org\/fr\/kb\/activer-desactiver-cookies-preferences?redirectlocale=fr&amp;redirectslug=activer-desactiver-cookies\">Firefox<\/a>\r\n<a href=\"https:\/\/support.google.com\/chrome\/answer\/95647?hl=fr\">Chrome<\/a>\r\n<a href=\"https:\/\/support.microsoft.com\/en-us\/help\/17442\/windows-internet-explorer-delete-manage-cookies#ie=ie-9\">Explorer<\/a>\r\n<a href=\"https:\/\/support.apple.com\/kb\/PH17191?locale=en_US&amp;viewlocale=fr_FR\">Safari<\/a>\r\n<a href=\"https:\/\/www.opera.com\/help\/tutorials\/security\/privacy\/\">Opera<\/a>\r\n\r\n<b>Exercer vos droits<\/b>\r\n\r\nVous pouvez acc\u00e9der aux donn\u00e9es vous concernant et exercer vos droits d\u2019acc\u00e8s, de rectification, de&nbsp; limitation, d\u2019opposition que vous tenez des articles 15, 16, 18 et 21 du RGPD, par courriel aupr\u00e8s de contact du site.\r\n\r\nDe la m\u00eame mani\u00e8re, vous pouvez exercer les droits pr\u00e9vus \u00e0 l\u2019article 106 &nbsp;de la loi n\u00b0 78-17 du 6 janvier 1978 relative \u00e0 l\u2019informatique, aux fichiers et aux libert\u00e9s.\r\n\r\nPour toute question sur le traitement de vos donn\u00e9es dans ce dispositif, vous pouvez contacter le d\u00e9l\u00e9gu\u00e9 \u00e0 la protection des donn\u00e9es (DPD) via le <a href=\"https:\/\/www.ac-nice.fr\/contacter\/category\/saisir-le-delegue-la-protection-des-donnees-personnelles-dpd\">formulaire \u00ab&nbsp;Contacter le d\u00e9l\u00e9gu\u00e9 \u00e0 la protection des donn\u00e9es (DPD)&nbsp;\u00bb<\/a> ou par courrier&nbsp;:\r\n\r\nRectorat de l\u2019acad\u00e9mie de Nice\r\n\u00c0 l\u2019attention du d\u00e9l\u00e9gu\u00e9 \u00e0 la protection des donn\u00e9es (DPD)\r\n53 avenue Cap. de Croix\r\n06181 Nice Cedex 2\r\n\r\nSi vous estimez, apr\u00e8s nous avoir contact\u00e9s, que vos droits ne sont pas respect\u00e9s ou que ce dispositif n\u2019est pas conforme aux r\u00e8gles de protection des donn\u00e9es, vous pouvez adresser une r\u00e9clamation aupr\u00e8s de la Commission nationale de l\u2019informatique et des libert\u00e9s (CNIL) via leur <a href=\"https:\/\/www.cnil.fr\/fr\/vous-souhaitez-contacter-la-cnil\">espace de contact<\/a>.","_et_gb_content_width":"","ngg_post_thumbnail":0,"footnotes":""},"class_list":["post-1328","page","type-page","status-publish","hentry"],"rttpg_featured_image_url":null,"rttpg_author":{"display_name":"fnesme","author_link":"https:\/\/www.pedagogie.ac-nice.fr\/education-musicale\/author\/fnesme\/"},"rttpg_comment":0,"rttpg_category":null,"rttpg_excerpt":"Mentions l\u00e9gales et politique de confidentialit\u00e9 Informations \u00e9ditoriales Rectorat de l\u2019acad\u00e9mie de Nice53 avenue Cap de Croix06181 Nice cedex 2 T\u00e9l\u00e9phone 04 93 53 70 70T\u00e9l\u00e9copie 04 93 53 70 83 Direction de la publication : Mme Natacha CHICOTRectrice de l\u2019acad\u00e9mie de Nice\u00a0 Responsables de la publication : M. Bruno STISI IA-IPR d'\u00c9ducation musicale de\u2026","post_mailing_queue_ids":[],"_links":{"self":[{"href":"https:\/\/www.pedagogie.ac-nice.fr\/education-musicale\/wp-json\/wp\/v2\/pages\/1328","targetHints":{"allow":["GET"]}}],"collection":[{"href":"https:\/\/www.pedagogie.ac-nice.fr\/education-musicale\/wp-json\/wp\/v2\/pages"}],"about":[{"href":"https:\/\/www.pedagogie.ac-nice.fr\/education-musicale\/wp-json\/wp\/v2\/types\/page"}],"author":[{"embeddable":true,"href":"https:\/\/www.pedagogie.ac-nice.fr\/education-musicale\/wp-json\/wp\/v2\/users\/213"}],"replies":[{"embeddable":true,"href":"https:\/\/www.pedagogie.ac-nice.fr\/education-musicale\/wp-json\/wp\/v2\/comments?post=1328"}],"version-history":[{"count":9,"href":"https:\/\/www.pedagogie.ac-nice.fr\/education-musicale\/wp-json\/wp\/v2\/pages\/1328\/revisions"}],"predecessor-version":[{"id":1790,"href":"https:\/\/www.pedagogie.ac-nice.fr\/education-musicale\/wp-json\/wp\/v2\/pages\/1328\/revisions\/1790"}],"wp:attachment":[{"href":"https:\/\/www.pedagogie.ac-nice.fr\/education-musicale\/wp-json\/wp\/v2\/media?parent=1328"}],"curies":[{"name":"wp","href":"https:\/\/api.w.org\/{rel}","templated":true}]}}