{"id":1484,"date":"2024-09-06T14:42:07","date_gmt":"2024-09-06T12:42:07","guid":{"rendered":"https:\/\/www.pedagogie.ac-nice.fr\/education-musicale\/?page_id=1484"},"modified":"2026-03-12T09:39:53","modified_gmt":"2026-03-12T08:39:53","slug":"lettres-numeriques","status":"publish","type":"page","link":"https:\/\/www.pedagogie.ac-nice.fr\/education-musicale\/lettres-numeriques\/","title":{"rendered":"Lettres Num\u00e9riques Musicales"},"content":{"rendered":"<p>[et_pb_section fb_built=\u00a0\u00bb1&Prime; _builder_version=\u00a0\u00bb4.27.4&Prime; _module_preset=\u00a0\u00bbdefault\u00a0\u00bb background_color=\u00a0\u00bb#000000&Prime; min_height=\u00a0\u00bb369px\u00a0\u00bb custom_padding=\u00a0\u00bb||20px|||\u00a0\u00bb global_colors_info=\u00a0\u00bb{}\u00a0\u00bb][et_pb_row _builder_version=\u00a0\u00bb4.27.4&Prime; _module_preset=\u00a0\u00bbdefault\u00a0\u00bb background_color=\u00a0\u00bb#000000&Prime; global_colors_info=\u00a0\u00bb{}\u00a0\u00bb][et_pb_column type=\u00a0\u00bb4_4&Prime; _builder_version=\u00a0\u00bb4.16&Prime; _module_preset=\u00a0\u00bbdefault\u00a0\u00bb global_colors_info=\u00a0\u00bb{}\u00a0\u00bb][et_pb_text _builder_version=\u00a0\u00bb4.27.4&Prime; _module_preset=\u00a0\u00bbdefault\u00a0\u00bb background_color=\u00a0\u00bb#000000&Prime; min_height=\u00a0\u00bb30px\u00a0\u00bb global_colors_info=\u00a0\u00bb{}\u00a0\u00bb]<\/p>\n<h1 style=\"text-align: center;\"><span style=\"color: #ffffff;\"><strong><br \/><a href=\"https:\/\/nuage03.apps.education.fr\/index.php\/s\/JacXjE4caJRB6tJ\" target=\"_blank\" rel=\"noopener\" style=\"color: #ffffff;\">\ud83d\udccc\ud83d\udd17 Lettres num\u00e9riques musicales<\/a><\/strong><\/span><\/h1>\n<h1 style=\"text-align: center;\"><span style=\"color: #ffffff;\"><strong>\u00a0<\/strong><\/span><\/h1>\n<h1 style=\"text-align: center;\"><span style=\"color: #ffffff;\"><strong><a href=\"https:\/\/nuage03.apps.education.fr\/index.php\/s\/JacXjE4caJRB6tJ\" target=\"_blank\" rel=\"noopener\" style=\"color: #ffffff;\"><\/a><\/strong><\/span><\/h1>\n<p>[\/et_pb_text][\/et_pb_column][\/et_pb_row][et_pb_row _builder_version=\u00a0\u00bb4.27.4&Prime; _module_preset=\u00a0\u00bbdefault\u00a0\u00bb global_colors_info=\u00a0\u00bb{}\u00a0\u00bb][et_pb_column type=\u00a0\u00bb4_4&Prime; _builder_version=\u00a0\u00bb4.27.4&Prime; _module_preset=\u00a0\u00bbdefault\u00a0\u00bb global_colors_info=\u00a0\u00bb{}\u00a0\u00bb][et_pb_blurb _builder_version=\u00a0\u00bb4.27.4&Prime; _module_preset=\u00a0\u00bbdefault\u00a0\u00bb custom_margin=\u00a0\u00bb-64px|||||\u00a0\u00bb global_colors_info=\u00a0\u00bb{}\u00a0\u00bb]<\/p>\n<p style=\"text-align: justify;\"><span style=\"color: #ffffff;\">Mesdames et Messieurs les professeurs d\u2019\u00c9ducation Musicale, la lettre num\u00e9rique musicale <a href=\"https:\/\/nuage03.apps.education.fr\/index.php\/s\/JacXjE4caJRB6tJ\" target=\"_blank\" rel=\"noopener\" style=\"color: #ffffff;\"><strong>#JePartageMesRessources<\/strong><\/a> ouvre la voie d\u2019une philosophie de l\u2019\u00e9change ; c\u2019est \u00e0 nous tous de l\u2019alimenter.<span class=\"Apple-converted-space\"><br \/><\/span>Merci \u00e0 tous ceux qui ont fait part de ressources ou de leurs travaux.<\/span><br \/><span style=\"color: #ffffff;\"><\/span><\/p>\n<p style=\"text-align: justify;\"><span style=\"color: #ffffff;\">M. Bruno Stisi<\/span><br \/><span style=\"color: #ffffff;\">IA-IPR d\u2019\u00c9ducation musicale de chant choral et de Cin\u00e9ma<\/span><br \/><span style=\"color: #ffffff;\">Acad\u00e9mies de Nice et de Corse<\/span><\/p>\n<p>[\/et_pb_blurb][\/et_pb_column][\/et_pb_row][\/et_pb_section][et_pb_section fb_built=\u00a0\u00bb1&Prime; _builder_version=\u00a0\u00bb4.27.4&Prime; _module_preset=\u00a0\u00bbdefault\u00a0\u00bb background_color=\u00a0\u00bb#000000&Prime; custom_margin=\u00a0\u00bb-44px|||||\u00a0\u00bb global_colors_info=\u00a0\u00bb{}\u00a0\u00bb][et_pb_row _builder_version=\u00a0\u00bb4.27.4&Prime; _module_preset=\u00a0\u00bbdefault\u00a0\u00bb global_colors_info=\u00a0\u00bb{}\u00a0\u00bb][et_pb_column type=\u00a0\u00bb4_4&Prime; _builder_version=\u00a0\u00bb4.27.4&Prime; _module_preset=\u00a0\u00bbdefault\u00a0\u00bb global_colors_info=\u00a0\u00bb{}\u00a0\u00bb][et_pb_code _builder_version=\u00a0\u00bb4.27.4&Prime; _module_preset=\u00a0\u00bbdefault\u00a0\u00bb global_colors_info=\u00a0\u00bb{}\u00a0\u00bb]<iframe loading=\"lazy\" src=\"https:\/\/ladigitale.dev\/digiflip\/#\/f\/69a58180357f2\" allow=\"fullscreen; autoplay;\" frameborder=\"0\" width=\"100%\" height=\"500\"><\/iframe>[\/et_pb_code][\/et_pb_column][\/et_pb_row][\/et_pb_section]<\/p>\n","protected":false},"excerpt":{"rendered":"<p>\ud83d\udccc\ud83d\udd17 Lettres num\u00e9riques musicales \u00a0 Mesdames et Messieurs les professeurs d\u2019\u00c9ducation Musicale, la lettre num\u00e9rique musicale #JePartageMesRessources ouvre la voie d\u2019une philosophie de l\u2019\u00e9change ; c\u2019est \u00e0 nous tous de l\u2019alimenter.Merci \u00e0 tous ceux qui ont fait part de ressources ou de leurs travaux. M. Bruno StisiIA-IPR d\u2019\u00c9ducation musicale de chant choral et de Cin\u00e9maAcad\u00e9mies [&hellip;]<\/p>\n","protected":false},"author":213,"featured_media":0,"parent":0,"menu_order":0,"comment_status":"closed","ping_status":"closed","template":"","meta":{"_et_pb_use_builder":"on","_et_pb_old_content":"","_et_gb_content_width":"","ngg_post_thumbnail":0,"footnotes":""},"class_list":["post-1484","page","type-page","status-publish","hentry"],"rttpg_featured_image_url":null,"rttpg_author":{"display_name":"fnesme","author_link":"https:\/\/www.pedagogie.ac-nice.fr\/education-musicale\/author\/fnesme\/"},"rttpg_comment":0,"rttpg_category":null,"rttpg_excerpt":"\ud83d\udccc\ud83d\udd17 Lettres num\u00e9riques musicales \u00a0 Mesdames et Messieurs les professeurs d\u2019\u00c9ducation Musicale, la lettre num\u00e9rique musicale #JePartageMesRessources ouvre la voie d\u2019une philosophie de l\u2019\u00e9change ; c\u2019est \u00e0 nous tous de l\u2019alimenter.Merci \u00e0 tous ceux qui ont fait part de ressources ou de leurs travaux. M. Bruno StisiIA-IPR d\u2019\u00c9ducation musicale de chant choral et de Cin\u00e9maAcad\u00e9mies\u2026","post_mailing_queue_ids":[],"_links":{"self":[{"href":"https:\/\/www.pedagogie.ac-nice.fr\/education-musicale\/wp-json\/wp\/v2\/pages\/1484","targetHints":{"allow":["GET"]}}],"collection":[{"href":"https:\/\/www.pedagogie.ac-nice.fr\/education-musicale\/wp-json\/wp\/v2\/pages"}],"about":[{"href":"https:\/\/www.pedagogie.ac-nice.fr\/education-musicale\/wp-json\/wp\/v2\/types\/page"}],"author":[{"embeddable":true,"href":"https:\/\/www.pedagogie.ac-nice.fr\/education-musicale\/wp-json\/wp\/v2\/users\/213"}],"replies":[{"embeddable":true,"href":"https:\/\/www.pedagogie.ac-nice.fr\/education-musicale\/wp-json\/wp\/v2\/comments?post=1484"}],"version-history":[{"count":24,"href":"https:\/\/www.pedagogie.ac-nice.fr\/education-musicale\/wp-json\/wp\/v2\/pages\/1484\/revisions"}],"predecessor-version":[{"id":1825,"href":"https:\/\/www.pedagogie.ac-nice.fr\/education-musicale\/wp-json\/wp\/v2\/pages\/1484\/revisions\/1825"}],"wp:attachment":[{"href":"https:\/\/www.pedagogie.ac-nice.fr\/education-musicale\/wp-json\/wp\/v2\/media?parent=1484"}],"curies":[{"name":"wp","href":"https:\/\/api.w.org\/{rel}","templated":true}]}}