{"id":420,"date":"2019-11-24T17:38:16","date_gmt":"2019-11-24T16:38:16","guid":{"rendered":"http:\/\/www.pedagogie.ac-nice.fr\/traam-educmus\/?page_id=420"},"modified":"2026-02-21T16:25:57","modified_gmt":"2026-02-21T15:25:57","slug":"festival-academique-de-spectacles-chorals","status":"publish","type":"page","link":"https:\/\/www.pedagogie.ac-nice.fr\/education-musicale\/festival-academique-de-spectacles-chorals\/","title":{"rendered":"Festival Acad\u00e9mique de Spectacles Chorals"},"content":{"rendered":"<p>[et_pb_section fb_built=\u00a0\u00bb1&Prime; _builder_version=\u00a0\u00bb4.16&Prime; background_color=\u00a0\u00bb#000000&Prime; global_colors_info=\u00a0\u00bb{}\u00a0\u00bb][et_pb_row column_structure=\u00a0\u00bb1_2,1_2&Prime; _builder_version=\u00a0\u00bb4.16&Prime; global_colors_info=\u00a0\u00bb{}\u00a0\u00bb][et_pb_column type=\u00a0\u00bb1_2&Prime; _builder_version=\u00a0\u00bb4.16&Prime; custom_padding=\u00a0\u00bb|||\u00a0\u00bb global_colors_info=\u00a0\u00bb{}\u00a0\u00bb custom_padding__hover=\u00a0\u00bb|||\u00a0\u00bb][et_pb_blurb url=\u00a0\u00bbhttp:\/\/acsam.org\/Accueil.html\u00a0\u00bb _builder_version=\u00a0\u00bb4.16&Prime; global_colors_info=\u00a0\u00bb{}\u00a0\u00bb]<\/p>\n<h2 style=\"text-align: center;\"><span style=\"color: #ffffff;\"><strong><a title=\"ACSAM\" href=\"http:\/\/acsam06.free.fr\/Accueil.html\" target=\"_blank\" rel=\"noopener noreferrer\"><img loading=\"lazy\" decoding=\"async\" class=\"wp-image-422 alignnone size-medium\" src=\"https:\/\/www.pedagogie.ac-nice.fr\/traam-educmus\/wp-content\/uploads\/sites\/2\/2019\/11\/Chorale-haut-3-300x164.jpg\" alt=\"\" width=\"300\" height=\"164\" srcset=\"https:\/\/www.pedagogie.ac-nice.fr\/education-musicale\/wp-content\/uploads\/sites\/2\/2019\/11\/Chorale-haut-3-300x164.jpg 300w, https:\/\/www.pedagogie.ac-nice.fr\/education-musicale\/wp-content\/uploads\/sites\/2\/2019\/11\/Chorale-haut-3-1024x560.jpg 1024w, https:\/\/www.pedagogie.ac-nice.fr\/education-musicale\/wp-content\/uploads\/sites\/2\/2019\/11\/Chorale-haut-3-768x420.jpg 768w, https:\/\/www.pedagogie.ac-nice.fr\/education-musicale\/wp-content\/uploads\/sites\/2\/2019\/11\/Chorale-haut-3-1080x591.jpg 1080w, https:\/\/www.pedagogie.ac-nice.fr\/education-musicale\/wp-content\/uploads\/sites\/2\/2019\/11\/Chorale-haut-3.jpg 1153w\" sizes=\"(max-width: 300px) 100vw, 300px\" \/><\/a><\/strong><\/span><\/h2>\n<p><span style=\"color: #ffffff;\"><strong><\/strong><\/span><\/p>\n<h2 style=\"text-align: center;\"><a href=\"http:\/\/acsam.org\/Accueil.html\" target=\"_blank\" rel=\"noopener noreferrer\"><span style=\"color: #ffffff;\"><strong>ACSAM<\/strong><\/span><\/a><\/h2>\n<p>[\/et_pb_blurb][\/et_pb_column][et_pb_column type=\u00a0\u00bb1_2&Prime; _builder_version=\u00a0\u00bb4.16&Prime; custom_padding=\u00a0\u00bb|||\u00a0\u00bb global_colors_info=\u00a0\u00bb{}\u00a0\u00bb custom_padding__hover=\u00a0\u00bb|||\u00a0\u00bb][et_pb_blurb url=\u00a0\u00bbhttps:\/\/sites.google.com\/site\/lesitedelafareci\/\u00a0\u00bb _builder_version=\u00a0\u00bb4.16&Prime; global_colors_info=\u00a0\u00bb{}\u00a0\u00bb]<\/p>\n<h2 style=\"text-align: center;\"><a title=\"La Fareci\" href=\"https:\/\/sites.google.com\/site\/lesitedelafareci\/\" target=\"_blank\" rel=\"noopener noreferrer\"><img loading=\"lazy\" decoding=\"async\" class=\"wp-image-423 alignnone size-medium\" src=\"https:\/\/www.pedagogie.ac-nice.fr\/traam-educmus\/wp-content\/uploads\/sites\/2\/2019\/11\/fond-cd2-300x169.jpg\" alt=\"\" width=\"300\" height=\"169\" srcset=\"https:\/\/www.pedagogie.ac-nice.fr\/education-musicale\/wp-content\/uploads\/sites\/2\/2019\/11\/fond-cd2-300x169.jpg 300w, https:\/\/www.pedagogie.ac-nice.fr\/education-musicale\/wp-content\/uploads\/sites\/2\/2019\/11\/fond-cd2.jpg 400w\" sizes=\"(max-width: 300px) 100vw, 300px\" \/><\/a><\/h2>\n<h2 style=\"text-align: center;\"><a href=\"http:\/\/acsam.org\/Accueil.html\" target=\"_blank\" rel=\"noopener noreferrer\"><span style=\"color: #ffffff;\"><strong>LA FARECI<\/strong><\/span><\/a><\/h2>\n<p>[\/et_pb_blurb][\/et_pb_column][\/et_pb_row][\/et_pb_section][et_pb_section fb_built=\u00a0\u00bb1&Prime; _builder_version=\u00a0\u00bb4.16&Prime; background_color=\u00a0\u00bb#000000&Prime; global_colors_info=\u00a0\u00bb{}\u00a0\u00bb][et_pb_row column_structure=\u00a0\u00bb1_4,1_4,1_4,1_4&Prime; _builder_version=\u00a0\u00bb4.16&Prime; global_colors_info=\u00a0\u00bb{}\u00a0\u00bb][et_pb_column type=\u00a0\u00bb1_4&Prime; _builder_version=\u00a0\u00bb4.16&Prime; custom_padding=\u00a0\u00bb|||\u00a0\u00bb global_colors_info=\u00a0\u00bb{}\u00a0\u00bb custom_padding__hover=\u00a0\u00bb|||\u00a0\u00bb][et_pb_blurb url=\u00a0\u00bbhttps:\/\/padlet.com\/bruno_stisi\/Chorale20180704&Prime; _builder_version=\u00a0\u00bb4.16&Prime; global_colors_info=\u00a0\u00bb{}\u00a0\u00bb]<\/p>\n<h4 style=\"text-align: center;\"><span style=\"color: #ffffff;\"><strong><a title=\"Padlet Chorale\" href=\"https:\/\/padlet.com\/bruno_stisi\/Chorale20180704\" target=\"_blank\" rel=\"noopener noreferrer\"><img loading=\"lazy\" decoding=\"async\" class=\"wp-image-69 alignnone size-medium\" src=\"https:\/\/www.pedagogie.ac-nice.fr\/traam-educmus\/wp-content\/uploads\/sites\/2\/2019\/11\/piano-keys-1731467__480-300x169.jpg\" alt=\"\" width=\"300\" height=\"169\" srcset=\"https:\/\/www.pedagogie.ac-nice.fr\/education-musicale\/wp-content\/uploads\/sites\/2\/2019\/11\/piano-keys-1731467__480-300x169.jpg 300w, https:\/\/www.pedagogie.ac-nice.fr\/education-musicale\/wp-content\/uploads\/sites\/2\/2019\/11\/piano-keys-1731467__480-768x432.jpg 768w, https:\/\/www.pedagogie.ac-nice.fr\/education-musicale\/wp-content\/uploads\/sites\/2\/2019\/11\/piano-keys-1731467__480.jpg 853w\" sizes=\"(max-width: 300px) 100vw, 300px\" \/><\/a><\/strong><\/span><\/h4>\n<h4 style=\"text-align: center;\"><span style=\"color: #ffffff;\"><strong>E<\/strong><\/span><span style=\"color: #ffffff;\"><strong>NSEIGNEMENT FACULTATIF <\/strong><\/span><\/h4>\n<h4 style=\"text-align: center;\"><span style=\"color: #ffffff;\"><strong>DU CHANT CHORAL<\/strong><\/span><\/h4>\n<p style=\"text-align: center;\"><span style=\"color: #ff0000;\"><a href=\"https:\/\/padlet.com\/bruno_stisi\/Chorale20180704\" target=\"_blank\" rel=\"noopener noreferrer\" style=\"color: #ff0000;\"><strong>M. Stisi<\/strong><\/a><\/span><\/p>\n<p>[\/et_pb_blurb][\/et_pb_column][et_pb_column type=\u00a0\u00bb1_4&Prime; _builder_version=\u00a0\u00bb4.16&Prime; custom_padding=\u00a0\u00bb|||\u00a0\u00bb global_colors_info=\u00a0\u00bb{}\u00a0\u00bb custom_padding__hover=\u00a0\u00bb|||\u00a0\u00bb][et_pb_blurb url=\u00a0\u00bbhttp:\/\/ww2.ac-poitiers.fr\/ed_music\/spip.php?article422&Prime; _builder_version=\u00a0\u00bb4.16&Prime; global_colors_info=\u00a0\u00bb{}\u00a0\u00bb]<\/p>\n<h3 class=\"ap_titre\" style=\"text-align: center;\"><strong><span style=\"color: #ffffff;\"><a title=\"Ac Poitiers\" href=\"http:\/\/ww2.ac-poitiers.fr\/ed_music\/spip.php?article422\" target=\"_blank\" rel=\"noopener noreferrer\"><img loading=\"lazy\" decoding=\"async\" class=\"wp-image-50 alignnone size-medium\" src=\"https:\/\/www.pedagogie.ac-nice.fr\/traam-educmus\/wp-content\/uploads\/sites\/2\/2019\/11\/microphone-1209816__480-300x200.jpg\" alt=\"\" width=\"300\" height=\"200\" srcset=\"https:\/\/www.pedagogie.ac-nice.fr\/education-musicale\/wp-content\/uploads\/sites\/2\/2019\/11\/microphone-1209816__480-300x200.jpg 300w, https:\/\/www.pedagogie.ac-nice.fr\/education-musicale\/wp-content\/uploads\/sites\/2\/2019\/11\/microphone-1209816__480.jpg 720w\" sizes=\"(max-width: 300px) 100vw, 300px\" \/><\/a><a href=\"http:\/\/ww2.ac-poitiers.fr\/ed_music\/spip.php?article422\" target=\"_blank\" rel=\"noopener noreferrer\" title=\"Ac Poitiers\"><span style=\"color: #ff0000;\">Guides des \u00e9chauffements vocaux.<\/span><\/a> <\/span><\/strong><\/h3>\n<h6 class=\"ap_titre\" style=\"text-align: center;\"><strong><span style=\"color: #ffffff;\">M. Charton IA-IPR<\/span><\/strong><\/h6>\n<h6 style=\"text-align: center;\"><strong><span style=\"color: #ffffff;\">Acad\u00e9mie de Poitiers<\/span><\/strong><\/h6>\n<h3 style=\"text-align: center;\"><\/h3>\n<p>[\/et_pb_blurb][\/et_pb_column][et_pb_column type=\u00a0\u00bb1_4&Prime; _builder_version=\u00a0\u00bb4.16&Prime; custom_padding=\u00a0\u00bb|||\u00a0\u00bb global_colors_info=\u00a0\u00bb{}\u00a0\u00bb custom_padding__hover=\u00a0\u00bb|||\u00a0\u00bb][et_pb_blurb url=\u00a0\u00bbhttp:\/\/www2.ac-nice.fr\/cid141392\/17eme-edition-du-festival-academique-de-spectacles-chorals.html\u00a0\u00bb _builder_version=\u00a0\u00bb4.16&Prime; global_colors_info=\u00a0\u00bb{}\u00a0\u00bb]<\/p>\n<h3 class=\"normal\" style=\"text-align: center;\"><span style=\"color: #ffffff;\"><strong><a title=\"Festival Choral\" href=\"http:\/\/www2.ac-nice.fr\/cid141392\/17eme-edition-du-festival-academique-de-spectacles-chorals.html\" target=\"_blank\" rel=\"noopener noreferrer\"><img loading=\"lazy\" decoding=\"async\" class=\"wp-image-438 alignnone size-medium\" src=\"https:\/\/www.pedagogie.ac-nice.fr\/traam-educmus\/wp-content\/uploads\/sites\/2\/2019\/11\/Photo_chorale_6947_1115945-300x225.jpg\" alt=\"\" width=\"288\" height=\"216\" srcset=\"https:\/\/www.pedagogie.ac-nice.fr\/education-musicale\/wp-content\/uploads\/sites\/2\/2019\/11\/Photo_chorale_6947_1115945-300x225.jpg 300w, https:\/\/www.pedagogie.ac-nice.fr\/education-musicale\/wp-content\/uploads\/sites\/2\/2019\/11\/Photo_chorale_6947_1115945-510x382.jpg 510w, https:\/\/www.pedagogie.ac-nice.fr\/education-musicale\/wp-content\/uploads\/sites\/2\/2019\/11\/Photo_chorale_6947_1115945.jpg 680w\" sizes=\"(max-width: 288px) 100vw, 288px\" \/><\/a><\/strong><\/span><\/h3>\n<h3 class=\"normal\" style=\"text-align: center;\"><span style=\"color: #ff0000;\"><a href=\"http:\/\/www2.ac-nice.fr\/cid141392\/17eme-edition-du-festival-academique-de-spectacles-chorals.html\" target=\"_blank\" rel=\"noopener noreferrer\" style=\"color: #ff0000;\"><strong>Festival acad\u00e9mique de Spectacles Chorals<\/strong><\/a><\/span><\/h3>\n<p>[\/et_pb_blurb][\/et_pb_column][et_pb_column type=\u00a0\u00bb1_4&Prime; _builder_version=\u00a0\u00bb4.16&Prime; custom_padding=\u00a0\u00bb|||\u00a0\u00bb global_colors_info=\u00a0\u00bb{}\u00a0\u00bb custom_padding__hover=\u00a0\u00bb|||\u00a0\u00bb][et_pb_blurb url=\u00a0\u00bbhttps:\/\/www.pedagogie.ac-nice.fr\/dsden06\/eac\/category\/edmus\/pem\/\u00a0\u00bb _builder_version=\u00a0\u00bb4.16&Prime; global_colors_info=\u00a0\u00bb{}\u00a0\u00bb]<\/p>\n<h3 style=\"text-align: center;\"><span style=\"color: #ffffff;\"><strong><\/strong><\/span><\/h3>\n<h3 style=\"text-align: center;\"><span style=\"color: #ffffff;\"><strong><\/strong><\/span><\/h3>\n<h3 style=\"text-align: center;\"><span style=\"color: #ffffff;\"><strong><\/strong><\/span><\/h3>\n<h3 style=\"text-align: center;\"><span style=\"color: #ffffff;\"><strong><a title=\"EAC\" href=\"https:\/\/www.pedagogie.ac-nice.fr\/dsden06\/eac\/category\/edmus\/pem\/\" target=\"_blank\" rel=\"noopener noreferrer\"><img loading=\"lazy\" decoding=\"async\" class=\"wp-image-441 alignnone size-medium\" src=\"https:\/\/www.pedagogie.ac-nice.fr\/traam-educmus\/wp-content\/uploads\/sites\/2\/2019\/11\/bandeau_eac-300x86.jpeg\" alt=\"\" width=\"300\" height=\"86\" srcset=\"https:\/\/www.pedagogie.ac-nice.fr\/education-musicale\/wp-content\/uploads\/sites\/2\/2019\/11\/bandeau_eac-300x86.jpeg 300w, https:\/\/www.pedagogie.ac-nice.fr\/education-musicale\/wp-content\/uploads\/sites\/2\/2019\/11\/bandeau_eac-768x221.jpeg 768w, https:\/\/www.pedagogie.ac-nice.fr\/education-musicale\/wp-content\/uploads\/sites\/2\/2019\/11\/bandeau_eac.jpeg 1000w\" sizes=\"(max-width: 300px) 100vw, 300px\" \/><\/a><\/strong><\/span><\/h3>\n<h3 style=\"text-align: center;\"><span style=\"color: #ffffff;\"><strong><\/strong><\/span><\/h3>\n<p><span style=\"color: #ffffff;\"><strong><\/strong><\/span><\/p>\n<p><span style=\"color: #ffffff;\"><strong><\/strong><\/span><\/p>\n<h3 style=\"text-align: center;\"><a href=\"https:\/\/www.pedagogie.ac-nice.fr\/dsden06\/eac\/category\/edmus\/pem\/\" target=\"_blank\" rel=\"noopener noreferrer\"><span style=\"color: #ffffff;\"><strong>MISSIONS \u00c9DUCATION ARTISTIQUE <\/strong><\/span><\/a><a href=\"https:\/\/www.pedagogie.ac-nice.fr\/dsden06\/eac\/category\/edmus\/pem\/\" target=\"_blank\" rel=\"noopener noreferrer\"><span style=\"color: #ffffff;\"><strong>ET CULTURELLE (06)<\/strong><\/span><\/a><\/h3>\n<p>[\/et_pb_blurb][\/et_pb_column][\/et_pb_row][\/et_pb_section]<\/p>\n","protected":false},"excerpt":{"rendered":"<p>ACSAM LA FARECI ENSEIGNEMENT FACULTATIF DU CHANT CHORAL M. StisiGuides des \u00e9chauffements vocaux. M. Charton IA-IPR Acad\u00e9mie de Poitiers Festival acad\u00e9mique de Spectacles Chorals MISSIONS \u00c9DUCATION ARTISTIQUE ET CULTURELLE (06)<\/p>\n","protected":false},"author":213,"featured_media":0,"parent":0,"menu_order":2,"comment_status":"closed","ping_status":"closed","template":"","meta":{"_et_pb_use_builder":"on","_et_pb_old_content":"","_et_gb_content_width":"","ngg_post_thumbnail":0,"footnotes":""},"class_list":["post-420","page","type-page","status-publish","hentry"],"rttpg_featured_image_url":null,"rttpg_author":{"display_name":"fnesme","author_link":"https:\/\/www.pedagogie.ac-nice.fr\/education-musicale\/author\/fnesme\/"},"rttpg_comment":0,"rttpg_category":null,"rttpg_excerpt":"ACSAM LA FARECI ENSEIGNEMENT FACULTATIF DU CHANT CHORAL M. StisiGuides des \u00e9chauffements vocaux. M. Charton IA-IPR Acad\u00e9mie de Poitiers Festival acad\u00e9mique de Spectacles Chorals MISSIONS \u00c9DUCATION ARTISTIQUE ET CULTURELLE (06)","post_mailing_queue_ids":[],"_links":{"self":[{"href":"https:\/\/www.pedagogie.ac-nice.fr\/education-musicale\/wp-json\/wp\/v2\/pages\/420","targetHints":{"allow":["GET"]}}],"collection":[{"href":"https:\/\/www.pedagogie.ac-nice.fr\/education-musicale\/wp-json\/wp\/v2\/pages"}],"about":[{"href":"https:\/\/www.pedagogie.ac-nice.fr\/education-musicale\/wp-json\/wp\/v2\/types\/page"}],"author":[{"embeddable":true,"href":"https:\/\/www.pedagogie.ac-nice.fr\/education-musicale\/wp-json\/wp\/v2\/users\/213"}],"replies":[{"embeddable":true,"href":"https:\/\/www.pedagogie.ac-nice.fr\/education-musicale\/wp-json\/wp\/v2\/comments?post=420"}],"version-history":[{"count":23,"href":"https:\/\/www.pedagogie.ac-nice.fr\/education-musicale\/wp-json\/wp\/v2\/pages\/420\/revisions"}],"predecessor-version":[{"id":1792,"href":"https:\/\/www.pedagogie.ac-nice.fr\/education-musicale\/wp-json\/wp\/v2\/pages\/420\/revisions\/1792"}],"wp:attachment":[{"href":"https:\/\/www.pedagogie.ac-nice.fr\/education-musicale\/wp-json\/wp\/v2\/media?parent=420"}],"curies":[{"name":"wp","href":"https:\/\/api.w.org\/{rel}","templated":true}]}}