{"id":649,"date":"2020-03-02T20:13:21","date_gmt":"2020-03-02T19:13:21","guid":{"rendered":"http:\/\/www.pedagogie.ac-nice.fr\/traam-educmus\/?page_id=649"},"modified":"2026-02-19T21:29:16","modified_gmt":"2026-02-19T20:29:16","slug":"traam","status":"publish","type":"page","link":"https:\/\/www.pedagogie.ac-nice.fr\/education-musicale\/groupe-numerique-disciplinaire\/traam\/","title":{"rendered":"GND 2017 Framasoft"},"content":{"rendered":"<p>[et_pb_section fb_built=\u00a0\u00bb1&Prime; _builder_version=\u00a0\u00bb4.16&Prime; background_color=\u00a0\u00bb#000000&Prime; background_image=\u00a0\u00bbhttps:\/\/www.pedagogie.ac-nice.fr\/traam-educmus\/wp-content\/uploads\/sites\/2\/2019\/11\/turntable-1109588_1280.jpg\u00a0\u00bb global_colors_info=\u00a0\u00bb{}\u00a0\u00bb][et_pb_row _builder_version=\u00a0\u00bb4.16&Prime; global_colors_info=\u00a0\u00bb{}\u00a0\u00bb][et_pb_column type=\u00a0\u00bb4_4&Prime; _builder_version=\u00a0\u00bb4.16&Prime; custom_padding=\u00a0\u00bb|||\u00a0\u00bb global_colors_info=\u00a0\u00bb{}\u00a0\u00bb custom_padding__hover=\u00a0\u00bb|||\u00a0\u00bb][et_pb_blurb _builder_version=\u00a0\u00bb4.16&Prime; global_colors_info=\u00a0\u00bb{}\u00a0\u00bb]<\/p>\n<h3 style=\"text-align: center;\">\u00a0<\/h3>\n<h3 style=\"text-align: center;\">\u00a0<\/h3>\n<h3 style=\"text-align: center;\"><span style=\"color: #000000;\">Groupe Num\u00e9rique Disciplinaire 2017-2018<\/span><\/h3>\n<p>[\/et_pb_blurb][\/et_pb_column][\/et_pb_row][\/et_pb_section][et_pb_section fb_built=\u00a0\u00bb1&Prime; _builder_version=\u00a0\u00bb4.16&Prime; background_color=\u00a0\u00bb#000000&Prime; global_colors_info=\u00a0\u00bb{}\u00a0\u00bb][et_pb_row column_structure=\u00a0\u00bb1_2,1_2&Prime; _builder_version=\u00a0\u00bb4.16&Prime; global_colors_info=\u00a0\u00bb{}\u00a0\u00bb][et_pb_column type=\u00a0\u00bb1_2&Prime; _builder_version=\u00a0\u00bb4.16&Prime; custom_padding=\u00a0\u00bb|||\u00a0\u00bb global_colors_info=\u00a0\u00bb{}\u00a0\u00bb custom_padding__hover=\u00a0\u00bb|||\u00a0\u00bb][et_pb_blurb _builder_version=\u00a0\u00bb4.16&Prime; global_colors_info=\u00a0\u00bb{}\u00a0\u00bb]<\/p>\n<p style=\"text-align: center;\"><span style=\"color: #ffffff;\"><a style=\"color: #ffffff;\" href=\"https:\/\/my.framasoft.org\/u\/traam_acnice\/?do=tagcloud%20\" target=\"_blank\" rel=\"noopener noreferrer\"><img loading=\"lazy\" decoding=\"async\" class=\"wp-image-652 alignnone size-medium\" src=\"https:\/\/www.pedagogie.ac-nice.fr\/traam-educmus\/wp-content\/uploads\/sites\/2\/2020\/03\/aa56a445efb72803-300x300.jpg\" alt=\"\" width=\"87\" height=\"87\" srcset=\"https:\/\/www.pedagogie.ac-nice.fr\/education-musicale\/wp-content\/uploads\/sites\/2\/2020\/03\/aa56a445efb72803-300x300.jpg 300w, https:\/\/www.pedagogie.ac-nice.fr\/education-musicale\/wp-content\/uploads\/sites\/2\/2020\/03\/aa56a445efb72803-150x150.jpg 150w, https:\/\/www.pedagogie.ac-nice.fr\/education-musicale\/wp-content\/uploads\/sites\/2\/2020\/03\/aa56a445efb72803.jpg 400w\" sizes=\"(max-width: 87px) 100vw, 87px\" \/>\u00a0 <\/a><\/span><\/p>\n<h3 style=\"text-align: center;\"><span style=\"color: #ffffff;\"><a style=\"color: #ffffff;\" href=\"https:\/\/my.framasoft.org\/u\/traam_acnice\/?do=tagcloud%20\" target=\"_blank\" rel=\"noopener noreferrer\"><strong>FRAMASOFT<\/strong><\/a><\/span><\/h3>\n<h4 style=\"text-align: justify;\"><span style=\"color: #ffffff;\">Cliquez sur l&rsquo;image pour voir des exemples.<\/span><\/h4>\n<p style=\"text-align: justify;\"><span style=\"color: #ffffff;\">Constat<\/span><\/p>\n<p style=\"text-align: justify;\"><span style=\"color: #ffffff;\">Les \u00e9l\u00e8ves utilisent principalement la plateforme YouTube en renseignant la barre de recherche et en \u00e9coutant, en ligne, la ou les premi\u00e8res propositions. Certains se constituent une playlist sur YouTube ou sur d\u2019autres plateformes. Des \u00e9l\u00e8ves ont aussi des comptes sp\u00e9cialis\u00e9s (Deezer, Spotify, Qobuz, Apple Music, Google Play\u2026) gratuits ou profitent de l\u2019abonnement des parents.<\/span><\/p>\n<p style=\"text-align: justify;\"><span style=\"color: #ffffff;\">Les playlist stock\u00e9es sur une appareil d\u00e9di\u00e9 n\u2019existent pratiquement plus au b\u00e9n\u00e9fice des solutions en streaming.<\/span><\/p>\n<p style=\"text-align: justify;\"><span style=\"color: #ffffff;\">Quelle que soit la technologie utilis\u00e9e, le crit\u00e8re de s\u00e9lection ob\u00e9it au plaisir imm\u00e9diat.<\/span><\/p>\n<p style=\"text-align: justify;\"><span style=\"color: #ffffff;\">Face aux multiples acc\u00e8s qu\u2019offre le num\u00e9rique pour \u00e9couter de la musique en flux audio, l\u2019\u00e9l\u00e8ve doit apprendre \u00e0 se rep\u00e9rer, s\u2019ouvrir et \u00e0 s\u2019affirmer dans ses choix musicaux.<\/span><\/p>\n<p style=\"text-align: justify;\"><span style=\"color: #ffffff;\">D\u00e9marche p\u00e9dagogique :<\/span><\/p>\n<p style=\"text-align: justify;\"><span style=\"color: #ffffff;\">A la fin du cycle 3 : En s\u2019appuyant sur les comp\u00e9tences et les connaissances\u00a0du programme d\u2019\u00c9ducation musicale, l\u2019\u00e9l\u00e8ve apprend \u00e0 se rep\u00e9rer, \u00e0 s\u2019affirmer dans ses propres go\u00fbts musicaux et \u00e0 \u00e9largir sa culture musicale au contact d\u2019une ou de plusieurs playlist de musique cr\u00e9\u00e9es par le professeur.<\/span><\/p>\n<p style=\"text-align: justify;\"><span style=\"color: #ffffff;\">Au cycle 4 : Toujours en s\u2019appuyant sur les comp\u00e9tences et les connaissances\u00a0du programme d\u2019\u00c9ducation musicale, l\u2019\u00e9l\u00e8ve est amen\u00e9 \u00e0 cr\u00e9er progressivement sa propre playlist.<\/span><\/p>\n<p style=\"text-align: justify;\"><span style=\"color: #ffffff;\">En cinqui\u00e8me, il doit \u00eatre capable d\u2019enrichir la playlist de la classe (celle d\u2019une s\u00e9quence ou celle de toute une ann\u00e9e scolaire), d\u2019argumenter ses choix, de renseigner ses propres tags en fonction des \u0153uvres \u00e9tudi\u00e9es et pratiqu\u00e9es en cours. Il se construit ainsi une culture musicale \u00e0 la fois commune et personnelle (son univers musical).<\/span><\/p>\n<p style=\"text-align: justify;\"><span style=\"color: #ffffff;\">En quatri\u00e8me, une s\u00e9quence peut \u00eatre consacr\u00e9e \u00e0 la cr\u00e9ation d\u2019une playlist par les \u00e9l\u00e8ves d\u2019une m\u00eame classe. En troisi\u00e8me, chaque \u00e9l\u00e8ve (en s\u2019inscrivant gr\u00e2ce \u00e0 une adresse mail personnelle) peut passer \u00e0 l\u2019\u00e9tape o\u00f9, toujours en classe, il cr\u00e9e sa propre playlist \u00e0 partir des \u0153uvres \u00e9tudi\u00e9es dans l\u2019ann\u00e9e.<\/span><\/p>\n<p style=\"text-align: justify;\"><span style=\"color: #ffffff;\">Parall\u00e8lement, sensibilis\u00e9 et \u00e9duqu\u00e9 au respect de la propri\u00e9t\u00e9 intellectuelle, il prend conscience des enjeux du droit de la cr\u00e9ation musicale et trouve les moyens de se mettre en conformit\u00e9. Pour cela, il est aussi possible de solliciter l\u2019EMI.<\/span><\/p>\n<p style=\"text-align: justify;\"><span style=\"color: #ffffff;\">Enfin, l\u2019\u00e9l\u00e8ve peut placer sa playlist dans l\u2019application FOLIOS, valorisant ainsi ses exp\u00e9riences comme ses comp\u00e9tences scolaires et extrascolaires. Cette d\u00e9marche peut aussi l\u2019aider \u00e0 prendre conscience de son propre parcours d\u2019EAC, d\u2019en garder une tra\u00e7abilit\u00e9 dans le temps et de d\u00e9velopper une forme d\u2019autonomie dans ses apprentissages.<br \/> <\/span><\/p>\n<p><span style=\"color: #ffffff;\">Moyen\u00a0technique :<\/span><\/p>\n<p><span style=\"color: #ffffff;\">La plateforme Framasoft offre un espace num\u00e9rique de partage, MyFrama permettant d\u2019afficher et de partager des liens, en l\u2019occurrence ici, musicaux. Plusieurs outils sont fournis\u00a0: mur d\u2019images, miniatures, nuage de tags, journal\u2026<\/span><\/p>\n<p><span style=\"color: #ffffff;\">Le mur de notre groupe TraAM qui nous a servi de test et qui constitue un exemple de r\u00e9alisation dans ce dossier est accessible via le lien\u00a0:<\/span><\/p>\n<p><span style=\"color: #ffffff;\">https:\/\/my.framasoft.org\/u\/traam_acnice\/?do=tagcloud<\/span><\/p>\n<p><span style=\"color: #ffffff;\">La page d\u2019acc\u00e8s correspond au nuage de mots taguer par nos soins autour de l\u2019op\u00e9ra Di nozze de Figaro de Mozart<\/span><\/p>\n<p><span style=\"color: #ffffff;\">Apports du num\u00e9rique\u00a0:<\/span><\/p>\n<p><span style=\"color: #ffffff;\">-Utiliser rapidement les fonctions au sein de la plateforme\u00a0;<\/span><\/p>\n<p><span style=\"color: #ffffff;\">-D\u00e9multiplier le partage de la musique via des liens\u00a0;<\/span><\/p>\n<p><span style=\"color: #ffffff;\">-Mettre en relation multiple des morceaux de la playlist\u00a0;<\/span><\/p>\n<p><span style=\"color: #ffffff;\">-Utiliser du vocabulaire sp\u00e9cifique par le jeu des tags\u00a0;<\/span><\/p>\n<p><span style=\"color: #ffffff;\">-Utiliser librement le terminal de son choix reli\u00e9 \u00e0 Internet (ordinateur, tablette, smartphone\u2026)\u00a0;<\/span><\/p>\n<p><span style=\"color: #ffffff;\">-Redonner aux \u0153uvres \u00e9tudi\u00e9es la dimension artistique qui peut avoir \u00e9t\u00e9 perdue dans une optique didactique\u00a0;<\/span><\/p>\n<p><span style=\"color: #ffffff;\">-Induire une autre forme de relation entre le professeur, l\u2019\u00e9l\u00e8ve et l\u2019\u0153uvre\u00a0;<\/span><\/p>\n<p><span style=\"color: #ffffff;\">-Apporter une nouvelle mani\u00e8re de garder trace du cours.<\/span><\/p>\n<p><span style=\"color: #ffffff;\">\u00c9l\u00e9ments du programme mis en valeur :<\/span><\/p>\n<p><span style=\"color: #ffffff;\">\u00c9couter, comparer, construire une culture musicale commune.<\/span><\/p>\n<p><span style=\"color: #ffffff;\">\u00c9changer, partager, argumenter et d\u00e9battre.<\/span><\/p>\n<p><span style=\"color: #ffffff;\">\u00c9l\u00e9ments du socle commun :<\/span><\/p>\n<p><span style=\"color: #ffffff;\">D2 &#8211; Les m\u00e9thodes et outils pour apprendre<\/span><\/p>\n<p><span style=\"color: #ffffff;\">D3 &#8211; La formation de la personne et du citoyen<\/span><\/p>\n<p><span style=\"color: #ffffff;\">D5 &#8211; Les repr\u00e9sentation du monde et l\u2019activit\u00e9 humaine<\/span><\/p>\n<p style=\"text-align: center;\">[\/et_pb_blurb][\/et_pb_column][et_pb_column type=\u00a0\u00bb1_2&Prime; _builder_version=\u00a0\u00bb4.16&Prime; custom_padding=\u00a0\u00bb|||\u00a0\u00bb global_colors_info=\u00a0\u00bb{}\u00a0\u00bb custom_padding__hover=\u00a0\u00bb|||\u00a0\u00bb][et_pb_blurb _builder_version=\u00a0\u00bb4.16&Prime; global_colors_info=\u00a0\u00bb{}\u00a0\u00bb]<\/p>\n<p style=\"text-align: center;\"><span style=\"color: #ffffff;\"><\/span><\/p>\n<p style=\"text-align: center;\"><span style=\"color: #ffffff;\"><a style=\"color: #ffffff;\" href=\"https:\/\/youtu.be\/Jp2t85XSPLc\" target=\"_blank\" rel=\"noopener noreferrer\"><img loading=\"lazy\" decoding=\"async\" class=\"wp-image-652 alignnone size-medium\" style=\"display: block; margin-left: auto; margin-right: auto;\" src=\"https:\/\/www.pedagogie.ac-nice.fr\/traam-educmus\/wp-content\/uploads\/sites\/2\/2020\/03\/aa56a445efb72803-300x300.jpg\" alt=\"\" width=\"88\" height=\"88\" srcset=\"https:\/\/www.pedagogie.ac-nice.fr\/education-musicale\/wp-content\/uploads\/sites\/2\/2020\/03\/aa56a445efb72803-300x300.jpg 300w, https:\/\/www.pedagogie.ac-nice.fr\/education-musicale\/wp-content\/uploads\/sites\/2\/2020\/03\/aa56a445efb72803-150x150.jpg 150w, https:\/\/www.pedagogie.ac-nice.fr\/education-musicale\/wp-content\/uploads\/sites\/2\/2020\/03\/aa56a445efb72803.jpg 400w\" sizes=\"(max-width: 88px) 100vw, 88px\" \/><\/a><\/span><\/p>\n<h3 style=\"text-align: center;\"><\/h3>\n<h3 style=\"text-align: center;\"><span style=\"color: #ffffff;\">FRAMASOFT Tutoriel<br \/> <\/span><\/h3>\n<h4 style=\"text-align: justify;\"><span style=\"color: #ffffff;\">Cliquez sur l&rsquo;image pour voir la video.<\/span><\/h4>\n<p style=\"text-align: justify;\"><span style=\"color: #ffffff;\">Descriptif g\u00e9n\u00e9ral\u00a0<\/span><\/p>\n<p style=\"text-align: justify;\"><span style=\"color: #ffffff;\">Le projet du groupe TraAM de l\u2019Acad\u00e9mie de Nice pr\u00e9sente une d\u00e9marche de d\u00e9multiplication de l\u2019\u00e9coute. Sur une plateforme d\u2019h\u00e9bergement, le professeur d\u2019\u00c9ducation musicale propose des liens vers des \u0153uvres \u00e9tudi\u00e9es en cours ou \u00e0 \u00e9couter en situation domestique. L\u2019\u00e9l\u00e8ve y a un libre acc\u00e8s et peut proposer \u00e0 son tour des liens.<\/span><\/p>\n<p style=\"text-align: justify;\"><span style=\"color: #ffffff;\">Prenant en compte les pratiques culturelles des adolescents en mati\u00e8re d\u2019\u00e9coute de la musique, ce projet ambitionne de donner \u00e0 l\u2019\u00e9l\u00e8ve l\u2019envie d\u2019\u00e9couter, pour son plaisir personnel, des extraits d\u2019\u0153uvres musicales en relation \u00e9troite ou large avec le cours. Dans la droite ligne d\u2019une pratique num\u00e9rique d\u00e9j\u00e0 ancr\u00e9e dans le quotidien des adolescents, le choix de Framasoft\/MyFrama garantit leur s\u00e9curit\u00e9. Cette plateforme est gratuite et p\u00e9renne, sa capacit\u00e9 d\u2019affichage des liens est sans restriction et sans limite, elle n\u2019est pas soumise aux imp\u00e9ratifs publicitaires tout en garantissant le respect de la r\u00e8glementation en mati\u00e8re de protection des donn\u00e9es&#8230;<\/span><\/p>\n<p style=\"text-align: justify;\"><span style=\"color: #ffffff;\">Elle offre enfin la possibilit\u00e9 de taguer les morceaux,<\/span><\/p>\n<p style=\"text-align: justify;\"><span style=\"color: #ffffff;\">Concernant ce dernier point, en effet, le syst\u00e8me des tags peut renforcer l\u2019effet s\u00e9quence mais peut aussi ouvrir un nouvel ordre, celui que l\u2019\u00e9l\u00e8ve aura d\u00e9cid\u00e9. Par exemple, plusieurs extraits du Barbier de S\u00e9ville plac\u00e9s sur la plateforme sont chant\u00e9s par le baryton-basse Luca Pisaroni. Le nom du chanteur est un tag de tous ces morceaux et renvoie \u00e0 plusieurs vid\u00e9os de l\u2019artiste en dehors de l\u2019op\u00e9ra de Rossini. En choisissant le tag \u00ab Luca Pisaroni \u00bb dans le nuage de tags g\u00e9n\u00e9r\u00e9 par la plateforme, l\u2019\u00e9l\u00e8ve se cr\u00e9e une playlist autour de cet interpr\u00e8te et a ainsi acc\u00e8s \u00e0 de la mati\u00e8re musicale ou culturelle qui n\u2019a pas \u00e9t\u00e9 abord\u00e9e en cours.<\/span><\/p>\n<p style=\"text-align: justify;\"><span style=\"color: #ffffff;\">Autre exemple autour de la d\u00e9couverte du Barbier de S\u00e9ville au Th\u00e9\u00e2tre Claude Debussy \u00e0 Cannes le 19 novembre 2017, une s\u00e9quence peu ordinaire est consacr\u00e9e \u00e0 cet op\u00e9ra. Plusieurs de ses extraits sont choisis par le professeur et affich\u00e9s sur la plateforme. D\u2019autres extraits ouvrent de nouveaux champs \u00e0 l\u2019envie de d\u00e9couverte ou \u00e0 la curiosit\u00e9 comme la citation de l\u2019Ouverture du Barbier dans le film \u00ab Mrs Doubtfire \u00bb ou la tr\u00e8s libre adaptation des pages orchestrales dans un des cartoons de la Warner Bros \u00ab Rabbit of S\u00e9ville \u00bb.<\/span><\/p>\n<p style=\"text-align: justify;\"><span style=\"color: #ffffff;\">La part enseignement n\u2019est pas oubli\u00e9e avec des extraits se rapportant aux comp\u00e9tences d\u2019interpr\u00e9tation, d\u2019\u00e9coute et de construction d\u2019une culture musicale.<\/span><\/p>\n<p style=\"text-align: justify;\"><span style=\"color: #ffffff;\">Autre perspective\u00a0:<\/span><\/p>\n<p style=\"text-align: justify;\"><span style=\"color: #ffffff;\">Sans rev\u00eatir ici une exemple concret dans la proposition, , l\u2019\u00e9l\u00e8ve peut \u00eatre amen\u00e9, par le biais de Framasoft, \u00e0 se familiariser avec diff\u00e9rentes versions d\u2019une m\u00eame \u0153uvre musicale et envisager des travaux d\u2019interpr\u00e9tation.<\/span><\/p>\n<p style=\"text-align: justify;\"><span style=\"color: #ffffff;\">L\u2019\u0153uvre de Gershwin, \u00ab Summertime\u00a0\u00bb offre de multiples interpr\u00e9tations que l\u2019\u00e9l\u00e8ve peut appr\u00e9cier sans retenue (Ella Fitzgerald en version album ou live, Janis Joplin pour une interpr\u00e9tation plus rock ou Al Jarreau dans un registre plus groove\u2026).\u00a0 https:\/\/my.framasoft.org\/u\/traam_acnice\/?do=tagcloud<\/span><\/p>\n<p style=\"text-align: justify;\"><span style=\"color: #ffffff;\">\u00c0 l\u2019issue de cette impr\u00e9gnation, un travail par \u00eelot peut \u00eatre mis en \u0153uvre\u00a0: s\u2019inspirant des versions mises \u00e0 disposition, chaque groupe est amen\u00e9 \u00e0 \u00e9laborer sa propre interpr\u00e9tation. Au-del\u00e0 du jeu sur les diff\u00e9rences de tempo, des interpr\u00e9tations peuvent reposer sur l\u2019articulation des phrases musicales (plus lent pour Ella Fitzgerald en studio, plus rythm\u00e9e pour Janis Joplin avec adaptation libre du texte\u2026) ou le jeu sur les sonorit\u00e9s au d\u00e9triment de la compr\u00e9hension du texte (Al Jarreau). Ce travail peut prendre appui sur un playback mis \u00e0 disposition afin de faciliter les \u00e9changes et le travail en autonomie. En ce sens, la confrontation d\u2019interpr\u00e9tations am\u00e8ne l\u2019\u00e9l\u00e8ve \u00e0 se forger sa propre vision de l\u2019\u0153uvre et \u00e0 se l\u2019approprier, voire \u00e0 l\u2019amener \u00e0 chercher d\u2019autres versions peut-\u00eatre plus proche de sa vision personnelle.\u00a0\u00bb<\/span><\/p>\n<p style=\"text-align: justify;\">[\/et_pb_blurb][et_pb_video src=\u00a0\u00bbhttps:\/\/youtu.be\/Jp2t85XSPLc\u00a0\u00bb _builder_version=\u00a0\u00bb4.16&Prime; global_colors_info=\u00a0\u00bb{}\u00a0\u00bb][\/et_pb_video][\/et_pb_column][\/et_pb_row][\/et_pb_section]<\/p>\n","protected":false},"excerpt":{"rendered":"<p>\u00a0 \u00a0 Groupe Num\u00e9rique Disciplinaire 2017-2018\u00a0 FRAMASOFT Cliquez sur l&rsquo;image pour voir des exemples. Constat Les \u00e9l\u00e8ves utilisent principalement la plateforme YouTube en renseignant la barre de recherche et en \u00e9coutant, en ligne, la ou les premi\u00e8res propositions. Certains se constituent une playlist sur YouTube ou sur d\u2019autres plateformes. Des \u00e9l\u00e8ves ont aussi des comptes [&hellip;]<\/p>\n","protected":false},"author":213,"featured_media":0,"parent":1679,"menu_order":0,"comment_status":"closed","ping_status":"closed","template":"","meta":{"_et_pb_use_builder":"on","_et_pb_old_content":"","_et_gb_content_width":"","ngg_post_thumbnail":0,"footnotes":""},"class_list":["post-649","page","type-page","status-publish","hentry"],"rttpg_featured_image_url":null,"rttpg_author":{"display_name":"fnesme","author_link":"https:\/\/www.pedagogie.ac-nice.fr\/education-musicale\/author\/fnesme\/"},"rttpg_comment":0,"rttpg_category":null,"rttpg_excerpt":"\u00a0 \u00a0 Groupe Num\u00e9rique Disciplinaire 2017-2018\u00a0 FRAMASOFT Cliquez sur l'image pour voir des exemples. Constat Les \u00e9l\u00e8ves utilisent principalement la plateforme YouTube en renseignant la barre de recherche et en \u00e9coutant, en ligne, la ou les premi\u00e8res propositions. Certains se constituent une playlist sur YouTube ou sur d\u2019autres plateformes. Des \u00e9l\u00e8ves ont aussi des comptes\u2026","post_mailing_queue_ids":[],"_links":{"self":[{"href":"https:\/\/www.pedagogie.ac-nice.fr\/education-musicale\/wp-json\/wp\/v2\/pages\/649","targetHints":{"allow":["GET"]}}],"collection":[{"href":"https:\/\/www.pedagogie.ac-nice.fr\/education-musicale\/wp-json\/wp\/v2\/pages"}],"about":[{"href":"https:\/\/www.pedagogie.ac-nice.fr\/education-musicale\/wp-json\/wp\/v2\/types\/page"}],"author":[{"embeddable":true,"href":"https:\/\/www.pedagogie.ac-nice.fr\/education-musicale\/wp-json\/wp\/v2\/users\/213"}],"replies":[{"embeddable":true,"href":"https:\/\/www.pedagogie.ac-nice.fr\/education-musicale\/wp-json\/wp\/v2\/comments?post=649"}],"version-history":[{"count":19,"href":"https:\/\/www.pedagogie.ac-nice.fr\/education-musicale\/wp-json\/wp\/v2\/pages\/649\/revisions"}],"predecessor-version":[{"id":1694,"href":"https:\/\/www.pedagogie.ac-nice.fr\/education-musicale\/wp-json\/wp\/v2\/pages\/649\/revisions\/1694"}],"up":[{"embeddable":true,"href":"https:\/\/www.pedagogie.ac-nice.fr\/education-musicale\/wp-json\/wp\/v2\/pages\/1679"}],"wp:attachment":[{"href":"https:\/\/www.pedagogie.ac-nice.fr\/education-musicale\/wp-json\/wp\/v2\/media?parent=649"}],"curies":[{"name":"wp","href":"https:\/\/api.w.org\/{rel}","templated":true}]}}