{"id":871,"date":"2020-06-12T16:08:36","date_gmt":"2020-06-12T14:08:36","guid":{"rendered":"http:\/\/www.pedagogie.ac-nice.fr\/traam-educmus\/?page_id=871"},"modified":"2026-02-21T16:25:08","modified_gmt":"2026-02-21T15:25:08","slug":"mosaiques-musicales","status":"publish","type":"page","link":"https:\/\/www.pedagogie.ac-nice.fr\/education-musicale\/continuite-pedagogique\/mosaiques-musicales\/","title":{"rendered":"Mosa\u00efques musicales"},"content":{"rendered":"<p>[et_pb_section fb_built=\u00a0\u00bb1&Prime; _builder_version=\u00a0\u00bb4.16&Prime; background_color=\u00a0\u00bb#000000&Prime; global_colors_info=\u00a0\u00bb{}\u00a0\u00bb][et_pb_row column_structure=\u00a0\u00bb1_2,1_2&Prime; _builder_version=\u00a0\u00bb4.16&Prime; global_colors_info=\u00a0\u00bb{}\u00a0\u00bb][et_pb_column type=\u00a0\u00bb1_2&Prime; _builder_version=\u00a0\u00bb4.16&Prime; custom_padding=\u00a0\u00bb|||\u00a0\u00bb global_colors_info=\u00a0\u00bb{}\u00a0\u00bb custom_padding__hover=\u00a0\u00bb|||\u00a0\u00bb][et_pb_code _builder_version=\u00a0\u00bb4.27.4&Prime; custom_padding=\u00a0\u00bb||1px|||\u00a0\u00bb global_colors_info=\u00a0\u00bb{}\u00a0\u00bb]<iframe loading=\"lazy\" width=\"600\" height=\"300\" src=\"https:\/\/acamedia.ac-nice.fr\/player\/embed_player.php?vid=Y7UO345W6UGM\" frameborder=\"0\" allowfullscreen><\/iframe>[\/et_pb_code][\/et_pb_column][et_pb_column type=\u00a0\u00bb1_2&Prime; _builder_version=\u00a0\u00bb4.16&Prime; custom_padding=\u00a0\u00bb|||\u00a0\u00bb global_colors_info=\u00a0\u00bb{}\u00a0\u00bb custom_padding__hover=\u00a0\u00bb|||\u00a0\u00bb][et_pb_blurb _builder_version=\u00a0\u00bb4.27.4&Prime; global_colors_info=\u00a0\u00bb{}\u00a0\u00bb]<\/p>\n<h3 style=\"text-align: center;\"><span style=\"color: #ff0000;\"><strong>\u00ab\u00a0Iron &#8211; Woodkid \u00ab\u00a0<\/strong> <\/span><\/h3>\n<p>&nbsp;<\/p>\n<p style=\"text-align: justify;\"><span style=\"color: #ffffff;\">\u00ab\u00a0Iron &#8211; Woodkid\u00a0\u00bb est un montage r\u00e9alis\u00e9 par <strong>Monsieur Patrick Clette<\/strong> \u00e0 partir des enregistrements de ses \u00e9l\u00e8ves de premi\u00e8re en option musique au Lyc\u00e9e Stanislas de Nice.<br \/>Ces travaux ont \u00e9t\u00e9 men\u00e9s dans le cadre des cours de musique durant le confinement. <\/span><\/p>\n<p>[\/et_pb_blurb][\/et_pb_column][\/et_pb_row][et_pb_row column_structure=\u00a0\u00bb1_2,1_2&Prime; _builder_version=\u00a0\u00bb4.16&Prime; global_colors_info=\u00a0\u00bb{}\u00a0\u00bb][et_pb_column type=\u00a0\u00bb1_2&Prime; _builder_version=\u00a0\u00bb4.16&Prime; custom_padding=\u00a0\u00bb|||\u00a0\u00bb global_colors_info=\u00a0\u00bb{}\u00a0\u00bb custom_padding__hover=\u00a0\u00bb|||\u00a0\u00bb][et_pb_video src=\u00a0\u00bbhttps:\/\/youtu.be\/iqH6EUlL0EU\u00a0\u00bb _builder_version=\u00a0\u00bb4.16&Prime; global_colors_info=\u00a0\u00bb{}\u00a0\u00bb][\/et_pb_video][\/et_pb_column][et_pb_column type=\u00a0\u00bb1_2&Prime; _builder_version=\u00a0\u00bb4.16&Prime; custom_padding=\u00a0\u00bb|||\u00a0\u00bb global_colors_info=\u00a0\u00bb{}\u00a0\u00bb custom_padding__hover=\u00a0\u00bb|||\u00a0\u00bb][et_pb_blurb _builder_version=\u00a0\u00bb4.16&Prime; global_colors_info=\u00a0\u00bb{}\u00a0\u00bb]<\/p>\n<h3 style=\"text-align: center;\"><span style=\"color: #ff0000;\"><strong>\u00ab\u00a0Happy Face\u00a0\u00bb d&rsquo;Ibrahim Maalouf<\/strong><\/span><\/h3>\n<p>&nbsp;<\/p>\n<p style=\"text-align: justify;\"><span style=\"color: #ffffff;\">\u00ab\u00a0Happy Face\u00a0\u00bb d\u2019Ibrahim Maalouf, interpr\u00e9t\u00e9 par la Classe orchestre OLGA du Coll\u00e8ge Lei Garus de St Maximin. <\/span><\/p>\n<p style=\"text-align: justify;\"><span style=\"color: #ffffff;\">Montage r\u00e9alis\u00e9 par <strong>Monsieur J\u00e9rome Bisotto<\/strong> \u00e0 partir des vid\u00e9os enregistr\u00e9es par membres de l&rsquo;Orchestre (type OAE mais enti\u00e8rement libre). Ce sont des \u00e9l\u00e8ves de 6\u00e8me. Ils ont donc commenc\u00e9 en septembre, se sont arr\u00eat\u00e9s en mars mais ont continu\u00e9 \u00e0 jouer\u2026. confin\u00e9s mais synchronis\u00e9s.<\/span><\/p>\n<p>[\/et_pb_blurb][\/et_pb_column][\/et_pb_row][et_pb_row column_structure=\u00a0\u00bb1_2,1_2&Prime; _builder_version=\u00a0\u00bb4.16&Prime; global_colors_info=\u00a0\u00bb{}\u00a0\u00bb][et_pb_column type=\u00a0\u00bb1_2&Prime; _builder_version=\u00a0\u00bb4.16&Prime; custom_padding=\u00a0\u00bb|||\u00a0\u00bb global_colors_info=\u00a0\u00bb{}\u00a0\u00bb custom_padding__hover=\u00a0\u00bb|||\u00a0\u00bb][et_pb_code _builder_version=\u00a0\u00bb4.27.4&Prime; _module_preset=\u00a0\u00bbdefault\u00a0\u00bb global_colors_info=\u00a0\u00bb{}\u00a0\u00bb]<iframe loading=\"lazy\" width=\"600\" height=\"300\" src=\"https:\/\/acamedia.ac-nice.fr\/player\/embed_player.php?vid=S1BHHKN4YN37\" frameborder=\"0\" allowfullscreen><\/iframe>[\/et_pb_code][\/et_pb_column][et_pb_column type=\u00a0\u00bb1_2&Prime; _builder_version=\u00a0\u00bb4.16&Prime; custom_padding=\u00a0\u00bb|||\u00a0\u00bb global_colors_info=\u00a0\u00bb{}\u00a0\u00bb custom_padding__hover=\u00a0\u00bb|||\u00a0\u00bb][et_pb_blurb _builder_version=\u00a0\u00bb4.16&Prime; global_colors_info=\u00a0\u00bb{}\u00a0\u00bb]<\/p>\n<h3 style=\"text-align: center;\"><span style=\"color: #ffffff;\"><strong><span style=\"color: #ff0000;\">\u00ab\u00a0Les 3 fianc\u00e9es du corsaires\u00a0\u00bb<\/span><\/strong><\/span><\/h3>\n<p>&nbsp;<\/p>\n<p style=\"text-align: justify;\"><span style=\"color: #ffffff;\">Montage r\u00e9alis\u00e9 en totale autonomie par une \u00e9l\u00e8ve en seconde au Lyc\u00e9e Apollinaire de Nice avec <strong>Madame Julia Rustique. <\/strong><\/span><\/p>\n<p>[\/et_pb_blurb][\/et_pb_column][\/et_pb_row][et_pb_row column_structure=\u00a0\u00bb1_2,1_2&Prime; _builder_version=\u00a0\u00bb4.16&Prime; global_colors_info=\u00a0\u00bb{}\u00a0\u00bb][et_pb_column type=\u00a0\u00bb1_2&Prime; _builder_version=\u00a0\u00bb4.16&Prime; custom_padding=\u00a0\u00bb|||\u00a0\u00bb global_colors_info=\u00a0\u00bb{}\u00a0\u00bb custom_padding__hover=\u00a0\u00bb|||\u00a0\u00bb][et_pb_code _builder_version=\u00a0\u00bb4.27.4&Prime; global_colors_info=\u00a0\u00bb{}\u00a0\u00bb]<iframe loading=\"lazy\" width=\"600\" height=\"300\" src=\"https:\/\/acamedia.ac-nice.fr\/player\/embed_player.php?vid=MUSDD6753M95\" frameborder=\"0\" allowfullscreen><\/iframe>[\/et_pb_code][\/et_pb_column][et_pb_column type=\u00a0\u00bb1_2&Prime; _builder_version=\u00a0\u00bb4.16&Prime; custom_padding=\u00a0\u00bb|||\u00a0\u00bb global_colors_info=\u00a0\u00bb{}\u00a0\u00bb custom_padding__hover=\u00a0\u00bb|||\u00a0\u00bb][et_pb_blurb _builder_version=\u00a0\u00bb4.16&Prime; global_colors_info=\u00a0\u00bb{}\u00a0\u00bb]<\/p>\n<h3 style=\"text-align: center;\"><span style=\"color: #ff0000;\"><strong>\u00ab\u00a0Haut les corps\u00a0\u00bb de Bruno Coulais et Orlando Fioriso<\/strong><\/span><\/h3>\n<p>&nbsp;<\/p>\n<p>&nbsp;<\/p>\n<p style=\"text-align: justify;\"><span style=\"color: #ffffff;\">\u201cHaut les corps\u201d, fresque musicale de <strong>Bruno Coulais et d\u2019Orlando Forioso<\/strong> est un projet rassemblant les chorales d\u2019une quinzaine de coll\u00e8ges des Alpes-Maritimes. Il a \u00e9t\u00e9 donn\u00e9 en janvier 2020 et&#8230;[uniquement] projet\u00e9 pour juin 2020.<br \/>\n<\/span><span style=\"color: #ffffff;\">Le montage a \u00e9t\u00e9 r\u00e9alis\u00e9 par Monsieur Patrick Clette \u00e0 partir de captations des \u00e9l\u00e8ves du Coll\u00e8ge L&rsquo;archet, Stanislas, L&rsquo;eau vive et Jean Salines durant le confinement.<\/span><\/p>\n<p>[\/et_pb_blurb][\/et_pb_column][\/et_pb_row][et_pb_row column_structure=\u00a0\u00bb1_2,1_2&Prime; _builder_version=\u00a0\u00bb4.16&Prime; global_colors_info=\u00a0\u00bb{}\u00a0\u00bb][et_pb_column type=\u00a0\u00bb1_2&Prime; _builder_version=\u00a0\u00bb4.16&Prime; custom_padding=\u00a0\u00bb|||\u00a0\u00bb global_colors_info=\u00a0\u00bb{}\u00a0\u00bb custom_padding__hover=\u00a0\u00bb|||\u00a0\u00bb][et_pb_code _builder_version=\u00a0\u00bb4.27.4&Prime; text_orientation=\u00a0\u00bbcenter\u00a0\u00bb max_width=\u00a0\u00bb150%\u00a0\u00bb module_alignment=\u00a0\u00bbleft\u00a0\u00bb global_colors_info=\u00a0\u00bb{}\u00a0\u00bb]<iframe loading=\"lazy\" width=\"600\" height=\"300\" src=\"https:\/\/acamedia.ac-nice.fr\/player\/embed_player.php?vid=YA7DDOBGU8U7\" frameborder=\"0\" allowfullscreen><\/iframe>[\/et_pb_code][\/et_pb_column][et_pb_column type=\u00a0\u00bb1_2&Prime; _builder_version=\u00a0\u00bb4.16&Prime; custom_padding=\u00a0\u00bb|||\u00a0\u00bb global_colors_info=\u00a0\u00bb{}\u00a0\u00bb custom_padding__hover=\u00a0\u00bb|||\u00a0\u00bb][et_pb_blurb _builder_version=\u00a0\u00bb4.16&Prime; global_colors_info=\u00a0\u00bb{}\u00a0\u00bb]<\/p>\n<h3 style=\"text-align: center;\"><span style=\"color: #ff0000;\"><strong>\u00ab\u00a0Trem Bala\u00a0\u00bb<\/strong> <\/span><\/h3>\n<p>&nbsp;<\/p>\n<p style=\"text-align: justify;\"><span style=\"color: #ffffff;\">\u00ab\u00a0Trem Bala\u00a0\u00bb est une production de la chorale confin\u00e9e du college Bon Accueil de Toulon. <\/span><\/p>\n<p style=\"text-align: justify;\"><span style=\"color: #ffffff;\">La vid\u00e9o et la direction musicale ont \u00e9t\u00e9 r\u00e9alis\u00e9es par <strong>Madame Christelle Payet<\/strong> \u00e0 partir d&rsquo;enregistrements des \u00e9l\u00e8ves de sa chorale durant le confinement. <\/span><br \/>\n<span style=\"color: #ffffff;\">Des intervenants participant habituellement \u00e0 cette chorale ont collabor\u00e9 \u00e0 cette production.<\/span><\/p>\n<p>[\/et_pb_blurb][\/et_pb_column][\/et_pb_row][et_pb_row column_structure=\u00a0\u00bb1_2,1_2&Prime; _builder_version=\u00a0\u00bb4.16&Prime; global_colors_info=\u00a0\u00bb{}\u00a0\u00bb][et_pb_column type=\u00a0\u00bb1_2&Prime; _builder_version=\u00a0\u00bb4.16&Prime; custom_padding=\u00a0\u00bb|||\u00a0\u00bb global_colors_info=\u00a0\u00bb{}\u00a0\u00bb custom_padding__hover=\u00a0\u00bb|||\u00a0\u00bb][et_pb_code _builder_version=\u00a0\u00bb4.27.4&Prime; global_colors_info=\u00a0\u00bb{}\u00a0\u00bb]<iframe loading=\"lazy\" width=\"600\" height=\"300\" src=\"https:\/\/acamedia.ac-nice.fr\/player\/embed_player.php?vid=XRG4HOG3U9OO\" frameborder=\"0\" allowfullscreen><\/iframe>[\/et_pb_code][\/et_pb_column][et_pb_column type=\u00a0\u00bb1_2&Prime; _builder_version=\u00a0\u00bb4.16&Prime; custom_padding=\u00a0\u00bb|||\u00a0\u00bb global_colors_info=\u00a0\u00bb{}\u00a0\u00bb custom_padding__hover=\u00a0\u00bb|||\u00a0\u00bb][et_pb_blurb _builder_version=\u00a0\u00bb4.16&Prime; global_colors_info=\u00a0\u00bb{}\u00a0\u00bb]<\/p>\n<h3 style=\"text-align: center;\"><span style=\"color: #ff0000;\"><strong>\u00ab\u00a0Les gens qu&rsquo;on aim<\/strong><strong>e\u00a0\u00bb de\u00a0<span style=\"caret-color: #ffffff;\">Patrick<\/span>\u00a0Fiori<\/strong><\/span><\/h3>\n<p>&nbsp;<\/p>\n<p style=\"text-align: justify;\"><span style=\"color: #ffffff;\">\u00ab\u00a0Les gens qu\u2019on aime\u00a0\u00bb de <strong>Patrick Fiori<\/strong> est interpr\u00e9t\u00e9 par les \u00e9l\u00e8ves de cycle III de l\u2019\u00c9cole La Bouverie, \u00e0 Roquebrune-sur-Argens. Le projet a \u00e9t\u00e9 valid\u00e9 par l&rsquo;IEN de la circonscription de St Paul en For\u00eat. La vid\u00e9o a \u00e9t\u00e9 r\u00e9alis\u00e9e pendant le confinement.<\/span><\/p>\n<p>[\/et_pb_blurb][\/et_pb_column][\/et_pb_row][\/et_pb_section]<\/p>\n","protected":false},"excerpt":{"rendered":"<p>\u00ab\u00a0Iron &#8211; Woodkid \u00a0\u00bb &nbsp; \u00ab\u00a0Iron &#8211; Woodkid\u00a0\u00bb est un montage r\u00e9alis\u00e9 par Monsieur Patrick Clette \u00e0 partir des enregistrements de ses \u00e9l\u00e8ves de premi\u00e8re en option musique au Lyc\u00e9e Stanislas de Nice.Ces travaux ont \u00e9t\u00e9 men\u00e9s dans le cadre des cours de musique durant le confinement. \u00ab\u00a0Happy Face\u00a0\u00bb d&rsquo;Ibrahim Maalouf &nbsp; \u00ab\u00a0Happy Face\u00a0\u00bb d\u2019Ibrahim [&hellip;]<\/p>\n","protected":false},"author":213,"featured_media":0,"parent":749,"menu_order":0,"comment_status":"closed","ping_status":"closed","template":"","meta":{"_et_pb_use_builder":"on","_et_pb_old_content":"","_et_gb_content_width":"","ngg_post_thumbnail":0,"footnotes":""},"class_list":["post-871","page","type-page","status-publish","hentry"],"rttpg_featured_image_url":null,"rttpg_author":{"display_name":"fnesme","author_link":"https:\/\/www.pedagogie.ac-nice.fr\/education-musicale\/author\/fnesme\/"},"rttpg_comment":0,"rttpg_category":null,"rttpg_excerpt":"\"Iron - Woodkid \" &nbsp; \"Iron - Woodkid\" est un montage r\u00e9alis\u00e9 par Monsieur Patrick Clette \u00e0 partir des enregistrements de ses \u00e9l\u00e8ves de premi\u00e8re en option musique au Lyc\u00e9e Stanislas de Nice.Ces travaux ont \u00e9t\u00e9 men\u00e9s dans le cadre des cours de musique durant le confinement. \"Happy Face\" d'Ibrahim Maalouf &nbsp; \"Happy Face\" d\u2019Ibrahim\u2026","post_mailing_queue_ids":[],"_links":{"self":[{"href":"https:\/\/www.pedagogie.ac-nice.fr\/education-musicale\/wp-json\/wp\/v2\/pages\/871","targetHints":{"allow":["GET"]}}],"collection":[{"href":"https:\/\/www.pedagogie.ac-nice.fr\/education-musicale\/wp-json\/wp\/v2\/pages"}],"about":[{"href":"https:\/\/www.pedagogie.ac-nice.fr\/education-musicale\/wp-json\/wp\/v2\/types\/page"}],"author":[{"embeddable":true,"href":"https:\/\/www.pedagogie.ac-nice.fr\/education-musicale\/wp-json\/wp\/v2\/users\/213"}],"replies":[{"embeddable":true,"href":"https:\/\/www.pedagogie.ac-nice.fr\/education-musicale\/wp-json\/wp\/v2\/comments?post=871"}],"version-history":[{"count":63,"href":"https:\/\/www.pedagogie.ac-nice.fr\/education-musicale\/wp-json\/wp\/v2\/pages\/871\/revisions"}],"predecessor-version":[{"id":1785,"href":"https:\/\/www.pedagogie.ac-nice.fr\/education-musicale\/wp-json\/wp\/v2\/pages\/871\/revisions\/1785"}],"up":[{"embeddable":true,"href":"https:\/\/www.pedagogie.ac-nice.fr\/education-musicale\/wp-json\/wp\/v2\/pages\/749"}],"wp:attachment":[{"href":"https:\/\/www.pedagogie.ac-nice.fr\/education-musicale\/wp-json\/wp\/v2\/media?parent=871"}],"curies":[{"name":"wp","href":"https:\/\/api.w.org\/{rel}","templated":true}]}}