{"id":141,"date":"2014-01-10T19:24:41","date_gmt":"2014-01-10T18:24:41","guid":{"rendered":"http:\/\/www.ac-nice.fr\/eps\/?page_id=141"},"modified":"2021-10-22T14:36:51","modified_gmt":"2021-10-22T12:36:51","slug":"enseignement-obligatoire","status":"publish","type":"page","link":"https:\/\/www.pedagogie.ac-nice.fr\/eps\/institutionnel\/lycee\/enseignement-obligatoire\/","title":{"rendered":"Programmes enseignement obligatoire"},"content":{"rendered":"<h2>LYC\u00c9E G\u00c9N\u00c9RAL ET TECHNOLOGIQUE, L&rsquo;enseignement commun d&rsquo;EPS, un cursus de formation en 3 ans.<\/h2>\n<p>A partir des comp\u00e9tences acquises au coll\u00e8ge, le cursus du lyc\u00e9en guide la construction du parcours de formation de ce futur adulte. Le programme d&rsquo;enseignement de l&rsquo;EPS pour le lyc\u00e9e g\u00e9n\u00e9ral et technologique se situe en continuit\u00e9 de celui du coll\u00e8ge et en coh\u00e9rence avec celui de la voie professionnelle.<\/p>\n<div id=\"chapo\">\n<h2>Les <strong>nouveaux<\/strong> programmes pour le Lyc\u00e9e G\u00e9n\u00e9ral et technologique :<\/h2>\n<p>Veuillez trouver l&rsquo;arr\u00eat\u00e9 du 17 janvier 2019 et les programmes de l&rsquo;enseignement commun et de l&rsquo;enseignement optionnel d&rsquo;EPS pour les LEGT.<br class=\"\">Ces programmes entrent en vigueur \u00e0 la rentr\u00e9e 2019 pour les classes de seconde et de premi\u00e8re et \u00e0 la rentr\u00e9e 2020 pour la classe de terminale.<\/p>\n<p>BO sp\u00e9cial n\u00b01 du 22 janvier 2019<\/p>\n<div class=\"\"><a href=\"https:\/\/cache.media.education.gouv.fr\/file\/SP1-MEN-22-1-2019\/91\/9\/spe574_annexe1_1062919.pdf\" target=\"_blank\" rel=\"noopener\">Programme de l&rsquo;enseignement commun.<\/a><\/div>\n<div>&nbsp;<\/div>\n<\/div>\n<p>&#8230;&#8230;&#8230;&#8230;&#8230;&#8230;&#8230;&#8230;&#8230;&#8230;&#8230;&#8230;&#8230;&#8230;&#8230;&#8230;&#8230;&#8230;&#8230;&#8230;&#8230;&#8230;&#8230;&#8230;&#8230;&#8230;&#8230;&#8230;&#8230;&#8230;&#8230;&#8230;&#8230;&#8230;&#8230;&#8230;&#8230;&#8230;&#8230;&#8230;&#8230;&#8230;&#8230;&#8230;..<\/p>\n<p>Veuillez trouver ci-joint la pr\u00e9sentation r\u00e9alis\u00e9e par Mme RAYBAUD , IA IPR EPS lors des r\u00e9unions d\u2019accompagnement des programmes du lyc\u00e9e g\u00e9n\u00e9ral et technologique dans les bassins de Brignoles, Draguignan, Cannes-Grasse et Nice 3 Vall\u00e9es. AVRIL 2019<\/p>\n<p><a href=\"https:\/\/www.pedagogie.ac-nice.fr\/eps\/wp-content\/uploads\/sites\/20\/2019\/05\/Accompagnement-des-programmes-lyc\u00e9es.pdf\" target=\"_blank\" rel=\"noopener noreferrer\"><img loading=\"lazy\" decoding=\"async\" class=\"wp-image-3674 aligncenter\" src=\"https:\/\/www.pedagogie.ac-nice.fr\/eps\/wp-content\/uploads\/sites\/20\/2019\/05\/accompagnement-lyc\u00e9es-300x215.png\" alt=\"\" width=\"204\" height=\"146\" srcset=\"https:\/\/www.pedagogie.ac-nice.fr\/eps\/wp-content\/uploads\/sites\/20\/2019\/05\/accompagnement-lyc\u00e9es-300x215.png 300w, https:\/\/www.pedagogie.ac-nice.fr\/eps\/wp-content\/uploads\/sites\/20\/2019\/05\/accompagnement-lyc\u00e9es-768x550.png 768w, https:\/\/www.pedagogie.ac-nice.fr\/eps\/wp-content\/uploads\/sites\/20\/2019\/05\/accompagnement-lyc\u00e9es.png 837w\" sizes=\"auto, (max-width: 204px) 100vw, 204px\" \/><\/a><\/p>\n<hr>\n<p>Le vendredi 7 octobre 2016, les IA IPR EPS ont r\u00e9uni l\u2019ensemble des coordonnateurs des lyc\u00e9es. Vous trouverez ci-dessous les diaporamas pr\u00e9sent\u00e9s ce jour-l\u00e0 (documents consultables et t\u00e9l\u00e9chargeables).<\/p>\n<p><a href=\"https:\/\/www.pedagogie.ac-nice.fr\/eps\/wp-content\/uploads\/sites\/20\/2016\/10\/diaporama-lgt-7-10-16-1.pdf\" target=\"_blank\" rel=\"noopener noreferrer\">Diaporama concernant les lyc\u00e9es g\u00e9n\u00e9raux et technologiques<\/a><\/p>\n<p><a href=\"https:\/\/www.pedagogie.ac-nice.fr\/eps\/wp-content\/uploads\/sites\/20\/2016\/10\/Capture-pdf-lgt-1.jpg\"><img loading=\"lazy\" decoding=\"async\" class=\"size-medium wp-image-1958 aligncenter\" src=\"https:\/\/www.pedagogie.ac-nice.fr\/eps\/wp-content\/uploads\/sites\/20\/2016\/10\/Capture-pdf-lgt-1-300x178.jpg\" alt=\"\" width=\"300\" height=\"178\" srcset=\"https:\/\/www.pedagogie.ac-nice.fr\/eps\/wp-content\/uploads\/sites\/20\/2016\/10\/Capture-pdf-lgt-1-300x178.jpg 300w, https:\/\/www.pedagogie.ac-nice.fr\/eps\/wp-content\/uploads\/sites\/20\/2016\/10\/Capture-pdf-lgt-1-768x455.jpg 768w, https:\/\/www.pedagogie.ac-nice.fr\/eps\/wp-content\/uploads\/sites\/20\/2016\/10\/Capture-pdf-lgt-1.jpg 908w\" sizes=\"auto, (max-width: 300px) 100vw, 300px\" \/><\/a><\/p>\n<div>\n<p>&nbsp;<\/p>\n<\/div>\n","protected":false},"excerpt":{"rendered":"<p>LYC\u00c9E G\u00c9N\u00c9RAL ET TECHNOLOGIQUE, L&rsquo;enseignement commun d&rsquo;EPS, un cursus de formation en 3 ans. A partir des comp\u00e9tences acquises au coll\u00e8ge, le cursus du lyc\u00e9en guide la construction du parcours de formation de ce futur adulte. Le programme d&rsquo;enseignement de l&rsquo;EPS pour le lyc\u00e9e g\u00e9n\u00e9ral et technologique se situe en continuit\u00e9 de celui du coll\u00e8ge &hellip; <a href=\"https:\/\/www.pedagogie.ac-nice.fr\/eps\/institutionnel\/lycee\/enseignement-obligatoire\/\" class=\"more-link\">Continuer la lecture de <span class=\"screen-reader-text\">Programmes enseignement obligatoire<\/span> <span class=\"meta-nav\">&rarr;<\/span><\/a><\/p>\n","protected":false},"author":129,"featured_media":0,"parent":116,"menu_order":0,"comment_status":"closed","ping_status":"closed","template":"","meta":{"footnotes":""},"class_list":["post-141","page","type-page","status-publish","hentry"],"rttpg_featured_image_url":null,"rttpg_author":{"display_name":"Fran\u00e7ois Meignaud","author_link":"https:\/\/www.pedagogie.ac-nice.fr\/eps\/author\/meignaud\/"},"rttpg_comment":0,"rttpg_category":null,"rttpg_excerpt":"LYC\u00c9E G\u00c9N\u00c9RAL ET TECHNOLOGIQUE, L&rsquo;enseignement commun d&rsquo;EPS, un cursus de formation en 3 ans. A partir des comp\u00e9tences acquises au coll\u00e8ge, le cursus du lyc\u00e9en guide la construction du parcours de formation de ce futur adulte. Le programme d&rsquo;enseignement de l&rsquo;EPS pour le lyc\u00e9e g\u00e9n\u00e9ral et technologique se situe en continuit\u00e9 de celui du coll\u00e8ge\u2026","post_mailing_queue_ids":[],"_links":{"self":[{"href":"https:\/\/www.pedagogie.ac-nice.fr\/eps\/wp-json\/wp\/v2\/pages\/141","targetHints":{"allow":["GET"]}}],"collection":[{"href":"https:\/\/www.pedagogie.ac-nice.fr\/eps\/wp-json\/wp\/v2\/pages"}],"about":[{"href":"https:\/\/www.pedagogie.ac-nice.fr\/eps\/wp-json\/wp\/v2\/types\/page"}],"author":[{"embeddable":true,"href":"https:\/\/www.pedagogie.ac-nice.fr\/eps\/wp-json\/wp\/v2\/users\/129"}],"replies":[{"embeddable":true,"href":"https:\/\/www.pedagogie.ac-nice.fr\/eps\/wp-json\/wp\/v2\/comments?post=141"}],"version-history":[{"count":7,"href":"https:\/\/www.pedagogie.ac-nice.fr\/eps\/wp-json\/wp\/v2\/pages\/141\/revisions"}],"predecessor-version":[{"id":6003,"href":"https:\/\/www.pedagogie.ac-nice.fr\/eps\/wp-json\/wp\/v2\/pages\/141\/revisions\/6003"}],"up":[{"embeddable":true,"href":"https:\/\/www.pedagogie.ac-nice.fr\/eps\/wp-json\/wp\/v2\/pages\/116"}],"wp:attachment":[{"href":"https:\/\/www.pedagogie.ac-nice.fr\/eps\/wp-json\/wp\/v2\/media?parent=141"}],"curies":[{"name":"wp","href":"https:\/\/api.w.org\/{rel}","templated":true}]}}